{"id":49,"date":"2022-03-17T16:54:31","date_gmt":"2022-03-17T16:54:31","guid":{"rendered":"http:\/\/localhost\/uicisa\/?page_id=49"},"modified":"2026-03-25T12:21:53","modified_gmt":"2026-03-25T12:21:53","slug":"home","status":"publish","type":"page","link":"https:\/\/events.ipv.pt\/uicisa\/en\/","title":{"rendered":"UICISA"},"content":{"rendered":"<div class=\"panelHome bgRclaro\" id=\"inicio\">\n<div class=\"ast-container\" style=\"flex-direction: column;\">\n<h2 class=\"fBranco\">UICISA: E<\/h2>\n<div class=\"rw\">\n<h3 class=\"fBranco\">Unidade de Investiga\u00e7\u00e3o em Ci\u00eancias da Sa\u00fade: Enfermagem<\/h3>\n<p> <a class=\"bBranco\" href=\"https:\/\/ui.esenfc.pt\/\" rel=\"noopener\" target=\"_blank\">UICISA: E<\/a><\/div>\n<p class=\"fBranco\">Reconhecida internacionalmente pelos seus contributos para o desenvolvimento das ci\u00eancias da enfermagem e da sa\u00fade, nomeadamente nas \u00e1reas da investiga\u00e7\u00e3o experimental e aplicada em tecnologias da sa\u00fade, da pr\u00e1tica baseada na evid\u00eancia, da promo\u00e7\u00e3o da sa\u00fade mental, do envelhecimento ativo e saud\u00e1vel e da inova\u00e7\u00e3o pedag\u00f3gica.<\/p>\n<h3 style=\"margin-top: 50px;\">N\u00daCLEO<\/h3>\n<h5>UICISA: E ESEnfC\/ESSV\/iPV<\/h5>\n<p>Escola Superior de Sa\u00fade do Instituto Polit\u00e9cnico de Viseu<br \/>\n<strong>Coordenador: Manuela Maria da Concei\u00e7\u00e3o Ferreira<\/strong>\n<\/div>\n<\/div>\n<div class=\"panel bgDark auto-height\" id=\"destaques\">\n<div class=\"dtq bgDark esp150\">\n<div class=\"dtqContainer fBranco \">\n<div class=\"ast-container esp20-0\" style=\"flex-direction: column;\">\n<div class=\"rwE\">\n<h2 class=\"fBranco\">NOT\u00cdCIAS<br \/>&#038; EVENTOS<\/h2>\n<p><button class=\"tablinks bRclaro\" data-group=\"grupo101\" data-target=\"evento\">ver todos<\/button><\/div>\n<div class=\"pt-cv-wrapper\"><div class=\"pt-cv-view pt-cv-blockgrid iscvblock iscvhybrid grid1 layout1\" id=\"pt-cv-view-35aa688xfq\"><div data-id=\"pt-cv-page-1\" class=\"pt-cv-page\" data-cvc=\"5\"><div class=\" pt-cv-content-item pt-cv-1-col\" ><p class=\"pt-cv-title\"><a href=\"https:\/\/essv.ipv.pt\/evento\/iii-international-congress-the-child-in-the-world-today-and-tomorrow\/\" class=\"_self\" target=\"_self\" >III International Congress \u201cThe Child in the World Today and Tomorrow\u201d<\/a><\/p>\n<div class=\"pt-cv-meta-fields\"><span class=\"terms\"> <a href='https:\/\/events.ipv.pt\/uicisa\/en\/tag\/congresso\/' title='[congresso]' class='pt-cv-tax-congresso'>[congresso]<\/a>, <a href='https:\/\/events.ipv.pt\/uicisa\/en\/category\/2025\/' title='2025' class='pt-cv-tax-2025'>2025<\/a>, <a href='https:\/\/events.ipv.pt\/uicisa\/en\/category\/event\/' title='event' class='pt-cv-tax-event'>event<\/a><\/span><\/div><\/div>\n<div class=\" pt-cv-content-item pt-cv-1-col\" ><p class=\"pt-cv-title\"><a href=\"https:\/\/essv.ipv.pt\/evento\/conferencia-a-crianca-e-a-familia-desafios-no-atendimento\/\" class=\"_self\" target=\"_self\" >A Crian\u00e7a e a Fam\u00edlia: desafios no atendimento<\/a><\/p>\n<div class=\"pt-cv-meta-fields\"><span class=\"terms\"> <a href='https:\/\/events.ipv.pt\/uicisa\/en\/tag\/conferencia\/' title='[confer\u00eancia]' class='pt-cv-tax-conferencia'>[confer\u00eancia]<\/a>, <a href='https:\/\/events.ipv.pt\/uicisa\/en\/category\/2025\/' title='2025' class='pt-cv-tax-2025'>2025<\/a>, <a href='https:\/\/events.ipv.pt\/uicisa\/en\/category\/event\/' title='event' class='pt-cv-tax-event'>event<\/a><\/span><\/div><\/div>\n<div class=\" pt-cv-content-item pt-cv-1-col\" ><p class=\"pt-cv-title\"><a href=\"https:\/\/essv.ipv.pt\/evento\/conferencia-a-crianca-no-centro-do-cuidado-perspetivas-interdisciplinares\/\" class=\"_self\" target=\"_self\" >A Crian\u00e7a no Centro do Cuidado: perspetivas interdisciplinares<\/a><\/p>\n<div class=\"pt-cv-meta-fields\"><span class=\"terms\"> <a href='https:\/\/events.ipv.pt\/uicisa\/en\/tag\/conferencia\/' title='[confer\u00eancia]' class='pt-cv-tax-conferencia'>[confer\u00eancia]<\/a>, <a href='https:\/\/events.ipv.pt\/uicisa\/en\/category\/2025\/' title='2025' class='pt-cv-tax-2025'>2025<\/a>, <a href='https:\/\/events.ipv.pt\/uicisa\/en\/category\/event\/' title='event' class='pt-cv-tax-event'>event<\/a><\/span><\/div><\/div>\n<div class=\" pt-cv-content-item pt-cv-1-col\" ><p class=\"pt-cv-title\"><a href=\"https:\/\/essv.ipv.pt\/evento\/desafios-da-saude-global\/\" class=\"_self\" target=\"_self\" >Congresso Nacional de Sa\u00fade P\u00fablica e Comunit\u00e1ria \u201cDesafios da Sa\u00fade Global\u201d<\/a><\/p>\n<div class=\"pt-cv-meta-fields\"><span class=\"terms\"> <a href='https:\/\/events.ipv.pt\/uicisa\/en\/tag\/congresso\/' title='[congresso]' class='pt-cv-tax-congresso'>[congresso]<\/a>, <a href='https:\/\/events.ipv.pt\/uicisa\/en\/category\/2025\/' title='2025' class='pt-cv-tax-2025'>2025<\/a>, <a href='https:\/\/events.ipv.pt\/uicisa\/en\/category\/event\/' title='event' class='pt-cv-tax-event'>event<\/a><\/span><\/div><\/div>\n<div class=\" pt-cv-content-item pt-cv-1-col\" ><p class=\"pt-cv-title\"><a href=\"https:\/\/essv.ipv.pt\/evento\/iv-congresso-internacional-evidencias-em-enfermagem-medico-cirurgica\/\" class=\"_self\" target=\"_self\" >IV Congresso Internacional \u2013 Evid\u00eancias em Enfermagem M\u00e9dico-Cir\u00fargica<\/a><\/p>\n<div class=\"pt-cv-meta-fields\"><span class=\"terms\"> <a href='https:\/\/events.ipv.pt\/uicisa\/en\/tag\/congresso\/' title='[congresso]' class='pt-cv-tax-congresso'>[congresso]<\/a>, <a href='https:\/\/events.ipv.pt\/uicisa\/en\/category\/2025\/' title='2025' class='pt-cv-tax-2025'>2025<\/a>, <a href='https:\/\/events.ipv.pt\/uicisa\/en\/category\/event\/' title='event' class='pt-cv-tax-event'>event<\/a><\/span><\/div><\/div><\/div><\/div><\/div>\t\t\t<style type=\"text\/css\" id=\"pt-cv-inline-style-e4e370dd7e\">\n#pt-cv-view-35aa688xfq .pt-cv-thumb-wrapper:not(.miniwrap) {  }#pt-cv-view-35aa688xfq .pt-cv-thumbnail:not(.pt-cv-thumbnailsm) { height: 250px; }#pt-cv-view-35aa688xfq > .pt-cv-page {grid-template-columns: repeat(5, 1fr);grid-gap: 15px;}\n@media all and (max-width: 1024px) { \n#pt-cv-view-35aa688xfq > .pt-cv-page {grid-template-columns: repeat(3, 1fr);}\n} \n@media all and (max-width: 767px) { \n#pt-cv-view-35aa688xfq > .pt-cv-page {grid-template-columns: repeat(1, 1fr);}\n} <\/style>\r\n\t\t\t\n<div id=\"evento\" class=\"contentEquipa\" data-group=\"grupo101\">\n<div class=\"pt-cv-wrapper\"><div class=\"pt-cv-view pt-cv-blockgrid iscvblock iscvhybrid grid1 layout1\" id=\"pt-cv-view-b7b2585zte\"><div data-id=\"pt-cv-page-1\" class=\"pt-cv-page\" data-cvc=\"4\"><div class=\" pt-cv-content-item pt-cv-1-col\" ><h6 class=\"pt-cv-title\"><a href=\"https:\/\/essv.ipv.pt\/evento\/iii-international-congress-the-child-in-the-world-today-and-tomorrow\/\" class=\"_self\" target=\"_self\" >III International Congress \u201cThe Child in the World Today and Tomorrow\u201d<\/a><\/h6>\n<div class=\"pt-cv-meta-fields\"><span class=\"entry-date\"> <time datetime=\"2025-06-02T10:33:50+00:00\">02.06.2025<\/time><\/span><span> \/ <\/span><span class=\"terms\"> <a href='https:\/\/events.ipv.pt\/uicisa\/en\/tag\/congresso\/' title='[congresso]' class='pt-cv-tax-congresso'>[congresso]<\/a>, <a href='https:\/\/events.ipv.pt\/uicisa\/en\/category\/2025\/' title='2025' class='pt-cv-tax-2025'>2025<\/a>, <a href='https:\/\/events.ipv.pt\/uicisa\/en\/category\/event\/' title='event' class='pt-cv-tax-event'>event<\/a><\/span><\/div><\/div>\n<div class=\" pt-cv-content-item pt-cv-1-col\" ><h6 class=\"pt-cv-title\"><a href=\"https:\/\/essv.ipv.pt\/evento\/conferencia-a-crianca-e-a-familia-desafios-no-atendimento\/\" class=\"_self\" target=\"_self\" >A Crian\u00e7a e a Fam\u00edlia: desafios no atendimento<\/a><\/h6>\n<div class=\"pt-cv-meta-fields\"><span class=\"entry-date\"> <time datetime=\"2025-04-15T10:29:41+00:00\">15.04.2025<\/time><\/span><span> \/ <\/span><span class=\"terms\"> <a href='https:\/\/events.ipv.pt\/uicisa\/en\/tag\/conferencia\/' title='[confer\u00eancia]' class='pt-cv-tax-conferencia'>[confer\u00eancia]<\/a>, <a href='https:\/\/events.ipv.pt\/uicisa\/en\/category\/2025\/' title='2025' class='pt-cv-tax-2025'>2025<\/a>, <a href='https:\/\/events.ipv.pt\/uicisa\/en\/category\/event\/' title='event' class='pt-cv-tax-event'>event<\/a><\/span><\/div><\/div>\n<div class=\" pt-cv-content-item pt-cv-1-col\" ><h6 class=\"pt-cv-title\"><a href=\"https:\/\/essv.ipv.pt\/evento\/conferencia-a-crianca-no-centro-do-cuidado-perspetivas-interdisciplinares\/\" class=\"_self\" target=\"_self\" >A Crian\u00e7a no Centro do Cuidado: perspetivas interdisciplinares<\/a><\/h6>\n<div class=\"pt-cv-meta-fields\"><span class=\"entry-date\"> <time datetime=\"2025-04-08T10:28:07+00:00\">08.04.2025<\/time><\/span><span> \/ <\/span><span class=\"terms\"> <a href='https:\/\/events.ipv.pt\/uicisa\/en\/tag\/conferencia\/' title='[confer\u00eancia]' class='pt-cv-tax-conferencia'>[confer\u00eancia]<\/a>, <a href='https:\/\/events.ipv.pt\/uicisa\/en\/category\/2025\/' title='2025' class='pt-cv-tax-2025'>2025<\/a>, <a href='https:\/\/events.ipv.pt\/uicisa\/en\/category\/event\/' title='event' class='pt-cv-tax-event'>event<\/a><\/span><\/div><\/div>\n<div class=\" pt-cv-content-item pt-cv-1-col\" ><h6 class=\"pt-cv-title\"><a href=\"https:\/\/essv.ipv.pt\/evento\/desafios-da-saude-global\/\" class=\"_self\" target=\"_self\" >Congresso Nacional de Sa\u00fade P\u00fablica e Comunit\u00e1ria \u201cDesafios da Sa\u00fade Global\u201d<\/a><\/h6>\n<div class=\"pt-cv-meta-fields\"><span class=\"entry-date\"> <time datetime=\"2025-04-08T10:26:11+00:00\">08.04.2025<\/time><\/span><span> \/ <\/span><span class=\"terms\"> <a href='https:\/\/events.ipv.pt\/uicisa\/en\/tag\/congresso\/' title='[congresso]' class='pt-cv-tax-congresso'>[congresso]<\/a>, <a href='https:\/\/events.ipv.pt\/uicisa\/en\/category\/2025\/' title='2025' class='pt-cv-tax-2025'>2025<\/a>, <a href='https:\/\/events.ipv.pt\/uicisa\/en\/category\/event\/' title='event' class='pt-cv-tax-event'>event<\/a><\/span><\/div><\/div>\n<div class=\" pt-cv-content-item pt-cv-1-col\" ><h6 class=\"pt-cv-title\"><a href=\"https:\/\/essv.ipv.pt\/evento\/iv-congresso-internacional-evidencias-em-enfermagem-medico-cirurgica\/\" class=\"_self\" target=\"_self\" >IV Congresso Internacional \u2013 Evid\u00eancias em Enfermagem M\u00e9dico-Cir\u00fargica<\/a><\/h6>\n<div class=\"pt-cv-meta-fields\"><span class=\"entry-date\"> <time datetime=\"2025-02-25T10:23:28+00:00\">25.02.2025<\/time><\/span><span> \/ <\/span><span class=\"terms\"> <a href='https:\/\/events.ipv.pt\/uicisa\/en\/tag\/congresso\/' title='[congresso]' class='pt-cv-tax-congresso'>[congresso]<\/a>, <a href='https:\/\/events.ipv.pt\/uicisa\/en\/category\/2025\/' title='2025' class='pt-cv-tax-2025'>2025<\/a>, <a href='https:\/\/events.ipv.pt\/uicisa\/en\/category\/event\/' title='event' class='pt-cv-tax-event'>event<\/a><\/span><\/div><\/div>\n<div class=\" pt-cv-content-item pt-cv-1-col\" ><h6 class=\"pt-cv-title\"><a href=\"https:\/\/essv.ipv.pt\/evento\/conferencia-final-project-iaphp-intercultural-approach-to-prevent-harmful-practices\/\" class=\"_self\" target=\"_self\" >Confer\u00eancia Final Project IAPHP \u2013 Intercultural Approach to Prevent Harmful Practices<\/a><\/h6>\n<div class=\"pt-cv-meta-fields\"><span class=\"entry-date\"> <time datetime=\"2025-02-06T10:20:18+00:00\">06.02.2025<\/time><\/span><span> \/ <\/span><span class=\"terms\"> <a href='https:\/\/events.ipv.pt\/uicisa\/en\/tag\/conferencia\/' title='[confer\u00eancia]' class='pt-cv-tax-conferencia'>[confer\u00eancia]<\/a>, <a href='https:\/\/events.ipv.pt\/uicisa\/en\/category\/2025\/' title='2025' class='pt-cv-tax-2025'>2025<\/a>, <a href='https:\/\/events.ipv.pt\/uicisa\/en\/category\/event\/' title='event' class='pt-cv-tax-event'>event<\/a><\/span><\/div><\/div>\n<div class=\" pt-cv-content-item pt-cv-1-col\" ><h6 class=\"pt-cv-title\"><a href=\"https:\/\/essv.ipv.pt\/evento\/ii-congresso-internacional-a-familia-no-epicentro-da-enfermagem-de-saude-familiar\/\" class=\"_self\" target=\"_self\" >II Congresso Internacional A fam\u00edlia no Epicentro da Enfermagem de Sa\u00fade Familiar<\/a><\/h6>\n<div class=\"pt-cv-meta-fields\"><span class=\"entry-date\"> <time datetime=\"2025-01-30T10:18:04+00:00\">30.01.2025<\/time><\/span><span> \/ <\/span><span class=\"terms\"> <a href='https:\/\/events.ipv.pt\/uicisa\/en\/tag\/congresso\/' title='[congresso]' class='pt-cv-tax-congresso'>[congresso]<\/a>, <a href='https:\/\/events.ipv.pt\/uicisa\/en\/category\/2025\/' title='2025' class='pt-cv-tax-2025'>2025<\/a>, <a href='https:\/\/events.ipv.pt\/uicisa\/en\/category\/event\/' title='event' class='pt-cv-tax-event'>event<\/a><\/span><\/div><\/div>\n<div class=\" pt-cv-content-item pt-cv-1-col\" ><h6 class=\"pt-cv-title\"><a href=\"https:\/\/essv.ipv.pt\/evento\/seminario_enfermagem_trabalho\/\" class=\"_self\" target=\"_self\" >I Semin\u00e1rio Enfermagem do Trabalho: Desafios e oportunidades no mundo atual<\/a><\/h6>\n<div class=\"pt-cv-meta-fields\"><span class=\"entry-date\"> <time datetime=\"2024-12-13T10:11:22+00:00\">13.12.2024<\/time><\/span><span> \/ <\/span><span class=\"terms\"> <a href='https:\/\/events.ipv.pt\/uicisa\/en\/tag\/seminario\/' title='[semin\u00e1rio]' class='pt-cv-tax-seminario'>[semin\u00e1rio]<\/a>, <a href='https:\/\/events.ipv.pt\/uicisa\/en\/category\/2024\/' title='2024' class='pt-cv-tax-2024'>2024<\/a>, <a href='https:\/\/events.ipv.pt\/uicisa\/en\/category\/event\/' title='event' class='pt-cv-tax-event'>event<\/a><\/span><\/div><\/div>\n<div class=\" pt-cv-content-item pt-cv-1-col\" ><h6 class=\"pt-cv-title\"><a href=\"https:\/\/essv.ipv.pt\/evento\/cuidados-paliativos-2024\/\" class=\"_self\" target=\"_self\" >1\u00ba Encontro Cuidados Paliativos: Cuidar para al\u00e9m da Cura<\/a><\/h6>\n<div class=\"pt-cv-meta-fields\"><span class=\"entry-date\"> <time datetime=\"2024-12-12T10:09:56+00:00\">12.12.2024<\/time><\/span><span> \/ <\/span><span class=\"terms\"> <a href='https:\/\/events.ipv.pt\/uicisa\/en\/tag\/encontro\/' title='[encontro]' class='pt-cv-tax-encontro'>[encontro]<\/a>, <a href='https:\/\/events.ipv.pt\/uicisa\/en\/category\/2024\/' title='2024' class='pt-cv-tax-2024'>2024<\/a>, <a href='https:\/\/events.ipv.pt\/uicisa\/en\/category\/event\/' title='event' class='pt-cv-tax-event'>event<\/a><\/span><\/div><\/div>\n<div class=\" pt-cv-content-item pt-cv-1-col\" ><h6 class=\"pt-cv-title\"><a href=\"https:\/\/essv.ipv.pt\/evento\/serie-de-workshops-temas-de-humanizacao-em-enfermagem-viseu\/\" class=\"_self\" target=\"_self\" >\u201cTemas de Humaniza\u00e7\u00e3o em Enfermagem\u201d | Viseu \u2013 Rede Portuguesa da Ci\u00eancia de Enfermagem para o Cuidado Humano<\/a><\/h6>\n<div class=\"pt-cv-meta-fields\"><span class=\"entry-date\"> <time datetime=\"2024-11-21T10:00:42+00:00\">21.11.2024<\/time><\/span><span> \/ <\/span><span class=\"terms\"> <a href='https:\/\/events.ipv.pt\/uicisa\/en\/tag\/serie-de-workshops\/' title='[s\u00e9rie de workshops]' class='pt-cv-tax-serie-de-workshops'>[s\u00e9rie de workshops]<\/a>, <a href='https:\/\/events.ipv.pt\/uicisa\/en\/category\/2024\/' title='2024' class='pt-cv-tax-2024'>2024<\/a>, <a href='https:\/\/events.ipv.pt\/uicisa\/en\/category\/event\/' title='event' class='pt-cv-tax-event'>event<\/a><\/span><\/div><\/div>\n<div class=\" pt-cv-content-item pt-cv-1-col\" ><h6 class=\"pt-cv-title\"><a href=\"https:\/\/essv.ipv.pt\/evento\/i-congresso-internacional-investigacao-formacao-e-praticas-em-cuidados-de-saude-a-formar-profissionais-de-excelencia-2\/\" class=\"_self\" target=\"_self\" >I Congresso Internacional \u2013 Investiga\u00e7\u00e3o, Forma\u00e7\u00e3o e Pr\u00e1ticas em Cuidados de Sa\u00fade: A Formar Profissionais de Excel\u00eancia<\/a><\/h6>\n<div class=\"pt-cv-meta-fields\"><span class=\"entry-date\"> <time datetime=\"2024-10-07T09:57:26+00:00\">07.10.2024<\/time><\/span><span> \/ <\/span><span class=\"terms\"> <a href='https:\/\/events.ipv.pt\/uicisa\/en\/tag\/congresso\/' title='[congresso]' class='pt-cv-tax-congresso'>[congresso]<\/a>, <a href='https:\/\/events.ipv.pt\/uicisa\/en\/category\/2024\/' title='2024' class='pt-cv-tax-2024'>2024<\/a>, <a href='https:\/\/events.ipv.pt\/uicisa\/en\/category\/event\/' title='event' class='pt-cv-tax-event'>event<\/a><\/span><\/div><\/div>\n<div class=\" pt-cv-content-item pt-cv-1-col\" ><h6 class=\"pt-cv-title\"><a href=\"https:\/\/essv.ipv.pt\/evento\/conferencia-sustentabilidade-o-poder-transformador-do-voluntariado\/\" class=\"_self\" target=\"_self\" >Sustentabilidade: O poder transformador do voluntariado<\/a><\/h6>\n<div class=\"pt-cv-meta-fields\"><span class=\"entry-date\"> <time datetime=\"2024-09-25T09:55:46+00:00\">25.09.2024<\/time><\/span><span> \/ <\/span><span class=\"terms\"> <a href='https:\/\/events.ipv.pt\/uicisa\/en\/tag\/conferencia\/' title='[confer\u00eancia]' class='pt-cv-tax-conferencia'>[confer\u00eancia]<\/a>, <a href='https:\/\/events.ipv.pt\/uicisa\/en\/category\/2024\/' title='2024' class='pt-cv-tax-2024'>2024<\/a>, <a href='https:\/\/events.ipv.pt\/uicisa\/en\/category\/event\/' title='event' class='pt-cv-tax-event'>event<\/a><\/span><\/div><\/div>\n<div class=\" pt-cv-content-item pt-cv-1-col\" ><h6 class=\"pt-cv-title\"><a href=\"https:\/\/essv.ipv.pt\/evento\/iii-simposio-internacional-de-enfermagem-em-tecnologia-e-inovacao\/\" class=\"_self\" target=\"_self\" >III Simp\u00f3sio Internacional de Enfermagem em Tecnologia e Inova\u00e7\u00e3o<\/a><\/h6>\n<div class=\"pt-cv-meta-fields\"><span class=\"entry-date\"> <time datetime=\"2024-08-01T09:53:47+00:00\">01.08.2024<\/time><\/span><span> \/ <\/span><span class=\"terms\"> <a href='https:\/\/events.ipv.pt\/uicisa\/en\/tag\/simposio\/' title='[simp\u00f3sio]' class='pt-cv-tax-simposio'>[simp\u00f3sio]<\/a>, <a href='https:\/\/events.ipv.pt\/uicisa\/en\/category\/2024\/' title='2024' class='pt-cv-tax-2024'>2024<\/a>, <a href='https:\/\/events.ipv.pt\/uicisa\/en\/category\/event\/' title='event' class='pt-cv-tax-event'>event<\/a><\/span><\/div><\/div>\n<div class=\" pt-cv-content-item pt-cv-1-col\" ><h6 class=\"pt-cv-title\"><a href=\"https:\/\/essv.ipv.pt\/evento\/webinar-revisao-sistematica-da-literatura-e-pratica-baseada-em-evidencia\/\" class=\"_self\" target=\"_self\" >Revis\u00e3o Sistem\u00e1tica da Literatura e Pr\u00e1tica Baseada em Evid\u00eancia<\/a><\/h6>\n<div class=\"pt-cv-meta-fields\"><span class=\"entry-date\"> <time datetime=\"2024-07-15T09:49:18+00:00\">15.07.2024<\/time><\/span><span> \/ <\/span><span class=\"terms\"> <a href='https:\/\/events.ipv.pt\/uicisa\/en\/tag\/seminario\/' title='[semin\u00e1rio]' class='pt-cv-tax-seminario'>[semin\u00e1rio]<\/a>, <a href='https:\/\/events.ipv.pt\/uicisa\/en\/category\/2024\/' title='2024' class='pt-cv-tax-2024'>2024<\/a>, <a href='https:\/\/events.ipv.pt\/uicisa\/en\/category\/event\/' title='event' class='pt-cv-tax-event'>event<\/a><\/span><\/div><\/div>\n<div class=\" pt-cv-content-item pt-cv-1-col\" ><h6 class=\"pt-cv-title\"><a href=\"https:\/\/essv.ipv.pt\/evento\/ii-international-congress-the-child-in-the-world-and-tomorrow\/\" class=\"_self\" target=\"_self\" >II International Congress The Child in The World and Tomorrow!<\/a><\/h6>\n<div class=\"pt-cv-meta-fields\"><span class=\"entry-date\"> <time datetime=\"2024-05-27T09:46:28+00:00\">27.05.2024<\/time><\/span><span> \/ <\/span><span class=\"terms\"> <a href='https:\/\/events.ipv.pt\/uicisa\/en\/tag\/congresso\/' title='[congresso]' class='pt-cv-tax-congresso'>[congresso]<\/a>, <a href='https:\/\/events.ipv.pt\/uicisa\/en\/category\/2024\/' title='2024' class='pt-cv-tax-2024'>2024<\/a>, <a href='https:\/\/events.ipv.pt\/uicisa\/en\/category\/event\/' title='event' class='pt-cv-tax-event'>event<\/a><\/span><\/div><\/div>\n<div class=\" pt-cv-content-item pt-cv-1-col\" ><h6 class=\"pt-cv-title\"><a href=\"https:\/\/essv.ipv.pt\/evento\/seminario-sustentabilidade-ambiental-no-ipv-pensar-o-presente-agir-para-o-futuro\/\" class=\"_self\" target=\"_self\" >Sustentabilidade Ambiental no IPV: Pensar o Presente, Agir para o Futuro<\/a><\/h6>\n<div class=\"pt-cv-meta-fields\"><span class=\"entry-date\"> <time datetime=\"2024-05-22T09:45:25+00:00\">22.05.2024<\/time><\/span><span> \/ <\/span><span class=\"terms\"> <a href='https:\/\/events.ipv.pt\/uicisa\/en\/tag\/seminario\/' title='[semin\u00e1rio]' class='pt-cv-tax-seminario'>[semin\u00e1rio]<\/a>, <a href='https:\/\/events.ipv.pt\/uicisa\/en\/category\/2024\/' title='2024' class='pt-cv-tax-2024'>2024<\/a>, <a href='https:\/\/events.ipv.pt\/uicisa\/en\/category\/event\/' title='event' class='pt-cv-tax-event'>event<\/a><\/span><\/div><\/div>\n<div class=\" pt-cv-content-item pt-cv-1-col\" ><h6 class=\"pt-cv-title\"><a href=\"https:\/\/essv.ipv.pt\/evento\/seminario-implicacoes-cientificas-e-pedagogicas-da-inteligencia-artificial-generativa-no-ensino-superior\/\" class=\"_self\" target=\"_self\" >Implica\u00e7\u00f5es Cient\u00edficas e Pedag\u00f3gicas da Intelig\u00eancia Artificial Generativa no Ensino Superior<\/a><\/h6>\n<div class=\"pt-cv-meta-fields\"><span class=\"entry-date\"> <time datetime=\"2024-04-29T09:43:33+00:00\">29.04.2024<\/time><\/span><span> \/ <\/span><span class=\"terms\"> <a href='https:\/\/events.ipv.pt\/uicisa\/en\/tag\/seminario\/' title='[semin\u00e1rio]' class='pt-cv-tax-seminario'>[semin\u00e1rio]<\/a>, <a href='https:\/\/events.ipv.pt\/uicisa\/en\/category\/2024\/' title='2024' class='pt-cv-tax-2024'>2024<\/a>, <a href='https:\/\/events.ipv.pt\/uicisa\/en\/category\/event\/' title='event' class='pt-cv-tax-event'>event<\/a><\/span><\/div><\/div>\n<div class=\" pt-cv-content-item pt-cv-1-col\" ><h6 class=\"pt-cv-title\"><a href=\"https:\/\/essv.ipv.pt\/evento\/seminario-a-crianca-e-a-familia-novos-desafios-para-a-saude\/\" class=\"_self\" target=\"_self\" >A Crian\u00e7a e a Fam\u00edlia: novos desafios para a sa\u00fade<\/a><\/h6>\n<div class=\"pt-cv-meta-fields\"><span class=\"entry-date\"> <time datetime=\"2024-04-23T09:42:02+00:00\">23.04.2024<\/time><\/span><span> \/ <\/span><span class=\"terms\"> <a href='https:\/\/events.ipv.pt\/uicisa\/en\/tag\/seminario\/' title='[semin\u00e1rio]' class='pt-cv-tax-seminario'>[semin\u00e1rio]<\/a>, <a href='https:\/\/events.ipv.pt\/uicisa\/en\/category\/2024\/' title='2024' class='pt-cv-tax-2024'>2024<\/a>, <a href='https:\/\/events.ipv.pt\/uicisa\/en\/category\/event\/' title='event' class='pt-cv-tax-event'>event<\/a><\/span><\/div><\/div>\n<div class=\" pt-cv-content-item pt-cv-1-col\" ><h6 class=\"pt-cv-title\"><a href=\"https:\/\/essv.ipv.pt\/evento\/icohn24\/\" class=\"_self\" target=\"_self\" >6th International Congress of Occupational Health Nursing \u2013 ICOHN24<\/a><\/h6>\n<div class=\"pt-cv-meta-fields\"><span class=\"entry-date\"> <time datetime=\"2024-04-17T09:25:45+00:00\">17.04.2024<\/time><\/span><span> \/ <\/span><span class=\"terms\"> <a href='https:\/\/events.ipv.pt\/uicisa\/en\/tag\/congresso\/' title='[congresso]' class='pt-cv-tax-congresso'>[congresso]<\/a>, <a href='https:\/\/events.ipv.pt\/uicisa\/en\/category\/2024\/' title='2024' class='pt-cv-tax-2024'>2024<\/a>, <a href='https:\/\/events.ipv.pt\/uicisa\/en\/category\/event\/' title='event' class='pt-cv-tax-event'>event<\/a><\/span><\/div><\/div>\n<div class=\" pt-cv-content-item pt-cv-1-col\" ><h6 class=\"pt-cv-title\"><a href=\"https:\/\/essv.ipv.pt\/evento\/webinar-cuidar-a-crianca-adolescente-e-familia-no-contexto-atual\/\" class=\"_self\" target=\"_self\" >Cuidar a crian\u00e7a, adolescente e fam\u00edlia no contexto atual<\/a><\/h6>\n<div class=\"pt-cv-meta-fields\"><span class=\"entry-date\"> <time datetime=\"2024-04-16T09:24:25+00:00\">16.04.2024<\/time><\/span><span> \/ <\/span><span class=\"terms\"> <a href='https:\/\/events.ipv.pt\/uicisa\/en\/tag\/webinar\/' title='[webinar]' class='pt-cv-tax-webinar'>[webinar]<\/a>, <a href='https:\/\/events.ipv.pt\/uicisa\/en\/category\/2024\/' title='2024' class='pt-cv-tax-2024'>2024<\/a>, <a href='https:\/\/events.ipv.pt\/uicisa\/en\/category\/event\/' title='event' class='pt-cv-tax-event'>event<\/a><\/span><\/div><\/div>\n<div class=\" pt-cv-content-item pt-cv-1-col\" ><h6 class=\"pt-cv-title\"><a href=\"https:\/\/essv.ipv.pt\/evento\/a-saude-no-feminino-a-mulher-a-ciencia-e-a-profissao\/\" class=\"_self\" target=\"_self\" >A Sa\u00fade no Feminino: a Mulher, a Ci\u00eancia e a Profiss\u00e3o<\/a><\/h6>\n<div class=\"pt-cv-meta-fields\"><span class=\"entry-date\"> <time datetime=\"2024-03-08T09:23:07+00:00\">08.03.2024<\/time><\/span><span> \/ <\/span><span class=\"terms\"> <a href='https:\/\/events.ipv.pt\/uicisa\/en\/tag\/conferencia\/' title='[confer\u00eancia]' class='pt-cv-tax-conferencia'>[confer\u00eancia]<\/a>, <a href='https:\/\/events.ipv.pt\/uicisa\/en\/category\/2024\/' title='2024' class='pt-cv-tax-2024'>2024<\/a>, <a href='https:\/\/events.ipv.pt\/uicisa\/en\/category\/event\/' title='event' class='pt-cv-tax-event'>event<\/a><\/span><\/div><\/div>\n<div class=\" pt-cv-content-item pt-cv-1-col\" ><h6 class=\"pt-cv-title\"><a href=\"https:\/\/essv.ipv.pt\/evento\/intervencoes-de-enfermagem-nas-familias-de-hoje\/\" class=\"_self\" target=\"_self\" >Interven\u00e7\u00f5es de Enfermagem nas Fam\u00edlias de Hoje \u2026<\/a><\/h6>\n<div class=\"pt-cv-meta-fields\"><span class=\"entry-date\"> <time datetime=\"2024-01-29T09:21:20+00:00\">29.01.2024<\/time><\/span><span> \/ <\/span><span class=\"terms\"> <a href='https:\/\/events.ipv.pt\/uicisa\/en\/tag\/webinar\/' title='[webinar]' class='pt-cv-tax-webinar'>[webinar]<\/a>, <a href='https:\/\/events.ipv.pt\/uicisa\/en\/category\/2024\/' title='2024' class='pt-cv-tax-2024'>2024<\/a>, <a href='https:\/\/events.ipv.pt\/uicisa\/en\/category\/event\/' title='event' class='pt-cv-tax-event'>event<\/a><\/span><\/div><\/div>\n<div class=\" pt-cv-content-item pt-cv-1-col\" ><h6 class=\"pt-cv-title\"><a href=\"https:\/\/essv.ipv.pt\/evento\/jornadas-inovacao-em-saude-onde-estamos-para-onde-vamos\/\" class=\"_self\" target=\"_self\" >Jornadas Inova\u00e7\u00e3o em Sa\u00fade: Onde estamos, para onde vamos<\/a><\/h6>\n<div class=\"pt-cv-meta-fields\"><span class=\"entry-date\"> <time datetime=\"2024-01-26T09:19:32+00:00\">26.01.2024<\/time><\/span><span> \/ <\/span><span class=\"terms\"> <a href='https:\/\/events.ipv.pt\/uicisa\/en\/tag\/encontro\/' title='[encontro]' class='pt-cv-tax-encontro'>[encontro]<\/a>, <a href='https:\/\/events.ipv.pt\/uicisa\/en\/category\/2024\/' title='2024' class='pt-cv-tax-2024'>2024<\/a>, <a href='https:\/\/events.ipv.pt\/uicisa\/en\/category\/event\/' title='event' class='pt-cv-tax-event'>event<\/a><\/span><\/div><\/div>\n<div class=\" pt-cv-content-item pt-cv-1-col\" ><h6 class=\"pt-cv-title\"><a href=\"https:\/\/essv.ipv.pt\/evento\/8th-international-conference-topical-issues-of-linguistics-professional-linguodidactics-phychology-and-pedagogy-of-higher-education\/\" class=\"_self\" target=\"_self\" >8th International conference \u201cTopical issues of linguistics, professional linguodidactics, phychology and pedagogy of higher education\u201d<\/a><\/h6>\n<div class=\"pt-cv-meta-fields\"><span class=\"entry-date\"> <time datetime=\"2023-11-22T09:07:07+00:00\">22.11.2023<\/time><\/span><span> \/ <\/span><span class=\"terms\"> <a href='https:\/\/events.ipv.pt\/uicisa\/en\/tag\/conferencia\/' title='[confer\u00eancia]' class='pt-cv-tax-conferencia'>[confer\u00eancia]<\/a>, <a href='https:\/\/events.ipv.pt\/uicisa\/en\/category\/2023\/' title='2023' class='pt-cv-tax-2023'>2023<\/a>, <a href='https:\/\/events.ipv.pt\/uicisa\/en\/category\/event\/' title='event' class='pt-cv-tax-event'>event<\/a><\/span><\/div><\/div>\n<div class=\" pt-cv-content-item pt-cv-1-col\" ><h6 class=\"pt-cv-title\"><a href=\"https:\/\/events.ipv.pt\/uicisa\/en\/cafe-ciencia-a-investigacao-cientifica-do-ipv-para-o-mundo\/\" class=\"_self\" target=\"_self\" >[Caf\u00e9 Ci\u00eancia] A Investiga\u00e7\u00e3o cient\u00edfica: do IPV para o mundo<\/a><\/h6>\n<div class=\"pt-cv-meta-fields\"><span class=\"entry-date\"> <time datetime=\"2023-11-21T11:25:54+00:00\">21.11.2023<\/time><\/span><span> \/ <\/span><span class=\"terms\"> <a href='https:\/\/events.ipv.pt\/uicisa\/en\/tag\/encontro\/' title='[encontro]' class='pt-cv-tax-encontro'>[encontro]<\/a>, <a href='https:\/\/events.ipv.pt\/uicisa\/en\/category\/event\/' title='event' class='pt-cv-tax-event'>event<\/a><\/span><\/div><\/div>\n<div class=\" pt-cv-content-item pt-cv-1-col\" ><h6 class=\"pt-cv-title\"><a href=\"https:\/\/essv.ipv.pt\/evento\/simposio-parasitologia-e-biofisica\/\" class=\"_self\" target=\"_self\" >Parasitologia e Biof\u00edsica<\/a><\/h6>\n<div class=\"pt-cv-meta-fields\"><span class=\"entry-date\"> <time datetime=\"2023-11-14T09:04:07+00:00\">14.11.2023<\/time><\/span><span> \/ <\/span><span class=\"terms\"> <a href='https:\/\/events.ipv.pt\/uicisa\/en\/tag\/simposio\/' title='[simp\u00f3sio]' class='pt-cv-tax-simposio'>[simp\u00f3sio]<\/a>, <a href='https:\/\/events.ipv.pt\/uicisa\/en\/category\/2023\/' title='2023' class='pt-cv-tax-2023'>2023<\/a>, <a href='https:\/\/events.ipv.pt\/uicisa\/en\/category\/event\/' title='event' class='pt-cv-tax-event'>event<\/a><\/span><\/div><\/div>\n<div class=\" pt-cv-content-item pt-cv-1-col\" ><h6 class=\"pt-cv-title\"><a href=\"https:\/\/essv.ipv.pt\/evento\/estados-gerais-transformar-o-sns\/\" class=\"_self\" target=\"_self\" >Estados Gerais: Transformar o SNS<\/a><\/h6>\n<div class=\"pt-cv-meta-fields\"><span class=\"entry-date\"> <time datetime=\"2023-10-12T09:02:02+00:00\">12.10.2023<\/time><\/span><span> \/ <\/span><span class=\"terms\"> <a href='https:\/\/events.ipv.pt\/uicisa\/en\/tag\/conferencia\/' title='[confer\u00eancia]' class='pt-cv-tax-conferencia'>[confer\u00eancia]<\/a>, <a href='https:\/\/events.ipv.pt\/uicisa\/en\/category\/2023\/' title='2023' class='pt-cv-tax-2023'>2023<\/a>, <a href='https:\/\/events.ipv.pt\/uicisa\/en\/category\/event\/' title='event' class='pt-cv-tax-event'>event<\/a><\/span><\/div><\/div>\n<div class=\" pt-cv-content-item pt-cv-1-col\" ><h6 class=\"pt-cv-title\"><a href=\"https:\/\/essv.ipv.pt\/evento\/simposio-dia-mundial-da-seguranca-do-doente\/\" class=\"_self\" target=\"_self\" >Dia Mundial da Seguran\u00e7a do Doente<\/a><\/h6>\n<div class=\"pt-cv-meta-fields\"><span class=\"entry-date\"> <time datetime=\"2023-09-15T08:59:07+00:00\">15.09.2023<\/time><\/span><span> \/ <\/span><span class=\"terms\"> <a href='https:\/\/events.ipv.pt\/uicisa\/en\/tag\/simposio\/' title='[simp\u00f3sio]' class='pt-cv-tax-simposio'>[simp\u00f3sio]<\/a>, <a href='https:\/\/events.ipv.pt\/uicisa\/en\/category\/2023\/' title='2023' class='pt-cv-tax-2023'>2023<\/a>, <a href='https:\/\/events.ipv.pt\/uicisa\/en\/category\/event\/' title='event' class='pt-cv-tax-event'>event<\/a><\/span><\/div><\/div>\n<div class=\" pt-cv-content-item pt-cv-1-col\" ><h6 class=\"pt-cv-title\"><a href=\"https:\/\/essv.ipv.pt\/evento\/workshop-o-desenho-infantil-como-ferramenta-para-a-enfermagem-de-familia\/\" class=\"_self\" target=\"_self\" >O Desenho Infantil como Ferramenta para a Enfermagem de Fam\u00edlia<\/a><\/h6>\n<div class=\"pt-cv-meta-fields\"><span class=\"entry-date\"> <time datetime=\"2023-07-22T08:57:45+00:00\">22.07.2023<\/time><\/span><span> \/ <\/span><span class=\"terms\"> <a href='https:\/\/events.ipv.pt\/uicisa\/en\/tag\/workshop\/' title='[workshop]' class='pt-cv-tax-workshop'>[workshop]<\/a>, <a href='https:\/\/events.ipv.pt\/uicisa\/en\/category\/2023\/' title='2023' class='pt-cv-tax-2023'>2023<\/a>, <a href='https:\/\/events.ipv.pt\/uicisa\/en\/category\/event\/' title='event' class='pt-cv-tax-event'>event<\/a><\/span><\/div><\/div>\n<div class=\" pt-cv-content-item pt-cv-1-col\" ><h6 class=\"pt-cv-title\"><a href=\"https:\/\/essv.ipv.pt\/evento\/strengths-based-care-contributos-para-a-enfermagem-de-familia\/\" class=\"_self\" target=\"_self\" >Strengths based care: contributos para a enfermagem de fam\u00edlia<\/a><\/h6>\n<div class=\"pt-cv-meta-fields\"><span class=\"entry-date\"> <time datetime=\"2023-07-14T08:56:11+00:00\">14.07.2023<\/time><\/span><span> \/ <\/span><span class=\"terms\"> <a href='https:\/\/events.ipv.pt\/uicisa\/en\/tag\/seminario\/' title='[semin\u00e1rio]' class='pt-cv-tax-seminario'>[semin\u00e1rio]<\/a>, <a href='https:\/\/events.ipv.pt\/uicisa\/en\/category\/2023\/' title='2023' class='pt-cv-tax-2023'>2023<\/a>, <a href='https:\/\/events.ipv.pt\/uicisa\/en\/category\/event\/' title='event' class='pt-cv-tax-event'>event<\/a><\/span><\/div><\/div>\n<div class=\" pt-cv-content-item pt-cv-1-col\" ><h6 class=\"pt-cv-title\"><a href=\"https:\/\/essv.ipv.pt\/evento\/saude_global\/\" class=\"_self\" target=\"_self\" >I Congresso Internacional de Sa\u00fade Global: Novas Abordagens<\/a><\/h6>\n<div class=\"pt-cv-meta-fields\"><span class=\"entry-date\"> <time datetime=\"2023-06-28T08:54:36+00:00\">28.06.2023<\/time><\/span><span> \/ <\/span><span class=\"terms\"> <a href='https:\/\/events.ipv.pt\/uicisa\/en\/tag\/congresso\/' title='[congresso]' class='pt-cv-tax-congresso'>[congresso]<\/a>, <a href='https:\/\/events.ipv.pt\/uicisa\/en\/category\/2023\/' title='2023' class='pt-cv-tax-2023'>2023<\/a>, <a href='https:\/\/events.ipv.pt\/uicisa\/en\/category\/event\/' title='event' class='pt-cv-tax-event'>event<\/a><\/span><\/div><\/div>\n<div class=\" pt-cv-content-item pt-cv-1-col\" ><h6 class=\"pt-cv-title\"><a href=\"https:\/\/essv.ipv.pt\/evento\/xxxiv-jornadas-de-enfermagem-cuidados-paliativos-muito-para-alem-da-dor\/\" class=\"_self\" target=\"_self\" >XXXIV Jornadas de Enfermagem \u2013 Cuidados Paliativos: Muito para al\u00e9m da dor<\/a><\/h6>\n<div class=\"pt-cv-meta-fields\"><span class=\"entry-date\"> <time datetime=\"2023-06-07T08:51:34+00:00\">07.06.2023<\/time><\/span><span> \/ <\/span><span class=\"terms\"> <a href='https:\/\/events.ipv.pt\/uicisa\/en\/tag\/encontro\/' title='[encontro]' class='pt-cv-tax-encontro'>[encontro]<\/a>, <a href='https:\/\/events.ipv.pt\/uicisa\/en\/category\/2023\/' title='2023' class='pt-cv-tax-2023'>2023<\/a>, <a href='https:\/\/events.ipv.pt\/uicisa\/en\/category\/event\/' title='event' class='pt-cv-tax-event'>event<\/a><\/span><\/div><\/div>\n<div class=\" pt-cv-content-item pt-cv-1-col\" ><h6 class=\"pt-cv-title\"><a href=\"https:\/\/essv.ipv.pt\/evento\/congresso-internacional-a-crianca-no-mundo-hoje-e-amanha\/\" class=\"_self\" target=\"_self\" >A Crian\u00e7a no Mundo Hoje e Amanh\u00e3!<\/a><\/h6>\n<div class=\"pt-cv-meta-fields\"><span class=\"entry-date\"> <time datetime=\"2023-06-01T08:49:39+00:00\">01.06.2023<\/time><\/span><span> \/ <\/span><span class=\"terms\"> <a href='https:\/\/events.ipv.pt\/uicisa\/en\/tag\/congresso\/' title='[congresso]' class='pt-cv-tax-congresso'>[congresso]<\/a>, <a href='https:\/\/events.ipv.pt\/uicisa\/en\/category\/2023\/' title='2023' class='pt-cv-tax-2023'>2023<\/a>, <a href='https:\/\/events.ipv.pt\/uicisa\/en\/category\/event\/' title='event' class='pt-cv-tax-event'>event<\/a><\/span><\/div><\/div>\n<div class=\" pt-cv-content-item pt-cv-1-col\" ><h6 class=\"pt-cv-title\"><a href=\"https:\/\/essv.ipv.pt\/evento\/felicidade-sem-desculpas\/\" class=\"_self\" target=\"_self\" >Felicidade sem (des)culpas!<\/a><\/h6>\n<div class=\"pt-cv-meta-fields\"><span class=\"entry-date\"> <time datetime=\"2023-05-23T08:45:55+00:00\">23.05.2023<\/time><\/span><span> \/ <\/span><span class=\"terms\"> <a href='https:\/\/events.ipv.pt\/uicisa\/en\/tag\/conferencia\/' title='[confer\u00eancia]' class='pt-cv-tax-conferencia'>[confer\u00eancia]<\/a>, <a href='https:\/\/events.ipv.pt\/uicisa\/en\/category\/2023\/' title='2023' class='pt-cv-tax-2023'>2023<\/a>, <a href='https:\/\/events.ipv.pt\/uicisa\/en\/category\/event\/' title='event' class='pt-cv-tax-event'>event<\/a><\/span><\/div><\/div>\n<div class=\" pt-cv-content-item pt-cv-1-col\" ><h6 class=\"pt-cv-title\"><a href=\"https:\/\/essv.ipv.pt\/evento\/conferencia-de-investigacao-revisao-da-literatura-evento-on-line\/\" class=\"_self\" target=\"_self\" >Confer\u00eancia de Investiga\u00e7\u00e3o: Revis\u00e3o da Literatura \u2013 Evento on-line<\/a><\/h6>\n<div class=\"pt-cv-meta-fields\"><span class=\"entry-date\"> <time datetime=\"2023-04-11T08:38:18+00:00\">11.04.2023<\/time><\/span><span> \/ <\/span><span class=\"terms\"> <a href='https:\/\/events.ipv.pt\/uicisa\/en\/tag\/conferencia\/' title='[confer\u00eancia]' class='pt-cv-tax-conferencia'>[confer\u00eancia]<\/a>, <a href='https:\/\/events.ipv.pt\/uicisa\/en\/category\/2023\/' title='2023' class='pt-cv-tax-2023'>2023<\/a>, <a href='https:\/\/events.ipv.pt\/uicisa\/en\/category\/event\/' title='event' class='pt-cv-tax-event'>event<\/a><\/span><\/div><\/div>\n<div class=\" pt-cv-content-item pt-cv-1-col\" ><h6 class=\"pt-cv-title\"><a href=\"https:\/\/essv.ipv.pt\/evento\/acao-de-sensibilizacao-em-mentoria-mentoria-inclusao-e-interculturalidade-na-experiencia-humana\/\" class=\"_self\" target=\"_self\" >Mentoria, inclus\u00e3o e interculturalidade na experi\u00eancia humana<\/a><\/h6>\n<div class=\"pt-cv-meta-fields\"><span class=\"entry-date\"> <time datetime=\"2023-02-08T16:05:01+00:00\">08.02.2023<\/time><\/span><span> \/ <\/span><span class=\"terms\"> <a href='https:\/\/events.ipv.pt\/uicisa\/en\/tag\/acao-sensibilizacao\/' title='[a\u00e7\u00e3o sensibiliza\u00e7\u00e3o]' class='pt-cv-tax-acao-sensibilizacao'>[a\u00e7\u00e3o sensibiliza\u00e7\u00e3o]<\/a>, <a href='https:\/\/events.ipv.pt\/uicisa\/en\/category\/event\/' title='event' class='pt-cv-tax-event'>event<\/a><\/span><\/div><\/div>\n<div class=\" pt-cv-content-item pt-cv-1-col\" ><h6 class=\"pt-cv-title\"><a href=\"https:\/\/essv.ipv.pt\/evento\/desafios-gestao-saude\/\" class=\"_self\" target=\"_self\" >Desafios da Gest\u00e3o da Sa\u00fade em Portugal<\/a><\/h6>\n<div class=\"pt-cv-meta-fields\"><span class=\"entry-date\"> <time datetime=\"2023-01-27T15:49:39+00:00\">27.01.2023<\/time><\/span><span> \/ <\/span><span class=\"terms\"> <a href='https:\/\/events.ipv.pt\/uicisa\/en\/tag\/simposio\/' title='[simp\u00f3sio]' class='pt-cv-tax-simposio'>[simp\u00f3sio]<\/a>, <a href='https:\/\/events.ipv.pt\/uicisa\/en\/category\/event\/' title='event' class='pt-cv-tax-event'>event<\/a><\/span><\/div><\/div>\n<div class=\" pt-cv-content-item pt-cv-1-col\" ><h6 class=\"pt-cv-title\"><a href=\"https:\/\/essv.ipv.pt\/wp-content\/uploads\/sites\/10\/conferencias\/2022\/autonomizacao_jovens.pdf\" class=\"_self\" target=\"_self\" >O processo de autonomiza\u00e7\u00e3o dos jovens: a participa\u00e7\u00e3o na fam\u00edlia, na escola e na comunidade com fator de prote\u00e7\u00e3o<\/a><\/h6>\n<div class=\"pt-cv-meta-fields\"><span class=\"entry-date\"> <time datetime=\"2022-12-15T15:34:59+00:00\">15.12.2022<\/time><\/span><span> \/ <\/span><span class=\"terms\"> <a href='https:\/\/events.ipv.pt\/uicisa\/en\/tag\/conferencia\/' title='[confer\u00eancia]' class='pt-cv-tax-conferencia'>[confer\u00eancia]<\/a>, <a href='https:\/\/events.ipv.pt\/uicisa\/en\/category\/event\/' title='event' class='pt-cv-tax-event'>event<\/a><\/span><\/div><\/div>\n<div class=\" pt-cv-content-item pt-cv-1-col\" ><h6 class=\"pt-cv-title\"><a href=\"https:\/\/essv.ipv.pt\/evento\/bioetica_2022\/\" class=\"_self\" target=\"_self\" >\u00c9tica na Sa\u00fade e na Academia<\/a><\/h6>\n<div class=\"pt-cv-meta-fields\"><span class=\"entry-date\"> <time datetime=\"2022-12-14T15:32:37+00:00\">14.12.2022<\/time><\/span><span> \/ <\/span><span class=\"terms\"> <a href='https:\/\/events.ipv.pt\/uicisa\/en\/tag\/seminario\/' title='[semin\u00e1rio]' class='pt-cv-tax-seminario'>[semin\u00e1rio]<\/a>, <a href='https:\/\/events.ipv.pt\/uicisa\/en\/category\/event\/' title='event' class='pt-cv-tax-event'>event<\/a><\/span><\/div><\/div>\n<div class=\" pt-cv-content-item pt-cv-1-col\" ><h6 class=\"pt-cv-title\"><a href=\"https:\/\/essv.ipv.pt\/wp-content\/uploads\/sites\/10\/conferencias\/2022\/conversas_genero.pdf\" class=\"_self\" target=\"_self\" >MAIs. Conversas sobre \u2018des\u2019igualdade de g\u00e9nero<\/a><\/h6>\n<div class=\"pt-cv-meta-fields\"><span class=\"entry-date\"> <time datetime=\"2022-11-04T15:17:42+00:00\">04.11.2022<\/time><\/span><span> \/ <\/span><span class=\"terms\"> <a href='https:\/\/events.ipv.pt\/uicisa\/en\/tag\/seminario\/' title='[semin\u00e1rio]' class='pt-cv-tax-seminario'>[semin\u00e1rio]<\/a>, <a href='https:\/\/events.ipv.pt\/uicisa\/en\/category\/event\/' title='event' class='pt-cv-tax-event'>event<\/a><\/span><\/div><\/div>\n<div class=\" pt-cv-content-item pt-cv-1-col\" ><h6 class=\"pt-cv-title\"><a href=\"https:\/\/essv.ipv.pt\/evento\/workshop-a-enfermagem-do-trabalho-investigacao-e-os-desafios-societais\/\" class=\"_self\" target=\"_self\" >A Enfermagem do Trabalho \u2013 Investiga\u00e7\u00e3o e os Desafios Societais<\/a><\/h6>\n<div class=\"pt-cv-meta-fields\"><span class=\"entry-date\"> <time datetime=\"2022-10-29T15:15:39+00:00\">29.10.2022<\/time><\/span><span> \/ <\/span><span class=\"terms\"> <a href='https:\/\/events.ipv.pt\/uicisa\/en\/tag\/workshop\/' title='[workshop]' class='pt-cv-tax-workshop'>[workshop]<\/a>, <a href='https:\/\/events.ipv.pt\/uicisa\/en\/category\/event\/' title='event' class='pt-cv-tax-event'>event<\/a><\/span><\/div><\/div>\n<div class=\" pt-cv-content-item pt-cv-1-col\" ><h6 class=\"pt-cv-title\"><a href=\"https:\/\/essv.ipv.pt\/evento\/a-enfermagem-e-os-desafios-ambientais\/\" class=\"_self\" target=\"_self\" >A Enfermagem e os desafios ambientais<\/a><\/h6>\n<div class=\"pt-cv-meta-fields\"><span class=\"entry-date\"> <time datetime=\"2022-10-14T15:13:59+00:00\">14.10.2022<\/time><\/span><span> \/ <\/span><span class=\"terms\"> <a href='https:\/\/events.ipv.pt\/uicisa\/en\/tag\/seminario\/' title='[semin\u00e1rio]' class='pt-cv-tax-seminario'>[semin\u00e1rio]<\/a>, <a href='https:\/\/events.ipv.pt\/uicisa\/en\/category\/event\/' title='event' class='pt-cv-tax-event'>event<\/a><\/span><\/div><\/div>\n<div class=\" pt-cv-content-item pt-cv-1-col\" ><h6 class=\"pt-cv-title\"><a href=\"https:\/\/essv.ipv.pt\/evento\/seminario-aleitamento-materno-educar-e-apoiar\/\" class=\"_self\" target=\"_self\" >Aleitamento Materno: Educar e Apoiar<\/a><\/h6>\n<div class=\"pt-cv-meta-fields\"><span class=\"entry-date\"> <time datetime=\"2022-10-04T15:01:12+00:00\">04.10.2022<\/time><\/span><span> \/ <\/span><span class=\"terms\"> <a href='https:\/\/events.ipv.pt\/uicisa\/en\/tag\/seminario\/' title='[semin\u00e1rio]' class='pt-cv-tax-seminario'>[semin\u00e1rio]<\/a>, <a href='https:\/\/events.ipv.pt\/uicisa\/en\/category\/event\/' title='event' class='pt-cv-tax-event'>event<\/a><\/span><\/div><\/div>\n<div class=\" pt-cv-content-item pt-cv-1-col\" ><h6 class=\"pt-cv-title\"><a href=\"https:\/\/essv.ipv.pt\/wp-content\/uploads\/sites\/10\/conferencias\/2022\/cirurgia_pediatrica_final.pdf\" class=\"_self\" target=\"_self\" >Cirurgia Pedi\u00e1trica no S\u00e9culo XXI<\/a><\/h6>\n<div class=\"pt-cv-meta-fields\"><span class=\"entry-date\"> <time datetime=\"2022-09-19T14:17:14+00:00\">19.09.2022<\/time><\/span><span> \/ <\/span><span class=\"terms\"> <a href='https:\/\/events.ipv.pt\/uicisa\/en\/tag\/seminario\/' title='[semin\u00e1rio]' class='pt-cv-tax-seminario'>[semin\u00e1rio]<\/a>, <a href='https:\/\/events.ipv.pt\/uicisa\/en\/category\/event\/' title='event' class='pt-cv-tax-event'>event<\/a><\/span><\/div><\/div>\n<div class=\" pt-cv-content-item pt-cv-1-col\" ><h6 class=\"pt-cv-title\"><a href=\"https:\/\/essv.ipv.pt\/evento\/simposio-medicacao-sem-dano\/\" class=\"_self\" target=\"_self\" >Medica\u00e7\u00e3o Sem Dano<\/a><\/h6>\n<div class=\"pt-cv-meta-fields\"><span class=\"entry-date\"> <time datetime=\"2022-09-16T14:14:42+00:00\">16.09.2022<\/time><\/span><span> \/ <\/span><span class=\"terms\"> <a href='https:\/\/events.ipv.pt\/uicisa\/en\/tag\/simposio\/' title='[simp\u00f3sio]' class='pt-cv-tax-simposio'>[simp\u00f3sio]<\/a>, <a href='https:\/\/events.ipv.pt\/uicisa\/en\/category\/event\/' title='event' class='pt-cv-tax-event'>event<\/a><\/span><\/div><\/div>\n<div class=\" pt-cv-content-item pt-cv-1-col\" ><h6 class=\"pt-cv-title\"><a href=\"https:\/\/essv.ipv.pt\/wp-content\/uploads\/sites\/10\/conferencias\/2022\/Olhar_para_quem_cuida_V2.1.pdf\" class=\"_self\" target=\"_self\" >Olhar + para quem cuida<\/a><\/h6>\n<div class=\"pt-cv-meta-fields\"><span class=\"entry-date\"> <time datetime=\"2022-06-22T14:12:17+00:00\">22.06.2022<\/time><\/span><span> \/ <\/span><span class=\"terms\"> <a href='https:\/\/events.ipv.pt\/uicisa\/en\/tag\/plano-de-atividades\/' title='[plano de atividades]' class='pt-cv-tax-plano-de-atividades'>[plano de atividades]<\/a>, <a href='https:\/\/events.ipv.pt\/uicisa\/en\/tag\/projeto\/' title='[projeto]' class='pt-cv-tax-projeto'>[projeto]<\/a>, <a href='https:\/\/events.ipv.pt\/uicisa\/en\/category\/event\/' title='event' class='pt-cv-tax-event'>event<\/a><\/span><\/div><\/div>\n<div class=\" pt-cv-content-item pt-cv-1-col\" ><h6 class=\"pt-cv-title\"><a href=\"https:\/\/essv.ipv.pt\/evento\/conferencia-dia-mundial-da-crianca-refletir-sobre-os-desafios-em-enfermagem-de-saude-infantil-e-pediatrica\/\" class=\"_self\" target=\"_self\" >Dia Mundial da Crian\u00e7a \u201cRefletir sobre os Desafios em Enfermagem de Sa\u00fade Infantil e Pedi\u00e1trica\u201d<\/a><\/h6>\n<div class=\"pt-cv-meta-fields\"><span class=\"entry-date\"> <time datetime=\"2022-05-31T14:10:04+00:00\">31.05.2022<\/time><\/span><span> \/ <\/span><span class=\"terms\"> <a href='https:\/\/events.ipv.pt\/uicisa\/en\/tag\/conferencia\/' title='[confer\u00eancia]' class='pt-cv-tax-conferencia'>[confer\u00eancia]<\/a>, <a href='https:\/\/events.ipv.pt\/uicisa\/en\/category\/event\/' title='event' class='pt-cv-tax-event'>event<\/a><\/span><\/div><\/div>\n<div class=\" pt-cv-content-item pt-cv-1-col\" ><h6 class=\"pt-cv-title\"><a href=\"https:\/\/essv.ipv.pt\/wp-content\/uploads\/sites\/10\/conferencias\/2022\/programa_abandono_escolar_es.pdf\" class=\"_self\" target=\"_self\" >Abandono Acad\u00e9mico no Ensino Superior em Portugal<\/a><\/h6>\n<div class=\"pt-cv-meta-fields\"><span class=\"entry-date\"> <time datetime=\"2022-04-26T14:07:18+00:00\">26.04.2022<\/time><\/span><span> \/ <\/span><span class=\"terms\"> <a href='https:\/\/events.ipv.pt\/uicisa\/en\/tag\/encontro\/' title='[encontro]' class='pt-cv-tax-encontro'>[encontro]<\/a>, <a href='https:\/\/events.ipv.pt\/uicisa\/en\/category\/event\/' title='event' class='pt-cv-tax-event'>event<\/a><\/span><\/div><\/div>\n<div class=\" pt-cv-content-item pt-cv-1-col\" ><h6 class=\"pt-cv-title\"><a href=\"https:\/\/essv.ipv.pt\/wp-content\/uploads\/sites\/10\/conferencias\/2022\/Dia_Mundial_Atividade_Saude_V1.1.pdf\" class=\"_self\" target=\"_self\" >Dia Mundial da Atividade F\u00edsica e da Sa\u00fade<\/a><\/h6>\n<div class=\"pt-cv-meta-fields\"><span class=\"entry-date\"> <time datetime=\"2022-04-06T14:04:40+00:00\">06.04.2022<\/time><\/span><span> \/ <\/span><span class=\"terms\"> <a href='https:\/\/events.ipv.pt\/uicisa\/en\/tag\/encontro\/' title='[encontro]' class='pt-cv-tax-encontro'>[encontro]<\/a>, <a href='https:\/\/events.ipv.pt\/uicisa\/en\/category\/event\/' title='event' class='pt-cv-tax-event'>event<\/a><\/span><\/div><\/div>\n<div class=\" pt-cv-content-item pt-cv-1-col\" ><h6 class=\"pt-cv-title\"><a href=\"https:\/\/essv.ipv.pt\/evento\/webinar-alimentacao-e-saude-relacao-entre-a-nutricao-e-auto-imagem-em-adolescentes\/\" class=\"_self\" target=\"_self\" >Alimenta\u00e7\u00e3o e Sa\u00fade: Rela\u00e7\u00e3o entre a Nutri\u00e7\u00e3o e Auto Imagem em Adolescentes<\/a><\/h6>\n<div class=\"pt-cv-meta-fields\"><span class=\"entry-date\"> <time datetime=\"2022-03-23T16:54:15+00:00\">23.03.2022<\/time><\/span><span> \/ <\/span><span class=\"terms\"> <a href='https:\/\/events.ipv.pt\/uicisa\/en\/tag\/webinar\/' title='[webinar]' class='pt-cv-tax-webinar'>[webinar]<\/a>, <a href='https:\/\/events.ipv.pt\/uicisa\/en\/category\/event\/' title='event' class='pt-cv-tax-event'>event<\/a><\/span><\/div><\/div>\n<div class=\" pt-cv-content-item pt-cv-1-col\" ><h6 class=\"pt-cv-title\"><a href=\"http:\/\/www.essv.ipv.pt\/events\/webinar-somos-estamos-fazemos\/\" class=\"_self\" target=\"_self\" >Somos, Estamos, Fazemos!<\/a><\/h6>\n<div class=\"pt-cv-meta-fields\"><span class=\"entry-date\"> <time datetime=\"2022-03-23T16:53:36+00:00\">23.03.2022<\/time><\/span><span> \/ <\/span><span class=\"terms\"> <a href='https:\/\/events.ipv.pt\/uicisa\/en\/tag\/webinar\/' title='[webinar]' class='pt-cv-tax-webinar'>[webinar]<\/a>, <a href='https:\/\/events.ipv.pt\/uicisa\/en\/category\/event\/' title='event' class='pt-cv-tax-event'>event<\/a><\/span><\/div><\/div>\n<div class=\" pt-cv-content-item pt-cv-1-col\" ><h6 class=\"pt-cv-title\"><a href=\"http:\/\/www.essv.ipv.pt\/events\/webinar-pallium-game-em-contexto-da-comunicacao-em-cuidados-paliativos\/\" class=\"_self\" target=\"_self\" >Pallium Game<\/a><\/h6>\n<div class=\"pt-cv-meta-fields\"><span class=\"entry-date\"> <time datetime=\"2022-03-23T16:52:19+00:00\">23.03.2022<\/time><\/span><span> \/ <\/span><span class=\"terms\"> <a href='https:\/\/events.ipv.pt\/uicisa\/en\/tag\/webinar\/' title='[webinar]' class='pt-cv-tax-webinar'>[webinar]<\/a>, <a href='https:\/\/events.ipv.pt\/uicisa\/en\/category\/event\/' title='event' class='pt-cv-tax-event'>event<\/a><\/span><\/div><\/div>\n<div class=\" pt-cv-content-item pt-cv-1-col\" ><h6 class=\"pt-cv-title\"><a href=\"http:\/\/www.essv.ipv.pt\/events\/webinar-alimentacao-e-saude-rotulagem-nutricional\/\" class=\"_self\" target=\"_self\" >Alimenta\u00e7\u00e3o e Sa\u00fade: Rotulagem Nutricional<\/a><\/h6>\n<div class=\"pt-cv-meta-fields\"><span class=\"entry-date\"> <time datetime=\"2022-03-23T16:51:35+00:00\">23.03.2022<\/time><\/span><span> \/ <\/span><span class=\"terms\"> <a href='https:\/\/events.ipv.pt\/uicisa\/en\/tag\/webinar\/' title='[webinar]' class='pt-cv-tax-webinar'>[webinar]<\/a>, <a href='https:\/\/events.ipv.pt\/uicisa\/en\/category\/event\/' title='event' class='pt-cv-tax-event'>event<\/a><\/span><\/div><\/div>\n<div class=\" pt-cv-content-item pt-cv-1-col\" ><h6 class=\"pt-cv-title\"><a href=\"https:\/\/essv.ipv.pt\/evento\/webinar-revisao-sistematica-da-literatura-3-a-edicao\/\" class=\"_self\" target=\"_self\" >Revis\u00e3o Sistem\u00e1tica da Literatura \u2013 3.\u00aa Edi\u00e7\u00e3o<\/a><\/h6>\n<div class=\"pt-cv-meta-fields\"><span class=\"entry-date\"> <time datetime=\"2022-03-16T14:30:18+00:00\">16.03.2022<\/time><\/span><span> \/ <\/span><span class=\"terms\"> <a href='https:\/\/events.ipv.pt\/uicisa\/en\/tag\/webinar\/' title='[webinar]' class='pt-cv-tax-webinar'>[webinar]<\/a>, <a href='https:\/\/events.ipv.pt\/uicisa\/en\/category\/event\/' title='event' class='pt-cv-tax-event'>event<\/a><\/span><\/div><\/div>\n<div class=\" pt-cv-content-item pt-cv-1-col\" ><h6 class=\"pt-cv-title\"><a href=\"https:\/\/essv.ipv.pt\/wp-content\/uploads\/sites\/10\/conferencias\/2022\/Webinar_Alimenta%C3%A7%C3%A3o_Sa%C3%BAde.pdf\" class=\"_self\" target=\"_self\" >Alimenta\u00e7\u00e3o e Sa\u00fade: Literacia Alimentar e Nutricional<\/a><\/h6>\n<div class=\"pt-cv-meta-fields\"><span class=\"entry-date\"> <time datetime=\"2022-03-11T15:07:19+00:00\">11.03.2022<\/time><\/span><span> \/ <\/span><span class=\"terms\"> <a href='https:\/\/events.ipv.pt\/uicisa\/en\/tag\/webinar\/' title='[webinar]' class='pt-cv-tax-webinar'>[webinar]<\/a>, <a href='https:\/\/events.ipv.pt\/uicisa\/en\/category\/event\/' title='event' class='pt-cv-tax-event'>event<\/a><\/span><\/div><\/div>\n<div class=\" pt-cv-content-item pt-cv-1-col\" ><h6 class=\"pt-cv-title\"><a href=\"https:\/\/essv.ipv.pt\/wp-content\/uploads\/sites\/10\/conferencias\/2022\/Cuidar_Feminino_V2.2.pdf\" class=\"_self\" target=\"_self\" >Cuidar no Feminino: Autoconhecimento, Sexualidade e Menopausa<\/a><\/h6>\n<div class=\"pt-cv-meta-fields\"><span class=\"entry-date\"> <time datetime=\"2022-03-08T15:30:04+00:00\">08.03.2022<\/time><\/span><span> \/ <\/span><span class=\"terms\"> <a href='https:\/\/events.ipv.pt\/uicisa\/en\/tag\/seminario\/' title='[semin\u00e1rio]' class='pt-cv-tax-seminario'>[semin\u00e1rio]<\/a>, <a href='https:\/\/events.ipv.pt\/uicisa\/en\/category\/event\/' title='event' class='pt-cv-tax-event'>event<\/a><\/span><\/div><\/div>\n<div class=\" pt-cv-content-item pt-cv-1-col\" ><h6 class=\"pt-cv-title\"><a href=\"https:\/\/essv.ipv.pt\/wp-content\/uploads\/sites\/10\/conferencias\/2022\/Webinar_Alimenta%C3%A7%C3%A3o_Complementar.pdf\" class=\"_self\" target=\"_self\" >Alimenta\u00e7\u00e3o Complementar: Quando e Como Come\u00e7ar<\/a><\/h6>\n<div class=\"pt-cv-meta-fields\"><span class=\"entry-date\"> <time datetime=\"2022-03-03T15:34:19+00:00\">03.03.2022<\/time><\/span><span> \/ <\/span><span class=\"terms\"> <a href='https:\/\/events.ipv.pt\/uicisa\/en\/tag\/webinar\/' title='[webinar]' class='pt-cv-tax-webinar'>[webinar]<\/a>, <a href='https:\/\/events.ipv.pt\/uicisa\/en\/category\/event\/' title='event' class='pt-cv-tax-event'>event<\/a><\/span><\/div><\/div>\n<div class=\" pt-cv-content-item pt-cv-1-col\" ><h6 class=\"pt-cv-title\"><a href=\"https:\/\/essv.ipv.pt\/wp-content\/uploads\/sites\/10\/conferencias\/2022\/Webinar_Supervis%C3%A3o_Clinica_.pdf\" class=\"_self\" target=\"_self\" >A Supervis\u00e3o Cl\u00ednica como ferramenta de apoio ao ensino \/ aprendizagem dos estudantes de enfermagem<\/a><\/h6>\n<div class=\"pt-cv-meta-fields\"><span class=\"entry-date\"> <time datetime=\"2022-02-24T15:46:37+00:00\">24.02.2022<\/time><\/span><span> \/ <\/span><span class=\"terms\"> <a href='https:\/\/events.ipv.pt\/uicisa\/en\/tag\/webinar\/' title='[webinar]' class='pt-cv-tax-webinar'>[webinar]<\/a>, <a href='https:\/\/events.ipv.pt\/uicisa\/en\/category\/event\/' title='event' class='pt-cv-tax-event'>event<\/a><\/span><\/div><\/div>\n<div class=\" pt-cv-content-item pt-cv-1-col\" ><h6 class=\"pt-cv-title\"><a href=\"https:\/\/essv.ipv.pt\/wp-content\/uploads\/sites\/10\/conferencias\/2022\/Webinar_Tabaco_.pdf\" class=\"_self\" target=\"_self\" >Preven\u00e7\u00e3o do consumo de tabaco para jovens<\/a><\/h6>\n<div class=\"pt-cv-meta-fields\"><span class=\"entry-date\"> <time datetime=\"2022-02-08T15:56:25+00:00\">08.02.2022<\/time><\/span><span> \/ <\/span><span class=\"terms\"> <a href='https:\/\/events.ipv.pt\/uicisa\/en\/tag\/formacao\/' title='[forma\u00e7\u00e3o]' class='pt-cv-tax-formacao'>[forma\u00e7\u00e3o]<\/a>, <a href='https:\/\/events.ipv.pt\/uicisa\/en\/category\/event\/' title='event' class='pt-cv-tax-event'>event<\/a><\/span><\/div><\/div>\n<div class=\" pt-cv-content-item pt-cv-1-col\" ><h6 class=\"pt-cv-title\"><a href=\"http:\/\/www.essv.ipv.pt\/events\/3o-congresso-internacional-de-enfermagem-de-reabilitacao-reabilitar-para-a-vida\/\" class=\"_self\" target=\"_self\" >3\u00ba Congresso Internacional de Enfermagem de Reabilita\u00e7\u00e3o | 12\u00ba Congresso Nacional de Enfermagem de Reabilita\u00e7\u00e3o \u201cReabilitar para a Vida\u201d<\/a><\/h6>\n<div class=\"pt-cv-meta-fields\"><span class=\"entry-date\"> <time datetime=\"2022-01-27T16:03:22+00:00\">27.01.2022<\/time><\/span><span> \/ <\/span><span class=\"terms\"> <a href='https:\/\/events.ipv.pt\/uicisa\/en\/tag\/congresso\/' title='[congresso]' class='pt-cv-tax-congresso'>[congresso]<\/a>, <a href='https:\/\/events.ipv.pt\/uicisa\/en\/category\/event\/' title='event' class='pt-cv-tax-event'>event<\/a><\/span><\/div><\/div>\n<div class=\" pt-cv-content-item pt-cv-1-col\" ><h6 class=\"pt-cv-title\"><a href=\"https:\/\/essv.ipv.pt\/wp-content\/uploads\/sites\/10\/conferencias\/2022\/WEBINAR_%202612022_.pdf\" class=\"_self\" target=\"_self\" >Preven\u00e7\u00e3o do burnout: Task-force resili\u00eancia e sa\u00fade mental<\/a><\/h6>\n<div class=\"pt-cv-meta-fields\"><span class=\"entry-date\"> <time datetime=\"2022-01-26T16:10:56+00:00\">26.01.2022<\/time><\/span><span> \/ <\/span><span class=\"terms\"> <a href='https:\/\/events.ipv.pt\/uicisa\/en\/tag\/webinar\/' title='[webinar]' class='pt-cv-tax-webinar'>[webinar]<\/a>, <a href='https:\/\/events.ipv.pt\/uicisa\/en\/category\/event\/' title='event' class='pt-cv-tax-event'>event<\/a><\/span><\/div><\/div>\n<div class=\" pt-cv-content-item pt-cv-1-col\" ><h6 class=\"pt-cv-title\"><a href=\"https:\/\/essv.ipv.pt\/evento\/seminario-transtornos-alimentares-perspetivas-atuais\/\" class=\"_self\" target=\"_self\" >Transtornos Alimentares \u2013 Perspetivas Atuais<\/a><\/h6>\n<div class=\"pt-cv-meta-fields\"><span class=\"entry-date\"> <time datetime=\"2022-01-21T16:17:04+00:00\">21.01.2022<\/time><\/span><span> \/ <\/span><span class=\"terms\"> <a href='https:\/\/events.ipv.pt\/uicisa\/en\/tag\/seminario\/' title='[semin\u00e1rio]' class='pt-cv-tax-seminario'>[semin\u00e1rio]<\/a>, <a href='https:\/\/events.ipv.pt\/uicisa\/en\/category\/event\/' title='event' class='pt-cv-tax-event'>event<\/a><\/span><\/div><\/div>\n<div class=\" pt-cv-content-item pt-cv-1-col\" ><h6 class=\"pt-cv-title\"><a href=\"https:\/\/essv.ipv.pt\/evento\/workshop-pratico-kinesiology-tapping-neuromuscular-3\/\" class=\"_self\" target=\"_self\" >Kinesiology Tapping Neuromuscular<\/a><\/h6>\n<div class=\"pt-cv-meta-fields\"><span class=\"entry-date\"> <time datetime=\"2022-01-17T16:24:39+00:00\">17.01.2022<\/time><\/span><span> \/ <\/span><span class=\"terms\"> <a href='https:\/\/events.ipv.pt\/uicisa\/en\/tag\/workshop\/' title='[workshop]' class='pt-cv-tax-workshop'>[workshop]<\/a>, <a href='https:\/\/events.ipv.pt\/uicisa\/en\/category\/event\/' title='event' class='pt-cv-tax-event'>event<\/a><\/span><\/div><\/div>\n<div class=\" pt-cv-content-item pt-cv-1-col\" ><h6 class=\"pt-cv-title\"><a href=\"https:\/\/essv.ipv.pt\/evento\/webinar-o-servico-de-urgencia-onde-estamos-para-onde-queremos-ir\/\" class=\"_self\" target=\"_self\" >Servi\u00e7o de Urg\u00eancia: Onde Estamos e para Onde Queremos Ir<\/a><\/h6>\n<div class=\"pt-cv-meta-fields\"><span class=\"entry-date\"> <time datetime=\"2022-01-14T16:29:14+00:00\">14.01.2022<\/time><\/span><span> \/ <\/span><span class=\"terms\"> <a href='https:\/\/events.ipv.pt\/uicisa\/en\/tag\/webinar\/' title='[webinar]' class='pt-cv-tax-webinar'>[webinar]<\/a>, <a href='https:\/\/events.ipv.pt\/uicisa\/en\/category\/event\/' title='event' class='pt-cv-tax-event'>event<\/a><\/span><\/div><\/div><\/div><\/div><\/div>\t\t\t<style type=\"text\/css\" id=\"pt-cv-inline-style-58701358gh\">\n#pt-cv-view-b7b2585zte .pt-cv-thumb-wrapper:not(.miniwrap) {  }#pt-cv-view-b7b2585zte .pt-cv-thumbnail:not(.pt-cv-thumbnailsm) { height: 250px; }#pt-cv-view-b7b2585zte > .pt-cv-page {grid-template-columns: repeat(4, 1fr);grid-gap: 15px;}\n@media all and (max-width: 1024px) { \n#pt-cv-view-b7b2585zte > .pt-cv-page {grid-template-columns: repeat(1, 1fr);}\n} \n@media all and (max-width: 767px) { \n#pt-cv-view-b7b2585zte > .pt-cv-page {grid-template-columns: repeat(1, 1fr);}\n} <\/style>\r\n\t\t\t\n<\/div>\n<\/div>\n<\/div>\n<\/div>\n<\/div>\n<div class=\"panel bgCinza auto-height esp200\" id=\"producao\">\n<!-- PRODU\u00c7\u00c3O EM N\u00daMEROS E INVESTIGADORES--><\/p>\n<div class=\"ast-container\" style=\"flex-direction: column;\">\n<h2 class=\"fBranco\">UICISA: E ESEnfC\/ESSV\/iPV<br \/>EM N\u00daMEROS<\/h2>\n<h5 class=\"fRclaro\">PRODU\u00c7\u00c3O CIENT\u00cdFICA<\/h5>\n<div class=\"rw\"><button class=\"tablinks bRclaro\" data-group=\"grupoProd\" data-target=\"livro\"><span class=\"fw500 fBranco\"><span>18<\/span><\/span> Livros<\/button> <button class=\"tablinks bRclaro\" data-group=\"grupoProd\" data-target=\"CL\"><span class=\"fw500 fBranco\"><span>63<\/span><\/span> Cap\u00edtulos de Livro<\/button> <button class=\"tablinks bRclaro\" data-group=\"grupoProd\" data-target=\"artInd\"><span class=\"fw500 fBranco\"><span>142<\/span><\/span> Artigos em revista [Scopus e\/ou WoS]<\/button> <button class=\"tablinks bBranco\" data-group=\"grupoProd\" data-target=\"proj\"><span class=\"fw500 fRosa\"><span>14<\/span><\/span> PROJETOS<\/button><\/div>\n<div id=\"livro\" class=\"contentEquipa\" data-group=\"grupoProd\">\n<!-- *********** LIVROS  *********** --><\/p>\n<div class=\"rw esp20-0\">\n<button class=\"tablinks bTab\" data-group=\"grupo102\" data-target=\"lv_2025\"><span class=\"fw500 fRosa\"><span>1<\/span><\/span> | 2025<\/button> <button class=\"tablinks bTab\" data-group=\"grupo102\" data-target=\"lv_2024\"><span class=\"fw500 fRosa\"><span>7<\/span><\/span> | 2024<\/button> <button class=\"tablinks bTab\" data-group=\"grupo102\" data-target=\"lv_2023\"><span class=\"fw500 fRosa\"><span>6<\/span><\/span> | 2023<\/button> <button class=\"tablinks bTab\" data-group=\"grupo102\" data-target=\"lv_2022\"><span class=\"fw500 fRosa\"><span>4<\/span><\/span> | 2022-2021<\/button><\/div>\n<div id=\"lv_2025\" class=\"contentEquipa bgBranco esp50\" data-group=\"grupo102\">\n<div class=\"pt-cv-wrapper\"><div class=\"pt-cv-view pt-cv-grid pt-cv-colsys\" id=\"pt-cv-view-5bb26d6qma\"><div data-id=\"pt-cv-page-1\" class=\"pt-cv-page\" data-cvc=\"1\"><div class=\"col-md-12 col-sm-12 col-xs-12 pt-cv-content-item pt-cv-1-col\" ><div class='pt-cv-ifield'><div class=\"pt-cv-content\"><p>Paula, C., Franceschi, C., Anast\u00e1cio, V., Conde\u00e7o, L., Videira, L., Joaquim, P., Padoin, S., Cabral, I., Rojas, J., Mendes, \u00c2., &#038; Pascotini, M. (2025).<br \/>\nManual ilustrado Via L\u00e1ctea: o caminho para a seguran\u00e7a alimentar e nutricional de crian\u00e7as menores de 6 meses n\u00e3o amamentadas (Vers\u00e3o adaptada culturalmente do \u00e1lbum seriado brasileiro &#8220;Vial\u00e1ctea&#8221; para Portugal).<br \/>\nUniversidade Federal de Santa Maria.<br \/>\n<a href=\"https:\/\/www.ufsm.br\/app\/uploads\/sites\/564\/2020\/01\/VP-Album-Versao-portugal-digital.pdf\" target=\"_blank\">https:\/\/www.ufsm.br\/app\/uploads\/sites\/564\/2020\/01\/VP-Album-Versao-portugal-digital.pdf<\/a> <\/p>\n<\/div>\n<div class=\"pt-cv-meta-fields\"><span class=\"terms\"> <a href='https:\/\/events.ipv.pt\/uicisa\/en\/category\/2025\/' title='2025' class='pt-cv-tax-2025'>2025<\/a>, <a href='https:\/\/events.ipv.pt\/uicisa\/en\/category\/producao-cientifica\/livros\/' title='livros' class='pt-cv-tax-livros'>livros<\/a>, <a href='https:\/\/events.ipv.pt\/uicisa\/en\/tag\/luis-condeco\/' title='Lu\u00eds Conde\u00e7o' class='pt-cv-tax-luis-condeco'>Lu\u00eds Conde\u00e7o<\/a><\/span><\/div><\/div><\/div><\/div><\/div><\/div>\n<\/div>\n<div id=\"lv_2024\" class=\"contentEquipa bgBranco esp50\" data-group=\"grupo102\">\n<div class=\"pt-cv-wrapper\"><div class=\"pt-cv-view pt-cv-grid pt-cv-colsys\" id=\"pt-cv-view-c49be3e2u4\"><div data-id=\"pt-cv-page-1\" class=\"pt-cv-page\" data-cvc=\"1\"><div class=\"col-md-12 col-sm-12 col-xs-12 pt-cv-content-item pt-cv-1-col\" ><div class='pt-cv-ifield'><div class=\"pt-cv-content\"><p>Bica, I., Conde\u00e7o, L. M. P., Cordeiro, M., Ferr\u00e3o, A., Santos, I., Ruas, F. (2024).<br \/>\n<em>Atendimento ao Adolescente: Instrumento de Avalia\u00e7\u00e3o HEEADSSSSS: Manual Pedag\u00f3gico<\/em>.<br \/>\nViseu, Portugal: Instituto Polit\u00e9cnico de Viseu. 10.34633\/978-989-35494-6-9<\/p>\n<\/div>\n<div class=\"pt-cv-meta-fields\"><span class=\"terms\"> <a href='https:\/\/events.ipv.pt\/uicisa\/en\/category\/2024\/' title='2024' class='pt-cv-tax-2024'>2024<\/a>, <a href='https:\/\/events.ipv.pt\/uicisa\/en\/tag\/isabel-bica\/' title='Isabel Bica' class='pt-cv-tax-isabel-bica'>Isabel Bica<\/a>, <a href='https:\/\/events.ipv.pt\/uicisa\/en\/category\/producao-cientifica\/livros\/' title='livros' class='pt-cv-tax-livros'>livros<\/a>, <a href='https:\/\/events.ipv.pt\/uicisa\/en\/tag\/luis-condeco\/' title='Lu\u00eds Conde\u00e7o' class='pt-cv-tax-luis-condeco'>Lu\u00eds Conde\u00e7o<\/a>, <a href='https:\/\/events.ipv.pt\/uicisa\/en\/tag\/manuel-cordeiro\/' title='Manuel Cordeiro' class='pt-cv-tax-manuel-cordeiro'>Manuel Cordeiro<\/a><\/span><\/div><\/div><\/div>\n<div class=\"col-md-12 col-sm-12 col-xs-12 pt-cv-content-item pt-cv-1-col\" ><div class='pt-cv-ifield'><div class=\"pt-cv-content\"><p>Coutinho, E., Magalh\u00e3es, C., Alves, A. B., Ruah, D., Tomaz, I., Neves, A., Val\u00e9rio, M., Pinto, M., Ferreira, A., Freitas, I. N. d., Martin, A. D., Altan, L., Baudouin-Naneix, S., Agusti, P. P., Fontanot, S., Lombardi, L., Dallavalle, C., Moudatsou, M., Tampakis, H., Varadinis, D. (2024).<br \/>\nIntercultural Approach to Prevent Harmful Practices. Toolkit for first-line practitioners<br \/>\n(E. Coutinho, C. Magalh\u00e3es, A. B. Alves, D. Ruah, &#038; F. Jorge, Eds. Instituto Polit\u00e9cnico de Viseu (IPV) ed.).<br \/>\nInstituto Polit\u00e9cnico de Viseu (IPV).<br \/>\n<a href=\"https:\/\/doi.org\/10.34633\/978-972-8765-43-9\" target=\"_blank\">https:\/\/doi.org\/10.34633\/978-972-8765-43-9<\/a><\/p>\n<\/div>\n<div class=\"pt-cv-meta-fields\"><span class=\"terms\"> <a href='https:\/\/events.ipv.pt\/uicisa\/en\/category\/2024\/' title='2024' class='pt-cv-tax-2024'>2024<\/a>, <a href='https:\/\/events.ipv.pt\/uicisa\/en\/tag\/emilia-coutinho\/' title='Em\u00edlia Coutinho' class='pt-cv-tax-emilia-coutinho'>Em\u00edlia Coutinho<\/a>, <a href='https:\/\/events.ipv.pt\/uicisa\/en\/category\/producao-cientifica\/livros\/' title='livros' class='pt-cv-tax-livros'>livros<\/a>, <a href='https:\/\/events.ipv.pt\/uicisa\/en\/category\/producao-cientifica\/' title='produ\u00e7\u00e3o cient\u00edfica' class='pt-cv-tax-producao-cientifica'>produ\u00e7\u00e3o cient\u00edfica<\/a><\/span><\/div><\/div><\/div>\n<div class=\"col-md-12 col-sm-12 col-xs-12 pt-cv-content-item pt-cv-1-col\" ><div class='pt-cv-ifield'><div class=\"pt-cv-content\"><p>Ferreira, M., Figueiredo, I., Andrade, J., &#038; Martins, V., Matos, E. (Coords.). (2024).<br \/>\n<em>O calivrinho da vida: Manual de boas pr\u00e1ticas<\/em>.<br \/>\n(1\u00aa ed.) Edi\u00e7\u00f5es Esgotadas.<\/p>\n<\/div>\n<div class=\"pt-cv-meta-fields\"><span class=\"terms\"> <a href='https:\/\/events.ipv.pt\/uicisa\/en\/category\/2024\/' title='2024' class='pt-cv-tax-2024'>2024<\/a>, <a href='https:\/\/events.ipv.pt\/uicisa\/en\/category\/producao-cientifica\/livros\/' title='livros' class='pt-cv-tax-livros'>livros<\/a>, <a href='https:\/\/events.ipv.pt\/uicisa\/en\/tag\/manuela-ferreira\/' title='Manuela Ferreira' class='pt-cv-tax-manuela-ferreira'>Manuela Ferreira<\/a><\/span><\/div><\/div><\/div>\n<div class=\"col-md-12 col-sm-12 col-xs-12 pt-cv-content-item pt-cv-1-col\" ><div class='pt-cv-ifield'><div class=\"pt-cv-content\"><p>Novais, A., Toscano, C., Matos, E., Apar\u00edcio, G., Figueiredo, I. J., Aidos. J., Andrade, J., Bento, M., Ferreira, M., Nelas, P., Campos, S., &#038; Martins, V. (2024).<br \/>\n<em>O calivrinho da vida: Manual de atividades em sa\u00fade materno infantil<\/em>. (1\u00aa ed.).<br \/>\nEdi\u00e7\u00f5es Esgotadas. ISBN:978-989-9155-95-4.<\/p>\n<\/div>\n<div class=\"pt-cv-meta-fields\"><span class=\"terms\"> <a href='https:\/\/events.ipv.pt\/uicisa\/en\/category\/2024\/' title='2024' class='pt-cv-tax-2024'>2024<\/a>, <a href='https:\/\/events.ipv.pt\/uicisa\/en\/tag\/graca-aparicio\/' title='Gra\u00e7a Apar\u00edcio' class='pt-cv-tax-graca-aparicio'>Gra\u00e7a Apar\u00edcio<\/a>, <a href='https:\/\/events.ipv.pt\/uicisa\/en\/category\/producao-cientifica\/livros\/' title='livros' class='pt-cv-tax-livros'>livros<\/a>, <a href='https:\/\/events.ipv.pt\/uicisa\/en\/tag\/manuela-ferreira\/' title='Manuela Ferreira' class='pt-cv-tax-manuela-ferreira'>Manuela Ferreira<\/a>, <a href='https:\/\/events.ipv.pt\/uicisa\/en\/tag\/paula-nelas\/' title='Paula Nelas' class='pt-cv-tax-paula-nelas'>Paula Nelas<\/a>, <a href='https:\/\/events.ipv.pt\/uicisa\/en\/tag\/sofia-campos\/' title='Sofia Campos' class='pt-cv-tax-sofia-campos'>Sofia Campos<\/a><\/span><\/div><\/div><\/div>\n<div class=\"col-md-12 col-sm-12 col-xs-12 pt-cv-content-item pt-cv-1-col\" ><div class='pt-cv-ifield'><div class=\"pt-cv-content\"><p> Ribeiro, A.A. (2024).<br \/>\n<em>Impacto Psicol\u00f3gico da Artrite Reumatoide<\/em>.<br \/>\nNovas Edi\u00e7\u00f5es Acad\u00eamicas. ISBN 978-620-6-76017-7.<\/p>\n<\/div>\n<div class=\"pt-cv-meta-fields\"><span class=\"terms\"> <a href='https:\/\/events.ipv.pt\/uicisa\/en\/category\/2024\/' title='2024' class='pt-cv-tax-2024'>2024<\/a>, <a href='https:\/\/events.ipv.pt\/uicisa\/en\/tag\/ana-rocha\/' title='Ana Rocha' class='pt-cv-tax-ana-rocha'>Ana Rocha<\/a>, <a href='https:\/\/events.ipv.pt\/uicisa\/en\/category\/producao-cientifica\/livros\/' title='livros' class='pt-cv-tax-livros'>livros<\/a><\/span><\/div><\/div><\/div>\n<div class=\"col-md-12 col-sm-12 col-xs-12 pt-cv-content-item pt-cv-1-col\" ><div class='pt-cv-ifield'><div class=\"pt-cv-content\"><p>Ribeiro, A. A., Ferreira, N., &#038; Flores, P. (2024).<br \/>\n<em>Gest\u00e3o e administra\u00e7\u00e3o terap\u00eautica: Manual pedag\u00f3gico<\/em>.<br \/>\nNovas Edi\u00e7\u00f5es Acad\u00eamicas. ISBN 978-620-6-76011-5.<\/p>\n<\/div>\n<div class=\"pt-cv-meta-fields\"><span class=\"terms\"> <a href='https:\/\/events.ipv.pt\/uicisa\/en\/category\/2024\/' title='2024' class='pt-cv-tax-2024'>2024<\/a>, <a href='https:\/\/events.ipv.pt\/uicisa\/en\/tag\/ana-rocha\/' title='Ana Rocha' class='pt-cv-tax-ana-rocha'>Ana Rocha<\/a>, <a href='https:\/\/events.ipv.pt\/uicisa\/en\/category\/producao-cientifica\/livros\/' title='livros' class='pt-cv-tax-livros'>livros<\/a><\/span><\/div><\/div><\/div>\n<div class=\"col-md-12 col-sm-12 col-xs-12 pt-cv-content-item pt-cv-1-col\" ><div class='pt-cv-ifield'><div class=\"pt-cv-content\"><p>Ferreira, N. M. O., Rocha, A. I. A. R. F., &#038; Ferreira, S. M. G. F. (2024).<br \/>\n<em>Proteger os tegumentos: Feridas: Manual pedag\u00f3gico<\/em>.<br \/>\nNovas Edi\u00e7\u00f5es Acad\u00eamicas. ISBN 978-620-6-76019-1.<\/p>\n<\/div>\n<div class=\"pt-cv-meta-fields\"><span class=\"terms\"> <a href='https:\/\/events.ipv.pt\/uicisa\/en\/category\/2024\/' title='2024' class='pt-cv-tax-2024'>2024<\/a>, <a href='https:\/\/events.ipv.pt\/uicisa\/en\/tag\/ana-rocha\/' title='Ana Rocha' class='pt-cv-tax-ana-rocha'>Ana Rocha<\/a>, <a href='https:\/\/events.ipv.pt\/uicisa\/en\/category\/producao-cientifica\/livros\/' title='livros' class='pt-cv-tax-livros'>livros<\/a><\/span><\/div><\/div><\/div><\/div><\/div><\/div>\n<\/div>\n<div id=\"lv_2023\" class=\"contentEquipa bgBranco esp50\" data-group=\"grupo102\">\n<div class=\"pt-cv-wrapper\"><div class=\"pt-cv-view pt-cv-grid pt-cv-colsys\" id=\"pt-cv-view-cb7a37de8g\"><div data-id=\"pt-cv-page-1\" class=\"pt-cv-page\" data-cvc=\"1\"><div class=\"col-md-12 col-sm-12 col-xs-12 pt-cv-content-item pt-cv-1-col\" ><div class='pt-cv-ifield'><div class=\"pt-cv-content\"><p>Alves, A. B., Coutinho, E., Vallescar-Palanca, D., &#038; Campos, S. (2023).<br \/>\nMentoria: 1,2,3: Um olhar sobre os princ\u00edpios b\u00e1sicos: Referencial pedag\u00f3gico n\u00ba 1.<br \/>\nEscola Superior de Sa\u00fade de Viseu.<br \/>\n<a href=\"https:\/\/doi.org\/10.34633\/978-989-35117-1-8\" rel=\"noopener\" target=\"_blank\">https:\/\/doi.org\/10.34633\/978-989-35117-1-8<\/a><\/p>\n<\/div>\n<div class=\"pt-cv-meta-fields\"><span class=\"terms\"> <a href='https:\/\/events.ipv.pt\/uicisa\/en\/category\/2023\/' title='2023' class='pt-cv-tax-2023'>2023<\/a>, <a href='https:\/\/events.ipv.pt\/uicisa\/en\/tag\/emilia-coutinho\/' title='Em\u00edlia Coutinho' class='pt-cv-tax-emilia-coutinho'>Em\u00edlia Coutinho<\/a>, <a href='https:\/\/events.ipv.pt\/uicisa\/en\/category\/producao-cientifica\/livros\/' title='livros' class='pt-cv-tax-livros'>livros<\/a>, <a href='https:\/\/events.ipv.pt\/uicisa\/en\/tag\/sofia-campos\/' title='Sofia Campos' class='pt-cv-tax-sofia-campos'>Sofia Campos<\/a><\/span><\/div><\/div><\/div>\n<div class=\"col-md-12 col-sm-12 col-xs-12 pt-cv-content-item pt-cv-1-col\" ><div class='pt-cv-ifield'><div class=\"pt-cv-content\"><p>Alves, A. B., Coutinho, E., Vallescar-Palanca, D., &#038; Campos, S.(2023).<br \/>\nMentoring 1,2,3: A look at the basic principles: Training manual no 1.<br \/>\nEscola Superior de Sa\u00fade de Viseu.<br \/>\ndoi: <a href=\"https:\/\/doi.org\/10.34633\/978-989-35117-5-6\" rel=\"noopener\" target=\"_blank\">https:\/\/doi.org\/10.34633\/978-989-35117-5-6<\/a><\/p>\n<\/div>\n<div class=\"pt-cv-meta-fields\"><span class=\"terms\"> <a href='https:\/\/events.ipv.pt\/uicisa\/en\/category\/2023\/' title='2023' class='pt-cv-tax-2023'>2023<\/a>, <a href='https:\/\/events.ipv.pt\/uicisa\/en\/tag\/emilia-coutinho\/' title='Em\u00edlia Coutinho' class='pt-cv-tax-emilia-coutinho'>Em\u00edlia Coutinho<\/a>, <a href='https:\/\/events.ipv.pt\/uicisa\/en\/category\/producao-cientifica\/livros\/' title='livros' class='pt-cv-tax-livros'>livros<\/a>, <a href='https:\/\/events.ipv.pt\/uicisa\/en\/tag\/sofia-campos\/' title='Sofia Campos' class='pt-cv-tax-sofia-campos'>Sofia Campos<\/a><\/span><\/div><\/div><\/div>\n<div class=\"col-md-12 col-sm-12 col-xs-12 pt-cv-content-item pt-cv-1-col\" ><div class='pt-cv-ifield'><div class=\"pt-cv-content\"><p>Alves, A. B., Coutinho, E., Vallescar-Palanca, D., &#038; Campos, S. (2023).<br \/>\nMentoria: 1, 2, 3, 4: Um olhar sobre recursos chave da mentoria: Referencial pedag\u00f3gico n\u00ba 2.<br \/>\nEscola Superior de Sa\u00fade de Viseu.<br \/>\n<a href=\"https:\/\/doi.org\/10.34633\/978-989-35117-2-5\" rel=\"noopener\" target=\"_blank\">https:\/\/doi.org\/10.34633\/978-989-35117-2-5<\/a><\/p>\n<\/div>\n<div class=\"pt-cv-meta-fields\"><span class=\"terms\"> <a href='https:\/\/events.ipv.pt\/uicisa\/en\/category\/2023\/' title='2023' class='pt-cv-tax-2023'>2023<\/a>, <a href='https:\/\/events.ipv.pt\/uicisa\/en\/tag\/emilia-coutinho\/' title='Em\u00edlia Coutinho' class='pt-cv-tax-emilia-coutinho'>Em\u00edlia Coutinho<\/a>, <a href='https:\/\/events.ipv.pt\/uicisa\/en\/category\/producao-cientifica\/livros\/' title='livros' class='pt-cv-tax-livros'>livros<\/a>, <a href='https:\/\/events.ipv.pt\/uicisa\/en\/tag\/sofia-campos\/' title='Sofia Campos' class='pt-cv-tax-sofia-campos'>Sofia Campos<\/a><\/span><\/div><\/div><\/div>\n<div class=\"col-md-12 col-sm-12 col-xs-12 pt-cv-content-item pt-cv-1-col\" ><div class='pt-cv-ifield'><div class=\"pt-cv-content\"><p>Alves, A. B., Coutinho, E., Vallescar-Palanca, D., &#038; Campos, S. (2023).<br \/>\nMentoring 1,2,3,4: A look at the key resources: Training manual no. 2.<br \/>\nEscola Superior de Sa\u00fade de Viseu.<br \/>\ndoi: <a href=\"https:\/\/doi.org\/10.34633\/978-989-35117-6-3\" rel=\"noopener\" target=\"_blank\">https:\/\/doi.org\/10.34633\/978-989-35117-6-3<\/a><\/p>\n<\/div>\n<div class=\"pt-cv-meta-fields\"><span class=\"terms\"> <a href='https:\/\/events.ipv.pt\/uicisa\/en\/category\/2023\/' title='2023' class='pt-cv-tax-2023'>2023<\/a>, <a href='https:\/\/events.ipv.pt\/uicisa\/en\/tag\/emilia-coutinho\/' title='Em\u00edlia Coutinho' class='pt-cv-tax-emilia-coutinho'>Em\u00edlia Coutinho<\/a>, <a href='https:\/\/events.ipv.pt\/uicisa\/en\/category\/producao-cientifica\/livros\/' title='livros' class='pt-cv-tax-livros'>livros<\/a>, <a href='https:\/\/events.ipv.pt\/uicisa\/en\/tag\/sofia-campos\/' title='Sofia Campos' class='pt-cv-tax-sofia-campos'>Sofia Campos<\/a><\/span><\/div><\/div><\/div>\n<div class=\"col-md-12 col-sm-12 col-xs-12 pt-cv-content-item pt-cv-1-col\" ><div class='pt-cv-ifield'><div class=\"pt-cv-content\"><p>Coutinho, E., Vallescar-Palanca, D., Campos, S., &#038; Alves, A. B. (2023).<br \/>\n7 Passos para a mentoria: Um roteiro para o sucesso: Referencial pedag\u00f3gico n\u00ba 1.<br \/>\nEscola Superior de Sa\u00fade de Viseu.<br \/>\ndoi: <a href=\"https:\/\/doi.org\/10.34633\/978-989-54712-8-7\" rel=\"noopener\" target=\"_blank\">https:\/\/doi.org\/10.34633\/978-989-54712-8-7<\/a><\/p>\n<\/div>\n<div class=\"pt-cv-meta-fields\"><span class=\"terms\"> <a href='https:\/\/events.ipv.pt\/uicisa\/en\/category\/2023\/' title='2023' class='pt-cv-tax-2023'>2023<\/a>, <a href='https:\/\/events.ipv.pt\/uicisa\/en\/tag\/emilia-coutinho\/' title='Em\u00edlia Coutinho' class='pt-cv-tax-emilia-coutinho'>Em\u00edlia Coutinho<\/a>, <a href='https:\/\/events.ipv.pt\/uicisa\/en\/category\/producao-cientifica\/livros\/' title='livros' class='pt-cv-tax-livros'>livros<\/a>, <a href='https:\/\/events.ipv.pt\/uicisa\/en\/tag\/sofia-campos\/' title='Sofia Campos' class='pt-cv-tax-sofia-campos'>Sofia Campos<\/a><\/span><\/div><\/div><\/div>\n<div class=\"col-md-12 col-sm-12 col-xs-12 pt-cv-content-item pt-cv-1-col\" ><div class='pt-cv-ifield'><div class=\"pt-cv-content\"><p>Coutinho, E., Vallescar-Palanca, D., Campos, S., &#038; Alves, A. B. (2023).<br \/>\n7 Ferramentas para a mentoria: Um roteiro para o sucesso: Referencial pedag\u00f3gico n\u00ba 2.<br \/>\nEscola Superior de Sa\u00fade de Viseu.<br \/>\ndoi: <a href=\"https:\/\/doi.org\/10.34633\/978-989-54712-9-4\" rel=\"noopener\" target=\"_blank\">https:\/\/doi.org\/10.34633\/978-989-54712-9-4<\/a><\/p>\n<\/div>\n<div class=\"pt-cv-meta-fields\"><span class=\"terms\"> <a href='https:\/\/events.ipv.pt\/uicisa\/en\/category\/2023\/' title='2023' class='pt-cv-tax-2023'>2023<\/a>, <a href='https:\/\/events.ipv.pt\/uicisa\/en\/tag\/emilia-coutinho\/' title='Em\u00edlia Coutinho' class='pt-cv-tax-emilia-coutinho'>Em\u00edlia Coutinho<\/a>, <a href='https:\/\/events.ipv.pt\/uicisa\/en\/category\/producao-cientifica\/livros\/' title='livros' class='pt-cv-tax-livros'>livros<\/a>, <a href='https:\/\/events.ipv.pt\/uicisa\/en\/tag\/sofia-campos\/' title='Sofia Campos' class='pt-cv-tax-sofia-campos'>Sofia Campos<\/a><\/span><\/div><\/div><\/div><\/div><\/div><\/div>\n<\/div>\n<div id=\"lv_2022\" class=\"contentEquipa bgBranco esp50\" data-group=\"grupo102\">\n<div class=\"pt-cv-wrapper\"><div class=\"pt-cv-view pt-cv-grid pt-cv-colsys\" id=\"pt-cv-view-a90df910k3\"><div data-id=\"pt-cv-page-1\" class=\"pt-cv-page\" data-cvc=\"1\"><div class=\"col-md-12 col-sm-12 col-xs-12 pt-cv-content-item pt-cv-1-col\" ><div class='pt-cv-ifield'><div class=\"pt-cv-content\"><p>Belchior, A., Mascarenhas, C., Othman, M., Rua, M., Takashima, M., Silva, M., Albalushi, L., Melo, R., Leal, R., Rodrigues, S., Aljunaibii, S., Lewis, D., Guarin, L., Giducos, P. (2021).<br \/>\niNURSING JOURNAL &#8211; Manual for Authors: The step-by-step instructions guide.<br \/>\nDOI: 10.52457\/QPRZ4666. <\/p>\n<\/div>\n<div class=\"pt-cv-meta-fields\"><span class=\"terms\"> <a href='https:\/\/events.ipv.pt\/uicisa\/en\/category\/2021\/' title='2021' class='pt-cv-tax-2021'>2021<\/a>, <a href='https:\/\/events.ipv.pt\/uicisa\/en\/category\/producao-cientifica\/livros\/' title='livros' class='pt-cv-tax-livros'>livros<\/a>, <a href='https:\/\/events.ipv.pt\/uicisa\/en\/tag\/marilia-rua\/' title='Mar\u00edlia Rua' class='pt-cv-tax-marilia-rua'>Mar\u00edlia Rua<\/a>, <a href='https:\/\/events.ipv.pt\/uicisa\/en\/tag\/ricardo-melo\/' title='Ricardo Melo' class='pt-cv-tax-ricardo-melo'>Ricardo Melo<\/a>, <a href='https:\/\/events.ipv.pt\/uicisa\/en\/tag\/sandra-campinos\/' title='Sandra Campinos' class='pt-cv-tax-sandra-campinos'>Sandra Campinos<\/a><\/span><\/div><\/div><\/div>\n<div class=\"col-md-12 col-sm-12 col-xs-12 pt-cv-content-item pt-cv-1-col\" ><div class='pt-cv-ifield'><div class=\"pt-cv-content\"><p>Melo, R. (2021). Transi\u00e7\u00e3o para o Papel de Cuidador Familiar. Novas Edi\u00e7\u00f5es Acad\u00eamicas<\/p>\n<\/div>\n<div class=\"pt-cv-meta-fields\"><span class=\"terms\"> <a href='https:\/\/events.ipv.pt\/uicisa\/en\/category\/2021\/' title='2021' class='pt-cv-tax-2021'>2021<\/a>, <a href='https:\/\/events.ipv.pt\/uicisa\/en\/category\/producao-cientifica\/livros\/' title='livros' class='pt-cv-tax-livros'>livros<\/a>, <a href='https:\/\/events.ipv.pt\/uicisa\/en\/tag\/ricardo-melo\/' title='Ricardo Melo' class='pt-cv-tax-ricardo-melo'>Ricardo Melo<\/a><\/span><\/div><\/div><\/div>\n<div class=\"col-md-12 col-sm-12 col-xs-12 pt-cv-content-item pt-cv-1-col\" ><div class='pt-cv-ifield'><div class=\"pt-cv-content\"><p>Santos, E., Cunha, M. (2021). Revis\u00e3o Sistem\u00e1tica da Literatura com Meta-an\u00e1lise: um guia pr\u00e1tico para iniciantes. Portugal: Edi\u00e7\u00f5es Esgotadas, Lda.<\/p>\n<\/div>\n<div class=\"pt-cv-meta-fields\"><span class=\"terms\"> <a href='https:\/\/events.ipv.pt\/uicisa\/en\/category\/2021\/' title='2021' class='pt-cv-tax-2021'>2021<\/a>, <a href='https:\/\/events.ipv.pt\/uicisa\/en\/tag\/eduardo-santos\/' title='Eduardo Santos' class='pt-cv-tax-eduardo-santos'>Eduardo Santos<\/a>, <a href='https:\/\/events.ipv.pt\/uicisa\/en\/category\/producao-cientifica\/livros\/' title='livros' class='pt-cv-tax-livros'>livros<\/a>, <a href='https:\/\/events.ipv.pt\/uicisa\/en\/tag\/madalena-cunha\/' title='Madalena Cunha' class='pt-cv-tax-madalena-cunha'>Madalena Cunha<\/a><\/span><\/div><\/div><\/div>\n<div class=\"col-md-12 col-sm-12 col-xs-12 pt-cv-content-item pt-cv-1-col\" ><div class='pt-cv-ifield'><div class=\"pt-cv-content\"><p>Coutinho E., Alves, S., Santos, E., Coelho I., Almeida, S., Loureiro, C., Alves, A. B., Sousa, A., Quental, C., Chaves, C., Amaro da Costa, C., Peixoto, C., Vala, H., Martins, I., Contente, O., Correia, P., Santos, P., Campos, S., Bettencourt, P., Paiva, J. L. M. S. (2021).<br \/>\nIn Escola Superior de Sa\u00fade de Viseu, Polit\u00e9cnico de Viseu (Ed.), Manual de Mentoria.<br \/>\nPrograma do Polit\u00e9cnico de Viseu (pp. 47).<br \/>\nRetrieved from <a href=\"http:\/\/pv.inclusao.ipv.pt\/wp-content\/uploads\/2021\/10\/PM.IPV_.2021.ISBN_.pdf\" rel=\"noopener\" target=\"_blank\">http:\/\/pv.inclusao.ipv.pt\/wp-content\/uploads\/2021\/10\/PM.IPV_.2021.ISBN_.pdf<\/a><\/p>\n<\/div>\n<div class=\"pt-cv-meta-fields\"><span class=\"terms\"> <a href='https:\/\/events.ipv.pt\/uicisa\/en\/category\/2021\/' title='2021' class='pt-cv-tax-2021'>2021<\/a>, <a href='https:\/\/events.ipv.pt\/uicisa\/en\/tag\/emilia-coutinho\/' title='Em\u00edlia Coutinho' class='pt-cv-tax-emilia-coutinho'>Em\u00edlia Coutinho<\/a>, <a href='https:\/\/events.ipv.pt\/uicisa\/en\/category\/producao-cientifica\/livros\/' title='livros' class='pt-cv-tax-livros'>livros<\/a>, <a href='https:\/\/events.ipv.pt\/uicisa\/en\/tag\/sofia-campos\/' title='Sofia Campos' class='pt-cv-tax-sofia-campos'>Sofia Campos<\/a><\/span><\/div><\/div><\/div><\/div><\/div><\/div>\n<\/div>\n<\/div>\n<div id=\"CL\" class=\"contentEquipa\" data-group=\"grupoProd\">\n<!-- *********** CAP\u00cdTULOS DE LIVRO  *********** --><\/p>\n<div class=\"rw esp20-0\">\n<button class=\"tablinks bTab\" data-group=\"grupo102\" data-target=\"clv_2025\"><span class=\"fw500 fRosa\"><span>11<\/span><\/span> | 2025<\/button> <button class=\"tablinks bTab\" data-group=\"grupo102\" data-target=\"clv_2024\"><span class=\"fw500 fRosa\"><span>6<\/span><\/span> | 2024<\/button> <button class=\"tablinks bTab\" data-group=\"grupo102\" data-target=\"clv_2023\"><span class=\"fw500 fRosa\"><span>28<\/span><\/span> | 2023<\/button> <button class=\"tablinks bTab\" data-group=\"grupo102\" data-target=\"clv_2022\"><span class=\"fw500 fRosa\"><span>18<\/span><\/span> | 2022-2021<\/button><\/div>\n<div id=\"clv_2025\" class=\"contentEquipa bgBranco esp50\" data-group=\"grupo102\">\n<div class=\"pt-cv-wrapper\"><div class=\"pt-cv-view pt-cv-grid pt-cv-colsys\" id=\"pt-cv-view-70aa645p1m\"><div data-id=\"pt-cv-page-1\" class=\"pt-cv-page\" data-cvc=\"1\"><div class=\"col-md-12 col-sm-12 col-xs-12 pt-cv-content-item pt-cv-1-col\" ><div class='pt-cv-ifield'><div class=\"pt-cv-content\"><p>Guin\u00e9, R. P., Floren\u00e7a, S. G., Br\u00e9jon, M., Gon\u00e7alves, J. C., Barroca, M. J., Ferreira, M., &#038; Fragata, A. (2025).<br \/>\nComparison of milk consumption habits across two European countries: Pilot study in Portugal and France.\u00a0<br \/>\nOpen Agriculture,\u00a010(1), 20250413.<br \/>\n<a href=\"https:\/\/doi.org\/10.1515\/opag-2025-0413\" target=\"_blank\">https:\/\/doi.org\/10.1515\/opag-2025-0413<\/a><\/p>\n<\/div>\n<div class=\"pt-cv-meta-fields\"><span class=\"terms\"> <a href='https:\/\/events.ipv.pt\/uicisa\/en\/category\/2025\/' title='2025' class='pt-cv-tax-2025'>2025<\/a>, <a href='https:\/\/events.ipv.pt\/uicisa\/en\/category\/producao-cientifica\/capitulos-de-livro\/' title='cap\u00edtulos de livro' class='pt-cv-tax-capitulos-de-livro'>cap\u00edtulos de livro<\/a>, <a href='https:\/\/events.ipv.pt\/uicisa\/en\/tag\/manuela-ferreira\/' title='Manuela Ferreira' class='pt-cv-tax-manuela-ferreira'>Manuela Ferreira<\/a><\/span><\/div><\/div><\/div>\n<div class=\"col-md-12 col-sm-12 col-xs-12 pt-cv-content-item pt-cv-1-col\" ><div class='pt-cv-ifield'><div class=\"pt-cv-content\"><p>Taveira, E., Pedrosa, D., Pereira, A., &#038; Cunha, M. (2025).<br \/>\nExposi\u00e7\u00e3o a fatores psicossociais de risco \u2013 Desafios na promo\u00e7\u00e3o da sa\u00fade no trabalho.<br \/>\nIn M. Coppi, H. Oliveira, A. M. Crist\u00f3v\u00e3o, &#038; J. Bonito (Eds.), Promo\u00e7\u00e3o e educa\u00e7\u00e3o para a sa\u00fade: inova\u00e7\u00e3o para a sustentabilidade e o bem-estar (pp. 457-470).<br \/>\nCentro de Investiga\u00e7\u00e3o em Educa\u00e7\u00e3o e Psicologia da Universidade de \u00c9vora.<br \/>\n<a href=\"https:\/\/www.ciep.uevora.pt\/Publicacoes\/publicacoes_nao_periodicas\/pes2a\" target=\"_blank\">https:\/\/www.ciep.uevora.pt\/Publicacoes\/publicacoes_nao_periodicas\/pes2a<\/a><\/p>\n<\/div>\n<div class=\"pt-cv-meta-fields\"><span class=\"terms\"> <a href='https:\/\/events.ipv.pt\/uicisa\/en\/category\/2025\/' title='2025' class='pt-cv-tax-2025'>2025<\/a>, <a href='https:\/\/events.ipv.pt\/uicisa\/en\/category\/producao-cientifica\/capitulos-de-livro\/' title='cap\u00edtulos de livro' class='pt-cv-tax-capitulos-de-livro'>cap\u00edtulos de livro<\/a>, <a href='https:\/\/events.ipv.pt\/uicisa\/en\/tag\/madalena-cunha\/' title='Madalena Cunha' class='pt-cv-tax-madalena-cunha'>Madalena Cunha<\/a><\/span><\/div><\/div><\/div>\n<div class=\"col-md-12 col-sm-12 col-xs-12 pt-cv-content-item pt-cv-1-col\" ><div class='pt-cv-ifield'><div class=\"pt-cv-content\"><p>Santos, E., Santos, D., Ribeiro, O. M. P. L., Marques, A., &#038; Amendoeira, J. J. P. (2025).<br \/>\nS\u00edntese da evid\u00eancia, oportunidades, desafios e dificuldades.<br \/>\nIn Pr\u00e1tica baseada na evid\u00eancia: Dos pressupostos te\u00f3ricos \u00e0 implementa\u00e7\u00e3o (pp. 23\u201334).<br \/>\nLisboa, Portugal: Lidel \u2013 Edi\u00e7\u00f5es T\u00e9cnicas, Lda.<br \/>\nISBN edi\u00e7\u00e3o impressa: 978-989-752-976-4<\/p>\n<\/div>\n<div class=\"pt-cv-meta-fields\"><span class=\"terms\"> <a href='https:\/\/events.ipv.pt\/uicisa\/en\/category\/2025\/' title='2025' class='pt-cv-tax-2025'>2025<\/a>, <a href='https:\/\/events.ipv.pt\/uicisa\/en\/category\/producao-cientifica\/capitulos-de-livro\/' title='cap\u00edtulos de livro' class='pt-cv-tax-capitulos-de-livro'>cap\u00edtulos de livro<\/a>, <a href='https:\/\/events.ipv.pt\/uicisa\/en\/tag\/eduardo-santos\/' title='Eduardo Santos' class='pt-cv-tax-eduardo-santos'>Eduardo Santos<\/a><\/span><\/div><\/div><\/div>\n<div class=\"col-md-12 col-sm-12 col-xs-12 pt-cv-content-item pt-cv-1-col\" ><div class='pt-cv-ifield'><div class=\"pt-cv-content\"><p>Ferreira, Manuela; Campos, S.; Santos, E.; Pereira, A. (2025).<br \/>\nEmpatia e bem-estar nos estudantes do ensino superior.<br \/>\nIn\u00a0M. Coppi, H. Oliveira, A. M. Crist\u00f3v\u00e3o, J. Bonito (Eds.), Promo\u00e7\u00e3o e educa\u00e7\u00e3o para a sa\u00fade: inova\u00e7\u00e3o para a sustentabilidade e o bem-estar (pp. 177-188).<br \/>\nPortugal: Centro de Investiga\u00e7\u00e3o em Educa\u00e7\u00e3o e Psicologia da Universidade de \u00c9vora, 2025<br \/>\nISBN 978-972-778-439-4<\/p>\n<\/div>\n<div class=\"pt-cv-meta-fields\"><span class=\"terms\"> <a href='https:\/\/events.ipv.pt\/uicisa\/en\/category\/2025\/' title='2025' class='pt-cv-tax-2025'>2025<\/a>, <a href='https:\/\/events.ipv.pt\/uicisa\/en\/tag\/andreia-pereira\/' title='Andreia Pereira' class='pt-cv-tax-andreia-pereira'>Andreia Pereira<\/a>, <a href='https:\/\/events.ipv.pt\/uicisa\/en\/category\/producao-cientifica\/capitulos-de-livro\/' title='cap\u00edtulos de livro' class='pt-cv-tax-capitulos-de-livro'>cap\u00edtulos de livro<\/a>, <a href='https:\/\/events.ipv.pt\/uicisa\/en\/tag\/eduardo-santos\/' title='Eduardo Santos' class='pt-cv-tax-eduardo-santos'>Eduardo Santos<\/a>, <a href='https:\/\/events.ipv.pt\/uicisa\/en\/tag\/manuela-ferreira\/' title='Manuela Ferreira' class='pt-cv-tax-manuela-ferreira'>Manuela Ferreira<\/a>, <a href='https:\/\/events.ipv.pt\/uicisa\/en\/tag\/sofia-campos\/' title='Sofia Campos' class='pt-cv-tax-sofia-campos'>Sofia Campos<\/a><\/span><\/div><\/div><\/div>\n<div class=\"col-md-12 col-sm-12 col-xs-12 pt-cv-content-item pt-cv-1-col\" ><div class='pt-cv-ifield'><div class=\"pt-cv-content\"><p>Amaral, O., Batista, S., Rocha, P., Fernandes, A. D. G., Costa, C. C., Cruz, M. E. A., Ferreira, F. R. M., &#038; Paiva, M. A. D. (2025).<br \/>\nDetecting and managing mental health in work settings: Implementing active breaks in healthcare settings<br \/>\nIn P. Moreira (Ed.), Public health risks: Detection, management and control (Chap. 6, 99-120).<br \/>\nNova Science Publishers, Inc.<br \/>\n<a href=\"https:\/\/doi.org\/10.52305\/IPIA6376\" target=\"_blank\">https:\/\/doi.org\/10.52305\/IPIA6376<\/a>  <\/p>\n<\/div>\n<div class=\"pt-cv-meta-fields\"><span class=\"terms\"> <a href='https:\/\/events.ipv.pt\/uicisa\/en\/category\/2025\/' title='2025' class='pt-cv-tax-2025'>2025<\/a>, <a href='https:\/\/events.ipv.pt\/uicisa\/en\/category\/producao-cientifica\/capitulos-de-livro\/' title='cap\u00edtulos de livro' class='pt-cv-tax-capitulos-de-livro'>cap\u00edtulos de livro<\/a>, <a href='https:\/\/events.ipv.pt\/uicisa\/en\/tag\/odete-amaral\/' title='Odete Amaral' class='pt-cv-tax-odete-amaral'>Odete Amaral<\/a>, <a href='https:\/\/events.ipv.pt\/uicisa\/en\/tag\/paula-rocha\/' title='Paula Rocha' class='pt-cv-tax-paula-rocha'>Paula Rocha<\/a>, <a href='https:\/\/events.ipv.pt\/uicisa\/en\/tag\/susana-batista\/' title='Susana Batista' class='pt-cv-tax-susana-batista'>Susana Batista<\/a><\/span><\/div><\/div><\/div>\n<div class=\"col-md-12 col-sm-12 col-xs-12 pt-cv-content-item pt-cv-1-col\" ><div class='pt-cv-ifield'><div class=\"pt-cv-content\"><p>Batista, S., Amaral, O., Rocha, P., Batista, A. R. A., Borrego, C. M. M., Dias, I. M. G. P., &#038; Santos, L. R. (2025).<br \/>\nWork-related musculoskeletal disorder as a public health treat: An undervalued occupational health intervention.<br \/>\nIn P. Moreira (Ed.), Public health risks: Detection, management and control (Chap. 33, pp. 40-68).<br \/>\nNova Science Publishers, Inc.<br \/>\n<a href=\"https:\/\/doi.org\/10.52305\/IPIA6376\" target=\"_blank\">https:\/\/doi.org\/10.52305\/IPIA6376<\/a>  <\/p>\n<\/div>\n<div class=\"pt-cv-meta-fields\"><span class=\"terms\"> <a href='https:\/\/events.ipv.pt\/uicisa\/en\/category\/2025\/' title='2025' class='pt-cv-tax-2025'>2025<\/a>, <a href='https:\/\/events.ipv.pt\/uicisa\/en\/category\/producao-cientifica\/capitulos-de-livro\/' title='cap\u00edtulos de livro' class='pt-cv-tax-capitulos-de-livro'>cap\u00edtulos de livro<\/a>, <a href='https:\/\/events.ipv.pt\/uicisa\/en\/tag\/odete-amaral\/' title='Odete Amaral' class='pt-cv-tax-odete-amaral'>Odete Amaral<\/a>, <a href='https:\/\/events.ipv.pt\/uicisa\/en\/tag\/paula-rocha\/' title='Paula Rocha' class='pt-cv-tax-paula-rocha'>Paula Rocha<\/a>, <a href='https:\/\/events.ipv.pt\/uicisa\/en\/tag\/susana-batista\/' title='Susana Batista' class='pt-cv-tax-susana-batista'>Susana Batista<\/a><\/span><\/div><\/div><\/div>\n<div class=\"col-md-12 col-sm-12 col-xs-12 pt-cv-content-item pt-cv-1-col\" ><div class='pt-cv-ifield'><div class=\"pt-cv-content\"><p>Guin\u00e9 RPF, Floren\u00e7a SG, Ferreira M, Campos S, Cardoso AP. (2025)<br \/>\nDeterminants of Emotional Eating: A Study Involving Different Countries.<br \/>\nIn Duncan LT. (Ed.) Advances in Health and Disease, Vol 90, Chapter 2, pp. 35-603.<br \/>\nNova Science Publishers, Inc., USA.<br \/>\n<a href=\"https:\/\/novapublishers.com\/shop\/advances-in-health-and-disease-volume-90\/\" target=\"_blank\">https:\/\/novapublishers.com\/shop\/advances-in-health-and-disease-volume-90\/<\/a><\/p>\n<\/div>\n<div class=\"pt-cv-meta-fields\"><span class=\"terms\"> <a href='https:\/\/events.ipv.pt\/uicisa\/en\/category\/2025\/' title='2025' class='pt-cv-tax-2025'>2025<\/a>, <a href='https:\/\/events.ipv.pt\/uicisa\/en\/category\/producao-cientifica\/capitulos-de-livro\/' title='cap\u00edtulos de livro' class='pt-cv-tax-capitulos-de-livro'>cap\u00edtulos de livro<\/a>, <a href='https:\/\/events.ipv.pt\/uicisa\/en\/tag\/manuela-ferreira\/' title='Manuela Ferreira' class='pt-cv-tax-manuela-ferreira'>Manuela Ferreira<\/a>, <a href='https:\/\/events.ipv.pt\/uicisa\/en\/tag\/sofia-campos\/' title='Sofia Campos' class='pt-cv-tax-sofia-campos'>Sofia Campos<\/a><\/span><\/div><\/div><\/div>\n<div class=\"col-md-12 col-sm-12 col-xs-12 pt-cv-content-item pt-cv-1-col\" ><div class='pt-cv-ifield'><div class=\"pt-cv-content\"><p>Guin\u00e9, R. P. F., Floren\u00e7a, S. G., Ferreira, M., Campos, S., &#038; Cardoso, A. P. (2025).<br \/>\nConsumer perspectives towards edible insects in a Western country.<br \/>\nIn J. A. Daniels (Ed.), Advances in environmental research (Vol. 109, Chapter 6, pp. 157\u2013173).<br \/>\nNova Science Publishers, Inc.<br \/>\n<a href=\"https:\/\/novapublishers.com\/shop\/advances-in-environmental-research-volume-109\/\" target=\"_blank\">https:\/\/novapublishers.com\/shop\/advances-in-environmental-research-volume-109\/<\/a><\/p>\n<\/div>\n<div class=\"pt-cv-meta-fields\"><span class=\"terms\"> <a href='https:\/\/events.ipv.pt\/uicisa\/en\/category\/2025\/' title='2025' class='pt-cv-tax-2025'>2025<\/a>, <a href='https:\/\/events.ipv.pt\/uicisa\/en\/category\/producao-cientifica\/capitulos-de-livro\/' title='cap\u00edtulos de livro' class='pt-cv-tax-capitulos-de-livro'>cap\u00edtulos de livro<\/a>, <a href='https:\/\/events.ipv.pt\/uicisa\/en\/tag\/manuela-ferreira\/' title='Manuela Ferreira' class='pt-cv-tax-manuela-ferreira'>Manuela Ferreira<\/a>, <a href='https:\/\/events.ipv.pt\/uicisa\/en\/tag\/sofia-campos\/' title='Sofia Campos' class='pt-cv-tax-sofia-campos'>Sofia Campos<\/a><\/span><\/div><\/div><\/div>\n<div class=\"col-md-12 col-sm-12 col-xs-12 pt-cv-content-item pt-cv-1-col\" ><div class='pt-cv-ifield'><div class=\"pt-cv-content\"><p>Batista, S., Martins, R. et al. (2025).<br \/>\nThe Profile of Patients with Pressure Ulcers in a Portuguese Hospital.<br \/>\nIn Guardado Moreira, M.J., A. Carvalho, L.S., Sim\u00f5es, \u00c2., Candeias, M.d.J., Tom\u00e1s, H.M. (eds),<br \/>\nSustainability in Aging. Lecture Notes in Bioengineering. Springer, Cham.<br \/>\n<a href=\"https:\/\/doi.org\/10.1007\/978-3-031-77282-5_39\" target=\"_blank\">https:\/\/doi.org\/10.1007\/978-3-031-77282-5_39<\/a><\/p>\n<\/div>\n<div class=\"pt-cv-meta-fields\"><span class=\"terms\"> <a href='https:\/\/events.ipv.pt\/uicisa\/en\/category\/2025\/' title='2025' class='pt-cv-tax-2025'>2025<\/a>, <a href='https:\/\/events.ipv.pt\/uicisa\/en\/tag\/ana-andrade\/' title='Ana Andrade' class='pt-cv-tax-ana-andrade'>Ana Andrade<\/a>, <a href='https:\/\/events.ipv.pt\/uicisa\/en\/category\/producao-cientifica\/capitulos-de-livro\/' title='cap\u00edtulos de livro' class='pt-cv-tax-capitulos-de-livro'>cap\u00edtulos de livro<\/a>, <a href='https:\/\/events.ipv.pt\/uicisa\/en\/tag\/carlos-albuquerque\/' title='Carlos Albuquerque' class='pt-cv-tax-carlos-albuquerque'>Carlos Albuquerque<\/a>, <a href='https:\/\/events.ipv.pt\/uicisa\/en\/tag\/rosa-martins\/' title='Rosa Martins' class='pt-cv-tax-rosa-martins'>Rosa Martins<\/a>, <a href='https:\/\/events.ipv.pt\/uicisa\/en\/tag\/susana-batista\/' title='Susana Batista' class='pt-cv-tax-susana-batista'>Susana Batista<\/a><\/span><\/div><\/div><\/div>\n<div class=\"col-md-12 col-sm-12 col-xs-12 pt-cv-content-item pt-cv-1-col\" ><div class='pt-cv-ifield'><div class=\"pt-cv-content\"><p>Rocha, P., Baixinho, C., Marques, A., &#038; Henriques, M. A. (2025).<br \/>\nThe older person with hip fracture on returning home: Quantitative study protocol.<br \/>\nIn M. J. G. Moreira, L. S. A. Carvalho, \u00c2. Sim\u00f5es, M. J. Candeias, &#038; H. M. Tom\u00e1s (Eds.),<br \/>\nSustainability in aging: Challenges and opportunities for an integrated society (pp. 535\u2013544).<br \/>\nSpringer Nature. (SCOPUS)<\/p>\n<\/div>\n<div class=\"pt-cv-meta-fields\"><span class=\"terms\"> <a href='https:\/\/events.ipv.pt\/uicisa\/en\/category\/2025\/' title='2025' class='pt-cv-tax-2025'>2025<\/a>, <a href='https:\/\/events.ipv.pt\/uicisa\/en\/category\/producao-cientifica\/capitulos-de-livro\/' title='cap\u00edtulos de livro' class='pt-cv-tax-capitulos-de-livro'>cap\u00edtulos de livro<\/a>, <a href='https:\/\/events.ipv.pt\/uicisa\/en\/tag\/paula-rocha\/' title='Paula Rocha' class='pt-cv-tax-paula-rocha'>Paula Rocha<\/a><\/span><\/div><\/div><\/div>\n<div class=\"col-md-12 col-sm-12 col-xs-12 pt-cv-content-item pt-cv-1-col\" ><div class='pt-cv-ifield'><div class=\"pt-cv-content\"><p>Andrade, A., Albuquerque, C., Batista, S., &#038; Rocha, P. (2025).<br \/>\nEmotional intelligence in elderly at senior universities.<br \/>\nIn M. J. G. Moreira, L. S. A. Carvalho, \u00c2. Sim\u00f5es, M. J. Candeias, &#038; H. M. Tom\u00e1s (Eds.),<br \/>\nSustainability in aging: Challenges and opportunities for an integrated society (pp. 296\u2013306).<br \/>\nSpringer Nature.<br \/>\n<a href=\"https:\/\/link.springer.com\/chapter\/10.1007\/978-3-031-77282-5_17\" target=\"_blank\">https:\/\/link.springer.com\/chapter\/10.1007\/978-3-031-77282-5_17<\/a><\/p>\n<\/div>\n<div class=\"pt-cv-meta-fields\"><span class=\"terms\"> <a href='https:\/\/events.ipv.pt\/uicisa\/en\/category\/2025\/' title='2025' class='pt-cv-tax-2025'>2025<\/a>, <a href='https:\/\/events.ipv.pt\/uicisa\/en\/tag\/ana-andrade\/' title='Ana Andrade' class='pt-cv-tax-ana-andrade'>Ana Andrade<\/a>, <a href='https:\/\/events.ipv.pt\/uicisa\/en\/category\/producao-cientifica\/capitulos-de-livro\/' title='cap\u00edtulos de livro' class='pt-cv-tax-capitulos-de-livro'>cap\u00edtulos de livro<\/a>, <a href='https:\/\/events.ipv.pt\/uicisa\/en\/tag\/carlos-albuquerque\/' title='Carlos Albuquerque' class='pt-cv-tax-carlos-albuquerque'>Carlos Albuquerque<\/a>, <a href='https:\/\/events.ipv.pt\/uicisa\/en\/tag\/susana-batista\/' title='Susana Batista' class='pt-cv-tax-susana-batista'>Susana Batista<\/a><\/span><\/div><\/div><\/div><\/div><\/div><\/div>\n<\/div>\n<div id=\"clv_2024\" class=\"contentEquipa bgBranco esp50\" data-group=\"grupo102\">\n<div class=\"pt-cv-wrapper\"><div class=\"pt-cv-view pt-cv-grid pt-cv-colsys\" id=\"pt-cv-view-51a07e8a5k\"><div data-id=\"pt-cv-page-1\" class=\"pt-cv-page\" data-cvc=\"1\"><div class=\"col-md-12 col-sm-12 col-xs-12 pt-cv-content-item pt-cv-1-col\" ><div class='pt-cv-ifield'><div class=\"pt-cv-content\"><p>Correia, T. S. P., Martins, M. M. F. P. S., Barroso, F. M., &#038; Valentim, O. M. S. (2024).<br \/>\nA fam\u00edlia e a seguran\u00e7a do doente hospitalizado: Refer\u00eancias conceptuais.<br \/>\nIn D. L. V. Cruz, C. C. Tom\u00e1s, C. I. C. F. Firmino, C. M. R. Jeremias, F. L. F. R. G. S\u00e1, J. R. G. da V. Rodrigues, J. M. T. Fal\u00e9, L. S. M. Moutinho, M. do C. C. M. Pires, O. M. S. Valentim, S. P. T. S. Alves, &#038; T. S. P. Correia (Eds.),<br \/>\n<em>Integra\u00e7\u00e3o de cuidados de sa\u00fade em diversos contextos: Unindo a evid\u00eancia \u00e0 pr\u00e1tica<\/em> (Vol. 1, pp. 36\u201347).<br \/>\nOmnis Scientia.<br \/>\n<a href=\"https:\/\/doi.org\/10.47094\/978-65-6036-301-4\/36-47\" target=\"_blank\">https:\/\/doi.org\/10.47094\/978-65-6036-301-4\/36-47<\/a><\/p>\n<\/div>\n<div class=\"pt-cv-meta-fields\"><span class=\"terms\"> <a href='https:\/\/events.ipv.pt\/uicisa\/en\/category\/2024\/' title='2024' class='pt-cv-tax-2024'>2024<\/a>, <a href='https:\/\/events.ipv.pt\/uicisa\/en\/category\/producao-cientifica\/capitulos-de-livro\/' title='cap\u00edtulos de livro' class='pt-cv-tax-capitulos-de-livro'>cap\u00edtulos de livro<\/a>, <a href='https:\/\/events.ipv.pt\/uicisa\/en\/tag\/tania-correia\/' title='T\u00e2nia Correia' class='pt-cv-tax-tania-correia'>T\u00e2nia Correia<\/a><\/span><\/div><\/div><\/div>\n<div class=\"col-md-12 col-sm-12 col-xs-12 pt-cv-content-item pt-cv-1-col\" ><div class='pt-cv-ifield'><div class=\"pt-cv-content\"><p>Valentim, O. M. S., Moutinho, L. S. M., Seabra, P. R. C., Firmino, C. I. C. F., Figueiredo, P. R. C., Sousa, C. M. M., &#038; Correia, T. S. P. (2024).<br \/>\nQualidade de vida em pessoas com perturba\u00e7\u00e3o do uso de \u00e1lcool: Explorando abordagens de interven\u00e7\u00e3o.<br \/>\nIn D. L. V. Cruz, C. C. Tom\u00e1s, C. I. C. F. Firmino, C. M. R. Jeremias, F. L. F. R. G. S\u00e1, J. R. G. da V. Rodrigues, J. M. T. Fal\u00e9, L. S. M. Moutinho, M. do C. C. M. Pires, O. M. S. Valentim, S. P. T. S. Alves, &#038; T. S. P. Correia (Eds.),<br \/>\n<em>Integra\u00e7\u00e3o de cuidados de sa\u00fade em diversos contextos: Unindo a evid\u00eancia \u00e0 pr\u00e1tica<\/em> (Vol. 1, pp. 23\u201335).<br \/>\nOmnis Scientia.<br \/>\n<a href=\"https:\/\/doi.org\/10.47094\/978-65-6036-301-4\/23-35\" target=\"_blank\">https:\/\/doi.org\/10.47094\/978-65-6036-301-4\/23-35<\/a><\/p>\n<\/div>\n<div class=\"pt-cv-meta-fields\"><span class=\"terms\"> <a href='https:\/\/events.ipv.pt\/uicisa\/en\/category\/2024\/' title='2024' class='pt-cv-tax-2024'>2024<\/a>, <a href='https:\/\/events.ipv.pt\/uicisa\/en\/category\/producao-cientifica\/capitulos-de-livro\/' title='cap\u00edtulos de livro' class='pt-cv-tax-capitulos-de-livro'>cap\u00edtulos de livro<\/a>, <a href='https:\/\/events.ipv.pt\/uicisa\/en\/tag\/tania-correia\/' title='T\u00e2nia Correia' class='pt-cv-tax-tania-correia'>T\u00e2nia Correia<\/a><\/span><\/div><\/div><\/div>\n<div class=\"col-md-12 col-sm-12 col-xs-12 pt-cv-content-item pt-cv-1-col\" ><div class='pt-cv-ifield'><div class=\"pt-cv-content\"><p>Correia, T. S. P., Martins, M. M. F. P. S., &#038; Valentim, O. M. S. (2024).<br \/>\nProcessos de gest\u00e3o de enfermagem no hospital: Qualidade e seguran\u00e7a dos cuidados.<br \/>\nIn D. L. V. Cruz (Ed.), <em>Perspectivas multidisciplinares em sa\u00fade: Pr\u00e1ticas integrativas entre Brasil e Portugal<\/em> (Vol. 1, pp. 75\u201385).<br \/>\nOmnis Scientia.<br \/>\n<a href=\"https:\/\/doi.org\/10.47094\/978-65-6036-580-3\/75-85\" target=\"_blank\">https:\/\/doi.org\/10.47094\/978-65-6036-580-3\/75-85<\/a><\/p>\n<\/div>\n<div class=\"pt-cv-meta-fields\"><span class=\"terms\"> <a href='https:\/\/events.ipv.pt\/uicisa\/en\/category\/2024\/' title='2024' class='pt-cv-tax-2024'>2024<\/a>, <a href='https:\/\/events.ipv.pt\/uicisa\/en\/category\/producao-cientifica\/capitulos-de-livro\/' title='cap\u00edtulos de livro' class='pt-cv-tax-capitulos-de-livro'>cap\u00edtulos de livro<\/a>, <a href='https:\/\/events.ipv.pt\/uicisa\/en\/tag\/tania-correia\/' title='T\u00e2nia Correia' class='pt-cv-tax-tania-correia'>T\u00e2nia Correia<\/a><\/span><\/div><\/div><\/div>\n<div class=\"col-md-12 col-sm-12 col-xs-12 pt-cv-content-item pt-cv-1-col\" ><div class='pt-cv-ifield'><div class=\"pt-cv-content\"><p>Valentim, O. M. S., Correia, T. S. P., Sousa, C. M. M., Rodrigues, J. R. G. da V., Longo, J. J. R., Firmino, C. I. C. F., &#038; Moutinho, L. S. M. (2024).<br \/>\nDesconstruindo estigmas: Promovendo conhecimento e atitudes positivas sobre sa\u00fade mental entre estudantes do ensino superior.<br \/>\nIn D. L. V. Cruz (Ed.), <em>Perspectivas multidisciplinares em sa\u00fade: Pr\u00e1ticas integrativas entre Brasil e Portugal<\/em> (Vol. 1, pp. 26\u201337).<br \/>\nOmnis Scientia.<br \/>\n<a href=\"https:\/\/doi.org\/10.47094\/978-65-6036-580-3\/26-37\" target=\"_blank\">https:\/\/doi.org\/10.47094\/978-65-6036-580-3\/26-37<\/a><\/p>\n<\/div>\n<div class=\"pt-cv-meta-fields\"><span class=\"terms\"> <a href='https:\/\/events.ipv.pt\/uicisa\/en\/category\/2024\/' title='2024' class='pt-cv-tax-2024'>2024<\/a>, <a href='https:\/\/events.ipv.pt\/uicisa\/en\/category\/producao-cientifica\/capitulos-de-livro\/' title='cap\u00edtulos de livro' class='pt-cv-tax-capitulos-de-livro'>cap\u00edtulos de livro<\/a>, <a href='https:\/\/events.ipv.pt\/uicisa\/en\/tag\/tania-correia\/' title='T\u00e2nia Correia' class='pt-cv-tax-tania-correia'>T\u00e2nia Correia<\/a><\/span><\/div><\/div><\/div>\n<div class=\"col-md-12 col-sm-12 col-xs-12 pt-cv-content-item pt-cv-1-col\" ><div class='pt-cv-ifield'><div class=\"pt-cv-content\"><p>Valente, A. C., Marinho, C., Conde\u00e7o, L., &#038; Bica, I. (2024).<br \/>\nAutoperce\u00e7\u00e3o dos pais sobre o exerc\u00edcio da parentalidade em crian\u00e7as at\u00e9 aos 3 anos.<br \/>\nIn Hern\u00e1ndez, A., Carre\u00f1o, J., Arboleda, M., Contreras, I., &#038; Rivera, L. (Coords.), <em>Educar para la felicidad<\/em> (pp. 2218-2225).<br \/>\nEditorial Dykinson.<br \/>\n<a href=\"https:\/\/www.dykinson.com\/libros\/educar-para-la-felicidad\/9788410707856\/\" target=\"_blank\">https:\/\/www.dykinson.com\/libros\/educar-para-la-felicidad\/9788410707856\/<\/a><\/p>\n<\/div>\n<div class=\"pt-cv-meta-fields\"><span class=\"terms\"> <a href='https:\/\/events.ipv.pt\/uicisa\/en\/category\/2024\/' title='2024' class='pt-cv-tax-2024'>2024<\/a>, <a href='https:\/\/events.ipv.pt\/uicisa\/en\/category\/producao-cientifica\/capitulos-de-livro\/' title='cap\u00edtulos de livro' class='pt-cv-tax-capitulos-de-livro'>cap\u00edtulos de livro<\/a>, <a href='https:\/\/events.ipv.pt\/uicisa\/en\/tag\/isabel-bica\/' title='Isabel Bica' class='pt-cv-tax-isabel-bica'>Isabel Bica<\/a>, <a href='https:\/\/events.ipv.pt\/uicisa\/en\/tag\/luis-condeco\/' title='Lu\u00eds Conde\u00e7o' class='pt-cv-tax-luis-condeco'>Lu\u00eds Conde\u00e7o<\/a><\/span><\/div><\/div><\/div>\n<div class=\"col-md-12 col-sm-12 col-xs-12 pt-cv-content-item pt-cv-1-col\" ><div class='pt-cv-ifield'><div class=\"pt-cv-content\"><p>Guin\u00e9, R., Bruno, I., Ferreira, M., Floren\u00e7a, S. (2024).<br \/>\nBiological and antioxidant activities of Physalis peruviana.<br \/>\nIn Ramadan MF (Ed.), <em>Handbook of Goldenberry (Physalis peruviana): Cultivation, Processing, Chemistry and Functionality<\/em>. (Chap. 23, pp. 239-253).<br \/>\nAcademic Press-Elsevier, London, United Kingdom.<br \/>\n<a href=\"https:\/\/doi.org\/10.1016\/B978-0-443-15433-1.00027-3\" target=\"_blank\">https:\/\/doi.org\/10.1016\/B978-0-443-15433-1.00027-3<\/a><\/p>\n<\/div>\n<div class=\"pt-cv-meta-fields\"><span class=\"terms\"> <a href='https:\/\/events.ipv.pt\/uicisa\/en\/category\/2024\/' title='2024' class='pt-cv-tax-2024'>2024<\/a>, <a href='https:\/\/events.ipv.pt\/uicisa\/en\/category\/producao-cientifica\/capitulos-de-livro\/' title='cap\u00edtulos de livro' class='pt-cv-tax-capitulos-de-livro'>cap\u00edtulos de livro<\/a>, <a href='https:\/\/events.ipv.pt\/uicisa\/en\/tag\/manuela-ferreira\/' title='Manuela Ferreira' class='pt-cv-tax-manuela-ferreira'>Manuela Ferreira<\/a><\/span><\/div><\/div><\/div><\/div><\/div><\/div>\n<\/div>\n<div id=\"clv_2023\" class=\"contentEquipa bgBranco esp50\" data-group=\"grupo102\">\n<div class=\"pt-cv-wrapper\"><div class=\"pt-cv-view pt-cv-grid pt-cv-colsys\" id=\"pt-cv-view-7900432ht9\"><div data-id=\"pt-cv-page-1\" class=\"pt-cv-page\" data-cvc=\"1\"><div class=\"col-md-12 col-sm-12 col-xs-12 pt-cv-content-item pt-cv-1-col\" ><div class='pt-cv-ifield'><div class=\"pt-cv-content\"><p>Apar\u00edcio, G., &#038; Matos, E. (2023).<br \/>\nCuidados em sa\u00fade infantil e pedi\u00e1trica.<br \/>\nIn M. Ferreira, I. Figueiredo, J. Andrade, &#038; V. Martins (Coords.),\u00a0<br \/>\nO calivrinho da vida: Manual de apoio pedag\u00f3gico em sa\u00fade materna e infantil\u00a0(1\u00aa ed., Cap. 11. pp. 387-442).<br \/>\nEdi\u00e7\u00f5es Esgotadas.<\/p>\n<\/div>\n<div class=\"pt-cv-meta-fields\"><span class=\"terms\"> <a href='https:\/\/events.ipv.pt\/uicisa\/en\/category\/2023\/' title='2023' class='pt-cv-tax-2023'>2023<\/a>, <a href='https:\/\/events.ipv.pt\/uicisa\/en\/category\/producao-cientifica\/capitulos-de-livro\/' title='cap\u00edtulos de livro' class='pt-cv-tax-capitulos-de-livro'>cap\u00edtulos de livro<\/a>, <a href='https:\/\/events.ipv.pt\/uicisa\/en\/category\/integrado\/graca-aparicio\/' title='Gra\u00e7a Apar\u00edcio' class='pt-cv-tax-graca-aparicio'>Gra\u00e7a Apar\u00edcio<\/a>, <a href='https:\/\/events.ipv.pt\/uicisa\/en\/tag\/graca-aparicio\/' title='Gra\u00e7a Apar\u00edcio' class='pt-cv-tax-graca-aparicio'>Gra\u00e7a Apar\u00edcio<\/a><\/span><\/div><\/div><\/div>\n<div class=\"col-md-12 col-sm-12 col-xs-12 pt-cv-content-item pt-cv-1-col\" ><div class='pt-cv-ifield'><div class=\"pt-cv-content\"><p>Apar\u00edcio, G., &#038; Nelas, P. (2023).<br \/>\nAmamenta\u00e7\u00e3o e alimenta\u00e7\u00e3o no 1\u00ba ano de vida.<br \/>\nIn M. Ferreira, I. Figueiredo, J. Andrade, &#038; V. Martins (Coords.),<br \/>\nO calivrinho da vida: Manual de apoio pedag\u00f3gico em sa\u00fade materna e infantil\u00a0(1\u00aa ed., Cap. 10. pp. 357-384).<br \/>\nEdi\u00e7\u00f5es Esgotadas.<\/p>\n<\/div>\n<div class=\"pt-cv-meta-fields\"><span class=\"terms\"> <a href='https:\/\/events.ipv.pt\/uicisa\/en\/category\/2023\/' title='2023' class='pt-cv-tax-2023'>2023<\/a>, <a href='https:\/\/events.ipv.pt\/uicisa\/en\/category\/producao-cientifica\/capitulos-de-livro\/' title='cap\u00edtulos de livro' class='pt-cv-tax-capitulos-de-livro'>cap\u00edtulos de livro<\/a>, <a href='https:\/\/events.ipv.pt\/uicisa\/en\/tag\/graca-aparicio\/' title='Gra\u00e7a Apar\u00edcio' class='pt-cv-tax-graca-aparicio'>Gra\u00e7a Apar\u00edcio<\/a>, <a href='https:\/\/events.ipv.pt\/uicisa\/en\/tag\/paula-nelas\/' title='Paula Nelas' class='pt-cv-tax-paula-nelas'>Paula Nelas<\/a><\/span><\/div><\/div><\/div>\n<div class=\"col-md-12 col-sm-12 col-xs-12 pt-cv-content-item pt-cv-1-col\" ><div class='pt-cv-ifield'><div class=\"pt-cv-content\"><p>Campos, S., &#038; Nelas, P. (2023). Per\u00edodo puerperal. In M. Ferreira, I. Figueiredo, J. Andrade, &#038; V. Martins (Coords.),\u00a0<br \/>\nO calivrinho da vida: Manual de apoio pedag\u00f3gico em sa\u00fade materna e infantil\u00a0(1\u00aa ed., Cap. 8. pp. 297-310).<br \/>\nEdi\u00e7\u00f5es Esgotadas.<\/p>\n<\/div>\n<div class=\"pt-cv-meta-fields\"><span class=\"terms\"> <a href='https:\/\/events.ipv.pt\/uicisa\/en\/category\/2023\/' title='2023' class='pt-cv-tax-2023'>2023<\/a>, <a href='https:\/\/events.ipv.pt\/uicisa\/en\/category\/producao-cientifica\/capitulos-de-livro\/' title='cap\u00edtulos de livro' class='pt-cv-tax-capitulos-de-livro'>cap\u00edtulos de livro<\/a>, <a href='https:\/\/events.ipv.pt\/uicisa\/en\/tag\/paula-nelas\/' title='Paula Nelas' class='pt-cv-tax-paula-nelas'>Paula Nelas<\/a>, <a href='https:\/\/events.ipv.pt\/uicisa\/en\/tag\/sofia-campos\/' title='Sofia Campos' class='pt-cv-tax-sofia-campos'>Sofia Campos<\/a><\/span><\/div><\/div><\/div>\n<div class=\"col-md-12 col-sm-12 col-xs-12 pt-cv-content-item pt-cv-1-col\" ><div class='pt-cv-ifield'><div class=\"pt-cv-content\"><p>Ferreira, M., &#038; Bento, M. (2023).<br \/>\nParto eut\u00f3cico.<br \/>\nIn M. Ferreira, I. Figueiredo, J. Andrade, &#038; V. Martins (Coords.),\u00a0<br \/>\nO calivrinho da vida: Manual de apoio pedag\u00f3gico em sa\u00fade materna e infantil\u00a0(1\u00aa ed., Cap. 6. pp. 223-266).<br \/>\nEdi\u00e7\u00f5es Esgotadas.<\/p>\n<\/div>\n<div class=\"pt-cv-meta-fields\"><span class=\"terms\"> <a href='https:\/\/events.ipv.pt\/uicisa\/en\/category\/2023\/' title='2023' class='pt-cv-tax-2023'>2023<\/a>, <a href='https:\/\/events.ipv.pt\/uicisa\/en\/category\/producao-cientifica\/capitulos-de-livro\/' title='cap\u00edtulos de livro' class='pt-cv-tax-capitulos-de-livro'>cap\u00edtulos de livro<\/a>, <a href='https:\/\/events.ipv.pt\/uicisa\/en\/tag\/manuela-ferreira\/' title='Manuela Ferreira' class='pt-cv-tax-manuela-ferreira'>Manuela Ferreira<\/a><\/span><\/div><\/div><\/div>\n<div class=\"col-md-12 col-sm-12 col-xs-12 pt-cv-content-item pt-cv-1-col\" ><div class='pt-cv-ifield'><div class=\"pt-cv-content\"><p>Ferreira, M., Bento, M., Nelas, P. &#038; Aidos, J. (2023).<br \/>\nComplica\u00e7\u00f5es obst\u00e9tricas. In M. Ferreira, I. Figueiredo, J. Andrade, &#038; V. Martins (Coords.),\u00a0<br \/>\nO calivrinho da vida: Manual de apoio pedag\u00f3gico em sa\u00fade materna e infantil\u00a0(1\u00aa ed., Cap. 5. pp. 173-220).<br \/>\nEdi\u00e7\u00f5es Esgotadas.<\/p>\n<\/div>\n<div class=\"pt-cv-meta-fields\"><span class=\"terms\"> <a href='https:\/\/events.ipv.pt\/uicisa\/en\/category\/2023\/' title='2023' class='pt-cv-tax-2023'>2023<\/a>, <a href='https:\/\/events.ipv.pt\/uicisa\/en\/category\/producao-cientifica\/capitulos-de-livro\/' title='cap\u00edtulos de livro' class='pt-cv-tax-capitulos-de-livro'>cap\u00edtulos de livro<\/a>, <a href='https:\/\/events.ipv.pt\/uicisa\/en\/tag\/manuela-ferreira\/' title='Manuela Ferreira' class='pt-cv-tax-manuela-ferreira'>Manuela Ferreira<\/a>, <a href='https:\/\/events.ipv.pt\/uicisa\/en\/tag\/paula-nelas\/' title='Paula Nelas' class='pt-cv-tax-paula-nelas'>Paula Nelas<\/a><\/span><\/div><\/div><\/div>\n<div class=\"col-md-12 col-sm-12 col-xs-12 pt-cv-content-item pt-cv-1-col\" ><div class='pt-cv-ifield'><div class=\"pt-cv-content\"><p>Tom\u00e9, C. I .F., Marques, A. A., Santos, E. J. F., &#038; Amendoeira, J. (2023).<br \/>\nPresen\u00e7a dos pais na indu\u00e7\u00e3o anest\u00e9sica em crian\u00e7as submetidas a cirurgia de urg\u00eancia: um protocolo de revis\u00e3o de efetividade.<br \/>\nIn Pr\u00e1tica Baseada em Evid\u00eancia: Experi\u00eancia dos cursos conducentes a microcredenciais do IPSantar\u00e9m-ESSS (pp. 43-50).<br \/>\nSantar\u00e9m, Portugal: Instituto Polit\u00e9cnico de Santar\u00e9m. ISBN: 978-989-35287-2-3.<br \/>\n<a href=\"http:\/\/hdl.handle.net\/10400.15\/4571\" rel=\"noopener\" target=\"_blank\">http:\/\/hdl.handle.net\/10400.15\/4571<\/a><\/p>\n<\/div>\n<div class=\"pt-cv-meta-fields\"><span class=\"terms\"> <a href='https:\/\/events.ipv.pt\/uicisa\/en\/category\/2023\/' title='2023' class='pt-cv-tax-2023'>2023<\/a>, <a href='https:\/\/events.ipv.pt\/uicisa\/en\/category\/producao-cientifica\/capitulos-de-livro\/' title='cap\u00edtulos de livro' class='pt-cv-tax-capitulos-de-livro'>cap\u00edtulos de livro<\/a>, <a href='https:\/\/events.ipv.pt\/uicisa\/en\/tag\/eduardo-santos\/' title='Eduardo Santos' class='pt-cv-tax-eduardo-santos'>Eduardo Santos<\/a><\/span><\/div><\/div><\/div>\n<div class=\"col-md-12 col-sm-12 col-xs-12 pt-cv-content-item pt-cv-1-col\" ><div class='pt-cv-ifield'><div class=\"pt-cv-content\"><p>Tavares, A. J. N., Marques, A. A., Santos, E. J. F., &#038; Amendoeira, J. (2023).<br \/>\nModelo de seguimento do adulto na gest\u00e3o da s\u00edndrome p\u00f3s internamento em cuidados intensivos: um protocolo de revis\u00e3o de efetividade.<br \/>\nIn Pr\u00e1tica Baseada em Evid\u00eancia: Experi\u00eancia dos cursos conducentes a microcredenciais do IPSantar\u00e9m-ESSS (pp. 27-34).<br \/>\nSantar\u00e9m, Portugal: Instituto Polit\u00e9cnico de Santar\u00e9m. ISBN: 978-989-35287-2-3.<br \/>\n<a href=\"http:\/\/hdl.handle.net\/10400.15\/4571\" rel=\"noopener\" target=\"_blank\">http:\/\/hdl.handle.net\/10400.15\/4571<\/a><\/p>\n<\/div>\n<div class=\"pt-cv-meta-fields\"><span class=\"terms\"> <a href='https:\/\/events.ipv.pt\/uicisa\/en\/category\/2023\/' title='2023' class='pt-cv-tax-2023'>2023<\/a>, <a href='https:\/\/events.ipv.pt\/uicisa\/en\/category\/producao-cientifica\/capitulos-de-livro\/' title='cap\u00edtulos de livro' class='pt-cv-tax-capitulos-de-livro'>cap\u00edtulos de livro<\/a>, <a href='https:\/\/events.ipv.pt\/uicisa\/en\/tag\/eduardo-santos\/' title='Eduardo Santos' class='pt-cv-tax-eduardo-santos'>Eduardo Santos<\/a><\/span><\/div><\/div><\/div>\n<div class=\"col-md-12 col-sm-12 col-xs-12 pt-cv-content-item pt-cv-1-col\" ><div class='pt-cv-ifield'><div class=\"pt-cv-content\"><p>Souto, R. D. B., Marques, A. A., Santos, E. J. F., &#038; Amendoeira, J. (2023).<br \/>\nInterven\u00e7\u00f5es de enfermagem \u00e0 pessoa com doen\u00e7a reum\u00e1tica submetida a infiltra\u00e7\u00e3o intra-articular: um protocolo de revis\u00e3o scoping.<br \/>\nIn Pr\u00e1tica Baseada em Evid\u00eancia: Experi\u00eancia dos cursos conducentes a microcredenciais do IPSantar\u00e9m-ESSS (pp. 141-147).<br \/>\nSantar\u00e9m, Portugal: Instituto Polit\u00e9cnico de Santar\u00e9m. ISBN: 978-989-35287-2-3.<br \/>\n<a href=\"http:\/\/hdl.handle.net\/10400.15\/4571\" rel=\"noopener\" target=\"_blank\">http:\/\/hdl.handle.net\/10400.15\/4571<\/a><\/p>\n<\/div>\n<div class=\"pt-cv-meta-fields\"><span class=\"terms\"> <a href='https:\/\/events.ipv.pt\/uicisa\/en\/category\/2023\/' title='2023' class='pt-cv-tax-2023'>2023<\/a>, <a href='https:\/\/events.ipv.pt\/uicisa\/en\/category\/producao-cientifica\/capitulos-de-livro\/' title='cap\u00edtulos de livro' class='pt-cv-tax-capitulos-de-livro'>cap\u00edtulos de livro<\/a>, <a href='https:\/\/events.ipv.pt\/uicisa\/en\/tag\/eduardo-santos\/' title='Eduardo Santos' class='pt-cv-tax-eduardo-santos'>Eduardo Santos<\/a><\/span><\/div><\/div><\/div>\n<div class=\"col-md-12 col-sm-12 col-xs-12 pt-cv-content-item pt-cv-1-col\" ><div class='pt-cv-ifield'><div class=\"pt-cv-content\"><p>Soares-Lopes. M. M. O. V., Marques, A. A., Santos, E. J. F., &#038; Amendoeira, J. (2023).<br \/>\nEstrat\u00e9gias de ades\u00e3o \u00e0 higiene das m\u00e3os dos profissionais de sa\u00fade em contexto de internamento hospitalar: um protocolo de revis\u00e3o scoping.<br \/>\nIn Pr\u00e1tica Baseada em Evid\u00eancia: Experi\u00eancia dos cursos conducentes a microcredenciais do IPSantar\u00e9m-ESSS (pp. 125-133).<br \/>\nSantar\u00e9m, Portugal: Instituto Polit\u00e9cnico de Santar\u00e9m. ISBN: 978-989-35287-2-3.<br \/>\n<a href=\"http:\/\/hdl.handle.net\/10400.15\/4571\" target=\"_blank\">http:\/\/hdl.handle.net\/10400.15\/4571<\/a><\/p>\n<\/div>\n<div class=\"pt-cv-meta-fields\"><span class=\"terms\"> <a href='https:\/\/events.ipv.pt\/uicisa\/en\/category\/2023\/' title='2023' class='pt-cv-tax-2023'>2023<\/a>, <a href='https:\/\/events.ipv.pt\/uicisa\/en\/category\/producao-cientifica\/capitulos-de-livro\/' title='cap\u00edtulos de livro' class='pt-cv-tax-capitulos-de-livro'>cap\u00edtulos de livro<\/a>, <a href='https:\/\/events.ipv.pt\/uicisa\/en\/tag\/eduardo-santos\/' title='Eduardo Santos' class='pt-cv-tax-eduardo-santos'>Eduardo Santos<\/a><\/span><\/div><\/div><\/div>\n<div class=\"col-md-12 col-sm-12 col-xs-12 pt-cv-content-item pt-cv-1-col\" ><div class='pt-cv-ifield'><div class=\"pt-cv-content\"><p>Silva, J., Melo, R., Oliveira, I., Ribeiro, O. (2023).<br \/>\nPlaneamento, avalia\u00e7\u00e3o e continuidade de cuidados.<br \/>\nIn Ribeiro, O. (Coord) Ambientes de Pr\u00e1tica de Enfermagem Positivos (pp. 146-152).<br \/>\nPortugal: Lidel. ISBN: 978-989-752-879-8<\/p>\n<\/div>\n<div class=\"pt-cv-meta-fields\"><span class=\"terms\"> <a href='https:\/\/events.ipv.pt\/uicisa\/en\/category\/2023\/' title='2023' class='pt-cv-tax-2023'>2023<\/a>, <a href='https:\/\/events.ipv.pt\/uicisa\/en\/category\/producao-cientifica\/capitulos-de-livro\/' title='cap\u00edtulos de livro' class='pt-cv-tax-capitulos-de-livro'>cap\u00edtulos de livro<\/a>, <a href='https:\/\/events.ipv.pt\/uicisa\/en\/tag\/ricardo-melo\/' title='Ricardo Melo' class='pt-cv-tax-ricardo-melo'>Ricardo Melo<\/a><\/span><\/div><\/div><\/div>\n<div class=\"col-md-12 col-sm-12 col-xs-12 pt-cv-content-item pt-cv-1-col\" ><div class='pt-cv-ifield'><div class=\"pt-cv-content\"><p>Severina, A. I. C., Marques, A. A., Santos, E. J. F., &#038; Amendoeira, J. (2023).<br \/>\nInterven\u00e7\u00f5es de enfermagem na capacita\u00e7\u00e3o funcional da pessoa com esclerose m\u00faltipla: um protocolo de revis\u00e3o scoping.<br \/>\nIn Pr\u00e1tica Baseada em Evid\u00eancia: Experi\u00eancia dos cursos conducentes a microcredenciais do IPSantar\u00e9m-ESSS (pp. 21-25).<br \/>\nSantar\u00e9m, Portugal: Instituto Polit\u00e9cnico de Santar\u00e9m. ISBN: 978-989-35287-2-3.<br \/>\n<a href=\"http:\/\/hdl.handle.net\/10400.15\/4571\" rel=\"noopener\" target=\"_blank\">http:\/\/hdl.handle.net\/10400.15\/4571<\/a><\/p>\n<\/div>\n<div class=\"pt-cv-meta-fields\"><span class=\"terms\"> <a href='https:\/\/events.ipv.pt\/uicisa\/en\/category\/2023\/' title='2023' class='pt-cv-tax-2023'>2023<\/a>, <a href='https:\/\/events.ipv.pt\/uicisa\/en\/category\/producao-cientifica\/capitulos-de-livro\/' title='cap\u00edtulos de livro' class='pt-cv-tax-capitulos-de-livro'>cap\u00edtulos de livro<\/a>, <a href='https:\/\/events.ipv.pt\/uicisa\/en\/tag\/eduardo-santos\/' title='Eduardo Santos' class='pt-cv-tax-eduardo-santos'>Eduardo Santos<\/a><\/span><\/div><\/div><\/div>\n<div class=\"col-md-12 col-sm-12 col-xs-12 pt-cv-content-item pt-cv-1-col\" ><div class='pt-cv-ifield'><div class=\"pt-cv-content\"><p>Rosa, M. M. G., Marques, A. A., Santos, E. J. F., &#038; Amendoeira, J. (2023).<br \/>\nQualidade de vida das pessoas idosas que residem em contexto comunit\u00e1rio, com apoio de servi\u00e7o domicili\u00e1rio: um protocolo de revis\u00e3o scoping.<br \/>\nIn Pr\u00e1tica Baseada em Evid\u00eancia: Experi\u00eancia dos cursos conducentes a microcredenciais do IPSantar\u00e9m-ESSS (pp. 135-140).<br \/>\nSantar\u00e9m, Portugal: Instituto Polit\u00e9cnico de Santar\u00e9m. ISBN: 978-989-35287-2-3.<br \/>\n<a href=\"http:\/\/hdl.handle.net\/10400.15\/4571\" rel=\"noopener\" target=\"_blank\">http:\/\/hdl.handle.net\/10400.15\/4571<\/a><\/p>\n<\/div>\n<div class=\"pt-cv-meta-fields\"><span class=\"terms\"> <a href='https:\/\/events.ipv.pt\/uicisa\/en\/category\/2023\/' title='2023' class='pt-cv-tax-2023'>2023<\/a>, <a href='https:\/\/events.ipv.pt\/uicisa\/en\/category\/producao-cientifica\/capitulos-de-livro\/' title='cap\u00edtulos de livro' class='pt-cv-tax-capitulos-de-livro'>cap\u00edtulos de livro<\/a>, <a href='https:\/\/events.ipv.pt\/uicisa\/en\/tag\/eduardo-santos\/' title='Eduardo Santos' class='pt-cv-tax-eduardo-santos'>Eduardo Santos<\/a><\/span><\/div><\/div><\/div>\n<div class=\"col-md-12 col-sm-12 col-xs-12 pt-cv-content-item pt-cv-1-col\" ><div class='pt-cv-ifield'><div class=\"pt-cv-content\"><p>Ramos, S. M. J. P., Marques, A. A., Santos, E. J. F., &#038; Amendoeira, J. (2023).<br \/>\nInterven\u00e7\u00f5es terap\u00eauticas n\u00e3o farmacol\u00f3gicas na autogest\u00e3o de n\u00e1useas e v\u00f3mitos na pessoa submetida a quimioterapia: um protocolo de revis\u00e3o scoping.<br \/>\nIn Pr\u00e1tica Baseada em Evid\u00eancia: Experi\u00eancia dos cursos conducentes a microcredenciais do IPSantar\u00e9m-ESSS (pp. 157-163).<br \/>\nSantar\u00e9m, Portugal: Instituto Polit\u00e9cnico de Santar\u00e9m. ISBN: 978-989-35287-2-3.<br \/>\n<a href=\"http:\/\/hdl.handle.net\/10400.15\/4571\" target=\"_blank\">http:\/\/hdl.handle.net\/10400.15\/4571<\/a><\/p>\n<\/div>\n<div class=\"pt-cv-meta-fields\"><span class=\"terms\"> <a href='https:\/\/events.ipv.pt\/uicisa\/en\/category\/2023\/' title='2023' class='pt-cv-tax-2023'>2023<\/a>, <a href='https:\/\/events.ipv.pt\/uicisa\/en\/category\/producao-cientifica\/capitulos-de-livro\/' title='cap\u00edtulos de livro' class='pt-cv-tax-capitulos-de-livro'>cap\u00edtulos de livro<\/a>, <a href='https:\/\/events.ipv.pt\/uicisa\/en\/tag\/eduardo-santos\/' title='Eduardo Santos' class='pt-cv-tax-eduardo-santos'>Eduardo Santos<\/a><\/span><\/div><\/div><\/div>\n<div class=\"col-md-12 col-sm-12 col-xs-12 pt-cv-content-item pt-cv-1-col\" ><div class='pt-cv-ifield'><div class=\"pt-cv-content\"><p>Palma, S. S. M. D. C., Marques, A. A., Santos, E. J. F., &#038; Amendoeira, J. (2023).<br \/>\nSugest\u00f5es de leitura para beb\u00e9s por profissionais de sa\u00fade em cuidados de sa\u00fade prim\u00e1rios: um protocolo de revis\u00e3o scoping.<br \/>\nIn Pr\u00e1tica Baseada em Evid\u00eancia: Experi\u00eancia dos cursos conducentes a microcredenciais do IPSantar\u00e9m-ESSS (pp. 149-155).<br \/>\nSantar\u00e9m, Portugal: Instituto Polit\u00e9cnico de Santar\u00e9m. ISBN: 978-989-35287-2-3.<br \/>\n<a href=\"http:\/\/hdl.handle.net\/10400.15\/4571\" target=\"_blank\">http:\/\/hdl.handle.net\/10400.15\/4571<\/a><\/p>\n<\/div>\n<div class=\"pt-cv-meta-fields\"><span class=\"terms\"> <a href='https:\/\/events.ipv.pt\/uicisa\/en\/category\/2023\/' title='2023' class='pt-cv-tax-2023'>2023<\/a>, <a href='https:\/\/events.ipv.pt\/uicisa\/en\/category\/producao-cientifica\/capitulos-de-livro\/' title='cap\u00edtulos de livro' class='pt-cv-tax-capitulos-de-livro'>cap\u00edtulos de livro<\/a>, <a href='https:\/\/events.ipv.pt\/uicisa\/en\/tag\/eduardo-santos\/' title='Eduardo Santos' class='pt-cv-tax-eduardo-santos'>Eduardo Santos<\/a><\/span><\/div><\/div><\/div>\n<div class=\"col-md-12 col-sm-12 col-xs-12 pt-cv-content-item pt-cv-1-col\" ><div class='pt-cv-ifield'><div class=\"pt-cv-content\"><p>Maur\u00edcio, A. R. C., Marques, A. A., Santos, E. J. F., &#038; Amendoeira, J. (2023).<br \/>\nInstrumentos de avalia\u00e7\u00e3o de risco de \u00falcera por press\u00e3o, espec\u00edficos para doentes adultos, submetidos a cirurgia: um protocolo de revis\u00e3o de propriedades psicom\u00e9tricas.<br \/>\nIn Pr\u00e1tica Baseada em Evid\u00eancia: Experi\u00eancia dos cursos conducentes a microcredenciais do IPSantar\u00e9m-ESSS (pp. 9-19).<br \/>\nSantar\u00e9m, Portugal: Instituto Polit\u00e9cnico de Santar\u00e9m. ISBN: 978-989-35287-2-3.<br \/>\n<a href=\"http:\/\/hdl.handle.net\/10400.15\/4571\" target=\"_blank\">http:\/\/hdl.handle.net\/10400.15\/4571<\/a><\/p>\n<\/div>\n<div class=\"pt-cv-meta-fields\"><span class=\"terms\"> <a href='https:\/\/events.ipv.pt\/uicisa\/en\/category\/2023\/' title='2023' class='pt-cv-tax-2023'>2023<\/a>, <a href='https:\/\/events.ipv.pt\/uicisa\/en\/category\/producao-cientifica\/capitulos-de-livro\/' title='cap\u00edtulos de livro' class='pt-cv-tax-capitulos-de-livro'>cap\u00edtulos de livro<\/a>, <a href='https:\/\/events.ipv.pt\/uicisa\/en\/tag\/eduardo-santos\/' title='Eduardo Santos' class='pt-cv-tax-eduardo-santos'>Eduardo Santos<\/a><\/span><\/div><\/div><\/div>\n<div class=\"col-md-12 col-sm-12 col-xs-12 pt-cv-content-item pt-cv-1-col\" ><div class='pt-cv-ifield'><div class=\"pt-cv-content\"><p>Marques, G. M. D., Marques, A. A., Santos, E. J. F., &#038; Amendoeira, J. (2023).<br \/>\nInterven\u00e7\u00f5es para abordar a dimens\u00e3o existencial das pessoas com mais de 80 anos: um protocolo de revis\u00e3o scoping.<br \/>\nIn Pr\u00e1tica Baseada em Evid\u00eancia: Experi\u00eancia dos cursos conducentes a microcredenciais do IPSantar\u00e9m-ESSS (pp. 83-92).<br \/>\nSantar\u00e9m, Portugal: Instituto Polit\u00e9cnico de Santar\u00e9m. ISBN: 978-989-35287-2-3.<br \/>\n<a href=\"http:\/\/hdl.handle.net\/10400.15\/4571\" rel=\"noopener\" target=\"_blank\">http:\/\/hdl.handle.net\/10400.15\/4571<\/a><\/p>\n<\/div>\n<div class=\"pt-cv-meta-fields\"><span class=\"terms\"> <a href='https:\/\/events.ipv.pt\/uicisa\/en\/category\/2023\/' title='2023' class='pt-cv-tax-2023'>2023<\/a>, <a href='https:\/\/events.ipv.pt\/uicisa\/en\/category\/producao-cientifica\/capitulos-de-livro\/' title='cap\u00edtulos de livro' class='pt-cv-tax-capitulos-de-livro'>cap\u00edtulos de livro<\/a>, <a href='https:\/\/events.ipv.pt\/uicisa\/en\/tag\/eduardo-santos\/' title='Eduardo Santos' class='pt-cv-tax-eduardo-santos'>Eduardo Santos<\/a><\/span><\/div><\/div><\/div>\n<div class=\"col-md-12 col-sm-12 col-xs-12 pt-cv-content-item pt-cv-1-col\" ><div class='pt-cv-ifield'><div class=\"pt-cv-content\"><p>Lopes, J. M. L., Marques, A. A., Santos, E. J. F., &#038; Amendoeira, J. (2023).<br \/>\nInstrumentos de classifica\u00e7\u00e3o do grau de depend\u00eancia de cuidados de enfermagem na unidade de cuidados p\u00f3s-anest\u00e9sicos: um protocolo de revis\u00e3o scoping.<br \/>\nIn Pr\u00e1tica Baseada em Evid\u00eancia: Experi\u00eancia dos cursos conducentes a microcredenciais do IPSantar\u00e9m-ESSS (pp. 117-123).<br \/>\nSantar\u00e9m, Portugal: Instituto Polit\u00e9cnico de Santar\u00e9m. ISBN: 978-989-35287-2-3.<br \/>\n<a href=\"http:\/\/hdl.handle.net\/10400.15\/4571\" rel=\"noopener\" target=\"_blank\">http:\/\/hdl.handle.net\/10400.15\/4571<\/a><\/p>\n<\/div>\n<div class=\"pt-cv-meta-fields\"><span class=\"terms\"> <a href='https:\/\/events.ipv.pt\/uicisa\/en\/category\/2023\/' title='2023' class='pt-cv-tax-2023'>2023<\/a>, <a href='https:\/\/events.ipv.pt\/uicisa\/en\/category\/producao-cientifica\/capitulos-de-livro\/' title='cap\u00edtulos de livro' class='pt-cv-tax-capitulos-de-livro'>cap\u00edtulos de livro<\/a>, <a href='https:\/\/events.ipv.pt\/uicisa\/en\/tag\/eduardo-santos\/' title='Eduardo Santos' class='pt-cv-tax-eduardo-santos'>Eduardo Santos<\/a><\/span><\/div><\/div><\/div>\n<div class=\"col-md-12 col-sm-12 col-xs-12 pt-cv-content-item pt-cv-1-col\" ><div class='pt-cv-ifield'><div class=\"pt-cv-content\"><p>Lopes, D. F. B., Marques, A. A., Santos, E. J. F., &#038; Amendoeira, J. (2023).<br \/>\nProgramas de reabilita\u00e7\u00e3o para capacita\u00e7\u00e3o funcional da pessoa, em servi\u00e7os de internamento de medicina interna: um protocolo de revis\u00e3o scoping.<br \/>\nIn Pr\u00e1tica Baseada em Evid\u00eancia: Experi\u00eancia dos cursos conducentes a microcredenciais do IPSantar\u00e9m-ESSS (pp. 61-67).<br \/>\nSantar\u00e9m, Portugal: Instituto Polit\u00e9cnico de Santar\u00e9m. ISBN: 978-989-35287-2-3.<br \/>\n<a href=\"http:\/\/hdl.handle.net\/10400.15\/4571\" rel=\"noopener\" target=\"_blank\">http:\/\/hdl.handle.net\/10400.15\/4571<\/a><\/p>\n<\/div>\n<div class=\"pt-cv-meta-fields\"><span class=\"terms\"> <a href='https:\/\/events.ipv.pt\/uicisa\/en\/category\/2023\/' title='2023' class='pt-cv-tax-2023'>2023<\/a>, <a href='https:\/\/events.ipv.pt\/uicisa\/en\/category\/producao-cientifica\/capitulos-de-livro\/' title='cap\u00edtulos de livro' class='pt-cv-tax-capitulos-de-livro'>cap\u00edtulos de livro<\/a>, <a href='https:\/\/events.ipv.pt\/uicisa\/en\/tag\/eduardo-santos\/' title='Eduardo Santos' class='pt-cv-tax-eduardo-santos'>Eduardo Santos<\/a><\/span><\/div><\/div><\/div>\n<div class=\"col-md-12 col-sm-12 col-xs-12 pt-cv-content-item pt-cv-1-col\" ><div class='pt-cv-ifield'><div class=\"pt-cv-content\"><p>Henriques, A. I. R. F. T., Marques, A. A., Santos, E. J. F., &#038; Amendoeira, J. (2023).<br \/>\nPreven\u00e7\u00e3o do delirium na pessoa internada em unidades de cuidados intensivos: um protocolo de revis\u00e3o scoping.<br \/>\nIn Pr\u00e1tica Baseada em Evid\u00eancia: Experi\u00eancia dos cursos conducentes a microcredenciais do IPSantar\u00e9m-ESSS (pp. 35-42).<br \/>\nSantar\u00e9m, Portugal: Instituto Polit\u00e9cnico de Santar\u00e9m. ISBN: 978-989-35287-2-3.<br \/>\n<a href=\"http:\/\/hdl.handle.net\/10400.15\/4571\" rel=\"noopener\" target=\"_blank\">http:\/\/hdl.handle.net\/10400.15\/4571<\/a><\/p>\n<\/div>\n<div class=\"pt-cv-meta-fields\"><span class=\"terms\"> <a href='https:\/\/events.ipv.pt\/uicisa\/en\/category\/2023\/' title='2023' class='pt-cv-tax-2023'>2023<\/a>, <a href='https:\/\/events.ipv.pt\/uicisa\/en\/category\/producao-cientifica\/capitulos-de-livro\/' title='cap\u00edtulos de livro' class='pt-cv-tax-capitulos-de-livro'>cap\u00edtulos de livro<\/a>, <a href='https:\/\/events.ipv.pt\/uicisa\/en\/tag\/eduardo-santos\/' title='Eduardo Santos' class='pt-cv-tax-eduardo-santos'>Eduardo Santos<\/a><\/span><\/div><\/div><\/div>\n<div class=\"col-md-12 col-sm-12 col-xs-12 pt-cv-content-item pt-cv-1-col\" ><div class='pt-cv-ifield'><div class=\"pt-cv-content\"><p>Domingos, V. C. S., Marques, A. A., Santos, E. J. F., &#038; Amendoeira, J. (2023).<br \/>\nInterven\u00e7\u00e3o de enfermagem na redu\u00e7\u00e3o de sintomas afetivos e comportamentais em adolescentes: um protocolo de revis\u00e3o de efetividade.<br \/>\nIn Pr\u00e1tica Baseada em Evid\u00eancia: Experi\u00eancia dos cursos conducentes a microcredenciais do IPSantar\u00e9m-ESSS (pp. 165-172).<br \/>\nSantar\u00e9m, Portugal: Instituto Polit\u00e9cnico de Santar\u00e9m. ISBN: 978-989-35287-2-3.<br \/>\n<a href=\"http:\/\/hdl.handle.net\/10400.15\/4571\" rel=\"noopener\" target=\"_blank\">http:\/\/hdl.handle.net\/10400.15\/4571<\/a><\/p>\n<\/div>\n<div class=\"pt-cv-meta-fields\"><span class=\"terms\"> <a href='https:\/\/events.ipv.pt\/uicisa\/en\/category\/2023\/' title='2023' class='pt-cv-tax-2023'>2023<\/a>, <a href='https:\/\/events.ipv.pt\/uicisa\/en\/category\/producao-cientifica\/capitulos-de-livro\/' title='cap\u00edtulos de livro' class='pt-cv-tax-capitulos-de-livro'>cap\u00edtulos de livro<\/a>, <a href='https:\/\/events.ipv.pt\/uicisa\/en\/tag\/eduardo-santos\/' title='Eduardo Santos' class='pt-cv-tax-eduardo-santos'>Eduardo Santos<\/a><\/span><\/div><\/div><\/div>\n<div class=\"col-md-12 col-sm-12 col-xs-12 pt-cv-content-item pt-cv-1-col\" ><div class='pt-cv-ifield'><div class=\"pt-cv-content\"><p>Dias, G. A., Marques, A. A., Santos, E. J. F., &#038; Amendoeira, J. (2023).<br \/>\nEfic\u00e1cia das interven\u00e7\u00f5es educacionais na ades\u00e3o ao regime terap\u00eautico, da pessoa com artrite reumatoide: um protocolo de revis\u00e3o de efetividade.<br \/>\nIn Pr\u00e1tica Baseada em Evid\u00eancia: Experi\u00eancia dos cursos conducentes a microcredenciais do IPSantar\u00e9m-ESSS (pp. 93-100).<br \/>\nSantar\u00e9m, Portugal: Instituto Polit\u00e9cnico de Santar\u00e9m. ISBN: 978-989-35287-2-3.<br \/>\n<a href=\"http:\/\/hdl.handle.net\/10400.15\/4571\" rel=\"noopener\" target=\"_blank\">http:\/\/hdl.handle.net\/10400.15\/4571<\/a><\/p>\n<\/div>\n<div class=\"pt-cv-meta-fields\"><span class=\"terms\"> <a href='https:\/\/events.ipv.pt\/uicisa\/en\/category\/2023\/' title='2023' class='pt-cv-tax-2023'>2023<\/a>, <a href='https:\/\/events.ipv.pt\/uicisa\/en\/category\/producao-cientifica\/capitulos-de-livro\/' title='cap\u00edtulos de livro' class='pt-cv-tax-capitulos-de-livro'>cap\u00edtulos de livro<\/a>, <a href='https:\/\/events.ipv.pt\/uicisa\/en\/tag\/eduardo-santos\/' title='Eduardo Santos' class='pt-cv-tax-eduardo-santos'>Eduardo Santos<\/a><\/span><\/div><\/div><\/div>\n<div class=\"col-md-12 col-sm-12 col-xs-12 pt-cv-content-item pt-cv-1-col\" ><div class='pt-cv-ifield'><div class=\"pt-cv-content\"><p>Costa, M. I. E., Marques, A. A., Santos, E. J. F., &#038; Amendoeira, J. (2023).<br \/>\nTempo de perman\u00eancia numa unidade de cuidados p\u00f3s-anest\u00e9sicos, ap\u00f3s interven\u00e7\u00f5es anest\u00e9sico-cir\u00fargicas na pessoa adulta: um protocolo de revis\u00e3o scoping.<br \/>\nIn Pr\u00e1tica Baseada em Evid\u00eancia: Experi\u00eancia dos cursos conducentes a microcredenciais do IPSantar\u00e9m-ESSS (pp. 101-107).<br \/>\nSantar\u00e9m, Portugal: Instituto Polit\u00e9cnico de Santar\u00e9m. ISBN: 978-989-35287-2-3.<br \/>\n<a href=\"http:\/\/hdl.handle.net\/10400.15\/4571\" target=\"_blank\">http:\/\/hdl.handle.net\/10400.15\/4571<\/a><\/p>\n<\/div>\n<div class=\"pt-cv-meta-fields\"><span class=\"terms\"> <a href='https:\/\/events.ipv.pt\/uicisa\/en\/category\/2023\/' title='2023' class='pt-cv-tax-2023'>2023<\/a>, <a href='https:\/\/events.ipv.pt\/uicisa\/en\/category\/producao-cientifica\/capitulos-de-livro\/' title='cap\u00edtulos de livro' class='pt-cv-tax-capitulos-de-livro'>cap\u00edtulos de livro<\/a>, <a href='https:\/\/events.ipv.pt\/uicisa\/en\/tag\/eduardo-santos\/' title='Eduardo Santos' class='pt-cv-tax-eduardo-santos'>Eduardo Santos<\/a><\/span><\/div><\/div><\/div>\n<div class=\"col-md-12 col-sm-12 col-xs-12 pt-cv-content-item pt-cv-1-col\" ><div class='pt-cv-ifield'><div class=\"pt-cv-content\"><p>Costa, I. F. C. B. T., Marques, A. A., Santos, E. J. F., &#038; Amendoeira, J. (2023).<br \/>\nEnfermagem e meios complementares de diagn\u00f3stico com administra\u00e7\u00e3o de contraste iodado: contributos para a preven\u00e7\u00e3o de complica\u00e7\u00f5es.<br \/>\nIn Pr\u00e1tica Baseada em Evid\u00eancia: Experi\u00eancia dos cursos conducentes a microcredenciais do IPSantar\u00e9m-ESSS (pp. 109-115).<br \/>\nSantar\u00e9m, Portugal: Instituto Polit\u00e9cnico de Santar\u00e9m. ISBN: 978-989-35287-2-3.<br \/>\n<a href=\"http:\/\/hdl.handle.net\/10400.15\/4571\" rel=\"noopener\" target=\"_blank\">http:\/\/hdl.handle.net\/10400.15\/4571<\/a><\/p>\n<\/div>\n<div class=\"pt-cv-meta-fields\"><span class=\"terms\"> <a href='https:\/\/events.ipv.pt\/uicisa\/en\/category\/2023\/' title='2023' class='pt-cv-tax-2023'>2023<\/a>, <a href='https:\/\/events.ipv.pt\/uicisa\/en\/category\/producao-cientifica\/capitulos-de-livro\/' title='cap\u00edtulos de livro' class='pt-cv-tax-capitulos-de-livro'>cap\u00edtulos de livro<\/a>, <a href='https:\/\/events.ipv.pt\/uicisa\/en\/tag\/eduardo-santos\/' title='Eduardo Santos' class='pt-cv-tax-eduardo-santos'>Eduardo Santos<\/a><\/span><\/div><\/div><\/div>\n<div class=\"col-md-12 col-sm-12 col-xs-12 pt-cv-content-item pt-cv-1-col\" ><div class='pt-cv-ifield'><div class=\"pt-cv-content\"><p>Cardador, F. M. F. , Marques, A. A., Santos, E. J. F., &#038; Amendoeira, J. (2023).<br \/>\nBarreiras \u00e0 implementa\u00e7\u00e3o da terapia compressiva, na \u00falcera de perna, pelos enfermeiros em contexto ambulat\u00f3rio: um protocolo de revis\u00e3o scoping.<br \/>\nIn Pr\u00e1tica Baseada em Evid\u00eancia: Experi\u00eancia dos cursos conducentes a microcredenciais do IPSantar\u00e9m-ESSS (pp. 77-82).<br \/>\nSantar\u00e9m, Portugal: Instituto Polit\u00e9cnico de Santar\u00e9m. ISBN: 978-989-35287-2-3.<br \/>\n<a href=\"http:\/\/hdl.handle.net\/10400.15\/4571\" rel=\"noopener\" target=\"_blank\">http:\/\/hdl.handle.net\/10400.15\/4571<\/a><\/p>\n<\/div>\n<div class=\"pt-cv-meta-fields\"><span class=\"terms\"> <a href='https:\/\/events.ipv.pt\/uicisa\/en\/category\/2023\/' title='2023' class='pt-cv-tax-2023'>2023<\/a>, <a href='https:\/\/events.ipv.pt\/uicisa\/en\/category\/producao-cientifica\/capitulos-de-livro\/' title='cap\u00edtulos de livro' class='pt-cv-tax-capitulos-de-livro'>cap\u00edtulos de livro<\/a>, <a href='https:\/\/events.ipv.pt\/uicisa\/en\/tag\/eduardo-santos\/' title='Eduardo Santos' class='pt-cv-tax-eduardo-santos'>Eduardo Santos<\/a><\/span><\/div><\/div><\/div>\n<div class=\"col-md-12 col-sm-12 col-xs-12 pt-cv-content-item pt-cv-1-col\" ><div class='pt-cv-ifield'><div class=\"pt-cv-content\"><p>Bernardino, D. I. C., Marques, A. A., Santos, E. J. F., &#038; Amendoeira, J. (2023).<br \/>\nLideran\u00e7a transformacional e satisfa\u00e7\u00e3o no trabalho dos enfermeiros nos cuidados de sa\u00fade prim\u00e1rios: um protocolo de revis\u00e3o scoping.<br \/>\nIn Pr\u00e1tica Baseada em Evid\u00eancia: Experi\u00eancia dos cursos conducentes a microcredenciais do IPSantar\u00e9m-ESSS (pp. 69-76).<br \/>\nSantar\u00e9m, Portugal: Instituto Polit\u00e9cnico de Santar\u00e9m. ISBN: 978-989-35287-2-3.<br \/>\n<a href=\"http:\/\/hdl.handle.net\/10400.15\/4571\" rel=\"noopener\" target=\"_blank\">http:\/\/hdl.handle.net\/10400.15\/4571<\/a><\/p>\n<\/div>\n<div class=\"pt-cv-meta-fields\"><span class=\"terms\"> <a href='https:\/\/events.ipv.pt\/uicisa\/en\/category\/2023\/' title='2023' class='pt-cv-tax-2023'>2023<\/a>, <a href='https:\/\/events.ipv.pt\/uicisa\/en\/category\/producao-cientifica\/capitulos-de-livro\/' title='cap\u00edtulos de livro' class='pt-cv-tax-capitulos-de-livro'>cap\u00edtulos de livro<\/a>, <a href='https:\/\/events.ipv.pt\/uicisa\/en\/tag\/eduardo-santos\/' title='Eduardo Santos' class='pt-cv-tax-eduardo-santos'>Eduardo Santos<\/a><\/span><\/div><\/div><\/div>\n<div class=\"col-md-12 col-sm-12 col-xs-12 pt-cv-content-item pt-cv-1-col\" ><div class='pt-cv-ifield'><div class=\"pt-cv-content\"><p>Afonso, C. I. C., Marques, A. A., Santos, E. J. F., &#038; Amendoeira, J. (2023).<br \/>\nPerspetivas e experi\u00eancias do p\u00f3s-cuidador informal sobre a sua rede de suporte: um protocolo de revis\u00e3o sistem\u00e1tica da literatura com meta-s\u00edntese.<br \/>\nIn Pr\u00e1tica Baseada em Evid\u00eancia: Experi\u00eancia dos cursos conducentes a microcredenciais do IPSantar\u00e9m-ESSS (pp. 51-60).<br \/>\nSantar\u00e9m, Portugal: Instituto Polit\u00e9cnico de Santar\u00e9m. ISBN: 978-989-35287-2-3.<br \/>\n<a href=\"http:\/\/hdl.handle.net\/10400.15\/4571\" rel=\"noopener\" target=\"_blank\">http:\/\/hdl.handle.net\/10400.15\/4571<\/a><\/p>\n<\/div>\n<div class=\"pt-cv-meta-fields\"><span class=\"terms\"> <a href='https:\/\/events.ipv.pt\/uicisa\/en\/category\/2023\/' title='2023' class='pt-cv-tax-2023'>2023<\/a>, <a href='https:\/\/events.ipv.pt\/uicisa\/en\/category\/producao-cientifica\/capitulos-de-livro\/' title='cap\u00edtulos de livro' class='pt-cv-tax-capitulos-de-livro'>cap\u00edtulos de livro<\/a>, <a href='https:\/\/events.ipv.pt\/uicisa\/en\/tag\/eduardo-santos\/' title='Eduardo Santos' class='pt-cv-tax-eduardo-santos'>Eduardo Santos<\/a><\/span><\/div><\/div><\/div>\n<div class=\"col-md-12 col-sm-12 col-xs-12 pt-cv-content-item pt-cv-1-col\" ><div class='pt-cv-ifield'><div class=\"pt-cv-content\"><p>Costa Lopes, A. M., Costa, C., Coutinho, E., Oliveira, I., Pereira, J., Gillain, R., Fidalgo, S., Relvas, S., &#038; Delplancq, V. (2023).<br \/>\nLooking into foreign languages and multimodal creativity as a tool for pedagogical innovation in higher education: the JASM Project \u2013 open window onto the world.<br \/>\nIn M. E. C. G. Aitor Garc\u00e9s-Manzanera (Ed.), New Approaches to the Investigation of Language Teaching and Literature (pp. 141-153).<br \/>\nDOI: 10.4018\/978-1-6684-6020-7.ch008.<\/p>\n<\/div>\n<div class=\"pt-cv-meta-fields\"><span class=\"terms\"> <a href='https:\/\/events.ipv.pt\/uicisa\/en\/category\/2023\/' title='2023' class='pt-cv-tax-2023'>2023<\/a>, <a href='https:\/\/events.ipv.pt\/uicisa\/en\/category\/producao-cientifica\/capitulos-de-livro\/' title='cap\u00edtulos de livro' class='pt-cv-tax-capitulos-de-livro'>cap\u00edtulos de livro<\/a>, <a href='https:\/\/events.ipv.pt\/uicisa\/en\/tag\/emilia-coutinho\/' title='Em\u00edlia Coutinho' class='pt-cv-tax-emilia-coutinho'>Em\u00edlia Coutinho<\/a><\/span><\/div><\/div><\/div>\n<div class=\"col-md-12 col-sm-12 col-xs-12 pt-cv-content-item pt-cv-1-col\" ><div class='pt-cv-ifield'><div class=\"pt-cv-content\"><p>Batista, S., Santos, H., Martins, R, Albuquerque, C., Dinis, A. (2023)<br \/>\nProgramas de reabilita\u00e7\u00e3o motora na pessoa com doen\u00e7a de Huntington: revis\u00e3o sistem\u00e1tica de efic\u00e1cia.<br \/>\nIn Cancino-Diaz, J. (Orgs) Ci\u00eancias Biol\u00f3gicas e da Sa\u00fade: Investiga\u00e7\u00e3o e Pr\u00e1tica II (pp. 48-67).<br \/>\nBrasil: Editora Artemis. ISBN: 9786587396750<\/p>\n<\/div>\n<div class=\"pt-cv-meta-fields\"><span class=\"terms\"> <a href='https:\/\/events.ipv.pt\/uicisa\/en\/category\/2023\/' title='2023' class='pt-cv-tax-2023'>2023<\/a>, <a href='https:\/\/events.ipv.pt\/uicisa\/en\/category\/producao-cientifica\/capitulos-de-livro\/' title='cap\u00edtulos de livro' class='pt-cv-tax-capitulos-de-livro'>cap\u00edtulos de livro<\/a>, <a href='https:\/\/events.ipv.pt\/uicisa\/en\/tag\/carlos-albuquerque\/' title='Carlos Albuquerque' class='pt-cv-tax-carlos-albuquerque'>Carlos Albuquerque<\/a>, <a href='https:\/\/events.ipv.pt\/uicisa\/en\/tag\/rosa-martins\/' title='Rosa Martins' class='pt-cv-tax-rosa-martins'>Rosa Martins<\/a>, <a href='https:\/\/events.ipv.pt\/uicisa\/en\/tag\/susana-batista\/' title='Susana Batista' class='pt-cv-tax-susana-batista'>Susana Batista<\/a><\/span><\/div><\/div><\/div><\/div><\/div><\/div>\n<\/div>\n<div id=\"clv_2022\" class=\"contentEquipa bgBranco esp50\" data-group=\"grupo102\">\n<div class=\"pt-cv-wrapper\"><div class=\"pt-cv-view pt-cv-grid pt-cv-colsys\" id=\"pt-cv-view-c526f41o4k\"><div data-id=\"pt-cv-page-1\" class=\"pt-cv-page cv-npf\" data-cvc=\"1\"><div class=\"col-md-12 col-sm-12 col-xs-12 pt-cv-content-item pt-cv-1-col\" ><div class='pt-cv-ifield'><div class=\"pt-cv-no-post\">No posts found.<\/div><\/div><\/div><\/div><\/div><\/div><br \/>\n<div class=\"pt-cv-wrapper\"><div class=\"pt-cv-view pt-cv-grid pt-cv-colsys\" id=\"pt-cv-view-9de8eadxm9\"><div data-id=\"pt-cv-page-1\" class=\"pt-cv-page\" data-cvc=\"1\"><div class=\"col-md-12 col-sm-12 col-xs-12 pt-cv-content-item pt-cv-1-col\" ><div class='pt-cv-ifield'><div class=\"pt-cv-content\"><p>Almeida, A. L., Galv\u00e3o, A. M. N. P. (2021).<br \/>\nPromo\u00e7\u00e3o da literacia em humanitude e compaix\u00e3o nos cuidadores dos mais velhos.<br \/>\nIn Literacia em Sa\u00fade e Autocuidados: evidencias que projetam a pr\u00e1tica clinica (pp. 144-157).<br \/>\nAlges, Portugal: Eurom\u00e9dice, edi\u00e7\u00f5es m\u00e9dicas.<br \/>\nRetrieved from <a href=\"https:\/\/bibliotecadigital.ipb.pt\/bitstream\/10198\/23633\/3\/Literacia%2C%20qualidade%20de%20vida%20e%20sa%C3%BAde%20oral%20do%20idoso%20%281%29.pdf\">https:\/\/bibliotecadigital.ipb.pt\/bitstream\/10198\/23633\/3\/Literacia%2C%20qualidade%20de%20vida%20e%20sa%C3%BAde%20oral%20do%20idoso%20%281%29.pdf<\/a><\/p>\n<\/div>\n<div class=\"pt-cv-meta-fields\"><span class=\"terms\"> <a href='https:\/\/events.ipv.pt\/uicisa\/en\/category\/2021\/' title='2021' class='pt-cv-tax-2021'>2021<\/a>, <a href='https:\/\/events.ipv.pt\/uicisa\/en\/tag\/assuncao-de-almeida\/' title='Assun\u00e7\u00e3o de Almeida' class='pt-cv-tax-assuncao-de-almeida'>Assun\u00e7\u00e3o de Almeida<\/a>, <a href='https:\/\/events.ipv.pt\/uicisa\/en\/category\/producao-cientifica\/capitulos-de-livro\/' title='cap\u00edtulos de livro' class='pt-cv-tax-capitulos-de-livro'>cap\u00edtulos de livro<\/a><\/span><\/div><\/div><\/div>\n<div class=\"col-md-12 col-sm-12 col-xs-12 pt-cv-content-item pt-cv-1-col\" ><div class='pt-cv-ifield'><div class=\"pt-cv-content\"><p>Santos, M. J., Ferreira, E. S., Figueiredo, A., Ferreira, M. (2021).<br \/>\nDesenvolvimento das pol\u00edticas e dos cuidados de sa\u00fade sexual e reprodutiva em Portugal.<br \/>\nIn Hist\u00f3ria: Consensos e dissensos engendrados (pp. 69-80). Atena Editora<br \/>\n10.22533\/at.ed.3162128067<\/p>\n<\/div>\n<div class=\"pt-cv-meta-fields\"><span class=\"terms\"> <a href='https:\/\/events.ipv.pt\/uicisa\/en\/category\/2021\/' title='2021' class='pt-cv-tax-2021'>2021<\/a>, <a href='https:\/\/events.ipv.pt\/uicisa\/en\/category\/producao-cientifica\/capitulos-de-livro\/' title='cap\u00edtulos de livro' class='pt-cv-tax-capitulos-de-livro'>cap\u00edtulos de livro<\/a>, <a href='https:\/\/events.ipv.pt\/uicisa\/en\/tag\/manuela-ferreira\/' title='Manuela Ferreira' class='pt-cv-tax-manuela-ferreira'>Manuela Ferreira<\/a>, <a href='https:\/\/events.ipv.pt\/uicisa\/en\/tag\/maria-jose-santos\/' title='Maria Jos\u00e9 Santos' class='pt-cv-tax-maria-jose-santos'>Maria Jos\u00e9 Santos<\/a><\/span><\/div><\/div><\/div>\n<div class=\"col-md-12 col-sm-12 col-xs-12 pt-cv-content-item pt-cv-1-col\" ><div class='pt-cv-ifield'><div class=\"pt-cv-content\"><p>Santos, M. J., Ferreira, E. S., Ferreira, M. (2021).<br \/>\nComportamentos contraceptivos de estudantes universit\u00e1rios portugueses: Conhecer para intervir.<br \/>\nIn R. S. Molin (Org.), Teoria e Pr\u00e1tica de Enfermagem: da aten\u00e7\u00e3o b\u00e1sica \u00e0 alta complexidade (Vol. 2, pp. 274-289).<br \/>\nEditora Cient\u00edfica Digital.<\/p>\n<\/div>\n<div class=\"pt-cv-meta-fields\"><span class=\"terms\"> <a href='https:\/\/events.ipv.pt\/uicisa\/en\/category\/2021\/' title='2021' class='pt-cv-tax-2021'>2021<\/a>, <a href='https:\/\/events.ipv.pt\/uicisa\/en\/category\/producao-cientifica\/capitulos-de-livro\/' title='cap\u00edtulos de livro' class='pt-cv-tax-capitulos-de-livro'>cap\u00edtulos de livro<\/a>, <a href='https:\/\/events.ipv.pt\/uicisa\/en\/tag\/manuela-ferreira\/' title='Manuela Ferreira' class='pt-cv-tax-manuela-ferreira'>Manuela Ferreira<\/a>, <a href='https:\/\/events.ipv.pt\/uicisa\/en\/tag\/maria-jose-santos\/' title='Maria Jos\u00e9 Santos' class='pt-cv-tax-maria-jose-santos'>Maria Jos\u00e9 Santos<\/a><\/span><\/div><\/div><\/div>\n<div class=\"col-md-12 col-sm-12 col-xs-12 pt-cv-content-item pt-cv-1-col\" ><div class='pt-cv-ifield'><div class=\"pt-cv-content\"><p>Marinho, C., Chaves, C., Duarte, J., Ferreira, M., Campos, S., Alves, C. (2021).<br \/>\nInten\u00e7\u00e3o de abandono escolar nos estudantes do ensino superior no Brasil.<br \/>\nIn M. Ferreira, S. Campos, A. P. Cardoso, C. Chaves (Eds.), Compet\u00eancias emocionais e preven\u00e7\u00e3o do abandono no ensino superior (pp. 152-173).<br \/>\nViseu, Portugal: Edi\u00e7\u00f5es Esgotadas.<\/p>\n<\/div>\n<div class=\"pt-cv-meta-fields\"><span class=\"terms\"> <a href='https:\/\/events.ipv.pt\/uicisa\/en\/category\/2021\/' title='2021' class='pt-cv-tax-2021'>2021<\/a>, <a href='https:\/\/events.ipv.pt\/uicisa\/en\/category\/producao-cientifica\/capitulos-de-livro\/' title='cap\u00edtulos de livro' class='pt-cv-tax-capitulos-de-livro'>cap\u00edtulos de livro<\/a>, <a href='https:\/\/events.ipv.pt\/uicisa\/en\/tag\/joao-duarte\/' title='Jo\u00e3o Duarte' class='pt-cv-tax-joao-duarte'>Jo\u00e3o Duarte<\/a>, <a href='https:\/\/events.ipv.pt\/uicisa\/en\/tag\/manuela-ferreira\/' title='Manuela Ferreira' class='pt-cv-tax-manuela-ferreira'>Manuela Ferreira<\/a>, <a href='https:\/\/events.ipv.pt\/uicisa\/en\/tag\/sofia-campos\/' title='Sofia Campos' class='pt-cv-tax-sofia-campos'>Sofia Campos<\/a><\/span><\/div><\/div><\/div>\n<div class=\"col-md-12 col-sm-12 col-xs-12 pt-cv-content-item pt-cv-1-col\" ><div class='pt-cv-ifield'><div class=\"pt-cv-content\"><p>Guin\u00e9, R. P. F., Ferreira, M., Correia, P., Cardoso, A. P., Duarte, J., Ferr\u00e3o, A. C. (2021).<br \/>\nConstru\u00e7\u00e3o e valida\u00e7\u00e3o do instrumento de recolha de dados. In R. Guin\u00e9 (Eds.), Projeto EATMOT Motiva\u00e7\u00f5es alimentares.<br \/>\nViseu, Portugal: CERNAS \u2013 Centro de Estudos em Recursos Naturais, Ambiente e Sociedade. Instituto Polit\u00e9cnico de Viseu.<\/p>\n<\/div>\n<div class=\"pt-cv-meta-fields\"><span class=\"terms\"> <a href='https:\/\/events.ipv.pt\/uicisa\/en\/category\/2021\/' title='2021' class='pt-cv-tax-2021'>2021<\/a>, <a href='https:\/\/events.ipv.pt\/uicisa\/en\/category\/producao-cientifica\/capitulos-de-livro\/' title='cap\u00edtulos de livro' class='pt-cv-tax-capitulos-de-livro'>cap\u00edtulos de livro<\/a>, <a href='https:\/\/events.ipv.pt\/uicisa\/en\/tag\/manuela-ferreira\/' title='Manuela Ferreira' class='pt-cv-tax-manuela-ferreira'>Manuela Ferreira<\/a><\/span><\/div><\/div><\/div>\n<div class=\"col-md-12 col-sm-12 col-xs-12 pt-cv-content-item pt-cv-1-col\" ><div class='pt-cv-ifield'><div class=\"pt-cv-content\"><p>Guin\u00e9, R. P. F., Bartkiene, E., Szucs, V., Tarcea, M., Ljubicic, M., C\u00bfernelic\u00bf-Bizjak, M., Isoldi, K.; et al. (2021).<br \/>\nStudy about food choice determinants according to six types of conditioning motivations in a sample of 11,960 participants.<br \/>\nIn R. Guin\u00e9 (Eds.), Motivations Associated with Food Choices and Eating Practices (pp. 49-66).<\/p>\n<\/div>\n<div class=\"pt-cv-meta-fields\"><span class=\"terms\"> <a href='https:\/\/events.ipv.pt\/uicisa\/en\/category\/2021\/' title='2021' class='pt-cv-tax-2021'>2021<\/a>, <a href='https:\/\/events.ipv.pt\/uicisa\/en\/category\/producao-cientifica\/capitulos-de-livro\/' title='cap\u00edtulos de livro' class='pt-cv-tax-capitulos-de-livro'>cap\u00edtulos de livro<\/a>, <a href='https:\/\/events.ipv.pt\/uicisa\/en\/tag\/manuela-ferreira\/' title='Manuela Ferreira' class='pt-cv-tax-manuela-ferreira'>Manuela Ferreira<\/a><\/span><\/div><\/div><\/div>\n<div class=\"col-md-12 col-sm-12 col-xs-12 pt-cv-content-item pt-cv-1-col\" ><div class='pt-cv-ifield'><div class=\"pt-cv-content\"><p>Ferreira, M., Cardoso, A. P., Campos, S. (2021).<br \/>\nIntrodu\u00e7\u00e3o.<br \/>\nIn M. Ferreira, S. Campos, A. P. Cardoso, C. Chaves (Eds.), Compet\u00eancias emocionais e preven\u00e7\u00e3o do abandono no ensino superior (pp. 12-17).<br \/>\nViseu, Portugal: Edi\u00e7\u00f5es Esgotadas.<\/p>\n<\/div>\n<div class=\"pt-cv-meta-fields\"><span class=\"terms\"> <a href='https:\/\/events.ipv.pt\/uicisa\/en\/category\/2021\/' title='2021' class='pt-cv-tax-2021'>2021<\/a>, <a href='https:\/\/events.ipv.pt\/uicisa\/en\/category\/producao-cientifica\/capitulos-de-livro\/' title='cap\u00edtulos de livro' class='pt-cv-tax-capitulos-de-livro'>cap\u00edtulos de livro<\/a>, <a href='https:\/\/events.ipv.pt\/uicisa\/en\/tag\/manuela-ferreira\/' title='Manuela Ferreira' class='pt-cv-tax-manuela-ferreira'>Manuela Ferreira<\/a>, <a href='https:\/\/events.ipv.pt\/uicisa\/en\/tag\/sofia-campos\/' title='Sofia Campos' class='pt-cv-tax-sofia-campos'>Sofia Campos<\/a><\/span><\/div><\/div><\/div>\n<div class=\"col-md-12 col-sm-12 col-xs-12 pt-cv-content-item pt-cv-1-col\" ><div class='pt-cv-ifield'><div class=\"pt-cv-content\"><p>Ferreira, M., Cardoso, A. P., Cabral, L., Campos, S., Duarte, J., Chaves, C., Guin\u00e9, R. (2021).<br \/>\nPerformance de aprendizagem e o abandono escolar no ensino superior.<br \/>\nIn M. Ferreira, S. Campos, A. P. Cardoso, C. Chaves (Eds.), Compet\u00eancias emocionais e preven\u00e7\u00e3o do abandono no ensino superior (pp. 90-101).<br \/>\nViseu, Portugal: Edi\u00e7\u00f5es Esgotadas.<\/p>\n<\/div>\n<div class=\"pt-cv-meta-fields\"><span class=\"terms\"> <a href='https:\/\/events.ipv.pt\/uicisa\/en\/category\/2021\/' title='2021' class='pt-cv-tax-2021'>2021<\/a>, <a href='https:\/\/events.ipv.pt\/uicisa\/en\/category\/producao-cientifica\/capitulos-de-livro\/' title='cap\u00edtulos de livro' class='pt-cv-tax-capitulos-de-livro'>cap\u00edtulos de livro<\/a>, <a href='https:\/\/events.ipv.pt\/uicisa\/en\/tag\/joao-duarte\/' title='Jo\u00e3o Duarte' class='pt-cv-tax-joao-duarte'>Jo\u00e3o Duarte<\/a>, <a href='https:\/\/events.ipv.pt\/uicisa\/en\/tag\/lidia-cabral\/' title='L\u00eddia Cabral' class='pt-cv-tax-lidia-cabral'>L\u00eddia Cabral<\/a>, <a href='https:\/\/events.ipv.pt\/uicisa\/en\/tag\/manuela-ferreira\/' title='Manuela Ferreira' class='pt-cv-tax-manuela-ferreira'>Manuela Ferreira<\/a>, <a href='https:\/\/events.ipv.pt\/uicisa\/en\/tag\/sofia-campos\/' title='Sofia Campos' class='pt-cv-tax-sofia-campos'>Sofia Campos<\/a><\/span><\/div><\/div><\/div>\n<div class=\"col-md-12 col-sm-12 col-xs-12 pt-cv-content-item pt-cv-1-col\" ><div class='pt-cv-ifield'><div class=\"pt-cv-content\"><p>Ferreira, M., Campos, S., Guin\u00e9, R., Duarte, J., Abrantes, J. L., Cabral, L., Balula, J. (2021).<br \/>\nInten\u00e7\u00e3o de abandono escolar dos estudantes do ensino superior: Fatores relacionais e de gest\u00e3o de vida.<br \/>\nIn M. Ferreira, S. Campos, A. P. Cardoso, C. Chaves (Eds.), Compet\u00eancias emocionais e preven\u00e7\u00e3o do abandono no ensino superior (pp. 102-113).<br \/>\nViseu, Portugal: Edi\u00e7\u00f5es Esgotadas.<\/p>\n<\/div>\n<div class=\"pt-cv-meta-fields\"><span class=\"terms\"> <a href='https:\/\/events.ipv.pt\/uicisa\/en\/category\/2021\/' title='2021' class='pt-cv-tax-2021'>2021<\/a>, <a href='https:\/\/events.ipv.pt\/uicisa\/en\/category\/producao-cientifica\/capitulos-de-livro\/' title='cap\u00edtulos de livro' class='pt-cv-tax-capitulos-de-livro'>cap\u00edtulos de livro<\/a>, <a href='https:\/\/events.ipv.pt\/uicisa\/en\/tag\/joao-duarte\/' title='Jo\u00e3o Duarte' class='pt-cv-tax-joao-duarte'>Jo\u00e3o Duarte<\/a>, <a href='https:\/\/events.ipv.pt\/uicisa\/en\/tag\/lidia-cabral\/' title='L\u00eddia Cabral' class='pt-cv-tax-lidia-cabral'>L\u00eddia Cabral<\/a>, <a href='https:\/\/events.ipv.pt\/uicisa\/en\/tag\/manuela-ferreira\/' title='Manuela Ferreira' class='pt-cv-tax-manuela-ferreira'>Manuela Ferreira<\/a>, <a href='https:\/\/events.ipv.pt\/uicisa\/en\/tag\/sofia-campos\/' title='Sofia Campos' class='pt-cv-tax-sofia-campos'>Sofia Campos<\/a><\/span><\/div><\/div><\/div>\n<div class=\"col-md-12 col-sm-12 col-xs-12 pt-cv-content-item pt-cv-1-col\" ><div class='pt-cv-ifield'><div class=\"pt-cv-content\"><p>Ferreira, M., Campos, S., Guin\u00e9, R., Duarte, J., Abrantes, J. L., Cabral, L. (2021).<br \/>\nRevalida\u00e7\u00e3o do question\u00e1rio de qualidade de vida acad\u00e9mica para os estudantes do ensino superior polit\u00e9cnico portugu\u00eas.<br \/>\nIn M. Ferreira, S. Campos, A. P. Cardoso, C. Chaves (Eds.), Compet\u00eancias emocionais e preven\u00e7\u00e3o do abandono no ensino superior (pp. 62-77).<br \/>\nViseu, Portugal: Edi\u00e7\u00f5es Esgotadas.<\/p>\n<\/div>\n<div class=\"pt-cv-meta-fields\"><span class=\"terms\"> <a href='https:\/\/events.ipv.pt\/uicisa\/en\/category\/2021\/' title='2021' class='pt-cv-tax-2021'>2021<\/a>, <a href='https:\/\/events.ipv.pt\/uicisa\/en\/category\/producao-cientifica\/capitulos-de-livro\/' title='cap\u00edtulos de livro' class='pt-cv-tax-capitulos-de-livro'>cap\u00edtulos de livro<\/a>, <a href='https:\/\/events.ipv.pt\/uicisa\/en\/tag\/joao-duarte\/' title='Jo\u00e3o Duarte' class='pt-cv-tax-joao-duarte'>Jo\u00e3o Duarte<\/a>, <a href='https:\/\/events.ipv.pt\/uicisa\/en\/tag\/lidia-cabral\/' title='L\u00eddia Cabral' class='pt-cv-tax-lidia-cabral'>L\u00eddia Cabral<\/a>, <a href='https:\/\/events.ipv.pt\/uicisa\/en\/tag\/manuela-ferreira\/' title='Manuela Ferreira' class='pt-cv-tax-manuela-ferreira'>Manuela Ferreira<\/a>, <a href='https:\/\/events.ipv.pt\/uicisa\/en\/tag\/sofia-campos\/' title='Sofia Campos' class='pt-cv-tax-sofia-campos'>Sofia Campos<\/a><\/span><\/div><\/div><\/div>\n<div class=\"col-md-12 col-sm-12 col-xs-12 pt-cv-content-item pt-cv-1-col\" ><div class='pt-cv-ifield'><div class=\"pt-cv-content\"><p>Ferreira, M., Campos, S., Duarte, J., Cardoso, A. P., Alves, A., Lopes, A., Teixeira, F., et al. (2021).<br \/>\nAlimenta\u00e7\u00e3o saud\u00e1vel na popula\u00e7\u00e3o portuguesa: Alguns fatores intervenientes.<br \/>\nIn R. Guin\u00e9 (Eds.), Projeto EATMOT Motiva\u00e7\u00f5es alimentares (pp. 109-129).<br \/>\nViseu, Portugal: CERNAS \u2013 Centro de Estudos em Recursos Naturais, Ambiente e Sociedade. Instituto Polit\u00e9cnico de Viseu.<\/p>\n<\/div>\n<div class=\"pt-cv-meta-fields\"><span class=\"terms\"> <a href='https:\/\/events.ipv.pt\/uicisa\/en\/category\/2021\/' title='2021' class='pt-cv-tax-2021'>2021<\/a>, <a href='https:\/\/events.ipv.pt\/uicisa\/en\/category\/producao-cientifica\/capitulos-de-livro\/' title='cap\u00edtulos de livro' class='pt-cv-tax-capitulos-de-livro'>cap\u00edtulos de livro<\/a>, <a href='https:\/\/events.ipv.pt\/uicisa\/en\/tag\/joao-duarte\/' title='Jo\u00e3o Duarte' class='pt-cv-tax-joao-duarte'>Jo\u00e3o Duarte<\/a>, <a href='https:\/\/events.ipv.pt\/uicisa\/en\/tag\/manuela-ferreira\/' title='Manuela Ferreira' class='pt-cv-tax-manuela-ferreira'>Manuela Ferreira<\/a>, <a href='https:\/\/events.ipv.pt\/uicisa\/en\/tag\/sofia-campos\/' title='Sofia Campos' class='pt-cv-tax-sofia-campos'>Sofia Campos<\/a><\/span><\/div><\/div><\/div>\n<div class=\"col-md-12 col-sm-12 col-xs-12 pt-cv-content-item pt-cv-1-col\" ><div class='pt-cv-ifield'><div class=\"pt-cv-content\"><p>Cardoso, A. P., Ferreira, V., Leal, M., Ferreira, M., Campos, S., Guin\u00e9, R. P. F. (2021).<br \/>\nPerceptions about healthy eating and emotional factors conditioning eating behaviour: A study involving Portugal, Brazil and Argentina.<br \/>\nIn R. Guin\u00e9 (Eds.), Motivations Associated with Food Choices and Eating Practices (pp. 211-224).<\/p>\n<\/div>\n<div class=\"pt-cv-meta-fields\"><span class=\"terms\"> <a href='https:\/\/events.ipv.pt\/uicisa\/en\/category\/2021\/' title='2021' class='pt-cv-tax-2021'>2021<\/a>, <a href='https:\/\/events.ipv.pt\/uicisa\/en\/category\/producao-cientifica\/capitulos-de-livro\/' title='cap\u00edtulos de livro' class='pt-cv-tax-capitulos-de-livro'>cap\u00edtulos de livro<\/a>, <a href='https:\/\/events.ipv.pt\/uicisa\/en\/tag\/manuela-ferreira\/' title='Manuela Ferreira' class='pt-cv-tax-manuela-ferreira'>Manuela Ferreira<\/a>, <a href='https:\/\/events.ipv.pt\/uicisa\/en\/tag\/sofia-campos\/' title='Sofia Campos' class='pt-cv-tax-sofia-campos'>Sofia Campos<\/a><\/span><\/div><\/div><\/div>\n<div class=\"col-md-12 col-sm-12 col-xs-12 pt-cv-content-item pt-cv-1-col\" ><div class='pt-cv-ifield'><div class=\"pt-cv-content\"><p>Cardoso, A. P., Cabral, L., Duarte, J., Ferreira, M., Campos, S., Andrade, J., Ribeiro, A., et al. (2021).<br \/>\nInflu\u00eancia das motiva\u00e7\u00f5es sociais e culturais no comportamento alimentar. In R. Guin\u00e9 (Ed.), Projeto EATMOT Motiva\u00e7\u00f5es alimentares (pp. 73-86).<br \/>\nViseu, Portugal: CERNAS \u2013 Centro de Estudos em Recursos Naturais, Ambiente e Sociedade. Instituto Polit\u00e9cnico de Viseu.<\/p>\n<\/div>\n<div class=\"pt-cv-meta-fields\"><span class=\"terms\"> <a href='https:\/\/events.ipv.pt\/uicisa\/en\/category\/2021\/' title='2021' class='pt-cv-tax-2021'>2021<\/a>, <a href='https:\/\/events.ipv.pt\/uicisa\/en\/category\/producao-cientifica\/capitulos-de-livro\/' title='cap\u00edtulos de livro' class='pt-cv-tax-capitulos-de-livro'>cap\u00edtulos de livro<\/a>, <a href='https:\/\/events.ipv.pt\/uicisa\/en\/tag\/joao-duarte\/' title='Jo\u00e3o Duarte' class='pt-cv-tax-joao-duarte'>Jo\u00e3o Duarte<\/a>, <a href='https:\/\/events.ipv.pt\/uicisa\/en\/tag\/lidia-cabral\/' title='L\u00eddia Cabral' class='pt-cv-tax-lidia-cabral'>L\u00eddia Cabral<\/a>, <a href='https:\/\/events.ipv.pt\/uicisa\/en\/tag\/manuela-ferreira\/' title='Manuela Ferreira' class='pt-cv-tax-manuela-ferreira'>Manuela Ferreira<\/a>, <a href='https:\/\/events.ipv.pt\/uicisa\/en\/tag\/sofia-campos\/' title='Sofia Campos' class='pt-cv-tax-sofia-campos'>Sofia Campos<\/a><\/span><\/div><\/div><\/div>\n<div class=\"col-md-12 col-sm-12 col-xs-12 pt-cv-content-item pt-cv-1-col\" ><div class='pt-cv-ifield'><div class=\"pt-cv-content\"><p>Campos, S., Ferreira, M., Duarte, J., Chaves, C., Cardoso, A. P., Ambiel, R., Correia, T. (2021).<br \/>\nInten\u00e7\u00e3o de abandono escolar dos estudantes do ensino superior: A relev\u00e2ncia das dimens\u00f5es organizacionais e de profiss\u00e3o\/carreira.<br \/>\nIn M. Ferreira, S. Campos, A. P. Cardoso, C. Chaves (Eds.), Compet\u00eancias emocionais e preven\u00e7\u00e3o do abandono no ensino superior (pp. 114-125).<br \/>\nViseu, Portugal: Edi\u00e7\u00f5es Esgotadas.<\/p>\n<\/div>\n<div class=\"pt-cv-meta-fields\"><span class=\"terms\"> <a href='https:\/\/events.ipv.pt\/uicisa\/en\/category\/2021\/' title='2021' class='pt-cv-tax-2021'>2021<\/a>, <a href='https:\/\/events.ipv.pt\/uicisa\/en\/category\/producao-cientifica\/capitulos-de-livro\/' title='cap\u00edtulos de livro' class='pt-cv-tax-capitulos-de-livro'>cap\u00edtulos de livro<\/a>, <a href='https:\/\/events.ipv.pt\/uicisa\/en\/tag\/joao-duarte\/' title='Jo\u00e3o Duarte' class='pt-cv-tax-joao-duarte'>Jo\u00e3o Duarte<\/a>, <a href='https:\/\/events.ipv.pt\/uicisa\/en\/tag\/manuela-ferreira\/' title='Manuela Ferreira' class='pt-cv-tax-manuela-ferreira'>Manuela Ferreira<\/a>, <a href='https:\/\/events.ipv.pt\/uicisa\/en\/tag\/sofia-campos\/' title='Sofia Campos' class='pt-cv-tax-sofia-campos'>Sofia Campos<\/a><\/span><\/div><\/div><\/div>\n<div class=\"col-md-12 col-sm-12 col-xs-12 pt-cv-content-item pt-cv-1-col\" ><div class='pt-cv-ifield'><div class=\"pt-cv-content\"><p>Campos, S., Duarte, J., Ferreira, M., Cardoso, A. P., Andrade, J., Oliveira, A., Gon\u00e7alves, E., et al. (2021).<br \/>\nEmo\u00e7\u00f5es e alimenta\u00e7\u00e3o: Um estudo numa amostra portuguesa.<br \/>\nIn R. guin\u00e9 (Eds.), Projeto EATMOT Motiva\u00e7\u00f5es alimentares (pp. 87-108).<br \/>\nViseu, Portugal: CERNAS \u2013 Centro de Estudos em Recursos Naturais, Ambiente e Sociedade. Instituto Polit\u00e9cnico de Viseu.<\/p>\n<\/div>\n<div class=\"pt-cv-meta-fields\"><span class=\"terms\"> <a href='https:\/\/events.ipv.pt\/uicisa\/en\/category\/2021\/' title='2021' class='pt-cv-tax-2021'>2021<\/a>, <a href='https:\/\/events.ipv.pt\/uicisa\/en\/category\/producao-cientifica\/capitulos-de-livro\/' title='cap\u00edtulos de livro' class='pt-cv-tax-capitulos-de-livro'>cap\u00edtulos de livro<\/a>, <a href='https:\/\/events.ipv.pt\/uicisa\/en\/tag\/joao-duarte\/' title='Jo\u00e3o Duarte' class='pt-cv-tax-joao-duarte'>Jo\u00e3o Duarte<\/a>, <a href='https:\/\/events.ipv.pt\/uicisa\/en\/tag\/manuela-ferreira\/' title='Manuela Ferreira' class='pt-cv-tax-manuela-ferreira'>Manuela Ferreira<\/a>, <a href='https:\/\/events.ipv.pt\/uicisa\/en\/tag\/sofia-campos\/' title='Sofia Campos' class='pt-cv-tax-sofia-campos'>Sofia Campos<\/a><\/span><\/div><\/div><\/div>\n<div class=\"col-md-12 col-sm-12 col-xs-12 pt-cv-content-item pt-cv-1-col\" ><div class='pt-cv-ifield'><div class=\"pt-cv-content\"><p>Apar\u00edcio, G., Martins, I., Ferreira, M., Bastos, J. (2021).<br \/>\nQualidade de Vida em Estudantes do Ensino Superior: Revis\u00e3o Explorat\u00f3ria de Literatura.<br \/>\nIn M. Ferreira, S. Campos, A. P. Cardoso, C. Chaves (Eds.), Compet\u00eancias emocionais e preven\u00e7\u00e3o de abandono no ensino superior (pp. 78-86).<br \/>\nViseu, Portugal: Edi\u00e7\u00f5es Esgotadas.<\/p>\n<\/div>\n<div class=\"pt-cv-meta-fields\"><span class=\"terms\"> <a href='https:\/\/events.ipv.pt\/uicisa\/en\/category\/2021\/' title='2021' class='pt-cv-tax-2021'>2021<\/a>, <a href='https:\/\/events.ipv.pt\/uicisa\/en\/category\/producao-cientifica\/capitulos-de-livro\/' title='cap\u00edtulos de livro' class='pt-cv-tax-capitulos-de-livro'>cap\u00edtulos de livro<\/a>, <a href='https:\/\/events.ipv.pt\/uicisa\/en\/tag\/graca-aparicio\/' title='Gra\u00e7a Apar\u00edcio' class='pt-cv-tax-graca-aparicio'>Gra\u00e7a Apar\u00edcio<\/a>, <a href='https:\/\/events.ipv.pt\/uicisa\/en\/tag\/manuela-ferreira\/' title='Manuela Ferreira' class='pt-cv-tax-manuela-ferreira'>Manuela Ferreira<\/a><\/span><\/div><\/div><\/div>\n<div class=\"col-md-12 col-sm-12 col-xs-12 pt-cv-content-item pt-cv-1-col\" ><div class='pt-cv-ifield'><div class=\"pt-cv-content\"><p>Apar\u00edcio, G., Campos, S., Ferreira, M. (2021).<br \/>\nCompet\u00eancias Emocionais e Sucesso Acad\u00e9mico: Revis\u00e3o da Literatura.<br \/>\nIn M. Ferreira, S. Campos, A. P. Cardoso, C. Chaves (Eds.), Compet\u00eancias emocionais e preven\u00e7\u00e3o de abandono no ensino superior (pp. 36-49).<br \/>\nViseu, Portugal: Edi\u00e7\u00f5es Esgotadas.<\/p>\n<\/div>\n<div class=\"pt-cv-meta-fields\"><span class=\"terms\"> <a href='https:\/\/events.ipv.pt\/uicisa\/en\/category\/2021\/' title='2021' class='pt-cv-tax-2021'>2021<\/a>, <a href='https:\/\/events.ipv.pt\/uicisa\/en\/category\/producao-cientifica\/capitulos-de-livro\/' title='cap\u00edtulos de livro' class='pt-cv-tax-capitulos-de-livro'>cap\u00edtulos de livro<\/a>, <a href='https:\/\/events.ipv.pt\/uicisa\/en\/tag\/graca-aparicio\/' title='Gra\u00e7a Apar\u00edcio' class='pt-cv-tax-graca-aparicio'>Gra\u00e7a Apar\u00edcio<\/a>, <a href='https:\/\/events.ipv.pt\/uicisa\/en\/tag\/manuela-ferreira\/' title='Manuela Ferreira' class='pt-cv-tax-manuela-ferreira'>Manuela Ferreira<\/a>, <a href='https:\/\/events.ipv.pt\/uicisa\/en\/tag\/sofia-campos\/' title='Sofia Campos' class='pt-cv-tax-sofia-campos'>Sofia Campos<\/a><\/span><\/div><\/div><\/div>\n<div class=\"col-md-12 col-sm-12 col-xs-12 pt-cv-content-item pt-cv-1-col\" ><div class='pt-cv-ifield'><div class=\"pt-cv-content\"><p>Chaves, C., Andrade, A., Duarte, J., Gon\u00e7alves, C., Silva, L. S., Correia, M., Alves, P., Cardoso, A. P., Chocarro, E. (2021).<br \/>\nInten\u00e7\u00e3o de abandono no ensino superior: Estudo comparativo entre estudantes portugueses e espanh\u00f3is.<br \/>\nIn M. Ferreira, S. Campos, A. P. Cardoso, C. Chaves (Eds.), Compet\u00eancias emocionais e preven\u00e7\u00e3o de abandono no ensino superior (pp. 128-151).<br \/>\nEdi\u00e7\u00f5es Esgotadas<\/p>\n<\/div>\n<div class=\"pt-cv-meta-fields\"><span class=\"terms\"> <a href='https:\/\/events.ipv.pt\/uicisa\/en\/category\/2021\/' title='2021' class='pt-cv-tax-2021'>2021<\/a>, <a href='https:\/\/events.ipv.pt\/uicisa\/en\/tag\/ana-andrade\/' title='Ana Andrade' class='pt-cv-tax-ana-andrade'>Ana Andrade<\/a>, <a href='https:\/\/events.ipv.pt\/uicisa\/en\/category\/producao-cientifica\/capitulos-de-livro\/' title='cap\u00edtulos de livro' class='pt-cv-tax-capitulos-de-livro'>cap\u00edtulos de livro<\/a>, <a href='https:\/\/events.ipv.pt\/uicisa\/en\/tag\/joao-duarte\/' title='Jo\u00e3o Duarte' class='pt-cv-tax-joao-duarte'>Jo\u00e3o Duarte<\/a><\/span><\/div><\/div><\/div><\/div><\/div><\/div>\n<\/div>\n<\/div>\n<div id=\"artInd\" class=\"contentEquipa\" data-group=\"grupoProd\">\n<!-- *********** ARTIGOS INDEXADOS  *********** --><\/p>\n<div class=\"rw esp20-0\">\n<button class=\"tablinks bTab\" data-group=\"grupo102\" data-target=\"ari_2025\"><span class=\"fw500 fRosa\"><span>61<\/span><\/span> | 2025<\/button> <button class=\"tablinks bTab\" data-group=\"grupo102\" data-target=\"ari_2024\"><span class=\"fw500 fRosa\"><span>46<\/span><\/span> | 2024<\/button> <button class=\"tablinks bTab\" data-group=\"grupo102\" data-target=\"ari_2023\"><span class=\"fw500 fRosa\"><span>21<\/span><\/span> | 2023<\/button> <button class=\"tablinks bTab\" data-group=\"grupo102\" data-target=\"ari_2022\"><span class=\"fw500 fRosa\"><span>14<\/span><\/span> | 2022-2021<\/button><\/div>\n<div id=\"ari_2025\" class=\"contentEquipa bgBranco esp50\" data-group=\"grupo102\">\n<div class=\"pt-cv-wrapper\"><div class=\"pt-cv-view pt-cv-grid pt-cv-colsys\" id=\"pt-cv-view-b2f4656cm7\"><div data-id=\"pt-cv-page-1\" class=\"pt-cv-page\" data-cvc=\"1\"><div class=\"col-md-12 col-sm-12 col-xs-12 pt-cv-content-item pt-cv-1-col\" ><div class='pt-cv-ifield'><div class=\"pt-cv-content\"><p>Andrade, I., Cunha, M., Santos, E., &#038; Cruz, M. (2025).<br \/>\n\u00cdndice Press\u00e3o Tornozelo Bra\u00e7o: Implica\u00e7\u00e3o no Tempo de Cicatriza\u00e7\u00e3o da \u00dalcera de Perna.<br \/>\nRevista de Enfermagem Refer\u00eancia, 6(4), e41357.<br \/>\n<a href=\"https:\/\/doi.org\/10.12707\/RVI25.38.41357\" target=\"_blank\">https:\/\/doi.org\/10.12707\/RVI25.38.41357<\/a><\/p>\n<\/div>\n<div class=\"pt-cv-meta-fields\"><span class=\"terms\"> <a href='https:\/\/events.ipv.pt\/uicisa\/en\/category\/2025\/' title='2025' class='pt-cv-tax-2025'>2025<\/a>, <a href='https:\/\/events.ipv.pt\/uicisa\/en\/category\/producao-cientifica\/artigos-jcr-sjr\/' title='artigos jcr\/sjr' class='pt-cv-tax-artigos-jcr-sjr'>artigos jcr\/sjr<\/a>, <a href='https:\/\/events.ipv.pt\/uicisa\/en\/tag\/eduardo-santos\/' title='Eduardo Santos' class='pt-cv-tax-eduardo-santos'>Eduardo Santos<\/a>, <a href='https:\/\/events.ipv.pt\/uicisa\/en\/tag\/madalena-cunha\/' title='Madalena Cunha' class='pt-cv-tax-madalena-cunha'>Madalena Cunha<\/a><\/span><\/div><\/div><\/div>\n<div class=\"col-md-12 col-sm-12 col-xs-12 pt-cv-content-item pt-cv-1-col\" ><div class='pt-cv-ifield'><div class=\"pt-cv-content\"><p>Loureiro, M., &#038; Nelas, P. (2025).<br \/>\nThe application of non-pharmacological techniques for pain relief in labor.<br \/>\nMillenium &#8211; Journal of Education, Technologies, and Health, 2(20e), e41252.<br \/>\n<a href=\"https:\/\/doi.org\/10.29352\/mill0220e.41252\" target=\"_blank\">https:\/\/doi.org\/10.29352\/mill0220e.41252<\/a> <\/p>\n<\/div>\n<div class=\"pt-cv-meta-fields\"><span class=\"terms\"> <a href='https:\/\/events.ipv.pt\/uicisa\/en\/category\/2025\/' title='2025' class='pt-cv-tax-2025'>2025<\/a>, <a href='https:\/\/events.ipv.pt\/uicisa\/en\/category\/producao-cientifica\/artigos-jcr-sjr\/' title='artigos jcr\/sjr' class='pt-cv-tax-artigos-jcr-sjr'>artigos jcr\/sjr<\/a>, <a href='https:\/\/events.ipv.pt\/uicisa\/en\/tag\/paula-nelas\/' title='Paula Nelas' class='pt-cv-tax-paula-nelas'>Paula Nelas<\/a><\/span><\/div><\/div><\/div>\n<div class=\"col-md-12 col-sm-12 col-xs-12 pt-cv-content-item pt-cv-1-col\" ><div class='pt-cv-ifield'><div class=\"pt-cv-content\"><p>Martins, P., Ratola, A., &#038; Nelas, P. (2025).<br \/>\nThe influence of perineal massage from 34 weeks of pregnancy on preventing perineal trauma.<br \/>\nMillenium &#8211; Journal of Education, Technologies, and Health, 2(18e), e40388.<br \/>\n<a href=\"https:\/\/doi.org\/10.29352\/mill0218e.40388\" target=\"_blank\">https:\/\/doi.org\/10.29352\/mill0218e.40388<\/a><\/p>\n<\/div>\n<div class=\"pt-cv-meta-fields\"><span class=\"terms\"> <a href='https:\/\/events.ipv.pt\/uicisa\/en\/category\/2025\/' title='2025' class='pt-cv-tax-2025'>2025<\/a>, <a href='https:\/\/events.ipv.pt\/uicisa\/en\/category\/producao-cientifica\/artigos-jcr-sjr\/' title='artigos jcr\/sjr' class='pt-cv-tax-artigos-jcr-sjr'>artigos jcr\/sjr<\/a>, <a href='https:\/\/events.ipv.pt\/uicisa\/en\/tag\/paula-nelas\/' title='Paula Nelas' class='pt-cv-tax-paula-nelas'>Paula Nelas<\/a><\/span><\/div><\/div><\/div>\n<div class=\"col-md-12 col-sm-12 col-xs-12 pt-cv-content-item pt-cv-1-col\" ><div class='pt-cv-ifield'><div class=\"pt-cv-content\"><p>Andrade, I., &#038; Cunha, M. (2025).<br \/>\nFactors that impact leg ulcer healing.<br \/>\nMillenium &#8211; Journal of Education, Technologies, and Health, 2(17e), e38852.<br \/>\n<a href=\"https:\/\/doi.org\/10.29352\/mill0217e.38852\" target=\"_blank\">https:\/\/doi.org\/10.29352\/mill0217e.38852<\/a> <\/p>\n<\/div>\n<div class=\"pt-cv-meta-fields\"><span class=\"terms\"> <a href='https:\/\/events.ipv.pt\/uicisa\/en\/category\/2025\/' title='2025' class='pt-cv-tax-2025'>2025<\/a>, <a href='https:\/\/events.ipv.pt\/uicisa\/en\/category\/producao-cientifica\/artigos-jcr-sjr\/' title='artigos jcr\/sjr' class='pt-cv-tax-artigos-jcr-sjr'>artigos jcr\/sjr<\/a>, <a href='https:\/\/events.ipv.pt\/uicisa\/en\/tag\/madalena-cunha\/' title='Madalena Cunha' class='pt-cv-tax-madalena-cunha'>Madalena Cunha<\/a><\/span><\/div><\/div><\/div>\n<div class=\"col-md-12 col-sm-12 col-xs-12 pt-cv-content-item pt-cv-1-col\" ><div class='pt-cv-ifield'><div class=\"pt-cv-content\"><p>Pires, B., &#038; Lopes, T. (2025).<br \/>\nQuedas no servi\u00e7o de cirurgia: incid\u00eancia e caracteriza\u00e7\u00e3o.<br \/>\nMillenium &#8211; Journal of Education, Technologies, and Health, 2 (ed. espec. n\u00ba20), e41849.<br \/>\n<a href=\"https:\/\/doi.org\/10.29352\/mill0220e.41849\" target=\"_blank\">https:\/\/doi.org\/10.29352\/mill0220e.41849<\/a><\/p>\n<\/div>\n<div class=\"pt-cv-meta-fields\"><span class=\"terms\"> <a href='https:\/\/events.ipv.pt\/uicisa\/en\/category\/2025\/' title='2025' class='pt-cv-tax-2025'>2025<\/a>, <a href='https:\/\/events.ipv.pt\/uicisa\/en\/category\/producao-cientifica\/artigos-jcr-sjr\/' title='artigos jcr\/sjr' class='pt-cv-tax-artigos-jcr-sjr'>artigos jcr\/sjr<\/a>, <a href='https:\/\/events.ipv.pt\/uicisa\/en\/tag\/teresa-lopes\/' title='Teresa Lopes' class='pt-cv-tax-teresa-lopes'>Teresa Lopes<\/a><\/span><\/div><\/div><\/div>\n<div class=\"col-md-12 col-sm-12 col-xs-12 pt-cv-content-item pt-cv-1-col\" ><div class='pt-cv-ifield'><div class=\"pt-cv-content\"><p>Santos, E., Brito, A. C., Fonseca, L., Figueiredo, M., Esteves, M., &#038; Santos, D. (2026).<br \/>\nInterventions to reduce overcrowding in emergency departments: An umbrella review.<br \/>\nInternational Emergency Nursing, 84, 101729.<br \/>\n<a href=\"https:\/\/doi.org\/https:\/\/doi.org\/10.1016\/j.ienj.2025.101729\" target=\"_blank\">https:\/\/doi.org\/https:\/\/doi.org\/10.1016\/j.ienj.2025.101729<\/a><\/p>\n<\/div>\n<div class=\"pt-cv-meta-fields\"><span class=\"terms\"> <a href='https:\/\/events.ipv.pt\/uicisa\/en\/category\/2025\/' title='2025' class='pt-cv-tax-2025'>2025<\/a>, <a href='https:\/\/events.ipv.pt\/uicisa\/en\/category\/producao-cientifica\/artigos-jcr-sjr\/' title='artigos jcr\/sjr' class='pt-cv-tax-artigos-jcr-sjr'>artigos jcr\/sjr<\/a>, <a href='https:\/\/events.ipv.pt\/uicisa\/en\/tag\/eduardo-santos\/' title='Eduardo Santos' class='pt-cv-tax-eduardo-santos'>Eduardo Santos<\/a><\/span><\/div><\/div><\/div>\n<div class=\"col-md-12 col-sm-12 col-xs-12 pt-cv-content-item pt-cv-1-col\" ><div class='pt-cv-ifield'><div class=\"pt-cv-content\"><p>Ribeiro, P., Madureira Dias, A., &#038; Borges, A. S. (2025).<br \/>\nCompetencies of perioperative nurses in the safety of people in a perioperative situation: scoping review.<br \/>\nMillenium &#8211; Journal of Education, Technologies, and Health, 2(ed. espec. n\u00ba17), e39128.<br \/>\nDOI: <a href=\"https:\/\/doi.org\/10.29352\/mill0217e.39128\" target=\"_blank\">https:\/\/doi.org\/10.29352\/mill0217e.39128<\/a><\/p>\n<\/div>\n<div class=\"pt-cv-meta-fields\"><span class=\"terms\"> <a href='https:\/\/events.ipv.pt\/uicisa\/en\/category\/2025\/' title='2025' class='pt-cv-tax-2025'>2025<\/a>, <a href='https:\/\/events.ipv.pt\/uicisa\/en\/tag\/antonio-dias\/' title='Ant\u00f3nio Dias' class='pt-cv-tax-antonio-dias'>Ant\u00f3nio Dias<\/a>, <a href='https:\/\/events.ipv.pt\/uicisa\/en\/category\/producao-cientifica\/artigos-jcr-sjr\/' title='artigos jcr\/sjr' class='pt-cv-tax-artigos-jcr-sjr'>artigos jcr\/sjr<\/a><\/span><\/div><\/div><\/div>\n<div class=\"col-md-12 col-sm-12 col-xs-12 pt-cv-content-item pt-cv-1-col\" ><div class='pt-cv-ifield'><div class=\"pt-cv-content\"><p>Borges, S., Madureira Dias, A., &#038; Ribeiro, P. (2025).<br \/>\nNursing care to the peripherally inserted central venous cateter: scoping review.<br \/>\nMillenium &#8211; Journal of Education, Technologies, and Health, 2(ed. espec. n\u00ba17), e39118.<br \/>\nDOI: <a href=\"https:\/\/doi.org\/10.29352\/mill0217e.39118\" target=\"_blank\">https:\/\/doi.org\/10.29352\/mill0217e.39118<\/a><\/p>\n<\/div>\n<div class=\"pt-cv-meta-fields\"><span class=\"terms\"> <a href='https:\/\/events.ipv.pt\/uicisa\/en\/category\/2025\/' title='2025' class='pt-cv-tax-2025'>2025<\/a>, <a href='https:\/\/events.ipv.pt\/uicisa\/en\/tag\/antonio-dias\/' title='Ant\u00f3nio Dias' class='pt-cv-tax-antonio-dias'>Ant\u00f3nio Dias<\/a>, <a href='https:\/\/events.ipv.pt\/uicisa\/en\/category\/producao-cientifica\/artigos-jcr-sjr\/' title='artigos jcr\/sjr' class='pt-cv-tax-artigos-jcr-sjr'>artigos jcr\/sjr<\/a><\/span><\/div><\/div><\/div>\n<div class=\"col-md-12 col-sm-12 col-xs-12 pt-cv-content-item pt-cv-1-col\" ><div class='pt-cv-ifield'><div class=\"pt-cv-content\"><p>Santos, M., Zdravevski, E., Albuquerque, C., Coelho, P. J., &#038; Pires, I. M. (2025).<br \/>\nTen Meter Walk Test for motor function assessment with technological devices based on lower members\u2019 movements: A systematic review.<br \/>\nComputers in Biology and Medicine, 187, 109734.<\/p>\n<\/div>\n<div class=\"pt-cv-meta-fields\"><span class=\"terms\"> <a href='https:\/\/events.ipv.pt\/uicisa\/en\/category\/2025\/' title='2025' class='pt-cv-tax-2025'>2025<\/a>, <a href='https:\/\/events.ipv.pt\/uicisa\/en\/category\/producao-cientifica\/artigos-jcr-sjr\/' title='artigos jcr\/sjr' class='pt-cv-tax-artigos-jcr-sjr'>artigos jcr\/sjr<\/a>, <a href='https:\/\/events.ipv.pt\/uicisa\/en\/tag\/carlos-albuquerque\/' title='Carlos Albuquerque' class='pt-cv-tax-carlos-albuquerque'>Carlos Albuquerque<\/a><\/span><\/div><\/div><\/div>\n<div class=\"col-md-12 col-sm-12 col-xs-12 pt-cv-content-item pt-cv-1-col\" ><div class='pt-cv-ifield'><div class=\"pt-cv-content\"><p>Santos, M., Lindo, A. C., Albuquerque, C., Coelho, P. J., &#038; Pires, I. M. (2025).<br \/>\nLower Limb Movement during 10-Meter Walk Test: A Dataset with Inertial, Magnetic, and Temperature Sensors.<br \/>\nScientific Data, 12(1), 529.<br \/>\n<a href=\"https:\/\/doi.org\/10.1038\/s41597-025-04819-x\" target=\"_blank\">https:\/\/doi.org\/10.1038\/s41597-025-04819-x<\/a><\/p>\n<\/div>\n<div class=\"pt-cv-meta-fields\"><span class=\"terms\"> <a href='https:\/\/events.ipv.pt\/uicisa\/en\/category\/2025\/' title='2025' class='pt-cv-tax-2025'>2025<\/a>, <a href='https:\/\/events.ipv.pt\/uicisa\/en\/category\/producao-cientifica\/artigos-jcr-sjr\/' title='artigos jcr\/sjr' class='pt-cv-tax-artigos-jcr-sjr'>artigos jcr\/sjr<\/a>, <a href='https:\/\/events.ipv.pt\/uicisa\/en\/tag\/carlos-albuquerque\/' title='Carlos Albuquerque' class='pt-cv-tax-carlos-albuquerque'>Carlos Albuquerque<\/a><\/span><\/div><\/div><\/div>\n<div class=\"col-md-12 col-sm-12 col-xs-12 pt-cv-content-item pt-cv-1-col\" ><div class='pt-cv-ifield'><div class=\"pt-cv-content\"><p>Albuquerque, C., Neves, P. A., Godinho, A., Zdravevski, E., Lameski, P., Pires, I. M., &#038; Coelho, P. J. (2025).<br \/>\nColonoscopy image analysis for polyp detection: A systematic review of existing approaches and opportunities.<br \/>\nIntelligence-Based Medicine, 100260.<br \/>\n<a href=\"https:\/\/doi.org\/10.1016\/j.ibmed.2025.100260\" target=\"_blank\">https:\/\/doi.org\/10.1016\/j.ibmed.2025.100260<\/a> <\/p>\n<\/div>\n<div class=\"pt-cv-meta-fields\"><span class=\"terms\"> <a href='https:\/\/events.ipv.pt\/uicisa\/en\/category\/2025\/' title='2025' class='pt-cv-tax-2025'>2025<\/a>, <a href='https:\/\/events.ipv.pt\/uicisa\/en\/category\/producao-cientifica\/artigos-jcr-sjr\/' title='artigos jcr\/sjr' class='pt-cv-tax-artigos-jcr-sjr'>artigos jcr\/sjr<\/a>, <a href='https:\/\/events.ipv.pt\/uicisa\/en\/tag\/carlos-albuquerque\/' title='Carlos Albuquerque' class='pt-cv-tax-carlos-albuquerque'>Carlos Albuquerque<\/a><\/span><\/div><\/div><\/div>\n<div class=\"col-md-12 col-sm-12 col-xs-12 pt-cv-content-item pt-cv-1-col\" ><div class='pt-cv-ifield'><div class=\"pt-cv-content\"><p>Pataca, A. O., Zdravevski, E., Coelho, P. J., Garcia, N. M., Deryuck, M., Albuquerque, C., &#038; Pires, I. M. (2025).<br \/>\nUse of machine learning for predicting stress episodes based on wearable sensor data: A systematic review.<br \/>\nComputers in biology and medicine, 198(Pt A), 111166.<br \/>\n<a href=\"https:\/\/doi.org\/10.1016\/j.compbiomed.2025.111166\" target=\"_blank\">https:\/\/doi.org\/10.1016\/j.compbiomed.2025.111166<\/a><\/p>\n<\/div>\n<div class=\"pt-cv-meta-fields\"><span class=\"terms\"> <a href='https:\/\/events.ipv.pt\/uicisa\/en\/category\/2025\/' title='2025' class='pt-cv-tax-2025'>2025<\/a>, <a href='https:\/\/events.ipv.pt\/uicisa\/en\/category\/producao-cientifica\/artigos-jcr-sjr\/' title='artigos jcr\/sjr' class='pt-cv-tax-artigos-jcr-sjr'>artigos jcr\/sjr<\/a>, <a href='https:\/\/events.ipv.pt\/uicisa\/en\/tag\/carlos-albuquerque\/' title='Carlos Albuquerque' class='pt-cv-tax-carlos-albuquerque'>Carlos Albuquerque<\/a><\/span><\/div><\/div><\/div>\n<div class=\"col-md-12 col-sm-12 col-xs-12 pt-cv-content-item pt-cv-1-col\" ><div class='pt-cv-ifield'><div class=\"pt-cv-content\"><p>Marinho, C., Koch, C., Bica, I., Benedetti, F.J., &#038; Reis Santos, M. (2025).<br \/>\nO uso de dispositivos eletr\u00f3nicos pelos toddlers.<br \/>\nMillenium -Journal of Education, Technologies, and Health, 2(ed. espec. n\u00ba17), e39110.<br \/>\n<a href=\"https:\/\/revistas.rcaap.pt\/millenium\/article\/view\/39110\" target=\"_blank\">https:\/\/revistas.rcaap.pt\/millenium\/article\/view\/39110<\/a><\/p>\n<\/div>\n<div class=\"pt-cv-meta-fields\"><span class=\"terms\"> <a href='https:\/\/events.ipv.pt\/uicisa\/en\/category\/2025\/' title='2025' class='pt-cv-tax-2025'>2025<\/a>, <a href='https:\/\/events.ipv.pt\/uicisa\/en\/category\/producao-cientifica\/artigos-jcr-sjr\/' title='artigos jcr\/sjr' class='pt-cv-tax-artigos-jcr-sjr'>artigos jcr\/sjr<\/a>, <a href='https:\/\/events.ipv.pt\/uicisa\/en\/tag\/isabel-bica\/' title='Isabel Bica' class='pt-cv-tax-isabel-bica'>Isabel Bica<\/a><\/span><\/div><\/div><\/div>\n<div class=\"col-md-12 col-sm-12 col-xs-12 pt-cv-content-item pt-cv-1-col\" ><div class='pt-cv-ifield'><div class=\"pt-cv-content\"><p>Louren\u00e7o, I., de Sousa, A., Vaz, A. R., Escaleira, A., &#038; Cordeiro, M. (2025).<br \/>\nNon-pharmacological interventions in Neonatal Abstinence Syndrome, from Betty Neuman\u2019s perspective: Scoping Review.<br \/>\nMillenium &#8211; Journal of Education, Technologies, and Health, 2(18e), e36924.<br \/>\n<a href=\"https:\/\/doi.org\/10.29352\/mill0218e.36924\" target=\"_blank\">https:\/\/doi.org\/10.29352\/mill0218e.36924<\/a><\/p>\n<\/div>\n<div class=\"pt-cv-meta-fields\"><span class=\"terms\"> <a href='https:\/\/events.ipv.pt\/uicisa\/en\/category\/2025\/' title='2025' class='pt-cv-tax-2025'>2025<\/a>, <a href='https:\/\/events.ipv.pt\/uicisa\/en\/category\/producao-cientifica\/artigos-jcr-sjr\/' title='artigos jcr\/sjr' class='pt-cv-tax-artigos-jcr-sjr'>artigos jcr\/sjr<\/a>, <a href='https:\/\/events.ipv.pt\/uicisa\/en\/tag\/manuel-cordeiro\/' title='Manuel Cordeiro' class='pt-cv-tax-manuel-cordeiro'>Manuel Cordeiro<\/a><\/span><\/div><\/div><\/div>\n<div class=\"col-md-12 col-sm-12 col-xs-12 pt-cv-content-item pt-cv-1-col\" ><div class='pt-cv-ifield'><div class=\"pt-cv-content\"><p>Antunes, M., Gomes, M. F., Matos, M., Vieira, V., &#038; Gama, F. (2025).<br \/>\nEfficacy of intranasal cetamine for pain reduction in adults in emergency situations: A systematic literature review.<br \/>\nMillenium \u2013 Journal of Education, Technologies, and Health, 2(18e), e36563.<br \/>\n<a href=\"https:\/\/doi.org\/10.29352\/mill0218e.36563\" target=\"_blank\">https:\/\/doi.org\/10.29352\/mill0218e.36563<\/a><\/p>\n<\/div>\n<div class=\"pt-cv-meta-fields\"><span class=\"terms\"> <a href='https:\/\/events.ipv.pt\/uicisa\/en\/category\/2025\/' title='2025' class='pt-cv-tax-2025'>2025<\/a>, <a href='https:\/\/events.ipv.pt\/uicisa\/en\/category\/producao-cientifica\/artigos-jcr-sjr\/' title='artigos jcr\/sjr' class='pt-cv-tax-artigos-jcr-sjr'>artigos jcr\/sjr<\/a>, <a href='https:\/\/events.ipv.pt\/uicisa\/en\/tag\/fernando-gama\/' title='Fernando Gama' class='pt-cv-tax-fernando-gama'>Fernando Gama<\/a><\/span><\/div><\/div><\/div>\n<div class=\"col-md-12 col-sm-12 col-xs-12 pt-cv-content-item pt-cv-1-col\" ><div class='pt-cv-ifield'><div class=\"pt-cv-content\"><p>Santos, M. J. de O., Lopes, J. P., Imagin\u00e1rio, C. I., Silva, H. S., &#038; Morais, E. V. A. (2025).<br \/>\nInfluence of Demographic and Academic Variables on Portuguese Nursing Undergraduate Students&#8217; Critical Thinking.<br \/>\nEnfermer\u00eda Global, (75), e624341.<br \/>\n<a href=\"https:\/\/doi.org\/10.6018\/eglobal.624341\" target=\"_blank\">https:\/\/doi.org\/10.6018\/eglobal.624341 <\/a><\/p>\n<\/div>\n<div class=\"pt-cv-meta-fields\"><span class=\"terms\"> <a href='https:\/\/events.ipv.pt\/uicisa\/en\/category\/2025\/' title='2025' class='pt-cv-tax-2025'>2025<\/a>, <a href='https:\/\/events.ipv.pt\/uicisa\/en\/category\/producao-cientifica\/artigos-jcr-sjr\/' title='artigos jcr\/sjr' class='pt-cv-tax-artigos-jcr-sjr'>artigos jcr\/sjr<\/a>, <a href='https:\/\/events.ipv.pt\/uicisa\/en\/tag\/maria-jose-santos\/' title='Maria Jos\u00e9 Santos' class='pt-cv-tax-maria-jose-santos'>Maria Jos\u00e9 Santos<\/a><\/span><\/div><\/div><\/div>\n<div class=\"col-md-12 col-sm-12 col-xs-12 pt-cv-content-item pt-cv-1-col\" ><div class='pt-cv-ifield'><div class=\"pt-cv-content\"><p>Ramos, S. C. L., Mota, M. A. L., Martins, M. M. F. P. S., &#038; Cunha, M. (2025).<br \/>\nOperacionaliza\u00e7\u00e3o da Teoria de Jean Watson na Presta\u00e7\u00e3o de Cuidados de Enfermagem \u00e0 Pessoa Transg\u00e9nero.<br \/>\nRevista De Enfermagem Refer\u00eancia, 6(4), 1\u20136.<br \/>\n<a href=\"https:\/\/doi.org\/10.12707\/RVI25.29.40793\" target=\"_blank\">https:\/\/doi.org\/10.12707\/RVI25.29.40793<\/a><\/p>\n<\/div>\n<div class=\"pt-cv-meta-fields\"><span class=\"terms\"> <a href='https:\/\/events.ipv.pt\/uicisa\/en\/category\/2025\/' title='2025' class='pt-cv-tax-2025'>2025<\/a>, <a href='https:\/\/events.ipv.pt\/uicisa\/en\/category\/producao-cientifica\/artigos-jcr-sjr\/' title='artigos jcr\/sjr' class='pt-cv-tax-artigos-jcr-sjr'>artigos jcr\/sjr<\/a>, <a href='https:\/\/events.ipv.pt\/uicisa\/en\/tag\/madalena-cunha\/' title='Madalena Cunha' class='pt-cv-tax-madalena-cunha'>Madalena Cunha<\/a>, <a href='https:\/\/events.ipv.pt\/uicisa\/en\/tag\/mauro-mota\/' title='Mauro Mota' class='pt-cv-tax-mauro-mota'>Mauro Mota<\/a><\/span><\/div><\/div><\/div>\n<div class=\"col-md-12 col-sm-12 col-xs-12 pt-cv-content-item pt-cv-1-col\" ><div class='pt-cv-ifield'><div class=\"pt-cv-content\"><p>Coelho, B., Caetano, M., Correia, R., Aidos, P., &#038; Cunha, M. (2025).<br \/>\nO agir \u00e9tico em enfermagem: scoping review.<br \/>\nMillenium -Journal of Education, Technologies, and Health, 2(ed. espec. n\u00ba17), e39618<\/p>\n<\/div>\n<div class=\"pt-cv-meta-fields\"><span class=\"terms\"> <a href='https:\/\/events.ipv.pt\/uicisa\/en\/category\/2025\/' title='2025' class='pt-cv-tax-2025'>2025<\/a>, <a href='https:\/\/events.ipv.pt\/uicisa\/en\/category\/producao-cientifica\/artigos-jcr-sjr\/' title='artigos jcr\/sjr' class='pt-cv-tax-artigos-jcr-sjr'>artigos jcr\/sjr<\/a>, <a href='https:\/\/events.ipv.pt\/uicisa\/en\/tag\/madalena-cunha\/' title='Madalena Cunha' class='pt-cv-tax-madalena-cunha'>Madalena Cunha<\/a><\/span><\/div><\/div><\/div>\n<div class=\"col-md-12 col-sm-12 col-xs-12 pt-cv-content-item pt-cv-1-col\" ><div class='pt-cv-ifield'><div class=\"pt-cv-content\"><p>Conde\u00e7o, L., Vieira, M., &#038; Cunha, M. (2025).<br \/>\nDescription and critical reflection of Simone Roach\u2019s caring theory.<br \/>\nMillenium &#8211; Journal of Education, Technologies, and Health, 2(17e), e40259.<br \/>\n<a href=\"https:\/\/doi.org\/10.29352\/mill0217e.40259\" target=\"_blank\">https:\/\/doi.org\/10.29352\/mill0217e.40259<\/a> <\/p>\n<\/div>\n<div class=\"pt-cv-meta-fields\"><span class=\"terms\"> <a href='https:\/\/events.ipv.pt\/uicisa\/en\/category\/2025\/' title='2025' class='pt-cv-tax-2025'>2025<\/a>, <a href='https:\/\/events.ipv.pt\/uicisa\/en\/category\/producao-cientifica\/artigos-jcr-sjr\/' title='artigos jcr\/sjr' class='pt-cv-tax-artigos-jcr-sjr'>artigos jcr\/sjr<\/a>, <a href='https:\/\/events.ipv.pt\/uicisa\/en\/tag\/luis-condeco\/' title='Lu\u00eds Conde\u00e7o' class='pt-cv-tax-luis-condeco'>Lu\u00eds Conde\u00e7o<\/a>, <a href='https:\/\/events.ipv.pt\/uicisa\/en\/tag\/madalena-cunha\/' title='Madalena Cunha' class='pt-cv-tax-madalena-cunha'>Madalena Cunha<\/a><\/span><\/div><\/div><\/div>\n<div class=\"col-md-12 col-sm-12 col-xs-12 pt-cv-content-item pt-cv-1-col\" ><div class='pt-cv-ifield'><div class=\"pt-cv-content\"><p>Albuquerque, D., &#038; Conde\u00e7o, L. (2025).<br \/>\nClinical supervision in the integration of nursing students in paediatric clinical education: an experience report.<br \/>\nMillenium &#8211; Journal of Education, Technologies, and Health, 2(18e), e35550.<br \/>\n<a href=\"https:\/\/doi.org\/10.29352\/mill0218e.35550\" target=\"_blank\">https:\/\/doi.org\/10.29352\/mill0218e.35550<\/a><\/p>\n<\/div>\n<div class=\"pt-cv-meta-fields\"><span class=\"terms\"> <a href='https:\/\/events.ipv.pt\/uicisa\/en\/category\/2025\/' title='2025' class='pt-cv-tax-2025'>2025<\/a>, <a href='https:\/\/events.ipv.pt\/uicisa\/en\/category\/producao-cientifica\/artigos-jcr-sjr\/' title='artigos jcr\/sjr' class='pt-cv-tax-artigos-jcr-sjr'>artigos jcr\/sjr<\/a>, <a href='https:\/\/events.ipv.pt\/uicisa\/en\/tag\/luis-condeco\/' title='Lu\u00eds Conde\u00e7o' class='pt-cv-tax-luis-condeco'>Lu\u00eds Conde\u00e7o<\/a><\/span><\/div><\/div><\/div>\n<div class=\"col-md-12 col-sm-12 col-xs-12 pt-cv-content-item pt-cv-1-col\" ><div class='pt-cv-ifield'><div class=\"pt-cv-content\"><p>Machado, D., Ribeiro, M. M. B., Assun\u00e7\u00e3o Laranjeira, A., Vilela, C. (2025).<br \/>\nThe Relationship Between Nurses\u2019 Emotional Competence and Evidence-Based Nursing: A Scoping Review<br \/>\nNursing Reports 15, no. 4: 124.<br \/>\n<a href=\"https:\/\/doi.org\/10.3390\/nursrep15040124\" target=\"_blank\">https:\/\/doi.org\/10.3390\/nursrep15040124<\/a><\/p>\n<\/div>\n<div class=\"pt-cv-meta-fields\"><span class=\"terms\"> <a href='https:\/\/events.ipv.pt\/uicisa\/en\/category\/2025\/' title='2025' class='pt-cv-tax-2025'>2025<\/a>, <a href='https:\/\/events.ipv.pt\/uicisa\/en\/category\/producao-cientifica\/artigos-jcr-sjr\/' title='artigos jcr\/sjr' class='pt-cv-tax-artigos-jcr-sjr'>artigos jcr\/sjr<\/a>, <a href='https:\/\/events.ipv.pt\/uicisa\/en\/tag\/assuncao-de-almeida\/' title='Assun\u00e7\u00e3o de Almeida' class='pt-cv-tax-assuncao-de-almeida'>Assun\u00e7\u00e3o de Almeida<\/a><\/span><\/div><\/div><\/div>\n<div class=\"col-md-12 col-sm-12 col-xs-12 pt-cv-content-item pt-cv-1-col\" ><div class='pt-cv-ifield'><div class=\"pt-cv-content\"><p>Ratola, A., Martins, P., &#038; Coutinho, E. (2025).<br \/>\nAtitudes do enfermeiro obstetra no cuidar casais com perda gestacional.<br \/>\nMillenium &#8211; Journal of Education, Technologies, and Health, 2(17), e40386.<br \/>\n<a href=\"https:\/\/doi.org\/10.29352\/mill0217e.40386\" target=\"_blank\">https:\/\/doi.org\/10.29352\/mill0217e.40386<\/a><\/p>\n<\/div>\n<div class=\"pt-cv-meta-fields\"><span class=\"terms\"> <a href='https:\/\/events.ipv.pt\/uicisa\/en\/category\/2025\/' title='2025' class='pt-cv-tax-2025'>2025<\/a>, <a href='https:\/\/events.ipv.pt\/uicisa\/en\/category\/producao-cientifica\/artigos-jcr-sjr\/' title='artigos jcr\/sjr' class='pt-cv-tax-artigos-jcr-sjr'>artigos jcr\/sjr<\/a>, <a href='https:\/\/events.ipv.pt\/uicisa\/en\/tag\/emilia-coutinho\/' title='Em\u00edlia Coutinho' class='pt-cv-tax-emilia-coutinho'>Em\u00edlia Coutinho<\/a><\/span><\/div><\/div><\/div>\n<div class=\"col-md-12 col-sm-12 col-xs-12 pt-cv-content-item pt-cv-1-col\" ><div class='pt-cv-ifield'><div class=\"pt-cv-content\"><p>Pires, B., Laia, I., Pereirinha, M., Tavares, M., Zunino, S., Gama, F., &#038; Coutinho, E. (2025).<br \/>\nEffectiveness of hydrogen peroxide in decontaminating hospital surfaces for infection control.<br \/>\nMillenium &#8211; Journal of Education, Technologies, and Health, 2(16e), e38083.<br \/>\n<a href=\"https:\/\/doi.org\/10.29352\/mill0216e.38083\" target=\"_blank\">https:\/\/doi.org\/10.29352\/mill0216e.38083<\/a><\/p>\n<\/div>\n<div class=\"pt-cv-meta-fields\"><span class=\"terms\"> <a href='https:\/\/events.ipv.pt\/uicisa\/en\/category\/2025\/' title='2025' class='pt-cv-tax-2025'>2025<\/a>, <a href='https:\/\/events.ipv.pt\/uicisa\/en\/category\/producao-cientifica\/artigos-jcr-sjr\/' title='artigos jcr\/sjr' class='pt-cv-tax-artigos-jcr-sjr'>artigos jcr\/sjr<\/a>, <a href='https:\/\/events.ipv.pt\/uicisa\/en\/tag\/emilia-coutinho\/' title='Em\u00edlia Coutinho' class='pt-cv-tax-emilia-coutinho'>Em\u00edlia Coutinho<\/a>, <a href='https:\/\/events.ipv.pt\/uicisa\/en\/tag\/fernando-gama\/' title='Fernando Gama' class='pt-cv-tax-fernando-gama'>Fernando Gama<\/a><\/span><\/div><\/div><\/div>\n<div class=\"col-md-12 col-sm-12 col-xs-12 pt-cv-content-item pt-cv-1-col\" ><div class='pt-cv-ifield'><div class=\"pt-cv-content\"><p>Martins, C., Amaro, C., Dias, H., Santos, M. J., &#038; Coutinho, E. (2025).<br \/>\nParto verticalizado: revis\u00e3o scoping sobre os obst\u00e1culos \u00e0 sua implementa\u00e7\u00e3o<br \/>\nRevista Millenium, 2(Edi\u00e7\u00e3o especial 17), 1\u20139.<br \/>\n<a href=\"https:\/\/doi.org\/10.29352\/mill0217e.39733\" target=\"_blank\">https:\/\/doi.org\/10.29352\/mill0217e.39733<\/a><\/p>\n<\/div>\n<div class=\"pt-cv-meta-fields\"><span class=\"terms\"> <a href='https:\/\/events.ipv.pt\/uicisa\/en\/category\/2025\/' title='2025' class='pt-cv-tax-2025'>2025<\/a>, <a href='https:\/\/events.ipv.pt\/uicisa\/en\/category\/producao-cientifica\/artigos-jcr-sjr\/' title='artigos jcr\/sjr' class='pt-cv-tax-artigos-jcr-sjr'>artigos jcr\/sjr<\/a>, <a href='https:\/\/events.ipv.pt\/uicisa\/en\/tag\/emilia-coutinho\/' title='Em\u00edlia Coutinho' class='pt-cv-tax-emilia-coutinho'>Em\u00edlia Coutinho<\/a>, <a href='https:\/\/events.ipv.pt\/uicisa\/en\/tag\/maria-jose-santos\/' title='Maria Jos\u00e9 Santos' class='pt-cv-tax-maria-jose-santos'>Maria Jos\u00e9 Santos<\/a><\/span><\/div><\/div><\/div>\n<div class=\"col-md-12 col-sm-12 col-xs-12 pt-cv-content-item pt-cv-1-col\" ><div class='pt-cv-ifield'><div class=\"pt-cv-content\"><p>In\u00e1cio, I., Monteiro, S., Dias, H., Santos, M. J., &#038; Coutinho, E. (2025).<br \/>\nBenef\u00edcios da aromaterapia no al\u00edvio dos desconfortos grav\u00eddicos: scoping review.<br \/>\nMillenium &#8211; Journal of Education, Technologies, and Health, 2(17e), e39659.<br \/>\n<a href=\"https:\/\/doi.org\/10.29352\/mill0217e.39659\" target=\"_blank\">https:\/\/doi.org\/10.29352\/mill0217e.39659<\/a><\/p>\n<\/div>\n<div class=\"pt-cv-meta-fields\"><span class=\"terms\"> <a href='https:\/\/events.ipv.pt\/uicisa\/en\/category\/2025\/' title='2025' class='pt-cv-tax-2025'>2025<\/a>, <a href='https:\/\/events.ipv.pt\/uicisa\/en\/category\/producao-cientifica\/artigos-jcr-sjr\/' title='artigos jcr\/sjr' class='pt-cv-tax-artigos-jcr-sjr'>artigos jcr\/sjr<\/a>, <a href='https:\/\/events.ipv.pt\/uicisa\/en\/tag\/emilia-coutinho\/' title='Em\u00edlia Coutinho' class='pt-cv-tax-emilia-coutinho'>Em\u00edlia Coutinho<\/a>, <a href='https:\/\/events.ipv.pt\/uicisa\/en\/tag\/maria-jose-santos\/' title='Maria Jos\u00e9 Santos' class='pt-cv-tax-maria-jose-santos'>Maria Jos\u00e9 Santos<\/a><\/span><\/div><\/div><\/div>\n<div class=\"col-md-12 col-sm-12 col-xs-12 pt-cv-content-item pt-cv-1-col\" ><div class='pt-cv-ifield'><div class=\"pt-cv-content\"><p>Pinto, R., Ferreira, R., Alves, P., Barros, J. P., Piedade, A. R., Mata, F., Ferreira, E., S\u00e1, H., Schoch, M., &#038; Santos, E. (2025).<br \/>\nClinical Implementation of an Adapted Infection Risk Screening Tool Following Nurse-Led Haemodialysis Vascular Access Consultation.\u00a0<br \/>\nHealthcare,\u00a013(23), 3058.<br \/>\n<a href=\"https:\/\/doi.org\/10.3390\/healthcare13233058\" target=\"_blank\">https:\/\/doi.org\/10.3390\/healthcare13233058<\/a><\/p>\n<\/div>\n<div class=\"pt-cv-meta-fields\"><span class=\"terms\"> <a href='https:\/\/events.ipv.pt\/uicisa\/en\/category\/2025\/' title='2025' class='pt-cv-tax-2025'>2025<\/a>, <a href='https:\/\/events.ipv.pt\/uicisa\/en\/category\/producao-cientifica\/artigos-jcr-sjr\/' title='artigos jcr\/sjr' class='pt-cv-tax-artigos-jcr-sjr'>artigos jcr\/sjr<\/a>, <a href='https:\/\/events.ipv.pt\/uicisa\/en\/tag\/eduardo-santos\/' title='Eduardo Santos' class='pt-cv-tax-eduardo-santos'>Eduardo Santos<\/a><\/span><\/div><\/div><\/div>\n<div class=\"col-md-12 col-sm-12 col-xs-12 pt-cv-content-item pt-cv-1-col\" ><div class='pt-cv-ifield'><div class=\"pt-cv-content\"><p>Andrade, J., Campos, S., Santos, E., Figueiredo, I., Martins, V., Matos, E.;, Cardoso, A.P., Ferreira, M. (2025).<br \/>\nSexual and Reproductive Health Empowerment in Rural Angola.<br \/>\nSexes 2025, 6, 67.<br \/>\n<a href=\"https:\/\/doi.org\/10.3390\/sexes6040067\" target=\"_blank\">https:\/\/doi.org\/10.3390\/sexes6040067<\/a><\/p>\n<\/div>\n<div class=\"pt-cv-meta-fields\"><span class=\"terms\"> <a href='https:\/\/events.ipv.pt\/uicisa\/en\/category\/2025\/' title='2025' class='pt-cv-tax-2025'>2025<\/a>, <a href='https:\/\/events.ipv.pt\/uicisa\/en\/category\/producao-cientifica\/artigos-jcr-sjr\/' title='artigos jcr\/sjr' class='pt-cv-tax-artigos-jcr-sjr'>artigos jcr\/sjr<\/a>, <a href='https:\/\/events.ipv.pt\/uicisa\/en\/tag\/eduardo-santos\/' title='Eduardo Santos' class='pt-cv-tax-eduardo-santos'>Eduardo Santos<\/a>, <a href='https:\/\/events.ipv.pt\/uicisa\/en\/tag\/manuela-ferreira\/' title='Manuela Ferreira' class='pt-cv-tax-manuela-ferreira'>Manuela Ferreira<\/a>, <a href='https:\/\/events.ipv.pt\/uicisa\/en\/tag\/sofia-campos\/' title='Sofia Campos' class='pt-cv-tax-sofia-campos'>Sofia Campos<\/a><\/span><\/div><\/div><\/div>\n<div class=\"col-md-12 col-sm-12 col-xs-12 pt-cv-content-item pt-cv-1-col\" ><div class='pt-cv-ifield'><div class=\"pt-cv-content\"><p>Porf\u00edrio, C., Moreira, I., Mota, M., Sequeira, C., Santos, M. R., &#038; Pires, R. (2025).<br \/>\nEmotional literacy programs for nurse managers: A scoping review protocol.<br \/>\nMillenium-Journal of Education, Technologies, and Health, (17e), e39056-e39056.<br \/>\n<a href=\"https:\/\/revistas.rcaap.pt\/millenium\/article\/view\/39056\" target=\"_blank\">https:\/\/revistas.rcaap.pt\/millenium\/article\/view\/39056<\/a><\/p>\n<\/div>\n<div class=\"pt-cv-meta-fields\"><span class=\"terms\"> <a href='https:\/\/events.ipv.pt\/uicisa\/en\/category\/2025\/' title='2025' class='pt-cv-tax-2025'>2025<\/a>, <a href='https:\/\/events.ipv.pt\/uicisa\/en\/category\/producao-cientifica\/artigos-jcr-sjr\/' title='artigos jcr\/sjr' class='pt-cv-tax-artigos-jcr-sjr'>artigos jcr\/sjr<\/a>, <a href='https:\/\/events.ipv.pt\/uicisa\/en\/tag\/mauro-mota\/' title='Mauro Mota' class='pt-cv-tax-mauro-mota'>Mauro Mota<\/a><\/span><\/div><\/div><\/div>\n<div class=\"col-md-12 col-sm-12 col-xs-12 pt-cv-content-item pt-cv-1-col\" ><div class='pt-cv-ifield'><div class=\"pt-cv-content\"><p>Melo, B., Ventura, B., Filipe, C., Rei, C., &#038; Mota, M. (2025).<br \/>\nAspiration of secretions from the non-ventilated person: scoping review.<br \/>\nMillenium &#8211; Journal of Education, Technologies, and Health, 2(16e), e36591.<br \/>\n<a href=\"https:\/\/doi.org\/10.29352\/mill0216e.36591\" target=\"_blank\">https:\/\/doi.org\/10.29352\/mill0216e.36591<\/a><\/p>\n<\/div>\n<div class=\"pt-cv-meta-fields\"><span class=\"terms\"> <a href='https:\/\/events.ipv.pt\/uicisa\/en\/category\/2025\/' title='2025' class='pt-cv-tax-2025'>2025<\/a>, <a href='https:\/\/events.ipv.pt\/uicisa\/en\/category\/producao-cientifica\/artigos-jcr-sjr\/' title='artigos jcr\/sjr' class='pt-cv-tax-artigos-jcr-sjr'>artigos jcr\/sjr<\/a>, <a href='https:\/\/events.ipv.pt\/uicisa\/en\/tag\/mauro-mota\/' title='Mauro Mota' class='pt-cv-tax-mauro-mota'>Mauro Mota<\/a><\/span><\/div><\/div><\/div>\n<div class=\"col-md-12 col-sm-12 col-xs-12 pt-cv-content-item pt-cv-1-col\" ><div class='pt-cv-ifield'><div class=\"pt-cv-content\"><p>Melo, F., Mota, M., Reis Santos, M., &#038; Castelo Branco, M. (2025).<br \/>\nTypes of discomfort and pre-hospital interventions administered to trauma victims: scoping review protocol.<br \/>\nMillenium &#8211; Journal of Education, Technologies, and Health, 2(17e), e39015.<br \/>\n<a href=\"https:\/\/doi.org\/10.29352\/mill0217e.39015\" target=\"_blank\">https:\/\/doi.org\/10.29352\/mill0217e.39015<\/a><\/p>\n<\/div>\n<div class=\"pt-cv-meta-fields\"><span class=\"terms\"> <a href='https:\/\/events.ipv.pt\/uicisa\/en\/category\/2025\/' title='2025' class='pt-cv-tax-2025'>2025<\/a>, <a href='https:\/\/events.ipv.pt\/uicisa\/en\/category\/producao-cientifica\/artigos-jcr-sjr\/' title='artigos jcr\/sjr' class='pt-cv-tax-artigos-jcr-sjr'>artigos jcr\/sjr<\/a>, <a href='https:\/\/events.ipv.pt\/uicisa\/en\/tag\/mauro-mota\/' title='Mauro Mota' class='pt-cv-tax-mauro-mota'>Mauro Mota<\/a><\/span><\/div><\/div><\/div>\n<div class=\"col-md-12 col-sm-12 col-xs-12 pt-cv-content-item pt-cv-1-col\" ><div class='pt-cv-ifield'><div class=\"pt-cv-content\"><p>Melo, F., Santos, M. R. ., Branco, M. C., &#038; Mota, M. (2025).<br \/>\nAssist\u00eancia Pr\u00e9-Hospitalar \u00e0 Pessoa V\u00edtima de Trauma Alicer\u00e7ada na Teoria de Conforto de Kolcaba.<br \/>\nRevista De Enfermagem Refer\u00eancia, 6(4), 1\u20135.<br \/>\n<a href=\"https:\/\/doi.org\/10.12707\/RVI24.85.37070\" target=\"_blank\">https:\/\/doi.org\/10.12707\/RVI24.85.37070<\/a><\/p>\n<\/div>\n<div class=\"pt-cv-meta-fields\"><span class=\"terms\"> <a href='https:\/\/events.ipv.pt\/uicisa\/en\/category\/2025\/' title='2025' class='pt-cv-tax-2025'>2025<\/a>, <a href='https:\/\/events.ipv.pt\/uicisa\/en\/category\/producao-cientifica\/artigos-jcr-sjr\/' title='artigos jcr\/sjr' class='pt-cv-tax-artigos-jcr-sjr'>artigos jcr\/sjr<\/a>, <a href='https:\/\/events.ipv.pt\/uicisa\/en\/tag\/mauro-mota\/' title='Mauro Mota' class='pt-cv-tax-mauro-mota'>Mauro Mota<\/a><\/span><\/div><\/div><\/div>\n<div class=\"col-md-12 col-sm-12 col-xs-12 pt-cv-content-item pt-cv-1-col\" ><div class='pt-cv-ifield'><div class=\"pt-cv-content\"><p>Moreira, I., Coelho, M., Mota, M., Pires, R., &#038; Santos, M. R. (2025).<br \/>\nSupervision programs implemented by nurses to caregivers in community: a scoping review protocol.<br \/>\nFrontiers in Public Health, 13, 1473912.<br \/>\n<a href=\"https:\/\/doi.org\/10.3389\/fpubh.2025.1473912\" target=\"_blank\">https:\/\/doi.org\/10.3389\/fpubh.2025.1473912<\/a><\/p>\n<\/div>\n<div class=\"pt-cv-meta-fields\"><span class=\"terms\"> <a href='https:\/\/events.ipv.pt\/uicisa\/en\/category\/2025\/' title='2025' class='pt-cv-tax-2025'>2025<\/a>, <a href='https:\/\/events.ipv.pt\/uicisa\/en\/category\/producao-cientifica\/artigos-jcr-sjr\/' title='artigos jcr\/sjr' class='pt-cv-tax-artigos-jcr-sjr'>artigos jcr\/sjr<\/a>, <a href='https:\/\/events.ipv.pt\/uicisa\/en\/tag\/mauro-mota\/' title='Mauro Mota' class='pt-cv-tax-mauro-mota'>Mauro Mota<\/a><\/span><\/div><\/div><\/div>\n<div class=\"col-md-12 col-sm-12 col-xs-12 pt-cv-content-item pt-cv-1-col\" ><div class='pt-cv-ifield'><div class=\"pt-cv-content\"><p>Melo, F., Santos, M. R., Sousa, M. C. B., Mota, C., &#038; Mota, M. (2025).<br \/>\nSources of Discomfort and Treatment Strategies for Trauma Patients in the Pre-Hospital Setting\u2013A Scoping Review.<br \/>\nJournal of Emergency Nursing.<\/p>\n<\/div>\n<div class=\"pt-cv-meta-fields\"><span class=\"terms\"> <a href='https:\/\/events.ipv.pt\/uicisa\/en\/category\/2025\/' title='2025' class='pt-cv-tax-2025'>2025<\/a>, <a href='https:\/\/events.ipv.pt\/uicisa\/en\/category\/producao-cientifica\/artigos-jcr-sjr\/' title='artigos jcr\/sjr' class='pt-cv-tax-artigos-jcr-sjr'>artigos jcr\/sjr<\/a>, <a href='https:\/\/events.ipv.pt\/uicisa\/en\/tag\/mauro-mota\/' title='Mauro Mota' class='pt-cv-tax-mauro-mota'>Mauro Mota<\/a><\/span><\/div><\/div><\/div>\n<div class=\"col-md-12 col-sm-12 col-xs-12 pt-cv-content-item pt-cv-1-col\" ><div class='pt-cv-ifield'><div class=\"pt-cv-content\"><p>Cunha, L., Ventura, F., Pestana-Santos, M., Mota, M., Lomba, L., &#038; Santos, M. R. (2025).<br \/>\nDecision support strategies for bedside nursing clinical reasoning: a scoping review.\u00a0<br \/>\nInternational Journal of Nursing Studies Advances, 100393.<br \/>\n<a href=\"https:\/\/doi.org\/10.1016\/j.ijnsa.2025.100393\" target=\"_blank\">https:\/\/doi.org\/10.1016\/j.ijnsa.2025.100393<\/a><\/p>\n<\/div>\n<div class=\"pt-cv-meta-fields\"><span class=\"terms\"> <a href='https:\/\/events.ipv.pt\/uicisa\/en\/category\/2025\/' title='2025' class='pt-cv-tax-2025'>2025<\/a>, <a href='https:\/\/events.ipv.pt\/uicisa\/en\/category\/producao-cientifica\/artigos-jcr-sjr\/' title='artigos jcr\/sjr' class='pt-cv-tax-artigos-jcr-sjr'>artigos jcr\/sjr<\/a>, <a href='https:\/\/events.ipv.pt\/uicisa\/en\/tag\/mauro-mota\/' title='Mauro Mota' class='pt-cv-tax-mauro-mota'>Mauro Mota<\/a><\/span><\/div><\/div><\/div>\n<div class=\"col-md-12 col-sm-12 col-xs-12 pt-cv-content-item pt-cv-1-col\" ><div class='pt-cv-ifield'><div class=\"pt-cv-content\"><p>Afonso, C., &#038; Amaral, O. (2025).<br \/>\nFrom theory to practice: Implementing case-based learning in a family health nursing master\u2019s course.<br \/>\nSAGE Open Nursing, 11.<br \/>\n<a href=\"https:\/\/doi.org\/10.1177\/23779608251379102\" target=\"_blank\">https:\/\/doi.org\/10.1177\/23779608251379102<\/a><\/p>\n<\/div>\n<div class=\"pt-cv-meta-fields\"><span class=\"terms\"> <a href='https:\/\/events.ipv.pt\/uicisa\/en\/category\/2025\/' title='2025' class='pt-cv-tax-2025'>2025<\/a>, <a href='https:\/\/events.ipv.pt\/uicisa\/en\/category\/producao-cientifica\/artigos-jcr-sjr\/' title='artigos jcr\/sjr' class='pt-cv-tax-artigos-jcr-sjr'>artigos jcr\/sjr<\/a>, <a href='https:\/\/events.ipv.pt\/uicisa\/en\/tag\/odete-amaral\/' title='Odete Amaral' class='pt-cv-tax-odete-amaral'>Odete Amaral<\/a><\/span><\/div><\/div><\/div>\n<div class=\"col-md-12 col-sm-12 col-xs-12 pt-cv-content-item pt-cv-1-col\" ><div class='pt-cv-ifield'><div class=\"pt-cv-content\"><p>Pe\u00e7anha, M., Gama, C., Sequeira, M., Santiago, F., Albuquerque, C., Rocha, P., &#038; Batista, S. (2025).<br \/>\nBurnout in police officers: a systematic review of the literature.<br \/>\nMillenium &#8211; Journal of Education, Technologies, and Health, 2(17e), e39134.<br \/>\n<a href=\"https:\/\/doi.org\/10.29352\/mill0217e.39134\" target=\"_blank\">https:\/\/doi.org\/10.29352\/mill0217e.39134<\/a><\/p>\n<\/div>\n<div class=\"pt-cv-meta-fields\"><span class=\"terms\"> <a href='https:\/\/events.ipv.pt\/uicisa\/en\/category\/2025\/' title='2025' class='pt-cv-tax-2025'>2025<\/a>, <a href='https:\/\/events.ipv.pt\/uicisa\/en\/category\/producao-cientifica\/artigos-jcr-sjr\/' title='artigos jcr\/sjr' class='pt-cv-tax-artigos-jcr-sjr'>artigos jcr\/sjr<\/a>, <a href='https:\/\/events.ipv.pt\/uicisa\/en\/tag\/carlos-albuquerque\/' title='Carlos Albuquerque' class='pt-cv-tax-carlos-albuquerque'>Carlos Albuquerque<\/a>, <a href='https:\/\/events.ipv.pt\/uicisa\/en\/tag\/paula-rocha\/' title='Paula Rocha' class='pt-cv-tax-paula-rocha'>Paula Rocha<\/a>, <a href='https:\/\/events.ipv.pt\/uicisa\/en\/tag\/susana-batista\/' title='Susana Batista' class='pt-cv-tax-susana-batista'>Susana Batista<\/a><\/span><\/div><\/div><\/div>\n<div class=\"col-md-12 col-sm-12 col-xs-12 pt-cv-content-item pt-cv-1-col\" ><div class='pt-cv-ifield'><div class=\"pt-cv-content\"><p>Rocha, P., Albuquerque, C., Batista, S. ., Pires, D., Coelho, A. B. ., &#038; Pereira, M. F. (2025).<br \/>\nEfeitos terap\u00eauticos da aplica\u00e7\u00e3o da Kinesio Taping na reabilita\u00e7\u00e3o do doente p\u00f3s-AVC: Scoping Review.<br \/>\nRevista Portuguesa De Enfermagem De Reabilita\u00e7\u00e3o, 8(2), e39807.<br \/>\n<a href=\"https:\/\/doi.org\/10.33194\/rper.2025.39807\" target=\"_blank\">https:\/\/doi.org\/10.33194\/rper.2025.39807<\/a><\/p>\n<\/div>\n<div class=\"pt-cv-meta-fields\"><span class=\"terms\"> <a href='https:\/\/events.ipv.pt\/uicisa\/en\/category\/2025\/' title='2025' class='pt-cv-tax-2025'>2025<\/a>, <a href='https:\/\/events.ipv.pt\/uicisa\/en\/category\/producao-cientifica\/artigos-jcr-sjr\/' title='artigos jcr\/sjr' class='pt-cv-tax-artigos-jcr-sjr'>artigos jcr\/sjr<\/a>, <a href='https:\/\/events.ipv.pt\/uicisa\/en\/tag\/carlos-albuquerque\/' title='Carlos Albuquerque' class='pt-cv-tax-carlos-albuquerque'>Carlos Albuquerque<\/a>, <a href='https:\/\/events.ipv.pt\/uicisa\/en\/tag\/paula-rocha\/' title='Paula Rocha' class='pt-cv-tax-paula-rocha'>Paula Rocha<\/a>, <a href='https:\/\/events.ipv.pt\/uicisa\/en\/tag\/susana-batista\/' title='Susana Batista' class='pt-cv-tax-susana-batista'>Susana Batista<\/a><\/span><\/div><\/div><\/div>\n<div class=\"col-md-12 col-sm-12 col-xs-12 pt-cv-content-item pt-cv-1-col\" ><div class='pt-cv-ifield'><div class=\"pt-cv-content\"><p>Rocha, P., Baixinho, C. L., Albuquerque, C., Batista, S., &#038; Henriques, M. A. (2025).<br \/>\nNurses&#8217; perspective on transitional care for older person with hip fracture: a qualitative study.<br \/>\nInternational Journal of Orthopaedic and Trauma Nursing, 101214.<\/p>\n<\/div>\n<div class=\"pt-cv-meta-fields\"><span class=\"terms\"> <a href='https:\/\/events.ipv.pt\/uicisa\/en\/category\/2025\/' title='2025' class='pt-cv-tax-2025'>2025<\/a>, <a href='https:\/\/events.ipv.pt\/uicisa\/en\/category\/producao-cientifica\/artigos-jcr-sjr\/' title='artigos jcr\/sjr' class='pt-cv-tax-artigos-jcr-sjr'>artigos jcr\/sjr<\/a>, <a href='https:\/\/events.ipv.pt\/uicisa\/en\/tag\/carlos-albuquerque\/' title='Carlos Albuquerque' class='pt-cv-tax-carlos-albuquerque'>Carlos Albuquerque<\/a>, <a href='https:\/\/events.ipv.pt\/uicisa\/en\/tag\/paula-rocha\/' title='Paula Rocha' class='pt-cv-tax-paula-rocha'>Paula Rocha<\/a>, <a href='https:\/\/events.ipv.pt\/uicisa\/en\/tag\/susana-batista\/' title='Susana Batista' class='pt-cv-tax-susana-batista'>Susana Batista<\/a><\/span><\/div><\/div><\/div>\n<div class=\"col-md-12 col-sm-12 col-xs-12 pt-cv-content-item pt-cv-1-col\" ><div class='pt-cv-ifield'><div class=\"pt-cv-content\"><p>Garrett, A., &#038; Melo, R. (2025).<br \/>\nStrategies promoting the reporting of adverse events in nursing care for critically ill patients: scoping review.<br \/>\nMillenium &#8211; Journal of Education, Technologies, and Health, 2(18e), e34870.<br \/>\n<a href=\"https:\/\/doi.org\/10.29352\/mill0218e.34870\" target=\"_blank\">https:\/\/doi.org\/10.29352\/mill0218e.34870<\/a><\/p>\n<\/div>\n<div class=\"pt-cv-meta-fields\"><span class=\"terms\"> <a href='https:\/\/events.ipv.pt\/uicisa\/en\/category\/2025\/' title='2025' class='pt-cv-tax-2025'>2025<\/a>, <a href='https:\/\/events.ipv.pt\/uicisa\/en\/category\/producao-cientifica\/artigos-jcr-sjr\/' title='artigos jcr\/sjr' class='pt-cv-tax-artigos-jcr-sjr'>artigos jcr\/sjr<\/a>, <a href='https:\/\/events.ipv.pt\/uicisa\/en\/tag\/ricardo-melo\/' title='Ricardo Melo' class='pt-cv-tax-ricardo-melo'>Ricardo Melo<\/a><\/span><\/div><\/div><\/div>\n<div class=\"col-md-12 col-sm-12 col-xs-12 pt-cv-content-item pt-cv-1-col\" ><div class='pt-cv-ifield'><div class=\"pt-cv-content\"><p>Coelho, E., Martins, R., &#038; Carvalho, N. (2025).<br \/>\nEfic\u00e1cia de um programa de enfermagem de reabilita\u00e7\u00e3o na resposta ao esfor\u00e7o f\u00edsico e na qualidade de vida em idosos.<br \/>\nMillenium-Journal of Education, Technologies, and Health, (16e), e37204-e37204.<br \/>\n<a href=\"https:\/\/doi.org\/10.29352\/mill0216e.37204\" target=\"_blank\">https:\/\/doi.org\/10.29352\/mill0216e.37204<\/a><\/p>\n<\/div>\n<div class=\"pt-cv-meta-fields\"><span class=\"terms\"> <a href='https:\/\/events.ipv.pt\/uicisa\/en\/category\/2025\/' title='2025' class='pt-cv-tax-2025'>2025<\/a>, <a href='https:\/\/events.ipv.pt\/uicisa\/en\/category\/producao-cientifica\/artigos-jcr-sjr\/' title='artigos jcr\/sjr' class='pt-cv-tax-artigos-jcr-sjr'>artigos jcr\/sjr<\/a>, <a href='https:\/\/events.ipv.pt\/uicisa\/en\/tag\/rosa-martins\/' title='Rosa Martins' class='pt-cv-tax-rosa-martins'>Rosa Martins<\/a><\/span><\/div><\/div><\/div>\n<div class=\"col-md-12 col-sm-12 col-xs-12 pt-cv-content-item pt-cv-1-col\" ><div class='pt-cv-ifield'><div class=\"pt-cv-content\"><p>Bernardo, J., Martins, R., Morgado, C., Carmo, H. d., Aguiar, L., Santos, T. d., Carvalho, N., &#038; Loureiro, R. (2025).<br \/>\nNursing Interventions in the Prevention of Musculoskeletal Injuries in Adolescent Athletes: Integrative Review.<br \/>\nAdolescents, 5(4), 50.<br \/>\n<a href=\"https:\/\/doi.org\/10.3390\/adolescents5040050\" target=\"_blank\">https:\/\/doi.org\/10.3390\/adolescents5040050<\/a><\/p>\n<\/div>\n<div class=\"pt-cv-meta-fields\"><span class=\"terms\"> <a href='https:\/\/events.ipv.pt\/uicisa\/en\/category\/2025\/' title='2025' class='pt-cv-tax-2025'>2025<\/a>, <a href='https:\/\/events.ipv.pt\/uicisa\/en\/category\/producao-cientifica\/artigos-jcr-sjr\/' title='artigos jcr\/sjr' class='pt-cv-tax-artigos-jcr-sjr'>artigos jcr\/sjr<\/a>, <a href='https:\/\/events.ipv.pt\/uicisa\/en\/tag\/rosa-martins\/' title='Rosa Martins' class='pt-cv-tax-rosa-martins'>Rosa Martins<\/a><\/span><\/div><\/div><\/div>\n<div class=\"col-md-12 col-sm-12 col-xs-12 pt-cv-content-item pt-cv-1-col\" ><div class='pt-cv-ifield'><div class=\"pt-cv-content\"><p>Valentim, O., de Sousa, L., de Sousa, C., Correia, T., Carvalho, J. C., Querido, A., Jos\u00e9, H., &#038; Laranjeira, C. (2025).<br \/>\nPositive Mental Health and Happiness at Work in a Sample of Portuguese Workers: A Web-Based Cross-Sectional Study.<br \/>\nAdministrative Sciences, 15(2), 44.<br \/>\n<a href=\"https:\/\/doi.org\/10.3390\/admsci15020044\" target=\"_blank\">https:\/\/doi.org\/10.3390\/admsci15020044<\/a><\/p>\n<\/div>\n<div class=\"pt-cv-meta-fields\"><span class=\"terms\"> <a href='https:\/\/events.ipv.pt\/uicisa\/en\/category\/2025\/' title='2025' class='pt-cv-tax-2025'>2025<\/a>, <a href='https:\/\/events.ipv.pt\/uicisa\/en\/category\/producao-cientifica\/artigos-jcr-sjr\/' title='artigos jcr\/sjr' class='pt-cv-tax-artigos-jcr-sjr'>artigos jcr\/sjr<\/a>, <a href='https:\/\/events.ipv.pt\/uicisa\/en\/tag\/tania-correia\/' title='T\u00e2nia Correia' class='pt-cv-tax-tania-correia'>T\u00e2nia Correia<\/a><\/span><\/div><\/div><\/div>\n<div class=\"col-md-12 col-sm-12 col-xs-12 pt-cv-content-item pt-cv-1-col\" ><div class='pt-cv-ifield'><div class=\"pt-cv-content\"><p>Correia, T., Martins, M. M., Barroso, F., Pinho, L., Longo, J., &#038; Valentim, O. (2025).<br \/>\nPatient and Family-Centered Care to Promote Inpatient Safety: An Exploration of Nursing Care and Management Processes.\u00a0<br \/>\nNursing Reports,\u00a015(7), 260.<br \/>\n<a href=\"https:\/\/doi.org\/10.3390\/nursrep15070260\" target=\"_blank\">https:\/\/doi.org\/10.3390\/nursrep15070260<\/a><\/p>\n<\/div>\n<div class=\"pt-cv-meta-fields\"><span class=\"terms\"> <a href='https:\/\/events.ipv.pt\/uicisa\/en\/category\/2025\/' title='2025' class='pt-cv-tax-2025'>2025<\/a>, <a href='https:\/\/events.ipv.pt\/uicisa\/en\/category\/producao-cientifica\/artigos-jcr-sjr\/' title='artigos jcr\/sjr' class='pt-cv-tax-artigos-jcr-sjr'>artigos jcr\/sjr<\/a>, <a href='https:\/\/events.ipv.pt\/uicisa\/en\/tag\/tania-correia\/' title='T\u00e2nia Correia' class='pt-cv-tax-tania-correia'>T\u00e2nia Correia<\/a><\/span><\/div><\/div><\/div>\n<div class=\"col-md-12 col-sm-12 col-xs-12 pt-cv-content-item pt-cv-1-col\" ><div class='pt-cv-ifield'><div class=\"pt-cv-content\"><p>Santos, E. J. F., Farisogullari, B., Yapp, N., Townsley, H., Sousa, P., &#038; Machado, P. M. (2025).<br \/>\nEfficacy and safety of pharmacological treatments in inclusion body myositis: a systematic review.<br \/>\nRMD Open, 11, e005176.<br \/>\n<a href=\"https:\/\/doi.org\/10.1136\/rmdopen-2024-005176\" target=\"_blank\">https:\/\/doi.org\/10.1136\/rmdopen-2024-005176<\/a><\/p>\n<\/div>\n<div class=\"pt-cv-meta-fields\"><span class=\"terms\"> <a href='https:\/\/events.ipv.pt\/uicisa\/en\/category\/2025\/' title='2025' class='pt-cv-tax-2025'>2025<\/a>, <a href='https:\/\/events.ipv.pt\/uicisa\/en\/category\/producao-cientifica\/artigos-jcr-sjr\/' title='artigos jcr\/sjr' class='pt-cv-tax-artigos-jcr-sjr'>artigos jcr\/sjr<\/a>, <a href='https:\/\/events.ipv.pt\/uicisa\/en\/tag\/eduardo-santos\/' title='Eduardo Santos' class='pt-cv-tax-eduardo-santos'>Eduardo Santos<\/a><\/span><\/div><\/div><\/div>\n<div class=\"col-md-12 col-sm-12 col-xs-12 pt-cv-content-item pt-cv-1-col\" ><div class='pt-cv-ifield'><div class=\"pt-cv-content\"><p>Sousa, D., S\u00e3o Jo\u00e3o, G., Melo, G., Loureiro, P., &#038; Santos, E. (2025).<br \/>\nDepression in police officers: a systematic review of prevalence.\u00a0<br \/>\nMillenium &#8211; Journal of Education, Technologies, and Health,\u00a02(17e), e36349.<br \/>\n<a href=\"https:\/\/doi.org\/10.29352\/mill0217e.36349\" target=\"_blank\">https:\/\/doi.org\/10.29352\/mill0217e.36349<\/a><\/p>\n<\/div>\n<div class=\"pt-cv-meta-fields\"><span class=\"terms\"> <a href='https:\/\/events.ipv.pt\/uicisa\/en\/category\/2025\/' title='2025' class='pt-cv-tax-2025'>2025<\/a>, <a href='https:\/\/events.ipv.pt\/uicisa\/en\/category\/producao-cientifica\/artigos-jcr-sjr\/' title='artigos jcr\/sjr' class='pt-cv-tax-artigos-jcr-sjr'>artigos jcr\/sjr<\/a>, <a href='https:\/\/events.ipv.pt\/uicisa\/en\/tag\/eduardo-santos\/' title='Eduardo Santos' class='pt-cv-tax-eduardo-santos'>Eduardo Santos<\/a><\/span><\/div><\/div><\/div>\n<div class=\"col-md-12 col-sm-12 col-xs-12 pt-cv-content-item pt-cv-1-col\" ><div class='pt-cv-ifield'><div class=\"pt-cv-content\"><p>Mota, M., Jonathan, S., Alfsv\u00e5g, L., Camuccio, C. A., Chaves, C., Kittelsen, T., \u2026 Kvilhaugsvik, B. (2025).<br \/>\nStudents\u2019 intercultural development through Collaborative Online International Learning: an exploratory qualitative study.\u00a0<br \/>\nMillenium &#8211; Journal of Education, Technologies, and Health,\u00a02(16e), e39172.<br \/>\n<a href=\"https:\/\/doi.org\/10.29352\/mill0216e.39172\" target=\"_blank\">https:\/\/doi.org\/10.29352\/mill0216e.39172<\/a><\/p>\n<\/div>\n<div class=\"pt-cv-meta-fields\"><span class=\"terms\"> <a href='https:\/\/events.ipv.pt\/uicisa\/en\/category\/2025\/' title='2025' class='pt-cv-tax-2025'>2025<\/a>, <a href='https:\/\/events.ipv.pt\/uicisa\/en\/category\/producao-cientifica\/artigos-jcr-sjr\/' title='artigos jcr\/sjr' class='pt-cv-tax-artigos-jcr-sjr'>artigos jcr\/sjr<\/a>, <a href='https:\/\/events.ipv.pt\/uicisa\/en\/tag\/eduardo-santos\/' title='Eduardo Santos' class='pt-cv-tax-eduardo-santos'>Eduardo Santos<\/a>, <a href='https:\/\/events.ipv.pt\/uicisa\/en\/tag\/mauro-mota\/' title='Mauro Mota' class='pt-cv-tax-mauro-mota'>Mauro Mota<\/a><\/span><\/div><\/div><\/div>\n<div class=\"col-md-12 col-sm-12 col-xs-12 pt-cv-content-item pt-cv-1-col\" ><div class='pt-cv-ifield'><div class=\"pt-cv-content\"><p>Pereira, S., Santos, E. J., Fassarella, C. S., &#038; Ribeiro, O. M. (2025).<br \/>\nEffectiveness of the positive nursing practice environment promotion program in improving patient safety in primary health care: study protocol for a randomized controlled clinical trial.\u00a0<br \/>\nBJGP open, BJGPO.2025.0025. Advance online publication.<br \/>\n<a href=\"https:\/\/doi.org\/10.3399\/BJGPO.2025.0025\" target=\"_blank\">https:\/\/doi.org\/10.3399\/BJGPO.2025.0025<\/a><\/p>\n<\/div>\n<div class=\"pt-cv-meta-fields\"><span class=\"terms\"> <a href='https:\/\/events.ipv.pt\/uicisa\/en\/category\/2025\/' title='2025' class='pt-cv-tax-2025'>2025<\/a>, <a href='https:\/\/events.ipv.pt\/uicisa\/en\/category\/producao-cientifica\/artigos-jcr-sjr\/' title='artigos jcr\/sjr' class='pt-cv-tax-artigos-jcr-sjr'>artigos jcr\/sjr<\/a>, <a href='https:\/\/events.ipv.pt\/uicisa\/en\/tag\/eduardo-santos\/' title='Eduardo Santos' class='pt-cv-tax-eduardo-santos'>Eduardo Santos<\/a><\/span><\/div><\/div><\/div>\n<div class=\"col-md-12 col-sm-12 col-xs-12 pt-cv-content-item pt-cv-1-col\" ><div class='pt-cv-ifield'><div class=\"pt-cv-content\"><p>dos Santos, D. G. S. M., dos Santos, E. J. F., Petronilho, F. A. S., &#038; Amaral, A. F. S. (2025).<br \/>\nPeople\u2019s experiences of their involvement in nursing care: A qualitative systematic review with meta-aggregation synthesis.<br \/>\nJournal of Nursing Scholarship, 57, 741-758.<br \/>\n<a href=\"https:\/\/doi.org\/10.1111\/jnu.70025\" target=\"_blank\">https:\/\/doi.org\/10.1111\/jnu.70025<\/a><\/p>\n<\/div>\n<div class=\"pt-cv-meta-fields\"><span class=\"terms\"> <a href='https:\/\/events.ipv.pt\/uicisa\/en\/category\/2025\/' title='2025' class='pt-cv-tax-2025'>2025<\/a>, <a href='https:\/\/events.ipv.pt\/uicisa\/en\/category\/producao-cientifica\/artigos-jcr-sjr\/' title='artigos jcr\/sjr' class='pt-cv-tax-artigos-jcr-sjr'>artigos jcr\/sjr<\/a>, <a href='https:\/\/events.ipv.pt\/uicisa\/en\/tag\/eduardo-santos\/' title='Eduardo Santos' class='pt-cv-tax-eduardo-santos'>Eduardo Santos<\/a><\/span><\/div><\/div><\/div>\n<div class=\"col-md-12 col-sm-12 col-xs-12 pt-cv-content-item pt-cv-1-col\" ><div class='pt-cv-ifield'><div class=\"pt-cv-content\"><p>Paiva, I. C. S., Dos Santos, E. J. F., Ventura, F. I. Q. S., Vilela, A. C. L., &#038; Moreira, I. M. P. B. (2025).<br \/>\nNurses\u2019 personality traits and decision-making as factors related to missed nursing care: a structural equation modeling approach.\u00a0<br \/>\nBMC nursing,\u00a024(1), 966.<br \/>\n<a href=\"https:\/\/doi.org\/10.1186\/s12912-025-03632-6\" target=\"_blank\">https:\/\/doi.org\/10.1186\/s12912-025-03632-6<\/a><\/p>\n<\/div>\n<div class=\"pt-cv-meta-fields\"><span class=\"terms\"> <a href='https:\/\/events.ipv.pt\/uicisa\/en\/category\/2025\/' title='2025' class='pt-cv-tax-2025'>2025<\/a>, <a href='https:\/\/events.ipv.pt\/uicisa\/en\/category\/producao-cientifica\/artigos-jcr-sjr\/' title='artigos jcr\/sjr' class='pt-cv-tax-artigos-jcr-sjr'>artigos jcr\/sjr<\/a>, <a href='https:\/\/events.ipv.pt\/uicisa\/en\/tag\/eduardo-santos\/' title='Eduardo Santos' class='pt-cv-tax-eduardo-santos'>Eduardo Santos<\/a><\/span><\/div><\/div><\/div>\n<div class=\"col-md-12 col-sm-12 col-xs-12 pt-cv-content-item pt-cv-1-col\" ><div class='pt-cv-ifield'><div class=\"pt-cv-content\"><p>Rovira, B. E., Agostinho, J., &#038; Santos, E. (2025).<br \/>\nEffectiveness of Left Ventricular Assist Device in quality of life of people with terminal heart failure.\u00a0<br \/>\nMillenium, (18), 16.<br \/>\n<a href=\"https:\/\/doi.org\/10.29352\/mill0218e.41835\" target=\"_blank\">https:\/\/doi.org\/10.29352\/mill0218e.41835<\/a><\/p>\n<\/div>\n<div class=\"pt-cv-meta-fields\"><span class=\"terms\"> <a href='https:\/\/events.ipv.pt\/uicisa\/en\/category\/2025\/' title='2025' class='pt-cv-tax-2025'>2025<\/a>, <a href='https:\/\/events.ipv.pt\/uicisa\/en\/category\/producao-cientifica\/artigos-jcr-sjr\/' title='artigos jcr\/sjr' class='pt-cv-tax-artigos-jcr-sjr'>artigos jcr\/sjr<\/a>, <a href='https:\/\/events.ipv.pt\/uicisa\/en\/tag\/eduardo-santos\/' title='Eduardo Santos' class='pt-cv-tax-eduardo-santos'>Eduardo Santos<\/a><\/span><\/div><\/div><\/div>\n<div class=\"col-md-12 col-sm-12 col-xs-12 pt-cv-content-item pt-cv-1-col\" ><div class='pt-cv-ifield'><div class=\"pt-cv-content\"><p>Albuquerque, D., Ribeiro, A., &#038; Santos, E. (2025).<br \/>\nPrevalence of wounds in hospitalised neonates: a systematic review.<br \/>\nMillenium-Journal of Education, Technologies, and Health, (20e), e37650-e37650.<br \/>\n<a href=\"https:\/\/doi.org\/10.29352\/mill0220e.37650\" target=\"_blank\">https:\/\/doi.org\/10.29352\/mill0220e.37650<\/a><\/p>\n<\/div>\n<div class=\"pt-cv-meta-fields\"><span class=\"terms\"> <a href='https:\/\/events.ipv.pt\/uicisa\/en\/category\/2025\/' title='2025' class='pt-cv-tax-2025'>2025<\/a>, <a href='https:\/\/events.ipv.pt\/uicisa\/en\/category\/producao-cientifica\/artigos-jcr-sjr\/' title='artigos jcr\/sjr' class='pt-cv-tax-artigos-jcr-sjr'>artigos jcr\/sjr<\/a>, <a href='https:\/\/events.ipv.pt\/uicisa\/en\/tag\/eduardo-santos\/' title='Eduardo Santos' class='pt-cv-tax-eduardo-santos'>Eduardo Santos<\/a><\/span><\/div><\/div><\/div>\n<div class=\"col-md-12 col-sm-12 col-xs-12 pt-cv-content-item pt-cv-1-col\" ><div class='pt-cv-ifield'><div class=\"pt-cv-content\"><p>Paiva, I. C. S., Santos, E. J. F. D., Ventura, F. I. Q. S., Vilela, A. C. L., &#038; Moreira, I. M. P. B. (2025).<br \/>\nNurses\u2019 and Contextual Characteristics as Predictors of Missed Care in Portuguese Oncology Settings: A Cross\u2010Sectional Correlational Study.<br \/>\nIn\u00a0Nursing Forum\u00a0(Vol. 2025, No. 1, p. 9205490). Wiley.<br \/>\n<a href=\"https:\/\/doi.org\/10.1155\/nuf\/9205490\" target=\"_blank\">https:\/\/doi.org\/10.1155\/nuf\/9205490<\/a><\/p>\n<\/div>\n<div class=\"pt-cv-meta-fields\"><span class=\"terms\"> <a href='https:\/\/events.ipv.pt\/uicisa\/en\/category\/2025\/' title='2025' class='pt-cv-tax-2025'>2025<\/a>, <a href='https:\/\/events.ipv.pt\/uicisa\/en\/category\/producao-cientifica\/artigos-jcr-sjr\/' title='artigos jcr\/sjr' class='pt-cv-tax-artigos-jcr-sjr'>artigos jcr\/sjr<\/a>, <a href='https:\/\/events.ipv.pt\/uicisa\/en\/tag\/eduardo-santos\/' title='Eduardo Santos' class='pt-cv-tax-eduardo-santos'>Eduardo Santos<\/a><\/span><\/div><\/div><\/div>\n<div class=\"col-md-12 col-sm-12 col-xs-12 pt-cv-content-item pt-cv-1-col\" ><div class='pt-cv-ifield'><div class=\"pt-cv-content\"><p>Pereira, S. C. A., Ferreira, R. A., Ventura-Silva, J. M., Santos, E. J. F., Fassarella, C. S., &#038; Ribeiro, O. M. P. L. (2025).<br \/>\nThe Effect of Artificial Intelligence in Promoting Positive Nursing Practice Environments: Mixed Methods Systematic Review.<br \/>\nJournal of clinical nursing, 10.1111\/jocn.70127. Advance online publication.<br \/>\n<a href=\"https:\/\/doi.org\/10.1111\/jocn.70127\" target=\"_blank\">https:\/\/doi.org\/10.1111\/jocn.70127<\/a><\/p>\n<\/div>\n<div class=\"pt-cv-meta-fields\"><span class=\"terms\"> <a href='https:\/\/events.ipv.pt\/uicisa\/en\/category\/2025\/' title='2025' class='pt-cv-tax-2025'>2025<\/a>, <a href='https:\/\/events.ipv.pt\/uicisa\/en\/category\/producao-cientifica\/artigos-jcr-sjr\/' title='artigos jcr\/sjr' class='pt-cv-tax-artigos-jcr-sjr'>artigos jcr\/sjr<\/a>, <a href='https:\/\/events.ipv.pt\/uicisa\/en\/tag\/eduardo-santos\/' title='Eduardo Santos' class='pt-cv-tax-eduardo-santos'>Eduardo Santos<\/a><\/span><\/div><\/div><\/div>\n<div class=\"col-md-12 col-sm-12 col-xs-12 pt-cv-content-item pt-cv-1-col\" ><div class='pt-cv-ifield'><div class=\"pt-cv-content\"><p>Santos, E. J. F., Farisogullari, B., Fishpool, K., Young, G., Ciurtin, C., Cramp, F., &#8230; &#038; Machado, P. M. (2025).<br \/>\nInstruments for measuring fatigue in people with rheumatic and musculoskeletal diseases: a systematic review of measurement properties.<br \/>\nRMD open, 11(4).<br \/>\n<a href=\"https:\/\/doi.org\/10.1136\/rmdopen-2025-006079\" target=\"_blank\">https:\/\/doi.org\/10.1136\/rmdopen-2025-006079<\/a><\/p>\n<\/div>\n<div class=\"pt-cv-meta-fields\"><span class=\"terms\"> <a href='https:\/\/events.ipv.pt\/uicisa\/en\/category\/2025\/' title='2025' class='pt-cv-tax-2025'>2025<\/a>, <a href='https:\/\/events.ipv.pt\/uicisa\/en\/category\/producao-cientifica\/artigos-jcr-sjr\/' title='artigos jcr\/sjr' class='pt-cv-tax-artigos-jcr-sjr'>artigos jcr\/sjr<\/a>, <a href='https:\/\/events.ipv.pt\/uicisa\/en\/tag\/eduardo-santos\/' title='Eduardo Santos' class='pt-cv-tax-eduardo-santos'>Eduardo Santos<\/a><\/span><\/div><\/div><\/div>\n<div class=\"col-md-12 col-sm-12 col-xs-12 pt-cv-content-item pt-cv-1-col\" ><div class='pt-cv-ifield'><div class=\"pt-cv-content\"><p>Pereira, A., Cardoso, A. P., Campos, S., &#038; Ferreira, M. (2025).<br \/>\nPerceptions of higher education students regarding emergency remote education experience.\u00a0<br \/>\nMillenium-Journal of Education, Technologies, and Health, (20e), e36457-e36457.<br \/>\n<a href=\"https:\/\/doi.org\/10.29352\/mill0220e.36457\" target=\"_blank\">https:\/\/doi.org\/10.29352\/mill0220e.36457<\/a><\/p>\n<\/div>\n<div class=\"pt-cv-meta-fields\"><span class=\"terms\"> <a href='https:\/\/events.ipv.pt\/uicisa\/en\/category\/2025\/' title='2025' class='pt-cv-tax-2025'>2025<\/a>, <a href='https:\/\/events.ipv.pt\/uicisa\/en\/tag\/andreia-pereira\/' title='Andreia Pereira' class='pt-cv-tax-andreia-pereira'>Andreia Pereira<\/a>, <a href='https:\/\/events.ipv.pt\/uicisa\/en\/category\/producao-cientifica\/artigos-jcr-sjr\/' title='artigos jcr\/sjr' class='pt-cv-tax-artigos-jcr-sjr'>artigos jcr\/sjr<\/a>, <a href='https:\/\/events.ipv.pt\/uicisa\/en\/tag\/manuela-ferreira\/' title='Manuela Ferreira' class='pt-cv-tax-manuela-ferreira'>Manuela Ferreira<\/a>, <a href='https:\/\/events.ipv.pt\/uicisa\/en\/tag\/sofia-campos\/' title='Sofia Campos' class='pt-cv-tax-sofia-campos'>Sofia Campos<\/a><\/span><\/div><\/div><\/div>\n<div class=\"col-md-12 col-sm-12 col-xs-12 pt-cv-content-item pt-cv-1-col\" ><div class='pt-cv-ifield'><div class=\"pt-cv-content\"><p>Almeida, A. M., Cardoso, A. P., Lacerda, C., Ferreira, M., Campos, S., &#038; Guin\u00e9, R. (2025).<br \/>\nInvestiga\u00e7\u00e3o e forma\u00e7\u00e3o em quest\u00f5es de (des) igualdade de g\u00e9nero com crian\u00e7as.<br \/>\nMillenium-Journal of Education, Technologies, and Health, (17e), e39971-e39971.<br \/>\n<a href=\"https:\/\/doi.org\/10.29352\/mill0217e.39971\" target=\"_blank\">https:\/\/doi.org\/10.29352\/mill0217e.39971<\/a><\/p>\n<\/div>\n<div class=\"pt-cv-meta-fields\"><span class=\"terms\"> <a href='https:\/\/events.ipv.pt\/uicisa\/en\/category\/2025\/' title='2025' class='pt-cv-tax-2025'>2025<\/a>, <a href='https:\/\/events.ipv.pt\/uicisa\/en\/category\/producao-cientifica\/artigos-jcr-sjr\/' title='artigos jcr\/sjr' class='pt-cv-tax-artigos-jcr-sjr'>artigos jcr\/sjr<\/a>, <a href='https:\/\/events.ipv.pt\/uicisa\/en\/tag\/manuela-ferreira\/' title='Manuela Ferreira' class='pt-cv-tax-manuela-ferreira'>Manuela Ferreira<\/a>, <a href='https:\/\/events.ipv.pt\/uicisa\/en\/tag\/sofia-campos\/' title='Sofia Campos' class='pt-cv-tax-sofia-campos'>Sofia Campos<\/a><\/span><\/div><\/div><\/div>\n<div class=\"col-md-12 col-sm-12 col-xs-12 pt-cv-content-item pt-cv-1-col\" ><div class='pt-cv-ifield'><div class=\"pt-cv-content\"><p>Rodrigues, C., Ferreira, M., Pires, S., Pousadas, D., Igual, A., Pires, A., &#8230; &#038; Coutinho, E. (2025).<br \/>\nDieta da parturiente de termo sem patologia associada: revis\u00e3o sistem\u00e1tica da literatura.\u00a0<br \/>\nMillenium-Journal of Education, Technologies, and Health, (17e), e38663-e38663.<br \/>\n<a href=\"https:\/\/doi.org\/10.29352\/mill0217e.38663\" target=\"_blank\">https:\/\/doi.org\/10.29352\/mill0217e.38663<\/a><\/p>\n<\/div>\n<div class=\"pt-cv-meta-fields\"><span class=\"terms\"> <a href='https:\/\/events.ipv.pt\/uicisa\/en\/category\/2025\/' title='2025' class='pt-cv-tax-2025'>2025<\/a>, <a href='https:\/\/events.ipv.pt\/uicisa\/en\/category\/producao-cientifica\/artigos-jcr-sjr\/' title='artigos jcr\/sjr' class='pt-cv-tax-artigos-jcr-sjr'>artigos jcr\/sjr<\/a>, <a href='https:\/\/events.ipv.pt\/uicisa\/en\/tag\/eduardo-santos\/' title='Eduardo Santos' class='pt-cv-tax-eduardo-santos'>Eduardo Santos<\/a>, <a href='https:\/\/events.ipv.pt\/uicisa\/en\/tag\/emilia-coutinho\/' title='Em\u00edlia Coutinho' class='pt-cv-tax-emilia-coutinho'>Em\u00edlia Coutinho<\/a>, <a href='https:\/\/events.ipv.pt\/uicisa\/en\/tag\/manuela-ferreira\/' title='Manuela Ferreira' class='pt-cv-tax-manuela-ferreira'>Manuela Ferreira<\/a>, <a href='https:\/\/events.ipv.pt\/uicisa\/en\/tag\/sofia-campos\/' title='Sofia Campos' class='pt-cv-tax-sofia-campos'>Sofia Campos<\/a><\/span><\/div><\/div><\/div>\n<div class=\"col-md-12 col-sm-12 col-xs-12 pt-cv-content-item pt-cv-1-col\" ><div class='pt-cv-ifield'><div class=\"pt-cv-content\"><p>Guin\u00e9, R. P., Gon\u00e7alves, J., Floren\u00e7a, S. G., Ferreira, M., Cardoso, A. P., Bartkiene, E., &#8230; &#038; Anjos, O. (2025).<br \/>\nHealthy motivations for food consumption in 16 countries.<br \/>\nOpen agriculture, 10(1), 20250444.<br \/>\n<a href=\"https:\/\/doi.org\/10.1515\/opag-2025-0444\" target=\"_blank\">https:\/\/doi.org\/10.1515\/opag-2025-0444<\/a><\/p>\n<\/div>\n<div class=\"pt-cv-meta-fields\"><span class=\"terms\"> <a href='https:\/\/events.ipv.pt\/uicisa\/en\/category\/2025\/' title='2025' class='pt-cv-tax-2025'>2025<\/a>, <a href='https:\/\/events.ipv.pt\/uicisa\/en\/category\/producao-cientifica\/artigos-jcr-sjr\/' title='artigos jcr\/sjr' class='pt-cv-tax-artigos-jcr-sjr'>artigos jcr\/sjr<\/a>, <a href='https:\/\/events.ipv.pt\/uicisa\/en\/tag\/manuela-ferreira\/' title='Manuela Ferreira' class='pt-cv-tax-manuela-ferreira'>Manuela Ferreira<\/a><\/span><\/div><\/div><\/div>\n<div class=\"col-md-12 col-sm-12 col-xs-12 pt-cv-content-item pt-cv-1-col\" ><div class='pt-cv-ifield'><div class=\"pt-cv-content\"><p>Campos, S., Andrade, J., Santos, E., Figueiredo, I., Martins, V., Matos, E., &#8230; &#038; Ferreira, M. (2025).<br \/>\nPromoting Local Development and Food Literacy in a Rural Angolan Community.<br \/>\nNutrients, 17(17), 2788.<br \/>\n<a href=\"https:\/\/doi.org\/10.3390\/nu17172788\" target=\"_blank\">https:\/\/doi.org\/10.3390\/nu17172788<\/a><\/p>\n<\/div>\n<div class=\"pt-cv-meta-fields\"><span class=\"terms\"> <a href='https:\/\/events.ipv.pt\/uicisa\/en\/category\/2025\/' title='2025' class='pt-cv-tax-2025'>2025<\/a>, <a href='https:\/\/events.ipv.pt\/uicisa\/en\/category\/producao-cientifica\/artigos-jcr-sjr\/' title='artigos jcr\/sjr' class='pt-cv-tax-artigos-jcr-sjr'>artigos jcr\/sjr<\/a>, <a href='https:\/\/events.ipv.pt\/uicisa\/en\/tag\/eduardo-santos\/' title='Eduardo Santos' class='pt-cv-tax-eduardo-santos'>Eduardo Santos<\/a>, <a href='https:\/\/events.ipv.pt\/uicisa\/en\/tag\/manuela-ferreira\/' title='Manuela Ferreira' class='pt-cv-tax-manuela-ferreira'>Manuela Ferreira<\/a>, <a href='https:\/\/events.ipv.pt\/uicisa\/en\/tag\/sofia-campos\/' title='Sofia Campos' class='pt-cv-tax-sofia-campos'>Sofia Campos<\/a><\/span><\/div><\/div><\/div>\n<div class=\"col-md-12 col-sm-12 col-xs-12 pt-cv-content-item pt-cv-1-col\" ><div class='pt-cv-ifield'><div class=\"pt-cv-content\"><p>Ferreira, N., Ferreira, M., Santos, E., Ferreira, S., de Arriaga, M. T., &#038; Costa, A. (2025).<br \/>\nHealth literacy and its determinants among pregnant women in Portugal.<br \/>\nBMC Public Health, 25(1), 1-18.<br \/>\n<a href=\"https:\/\/doi.org\/10.1186\/s12889-025-24225-7\" target=\"_blank\">https:\/\/doi.org\/10.1186\/s12889-025-24225-7<\/a><\/p>\n<\/div>\n<div class=\"pt-cv-meta-fields\"><span class=\"terms\"> <a href='https:\/\/events.ipv.pt\/uicisa\/en\/category\/2025\/' title='2025' class='pt-cv-tax-2025'>2025<\/a>, <a href='https:\/\/events.ipv.pt\/uicisa\/en\/category\/producao-cientifica\/artigos-jcr-sjr\/' title='artigos jcr\/sjr' class='pt-cv-tax-artigos-jcr-sjr'>artigos jcr\/sjr<\/a>, <a href='https:\/\/events.ipv.pt\/uicisa\/en\/tag\/eduardo-santos\/' title='Eduardo Santos' class='pt-cv-tax-eduardo-santos'>Eduardo Santos<\/a>, <a href='https:\/\/events.ipv.pt\/uicisa\/en\/tag\/manuela-ferreira\/' title='Manuela Ferreira' class='pt-cv-tax-manuela-ferreira'>Manuela Ferreira<\/a>, <a href='https:\/\/events.ipv.pt\/uicisa\/en\/tag\/nuno-miguel-ferreira\/' title='Nuno Miguel Ferreira' class='pt-cv-tax-nuno-miguel-ferreira'>Nuno Miguel Ferreira<\/a><\/span><\/div><\/div><\/div>\n<div class=\"col-md-12 col-sm-12 col-xs-12 pt-cv-content-item pt-cv-1-col\" ><div class='pt-cv-ifield'><div class=\"pt-cv-content\"><p>Ferreira, M., Santos, E., Andrade, J., Figueiredo, I., Martins, V., &#038; Campos, S. (2025).<br \/>\nInfluence of the Training Process on the Health Literacy of Angolan Health Promoters.<br \/>\nInternational Journal of Environmental Research and Public Health, 22(9), 1358.<br \/>\n<a href=\"https:\/\/doi.org\/10.3390\/ijerph22091358\" target=\"_blank\">https:\/\/doi.org\/10.3390\/ijerph22091358<\/a><\/p>\n<\/div>\n<div class=\"pt-cv-meta-fields\"><span class=\"terms\"> <a href='https:\/\/events.ipv.pt\/uicisa\/en\/category\/2025\/' title='2025' class='pt-cv-tax-2025'>2025<\/a>, <a href='https:\/\/events.ipv.pt\/uicisa\/en\/category\/producao-cientifica\/artigos-jcr-sjr\/' title='artigos jcr\/sjr' class='pt-cv-tax-artigos-jcr-sjr'>artigos jcr\/sjr<\/a>, <a href='https:\/\/events.ipv.pt\/uicisa\/en\/tag\/eduardo-santos\/' title='Eduardo Santos' class='pt-cv-tax-eduardo-santos'>Eduardo Santos<\/a>, <a href='https:\/\/events.ipv.pt\/uicisa\/en\/tag\/manuela-ferreira\/' title='Manuela Ferreira' class='pt-cv-tax-manuela-ferreira'>Manuela Ferreira<\/a>, <a href='https:\/\/events.ipv.pt\/uicisa\/en\/tag\/sofia-campos\/' title='Sofia Campos' class='pt-cv-tax-sofia-campos'>Sofia Campos<\/a><\/span><\/div><\/div><\/div><\/div><\/div><\/div>\n<\/div>\n<div id=\"ari_2024\" class=\"contentEquipa bgBranco esp50\" data-group=\"grupo102\">\n<div class=\"pt-cv-wrapper\"><div class=\"pt-cv-view pt-cv-grid pt-cv-colsys\" id=\"pt-cv-view-49588815xz\"><div data-id=\"pt-cv-page-1\" class=\"pt-cv-page\" data-cvc=\"1\"><div class=\"col-md-12 col-sm-12 col-xs-12 pt-cv-content-item pt-cv-1-col\" ><div class='pt-cv-ifield'><div class=\"pt-cv-content\"><p>Sanches, D., Pereira, S., Castro, S., Mendes, M., Santos, E., &#038; Ribeiro, O. (2024).<br \/>\nGenerational diversity in nursing practice environments \u2013 scoping review.<br \/>\n<em>BMC Nursing, 23<\/em>(1), 928.<br \/>\n<a href=\"https:\/\/doi.org\/10.1186\/s12912-024-02607-3\" target=\"_blank\">https:\/\/doi.org\/10.1186\/s12912-024-02607-3<\/a><\/p>\n<\/div>\n<div class=\"pt-cv-meta-fields\"><span class=\"terms\"> <a href='https:\/\/events.ipv.pt\/uicisa\/en\/category\/2024\/' title='2024' class='pt-cv-tax-2024'>2024<\/a>, <a href='https:\/\/events.ipv.pt\/uicisa\/en\/category\/producao-cientifica\/artigos-jcr-sjr\/' title='artigos jcr\/sjr' class='pt-cv-tax-artigos-jcr-sjr'>artigos jcr\/sjr<\/a>, <a href='https:\/\/events.ipv.pt\/uicisa\/en\/tag\/eduardo-santos\/' title='Eduardo Santos' class='pt-cv-tax-eduardo-santos'>Eduardo Santos<\/a><\/span><\/div><\/div><\/div>\n<div class=\"col-md-12 col-sm-12 col-xs-12 pt-cv-content-item pt-cv-1-col\" ><div class='pt-cv-ifield'><div class=\"pt-cv-content\"><p>Cunha, A. M., Pereira, A., Cardoso, A. P., Silva, A. M., Barroca, M. J., Guin\u00e9, R. P. F. (2024).<br \/>\nRediscovering Portuguese White Crowberries (Corema album): Cultural Insights and Nutritional Significance.<br \/>\n<em>Foods, 13<\/em>(9), e1328.<br \/>\n<a href=\"https:\/\/doi.org\/10.3390\/foods13091328\" target=\"_blank\">https:\/\/doi.org\/10.3390\/foods13091328<\/a><\/p>\n<\/div>\n<div class=\"pt-cv-meta-fields\"><span class=\"terms\"> <a href='https:\/\/events.ipv.pt\/uicisa\/en\/category\/2024\/' title='2024' class='pt-cv-tax-2024'>2024<\/a>, <a href='https:\/\/events.ipv.pt\/uicisa\/en\/tag\/andreia-pereira\/' title='Andreia Pereira' class='pt-cv-tax-andreia-pereira'>Andreia Pereira<\/a>, <a href='https:\/\/events.ipv.pt\/uicisa\/en\/category\/producao-cientifica\/artigos-jcr-sjr\/' title='artigos jcr\/sjr' class='pt-cv-tax-artigos-jcr-sjr'>artigos jcr\/sjr<\/a><\/span><\/div><\/div><\/div>\n<div class=\"col-md-12 col-sm-12 col-xs-12 pt-cv-content-item pt-cv-1-col\" ><div class='pt-cv-ifield'><div class=\"pt-cv-content\"><p>Ribeiro Machado, D. et al. (2024).<br \/>\nCompetencia emocional y caracter\u00edsticas sociodemogr\u00e1ficas y profesionales de las enfermeras.<br \/>\n<em>Enfermer\u00eda Global, 23<\/em>(2), 153\u2013193.<br \/>\n<a href=\"https:\/\/doi.org\/10.6018\/eglobal.586691\" target=\"_blank\">https:\/\/doi.org\/10.6018\/eglobal.586691<\/a><\/p>\n<\/div>\n<div class=\"pt-cv-meta-fields\"><span class=\"terms\"> <a href='https:\/\/events.ipv.pt\/uicisa\/en\/category\/2024\/' title='2024' class='pt-cv-tax-2024'>2024<\/a>, <a href='https:\/\/events.ipv.pt\/uicisa\/en\/category\/producao-cientifica\/artigos-jcr-sjr\/' title='artigos jcr\/sjr' class='pt-cv-tax-artigos-jcr-sjr'>artigos jcr\/sjr<\/a>, <a href='https:\/\/events.ipv.pt\/uicisa\/en\/tag\/assuncao-de-almeida\/' title='Assun\u00e7\u00e3o de Almeida' class='pt-cv-tax-assuncao-de-almeida'>Assun\u00e7\u00e3o de Almeida<\/a><\/span><\/div><\/div><\/div>\n<div class=\"col-md-12 col-sm-12 col-xs-12 pt-cv-content-item pt-cv-1-col\" ><div class='pt-cv-ifield'><div class=\"pt-cv-content\"><p>Alonso-Mart\u00ednez, L., Santos, J., Cunha, M. and Puente-Alcaraz, J. (2024).<br \/>\nValidation of the Spanish Version of the Nurses&#8217; Global Assessment of Suicide Risk Scale (NGAR) in Nonclinical Settings.<br \/>\n<em>Nurs Open, 11<\/em>, e70057.\u00a0<br \/>\n<a href=\"https:\/\/doi.org\/10.1002\/nop2.70057\" target=\"_blank\">https:\/\/doi.org\/10.1002\/nop2.70057<\/a><\/p>\n<\/div>\n<div class=\"pt-cv-meta-fields\"><span class=\"terms\"> <a href='https:\/\/events.ipv.pt\/uicisa\/en\/category\/2024\/' title='2024' class='pt-cv-tax-2024'>2024<\/a>, <a href='https:\/\/events.ipv.pt\/uicisa\/en\/category\/producao-cientifica\/artigos-jcr-sjr\/' title='artigos jcr\/sjr' class='pt-cv-tax-artigos-jcr-sjr'>artigos jcr\/sjr<\/a>, <a href='https:\/\/events.ipv.pt\/uicisa\/en\/tag\/madalena-cunha\/' title='Madalena Cunha' class='pt-cv-tax-madalena-cunha'>Madalena Cunha<\/a><\/span><\/div><\/div><\/div>\n<div class=\"col-md-12 col-sm-12 col-xs-12 pt-cv-content-item pt-cv-1-col\" ><div class='pt-cv-ifield'><div class=\"pt-cv-content\"><p>Francisco, L., Duarte, J., Godinho, A. N., Zdravevski, E., Albuquerque, C., Pires, I. M., &#038; Coelho. P. J. (2024).<br \/>\nSensor-based systems for the measurement of Functional Reach Test results: a systematic review.<br \/>\n<em>PeerJ Computer Science, 10<\/em>, e1823.<br \/>\n<a href=\"http:\/\/dx.doi.org\/10.7717\/peerj-cs.1823\" target=\"_blank\">http:\/\/dx.doi.org\/10.7717\/peerj-cs.1823<\/a> <\/p>\n<\/div>\n<div class=\"pt-cv-meta-fields\"><span class=\"terms\"> <a href='https:\/\/events.ipv.pt\/uicisa\/en\/category\/2024\/' title='2024' class='pt-cv-tax-2024'>2024<\/a>, <a href='https:\/\/events.ipv.pt\/uicisa\/en\/category\/producao-cientifica\/artigos-jcr-sjr\/' title='artigos jcr\/sjr' class='pt-cv-tax-artigos-jcr-sjr'>artigos jcr\/sjr<\/a>, <a href='https:\/\/events.ipv.pt\/uicisa\/en\/tag\/carlos-albuquerque\/' title='Carlos Albuquerque' class='pt-cv-tax-carlos-albuquerque'>Carlos Albuquerque<\/a><\/span><\/div><\/div><\/div>\n<div class=\"col-md-12 col-sm-12 col-xs-12 pt-cv-content-item pt-cv-1-col\" ><div class='pt-cv-ifield'><div class=\"pt-cv-content\"><p>Francisco, L., Duarte, J., Albuquerque, C., Albuquerque, D., Pires, I. M., &#038; Coelho, P. J. (2024).<br \/>\nMobile Data Gathering and Preliminary Analysis for the Functional Reach Test.<br \/>\n<em>Sensors, 24<\/em>(4), 1301.<br \/>\n<a href=\"http:\/\/dx.doi.org\/10.3390\/s24041301\" target=\"_blank\">http:\/\/dx.doi.org\/10.3390\/s24041301<\/a><\/p>\n<\/div>\n<div class=\"pt-cv-meta-fields\"><span class=\"terms\"> <a href='https:\/\/events.ipv.pt\/uicisa\/en\/category\/2024\/' title='2024' class='pt-cv-tax-2024'>2024<\/a>, <a href='https:\/\/events.ipv.pt\/uicisa\/en\/category\/producao-cientifica\/artigos-jcr-sjr\/' title='artigos jcr\/sjr' class='pt-cv-tax-artigos-jcr-sjr'>artigos jcr\/sjr<\/a>, <a href='https:\/\/events.ipv.pt\/uicisa\/en\/tag\/carlos-albuquerque\/' title='Carlos Albuquerque' class='pt-cv-tax-carlos-albuquerque'>Carlos Albuquerque<\/a><\/span><\/div><\/div><\/div>\n<div class=\"col-md-12 col-sm-12 col-xs-12 pt-cv-content-item pt-cv-1-col\" ><div class='pt-cv-ifield'><div class=\"pt-cv-content\"><p>Matos, T., Vornicoglo, D., Coelho, P.J., Zdravevski, E., Albuquerque, C., &#038; Pires, I. M. (2024).<br \/>\nCan sensors be used to measure the Arm Curl Test results? a systematic review.<br \/>\n<em>Discov Appl Sci 6<\/em>(48).<br \/>\n<a href=\"https:\/\/doi.org\/10.1007\/s42452-024-05643-5\" target=\"_blank\">https:\/\/doi.org\/10.1007\/s42452-024-05643-5<\/a><\/p>\n<\/div>\n<div class=\"pt-cv-meta-fields\"><span class=\"terms\"> <a href='https:\/\/events.ipv.pt\/uicisa\/en\/category\/2024\/' title='2024' class='pt-cv-tax-2024'>2024<\/a>, <a href='https:\/\/events.ipv.pt\/uicisa\/en\/category\/producao-cientifica\/artigos-jcr-sjr\/' title='artigos jcr\/sjr' class='pt-cv-tax-artigos-jcr-sjr'>artigos jcr\/sjr<\/a>, <a href='https:\/\/events.ipv.pt\/uicisa\/en\/tag\/carlos-albuquerque\/' title='Carlos Albuquerque' class='pt-cv-tax-carlos-albuquerque'>Carlos Albuquerque<\/a><\/span><\/div><\/div><\/div>\n<div class=\"col-md-12 col-sm-12 col-xs-12 pt-cv-content-item pt-cv-1-col\" ><div class='pt-cv-ifield'><div class=\"pt-cv-content\"><p>Gabriel, C.P., Pires, I. M.,; Gon\u00e7alves, N. J., Coelho, P. J.,  Zdravevski, E., Lameski,P.,  Albuquerque, C., Garcia, N., &#038; Carreto, C. (2024).<br \/>\nTen meter walk test with mobile devices: A dataset with accelerometer, magnetometer, and gyroscope.<br \/>\n<em>Data in Brief<\/em>, 52, 109867.<br \/>\n<a href=\"http:\/\/dx.doi.org\/10.1016\/j.dib.2023.109867\" target=\"_blank\">http:\/\/dx.doi.org\/10.1016\/j.dib.2023.109867<\/a><\/p>\n<\/div>\n<div class=\"pt-cv-meta-fields\"><span class=\"terms\"> <a href='https:\/\/events.ipv.pt\/uicisa\/en\/category\/2024\/' title='2024' class='pt-cv-tax-2024'>2024<\/a>, <a href='https:\/\/events.ipv.pt\/uicisa\/en\/category\/producao-cientifica\/artigos-jcr-sjr\/' title='artigos jcr\/sjr' class='pt-cv-tax-artigos-jcr-sjr'>artigos jcr\/sjr<\/a>, <a href='https:\/\/events.ipv.pt\/uicisa\/en\/tag\/carlos-albuquerque\/' title='Carlos Albuquerque' class='pt-cv-tax-carlos-albuquerque'>Carlos Albuquerque<\/a><\/span><\/div><\/div><\/div>\n<div class=\"col-md-12 col-sm-12 col-xs-12 pt-cv-content-item pt-cv-1-col\" ><div class='pt-cv-ifield'><div class=\"pt-cv-content\"><p>Mendes, J., &#038; Dias, A.M. (2024).<br \/>\nSatisfa\u00e7\u00e3o da pessoa assistida na unidade de t\u00e9cnicas endosc\u00f3picas de uma Unidade Hospitalar.<br \/>\n<em>Millenium -Journal of Education, Technologies, and Health, 2<\/em>(ed. espec. n\u00ba15), e33613.<br \/>\nDOI: <a href=\"https:\/\/doi.org\/10.29352\/mill0215e.33613\" target=\"_blank\">https:\/\/doi.org\/10.29352\/mill0215e.33613<\/a><\/p>\n<\/div>\n<div class=\"pt-cv-meta-fields\"><span class=\"terms\"> <a href='https:\/\/events.ipv.pt\/uicisa\/en\/category\/2024\/' title='2024' class='pt-cv-tax-2024'>2024<\/a>, <a href='https:\/\/events.ipv.pt\/uicisa\/en\/tag\/antonio-dias\/' title='Ant\u00f3nio Dias' class='pt-cv-tax-antonio-dias'>Ant\u00f3nio Dias<\/a>, <a href='https:\/\/events.ipv.pt\/uicisa\/en\/category\/producao-cientifica\/artigos-jcr-sjr\/' title='artigos jcr\/sjr' class='pt-cv-tax-artigos-jcr-sjr'>artigos jcr\/sjr<\/a><\/span><\/div><\/div><\/div>\n<div class=\"col-md-12 col-sm-12 col-xs-12 pt-cv-content-item pt-cv-1-col\" ><div class='pt-cv-ifield'><div class=\"pt-cv-content\"><p>Lopes, E., &#038; Dias, A. M. (2024).<br \/>\nAtitudes e conhecimentos dos enfermeiros relativamente \u00e0 preven\u00e7\u00e3o da Pneumonia Associada \u00e0 Intuba\u00e7\u00e3o.<br \/>\n<em>Millenium -Journal of Education, Technologies, and Health, 2<\/em>(ed. espec. n\u00ba15), e34046.<br \/>\nOI: <a href=\"https:\/\/doi.org\/10.29352\/mill0215e.34046\" target=\"_blank\">https:\/\/doi.org\/10.29352\/mill0215e.34046<\/a><\/p>\n<\/div>\n<div class=\"pt-cv-meta-fields\"><span class=\"terms\"> <a href='https:\/\/events.ipv.pt\/uicisa\/en\/category\/2024\/' title='2024' class='pt-cv-tax-2024'>2024<\/a>, <a href='https:\/\/events.ipv.pt\/uicisa\/en\/tag\/antonio-dias\/' title='Ant\u00f3nio Dias' class='pt-cv-tax-antonio-dias'>Ant\u00f3nio Dias<\/a>, <a href='https:\/\/events.ipv.pt\/uicisa\/en\/category\/producao-cientifica\/artigos-jcr-sjr\/' title='artigos jcr\/sjr' class='pt-cv-tax-artigos-jcr-sjr'>artigos jcr\/sjr<\/a><\/span><\/div><\/div><\/div>\n<div class=\"col-md-12 col-sm-12 col-xs-12 pt-cv-content-item pt-cv-1-col\" ><div class='pt-cv-ifield'><div class=\"pt-cv-content\"><p>Valentim, O., Correia, T., Moutinho, L., Seabra, P., Querido, A., &#038; Laranjeira, C. (2024).<br \/>\n\u201cThis Is Me\u201d an awareness-raising and anti-stigma program for undergraduate nursing students: A pre-post intervention study.<br \/>\n<em>Nursing Reports, 14<\/em>(4), 2956\u20132974.<br \/>\n<a href=\"https:\/\/doi.org\/10.3390\/nursrep14040216\" target=\"_blank\">https:\/\/doi.org\/10.3390\/nursrep14040216<\/a><\/p>\n<\/div>\n<div class=\"pt-cv-meta-fields\"><span class=\"terms\"> <a href='https:\/\/events.ipv.pt\/uicisa\/en\/category\/2024\/' title='2024' class='pt-cv-tax-2024'>2024<\/a>, <a href='https:\/\/events.ipv.pt\/uicisa\/en\/category\/producao-cientifica\/artigos-jcr-sjr\/' title='artigos jcr\/sjr' class='pt-cv-tax-artigos-jcr-sjr'>artigos jcr\/sjr<\/a>, <a href='https:\/\/events.ipv.pt\/uicisa\/en\/tag\/tania-correia\/' title='T\u00e2nia Correia' class='pt-cv-tax-tania-correia'>T\u00e2nia Correia<\/a><\/span><\/div><\/div><\/div>\n<div class=\"col-md-12 col-sm-12 col-xs-12 pt-cv-content-item pt-cv-1-col\" ><div class='pt-cv-ifield'><div class=\"pt-cv-content\"><p>Quint\u00e3o, C., Ribeiro, R., Fonseca, S. Lebreiro, M., &#038; Amaral, O. (2024).<br \/>\nCuidar da fam\u00edlia com um dos seus membros com dem\u00eancia segundo o MDAIF.<br \/>\n<em>Millenium &#8211; Journal of Education, Technologies, and Health, 2<\/em>(ed. espec. n\u00ba14), e32665.<br \/>\nDOI: <a href=\"https:\/\/doi.org\/10.29352\/mill0214e.32665\" target=\"_blank\">https:\/\/doi.org\/10.29352\/mill0214e.32665<\/a><\/p>\n<\/div>\n<div class=\"pt-cv-meta-fields\"><span class=\"terms\"> <a href='https:\/\/events.ipv.pt\/uicisa\/en\/category\/2024\/' title='2024' class='pt-cv-tax-2024'>2024<\/a>, <a href='https:\/\/events.ipv.pt\/uicisa\/en\/category\/producao-cientifica\/artigos-jcr-sjr\/' title='artigos jcr\/sjr' class='pt-cv-tax-artigos-jcr-sjr'>artigos jcr\/sjr<\/a>, <a href='https:\/\/events.ipv.pt\/uicisa\/en\/tag\/odete-amaral\/' title='Odete Amaral' class='pt-cv-tax-odete-amaral'>Odete Amaral<\/a><\/span><\/div><\/div><\/div>\n<div class=\"col-md-12 col-sm-12 col-xs-12 pt-cv-content-item pt-cv-1-col\" ><div class='pt-cv-ifield'><div class=\"pt-cv-content\"><p>Almeida Pinheiro, F. M., Alves, A. B. P. L., Marques, C. F. F., Pais, J. B., Sampaio, M. M., Reis, A. M. S. d. S. C., &#038; Coutinho, E. d. C. (2024).<br \/>\nEnfermeiro de fam\u00edlia no suporte ao casal enlutado pela perda de um filho: scoping review.<br \/>\n<em>New Trends in Qualitative Research, 20<\/em>(3), 1-15.<br \/>\n<a href=\"https:\/\/doi.org\/10.36367\/ntqr.20.3.2024.e1076\" target=\"_blank\">https:\/\/doi.org\/10.36367\/ntqr.20.3.2024.e1076<\/a><\/p>\n<\/div>\n<div class=\"pt-cv-meta-fields\"><span class=\"terms\"> <a href='https:\/\/events.ipv.pt\/uicisa\/en\/category\/2024\/' title='2024' class='pt-cv-tax-2024'>2024<\/a>, <a href='https:\/\/events.ipv.pt\/uicisa\/en\/category\/producao-cientifica\/artigos-jcr-sjr\/' title='artigos jcr\/sjr' class='pt-cv-tax-artigos-jcr-sjr'>artigos jcr\/sjr<\/a>, <a href='https:\/\/events.ipv.pt\/uicisa\/en\/tag\/emilia-coutinho\/' title='Em\u00edlia Coutinho' class='pt-cv-tax-emilia-coutinho'>Em\u00edlia Coutinho<\/a><\/span><\/div><\/div><\/div>\n<div class=\"col-md-12 col-sm-12 col-xs-12 pt-cv-content-item pt-cv-1-col\" ><div class='pt-cv-ifield'><div class=\"pt-cv-content\"><p>Coutinho, E., Costa, S., &#038; Parreira, V. (2024).<br \/>\nOs desafios vivenciados pelo Enfermeiro Obstetra no cuidar mulheres com mutila\u00e7\u00e3o genital feminina: estudo fenomenol\u00f3gico.<br \/>\n<em>New Trends in Qualitative Research, 20<\/em>(3), e1082-e1082.<br \/>\n<a href=\"https:\/\/doi.org\/10.36367\/ntqr.20.3.2024.e1082\" target=\"_blank\">https:\/\/doi.org\/10.36367\/ntqr.20.3.2024.e1082<\/a><\/p>\n<\/div>\n<div class=\"pt-cv-meta-fields\"><span class=\"terms\"> <a href='https:\/\/events.ipv.pt\/uicisa\/en\/category\/2024\/' title='2024' class='pt-cv-tax-2024'>2024<\/a>, <a href='https:\/\/events.ipv.pt\/uicisa\/en\/category\/producao-cientifica\/artigos-jcr-sjr\/' title='artigos jcr\/sjr' class='pt-cv-tax-artigos-jcr-sjr'>artigos jcr\/sjr<\/a>, <a href='https:\/\/events.ipv.pt\/uicisa\/en\/tag\/emilia-coutinho\/' title='Em\u00edlia Coutinho' class='pt-cv-tax-emilia-coutinho'>Em\u00edlia Coutinho<\/a><\/span><\/div><\/div><\/div>\n<div class=\"col-md-12 col-sm-12 col-xs-12 pt-cv-content-item pt-cv-1-col\" ><div class='pt-cv-ifield'><div class=\"pt-cv-content\"><p>Valen\u00e7a, A., Meireles, A., Cruz, C., Pinheiro, J., Cunha, M., &#038; Coutinho, E. (2024).<br \/>\nAromatherapy in labor pain relief &#8211; comfort theory: scoping review.<br \/>\n<em>Millenium &#8211; Journal of Education, Technologies, and Health<\/em> (15e), e36039.<br \/>\n<a href=\"https:\/\/doi.org\/10.29352\/mill0215e.36039\" target=\"_blank\">https:\/\/doi.org\/10.29352\/mill0215e.36039<\/a><\/p>\n<\/div>\n<div class=\"pt-cv-meta-fields\"><span class=\"terms\"> <a href='https:\/\/events.ipv.pt\/uicisa\/en\/category\/2024\/' title='2024' class='pt-cv-tax-2024'>2024<\/a>, <a href='https:\/\/events.ipv.pt\/uicisa\/en\/category\/producao-cientifica\/artigos-jcr-sjr\/' title='artigos jcr\/sjr' class='pt-cv-tax-artigos-jcr-sjr'>artigos jcr\/sjr<\/a>, <a href='https:\/\/events.ipv.pt\/uicisa\/en\/tag\/emilia-coutinho\/' title='Em\u00edlia Coutinho' class='pt-cv-tax-emilia-coutinho'>Em\u00edlia Coutinho<\/a>, <a href='https:\/\/events.ipv.pt\/uicisa\/en\/tag\/madalena-cunha\/' title='Madalena Cunha' class='pt-cv-tax-madalena-cunha'>Madalena Cunha<\/a><\/span><\/div><\/div><\/div>\n<div class=\"col-md-12 col-sm-12 col-xs-12 pt-cv-content-item pt-cv-1-col\" ><div class='pt-cv-ifield'><div class=\"pt-cv-content\"><p>Marm\u00e9, L., Carvalhais, M., &#038; Bica, I. (2024).<br \/>\nAs experi\u00eancias e desafios parentais durante o confinamento imposto pela pandemia COVID-19.\u00a0<br \/>\n<em>Millenium -Journal of Education, Technologies, and Health\u00a0<\/em>(14e) e34547.\u00a0<br \/>\n<a href=\"https:\/\/doi.org\/10.29352\/mill0214e.34547\" target=\"_blank\">https:\/\/doi.org\/10.29352\/mill0214e.34547<\/a><\/p>\n<\/div>\n<div class=\"pt-cv-meta-fields\"><span class=\"terms\"> <a href='https:\/\/events.ipv.pt\/uicisa\/en\/category\/2024\/' title='2024' class='pt-cv-tax-2024'>2024<\/a>, <a href='https:\/\/events.ipv.pt\/uicisa\/en\/category\/producao-cientifica\/artigos-jcr-sjr\/' title='artigos jcr\/sjr' class='pt-cv-tax-artigos-jcr-sjr'>artigos jcr\/sjr<\/a>, <a href='https:\/\/events.ipv.pt\/uicisa\/en\/tag\/isabel-bica\/' title='Isabel Bica' class='pt-cv-tax-isabel-bica'>Isabel Bica<\/a><\/span><\/div><\/div><\/div>\n<div class=\"col-md-12 col-sm-12 col-xs-12 pt-cv-content-item pt-cv-1-col\" ><div class='pt-cv-ifield'><div class=\"pt-cv-content\"><p>Pina, F., Cardoso, J., Vicente, J., Esteves, M., Ribeiro, O., Bica, I., &#038; Cunha, M. (2024).<br \/>\nAid to the elderly person aged 80 and over in the emergency service: perspective of professionals from nursing homes.\u00a0<br \/>\n<em>Millenium &#8211; Journal of Education, Technologies, and Health, <\/em>(14e), e32126.<br \/>\n<a href=\"https:\/\/doi.org\/10.29352\/mill0214e.32126\" target=\"_blank\">https:\/\/doi.org\/10.29352\/mill0214e.32126<\/a><\/p>\n<\/div>\n<div class=\"pt-cv-meta-fields\"><span class=\"terms\"> <a href='https:\/\/events.ipv.pt\/uicisa\/en\/category\/2024\/' title='2024' class='pt-cv-tax-2024'>2024<\/a>, <a href='https:\/\/events.ipv.pt\/uicisa\/en\/category\/producao-cientifica\/artigos-jcr-sjr\/' title='artigos jcr\/sjr' class='pt-cv-tax-artigos-jcr-sjr'>artigos jcr\/sjr<\/a>, <a href='https:\/\/events.ipv.pt\/uicisa\/en\/tag\/isabel-bica\/' title='Isabel Bica' class='pt-cv-tax-isabel-bica'>Isabel Bica<\/a>, <a href='https:\/\/events.ipv.pt\/uicisa\/en\/tag\/madalena-cunha\/' title='Madalena Cunha' class='pt-cv-tax-madalena-cunha'>Madalena Cunha<\/a>, <a href='https:\/\/events.ipv.pt\/uicisa\/en\/tag\/oliverio-ribeiro\/' title='Oliv\u00e9rio Ribeiro' class='pt-cv-tax-oliverio-ribeiro'>Oliv\u00e9rio Ribeiro<\/a><\/span><\/div><\/div><\/div>\n<div class=\"col-md-12 col-sm-12 col-xs-12 pt-cv-content-item pt-cv-1-col\" ><div class='pt-cv-ifield'><div class=\"pt-cv-content\"><p>Lordelo, R., Branco, R., Gama, F., Morais, P. V. (2024).<br \/>\nAssessment of antimicrobial resistance, biofilm formation, and surface modification potential in hospital strains of Pseudomonas aeruginosa and Klebsiella pneumoniae.<br \/>\nHeliyon, 10(9), e30464.<br \/>\n<a href=\"http:\/\/dx.doi.org\/10.1016\/j.heliyon.2024.e30464\" target=\"_blank\">http:\/\/dx.doi.org\/10.1016\/j.heliyon.2024.e30464<\/a><\/p>\n<\/div>\n<div class=\"pt-cv-meta-fields\"><span class=\"terms\"> <a href='https:\/\/events.ipv.pt\/uicisa\/en\/category\/2024\/' title='2024' class='pt-cv-tax-2024'>2024<\/a>, <a href='https:\/\/events.ipv.pt\/uicisa\/en\/category\/producao-cientifica\/artigos-jcr-sjr\/' title='artigos jcr\/sjr' class='pt-cv-tax-artigos-jcr-sjr'>artigos jcr\/sjr<\/a>, <a href='https:\/\/events.ipv.pt\/uicisa\/en\/tag\/fernando-gama\/' title='Fernando Gama' class='pt-cv-tax-fernando-gama'>Fernando Gama<\/a><\/span><\/div><\/div><\/div>\n<div class=\"col-md-12 col-sm-12 col-xs-12 pt-cv-content-item pt-cv-1-col\" ><div class='pt-cv-ifield'><div class=\"pt-cv-content\"><p>Rocha, P., Baixinho, C. L., &#038; Henriques, M. A. (2024).<br \/>\nA qualitative study of older adults: The difficulties and needs of returning home after hip fractures.<br \/>\n<em>International journal of orthopaedic and trauma nursing, 55<\/em>, 101141. <em>Advance online publication<\/em>.<br \/>\n<a href=\"https:\/\/doi.org\/10.1016\/j.ijotn.2024.101141\" target=\"_blank\">https:\/\/doi.org\/10.1016\/j.ijotn.2024.101141<\/a><\/p>\n<\/div>\n<div class=\"pt-cv-meta-fields\"><span class=\"terms\"> <a href='https:\/\/events.ipv.pt\/uicisa\/en\/category\/2024\/' title='2024' class='pt-cv-tax-2024'>2024<\/a>, <a href='https:\/\/events.ipv.pt\/uicisa\/en\/category\/producao-cientifica\/artigos-jcr-sjr\/' title='artigos jcr\/sjr' class='pt-cv-tax-artigos-jcr-sjr'>artigos jcr\/sjr<\/a>, <a href='https:\/\/events.ipv.pt\/uicisa\/en\/tag\/paula-rocha\/' title='Paula Rocha' class='pt-cv-tax-paula-rocha'>Paula Rocha<\/a><\/span><\/div><\/div><\/div>\n<div class=\"col-md-12 col-sm-12 col-xs-12 pt-cv-content-item pt-cv-1-col\" ><div class='pt-cv-ifield'><div class=\"pt-cv-content\"><p>Rocha, P., Baixinho, C. L., Marques, A., Henriques, M. A. (2024).<br \/>\nSafety-promoting interventions for the older person with hip fracture on returning home: a systematic review.<br \/>\n<em>Int. J. Orthop. Trauma Nurs. 52<\/em>, 10106.<br \/>\nDOI: 10.1016\/j.ijotn.2023.1010633<\/p>\n<\/div>\n<div class=\"pt-cv-meta-fields\"><span class=\"terms\"> <a href='https:\/\/events.ipv.pt\/uicisa\/en\/category\/2024\/' title='2024' class='pt-cv-tax-2024'>2024<\/a>, <a href='https:\/\/events.ipv.pt\/uicisa\/en\/category\/producao-cientifica\/artigos-jcr-sjr\/' title='artigos jcr\/sjr' class='pt-cv-tax-artigos-jcr-sjr'>artigos jcr\/sjr<\/a>, <a href='https:\/\/events.ipv.pt\/uicisa\/en\/tag\/paula-rocha\/' title='Paula Rocha' class='pt-cv-tax-paula-rocha'>Paula Rocha<\/a><\/span><\/div><\/div><\/div>\n<div class=\"col-md-12 col-sm-12 col-xs-12 pt-cv-content-item pt-cv-1-col\" ><div class='pt-cv-ifield'><div class=\"pt-cv-content\"><p>Mota, M., Melo, F., Santos, E., Abrantes, T., Monteiro, M. P., Cunha, M., Santos, M. R. (2024).<br \/>\nPrehospital Interventions to Reduce Discomfort From Spinal Immobilization in Adult Trauma Patients: A Scoping Review.<br \/>\nJournal of Trauma Nursing: the official journal of the Society of Trauma Nurses, 31(6), 330-338.<br \/>\ndoi: <a href=\"https:\/\/pubmed.ncbi.nlm.nih.gov\/39808773\/\" target=\"_blank\">10.1097\/JTN.0000000000000821<\/a>.<\/p>\n<\/div>\n<div class=\"pt-cv-meta-fields\"><span class=\"terms\"> <a href='https:\/\/events.ipv.pt\/uicisa\/en\/category\/2024\/' title='2024' class='pt-cv-tax-2024'>2024<\/a>, <a href='https:\/\/events.ipv.pt\/uicisa\/en\/category\/producao-cientifica\/artigos-jcr-sjr\/' title='artigos jcr\/sjr' class='pt-cv-tax-artigos-jcr-sjr'>artigos jcr\/sjr<\/a>, <a href='https:\/\/events.ipv.pt\/uicisa\/en\/tag\/eduardo-santos\/' title='Eduardo Santos' class='pt-cv-tax-eduardo-santos'>Eduardo Santos<\/a>, <a href='https:\/\/events.ipv.pt\/uicisa\/en\/tag\/madalena-cunha\/' title='Madalena Cunha' class='pt-cv-tax-madalena-cunha'>Madalena Cunha<\/a>, <a href='https:\/\/events.ipv.pt\/uicisa\/en\/tag\/mauro-mota\/' title='Mauro Mota' class='pt-cv-tax-mauro-mota'>Mauro Mota<\/a><\/span><\/div><\/div><\/div>\n<div class=\"col-md-12 col-sm-12 col-xs-12 pt-cv-content-item pt-cv-1-col\" ><div class='pt-cv-ifield'><div class=\"pt-cv-content\"><p>Morais, L., Frias, L., Ribeiro, M., Nunes, M., Ramos, M., Morence, S., &#8230; &#038; Mota, M. (2024).<br \/>\nLavagem g\u00e1strica \u00e0 pessoa v\u00edtima de intoxica\u00e7\u00e3o\u2013revis\u00e3o scoping.<br \/>\n<em>Millenium-Journal of Education, Technologies, and Health, <\/em>(14e), e31400-e31400.<br \/>\n<a href=\"https:\/\/doi.org\/10.29352\/mill0214e.31400\" target=\"_blank\">https:\/\/doi.org\/10.29352\/mill0214e.31400<\/a><\/p>\n<\/div>\n<div class=\"pt-cv-meta-fields\"><span class=\"terms\"> <a href='https:\/\/events.ipv.pt\/uicisa\/en\/category\/2024\/' title='2024' class='pt-cv-tax-2024'>2024<\/a>, <a href='https:\/\/events.ipv.pt\/uicisa\/en\/category\/producao-cientifica\/artigos-jcr-sjr\/' title='artigos jcr\/sjr' class='pt-cv-tax-artigos-jcr-sjr'>artigos jcr\/sjr<\/a>, <a href='https:\/\/events.ipv.pt\/uicisa\/en\/tag\/mauro-mota\/' title='Mauro Mota' class='pt-cv-tax-mauro-mota'>Mauro Mota<\/a><\/span><\/div><\/div><\/div>\n<div class=\"col-md-12 col-sm-12 col-xs-12 pt-cv-content-item pt-cv-1-col\" ><div class='pt-cv-ifield'><div class=\"pt-cv-content\"><p>Mota, M., Pires, R., Cunha, M., &#038; Santos, M. R. (2024).<br \/>\nNurses\u2019 perception of the impact of professional development sessions on their pre-hospital clinical practice with trauma victims.<br \/>\n<em>Frontiers in Public Health, 12<\/em>, 1365509.\u00a0<br \/>\n<a href=\"http:\/\/dx.doi.org\/10.3389\/fpubh.2024.1365509\" target=\"_blank\">http:\/\/dx.doi.org\/10.3389\/fpubh.2024.1365509<\/a><\/p>\n<\/div>\n<div class=\"pt-cv-meta-fields\"><span class=\"terms\"> <a href='https:\/\/events.ipv.pt\/uicisa\/en\/category\/2024\/' title='2024' class='pt-cv-tax-2024'>2024<\/a>, <a href='https:\/\/events.ipv.pt\/uicisa\/en\/category\/producao-cientifica\/artigos-jcr-sjr\/' title='artigos jcr\/sjr' class='pt-cv-tax-artigos-jcr-sjr'>artigos jcr\/sjr<\/a>, <a href='https:\/\/events.ipv.pt\/uicisa\/en\/tag\/madalena-cunha\/' title='Madalena Cunha' class='pt-cv-tax-madalena-cunha'>Madalena Cunha<\/a>, <a href='https:\/\/events.ipv.pt\/uicisa\/en\/tag\/mauro-mota\/' title='Mauro Mota' class='pt-cv-tax-mauro-mota'>Mauro Mota<\/a><\/span><\/div><\/div><\/div>\n<div class=\"col-md-12 col-sm-12 col-xs-12 pt-cv-content-item pt-cv-1-col\" ><div class='pt-cv-ifield'><div class=\"pt-cv-content\"><p>Mota, M., Melo, F., Castelo-Branco, M., Campos, R., Cunha, M., &#038; Santos, M. R. (2024).<br \/>\nConstruction of the discomfort assessment scale for immobilized trauma victims (DASITV).<br \/>\n<em>International Emergency Nursing, 76<\/em>, 101501.<br \/>\n<a href=\"https:\/\/doi.org\/10.1016\/j.ienj.2024.101501\" target=\"_blank\">https:\/\/doi.org\/10.1016\/j.ienj.2024.101501<\/a><\/p>\n<\/div>\n<div class=\"pt-cv-meta-fields\"><span class=\"terms\"> <a href='https:\/\/events.ipv.pt\/uicisa\/en\/category\/2024\/' title='2024' class='pt-cv-tax-2024'>2024<\/a>, <a href='https:\/\/events.ipv.pt\/uicisa\/en\/category\/producao-cientifica\/artigos-jcr-sjr\/' title='artigos jcr\/sjr' class='pt-cv-tax-artigos-jcr-sjr'>artigos jcr\/sjr<\/a>, <a href='https:\/\/events.ipv.pt\/uicisa\/en\/tag\/madalena-cunha\/' title='Madalena Cunha' class='pt-cv-tax-madalena-cunha'>Madalena Cunha<\/a>, <a href='https:\/\/events.ipv.pt\/uicisa\/en\/tag\/mauro-mota\/' title='Mauro Mota' class='pt-cv-tax-mauro-mota'>Mauro Mota<\/a><\/span><\/div><\/div><\/div>\n<div class=\"col-md-12 col-sm-12 col-xs-12 pt-cv-content-item pt-cv-1-col\" ><div class='pt-cv-ifield'><div class=\"pt-cv-content\"><p>Alves, S. P., Ribeiro, I., N\u00e9n\u00e9, M., &#038; Sequeira, C. (2024).<br \/>\nPerinatal mental health nurse counselling programme: a pilot study.<br \/>\n<em>Millenium &#8211; Journal of Education, Technologies, and Health, <\/em>(15e), e35142.<br \/>\n<a href=\"https:\/\/doi.org\/10.29352\/mill0215e.35142\" target=\"_blank\">https:\/\/doi.org\/10.29352\/mill0215e.35142<\/a><\/p>\n<\/div>\n<div class=\"pt-cv-meta-fields\"><span class=\"terms\"> <a href='https:\/\/events.ipv.pt\/uicisa\/en\/category\/2024\/' title='2024' class='pt-cv-tax-2024'>2024<\/a>, <a href='https:\/\/events.ipv.pt\/uicisa\/en\/category\/producao-cientifica\/artigos-jcr-sjr\/' title='artigos jcr\/sjr' class='pt-cv-tax-artigos-jcr-sjr'>artigos jcr\/sjr<\/a>, <a href='https:\/\/events.ipv.pt\/uicisa\/en\/tag\/sonia-alves\/' title='S\u00f3nia Alves' class='pt-cv-tax-sonia-alves'>S\u00f3nia Alves<\/a><\/span><\/div><\/div><\/div>\n<div class=\"col-md-12 col-sm-12 col-xs-12 pt-cv-content-item pt-cv-1-col\" ><div class='pt-cv-ifield'><div class=\"pt-cv-content\"><p>Guin\u00e9, R. P. F., Floren\u00e7a, S. G., Costa, C. A., Correia, P. M. R., Ferreira, M., Cardoso, A. P.,  Campos, S.,  Anjos, O., Bartkiene, E., Sari\u0107, M. M. (2024).<br \/>\nInformation about nutritional aspects of edible insects: Perspectives across different European geographies.<br \/>\n<em>AIMS Agriculture and Food, 9<\/em>(3), 921-933. <\/p>\n<\/div>\n<div class=\"pt-cv-meta-fields\"><span class=\"terms\"> <a href='https:\/\/events.ipv.pt\/uicisa\/en\/category\/2024\/' title='2024' class='pt-cv-tax-2024'>2024<\/a>, <a href='https:\/\/events.ipv.pt\/uicisa\/en\/category\/producao-cientifica\/artigos-jcr-sjr\/' title='artigos jcr\/sjr' class='pt-cv-tax-artigos-jcr-sjr'>artigos jcr\/sjr<\/a>, <a href='https:\/\/events.ipv.pt\/uicisa\/en\/tag\/manuela-ferreira\/' title='Manuela Ferreira' class='pt-cv-tax-manuela-ferreira'>Manuela Ferreira<\/a>, <a href='https:\/\/events.ipv.pt\/uicisa\/en\/tag\/sofia-campos\/' title='Sofia Campos' class='pt-cv-tax-sofia-campos'>Sofia Campos<\/a><\/span><\/div><\/div><\/div>\n<div class=\"col-md-12 col-sm-12 col-xs-12 pt-cv-content-item pt-cv-1-col\" ><div class='pt-cv-ifield'><div class=\"pt-cv-content\"><p>Melo, R. M. D. C., Lopes, E. C. R., Vilas Boas, J. L. C., Santos, L. B., Amaro, S. C. F., Ventura-Silva, J. M. A. &#038; Oliveira, I. d. J. (2024).<br \/>\nEmpowering dependent patients in self-care when returning home: scoping review.<br \/>\n<em>Working with Older People<\/em>.<br \/>\n<a href=\"https:\/\/doi.org\/10.1108\/WWOP-04-2024-0016\" target=\"_blank\">https:\/\/doi.org\/10.1108\/WWOP-04-2024-0016<\/a><\/p>\n<\/div>\n<div class=\"pt-cv-meta-fields\"><span class=\"terms\"> <a href='https:\/\/events.ipv.pt\/uicisa\/en\/category\/2024\/' title='2024' class='pt-cv-tax-2024'>2024<\/a>, <a href='https:\/\/events.ipv.pt\/uicisa\/en\/category\/producao-cientifica\/artigos-jcr-sjr\/' title='artigos jcr\/sjr' class='pt-cv-tax-artigos-jcr-sjr'>artigos jcr\/sjr<\/a>, <a href='https:\/\/events.ipv.pt\/uicisa\/en\/tag\/ricardo-melo\/' title='Ricardo Melo' class='pt-cv-tax-ricardo-melo'>Ricardo Melo<\/a><\/span><\/div><\/div><\/div>\n<div class=\"col-md-12 col-sm-12 col-xs-12 pt-cv-content-item pt-cv-1-col\" ><div class='pt-cv-ifield'><div class=\"pt-cv-content\"><p>Ventura-Silva, J. M. A., Martins, M. M. F. P. S., Lima, L. L., Faria, A. C. A., Barros, S. C. C., Mendes, M., et al. (2024).<br \/>\nNurses\u2019 perspectives on nurses\u2019 work methods.<br \/>\n<em>Rev Bras Enferm, 77<\/em>(3), e20230374.<br \/>\n<a href=\"https:\/\/doi.org\/10.1590\/0034-7167-2023-0374\" target=\"_blank\">https:\/\/doi.org\/10.1590\/0034-7167-2023-0374<\/a><\/p>\n<\/div>\n<div class=\"pt-cv-meta-fields\"><span class=\"terms\"> <a href='https:\/\/events.ipv.pt\/uicisa\/en\/category\/2024\/' title='2024' class='pt-cv-tax-2024'>2024<\/a>, <a href='https:\/\/events.ipv.pt\/uicisa\/en\/category\/producao-cientifica\/artigos-jcr-sjr\/' title='artigos jcr\/sjr' class='pt-cv-tax-artigos-jcr-sjr'>artigos jcr\/sjr<\/a>, <a href='https:\/\/events.ipv.pt\/uicisa\/en\/tag\/ricardo-melo\/' title='Ricardo Melo' class='pt-cv-tax-ricardo-melo'>Ricardo Melo<\/a><\/span><\/div><\/div><\/div>\n<div class=\"col-md-12 col-sm-12 col-xs-12 pt-cv-content-item pt-cv-1-col\" ><div class='pt-cv-ifield'><div class=\"pt-cv-content\"><p>Ventura-Silva J. M. A, Martins M. M. F. P. S., Trindade L. L., Mendes M., Faria A. C. A., Barros S. C. C., et al. (2024).<br \/>\nCharacterization of nurses&#8217; work methods: The analysis of a Portuguese hospital.<br \/>\n<em>Nursing Practice Today, 11<\/em>(1), 34-43.<br \/>\n<a href=\"https:\/\/doi.org\/10.18502\/npt.v11i1.14940\" target=\"_blank\">https:\/\/doi.org\/10.18502\/npt.v11i1.14940 <\/a><\/p>\n<\/div>\n<div class=\"pt-cv-meta-fields\"><span class=\"terms\"> <a href='https:\/\/events.ipv.pt\/uicisa\/en\/category\/2024\/' title='2024' class='pt-cv-tax-2024'>2024<\/a>, <a href='https:\/\/events.ipv.pt\/uicisa\/en\/category\/producao-cientifica\/artigos-jcr-sjr\/' title='artigos jcr\/sjr' class='pt-cv-tax-artigos-jcr-sjr'>artigos jcr\/sjr<\/a>, <a href='https:\/\/events.ipv.pt\/uicisa\/en\/tag\/ricardo-melo\/' title='Ricardo Melo' class='pt-cv-tax-ricardo-melo'>Ricardo Melo<\/a><\/span><\/div><\/div><\/div>\n<div class=\"col-md-12 col-sm-12 col-xs-12 pt-cv-content-item pt-cv-1-col\" ><div class='pt-cv-ifield'><div class=\"pt-cv-content\"><p>Nunes, M. C., Lopes, M. B., Manata, J., Santos, D., Lim\u00e3o, R., &#038; Santos, E. (2024).<br \/>\nRequisites for assuming the role of caregiver: nurses&#8217; perceptions.<br \/>\n<em>Millenium &#8211; Journal of Education, Technologies, and Health, 2<\/em>(ed. espec. n\u00ba14), e32918<\/p>\n<\/div>\n<div class=\"pt-cv-meta-fields\"><span class=\"terms\"> <a href='https:\/\/events.ipv.pt\/uicisa\/en\/category\/2024\/' title='2024' class='pt-cv-tax-2024'>2024<\/a>, <a href='https:\/\/events.ipv.pt\/uicisa\/en\/category\/producao-cientifica\/artigos-jcr-sjr\/' title='artigos jcr\/sjr' class='pt-cv-tax-artigos-jcr-sjr'>artigos jcr\/sjr<\/a>, <a href='https:\/\/events.ipv.pt\/uicisa\/en\/tag\/eduardo-santos\/' title='Eduardo Santos' class='pt-cv-tax-eduardo-santos'>Eduardo Santos<\/a><\/span><\/div><\/div><\/div>\n<div class=\"col-md-12 col-sm-12 col-xs-12 pt-cv-content-item pt-cv-1-col\" ><div class='pt-cv-ifield'><div class=\"pt-cv-content\"><p>Santos, E. J. F., Lopes, M. B., Manata, J., Santos, D., Lim\u00e3o, R., &#038; Nunes, M. C. (2024).<br \/>\nPerce\u00e7\u00e3o do prestador de cuidados sobre os requisitos para a assun\u00e7\u00e3o do seu papel: Estudo qualitativo.<br \/>\n<em>Revista de Enfermagem Refer\u00eancia, 1-7<\/em>.<br \/>\n<a href=\"https:\/\/doi.org\/10.12707\/RVI23.74.31501\" target=\"_blank\">https:\/\/doi.org\/10.12707\/RVI23.74.31501<\/a><\/p>\n<\/div>\n<div class=\"pt-cv-meta-fields\"><span class=\"terms\"> <a href='https:\/\/events.ipv.pt\/uicisa\/en\/category\/2024\/' title='2024' class='pt-cv-tax-2024'>2024<\/a>, <a href='https:\/\/events.ipv.pt\/uicisa\/en\/category\/producao-cientifica\/artigos-jcr-sjr\/' title='artigos jcr\/sjr' class='pt-cv-tax-artigos-jcr-sjr'>artigos jcr\/sjr<\/a>, <a href='https:\/\/events.ipv.pt\/uicisa\/en\/tag\/eduardo-santos\/' title='Eduardo Santos' class='pt-cv-tax-eduardo-santos'>Eduardo Santos<\/a><\/span><\/div><\/div><\/div>\n<div class=\"col-md-12 col-sm-12 col-xs-12 pt-cv-content-item pt-cv-1-col\" ><div class='pt-cv-ifield'><div class=\"pt-cv-content\"><p>Fishpool, K., Young, G., Ciurtin, C., Cramp, F., Erhieyovwe, E. O., Farisogullari, B., Macfarlane, G. J., Machado, P. M., Pearson, J., Santos E., Dures, E. (2024).<br \/>\nFactors influencing the outcomes of non-pharmacological interventions for managing fatigue across the lifespan of people living with musculoskeletal (MSK) conditions: a scoping review protocol.<br \/>\n<em>BMJ Open, 14<\/em>(5), e082555.<br \/>\n<a href=\"https:\/\/doi.org\/10.1136\/bmjopen-2023-082555\" target=\"_blank\">https:\/\/doi.org\/10.1136\/bmjopen-2023-082555<\/a><\/p>\n<\/div>\n<div class=\"pt-cv-meta-fields\"><span class=\"terms\"> <a href='https:\/\/events.ipv.pt\/uicisa\/en\/category\/2024\/' title='2024' class='pt-cv-tax-2024'>2024<\/a>, <a href='https:\/\/events.ipv.pt\/uicisa\/en\/category\/producao-cientifica\/artigos-jcr-sjr\/' title='artigos jcr\/sjr' class='pt-cv-tax-artigos-jcr-sjr'>artigos jcr\/sjr<\/a>, <a href='https:\/\/events.ipv.pt\/uicisa\/en\/tag\/eduardo-santos\/' title='Eduardo Santos' class='pt-cv-tax-eduardo-santos'>Eduardo Santos<\/a><\/span><\/div><\/div><\/div>\n<div class=\"col-md-12 col-sm-12 col-xs-12 pt-cv-content-item pt-cv-1-col\" ><div class='pt-cv-ifield'><div class=\"pt-cv-content\"><p>Santos, D., Santos, E., &#038; Amaral, A. F. (2024).<br \/>\nPeople\u2019s experiences of their involvement in nursing care: a systematic review protocol.<br \/>\n<em>BJGP open, 8<\/em>(4).<br \/>\n<a href=\"https:\/\/doi.org\/10.3399\/BJGPO.2024.0048\" target=\"_blank\">https:\/\/doi.org\/10.3399\/BJGPO.2024.0048<\/a><\/p>\n<\/div>\n<div class=\"pt-cv-meta-fields\"><span class=\"terms\"> <a href='https:\/\/events.ipv.pt\/uicisa\/en\/category\/2024\/' title='2024' class='pt-cv-tax-2024'>2024<\/a>, <a href='https:\/\/events.ipv.pt\/uicisa\/en\/category\/producao-cientifica\/artigos-jcr-sjr\/' title='artigos jcr\/sjr' class='pt-cv-tax-artigos-jcr-sjr'>artigos jcr\/sjr<\/a>, <a href='https:\/\/events.ipv.pt\/uicisa\/en\/tag\/eduardo-santos\/' title='Eduardo Santos' class='pt-cv-tax-eduardo-santos'>Eduardo Santos<\/a><\/span><\/div><\/div><\/div>\n<div class=\"col-md-12 col-sm-12 col-xs-12 pt-cv-content-item pt-cv-1-col\" ><div class='pt-cv-ifield'><div class=\"pt-cv-content\"><p>Malta, H. F., Baptista, R. C. N., Pereira, M. A. G., Parente, P. G., da Silva, M. A. P., &#038; Santos, E. (2024).<br \/>\nStrategies used to deliver bad news to the family of unexpected and sudden death victims: a scoping review protocol.<br \/>\n<em>JBI Evidence Synthesis, 22<\/em>(12), 2642-2650.<\/p>\n<\/div>\n<div class=\"pt-cv-meta-fields\"><span class=\"terms\"> <a href='https:\/\/events.ipv.pt\/uicisa\/en\/category\/2024\/' title='2024' class='pt-cv-tax-2024'>2024<\/a>, <a href='https:\/\/events.ipv.pt\/uicisa\/en\/category\/producao-cientifica\/artigos-jcr-sjr\/' title='artigos jcr\/sjr' class='pt-cv-tax-artigos-jcr-sjr'>artigos jcr\/sjr<\/a>, <a href='https:\/\/events.ipv.pt\/uicisa\/en\/tag\/eduardo-santos\/' title='Eduardo Santos' class='pt-cv-tax-eduardo-santos'>Eduardo Santos<\/a><\/span><\/div><\/div><\/div>\n<div class=\"col-md-12 col-sm-12 col-xs-12 pt-cv-content-item pt-cv-1-col\" ><div class='pt-cv-ifield'><div class=\"pt-cv-content\"><p>Barros, T. S. D. A., Santos, E. J. F., Parreira, P. M. D. S. D., Campos, J. F., Almeida, I. F. D., Bernardes, R. A., &#038; Silva, M. M. D. (2024).<br \/>\nConstruction and enhancement of a prototype for a medical-hospital equipment for hypodermoclysis: a qualitative study.<br \/>\n<em>Revista Brasileira de Enfermagem, 77<\/em>(04), e20240059.<br \/>\n<a href=\"https:\/\/doi.org\/10.1590\/0034-7167-2024-0059\" target=\"_blank\">https:\/\/doi.org\/10.1590\/0034-7167-2024-0059<\/a><\/p>\n<\/div>\n<div class=\"pt-cv-meta-fields\"><span class=\"terms\"> <a href='https:\/\/events.ipv.pt\/uicisa\/en\/category\/2024\/' title='2024' class='pt-cv-tax-2024'>2024<\/a>, <a href='https:\/\/events.ipv.pt\/uicisa\/en\/category\/producao-cientifica\/artigos-jcr-sjr\/' title='artigos jcr\/sjr' class='pt-cv-tax-artigos-jcr-sjr'>artigos jcr\/sjr<\/a>, <a href='https:\/\/events.ipv.pt\/uicisa\/en\/tag\/eduardo-santos\/' title='Eduardo Santos' class='pt-cv-tax-eduardo-santos'>Eduardo Santos<\/a><\/span><\/div><\/div><\/div>\n<div class=\"col-md-12 col-sm-12 col-xs-12 pt-cv-content-item pt-cv-1-col\" ><div class='pt-cv-ifield'><div class=\"pt-cv-content\"><p>Pereira, S., Ribeiro, M., Mendes, M., Ferreira, R., Santos, E., Fassarella, C., &#038; Ribeiro, O. (2024).<br \/>\nPositive Nursing Practice Environment: A Concept Analysis.<br \/>\n<em>Nursing Reports, 14<\/em>(4), 3052-3068.<\/p>\n<\/div>\n<div class=\"pt-cv-meta-fields\"><span class=\"terms\"> <a href='https:\/\/events.ipv.pt\/uicisa\/en\/category\/2024\/' title='2024' class='pt-cv-tax-2024'>2024<\/a>, <a href='https:\/\/events.ipv.pt\/uicisa\/en\/category\/producao-cientifica\/artigos-jcr-sjr\/' title='artigos jcr\/sjr' class='pt-cv-tax-artigos-jcr-sjr'>artigos jcr\/sjr<\/a>, <a href='https:\/\/events.ipv.pt\/uicisa\/en\/tag\/eduardo-santos\/' title='Eduardo Santos' class='pt-cv-tax-eduardo-santos'>Eduardo Santos<\/a><\/span><\/div><\/div><\/div>\n<div class=\"col-md-12 col-sm-12 col-xs-12 pt-cv-content-item pt-cv-1-col\" ><div class='pt-cv-ifield'><div class=\"pt-cv-content\"><p>Guin\u00e9, R. P., Floren\u00e7a, S. G., Costa, C. A., Correia, P. M., Cruz-Lopes, L., Esteves, B., &#8230; &#038; Arpa, F. O. (2024).<br \/>\nEdible Insects: Consumption, Perceptions, Culture and Tradition Among Adult Citizens from 14 Countries.<br \/>\n<em>Foods, 13<\/em>(21), 3408.<br \/>\n<a href=\"https:\/\/doi.org\/10.3390\/foods13213408\" target=\"_blank\">https:\/\/doi.org\/10.3390\/foods13213408<\/a><\/p>\n<\/div>\n<div class=\"pt-cv-meta-fields\"><span class=\"terms\"> <a href='https:\/\/events.ipv.pt\/uicisa\/en\/category\/2024\/' title='2024' class='pt-cv-tax-2024'>2024<\/a>, <a href='https:\/\/events.ipv.pt\/uicisa\/en\/category\/producao-cientifica\/artigos-jcr-sjr\/' title='artigos jcr\/sjr' class='pt-cv-tax-artigos-jcr-sjr'>artigos jcr\/sjr<\/a>, <a href='https:\/\/events.ipv.pt\/uicisa\/en\/tag\/manuela-ferreira\/' title='Manuela Ferreira' class='pt-cv-tax-manuela-ferreira'>Manuela Ferreira<\/a><\/span><\/div><\/div><\/div>\n<div class=\"col-md-12 col-sm-12 col-xs-12 pt-cv-content-item pt-cv-1-col\" ><div class='pt-cv-ifield'><div class=\"pt-cv-content\"><p>Pires, A. S., &#038; Ferreira, M. (2024).<br \/>\nO impacto no pavimento p\u00e9lvico da aplica\u00e7\u00e3o da Manobra de Kristeller no per\u00edodo expulsivo.<br \/>\n<em>Millenium-Journal of Education, Technologies, and Health<\/em> (15e), e34588-e34588.<br \/>\n<a href=\"https:\/\/revistas.rcaap.pt\/millenium\/article\/view\/34588\/25562\" target=\"_blank\">https:\/\/revistas.rcaap.pt\/millenium\/article\/view\/34588\/25562<\/a><\/p>\n<\/div>\n<div class=\"pt-cv-meta-fields\"><span class=\"terms\"> <a href='https:\/\/events.ipv.pt\/uicisa\/en\/category\/2024\/' title='2024' class='pt-cv-tax-2024'>2024<\/a>, <a href='https:\/\/events.ipv.pt\/uicisa\/en\/category\/producao-cientifica\/artigos-jcr-sjr\/' title='artigos jcr\/sjr' class='pt-cv-tax-artigos-jcr-sjr'>artigos jcr\/sjr<\/a>, <a href='https:\/\/events.ipv.pt\/uicisa\/en\/tag\/manuela-ferreira\/' title='Manuela Ferreira' class='pt-cv-tax-manuela-ferreira'>Manuela Ferreira<\/a><\/span><\/div><\/div><\/div>\n<div class=\"col-md-12 col-sm-12 col-xs-12 pt-cv-content-item pt-cv-1-col\" ><div class='pt-cv-ifield'><div class=\"pt-cv-content\"><p>Guin\u00e9, R. P., Floren\u00e7a, S. G., Costa, C. A., Correia, P. M., Ferreira, M., Cardoso, A. P., &#8230; &#038; Tarcea, M. (2024).<br \/>\nEdible insects: A survey about perceptions regarding possible beneficial health effects and safety concerns among adult citizens from Portugal and Romania.<br \/>\n<em>Open Agriculture, 9<\/em>(1), 20220326. 20220326.\u00a0<br \/>\n<a href=\"https:\/\/doi.org\/10.1515\/opag-2022-0326\" target=\"_blank\">https:\/\/doi.org\/10.1515\/opag-2022-0326<\/a><\/p>\n<\/div>\n<div class=\"pt-cv-meta-fields\"><span class=\"terms\"> <a href='https:\/\/events.ipv.pt\/uicisa\/en\/category\/2024\/' title='2024' class='pt-cv-tax-2024'>2024<\/a>, <a href='https:\/\/events.ipv.pt\/uicisa\/en\/category\/producao-cientifica\/artigos-jcr-sjr\/' title='artigos jcr\/sjr' class='pt-cv-tax-artigos-jcr-sjr'>artigos jcr\/sjr<\/a>, <a href='https:\/\/events.ipv.pt\/uicisa\/en\/tag\/manuela-ferreira\/' title='Manuela Ferreira' class='pt-cv-tax-manuela-ferreira'>Manuela Ferreira<\/a>, <a href='https:\/\/events.ipv.pt\/uicisa\/en\/tag\/sofia-campos\/' title='Sofia Campos' class='pt-cv-tax-sofia-campos'>Sofia Campos<\/a><\/span><\/div><\/div><\/div>\n<div class=\"col-md-12 col-sm-12 col-xs-12 pt-cv-content-item pt-cv-1-col\" ><div class='pt-cv-ifield'><div class=\"pt-cv-content\"><p>Boariu, S. M., Scutariu, A. M., Reurean Pintilei, D., Tarcea, M., Guin\u00e9, R. P., &#038; Ferreira, M. (2024).<br \/>\nFood Literacy Assessment of a Sample of Romanian Higher Education Students.<br \/>\n<em>Sustainability, 16<\/em>(3), 1034.\u00a0<br \/>\n<a href=\"http:\/\/dx.doi.org\/10.3390\/su16031034\" target=\"_blank\">http:\/\/dx.doi.org\/10.3390\/su16031034<\/a><\/p>\n<\/div>\n<div class=\"pt-cv-meta-fields\"><span class=\"terms\"> <a href='https:\/\/events.ipv.pt\/uicisa\/en\/category\/2024\/' title='2024' class='pt-cv-tax-2024'>2024<\/a>, <a href='https:\/\/events.ipv.pt\/uicisa\/en\/category\/producao-cientifica\/artigos-jcr-sjr\/' title='artigos jcr\/sjr' class='pt-cv-tax-artigos-jcr-sjr'>artigos jcr\/sjr<\/a>, <a href='https:\/\/events.ipv.pt\/uicisa\/en\/tag\/manuela-ferreira\/' title='Manuela Ferreira' class='pt-cv-tax-manuela-ferreira'>Manuela Ferreira<\/a><\/span><\/div><\/div><\/div>\n<div class=\"col-md-12 col-sm-12 col-xs-12 pt-cv-content-item pt-cv-1-col\" ><div class='pt-cv-ifield'><div class=\"pt-cv-content\"><p>Santos, M. J. D. O., Ferreira, E. M. S., &#038; Ferreira, M. C. (2024).<br \/>\nPredictors of condom use among college students.<br \/>\n<em>International journal of environmental research and public health, 21<\/em>(4), 433.<br \/>\n<a href=\"http:\/\/dx.doi.org\/10.3390\/ijerph21040433\" target=\"_blank\">http:\/\/dx.doi.org\/10.3390\/ijerph21040433<\/a>.<\/p>\n<\/div>\n<div class=\"pt-cv-meta-fields\"><span class=\"terms\"> <a href='https:\/\/events.ipv.pt\/uicisa\/en\/category\/2024\/' title='2024' class='pt-cv-tax-2024'>2024<\/a>, <a href='https:\/\/events.ipv.pt\/uicisa\/en\/category\/producao-cientifica\/artigos-jcr-sjr\/' title='artigos jcr\/sjr' class='pt-cv-tax-artigos-jcr-sjr'>artigos jcr\/sjr<\/a>, <a href='https:\/\/events.ipv.pt\/uicisa\/en\/tag\/manuela-ferreira\/' title='Manuela Ferreira' class='pt-cv-tax-manuela-ferreira'>Manuela Ferreira<\/a>, <a href='https:\/\/events.ipv.pt\/uicisa\/en\/tag\/maria-jose-santos\/' title='Maria Jos\u00e9 Santos' class='pt-cv-tax-maria-jose-santos'>Maria Jos\u00e9 Santos<\/a><\/span><\/div><\/div><\/div>\n<div class=\"col-md-12 col-sm-12 col-xs-12 pt-cv-content-item pt-cv-1-col\" ><div class='pt-cv-ifield'><div class=\"pt-cv-content\"><p>Guin\u00e9, R. P., Floren\u00e7a, S. G., Bartkiene, E., Tarcea, M., Chuck-Hern\u00e1ndez, C., Djekic, I., &#8230; &#038; Anjos, O. (2024).<br \/>\nEdible Insects\u2013Exotic Food or Gastronomic Innovation? Study Involving 14 Countries.<br \/>\n<em>Journal of Culinary Science &#038; Technology<\/em>, 1-20.<br \/>\n<a href=\"http:\/\/dx.doi.org\/10.1080\/15428052.2024.2354216\" target=\"_blank\">http:\/\/dx.doi.org\/10.1080\/15428052.2024.2354216<\/a><\/p>\n<\/div>\n<div class=\"pt-cv-meta-fields\"><span class=\"terms\"> <a href='https:\/\/events.ipv.pt\/uicisa\/en\/category\/2024\/' title='2024' class='pt-cv-tax-2024'>2024<\/a>, <a href='https:\/\/events.ipv.pt\/uicisa\/en\/category\/producao-cientifica\/artigos-jcr-sjr\/' title='artigos jcr\/sjr' class='pt-cv-tax-artigos-jcr-sjr'>artigos jcr\/sjr<\/a>, <a href='https:\/\/events.ipv.pt\/uicisa\/en\/tag\/manuela-ferreira\/' title='Manuela Ferreira' class='pt-cv-tax-manuela-ferreira'>Manuela Ferreira<\/a>, <a href='https:\/\/events.ipv.pt\/uicisa\/en\/tag\/sofia-campos\/' title='Sofia Campos' class='pt-cv-tax-sofia-campos'>Sofia Campos<\/a><\/span><\/div><\/div><\/div>\n<div class=\"col-md-12 col-sm-12 col-xs-12 pt-cv-content-item pt-cv-1-col\" ><div class='pt-cv-ifield'><div class=\"pt-cv-content\"><p>Guin\u00e9, R. P., Floren\u00e7a, S. G., Costa, C. A., Correia, P. M., Boustani, N. M., Matran, I., &#8230; &#038; Ferreira, M. (2024).<br \/>\nConsumers\u2019 Perceptions about Edible Insects\u2019 Nutritional Value and Health Effects: Study Involving 14 Countries.<br \/>\n<em>Animals, 14<\/em>(11), 1631.<\/p>\n<\/div>\n<div class=\"pt-cv-meta-fields\"><span class=\"terms\"> <a href='https:\/\/events.ipv.pt\/uicisa\/en\/category\/2024\/' title='2024' class='pt-cv-tax-2024'>2024<\/a>, <a href='https:\/\/events.ipv.pt\/uicisa\/en\/category\/producao-cientifica\/artigos-jcr-sjr\/' title='artigos jcr\/sjr' class='pt-cv-tax-artigos-jcr-sjr'>artigos jcr\/sjr<\/a>, <a href='https:\/\/events.ipv.pt\/uicisa\/en\/tag\/manuela-ferreira\/' title='Manuela Ferreira' class='pt-cv-tax-manuela-ferreira'>Manuela Ferreira<\/a><\/span><\/div><\/div><\/div>\n<div class=\"col-md-12 col-sm-12 col-xs-12 pt-cv-content-item pt-cv-1-col\" ><div class='pt-cv-ifield'><div class=\"pt-cv-content\"><p>Campos, Sofia, et al. (2024).<br \/>\nEstados emocionais dos estudantes na transi\u00e7\u00e3o para o ensino superior: uma abordagem explorat\u00f3ria.<br \/>\n<em>New Trends in Qualitative Research 20<\/em>(3), e939.<br \/>\n<a href=\"http:\/\/dx.doi.org\/10.36367\/ntqr.20.3.2024.e939\" target=\"_blank\">http:\/\/dx.doi.org\/10.36367\/ntqr.20.3.2024.e939<\/a><\/p>\n<\/div>\n<div class=\"pt-cv-meta-fields\"><span class=\"terms\"> <a href='https:\/\/events.ipv.pt\/uicisa\/en\/category\/2024\/' title='2024' class='pt-cv-tax-2024'>2024<\/a>, <a href='https:\/\/events.ipv.pt\/uicisa\/en\/tag\/andreia-pereira\/' title='Andreia Pereira' class='pt-cv-tax-andreia-pereira'>Andreia Pereira<\/a>, <a href='https:\/\/events.ipv.pt\/uicisa\/en\/category\/producao-cientifica\/artigos-jcr-sjr\/' title='artigos jcr\/sjr' class='pt-cv-tax-artigos-jcr-sjr'>artigos jcr\/sjr<\/a>, <a href='https:\/\/events.ipv.pt\/uicisa\/en\/tag\/manuela-ferreira\/' title='Manuela Ferreira' class='pt-cv-tax-manuela-ferreira'>Manuela Ferreira<\/a>, <a href='https:\/\/events.ipv.pt\/uicisa\/en\/tag\/sofia-campos\/' title='Sofia Campos' class='pt-cv-tax-sofia-campos'>Sofia Campos<\/a><\/span><\/div><\/div><\/div>\n<div class=\"col-md-12 col-sm-12 col-xs-12 pt-cv-content-item pt-cv-1-col\" ><div class='pt-cv-ifield'><div class=\"pt-cv-content\"><p>Martins, R., Gomes, S., Gil, P. V., Carvalho, N., &#038; Carril, \u00c9. S. B. (2024).<br \/>\nThe quality of life of people with multiple sclerosis in Portugal.<br \/>\n<em>Revista Cuidarte, 15<\/em>(2), 1.<br \/>\n<a href=\"https:\/\/doi.org\/10.15649\/cuidarte.2841\" target=\"_blank\">https:\/\/doi.org\/10.15649\/cuidarte.2841<\/a><\/p>\n<\/div>\n<div class=\"pt-cv-meta-fields\"><span class=\"terms\"> <a href='https:\/\/events.ipv.pt\/uicisa\/en\/category\/2024\/' title='2024' class='pt-cv-tax-2024'>2024<\/a>, <a href='https:\/\/events.ipv.pt\/uicisa\/en\/category\/producao-cientifica\/artigos-jcr-sjr\/' title='artigos jcr\/sjr' class='pt-cv-tax-artigos-jcr-sjr'>artigos jcr\/sjr<\/a>, <a href='https:\/\/events.ipv.pt\/uicisa\/en\/tag\/rosa-martins\/' title='Rosa Martins' class='pt-cv-tax-rosa-martins'>Rosa Martins<\/a>, <a href='https:\/\/events.ipv.pt\/uicisa\/en\/tag\/susana-batista\/' title='Susana Batista' class='pt-cv-tax-susana-batista'>Susana Batista<\/a><\/span><\/div><\/div><\/div>\n<div class=\"col-md-12 col-sm-12 col-xs-12 pt-cv-content-item pt-cv-1-col\" ><div class='pt-cv-ifield'><div class=\"pt-cv-content\"><p>Gama, F., &#038; Lopes, T. (2024).<br \/>\nOverload in emergency departments: a significant determinant of healthcare-associated infections.<br \/>\nMillenium &#8211; Journal of Education, Technologies, and Health, 2 (17e), e37954.<br \/>\n<a href=\"https:\/\/doi.org\/10.29352\/mill0217e.37954\" target=\"_blank\">https:\/\/doi.org\/10.29352\/mill0217e.37954<\/a>  <\/p>\n<\/div>\n<div class=\"pt-cv-meta-fields\"><span class=\"terms\"> <a href='https:\/\/events.ipv.pt\/uicisa\/en\/category\/2024\/' title='2024' class='pt-cv-tax-2024'>2024<\/a>, <a href='https:\/\/events.ipv.pt\/uicisa\/en\/category\/producao-cientifica\/artigos-jcr-sjr\/' title='artigos jcr\/sjr' class='pt-cv-tax-artigos-jcr-sjr'>artigos jcr\/sjr<\/a>, <a href='https:\/\/events.ipv.pt\/uicisa\/en\/tag\/fernando-gama\/' title='Fernando Gama' class='pt-cv-tax-fernando-gama'>Fernando Gama<\/a>, <a href='https:\/\/events.ipv.pt\/uicisa\/en\/tag\/teresa-lopes\/' title='Teresa Lopes' class='pt-cv-tax-teresa-lopes'>Teresa Lopes<\/a><\/span><\/div><\/div><\/div><\/div><\/div><\/div>\n<\/div>\n<div id=\"ari_2023\" class=\"contentEquipa bgBranco esp50\" data-group=\"grupo102\">\n<div class=\"pt-cv-wrapper\"><div class=\"pt-cv-view pt-cv-grid pt-cv-colsys\" id=\"pt-cv-view-da98a775a2\"><div data-id=\"pt-cv-page-1\" class=\"pt-cv-page\" data-cvc=\"1\"><div class=\"col-md-12 col-sm-12 col-xs-12 pt-cv-content-item pt-cv-1-col\" ><div class='pt-cv-ifield'><div class=\"pt-cv-content\"><p>Hussain, F., Goncalves, N. J., Alexandre, D., Coelho, P. J., Albuquerque, C., Quietinho Leithardt, V. R., Pires, I. M. (2023).<br \/>\nA smartphone accelerometer data-driven approach to recognize activities of daily life: A comparative study.<br \/>\nSmart Health, 30, 100432.<br \/>\n<a href=\"https:\/\/doi.org\/10.1016\/j.smhl.2023.100432\" rel=\"noopener\" target=\"_blank\">https:\/\/doi.org\/10.1016\/j.smhl.2023.100432 <\/a><\/p>\n<\/div>\n<div class=\"pt-cv-meta-fields\"><span class=\"terms\"> <a href='https:\/\/events.ipv.pt\/uicisa\/en\/category\/2023\/' title='2023' class='pt-cv-tax-2023'>2023<\/a>, <a href='https:\/\/events.ipv.pt\/uicisa\/en\/category\/producao-cientifica\/artigos-jcr-sjr\/' title='artigos jcr\/sjr' class='pt-cv-tax-artigos-jcr-sjr'>artigos jcr\/sjr<\/a>, <a href='https:\/\/events.ipv.pt\/uicisa\/en\/tag\/carlos-albuquerque\/' title='Carlos Albuquerque' class='pt-cv-tax-carlos-albuquerque'>Carlos Albuquerque<\/a><\/span><\/div><\/div><\/div>\n<div class=\"col-md-12 col-sm-12 col-xs-12 pt-cv-content-item pt-cv-1-col\" ><div class='pt-cv-ifield'><div class=\"pt-cv-content\"><p>Pedro, A. R., Raposo, B., Amaral, O., Escoval, A., Dias, S. (2023).<br \/>\nPortuguese Version of the HLS-EU-Q6 and HLS-EU-Q16 Questionnaire: Psychometric Properties.<br \/>\nInternational Journal of Environmental Research and Public Health, 4(20), 2892.<br \/>\n<a href=\"https:\/\/www.mdpi.com\/1660-4601\/20\/4\/2892\" rel=\"noopener\" target=\"_blank\">https:\/\/www.mdpi.com\/1660-4601\/20\/4\/2892<\/a><\/p>\n<\/div>\n<div class=\"pt-cv-meta-fields\"><span class=\"terms\"> <a href='https:\/\/events.ipv.pt\/uicisa\/en\/category\/2023\/' title='2023' class='pt-cv-tax-2023'>2023<\/a>, <a href='https:\/\/events.ipv.pt\/uicisa\/en\/category\/producao-cientifica\/artigos-jcr-sjr\/' title='artigos jcr\/sjr' class='pt-cv-tax-artigos-jcr-sjr'>artigos jcr\/sjr<\/a>, <a href='https:\/\/events.ipv.pt\/uicisa\/en\/tag\/odete-amaral\/' title='Odete Amaral' class='pt-cv-tax-odete-amaral'>Odete Amaral<\/a><\/span><\/div><\/div><\/div>\n<div class=\"col-md-12 col-sm-12 col-xs-12 pt-cv-content-item pt-cv-1-col\" ><div class='pt-cv-ifield'><div class=\"pt-cv-content\"><p>Guin\u00e9, R. P. F., Duarte, J., Chuck-Hern\u00e1ndez, C., Boustani, N. M., Djekic, I., Bartkiene, E., Saric, Marijana M., et al. (2023).<br \/>\nValidation of the Scale Knowledge and Perceptions about Edible Insects through Structural Equation Modelling.<br \/>\nSustainability, 15(4), 2992.<br \/>\n<a href=\"http:\/\/dx.doi.org\/10.3390\/su15042992\" rel=\"noopener\" target=\"_blank\">http:\/\/dx.doi.org\/10.3390\/su15042992<\/a>.<\/p>\n<\/div>\n<div class=\"pt-cv-meta-fields\"><span class=\"terms\"> <a href='https:\/\/events.ipv.pt\/uicisa\/en\/category\/2023\/' title='2023' class='pt-cv-tax-2023'>2023<\/a>, <a href='https:\/\/events.ipv.pt\/uicisa\/en\/category\/producao-cientifica\/artigos-jcr-sjr\/' title='artigos jcr\/sjr' class='pt-cv-tax-artigos-jcr-sjr'>artigos jcr\/sjr<\/a>, <a href='https:\/\/events.ipv.pt\/uicisa\/en\/tag\/joao-duarte\/' title='Jo\u00e3o Duarte' class='pt-cv-tax-joao-duarte'>Jo\u00e3o Duarte<\/a>, <a href='https:\/\/events.ipv.pt\/uicisa\/en\/tag\/manuela-ferreira\/' title='Manuela Ferreira' class='pt-cv-tax-manuela-ferreira'>Manuela Ferreira<\/a>, <a href='https:\/\/events.ipv.pt\/uicisa\/en\/tag\/sofia-campos\/' title='Sofia Campos' class='pt-cv-tax-sofia-campos'>Sofia Campos<\/a><\/span><\/div><\/div><\/div>\n<div class=\"col-md-12 col-sm-12 col-xs-12 pt-cv-content-item pt-cv-1-col\" ><div class='pt-cv-ifield'><div class=\"pt-cv-content\"><p>Guin\u00e9, R. P. F., Floren\u00e7a, S. G., Costa, C. A., Correia, P. M. R., Ferreira, M., Cardoso, A. P., Campos, S., et al. (2023).<br \/>\nInvestigation of the Level of Knowledge in Different Countries about Edible Insects: Cluster Segmentation.<br \/>\nSustainability, 15(1), 450.<br \/>\n<a href=\"https:\/\/doi.org\/10.3390\/su15010450\" rel=\"noopener\" target=\"_blank\">https:\/\/doi.org\/10.3390\/su15010450<\/a><\/p>\n<\/div>\n<div class=\"pt-cv-meta-fields\"><span class=\"terms\"> <a href='https:\/\/events.ipv.pt\/uicisa\/en\/category\/2023\/' title='2023' class='pt-cv-tax-2023'>2023<\/a>, <a href='https:\/\/events.ipv.pt\/uicisa\/en\/category\/producao-cientifica\/artigos-jcr-sjr\/' title='artigos jcr\/sjr' class='pt-cv-tax-artigos-jcr-sjr'>artigos jcr\/sjr<\/a>, <a href='https:\/\/events.ipv.pt\/uicisa\/en\/tag\/manuela-ferreira\/' title='Manuela Ferreira' class='pt-cv-tax-manuela-ferreira'>Manuela Ferreira<\/a>, <a href='https:\/\/events.ipv.pt\/uicisa\/en\/tag\/sofia-campos\/' title='Sofia Campos' class='pt-cv-tax-sofia-campos'>Sofia Campos<\/a><\/span><\/div><\/div><\/div>\n<div class=\"col-md-12 col-sm-12 col-xs-12 pt-cv-content-item pt-cv-1-col\" ><div class='pt-cv-ifield'><div class=\"pt-cv-content\"><p>Ferreira, M. I., Goncalves, A. S., Santos, M. P., Filipe, M. M. L., Teixeira, L. C., &#038; Coutinho, E. (2023).<br \/>\nIntrapartum care policies in high-income countries with a universal health system: A scoping review.<br \/>\nSexual &#038; Reproductive Healthcare, 36, 100841.<br \/>\n<a href=\"https:\/\/doi.org\/10.1016\/j.srhc.2023.100841\" rel=\"noopener\" target=\"_blank\">https:\/\/doi.org\/10.1016\/j.srhc.2023.100841<\/a><\/p>\n<\/div>\n<div class=\"pt-cv-meta-fields\"><span class=\"terms\"> <a href='https:\/\/events.ipv.pt\/uicisa\/en\/category\/2023\/' title='2023' class='pt-cv-tax-2023'>2023<\/a>, <a href='https:\/\/events.ipv.pt\/uicisa\/en\/category\/producao-cientifica\/artigos-jcr-sjr\/' title='artigos jcr\/sjr' class='pt-cv-tax-artigos-jcr-sjr'>artigos jcr\/sjr<\/a>, <a href='https:\/\/events.ipv.pt\/uicisa\/en\/tag\/emilia-coutinho\/' title='Em\u00edlia Coutinho' class='pt-cv-tax-emilia-coutinho'>Em\u00edlia Coutinho<\/a><\/span><\/div><\/div><\/div>\n<div class=\"col-md-12 col-sm-12 col-xs-12 pt-cv-content-item pt-cv-1-col\" ><div class='pt-cv-ifield'><div class=\"pt-cv-content\"><p>Farisogullari, B., Santos, E. J. F., Dures, E., Geenen, R., &#038; Machado, P. M. (2023).<br \/>\nEfficacy of pharmacological interventions: a systematic review informing the 2023 EULAR recommendations for the management of fatigue in people with inflammatory rheumatic and musculoskeletal diseases.<br \/>\nRMD Open, 9(4), e003349.<br \/>\n<a href=\"https:\/\/doi.org\/10.1136\/rmdopen-2023-003349\" rel=\"noopener\" target=\"_blank\">https:\/\/doi.org\/10.1136\/rmdopen-2023-003349<\/a><\/p>\n<\/div>\n<div class=\"pt-cv-meta-fields\"><span class=\"terms\"> <a href='https:\/\/events.ipv.pt\/uicisa\/en\/category\/2023\/' title='2023' class='pt-cv-tax-2023'>2023<\/a>, <a href='https:\/\/events.ipv.pt\/uicisa\/en\/category\/producao-cientifica\/artigos-jcr-sjr\/' title='artigos jcr\/sjr' class='pt-cv-tax-artigos-jcr-sjr'>artigos jcr\/sjr<\/a>, <a href='https:\/\/events.ipv.pt\/uicisa\/en\/tag\/eduardo-santos\/' title='Eduardo Santos' class='pt-cv-tax-eduardo-santos'>Eduardo Santos<\/a><\/span><\/div><\/div><\/div>\n<div class=\"col-md-12 col-sm-12 col-xs-12 pt-cv-content-item pt-cv-1-col\" ><div class='pt-cv-ifield'><div class=\"pt-cv-content\"><p>Santos, E. J. F., Farisogullari, B., Dures, E., Geenen, R., Machado, P. M., &#038; (2023).<br \/>\nThe EULAR taskforce on recommendations for the management of fatigue in people with inflammatory rheumatic diseases.<br \/>\nEfficacy of non-pharmacological interventions: a systematic review informing the 2023 EULAR recommendations for the management of fatigue in people with inflammatory rheumatic and musculoskeletal diseases.<br \/>\nRMD Open, 9(3), e003350.<br \/>\n<a href=\"https:\/\/doi.org\/10.1136\/rmdopen-2023-003350\" rel=\"noopener\" target=\"_blank\">https:\/\/doi.org\/10.1136\/rmdopen-2023-003350<\/a><\/p>\n<\/div>\n<div class=\"pt-cv-meta-fields\"><span class=\"terms\"> <a href='https:\/\/events.ipv.pt\/uicisa\/en\/category\/2023\/' title='2023' class='pt-cv-tax-2023'>2023<\/a>, <a href='https:\/\/events.ipv.pt\/uicisa\/en\/category\/producao-cientifica\/artigos-jcr-sjr\/' title='artigos jcr\/sjr' class='pt-cv-tax-artigos-jcr-sjr'>artigos jcr\/sjr<\/a>, <a href='https:\/\/events.ipv.pt\/uicisa\/en\/tag\/eduardo-santos\/' title='Eduardo Santos' class='pt-cv-tax-eduardo-santos'>Eduardo Santos<\/a><\/span><\/div><\/div><\/div>\n<div class=\"col-md-12 col-sm-12 col-xs-12 pt-cv-content-item pt-cv-1-col\" ><div class='pt-cv-ifield'><div class=\"pt-cv-content\"><p>Br\u00e1s, C., Ferreira, M., Figueiredo, M. do C\u00e9u A. B., Duarte, J. (2023).<br \/>\nPatient safety culture in nurses clinical practice.<br \/>\nRevista Latino-Americana de Enfermagem, 31.<br \/>\n<a href=\"http:\/\/dx.doi.org\/10.1590\/1518-8345.6231.3837\" rel=\"noopener\" target=\"_blank\">http:\/\/dx.doi.org\/10.1590\/1518-8345.6231.3837<\/a><\/p>\n<\/div>\n<div class=\"pt-cv-meta-fields\"><span class=\"terms\"> <a href='https:\/\/events.ipv.pt\/uicisa\/en\/category\/2023\/' title='2023' class='pt-cv-tax-2023'>2023<\/a>, <a href='https:\/\/events.ipv.pt\/uicisa\/en\/category\/producao-cientifica\/artigos-jcr-sjr\/' title='artigos jcr\/sjr' class='pt-cv-tax-artigos-jcr-sjr'>artigos jcr\/sjr<\/a>, <a href='https:\/\/events.ipv.pt\/uicisa\/en\/tag\/joao-duarte\/' title='Jo\u00e3o Duarte' class='pt-cv-tax-joao-duarte'>Jo\u00e3o Duarte<\/a>, <a href='https:\/\/events.ipv.pt\/uicisa\/en\/tag\/manuela-ferreira\/' title='Manuela Ferreira' class='pt-cv-tax-manuela-ferreira'>Manuela Ferreira<\/a><\/span><\/div><\/div><\/div>\n<div class=\"col-md-12 col-sm-12 col-xs-12 pt-cv-content-item pt-cv-1-col\" ><div class='pt-cv-ifield'><div class=\"pt-cv-content\"><p>Cunha, M., Sim\u00f5es, G., Soares, J., &#038; Santos, E. (2023).<br \/>\nCoping e processo de luto em familiares e pessoas significativas de v\u00edtimas mortais de COVID-19.<br \/>\nRevista De Enfermagem Refer\u00eancia, 6(2), 1\u20138.<br \/>\n<a href=\"https:\/\/doi.org\/10.12707\/RVI22063\" rel=\"noopener\" target=\"_blank\">https:\/\/doi.org\/10.12707\/RVI22063<\/a><\/p>\n<\/div>\n<div class=\"pt-cv-meta-fields\"><span class=\"terms\"> <a href='https:\/\/events.ipv.pt\/uicisa\/en\/category\/2023\/' title='2023' class='pt-cv-tax-2023'>2023<\/a>, <a href='https:\/\/events.ipv.pt\/uicisa\/en\/category\/producao-cientifica\/artigos-jcr-sjr\/' title='artigos jcr\/sjr' class='pt-cv-tax-artigos-jcr-sjr'>artigos jcr\/sjr<\/a>, <a href='https:\/\/events.ipv.pt\/uicisa\/en\/tag\/eduardo-santos\/' title='Eduardo Santos' class='pt-cv-tax-eduardo-santos'>Eduardo Santos<\/a>, <a href='https:\/\/events.ipv.pt\/uicisa\/en\/tag\/madalena-cunha\/' title='Madalena Cunha' class='pt-cv-tax-madalena-cunha'>Madalena Cunha<\/a><\/span><\/div><\/div><\/div>\n<div class=\"col-md-12 col-sm-12 col-xs-12 pt-cv-content-item pt-cv-1-col\" ><div class='pt-cv-ifield'><div class=\"pt-cv-content\"><p>Ventura-Silva, J., Martins, M. M., Trindade, L., Faria, A., Barros, S., Melo, R., Forte, E., Ribeiro, O. (2023).<br \/>\nNurses\u2019 Work Methods Assessment Scale: a study of content validation.\u00a0<br \/>\nRevista Brasileira de Enfermagem, 76(2).<br \/>\nDOI: 10.1590\/0034-7167-2022-0396<\/p>\n<\/div>\n<div class=\"pt-cv-meta-fields\"><span class=\"terms\"> <a href='https:\/\/events.ipv.pt\/uicisa\/en\/category\/2023\/' title='2023' class='pt-cv-tax-2023'>2023<\/a>, <a href='https:\/\/events.ipv.pt\/uicisa\/en\/category\/producao-cientifica\/artigos-jcr-sjr\/' title='artigos jcr\/sjr' class='pt-cv-tax-artigos-jcr-sjr'>artigos jcr\/sjr<\/a>, <a href='https:\/\/events.ipv.pt\/uicisa\/en\/tag\/ricardo-melo\/' title='Ricardo Melo' class='pt-cv-tax-ricardo-melo'>Ricardo Melo<\/a><\/span><\/div><\/div><\/div>\n<div class=\"col-md-12 col-sm-12 col-xs-12 pt-cv-content-item pt-cv-1-col\" ><div class='pt-cv-ifield'><div class=\"pt-cv-content\"><p>Guin\u00e9, R. P. F., Floren\u00e7a, S. G., Apar\u00edcio, G., Cardoso, A. P., Ferreira, M. (2023).<br \/>\nFood Literacy Scale: Validation through Exploratory and Confirmatory Factor Analysis in a Sample of Portuguese University Students.<br \/>\nNutrients, 15(1), 166.<br \/>\n<a href=\"https:\/\/doi.org\/10.3390\/nu15010166\" rel=\"noopener\" target=\"_blank\">https:\/\/doi.org\/10.3390\/nu15010166<\/a><\/p>\n<\/div>\n<div class=\"pt-cv-meta-fields\"><span class=\"terms\"> <a href='https:\/\/events.ipv.pt\/uicisa\/en\/category\/2023\/' title='2023' class='pt-cv-tax-2023'>2023<\/a>, <a href='https:\/\/events.ipv.pt\/uicisa\/en\/category\/producao-cientifica\/artigos-jcr-sjr\/' title='artigos jcr\/sjr' class='pt-cv-tax-artigos-jcr-sjr'>artigos jcr\/sjr<\/a>, <a href='https:\/\/events.ipv.pt\/uicisa\/en\/tag\/graca-aparicio\/' title='Gra\u00e7a Apar\u00edcio' class='pt-cv-tax-graca-aparicio'>Gra\u00e7a Apar\u00edcio<\/a>, <a href='https:\/\/events.ipv.pt\/uicisa\/en\/tag\/manuela-ferreira\/' title='Manuela Ferreira' class='pt-cv-tax-manuela-ferreira'>Manuela Ferreira<\/a><\/span><\/div><\/div><\/div>\n<div class=\"col-md-12 col-sm-12 col-xs-12 pt-cv-content-item pt-cv-1-col\" ><div class='pt-cv-ifield'><div class=\"pt-cv-content\"><p>Br\u00e1s, C. P. C., Figueiredo, M. C. A. B., Ferreira, M. (2023).<br \/>\nSafety culture in maternity hospital: Perception of nurse-midwives.<br \/>\nJournal of Advanced Nursing, 00, 1\u201315.<br \/>\n<a href=\"https:\/\/doi.org\/10.1111\/jan.15969\" rel=\"noopener\" target=\"_blank\">https:\/\/doi.org\/10.1111\/jan.15969<\/a><\/p>\n<\/div>\n<div class=\"pt-cv-meta-fields\"><span class=\"terms\"> <a href='https:\/\/events.ipv.pt\/uicisa\/en\/category\/2023\/' title='2023' class='pt-cv-tax-2023'>2023<\/a>, <a href='https:\/\/events.ipv.pt\/uicisa\/en\/category\/producao-cientifica\/artigos-jcr-sjr\/' title='artigos jcr\/sjr' class='pt-cv-tax-artigos-jcr-sjr'>artigos jcr\/sjr<\/a>, <a href='https:\/\/events.ipv.pt\/uicisa\/en\/tag\/manuela-ferreira\/' title='Manuela Ferreira' class='pt-cv-tax-manuela-ferreira'>Manuela Ferreira<\/a><\/span><\/div><\/div><\/div>\n<div class=\"col-md-12 col-sm-12 col-xs-12 pt-cv-content-item pt-cv-1-col\" ><div class='pt-cv-ifield'><div class=\"pt-cv-content\"><p>Rocha, P., Baixinho, C. L., Marques, A., &#038; Henriques, M. A. (2023).<br \/>\nSafety-promoting interventions for the older person with hip fracture on returning home: A systematic review.<br \/>\nInternational journal of orthopaedic and trauma nursing, 52, 101063. Advance online publication.<br \/>\n<a href=\"https:\/\/doi.org\/10.1016\/j.ijotn.2023.101063\" rel=\"noopener\" target=\"_blank\">https:\/\/doi.org\/10.1016\/j.ijotn.2023.101063<\/a><\/p>\n<\/div>\n<div class=\"pt-cv-meta-fields\"><span class=\"terms\"> <a href='https:\/\/events.ipv.pt\/uicisa\/en\/category\/2023\/' title='2023' class='pt-cv-tax-2023'>2023<\/a>, <a href='https:\/\/events.ipv.pt\/uicisa\/en\/category\/producao-cientifica\/artigos-jcr-sjr\/' title='artigos jcr\/sjr' class='pt-cv-tax-artigos-jcr-sjr'>artigos jcr\/sjr<\/a>, <a href='https:\/\/events.ipv.pt\/uicisa\/en\/tag\/paula-rocha\/' title='Paula Rocha' class='pt-cv-tax-paula-rocha'>Paula Rocha<\/a><\/span><\/div><\/div><\/div>\n<div class=\"col-md-12 col-sm-12 col-xs-12 pt-cv-content-item pt-cv-1-col\" ><div class='pt-cv-ifield'><div class=\"pt-cv-content\"><p>Chaves, C., Duarte, J., Sampaio, F., Coelho, J., Gon\u00e7alves, A., Santos, V., Sequeira, C. (2023).<br \/>\nConstruction and Validation of the Positive Mental Health Literacy Assessment Scale in Adults.<br \/>\nInt. J. Environ. Res. Public Health 2023, 20, 6391.<br \/>\n<a href=\"https:\/\/doi.org\/10.3390\/ijerph20146391\" rel=\"noopener\" target=\"_blank\">https:\/\/doi.org\/10.3390\/ijerph20146391<\/a><\/p>\n<\/div>\n<div class=\"pt-cv-meta-fields\"><span class=\"terms\"> <a href='https:\/\/events.ipv.pt\/uicisa\/en\/category\/2023\/' title='2023' class='pt-cv-tax-2023'>2023<\/a>, <a href='https:\/\/events.ipv.pt\/uicisa\/en\/tag\/amadeu-goncalves\/' title='Amadeu Gon\u00e7alves' class='pt-cv-tax-amadeu-goncalves'>Amadeu Gon\u00e7alves<\/a>, <a href='https:\/\/events.ipv.pt\/uicisa\/en\/category\/producao-cientifica\/artigos-jcr-sjr\/' title='artigos jcr\/sjr' class='pt-cv-tax-artigos-jcr-sjr'>artigos jcr\/sjr<\/a>, <a href='https:\/\/events.ipv.pt\/uicisa\/en\/tag\/joao-duarte\/' title='Jo\u00e3o Duarte' class='pt-cv-tax-joao-duarte'>Jo\u00e3o Duarte<\/a><\/span><\/div><\/div><\/div>\n<div class=\"col-md-12 col-sm-12 col-xs-12 pt-cv-content-item pt-cv-1-col\" ><div class='pt-cv-ifield'><div class=\"pt-cv-content\"><p>Mota, M., Melo, F., Henriques, C., Matos, A., Castelo-Branco, M., Monteiro, M., Cunha, M., Santos, M. (2023).<br \/>\nThe relationship between acute pain and other types of suffering in pre-hospital trauma victims: An observational study.<br \/>\nInternational Emergency Nursing, 71, 101375.<br \/>\n<a href=\"https:\/\/doi.org\/10.1016\/j.ienj.2023.101375\" rel=\"noopener\" target=\"_blank\">https:\/\/doi.org\/10.1016\/j.ienj.2023.101375<\/a><\/p>\n<\/div>\n<div class=\"pt-cv-meta-fields\"><span class=\"terms\"> <a href='https:\/\/events.ipv.pt\/uicisa\/en\/category\/2023\/' title='2023' class='pt-cv-tax-2023'>2023<\/a>, <a href='https:\/\/events.ipv.pt\/uicisa\/en\/category\/producao-cientifica\/artigos-jcr-sjr\/' title='artigos jcr\/sjr' class='pt-cv-tax-artigos-jcr-sjr'>artigos jcr\/sjr<\/a>, <a href='https:\/\/events.ipv.pt\/uicisa\/en\/tag\/madalena-cunha\/' title='Madalena Cunha' class='pt-cv-tax-madalena-cunha'>Madalena Cunha<\/a>, <a href='https:\/\/events.ipv.pt\/uicisa\/en\/tag\/mauro-mota\/' title='Mauro Mota' class='pt-cv-tax-mauro-mota'>Mauro Mota<\/a><\/span><\/div><\/div><\/div>\n<div class=\"col-md-12 col-sm-12 col-xs-12 pt-cv-content-item pt-cv-1-col\" ><div class='pt-cv-ifield'><div class=\"pt-cv-content\"><p>Guin\u00e9, R. P. F., Floren\u00e7a, S. G., Apar\u00edcio, M. G., Cardoso, A. P., Ferreira, M. (2023).<br \/>\nFood Knowledge for Better Nutrition and Health: A Study among University Students in Portugal.<br \/>\nHealthcare, 11(11), 1597.<br \/>\n<a href=\"https:\/\/doi.org\/10.3390\/healthcare11111597\" rel=\"noopener\" target=\"_blank\">https:\/\/doi.org\/10.3390\/healthcare11111597<\/a><\/p>\n<\/div>\n<div class=\"pt-cv-meta-fields\"><span class=\"terms\"> <a href='https:\/\/events.ipv.pt\/uicisa\/en\/category\/2023\/' title='2023' class='pt-cv-tax-2023'>2023<\/a>, <a href='https:\/\/events.ipv.pt\/uicisa\/en\/category\/producao-cientifica\/artigos-jcr-sjr\/' title='artigos jcr\/sjr' class='pt-cv-tax-artigos-jcr-sjr'>artigos jcr\/sjr<\/a>, <a href='https:\/\/events.ipv.pt\/uicisa\/en\/tag\/graca-aparicio\/' title='Gra\u00e7a Apar\u00edcio' class='pt-cv-tax-graca-aparicio'>Gra\u00e7a Apar\u00edcio<\/a>, <a href='https:\/\/events.ipv.pt\/uicisa\/en\/tag\/manuela-ferreira\/' title='Manuela Ferreira' class='pt-cv-tax-manuela-ferreira'>Manuela Ferreira<\/a><\/span><\/div><\/div><\/div>\n<div class=\"col-md-12 col-sm-12 col-xs-12 pt-cv-content-item pt-cv-1-col\" ><div class='pt-cv-ifield'><div class=\"pt-cv-content\"><p>Guin\u00e9, R. P. F., Floren\u00e7a, S. G., Costa, C. A., Correia, P. M. R., Cruz-Lopes, L., Esteves, B., Ferreira, M., et al. (2023).<br \/>\nEdible Insects: Perceptions of Marketing, Economic, and Social Aspects among Citizens of Different Countries.<br \/>\nFoods, 12(23), 4229.<br \/>\n<a href=\"http:\/\/dx.doi.org\/10.3390\/foods12234229\" rel=\"noopener\" target=\"_blank\">http:\/\/dx.doi.org\/10.3390\/foods12234229<\/a><\/p>\n<\/div>\n<div class=\"pt-cv-meta-fields\"><span class=\"terms\"> <a href='https:\/\/events.ipv.pt\/uicisa\/en\/category\/2023\/' title='2023' class='pt-cv-tax-2023'>2023<\/a>, <a href='https:\/\/events.ipv.pt\/uicisa\/en\/category\/producao-cientifica\/artigos-jcr-sjr\/' title='artigos jcr\/sjr' class='pt-cv-tax-artigos-jcr-sjr'>artigos jcr\/sjr<\/a>, <a href='https:\/\/events.ipv.pt\/uicisa\/en\/tag\/manuela-ferreira\/' title='Manuela Ferreira' class='pt-cv-tax-manuela-ferreira'>Manuela Ferreira<\/a>, <a href='https:\/\/events.ipv.pt\/uicisa\/en\/tag\/sofia-campos\/' title='Sofia Campos' class='pt-cv-tax-sofia-campos'>Sofia Campos<\/a><\/span><\/div><\/div><\/div>\n<div class=\"col-md-12 col-sm-12 col-xs-12 pt-cv-content-item pt-cv-1-col\" ><div class='pt-cv-ifield'><div class=\"pt-cv-content\"><p>Morais, E., Lopes, J., Silva, H., Dominguez, C., Payan-Carreira, R., Imagin\u00e1rio, C., Santos, M.J, (2023).<br \/>\nDispositions toward Critical Thinking in Portuguese Undergraduate Students.<br \/>\nEducational Process: International Journal, 12(1), 19-35.<br \/>\n<a href=\"https:\/\/dx.doi.org\/10.22521\/edupij.2023.121.2\" rel=\"noopener\" target=\"_blank\">https:\/\/dx.doi.org\/10.22521\/edupij.2023.121.2<\/a><\/p>\n<\/div>\n<div class=\"pt-cv-meta-fields\"><span class=\"terms\"> <a href='https:\/\/events.ipv.pt\/uicisa\/en\/category\/2023\/' title='2023' class='pt-cv-tax-2023'>2023<\/a>, <a href='https:\/\/events.ipv.pt\/uicisa\/en\/category\/producao-cientifica\/artigos-jcr-sjr\/' title='artigos jcr\/sjr' class='pt-cv-tax-artigos-jcr-sjr'>artigos jcr\/sjr<\/a>, <a href='https:\/\/events.ipv.pt\/uicisa\/en\/tag\/maria-jose-santos\/' title='Maria Jos\u00e9 Santos' class='pt-cv-tax-maria-jose-santos'>Maria Jos\u00e9 Santos<\/a><\/span><\/div><\/div><\/div>\n<div class=\"col-md-12 col-sm-12 col-xs-12 pt-cv-content-item pt-cv-1-col\" ><div class='pt-cv-ifield'><div class=\"pt-cv-content\"><p>Pereira, S. C. A., Ribeiro, O. M. P. L., Fassarella, C. S., Santos, E. J. F. (2023).<br \/>\nThe impact of nursing practice environments on patient safety culture in primary health care: a scoping review protocol.<br \/>\nBJGP Open, 7(3), BJGPO.2023.0032.<br \/>\nDOI: <a href=\"https:\/\/doi.org\/10.3399\/BJGPO.2023.0032\" rel=\"noopener\" target=\"_blank\">https:\/\/doi.org\/10.3399\/BJGPO.2023.0032<\/a><\/p>\n<\/div>\n<div class=\"pt-cv-meta-fields\"><span class=\"terms\"> <a href='https:\/\/events.ipv.pt\/uicisa\/en\/category\/2023\/' title='2023' class='pt-cv-tax-2023'>2023<\/a>, <a href='https:\/\/events.ipv.pt\/uicisa\/en\/category\/producao-cientifica\/artigos-jcr-sjr\/' title='artigos jcr\/sjr' class='pt-cv-tax-artigos-jcr-sjr'>artigos jcr\/sjr<\/a>, <a href='https:\/\/events.ipv.pt\/uicisa\/en\/tag\/eduardo-santos\/' title='Eduardo Santos' class='pt-cv-tax-eduardo-santos'>Eduardo Santos<\/a><\/span><\/div><\/div><\/div>\n<div class=\"col-md-12 col-sm-12 col-xs-12 pt-cv-content-item pt-cv-1-col\" ><div class='pt-cv-ifield'><div class=\"pt-cv-content\"><p>Dures, E., Fariso\u011fullar\u0131, B., Santos, E. J. F., Molto, A., Feldthusen, C., Harris, C., Machado, P. M. (2023).<br \/>\n2023 EULAR recommendations for the management of fatigue in people with inflammatory rheumatic and musculoskeletal diseases.<br \/>\nAnnals of the Rheumatic Diseases, ard-2023-224514.<br \/>\n<a href=\"https:\/\/doi.org\/10.1136\/ard-2023-224514\" target=\"_blank\">https:\/\/doi.org\/10.1136\/ard-2023-224514<\/a><\/p>\n<\/div>\n<div class=\"pt-cv-meta-fields\"><span class=\"terms\"> <a href='https:\/\/events.ipv.pt\/uicisa\/en\/category\/2023\/' title='2023' class='pt-cv-tax-2023'>2023<\/a>, <a href='https:\/\/events.ipv.pt\/uicisa\/en\/category\/producao-cientifica\/artigos-jcr-sjr\/' title='artigos jcr\/sjr' class='pt-cv-tax-artigos-jcr-sjr'>artigos jcr\/sjr<\/a>, <a href='https:\/\/events.ipv.pt\/uicisa\/en\/tag\/eduardo-santos\/' title='Eduardo Santos' class='pt-cv-tax-eduardo-santos'>Eduardo Santos<\/a><\/span><\/div><\/div><\/div>\n<div class=\"col-md-12 col-sm-12 col-xs-12 pt-cv-content-item pt-cv-1-col\" ><div class='pt-cv-ifield'><div class=\"pt-cv-content\"><p>Ventura-Silva, J. M.,  Martins, M. M., Trindade, L. L., Faria, A. C., Barros, S. C., Melo, R. M., Oliveira, I. J., Castro, S. F., Ribeiro, O. M. (2023).<br \/>\nNurses\u2019 Work Methods Assessment Scale: A Construct Validation.<br \/>\nNursing Forum, 2023, Article ID: 8884183.<br \/>\n<a href=\"http:\/\/dx.doi.org\/10.1155\/2023\/8884183\" rel=\"noopener\" target=\"_blank\">http:\/\/dx.doi.org\/10.1155\/2023\/8884183<\/a>.<\/p>\n<\/div>\n<div class=\"pt-cv-meta-fields\"><span class=\"terms\"> <a href='https:\/\/events.ipv.pt\/uicisa\/en\/category\/2023\/' title='2023' class='pt-cv-tax-2023'>2023<\/a>, <a href='https:\/\/events.ipv.pt\/uicisa\/en\/category\/producao-cientifica\/artigos-jcr-sjr\/' title='artigos jcr\/sjr' class='pt-cv-tax-artigos-jcr-sjr'>artigos jcr\/sjr<\/a>, <a href='https:\/\/events.ipv.pt\/uicisa\/en\/tag\/ricardo-melo\/' title='Ricardo Melo' class='pt-cv-tax-ricardo-melo'>Ricardo Melo<\/a><\/span><\/div><\/div><\/div><\/div><\/div><\/div>\n<\/div>\n<div id=\"ari_2022\" class=\"contentEquipa bgBranco esp50\" data-group=\"grupo102\">\n<div class=\"pt-cv-wrapper\"><div class=\"pt-cv-view pt-cv-grid pt-cv-colsys\" id=\"pt-cv-view-f736d0flxn\"><div data-id=\"pt-cv-page-1\" class=\"pt-cv-page\" data-cvc=\"1\"><div class=\"col-md-12 col-sm-12 col-xs-12 pt-cv-content-item pt-cv-1-col\" ><div class='pt-cv-ifield'><div class=\"pt-cv-content\"><p>Galv\u00e3o, D. M. P. G., Silva, E. M. B., Silva, D. M. (2022).<br \/>\nUse of new technologies and promotion of breastfeeding: integrative literature review.<br \/>\nRevista Paulista de Pediatria.<br \/>\nDoi: 10.1590\/1984-0462\/2022\/40\/2020234<\/p>\n<\/div>\n<div class=\"pt-cv-meta-fields\"><span class=\"terms\"> <a href='https:\/\/events.ipv.pt\/uicisa\/en\/category\/2022\/' title='2022' class='pt-cv-tax-2022'>2022<\/a>, <a href='https:\/\/events.ipv.pt\/uicisa\/en\/category\/producao-cientifica\/artigos-jcr-sjr\/' title='artigos jcr\/sjr' class='pt-cv-tax-artigos-jcr-sjr'>artigos jcr\/sjr<\/a>, <a href='https:\/\/events.ipv.pt\/uicisa\/en\/tag\/daniel-silva\/' title='Daniel Silva' class='pt-cv-tax-daniel-silva'>Daniel Silva<\/a>, <a href='https:\/\/events.ipv.pt\/uicisa\/en\/tag\/ernestina-silva\/' title='Ernestina Silva' class='pt-cv-tax-ernestina-silva'>Ernestina Silva<\/a><\/span><\/div><\/div><\/div>\n<div class=\"col-md-12 col-sm-12 col-xs-12 pt-cv-content-item pt-cv-1-col\" ><div class='pt-cv-ifield'><div class=\"pt-cv-content\"><p>Pires, I. M., Denysyuk, H. V., Villasana, M. V., S\u00e1, J., Marques, D. L., Morgado, J. F., Albuquerque, C., Zdravevski, E. (2022).<br \/>\nDevelopment Technologies for the Monitoring of Six-Minute Walk Test: A Systematic Review.<br \/>\nSensors, 22(2), 581.<br \/>\nDoi: 10.3390\/s22020581<\/p>\n<\/div>\n<div class=\"pt-cv-meta-fields\"><span class=\"terms\"> <a href='https:\/\/events.ipv.pt\/uicisa\/en\/category\/2022\/' title='2022' class='pt-cv-tax-2022'>2022<\/a>, <a href='https:\/\/events.ipv.pt\/uicisa\/en\/category\/producao-cientifica\/artigos-jcr-sjr\/' title='artigos jcr\/sjr' class='pt-cv-tax-artigos-jcr-sjr'>artigos jcr\/sjr<\/a>, <a href='https:\/\/events.ipv.pt\/uicisa\/en\/tag\/carlos-albuquerque\/' title='Carlos Albuquerque' class='pt-cv-tax-carlos-albuquerque'>Carlos Albuquerque<\/a><\/span><\/div><\/div><\/div>\n<div class=\"col-md-12 col-sm-12 col-xs-12 pt-cv-content-item pt-cv-1-col\" ><div class='pt-cv-ifield'><div class=\"pt-cv-content\"><p>Pimenta, L., Garcia, N. M., Zdravevski, E., Chorbev, I.,  Trajkovik, V., Lameski, P., Albuquerque, C., Pires, I. M. (2022).<br \/>\nCan the Eight Hop Test Be Measured with Sensors? A Systematic Review.<br \/>\nSensors, 22(9), 3582.<br \/>\nDoi: 10.3390\/s22093582.<\/p>\n<\/div>\n<div class=\"pt-cv-meta-fields\"><span class=\"terms\"> <a href='https:\/\/events.ipv.pt\/uicisa\/en\/category\/2022\/' title='2022' class='pt-cv-tax-2022'>2022<\/a>, <a href='https:\/\/events.ipv.pt\/uicisa\/en\/category\/producao-cientifica\/artigos-jcr-sjr\/' title='artigos jcr\/sjr' class='pt-cv-tax-artigos-jcr-sjr'>artigos jcr\/sjr<\/a>, <a href='https:\/\/events.ipv.pt\/uicisa\/en\/tag\/carlos-albuquerque\/' title='Carlos Albuquerque' class='pt-cv-tax-carlos-albuquerque'>Carlos Albuquerque<\/a><\/span><\/div><\/div><\/div>\n<div class=\"col-md-12 col-sm-12 col-xs-12 pt-cv-content-item pt-cv-1-col\" ><div class='pt-cv-ifield'><div class=\"pt-cv-content\"><p>Cardoso, R., Parola, V., Neves, H., Bernardes, R. A., Duque, F. M., Mendes, C. A., Pimentel, M. et al. (2022).<br \/>\nPhysical Rehabilitation Programs for Bedridden Patients with Prolonged Immobility: A Scoping Review.<br \/>\nInternational Journal of Environmental Research and Public Health, 19(11), 6420.<br \/>\nDoi: 10.3390\/ijerph19116420<\/p>\n<\/div>\n<div class=\"pt-cv-meta-fields\"><span class=\"terms\"> <a href='https:\/\/events.ipv.pt\/uicisa\/en\/category\/2022\/' title='2022' class='pt-cv-tax-2022'>2022<\/a>, <a href='https:\/\/events.ipv.pt\/uicisa\/en\/category\/producao-cientifica\/artigos-jcr-sjr\/' title='artigos jcr\/sjr' class='pt-cv-tax-artigos-jcr-sjr'>artigos jcr\/sjr<\/a>, <a href='https:\/\/events.ipv.pt\/uicisa\/en\/tag\/carlos-albuquerque\/' title='Carlos Albuquerque' class='pt-cv-tax-carlos-albuquerque'>Carlos Albuquerque<\/a><\/span><\/div><\/div><\/div>\n<div class=\"col-md-12 col-sm-12 col-xs-12 pt-cv-content-item pt-cv-1-col\" ><div class='pt-cv-ifield'><div class=\"pt-cv-content\"><p>Bastos, E. S., Duarte, R. P., Marinho, F. A., Rudenko, R., Denysyuk, H. V., Gon\u00e7alves, N. J., Zdravevski, E. et al. (2022).<br \/>\nA Brief Review on Gender Identification with Electrocardiography Data.<br \/>\nApplied System Innovation, 5(4), 81.<br \/>\nDoi:10.3390\/asi5040081<\/p>\n<\/div>\n<div class=\"pt-cv-meta-fields\"><span class=\"terms\"> <a href='https:\/\/events.ipv.pt\/uicisa\/en\/category\/2022\/' title='2022' class='pt-cv-tax-2022'>2022<\/a>, <a href='https:\/\/events.ipv.pt\/uicisa\/en\/category\/producao-cientifica\/artigos-jcr-sjr\/' title='artigos jcr\/sjr' class='pt-cv-tax-artigos-jcr-sjr'>artigos jcr\/sjr<\/a>, <a href='https:\/\/events.ipv.pt\/uicisa\/en\/tag\/carlos-albuquerque\/' title='Carlos Albuquerque' class='pt-cv-tax-carlos-albuquerque'>Carlos Albuquerque<\/a><\/span><\/div><\/div><\/div>\n<div class=\"col-md-12 col-sm-12 col-xs-12 pt-cv-content-item pt-cv-1-col\" ><div class='pt-cv-ifield'><div class=\"pt-cv-content\"><p>Neves, P. A., Sim\u00f5es, J., Costa, R., Pimenta, L., Gon\u00e7alves, N. J., Albuquerque, C., Cunha, Carlos, et al. Neves, P. A. (2022).<br \/>\nThought on Food: A Systematic Review of Current Approaches and Challenges for Food Intake Detection.<br \/>\nSensors, 22(17), 6443.<br \/>\nDoi: 10.3390\/s22176443.<\/p>\n<\/div>\n<div class=\"pt-cv-meta-fields\"><span class=\"terms\"> <a href='https:\/\/events.ipv.pt\/uicisa\/en\/category\/2022\/' title='2022' class='pt-cv-tax-2022'>2022<\/a>, <a href='https:\/\/events.ipv.pt\/uicisa\/en\/category\/producao-cientifica\/artigos-jcr-sjr\/' title='artigos jcr\/sjr' class='pt-cv-tax-artigos-jcr-sjr'>artigos jcr\/sjr<\/a>, <a href='https:\/\/events.ipv.pt\/uicisa\/en\/tag\/carlos-albuquerque\/' title='Carlos Albuquerque' class='pt-cv-tax-carlos-albuquerque'>Carlos Albuquerque<\/a><\/span><\/div><\/div><\/div><\/div><\/div><\/div><br \/>\n<div class=\"pt-cv-wrapper\"><div class=\"pt-cv-view pt-cv-grid pt-cv-colsys\" id=\"pt-cv-view-0ea73b2s1l\"><div data-id=\"pt-cv-page-1\" class=\"pt-cv-page\" data-cvc=\"1\"><div class=\"col-md-12 col-sm-12 col-xs-12 pt-cv-content-item pt-cv-1-col\" ><div class='pt-cv-ifield'><div class=\"pt-cv-content\"><p>Guin\u00e9, R. P. F., Duarte, J., Ferr\u00e3o, A. C., Ferreira, M., Correia, P., Cardoso, A. P., Bartkiene, E., et al. (2021).<br \/>\nThe eating motivations scale (EATMOT): Development and validation by means of confirmatory factor analysis (CFA) and structural equation modelling (SEM).<br \/>\nSlovenian Journal of Public Health, 60(1), 4-9.<br \/>\nDOI: 10.2478\/sjph-2021-0002<\/p>\n<\/div>\n<div class=\"pt-cv-meta-fields\"><span class=\"terms\"> <a href='https:\/\/events.ipv.pt\/uicisa\/en\/category\/2021\/' title='2021' class='pt-cv-tax-2021'>2021<\/a>, <a href='https:\/\/events.ipv.pt\/uicisa\/en\/category\/producao-cientifica\/artigos-jcr-sjr\/' title='artigos jcr\/sjr' class='pt-cv-tax-artigos-jcr-sjr'>artigos jcr\/sjr<\/a>, <a href='https:\/\/events.ipv.pt\/uicisa\/en\/tag\/joao-duarte\/' title='Jo\u00e3o Duarte' class='pt-cv-tax-joao-duarte'>Jo\u00e3o Duarte<\/a>, <a href='https:\/\/events.ipv.pt\/uicisa\/en\/tag\/manuela-ferreira\/' title='Manuela Ferreira' class='pt-cv-tax-manuela-ferreira'>Manuela Ferreira<\/a><\/span><\/div><\/div><\/div>\n<div class=\"col-md-12 col-sm-12 col-xs-12 pt-cv-content-item pt-cv-1-col\" ><div class='pt-cv-ifield'><div class=\"pt-cv-content\"><p>Ferreira, M., Guin\u00e9, R. P. F., Leit\u00e3o, A. L., Duarte, J., Andrade, J., Amaral, O. (2021).<br \/>\nEating habits and food literacy: Study involving a sample of Portuguese adolescents.<br \/>\nOpen Agriculture, 6(1), 286-295.<br \/>\nDOI: 10.1515\/opag-2021-0011<\/p>\n<\/div>\n<div class=\"pt-cv-meta-fields\"><span class=\"terms\"> <a href='https:\/\/events.ipv.pt\/uicisa\/en\/category\/2021\/' title='2021' class='pt-cv-tax-2021'>2021<\/a>, <a href='https:\/\/events.ipv.pt\/uicisa\/en\/category\/producao-cientifica\/artigos-jcr-sjr\/' title='artigos jcr\/sjr' class='pt-cv-tax-artigos-jcr-sjr'>artigos jcr\/sjr<\/a>, <a href='https:\/\/events.ipv.pt\/uicisa\/en\/tag\/joao-duarte\/' title='Jo\u00e3o Duarte' class='pt-cv-tax-joao-duarte'>Jo\u00e3o Duarte<\/a>, <a href='https:\/\/events.ipv.pt\/uicisa\/en\/tag\/manuela-ferreira\/' title='Manuela Ferreira' class='pt-cv-tax-manuela-ferreira'>Manuela Ferreira<\/a>, <a href='https:\/\/events.ipv.pt\/uicisa\/en\/tag\/odete-amaral\/' title='Odete Amaral' class='pt-cv-tax-odete-amaral'>Odete Amaral<\/a><\/span><\/div><\/div><\/div>\n<div class=\"col-md-12 col-sm-12 col-xs-12 pt-cv-content-item pt-cv-1-col\" ><div class='pt-cv-ifield'><div class=\"pt-cv-content\"><p>Guin\u00e9, R. P. F., Bartkiene, E., Floren\u00e7a, S. G., Djeki\u0107, I., Bizjak, M. \u010c., Tarcea, M., \u2026 Cardoso, A. P. (2021).<br \/>\nEnvironmental Issues as Drivers for Food Choice: Study from a Multinational Framework.<br \/>\nSustainability, 13(5), 2869.<br \/>\ndoi:10.3390\/su13052869<\/p>\n<\/div>\n<div class=\"pt-cv-meta-fields\"><span class=\"terms\"> <a href='https:\/\/events.ipv.pt\/uicisa\/en\/category\/2021\/' title='2021' class='pt-cv-tax-2021'>2021<\/a>, <a href='https:\/\/events.ipv.pt\/uicisa\/en\/category\/producao-cientifica\/artigos-jcr-sjr\/' title='artigos jcr\/sjr' class='pt-cv-tax-artigos-jcr-sjr'>artigos jcr\/sjr<\/a>, <a href='https:\/\/events.ipv.pt\/uicisa\/en\/tag\/manuela-ferreira\/' title='Manuela Ferreira' class='pt-cv-tax-manuela-ferreira'>Manuela Ferreira<\/a><\/span><\/div><\/div><\/div>\n<div class=\"col-md-12 col-sm-12 col-xs-12 pt-cv-content-item pt-cv-1-col\" ><div class='pt-cv-ifield'><div class=\"pt-cv-content\"><p>Floren\u00e7a, S. G., Ferreira, M., Lacerda, I., &#038; Maia, A. (2021).<br \/>\nFood Myths or Food Facts? Study about Perceptions and Knowledge in a Portuguese Sample.<br \/>\nFoods, 10(11), 2746.<br \/>\ndoi:10.3390\/foods10112746<\/p>\n<\/div>\n<div class=\"pt-cv-meta-fields\"><span class=\"terms\"> <a href='https:\/\/events.ipv.pt\/uicisa\/en\/category\/2021\/' title='2021' class='pt-cv-tax-2021'>2021<\/a>, <a href='https:\/\/events.ipv.pt\/uicisa\/en\/category\/producao-cientifica\/artigos-jcr-sjr\/' title='artigos jcr\/sjr' class='pt-cv-tax-artigos-jcr-sjr'>artigos jcr\/sjr<\/a>, <a href='https:\/\/events.ipv.pt\/uicisa\/en\/tag\/manuela-ferreira\/' title='Manuela Ferreira' class='pt-cv-tax-manuela-ferreira'>Manuela Ferreira<\/a><\/span><\/div><\/div><\/div>\n<div class=\"col-md-12 col-sm-12 col-xs-12 pt-cv-content-item pt-cv-1-col\" ><div class='pt-cv-ifield'><div class=\"pt-cv-content\"><p>Sousa, L., Albuquerque, J. M., Cunha, M., Santos, E. J. F. (2021).<br \/>\nImpacto psicol\u00f3gico da COVID-19 nos profissionais de sa\u00fade: revis\u00e3o sistem\u00e1tica de preval\u00eancia.<br \/>\nActa Paulista de Enfermagem, 34.<br \/>\nDOI: 10.37689\/acta-ape\/2021ar03775.<\/p>\n<\/div>\n<div class=\"pt-cv-meta-fields\"><span class=\"terms\"> <a href='https:\/\/events.ipv.pt\/uicisa\/en\/category\/2021\/' title='2021' class='pt-cv-tax-2021'>2021<\/a>, <a href='https:\/\/events.ipv.pt\/uicisa\/en\/category\/producao-cientifica\/artigos-jcr-sjr\/' title='artigos jcr\/sjr' class='pt-cv-tax-artigos-jcr-sjr'>artigos jcr\/sjr<\/a>, <a href='https:\/\/events.ipv.pt\/uicisa\/en\/tag\/eduardo-santos\/' title='Eduardo Santos' class='pt-cv-tax-eduardo-santos'>Eduardo Santos<\/a>, <a href='https:\/\/events.ipv.pt\/uicisa\/en\/tag\/madalena-cunha\/' title='Madalena Cunha' class='pt-cv-tax-madalena-cunha'>Madalena Cunha<\/a><\/span><\/div><\/div><\/div>\n<div class=\"col-md-12 col-sm-12 col-xs-12 pt-cv-content-item pt-cv-1-col\" ><div class='pt-cv-ifield'><div class=\"pt-cv-content\"><p>Cunha, M., Mota, M., Reis-Santos, M., Abrantes, T., Caldes P. (2021).<br \/>\nNon-pharmacological interventions for acute pain management in adult victims of trauma: a scoping review.<br \/>\nJBI Database of Systematic Reviews and Implementation Reports, 17(12), 2483-2490.<br \/>\nDOI: 10.11124\/JBISRIR-2017-004036.<\/p>\n<\/div>\n<div class=\"pt-cv-meta-fields\"><span class=\"terms\"> <a href='https:\/\/events.ipv.pt\/uicisa\/en\/category\/2021\/' title='2021' class='pt-cv-tax-2021'>2021<\/a>, <a href='https:\/\/events.ipv.pt\/uicisa\/en\/category\/producao-cientifica\/artigos-jcr-sjr\/' title='artigos jcr\/sjr' class='pt-cv-tax-artigos-jcr-sjr'>artigos jcr\/sjr<\/a>, <a href='https:\/\/events.ipv.pt\/uicisa\/en\/tag\/madalena-cunha\/' title='Madalena Cunha' class='pt-cv-tax-madalena-cunha'>Madalena Cunha<\/a>, <a href='https:\/\/events.ipv.pt\/uicisa\/en\/tag\/mauro-mota\/' title='Mauro Mota' class='pt-cv-tax-mauro-mota'>Mauro Mota<\/a><\/span><\/div><\/div><\/div>\n<div class=\"col-md-12 col-sm-12 col-xs-12 pt-cv-content-item pt-cv-1-col\" ><div class='pt-cv-ifield'><div class=\"pt-cv-content\"><p>Mota, M., Cunha, M., Santos, E., Figueiredo, \u00c2., Silva, M., Campos, R., Santos, M. (2021).<br \/>\nEfic\u00e1cia da interven\u00e7\u00e3o da enfermagem pr\u00e9-hospitalar na estabiliza\u00e7\u00e3o das v\u00edtimas de trauma.<br \/>\nRevista de Enfermagem Refer\u00eancia, V(6).<br \/>\nDOI: 10.12707\/rv20114<\/p>\n<\/div>\n<div class=\"pt-cv-meta-fields\"><span class=\"terms\"> <a href='https:\/\/events.ipv.pt\/uicisa\/en\/category\/2021\/' title='2021' class='pt-cv-tax-2021'>2021<\/a>, <a href='https:\/\/events.ipv.pt\/uicisa\/en\/category\/producao-cientifica\/artigos-jcr-sjr\/' title='artigos jcr\/sjr' class='pt-cv-tax-artigos-jcr-sjr'>artigos jcr\/sjr<\/a>, <a href='https:\/\/events.ipv.pt\/uicisa\/en\/tag\/eduardo-santos\/' title='Eduardo Santos' class='pt-cv-tax-eduardo-santos'>Eduardo Santos<\/a>, <a href='https:\/\/events.ipv.pt\/uicisa\/en\/tag\/madalena-cunha\/' title='Madalena Cunha' class='pt-cv-tax-madalena-cunha'>Madalena Cunha<\/a>, <a href='https:\/\/events.ipv.pt\/uicisa\/en\/tag\/mauro-mota\/' title='Mauro Mota' class='pt-cv-tax-mauro-mota'>Mauro Mota<\/a><\/span><\/div><\/div><\/div>\n<div class=\"col-md-12 col-sm-12 col-xs-12 pt-cv-content-item pt-cv-1-col\" ><div class='pt-cv-ifield'><div class=\"pt-cv-content\"><p>Ribeiro, A., Nunes, D., Clemente, L., Monteiro, M., Mota, M., Henriques, M., Cunha, M. (2021).<br \/>\nA autonomia funcional como determinante da qualidade de vida em pessoas com artrite reumat\u00f3ide.<br \/>\nRevista de Enfermagem Refer\u00eancia, V(7).<br \/>\ndoi: 10.12707\/rv20171<\/p>\n<\/div>\n<div class=\"pt-cv-meta-fields\"><span class=\"terms\"> <a href='https:\/\/events.ipv.pt\/uicisa\/en\/category\/2021\/' title='2021' class='pt-cv-tax-2021'>2021<\/a>, <a href='https:\/\/events.ipv.pt\/uicisa\/en\/tag\/ana-rocha\/' title='Ana Rocha' class='pt-cv-tax-ana-rocha'>Ana Rocha<\/a>, <a href='https:\/\/events.ipv.pt\/uicisa\/en\/category\/producao-cientifica\/artigos-jcr-sjr\/' title='artigos jcr\/sjr' class='pt-cv-tax-artigos-jcr-sjr'>artigos jcr\/sjr<\/a>, <a href='https:\/\/events.ipv.pt\/uicisa\/en\/tag\/madalena-cunha\/' title='Madalena Cunha' class='pt-cv-tax-madalena-cunha'>Madalena Cunha<\/a>, <a href='https:\/\/events.ipv.pt\/uicisa\/en\/tag\/mauro-mota\/' title='Mauro Mota' class='pt-cv-tax-mauro-mota'>Mauro Mota<\/a><\/span><\/div><\/div><\/div><\/div><\/div><\/div>\n<\/div>\n<\/div>\n<div id=\"proj\" class=\"contentEquipa esp50\" data-group=\"grupoProd\">\n<div class=\"rw esp20-0\">\n<div class=\"pt-cv-wrapper\"><div class=\"pt-cv-view pt-cv-blockgrid iscvblock iscvhybrid grid1 layout1\" id=\"pt-cv-view-3850a541w7\"><div data-id=\"pt-cv-page-1\" class=\"pt-cv-page\" data-cvc=\"4\"><div class=\" pt-cv-content-item pt-cv-1-col\" ><h6 class=\"pt-cv-title\"><a href=\"https:\/\/events.ipv.pt\/uicisa\/en\/dormir-para-bem-sorrir\/\" class=\"_self\" target=\"_self\" >Dormir para Bem Sorrir<\/a><\/h6>\n<div class=\"pt-cv-meta-fields\"><span class=\"terms\"> <a href='https:\/\/events.ipv.pt\/uicisa\/en\/tag\/10-anos\/' title='[10 anos]' class='pt-cv-tax-10-anos'>[10 anos]<\/a>, <a href='https:\/\/events.ipv.pt\/uicisa\/en\/tag\/odete-amaral\/' title='Odete Amaral' class='pt-cv-tax-odete-amaral'>Odete Amaral<\/a>, <a href='https:\/\/events.ipv.pt\/uicisa\/en\/category\/projeto\/' title='projeto' class='pt-cv-tax-projeto'>projeto<\/a>, <a href='https:\/\/events.ipv.pt\/uicisa\/en\/tag\/sonia-alves\/' title='S\u00f3nia Alves' class='pt-cv-tax-sonia-alves'>S\u00f3nia Alves<\/a><\/span><\/div><\/div>\n<div class=\" pt-cv-content-item pt-cv-1-col\" ><h6 class=\"pt-cv-title\"><a href=\"https:\/\/events.ipv.pt\/uicisa\/en\/projeto-olhar-para-quem-cuida\/\" class=\"_self\" target=\"_self\" >Olhar + Para Quem Cuida<\/a><\/h6>\n<div class=\"pt-cv-meta-fields\"><span class=\"terms\"> <a href='https:\/\/events.ipv.pt\/uicisa\/en\/tag\/aplicavel-sempre-que-haja-cuidadores\/' title='[aplic\u00e1vel sempre que haja cuidadores]' class='pt-cv-tax-aplicavel-sempre-que-haja-cuidadores'>[aplic\u00e1vel sempre que haja cuidadores]<\/a>, <a href='https:\/\/events.ipv.pt\/uicisa\/en\/tag\/amadeu-goncalves\/' title='Amadeu Gon\u00e7alves' class='pt-cv-tax-amadeu-goncalves'>Amadeu Gon\u00e7alves<\/a>, <a href='https:\/\/events.ipv.pt\/uicisa\/en\/tag\/odete-amaral\/' title='Odete Amaral' class='pt-cv-tax-odete-amaral'>Odete Amaral<\/a>, <a href='https:\/\/events.ipv.pt\/uicisa\/en\/category\/projeto\/' title='projeto' class='pt-cv-tax-projeto'>projeto<\/a>, <a href='https:\/\/events.ipv.pt\/uicisa\/en\/tag\/sofia-campos\/' title='Sofia Campos' class='pt-cv-tax-sofia-campos'>Sofia Campos<\/a>, <a href='https:\/\/events.ipv.pt\/uicisa\/en\/tag\/sonia-alves\/' title='S\u00f3nia Alves' class='pt-cv-tax-sonia-alves'>S\u00f3nia Alves<\/a>, <a href='https:\/\/events.ipv.pt\/uicisa\/en\/tag\/susana-batista\/' title='Susana Batista' class='pt-cv-tax-susana-batista'>Susana Batista<\/a><\/span><\/div><\/div>\n<div class=\" pt-cv-content-item pt-cv-1-col\" ><h6 class=\"pt-cv-title\"><a href=\"https:\/\/events.ipv.pt\/uicisa\/en\/541650637saude-educacao-e-qualidade-de-vida-materno-infantil-do-gungo-projeto-de-investigacao-acao\/\" class=\"_self\" target=\"_self\" >[SEiGungo] Sa\u00fade, Educa\u00e7\u00e3o e Qualidade de Vida Materno-Infantil do Gungo: Projeto de investiga\u00e7\u00e3o-a\u00e7\u00e3o<\/a><\/h6>\n<div class=\"pt-cv-meta-fields\"><span class=\"terms\"> <a href='https:\/\/events.ipv.pt\/uicisa\/en\/tag\/2022-2025\/' title='[2022 \u2013 2025]' class='pt-cv-tax-2022-2025'>[2022 \u2013 2025]<\/a>, <a href='https:\/\/events.ipv.pt\/uicisa\/en\/tag\/graca-aparicio\/' title='Gra\u00e7a Apar\u00edcio' class='pt-cv-tax-graca-aparicio'>Gra\u00e7a Apar\u00edcio<\/a>, <a href='https:\/\/events.ipv.pt\/uicisa\/en\/tag\/manuela-ferreira\/' title='Manuela Ferreira' class='pt-cv-tax-manuela-ferreira'>Manuela Ferreira<\/a>, <a href='https:\/\/events.ipv.pt\/uicisa\/en\/tag\/paula-nelas\/' title='Paula Nelas' class='pt-cv-tax-paula-nelas'>Paula Nelas<\/a>, <a href='https:\/\/events.ipv.pt\/uicisa\/en\/category\/projeto\/' title='projeto' class='pt-cv-tax-projeto'>projeto<\/a>, <a href='https:\/\/events.ipv.pt\/uicisa\/en\/tag\/sofia-campos\/' title='Sofia Campos' class='pt-cv-tax-sofia-campos'>Sofia Campos<\/a><\/span><\/div><\/div>\n<div class=\" pt-cv-content-item pt-cv-1-col\" ><h6 class=\"pt-cv-title\"><a href=\"https:\/\/events.ipv.pt\/uicisa\/en\/cernas-ipv-2020-003eisufood-study-about-food-habits-and-knowledge-about-edible-insects-as-sustainable-foods\/\" class=\"_self\" target=\"_self\" >[CERNAS-IPV\/2020\/003] EISuFood  &#8211;  Study  about  food  habits  and  knowledge about edible insects as sustainable foods<\/a><\/h6>\n<div class=\"pt-cv-meta-fields\"><span class=\"terms\"> <a href='https:\/\/events.ipv.pt\/uicisa\/en\/tag\/2020-2022\/' title='[2020 \u2013 2022]' class='pt-cv-tax-2020-2022'>[2020 \u2013 2022]<\/a>, <a href='https:\/\/events.ipv.pt\/uicisa\/en\/tag\/joao-duarte\/' title='Jo\u00e3o Duarte' class='pt-cv-tax-joao-duarte'>Jo\u00e3o Duarte<\/a>, <a href='https:\/\/events.ipv.pt\/uicisa\/en\/tag\/manuela-ferreira\/' title='Manuela Ferreira' class='pt-cv-tax-manuela-ferreira'>Manuela Ferreira<\/a>, <a href='https:\/\/events.ipv.pt\/uicisa\/en\/category\/projeto\/' title='projeto' class='pt-cv-tax-projeto'>projeto<\/a><\/span><\/div><\/div>\n<div class=\" pt-cv-content-item pt-cv-1-col\" ><h6 class=\"pt-cv-title\"><a href=\"https:\/\/events.ipv.pt\/uicisa\/en\/proj-ipv-idi-020appsaude-empoderar-para-melhor-viver\/\" class=\"_self\" target=\"_self\" >[PROJ\/IPV\/ID&#038;I\/020] AppSa\u00fade: Empoderar para melhor viver<\/a><\/h6>\n<div class=\"pt-cv-meta-fields\"><span class=\"terms\"> <a href='https:\/\/events.ipv.pt\/uicisa\/en\/tag\/2020-2022\/' title='[2020 \u2013 2022]' class='pt-cv-tax-2020-2022'>[2020 \u2013 2022]<\/a>, <a href='https:\/\/events.ipv.pt\/uicisa\/en\/tag\/amadeu-goncalves\/' title='Amadeu Gon\u00e7alves' class='pt-cv-tax-amadeu-goncalves'>Amadeu Gon\u00e7alves<\/a>, <a href='https:\/\/events.ipv.pt\/uicisa\/en\/tag\/graca-aparicio\/' title='Gra\u00e7a Apar\u00edcio' class='pt-cv-tax-graca-aparicio'>Gra\u00e7a Apar\u00edcio<\/a>, <a href='https:\/\/events.ipv.pt\/uicisa\/en\/tag\/manuela-ferreira\/' title='Manuela Ferreira' class='pt-cv-tax-manuela-ferreira'>Manuela Ferreira<\/a>, <a href='https:\/\/events.ipv.pt\/uicisa\/en\/tag\/maria-jose-santos\/' title='Maria Jos\u00e9 Santos' class='pt-cv-tax-maria-jose-santos'>Maria Jos\u00e9 Santos<\/a>, <a href='https:\/\/events.ipv.pt\/uicisa\/en\/tag\/marilia-rua\/' title='Mar\u00edlia Rua' class='pt-cv-tax-marilia-rua'>Mar\u00edlia Rua<\/a>, <a href='https:\/\/events.ipv.pt\/uicisa\/en\/tag\/paula-nelas\/' title='Paula Nelas' class='pt-cv-tax-paula-nelas'>Paula Nelas<\/a>, <a href='https:\/\/events.ipv.pt\/uicisa\/en\/category\/projeto\/' title='projeto' class='pt-cv-tax-projeto'>projeto<\/a><\/span><\/div><\/div>\n<div class=\" pt-cv-content-item pt-cv-1-col\" ><h6 class=\"pt-cv-title\"><a href=\"https:\/\/events.ipv.pt\/uicisa\/en\/proj-ipv-idi-013fz-farinha-de-zangao-inovar-no-produto-e-na-protecao-da-colmeia\/\" class=\"_self\" target=\"_self\" >[PROJ\/IPV\/ID&#038;I\/013] FZ \u2013 Farinha de z\u00e2ng\u00e3o: Inovar no produto e na prote\u00e7\u00e3o da colmeia<\/a><\/h6>\n<div class=\"pt-cv-meta-fields\"><span class=\"terms\"> <a href='https:\/\/events.ipv.pt\/uicisa\/en\/tag\/2020-2022\/' title='[2020 \u2013 2022]' class='pt-cv-tax-2020-2022'>[2020 \u2013 2022]<\/a>, <a href='https:\/\/events.ipv.pt\/uicisa\/en\/tag\/graca-aparicio\/' title='Gra\u00e7a Apar\u00edcio' class='pt-cv-tax-graca-aparicio'>Gra\u00e7a Apar\u00edcio<\/a>, <a href='https:\/\/events.ipv.pt\/uicisa\/en\/category\/projeto\/' title='projeto' class='pt-cv-tax-projeto'>projeto<\/a><\/span><\/div><\/div>\n<div class=\" pt-cv-content-item pt-cv-1-col\" ><h6 class=\"pt-cv-title\"><a href=\"https:\/\/events.ipv.pt\/uicisa\/en\/proj-ipv-idi-030jasm-janela-aberta-sobre-o-mundo-linguas-estrangeiras-criatividade-multimodal-e-inovacao-pedagogica-no-ensino-superior\/\" class=\"_self\" target=\"_self\" >[PROJ\/IPV\/ID&#038;I\/030] JASM \u2013 Janela aberta sobre o mundo: L\u00ednguas estrangeiras, criatividade multimodal e inova\u00e7\u00e3o pedag\u00f3gica no ensino superior<\/a><\/h6>\n<div class=\"pt-cv-meta-fields\"><span class=\"terms\"> <a href='https:\/\/events.ipv.pt\/uicisa\/en\/tag\/2020-2022\/' title='[2020 \u2013 2022]' class='pt-cv-tax-2020-2022'>[2020 \u2013 2022]<\/a>, <a href='https:\/\/events.ipv.pt\/uicisa\/en\/tag\/emilia-coutinho\/' title='Em\u00edlia Coutinho' class='pt-cv-tax-emilia-coutinho'>Em\u00edlia Coutinho<\/a>, <a href='https:\/\/events.ipv.pt\/uicisa\/en\/category\/projeto\/' title='projeto' class='pt-cv-tax-projeto'>projeto<\/a><\/span><\/div><\/div>\n<div class=\" pt-cv-content-item pt-cv-1-col\" ><h6 class=\"pt-cv-title\"><a href=\"https:\/\/events.ipv.pt\/uicisa\/en\/maismulheres-agricultoras-em-territorios-do-interior\/\" class=\"_self\" target=\"_self\" >MAIs Mulheres Agricultoras em Territ\u00f3rios do Interior<\/a><\/h6>\n<div class=\"pt-cv-meta-fields\"><span class=\"terms\"> <a href='https:\/\/events.ipv.pt\/uicisa\/en\/tag\/2020-2022\/' title='[2020 \u2013 2022]' class='pt-cv-tax-2020-2022'>[2020 \u2013 2022]<\/a>, <a href='https:\/\/events.ipv.pt\/uicisa\/en\/tag\/emilia-coutinho\/' title='Em\u00edlia Coutinho' class='pt-cv-tax-emilia-coutinho'>Em\u00edlia Coutinho<\/a>, <a href='https:\/\/events.ipv.pt\/uicisa\/en\/category\/projeto\/' title='projeto' class='pt-cv-tax-projeto'>projeto<\/a><\/span><\/div><\/div>\n<div class=\" pt-cv-content-item pt-cv-1-col\" ><h6 class=\"pt-cv-title\"><a href=\"https:\/\/events.ipv.pt\/uicisa\/en\/poci-01-0247-feder-047087ablefit-desenvolvimento-de-um-sistema-avancado-para-reabilitacao\/\" class=\"_self\" target=\"_self\" >[POCI-01-0247-FEDER-047087] ABLEFIT: Desenvolvimento de um Sistema Avan\u00e7ado para Reabilita\u00e7\u00e3o<\/a><\/h6>\n<div class=\"pt-cv-meta-fields\"><span class=\"terms\"> <a href='https:\/\/events.ipv.pt\/uicisa\/en\/tag\/2020-2022\/' title='[2020 \u2013 2022]' class='pt-cv-tax-2020-2022'>[2020 \u2013 2022]<\/a>, <a href='https:\/\/events.ipv.pt\/uicisa\/en\/tag\/carlos-albuquerque\/' title='Carlos Albuquerque' class='pt-cv-tax-carlos-albuquerque'>Carlos Albuquerque<\/a>, <a href='https:\/\/events.ipv.pt\/uicisa\/en\/category\/projeto\/' title='projeto' class='pt-cv-tax-projeto'>projeto<\/a><\/span><\/div><\/div>\n<div class=\" pt-cv-content-item pt-cv-1-col\" ><h6 class=\"pt-cv-title\"><a href=\"https:\/\/events.ipv.pt\/uicisa\/en\/proj-ipv-idi-002sistema-inteligente-de-controlo-de-planos-alimentares-para-doentes-de-alzheimer-e-outras-demencias\/\" class=\"_self\" target=\"_self\" >[PROJ\/IPV\/ID&#038;I\/002] Sistema Inteligente de Controlo de Planos Alimentares para Doentes de Alzheimer e Outras Dem\u00eancias<\/a><\/h6>\n<div class=\"pt-cv-meta-fields\"><span class=\"terms\"> <a href='https:\/\/events.ipv.pt\/uicisa\/en\/tag\/2020-2022\/' title='[2020 \u2013 2022]' class='pt-cv-tax-2020-2022'>[2020 \u2013 2022]<\/a>, <a href='https:\/\/events.ipv.pt\/uicisa\/en\/tag\/carlos-albuquerque\/' title='Carlos Albuquerque' class='pt-cv-tax-carlos-albuquerque'>Carlos Albuquerque<\/a>, <a href='https:\/\/events.ipv.pt\/uicisa\/en\/category\/projeto\/' title='projeto' class='pt-cv-tax-projeto'>projeto<\/a><\/span><\/div><\/div>\n<div class=\" pt-cv-content-item pt-cv-1-col\" ><h6 class=\"pt-cv-title\"><a href=\"https:\/\/events.ipv.pt\/uicisa\/en\/proj-ipv-idi-007sistema-inteligente-de-controlo-de-planos-alimentares-para-o-desporto\/\" class=\"_self\" target=\"_self\" >[PROJ\/IPV\/ID&#038;I\/007] Sistema Inteligente de Controlo de Planos Alimentares para o Desporto<\/a><\/h6>\n<div class=\"pt-cv-meta-fields\"><span class=\"terms\"> <a href='https:\/\/events.ipv.pt\/uicisa\/en\/tag\/2020-2022\/' title='[2020 \u2013 2022]' class='pt-cv-tax-2020-2022'>[2020 \u2013 2022]<\/a>, <a href='https:\/\/events.ipv.pt\/uicisa\/en\/tag\/carlos-albuquerque\/' title='Carlos Albuquerque' class='pt-cv-tax-carlos-albuquerque'>Carlos Albuquerque<\/a>, <a href='https:\/\/events.ipv.pt\/uicisa\/en\/category\/projeto\/' title='projeto' class='pt-cv-tax-projeto'>projeto<\/a><\/span><\/div><\/div>\n<div class=\" pt-cv-content-item pt-cv-1-col\" ><h6 class=\"pt-cv-title\"><a href=\"https:\/\/events.ipv.pt\/uicisa\/en\/proj-ipv-idi-005ipv-with-health-plus-dinamicas-e-estrategias-de-inclusao-para-a-promocao-e-literacia-em-saude-no-ensino-superior\/\" class=\"_self\" target=\"_self\" >[PROJ\/IPV\/ID&#038;I\/005] iPV with Health Plus: Din\u00e2micas e estrat\u00e9gias de inclus\u00e3o para a promo\u00e7\u00e3o e literacia em sa\u00fade no ensino superior<\/a><\/h6>\n<div class=\"pt-cv-meta-fields\"><span class=\"terms\"> <a href='https:\/\/events.ipv.pt\/uicisa\/en\/tag\/2020-2022\/' title='[2020 \u2013 2022]' class='pt-cv-tax-2020-2022'>[2020 \u2013 2022]<\/a>, <a href='https:\/\/events.ipv.pt\/uicisa\/en\/tag\/ana-andrade\/' title='Ana Andrade' class='pt-cv-tax-ana-andrade'>Ana Andrade<\/a>, <a href='https:\/\/events.ipv.pt\/uicisa\/en\/tag\/carlos-albuquerque\/' title='Carlos Albuquerque' class='pt-cv-tax-carlos-albuquerque'>Carlos Albuquerque<\/a>, <a href='https:\/\/events.ipv.pt\/uicisa\/en\/tag\/joao-duarte\/' title='Jo\u00e3o Duarte' class='pt-cv-tax-joao-duarte'>Jo\u00e3o Duarte<\/a>, <a href='https:\/\/events.ipv.pt\/uicisa\/en\/tag\/madalena-cunha\/' title='Madalena Cunha' class='pt-cv-tax-madalena-cunha'>Madalena Cunha<\/a>, <a href='https:\/\/events.ipv.pt\/uicisa\/en\/category\/projeto\/' title='projeto' class='pt-cv-tax-projeto'>projeto<\/a>, <a href='https:\/\/events.ipv.pt\/uicisa\/en\/tag\/rosa-martins\/' title='Rosa Martins' class='pt-cv-tax-rosa-martins'>Rosa Martins<\/a><\/span><\/div><\/div>\n<div class=\" pt-cv-content-item pt-cv-1-col\" ><h6 class=\"pt-cv-title\"><a href=\"https:\/\/events.ipv.pt\/uicisa\/en\/proj-ipv-idi-022-equipes-estudo-de-qualidade-e-inovacao-pedagogica-no-ensino-superior\/\" class=\"_self\" target=\"_self\" >[PROJ\/IPV\/ID&#038;I\/022] EQuIPES &#8211; Estudo de Qualidade e Inova\u00e7\u00e3o Pedag\u00f3gica no Ensino Superior<\/a><\/h6>\n<div class=\"pt-cv-meta-fields\"><span class=\"terms\"> <a href='https:\/\/events.ipv.pt\/uicisa\/en\/tag\/2020-2022\/' title='[2020 \u2013 2022]' class='pt-cv-tax-2020-2022'>[2020 \u2013 2022]<\/a>, <a href='https:\/\/events.ipv.pt\/uicisa\/en\/tag\/ana-andrade\/' title='Ana Andrade' class='pt-cv-tax-ana-andrade'>Ana Andrade<\/a>, <a href='https:\/\/events.ipv.pt\/uicisa\/en\/tag\/carla-cruz\/' title='Carla Cruz' class='pt-cv-tax-carla-cruz'>Carla Cruz<\/a>, <a href='https:\/\/events.ipv.pt\/uicisa\/en\/category\/projeto\/' title='projeto' class='pt-cv-tax-projeto'>projeto<\/a><\/span><\/div><\/div>\n<div class=\" pt-cv-content-item pt-cv-1-col\" ><h6 class=\"pt-cv-title\"><a href=\"https:\/\/events.ipv.pt\/uicisa\/en\/meiosmediacao-intercultural-e-outcomes-em-saude\/\" class=\"_self\" target=\"_self\" >MEiOS Media\u00e7\u00e3o Intercultural e Outcomes em Sa\u00fade<\/a><\/h6>\n<div class=\"pt-cv-meta-fields\"><span class=\"terms\"> <a href='https:\/\/events.ipv.pt\/uicisa\/en\/tag\/2018-2021\/' title='[2018 \u2013 2021]' class='pt-cv-tax-2018-2021'>[2018 \u2013 2021]<\/a>, <a href='https:\/\/events.ipv.pt\/uicisa\/en\/tag\/emilia-coutinho\/' title='Em\u00edlia Coutinho' class='pt-cv-tax-emilia-coutinho'>Em\u00edlia Coutinho<\/a>, <a href='https:\/\/events.ipv.pt\/uicisa\/en\/category\/projeto\/' title='projeto' class='pt-cv-tax-projeto'>projeto<\/a><\/span><\/div><\/div><\/div><\/div><\/div>\t\t\t<style type=\"text\/css\" id=\"pt-cv-inline-style-c7cf011cvk\">\n#pt-cv-view-3850a541w7 .pt-cv-thumb-wrapper:not(.miniwrap) {  }#pt-cv-view-3850a541w7 .pt-cv-thumbnail:not(.pt-cv-thumbnailsm) { height: 250px; }#pt-cv-view-3850a541w7 > .pt-cv-page {grid-template-columns: repeat(4, 1fr);grid-gap: 15px;}\n@media all and (max-width: 1024px) { \n#pt-cv-view-3850a541w7 > .pt-cv-page {grid-template-columns: repeat(1, 1fr);}\n} \n@media all and (max-width: 767px) { \n#pt-cv-view-3850a541w7 > .pt-cv-page {grid-template-columns: repeat(1, 1fr);}\n} <\/style>\r\n\t\t\t\n<\/div>\n<\/div>\n<div id=\"investigadores\"><\/div>\n<p><!-- *********** INVESTIGADORES  *********** --><\/p>\n<h5 class=\"fRclaro\" style=\"margin-top: 50px;\">EQUIPA<\/h5>\n<div class=\"rw\">\n<button class=\"tablinks bTab\" data-group=\"grupoProd\" data-target=\"int\"><span class=\"fw500 fRosa\"><span>19<\/span><\/span> integrados<\/button> <button class=\"tablinks bTab\" data-group=\"grupoProd\" data-target=\"col\"><span class=\"fw500 fRosa\"><span>13<\/span><\/span> colaboradores<\/button>\n<\/div>\n<div id=\"int\" class=\"contentEquipa bgCclaro esp50\" data-group=\"grupoProd\">\n<div class=\"pt-cv-wrapper\"><div class=\"pt-cv-view pt-cv-blockgrid iscvblock iscvhybrid grid1 layout1\" id=\"pt-cv-view-6ed3585b4d\"><div data-id=\"pt-cv-page-1\" class=\"pt-cv-page\" data-cvc=\"2\"><div class=\" pt-cv-content-item pt-cv-1-col\" ><div class=\"pt-cv-content\"><h2>Ana Andrade<\/h2>\n<h3>Ana Isabel Nunes Pereira de Azevedo e Andrade<\/h3>\n<p>Health Sciences Research Unit: Nursing (UICISA: E), Health School of the Polytechnic Institute of Viseu, Portugal\n<div class=\"rw\"><a class=\"bRclaro\" href=\"https:\/\/orcid.org\/0000-0003-1070-8507\" rel=\"noopener\" target=\"_blank\">0000-0003-1070-8507<\/a> <a class=\"bRclaro\" href=\"https:\/\/www.cienciavitae.pt\/BD1A-807B-CEFB\" rel=\"noopener\" target=\"_blank\">BD1A-807B-CEFB<\/a><\/div>\n<\/p><\/div>\n<div class=\"pt-cv-meta-fields\"><span class=\"terms\"> <a href='https:\/\/events.ipv.pt\/uicisa\/en\/tag\/ana-andrade\/' title='Ana Andrade' class='pt-cv-tax-ana-andrade'>Ana Andrade<\/a>, <a href='https:\/\/events.ipv.pt\/uicisa\/en\/category\/i_int\/' title='i_int' class='pt-cv-tax-i_int'>i_int<\/a><\/span><\/div><\/div>\n<div class=\" pt-cv-content-item pt-cv-1-col\" ><div class=\"pt-cv-content\"><h2>Ana Rocha<\/h2>\n<h3>Ana Isabel de Almeida Ribeiro Fernandes da Rocha<\/h3>\n<p>Health Sciences Research Unit: Nursing (UICISA: E), Tondela-Viseu Hospital Center, Portugal<\/p>\n<div class=\"rw\"><a class=\"bRclaro\" href=\"https:\/\/orcid.org\/0000-0001-8952-6778\" rel=\"noopener\" target=\"_blank\">0000-0001-8952-6778<\/a> <a class=\"bRclaro\" href=\"https:\/\/www.cienciavitae.pt\/0D1D-4E70-3092\" rel=\"noopener\" target=\"_blank\">0D1D-4E70-3092<\/a><\/div>\n<\/div>\n<div class=\"pt-cv-meta-fields\"><span class=\"terms\"> <a href='https:\/\/events.ipv.pt\/uicisa\/en\/tag\/ana-rocha\/' title='Ana Rocha' class='pt-cv-tax-ana-rocha'>Ana Rocha<\/a>, <a href='https:\/\/events.ipv.pt\/uicisa\/en\/category\/i_int\/' title='i_int' class='pt-cv-tax-i_int'>i_int<\/a><\/span><\/div><\/div>\n<div class=\" pt-cv-content-item pt-cv-1-col\" ><div class=\"pt-cv-content\"><h2>Ant\u00f3nio Dias<\/h2>\n<h3>Ant\u00f3nio Madureira Dias<\/h3>\n<p>Health Sciences Research Unit: Nursing (UICISA: E), Health School of the Polytechnic Institute of Viseu, Portugal<\/p>\n<div class=\"rw\"><a class=\"bRclaro\" href=\"https:\/\/orcid.org\/0000-0003-3985-2174\" rel=\"noopener\" target=\"_blank\">0000-0003-3985-2174<\/a> <a class=\"bRclaro\" href=\"https:\/\/www.cienciavitae.pt\/E71F-32ED-32AA\" rel=\"noopener\" target=\"_blank\">E71F-32ED-32AA<\/a>\n<\/div>\n<\/div>\n<div class=\"pt-cv-meta-fields\"><span class=\"terms\"> <a href='https:\/\/events.ipv.pt\/uicisa\/en\/tag\/antonio-dias\/' title='Ant\u00f3nio Dias' class='pt-cv-tax-antonio-dias'>Ant\u00f3nio Dias<\/a>, <a href='https:\/\/events.ipv.pt\/uicisa\/en\/category\/i_int\/' title='i_int' class='pt-cv-tax-i_int'>i_int<\/a><\/span><\/div><\/div>\n<div class=\" pt-cv-content-item pt-cv-1-col\" ><div class=\"pt-cv-content\"><h2>Carlos Albuquerque<\/h2>\n<h3>Carlos Manuel de Sousa Albuquerque<\/h3>\n<p>Health Sciences Research Unit: Nursing (UICISA: E), Health School of the Polytechnic Institute of Viseu, Portugal<\/p>\n<div class=\"rw\"><a class=\"bRclaro\" href=\"https:\/\/orcid.org\/0000-0002-2297-0636\" rel=\"noopener\" target=\"_blank\">0000-0002-2297-0636<\/a> <a class=\"bRclaro\" href=\"https:\/\/www.cienciavitae.pt\/9B1E-D9AA-1C3F\" rel=\"noopener\" target=\"_blank\">9B1E-D9AA-1C3F<\/a>\n<\/div>\n<\/div>\n<div class=\"pt-cv-meta-fields\"><span class=\"terms\"> <a href='https:\/\/events.ipv.pt\/uicisa\/en\/tag\/carlos-albuquerque\/' title='Carlos Albuquerque' class='pt-cv-tax-carlos-albuquerque'>Carlos Albuquerque<\/a>, <a href='https:\/\/events.ipv.pt\/uicisa\/en\/category\/i_int\/' title='i_int' class='pt-cv-tax-i_int'>i_int<\/a><\/span><\/div><\/div>\n<div class=\" pt-cv-content-item pt-cv-1-col\" ><div class=\"pt-cv-content\"><h2>Eduardo Santos<\/h2>\n<h3>Eduardo Jos\u00e9 Ferreira dos Santos<\/h3>\n<p>Health Sciences Research Unit: Nursing (UICISA: E), Health School of the Polytechnic Institute of Viseu, Portugal<\/p>\n<div class=\"rw\"><a class=\"bRclaro\" href=\"https:\/\/orcid.org\/0000-0003-0557-2377\" rel=\"noopener\" target=\"_blank\">0000-0003-0557-2377<\/a> <a class=\"bRclaro\" href=\"https:\/\/www.cienciavitae.pt\/8D1E-873C-6D80\" rel=\"noopener\" target=\"_blank\">8D1E-873C-6D80<\/a>\n<\/div>\n<\/div>\n<div class=\"pt-cv-meta-fields\"><span class=\"terms\"> <a href='https:\/\/events.ipv.pt\/uicisa\/en\/tag\/eduardo-santos\/' title='Eduardo Santos' class='pt-cv-tax-eduardo-santos'>Eduardo Santos<\/a>, <a href='https:\/\/events.ipv.pt\/uicisa\/en\/category\/i_int\/' title='i_int' class='pt-cv-tax-i_int'>i_int<\/a><\/span><\/div><\/div>\n<div class=\" pt-cv-content-item pt-cv-1-col\" ><div class=\"pt-cv-content\"><h2>Em\u00edlia Coutinho<\/h2>\n<h3>Em\u00edlia de Carvalho Coutinho<\/h3>\n<p>Health Sciences Research Unit: Nursing (UICISA: E), Health School of the Polytechnic Institute of Viseu, Portugal<\/p>\n<div class=\"rw\"><a class=\"bRclaro\" href=\"https:\/\/orcid.org\/0000-0002-9506-4626\" rel=\"noopener\" target=\"_blank\">0000-0002-9506-4626<\/a> <a class=\"bRclaro\" href=\"https:\/\/www.cienciavitae.pt\/7913-CE3A-277F\" rel=\"noopener\" target=\"_blank\">7913-CE3A-277F<\/a>\n<\/div>\n<\/div>\n<div class=\"pt-cv-meta-fields\"><span class=\"terms\"> <a href='https:\/\/events.ipv.pt\/uicisa\/en\/tag\/emilia-coutinho\/' title='Em\u00edlia Coutinho' class='pt-cv-tax-emilia-coutinho'>Em\u00edlia Coutinho<\/a>, <a href='https:\/\/events.ipv.pt\/uicisa\/en\/category\/i_int\/' title='i_int' class='pt-cv-tax-i_int'>i_int<\/a><\/span><\/div><\/div>\n<div class=\" pt-cv-content-item pt-cv-1-col\" ><div class=\"pt-cv-content\"><h2>Madalena Cunha<\/h2>\n<h3>Maria Madalena Jesus Cunha Nunes<\/h3>\n<p>Health Sciences Research Unit: Nursing (UICISA: E), Health School of the Polytechnic Institute of Viseu, Portugal<\/p>\n<div class=\"rw\"><a class=\"bRclaro\" href=\"https:\/\/orcid.org\/0000-0003-0710-9220\" rel=\"noopener\" target=\"_blank\">0000-0003-0710-9220<\/a> <a class=\"bRclaro\" href=\"https:\/\/www.cienciavitae.pt\/5C12-8847-309C\" rel=\"noopener\" target=\"_blank\">5C12-8847-309C<\/a>\n<\/div>\n<\/div>\n<div class=\"pt-cv-meta-fields\"><span class=\"terms\"> <a href='https:\/\/events.ipv.pt\/uicisa\/en\/category\/i_int\/' title='i_int' class='pt-cv-tax-i_int'>i_int<\/a>, <a href='https:\/\/events.ipv.pt\/uicisa\/en\/tag\/madalena-cunha\/' title='Madalena Cunha' class='pt-cv-tax-madalena-cunha'>Madalena Cunha<\/a><\/span><\/div><\/div>\n<div class=\" pt-cv-content-item pt-cv-1-col\" ><div class=\"pt-cv-content\"><h2>Manuela Ferreira<\/h2>\n<h3>Manuela Maria da Concei\u00e7\u00e3o Ferreira<\/h3>\n<h4>Coordenadora UICISA: E ESEnfC\/ESSV\/iPV<\/h4>\n<p>Health Sciences Research Unit: Nursing (UICISA: E), Health School of the Polytechnic Institute of Viseu, Portugal<\/p>\n<div class=\"rw\"><a class=\"bRclaro\" href=\"https:\/\/orcid.org\/0000-0002-8452-2222\" rel=\"noopener\" target=\"_blank\">0000-0002-8452-2222<\/a> <a class=\"bRclaro\" href=\"https:\/\/www.cienciavitae.pt\/EA14-A6F8-7011\" rel=\"noopener\" target=\"_blank\">EA14-A6F8-7011<\/a>\n<\/div>\n<\/div>\n<div class=\"pt-cv-meta-fields\"><span class=\"terms\"> <a href='https:\/\/events.ipv.pt\/uicisa\/en\/category\/i_int\/' title='i_int' class='pt-cv-tax-i_int'>i_int<\/a>, <a href='https:\/\/events.ipv.pt\/uicisa\/en\/tag\/manuela-ferreira\/' title='Manuela Ferreira' class='pt-cv-tax-manuela-ferreira'>Manuela Ferreira<\/a><\/span><\/div><\/div>\n<div class=\" pt-cv-content-item pt-cv-1-col\" ><div class=\"pt-cv-content\"><h2>Maria Jos\u00e9 Santos<\/h2>\n<h3>Maria Jos\u00e9 de Oliveira Santos<\/h3>\n<p>Health Sciences Research Unit: Nursing (UICISA: E), Tr\u00e1s-os-Montes e Alto Douro University, Portugal<\/p>\n<div class=\"rw\"><a class=\"bRclaro\" href=\"https:\/\/orcid.org\/0000-0003-1253-2912\" rel=\"noopener\" target=\"_blank\">0000-0003-1253-2912<\/a> <a class=\"bRclaro\" href=\"https:\/\/www.cienciavitae.pt\/B716-42F3-01D7\" rel=\"noopener\" target=\"_blank\">B716-42F3-01D7<\/a>\n<\/div>\n<\/div>\n<div class=\"pt-cv-meta-fields\"><span class=\"terms\"> <a href='https:\/\/events.ipv.pt\/uicisa\/en\/category\/i_int\/' title='i_int' class='pt-cv-tax-i_int'>i_int<\/a>, <a href='https:\/\/events.ipv.pt\/uicisa\/en\/tag\/maria-jose-santos\/' title='Maria Jos\u00e9 Santos' class='pt-cv-tax-maria-jose-santos'>Maria Jos\u00e9 Santos<\/a><\/span><\/div><\/div>\n<div class=\" pt-cv-content-item pt-cv-1-col\" ><div class=\"pt-cv-content\"><h2>Mauro Mota<\/h2>\n<h3>Mauro Alexandre Lopes Mota<\/h3>\n<p>Health Sciences Research Unit: Nursing (UICISA: E), Health School of the Polytechnic Institute of Viseu, Portugal<\/p>\n<div class=\"rw\"><a class=\"bRclaro\" href=\"https:\/\/orcid.org\/0000-0001-8188-6533\" rel=\"noopener\" target=\"_blank\">0000-0001-8188-6533<\/a> <a class=\"bRclaro\" href=\"https:\/\/www.cienciavitae.pt\/A11F-87F8-F478\" rel=\"noopener\" target=\"_blank\">A11F-87F8-F478<\/a>\n<\/div>\n<\/div>\n<div class=\"pt-cv-meta-fields\"><span class=\"terms\"> <a href='https:\/\/events.ipv.pt\/uicisa\/en\/category\/i_int\/' title='i_int' class='pt-cv-tax-i_int'>i_int<\/a>, <a href='https:\/\/events.ipv.pt\/uicisa\/en\/tag\/mauro-mota\/' title='Mauro Mota' class='pt-cv-tax-mauro-mota'>Mauro Mota<\/a><\/span><\/div><\/div>\n<div class=\" pt-cv-content-item pt-cv-1-col\" ><div class=\"pt-cv-content\"><h2>Odete Amaral<\/h2>\n<h3>Maria Odete Pereira Amaral<\/h3>\n<p>Health Sciences Research Unit: Nursing (UICISA: E), Health School of the Polytechnic Institute of Viseu, Portugal<\/p>\n<div class=\"rw\"><a class=\"bRclaro\" href=\"https:\/\/orcid.org\/0000-0002-3382-6074\" rel=\"noopener\" target=\"_blank\">0000-0002-3382-6074<\/a> <a class=\"bRclaro\" href=\"https:\/\/www.cienciavitae.pt\/421A-03F3-B261\" rel=\"noopener\" target=\"_blank\">421A-03F3-B261<\/a>\n<\/div>\n<\/div>\n<div class=\"pt-cv-meta-fields\"><span class=\"terms\"> <a href='https:\/\/events.ipv.pt\/uicisa\/en\/category\/i_int\/' title='i_int' class='pt-cv-tax-i_int'>i_int<\/a>, <a href='https:\/\/events.ipv.pt\/uicisa\/en\/tag\/odete-amaral\/' title='Odete Amaral' class='pt-cv-tax-odete-amaral'>Odete Amaral<\/a><\/span><\/div><\/div>\n<div class=\" pt-cv-content-item pt-cv-1-col\" ><div class=\"pt-cv-content\"><h2>Oliv\u00e9rio Ribeiro<\/h2>\n<h3>Oliv\u00e9rio de Paiva Ribeiro<\/h3>\n<p>Health Sciences Research Unit: Nursing (UICISA: E), Health School of the Polytechnic Institute of Viseu, Portugal<\/p>\n<div class=\"rw\"><a class=\"bRclaro\" href=\"https:\/\/orcid.org\/0000-0001-7396-639X\" rel=\"noopener\" target=\"_blank\">0000-0001-7396-639X<\/a> <a class=\"bRclaro\" href=\"https:\/\/www.cienciavitae.pt\/C51C-7906-19ED\" rel=\"noopener\" target=\"_blank\">C51C-7906-19ED<\/a>\n<\/div>\n<\/div>\n<div class=\"pt-cv-meta-fields\"><span class=\"terms\"> <a href='https:\/\/events.ipv.pt\/uicisa\/en\/category\/i_int\/' title='i_int' class='pt-cv-tax-i_int'>i_int<\/a>, <a href='https:\/\/events.ipv.pt\/uicisa\/en\/tag\/oliverio-ribeiro\/' title='Oliv\u00e9rio Ribeiro' class='pt-cv-tax-oliverio-ribeiro'>Oliv\u00e9rio Ribeiro<\/a><\/span><\/div><\/div>\n<div class=\" pt-cv-content-item pt-cv-1-col\" ><div class=\"pt-cv-content\"><h2>Paula Nelas<\/h2>\n<h3>Paula Alexandra de Andrade Batista Nelas<\/h3>\n<p>Health Sciences Research Unit: Nursing (UICISA: E), Health School of the Polytechnic Institute of Viseu, Portugal<\/p>\n<div class=\"rw\"><a class=\"bRclaro\" href=\"https:\/\/orcid.org\/0000-0003-0043-3597\" rel=\"noopener\" target=\"_blank\">0000-0003-0043-3597<\/a> <a class=\"bRclaro\" href=\"https:\/\/www.cienciavitae.pt\/9711-7251-A660\" rel=\"noopener\" target=\"_blank\">9711-7251-A660<\/a>\n<\/div>\n<\/div>\n<div class=\"pt-cv-meta-fields\"><span class=\"terms\"> <a href='https:\/\/events.ipv.pt\/uicisa\/en\/category\/i_int\/' title='i_int' class='pt-cv-tax-i_int'>i_int<\/a>, <a href='https:\/\/events.ipv.pt\/uicisa\/en\/tag\/paula-nelas\/' title='Paula Nelas' class='pt-cv-tax-paula-nelas'>Paula Nelas<\/a><\/span><\/div><\/div>\n<div class=\" pt-cv-content-item pt-cv-1-col\" ><div class=\"pt-cv-content\"><h2>Ricardo Melo<\/h2>\n<h3>Ricardo Manuel da Costa Melo<\/h3>\n<p>Health Sciences Research Unit: Nursing (UICISA: E), Aveiro University, Portugal<\/p>\n<div class=\"rw\"><a class=\"bRclaro\" href=\"https:\/\/orcid.org\/0000-0003-4870-2047\" rel=\"noopener\" target=\"_blank\">0000-0003-4870-2047<\/a> <a class=\"bRclaro\" href=\"https:\/\/www.cienciavitae.pt\/7C414-C079-FAED\" rel=\"noopener\" target=\"_blank\">C414-C079-FAED<\/a>\n<\/div>\n<\/div>\n<div class=\"pt-cv-meta-fields\"><span class=\"terms\"> <a href='https:\/\/events.ipv.pt\/uicisa\/en\/category\/i_int\/' title='i_int' class='pt-cv-tax-i_int'>i_int<\/a>, <a href='https:\/\/events.ipv.pt\/uicisa\/en\/tag\/ricardo-melo\/' title='Ricardo Melo' class='pt-cv-tax-ricardo-melo'>Ricardo Melo<\/a><\/span><\/div><\/div>\n<div class=\" pt-cv-content-item pt-cv-1-col\" ><div class=\"pt-cv-content\"><h2>Rosa Martins<\/h2>\n<h3>Rosa Maria Lopes Martins<\/h3>\n<p>Health Sciences Research Unit: Nursing (UICISA: E), Health School of the Polytechnic Institute of Viseu, Portugal<\/p>\n<div class=\"rw\"><a class=\"bRclaro\" href=\"https:\/\/orcid.org\/0000-0001-9850-9822\" rel=\"noopener\" target=\"_blank\">0000-0001-9850-9822<\/a> <a class=\"bRclaro\" href=\"https:\/\/www.cienciavitae.pt\/CB11-984E-CDCA\" rel=\"noopener\" target=\"_blank\">CB11-984E-CDCA<\/a>\n<\/div>\n<\/div>\n<div class=\"pt-cv-meta-fields\"><span class=\"terms\"> <a href='https:\/\/events.ipv.pt\/uicisa\/en\/category\/i_int\/' title='i_int' class='pt-cv-tax-i_int'>i_int<\/a>, <a href='https:\/\/events.ipv.pt\/uicisa\/en\/tag\/rosa-martins\/' title='Rosa Martins' class='pt-cv-tax-rosa-martins'>Rosa Martins<\/a><\/span><\/div><\/div>\n<div class=\" pt-cv-content-item pt-cv-1-col\" ><div class=\"pt-cv-content\"><h2>Sandra Campinos<\/h2>\n<h3>Sandra Maria Campinos Rodrigues<\/h3>\n<p>Health Sciences Research Unit: Nursing (UICISA: E), Baixo Vouga Hospital Center, Portugal<\/p>\n<div class=\"rw\"><a class=\"bRclaro\" href=\"https:\/\/orcid.org\/0000-0001-9892-1585\" rel=\"noopener\" target=\"_blank\">0000-0001-9892-1585<\/a> <a class=\"bRclaro\" href=\"https:\/\/www.cienciavitae.pt\/E31C-4F05-CD14\" rel=\"noopener\" target=\"_blank\">E31C-4F05-CD14<\/a>\n<\/div>\n<\/div>\n<div class=\"pt-cv-meta-fields\"><span class=\"terms\"> <a href='https:\/\/events.ipv.pt\/uicisa\/en\/category\/i_int\/' title='i_int' class='pt-cv-tax-i_int'>i_int<\/a>, <a href='https:\/\/events.ipv.pt\/uicisa\/en\/tag\/sandra-campinos\/' title='Sandra Campinos' class='pt-cv-tax-sandra-campinos'>Sandra Campinos<\/a><\/span><\/div><\/div>\n<div class=\" pt-cv-content-item pt-cv-1-col\" ><div class=\"pt-cv-content\"><h2>Sofia Campos<\/h2>\n<h3>Sofia Margarida Guedes de Campos Salvado Pires<\/h3>\n<p>Health Sciences Research Unit: Nursing (UICISA: E), Health School of the Polytechnic Institute of Viseu, Portugal<\/p>\n<div class=\"rw\"><a class=\"bRclaro\" href=\"https:\/\/orcid.org\/0000-0002-4696-3537\" rel=\"noopener\" target=\"_blank\">0000-0002-4696-3537<\/a> <a class=\"bRclaro\" href=\"https:\/\/www.cienciavitae.pt\/B11D-134D-9223\" rel=\"noopener\" target=\"_blank\">B11D-134D-9223<\/a>\n<\/div>\n<\/div>\n<div class=\"pt-cv-meta-fields\"><span class=\"terms\"> <a href='https:\/\/events.ipv.pt\/uicisa\/en\/category\/i_int\/' title='i_int' class='pt-cv-tax-i_int'>i_int<\/a>, <a href='https:\/\/events.ipv.pt\/uicisa\/en\/tag\/sofia-campos\/' title='Sofia Campos' class='pt-cv-tax-sofia-campos'>Sofia Campos<\/a><\/span><\/div><\/div>\n<div class=\" pt-cv-content-item pt-cv-1-col\" ><div class=\"pt-cv-content\"><h2>Susana Batista<\/h2>\n<h3>Susana Marisa Loureiro Pais Batista<\/h3>\n<p>Health Sciences Research Unit: Nursing (UICISA: E), Health School of the Polytechnic Institute of Viseu, Portugal<\/p>\n<div class=\"rw\"><a class=\"bRclaro\" href=\"https:\/\/orcid.org\/0000-0003-0256-6027\" rel=\"noopener\" target=\"_blank\">0000-0003-0256-6027<\/a> <a class=\"bRclaro\" href=\"https:\/\/www.cienciavitae.pt\/1117-F122-A95C\" rel=\"noopener\" target=\"_blank\">1117-F122-A95C<\/a>\n<\/div>\n<\/div>\n<div class=\"pt-cv-meta-fields\"><span class=\"terms\"> <a href='https:\/\/events.ipv.pt\/uicisa\/en\/category\/i_int\/' title='i_int' class='pt-cv-tax-i_int'>i_int<\/a>, <a href='https:\/\/events.ipv.pt\/uicisa\/en\/tag\/susana-batista\/' title='Susana Batista' class='pt-cv-tax-susana-batista'>Susana Batista<\/a><\/span><\/div><\/div>\n<div class=\" pt-cv-content-item pt-cv-1-col\" ><div class=\"pt-cv-content\"><h2>Teresa Lopes<\/h2>\n<h3>Teresa Silveira Lopes<\/h3>\n<p>Health Sciences Research Unit: Nursing (UICISA: E), Health School of the Polytechnic Institute of Viseu, Portugal<\/p>\n<div class=\"rw\"><a class=\"bRclaro\" href=\"https:\/\/orcid.org\/0000-0003-1920-3054\" rel=\"noopener\" target=\"_blank\">0000-0003-1920-3054<\/a> <a class=\"bRclaro\" href=\"https:\/\/www.cienciavitae.pt\/C81F-B8C4-CDAD\" rel=\"noopener\" target=\"_blank\">C81F-B8C4-CDAD<\/a>\n<\/div>\n<\/div>\n<div class=\"pt-cv-meta-fields\"><span class=\"terms\"> <a href='https:\/\/events.ipv.pt\/uicisa\/en\/category\/i_int\/' title='i_int' class='pt-cv-tax-i_int'>i_int<\/a>, <a href='https:\/\/events.ipv.pt\/uicisa\/en\/tag\/teresa-lopes\/' title='Teresa Lopes' class='pt-cv-tax-teresa-lopes'>Teresa Lopes<\/a><\/span><\/div><\/div><\/div><\/div><\/div>\t\t\t<style type=\"text\/css\" id=\"pt-cv-inline-style-9692d8f5v2\">\n#pt-cv-view-6ed3585b4d .pt-cv-thumb-wrapper:not(.miniwrap) {  }#pt-cv-view-6ed3585b4d .pt-cv-thumbnail:not(.pt-cv-thumbnailsm) { height: 250px; }#pt-cv-view-6ed3585b4d > .pt-cv-page {grid-template-columns: repeat(2, 1fr);grid-gap: 15px;}\n@media all and (max-width: 1024px) { \n#pt-cv-view-6ed3585b4d > .pt-cv-page {grid-template-columns: repeat(1, 1fr);}\n} \n@media all and (max-width: 767px) { \n#pt-cv-view-6ed3585b4d > .pt-cv-page {grid-template-columns: repeat(1, 1fr);}\n} <\/style>\r\n\t\t\t\n<\/div>\n<div id=\"col\" class=\"contentEquipa bgCclaro esp50\" data-group=\"grupoProd\">\n<div class=\"pt-cv-wrapper\"><div class=\"pt-cv-view pt-cv-blockgrid iscvblock iscvhybrid grid1 layout1\" id=\"pt-cv-view-07a1d0a3ve\"><div data-id=\"pt-cv-page-1\" class=\"pt-cv-page\" data-cvc=\"2\"><div class=\" pt-cv-content-item pt-cv-1-col\" ><div class=\"pt-cv-content\"><h2>Amadeu Gon\u00e7alves<\/h2>\n<h3>Amadeu Matos Gon\u00e7alves<\/h3>\n<p>Health Sciences Research Unit: Nursing (UICISA: E), Health School of the Polytechnic Institute of Viseu, Portugal<\/p>\n<div class=\"rw\"><a class=\"bRclaro\" href=\"https:\/\/orcid.org\/0000-0001-5591-9610\" rel=\"noopener\" target=\"_blank\">0000-0001-5591-9610<\/a> <a class=\"bRclaro\" href=\"https:\/\/www.cienciavitae.pt\/D91F-62A7-C05B\" rel=\"noopener\" target=\"_blank\">D91F-62A7-C05B<\/a>\n<\/div>\n<\/div>\n<div class=\"pt-cv-meta-fields\"><span class=\"terms\"> <a href='https:\/\/events.ipv.pt\/uicisa\/en\/tag\/amadeu-goncalves\/' title='Amadeu Gon\u00e7alves' class='pt-cv-tax-amadeu-goncalves'>Amadeu Gon\u00e7alves<\/a>, <a href='https:\/\/events.ipv.pt\/uicisa\/en\/category\/i_col\/' title='i_col' class='pt-cv-tax-i_col'>i_col<\/a><\/span><\/div><\/div>\n<div class=\" pt-cv-content-item pt-cv-1-col\" ><div class=\"pt-cv-content\"><h2>Andreia Pereira<\/h2>\n<h3>Andreia Raquel Albququerque do Amaral Pereira<\/h3>\n<p>Health Sciences Research Unit: Nursing (UICISA: E), Polytechnic Institute of Viseu, Portugal<\/p>\n<div class=\"rw\"><a class=\"bRclaro\" href=\"https:\/\/orcid.org\/0000-0001-8765-6608\" rel=\"noopener\" target=\"_blank\">0000-0001-8765-6608<\/a> <a class=\"bRclaro\" href=\"https:\/\/www.cienciavitae.pt\/6D18-F41D-7717\" rel=\"noopener\" target=\"_blank\">6D18-F41D-7717<\/a>\n<\/div>\n<\/div>\n<div class=\"pt-cv-meta-fields\"><span class=\"terms\"> <a href='https:\/\/events.ipv.pt\/uicisa\/en\/tag\/andreia-pereira\/' title='Andreia Pereira' class='pt-cv-tax-andreia-pereira'>Andreia Pereira<\/a>, <a href='https:\/\/events.ipv.pt\/uicisa\/en\/category\/i_col\/' title='i_col' class='pt-cv-tax-i_col'>i_col<\/a><\/span><\/div><\/div>\n<div class=\" pt-cv-content-item pt-cv-1-col\" ><div class=\"pt-cv-content\"><h2>Assun\u00e7\u00e3o Almeida<\/h2>\n<h3>Assun\u00e7\u00e3o das Dores Laranjeira de Almeida<\/h3>\n<p>Health Sciences Research Unit: Nursing (UICISA: E), Aveiro University, Portugal<\/p>\n<div class=\"rw\"><a class=\"bRclaro\" href=\"https:\/\/orcid.org\/0000-0003-4021-5949\" rel=\"noopener\" target=\"_blank\">0000-0003-4021-5949<\/a> <a class=\"bRclaro\" href=\"https:\/\/www.cienciavitae.pt\/EE1A-043D-5605\" rel=\"noopener\" target=\"_blank\">EE1A-043D-5605<\/a>\n<\/div>\n<\/div>\n<div class=\"pt-cv-meta-fields\"><span class=\"terms\"> <a href='https:\/\/events.ipv.pt\/uicisa\/en\/tag\/assuncao-de-almeida\/' title='Assun\u00e7\u00e3o de Almeida' class='pt-cv-tax-assuncao-de-almeida'>Assun\u00e7\u00e3o de Almeida<\/a>, <a href='https:\/\/events.ipv.pt\/uicisa\/en\/category\/i_col\/' title='i_col' class='pt-cv-tax-i_col'>i_col<\/a><\/span><\/div><\/div>\n<div class=\" pt-cv-content-item pt-cv-1-col\" ><div class=\"pt-cv-content\"><h2>C\u00e9lia Pires<\/h2>\n<h3>C\u00e9lia Maria Abreu Freitas Pires<\/h3>\n<p>Health Sciences Research Unit: Nursing (UICISA: E), Aveiro University, Portugal<\/p>\n<div class=\"rw\"><a class=\"bRclaro\" href=\"https:\/\/orcid.org\/0000-0002-5515-3296\" rel=\"noopener\" target=\"_blank\">0000-0002-5515-3296<\/a> <a class=\"bRclaro\" href=\"https:\/\/www.cienciavitae.pt\/F619-47E7-5894\" rel=\"noopener\" target=\"_blank\">F619-47E7-5894<\/a>\n<\/div>\n<\/div>\n<div class=\"pt-cv-meta-fields\"><span class=\"terms\"> <a href='https:\/\/events.ipv.pt\/uicisa\/en\/tag\/celia-pires\/' title='C\u00e9lia Pires' class='pt-cv-tax-celia-pires'>C\u00e9lia Pires<\/a>, <a href='https:\/\/events.ipv.pt\/uicisa\/en\/category\/i_col\/' title='i_col' class='pt-cv-tax-i_col'>i_col<\/a><\/span><\/div><\/div>\n<div class=\" pt-cv-content-item pt-cv-1-col\" ><div class=\"pt-cv-content\"><h2>Fernando Gama<\/h2>\n<h3>Fernando Jos\u00e9 Gama<\/h3>\n<p>Health Sciences Research Unit: Nursing (UICISA: E), Health School of the Polytechnic Institute of Viseu, Portugal<\/p>\n<div class=\"rw\"><a class=\"bRclaro\" href=\"https:\/\/www.cienciavitae.pt\/FD1A-8637-EB68\" rel=\"noopener\" target=\"_blank\">FD1A-8637-EB68<\/a>\n<\/div>\n<\/div>\n<div class=\"pt-cv-meta-fields\"><span class=\"terms\"> <a href='https:\/\/events.ipv.pt\/uicisa\/en\/tag\/fernando-gama\/' title='Fernando Gama' class='pt-cv-tax-fernando-gama'>Fernando Gama<\/a>, <a href='https:\/\/events.ipv.pt\/uicisa\/en\/category\/i_col\/' title='i_col' class='pt-cv-tax-i_col'>i_col<\/a><\/span><\/div><\/div>\n<div class=\" pt-cv-content-item pt-cv-1-col\" ><div class=\"pt-cv-content\"><h2>Filomena Paulo<\/h2>\n<h3>Filomena Paulo Nogueira<\/h3>\n<p>Health Sciences Research Unit: Nursing (UICISA: E), Tondela-Viseu Hospital Center, Portugal<\/p>\n<div class=\"rw\"><a class=\"bRclaro\" href=\"https:\/\/orcid.org\/0000-0002-2989-4402\" rel=\"noopener\" target=\"_blank\">0000-0002-2989-4402<\/a> <a class=\"bRclaro\" href=\"https:\/\/www.cienciavitae.pt\/FE1E-F0A4-3FD3\" rel=\"noopener\" target=\"_blank\">FE1E-F0A4-3FD3<\/a>\n<\/div>\n<\/div>\n<div class=\"pt-cv-meta-fields\"><span class=\"terms\"> <a href='https:\/\/events.ipv.pt\/uicisa\/en\/tag\/filomena-paulo\/' title='Filomena Paulo' class='pt-cv-tax-filomena-paulo'>Filomena Paulo<\/a>, <a href='https:\/\/events.ipv.pt\/uicisa\/en\/category\/i_col\/' title='i_col' class='pt-cv-tax-i_col'>i_col<\/a><\/span><\/div><\/div>\n<div class=\" pt-cv-content-item pt-cv-1-col\" ><div class=\"pt-cv-content\"><h2>Isabel Bica<\/h2>\n<h3>Maria Isabel Bica Carvalho Costa<\/h3>\n<p>Health Sciences Research Unit: Nursing (UICISA: E), Health School of the Polytechnic Institute of Viseu, Portugal<\/p>\n<div class=\"rw\"><a class=\"bRclaro\" href=\"https:\/\/orcid.org\/0000-0002-7019-0132\" rel=\"noopener\" target=\"_blank\">0000-0002-7019-0132<\/a> <a class=\"bRclaro\" href=\"https:\/\/www.cienciavitae.pt\/5E1B-76D8-022B\" rel=\"noopener\" target=\"_blank\">5E1B-76D8-022B<\/a>\n<\/div>\n<\/div>\n<div class=\"pt-cv-meta-fields\"><span class=\"terms\"> <a href='https:\/\/events.ipv.pt\/uicisa\/en\/category\/i_col\/' title='i_col' class='pt-cv-tax-i_col'>i_col<\/a>, <a href='https:\/\/events.ipv.pt\/uicisa\/en\/tag\/isabel-bica\/' title='Isabel Bica' class='pt-cv-tax-isabel-bica'>Isabel Bica<\/a><\/span><\/div><\/div>\n<div class=\" pt-cv-content-item pt-cv-1-col\" ><div class=\"pt-cv-content\"><h2>Lu\u00eds Conde\u00e7o<\/h2>\n<h3>Lu\u00eds Miguel Pereira Conde\u00e7o<\/h3>\n<p>Health Sciences Research Unit: Nursing (UICISA: E), Health School of the Polytechnic Institute of Viseu, Portugal<\/p>\n<div class=\"rw\"><a class=\"bRclaro\" href=\"https:\/\/orcid.org\/0000-0002-4165-7477\" rel=\"noopener\" target=\"_blank\">0000-0002-4165-7477<\/a> <a class=\"bRclaro\" href=\"https:\/\/www.cienciavitae.pt\/5619-E022-3F21\" rel=\"noopener\" target=\"_blank\">5619-E022-3F21<\/a>\n<\/div>\n<\/div>\n<div class=\"pt-cv-meta-fields\"><span class=\"terms\"> <a href='https:\/\/events.ipv.pt\/uicisa\/en\/category\/i_col\/' title='i_col' class='pt-cv-tax-i_col'>i_col<\/a>, <a href='https:\/\/events.ipv.pt\/uicisa\/en\/tag\/luis-condeco\/' title='Lu\u00eds Conde\u00e7o' class='pt-cv-tax-luis-condeco'>Lu\u00eds Conde\u00e7o<\/a><\/span><\/div><\/div>\n<div class=\" pt-cv-content-item pt-cv-1-col\" ><div class=\"pt-cv-content\"><h2>Manuel Cordeiro<\/h2>\n<h3>Manuel Pereira Cordeiro<\/h3>\n<p>Health Sciences Research Unit: Nursing (UICISA: E), Health School of the Polytechnic Institute of Viseu, Portugal<\/p>\n<div class=\"rw\"><a class=\"bRclaro\" href=\"https:\/\/orcid.org\/0000-0002-5114-1300\" rel=\"noopener\" target=\"_blank\">0000-0002-5114-1300<\/a> <a class=\"bRclaro\" href=\"https:\/\/www.cienciavitae.pt\/EB1B-3E96-C41F\" rel=\"noopener\" target=\"_blank\">EB1B-3E96-C41F<\/a>\n<\/div>\n<\/div>\n<div class=\"pt-cv-meta-fields\"><span class=\"terms\"> <a href='https:\/\/events.ipv.pt\/uicisa\/en\/category\/i_col\/' title='i_col' class='pt-cv-tax-i_col'>i_col<\/a>, <a href='https:\/\/events.ipv.pt\/uicisa\/en\/tag\/manuel-cordeiro\/' title='Manuel Cordeiro' class='pt-cv-tax-manuel-cordeiro'>Manuel Cordeiro<\/a><\/span><\/div><\/div>\n<div class=\" pt-cv-content-item pt-cv-1-col\" ><div class=\"pt-cv-content\"><h2>Nuno Miguel Ferreira<\/h2>\n<h3>Nuno Miguel Oliveira Ferreira<\/h3>\n<p>Health Sciences Research Unit: Nursing (UICISA: E), Polytechnic Institute of Viseu, Portugal<\/p>\n<div class=\"rw\"><a class=\"bRclaro\" href=\"https:\/\/orcid.org\/0000-0003-3098-1084\" rel=\"noopener\" target=\"_blank\">0000-0003-3098-1084<\/a> <a class=\"bRclaro\" href=\"https:\/\/www.cienciavitae.pt\/B91B-28DB-F1A6\" rel=\"noopener\" target=\"_blank\">B91B-28DB-F1A6<\/a>\n<\/div>\n<\/div>\n<div class=\"pt-cv-meta-fields\"><span class=\"terms\"> <a href='https:\/\/events.ipv.pt\/uicisa\/en\/category\/i_col\/' title='i_col' class='pt-cv-tax-i_col'>i_col<\/a>, <a href='https:\/\/events.ipv.pt\/uicisa\/en\/tag\/nuno-miguel-ferreira\/' title='Nuno Miguel Ferreira' class='pt-cv-tax-nuno-miguel-ferreira'>Nuno Miguel Ferreira<\/a><\/span><\/div><\/div>\n<div class=\" pt-cv-content-item pt-cv-1-col\" ><div class=\"pt-cv-content\"><h2>Paula Rocha<\/h2>\n<h3>Paula Cristina Dias Rocha Cavaleiro Saraiva<\/h3>\n<p>Health Sciences Research Unit: Nursing (UICISA: E), Health School of the Polytechnic Institute of Viseu, Portugal<\/p>\n<div class=\"rw\"><a class=\"bRclaro\" href=\"https:\/\/orcid.org\/0000-0002-7766-7239\" rel=\"noopener\" target=\"_blank\">0000-0002-7766-7239<\/a> <a class=\"bRclaro\" href=\"https:\/\/www.cienciavitae.pt\/101D-BA3C-E3B9\" rel=\"noopener\" target=\"_blank\">101D-BA3C-E3B9<\/a>\n<\/div>\n<\/div>\n<div class=\"pt-cv-meta-fields\"><span class=\"terms\"> <a href='https:\/\/events.ipv.pt\/uicisa\/en\/category\/i_col\/' title='i_col' class='pt-cv-tax-i_col'>i_col<\/a>, <a href='https:\/\/events.ipv.pt\/uicisa\/en\/tag\/paula-rocha\/' title='Paula Rocha' class='pt-cv-tax-paula-rocha'>Paula Rocha<\/a><\/span><\/div><\/div>\n<div class=\" pt-cv-content-item pt-cv-1-col\" ><div class=\"pt-cv-content\"><h2>S\u00f3nia Alves<\/h2>\n<h3>S\u00f3nia Patr\u00edcia Teixeira da Silva Alves<\/h3>\n<p>Health Sciences Research Unit: Nursing (UICISA: E), Aveiro University, Portugal<\/p>\n<div class=\"rw\"><a class=\"bRclaro\" href=\"https:\/\/orcid.org\/0000-0002-9302-2000\" rel=\"noopener\" target=\"_blank\">0000-0002-9302-2000<\/a> <a class=\"bRclaro\" href=\"https:\/\/www.cienciavitae.pt\/A210-079C-C7EB\" rel=\"noopener\" target=\"_blank\">A210-079C-C7EB<\/a>\n<\/div>\n<\/div>\n<div class=\"pt-cv-meta-fields\"><span class=\"terms\"> <a href='https:\/\/events.ipv.pt\/uicisa\/en\/category\/i_col\/' title='i_col' class='pt-cv-tax-i_col'>i_col<\/a>, <a href='https:\/\/events.ipv.pt\/uicisa\/en\/tag\/sonia-alves\/' title='S\u00f3nia Alves' class='pt-cv-tax-sonia-alves'>S\u00f3nia Alves<\/a><\/span><\/div><\/div>\n<div class=\" pt-cv-content-item pt-cv-1-col\" ><div class=\"pt-cv-content\"><h2>T\u00e2nia Correia<\/h2>\n<h3>T\u00e2nia Sofia Pereira Correia<\/h3>\n<p>Health Sciences Research Unit: Nursing (UICISA: E), Health School of the Polytechnic Institute of Viseu, Portugal<\/p>\n<div class=\"rw\"><a class=\"bRclaro\" href=\"https:\/\/orcid.org\/0000-0002-8160-5698\" rel=\"noopener\" target=\"_blank\">0000-0002-8160-5698<\/a> <a class=\"bRclaro\" href=\"https:\/\/www.cienciavitae.pt\/AA13-A914-423E\" rel=\"noopener\" target=\"_blank\">AA13-A914-423E<\/a>\n<\/div>\n<\/div>\n<div class=\"pt-cv-meta-fields\"><span class=\"terms\"> <a href='https:\/\/events.ipv.pt\/uicisa\/en\/category\/i_col\/' title='i_col' class='pt-cv-tax-i_col'>i_col<\/a>, <a href='https:\/\/events.ipv.pt\/uicisa\/en\/tag\/tania-correia\/' title='T\u00e2nia Correia' class='pt-cv-tax-tania-correia'>T\u00e2nia Correia<\/a><\/span><\/div><\/div><\/div><\/div><\/div>\t\t\t<style type=\"text\/css\" id=\"pt-cv-inline-style-fcdf6ffja9\">\n#pt-cv-view-07a1d0a3ve .pt-cv-thumb-wrapper:not(.miniwrap) {  }#pt-cv-view-07a1d0a3ve .pt-cv-thumbnail:not(.pt-cv-thumbnailsm) { height: 250px; }#pt-cv-view-07a1d0a3ve > .pt-cv-page {grid-template-columns: repeat(2, 1fr);grid-gap: 15px;}\n@media all and (max-width: 1024px) { \n#pt-cv-view-07a1d0a3ve > .pt-cv-page {grid-template-columns: repeat(1, 1fr);}\n} \n@media all and (max-width: 767px) { \n#pt-cv-view-07a1d0a3ve > .pt-cv-page {grid-template-columns: repeat(1, 1fr);}\n} <\/style>\r\n\t\t\t\n<\/div>\n<\/div>\n<\/div>\n<p><!--\n\n\n\n<div class=\"panelHome bgDark esp150\" id=\"documentos\">\n\n\n<div class=\"ast-container esp20-0\" style=\"flex-direction: column;\">\n\n\n<h2 style=\"color: #E88FB5\">DOCUMENTOS<\/h2>\n\n\n<a class=\"bt-documentos\" href=\"\/uicisa\/wp-content\/uploads\/2022\/03\/Guia_Investigador_2021.pdf\" rel=\"noopener\" target=\"_blank\">Guia do investigador<\/a>\n<a class=\"bt-documentos\" href=\"\/uicisa\/wp-content\/uploads\/2022\/03\/Regras_apio_financeiro.pdf\" rel=\"noopener\" target=\"_blank\">Regras de apoio financeiro<\/a>\n\n\n<h2 style=\"color: #E88FB5\">Impressos<\/h2>\n\n\n<a class=\"bt-documentos\" href=\"\/uicisa\/wp-content\/uploads\/2023\/02\/0801UICISA.docx\" rel=\"noopener\" target=\"_blank\">imq0801pt solicita\u00e7\u00e3o de apoio financeiro . participa\u00e7\u00e3o em reuni\u00f5es cient\u00edficas\/congressos . tradu\u00e7\u00e3o | revis\u00e3o | submiss\u00e3o<\/a>\n<a class=\"bt-documentos\" href=\"\/uicisa\/wp-content\/uploads\/documentos\/imq0802pt.docx\" rel=\"noopener\" target=\"_blank\">imq0802pt pedido de bonifica\u00e7\u00e3o<\/a>\n<a class=\"bt-documentos\" href=\"\/uicisa\/wp-content\/uploads\/documentos\/imq0812pt.docx\" rel=\"noopener\" target=\"_blank\">imq0812pt declara\u00e7\u00e3o de despesa partilhada<\/a>\n<a class=\"bt-documentos\" href=\"\/uicisa\/wp-content\/uploads\/2024\/02\/imq0813pt_v2_UICISA.docx\" rel=\"noopener\" target=\"_blank\">imq0813pt proposta de novo membro<\/a>\n<a class=\"bt-documentos\" href=\"\/uicisa\/wp-content\/uploads\/documentos\/imq0401.pdf\" rel=\"noopener\" target=\"_blank\">imq0401 requisi\u00e7\u00e3o interna da necessidade<\/a>\n<\/div>\n\n\n<\/div>\n\n\n\n--><\/p>\n","protected":false},"excerpt":{"rendered":"<p>UICISA: E Unidade de Investiga\u00e7\u00e3o em Ci\u00eancias da Sa\u00fade: Enfermagem UICISA: E Reconhecida internacionalmente pelos seus contributos para o desenvolvimento das ci\u00eancias da enfermagem e da sa\u00fade, nomeadamente nas \u00e1reas da investiga\u00e7\u00e3o experimental e aplicada em tecnologias da sa\u00fade, da pr\u00e1tica baseada na evid\u00eancia, da promo\u00e7\u00e3o da sa\u00fade mental, do envelhecimento ativo e saud\u00e1vel e [&hellip;]<\/p>\n","protected":false},"author":1,"featured_media":0,"parent":0,"menu_order":0,"comment_status":"closed","ping_status":"closed","template":"","meta":{"site-sidebar-layout":"default","site-content-layout":"default","ast-site-content-layout":"default","site-content-style":"default","site-sidebar-style":"default","ast-global-header-display":"","ast-banner-title-visibility":"","ast-main-header-display":"","ast-hfb-above-header-display":"","ast-hfb-below-header-display":"","ast-hfb-mobile-header-display":"","site-post-title":"disabled","ast-breadcrumbs-content":"","ast-featured-img":"","footer-sml-layout":"","ast-disable-related-posts":"","theme-transparent-header-meta":"default","adv-header-id-meta":"","stick-header-meta":"","header-above-stick-meta":"","header-main-stick-meta":"","header-below-stick-meta":"","astra-migrate-meta-layouts":"set","ast-page-background-enabled":"default","ast-page-background-meta":{"desktop":{"background-color":"var(--ast-global-color-4)","background-image":"","background-repeat":"repeat","background-position":"center center","background-size":"auto","background-attachment":"scroll","background-type":"","background-media":"","overlay-type":"","overlay-color":"","overlay-opacity":"","overlay-gradient":""},"tablet":{"background-color":"","background-image":"","background-repeat":"repeat","background-position":"center center","background-size":"auto","background-attachment":"scroll","background-type":"","background-media":"","overlay-type":"","overlay-color":"","overlay-opacity":"","overlay-gradient":""},"mobile":{"background-color":"","background-image":"","background-repeat":"repeat","background-position":"center center","background-size":"auto","background-attachment":"scroll","background-type":"","background-media":"","overlay-type":"","overlay-color":"","overlay-opacity":"","overlay-gradient":""}},"ast-content-background-meta":{"desktop":{"background-color":"var(--ast-global-color-5)","background-image":"","background-repeat":"repeat","background-position":"center center","background-size":"auto","background-attachment":"scroll","background-type":"","background-media":"","overlay-type":"","overlay-color":"","overlay-opacity":"","overlay-gradient":""},"tablet":{"background-color":"var(--ast-global-color-5)","background-image":"","background-repeat":"repeat","background-position":"center center","background-size":"auto","background-attachment":"scroll","background-type":"","background-media":"","overlay-type":"","overlay-color":"","overlay-opacity":"","overlay-gradient":""},"mobile":{"background-color":"var(--ast-global-color-5)","background-image":"","background-repeat":"repeat","background-position":"center center","background-size":"auto","background-attachment":"scroll","background-type":"","background-media":"","overlay-type":"","overlay-color":"","overlay-opacity":"","overlay-gradient":""}},"footnotes":"","_links_to":"","_links_to_target":""},"class_list":["post-49","page","type-page","status-publish","hentry"],"yoast_head":"<!-- This site is optimized with the Yoast SEO plugin v27.4 - https:\/\/yoast.com\/product\/yoast-seo-wordpress\/ -->\r\n<title>UICISA &#8902; UICISA<\/title>\r\n<meta name=\"robots\" content=\"index, follow, max-snippet:-1, max-image-preview:large, max-video-preview:-1\" \/>\r\n<link rel=\"canonical\" href=\"https:\/\/events.ipv.pt\/uicisa\/en\/\" \/>\r\n<meta property=\"og:locale\" content=\"en_GB\" \/>\r\n<meta property=\"og:type\" content=\"article\" \/>\r\n<meta property=\"og:title\" content=\"UICISA &#8902; UICISA\" \/>\r\n<meta property=\"og:description\" content=\"UICISA: E Unidade de Investiga\u00e7\u00e3o em Ci\u00eancias da Sa\u00fade: Enfermagem UICISA: E Reconhecida internacionalmente pelos seus contributos para o desenvolvimento das ci\u00eancias da enfermagem e da sa\u00fade, nomeadamente nas \u00e1reas da investiga\u00e7\u00e3o experimental e aplicada em tecnologias da sa\u00fade, da pr\u00e1tica baseada na evid\u00eancia, da promo\u00e7\u00e3o da sa\u00fade mental, do envelhecimento ativo e saud\u00e1vel e [&hellip;]\" \/>\r\n<meta property=\"og:url\" content=\"https:\/\/events.ipv.pt\/uicisa\/en\/\" \/>\r\n<meta property=\"og:site_name\" content=\"UICISA\" \/>\r\n<meta property=\"article:modified_time\" content=\"2026-03-25T12:21:53+00:00\" \/>\r\n<meta name=\"twitter:card\" content=\"summary_large_image\" \/>\r\n<meta name=\"twitter:label1\" content=\"Estimated reading time\" \/>\n\t<meta name=\"twitter:data1\" content=\"2 minutes\" \/>\r\n<script type=\"application\/ld+json\" class=\"yoast-schema-graph\">{\"@context\":\"https:\\\/\\\/schema.org\",\"@graph\":[{\"@type\":\"WebPage\",\"@id\":\"https:\\\/\\\/events.ipv.pt\\\/uicisa\\\/\",\"url\":\"https:\\\/\\\/events.ipv.pt\\\/uicisa\\\/\",\"name\":\"UICISA &#8902; UICISA\",\"isPartOf\":{\"@id\":\"https:\\\/\\\/events.ipv.pt\\\/uicisa\\\/#website\"},\"datePublished\":\"2022-03-17T16:54:31+00:00\",\"dateModified\":\"2026-03-25T12:21:53+00:00\",\"breadcrumb\":{\"@id\":\"https:\\\/\\\/events.ipv.pt\\\/uicisa\\\/#breadcrumb\"},\"inLanguage\":\"en-GB\",\"potentialAction\":[{\"@type\":\"ReadAction\",\"target\":[\"https:\\\/\\\/events.ipv.pt\\\/uicisa\\\/\"]}]},{\"@type\":\"BreadcrumbList\",\"@id\":\"https:\\\/\\\/events.ipv.pt\\\/uicisa\\\/#breadcrumb\",\"itemListElement\":[{\"@type\":\"ListItem\",\"position\":1,\"name\":\"In\u00edcio\",\"item\":\"https:\\\/\\\/events.ipv.pt\\\/uicisa\\\/\"},{\"@type\":\"ListItem\",\"position\":2,\"name\":\"UICISA\"}]},{\"@type\":\"WebSite\",\"@id\":\"https:\\\/\\\/events.ipv.pt\\\/uicisa\\\/#website\",\"url\":\"https:\\\/\\\/events.ipv.pt\\\/uicisa\\\/\",\"name\":\"UICISA\",\"description\":\"UICISA: E_ESEnfC\\\/ESSIPV\",\"publisher\":{\"@id\":\"https:\\\/\\\/events.ipv.pt\\\/uicisa\\\/#organization\"},\"potentialAction\":[{\"@type\":\"SearchAction\",\"target\":{\"@type\":\"EntryPoint\",\"urlTemplate\":\"https:\\\/\\\/events.ipv.pt\\\/uicisa\\\/?s={search_term_string}\"},\"query-input\":{\"@type\":\"PropertyValueSpecification\",\"valueRequired\":true,\"valueName\":\"search_term_string\"}}],\"inLanguage\":\"en-GB\"},{\"@type\":\"Organization\",\"@id\":\"https:\\\/\\\/events.ipv.pt\\\/uicisa\\\/#organization\",\"name\":\"UICISA\",\"url\":\"https:\\\/\\\/events.ipv.pt\\\/uicisa\\\/\",\"logo\":{\"@type\":\"ImageObject\",\"inLanguage\":\"en-GB\",\"@id\":\"https:\\\/\\\/events.ipv.pt\\\/uicisa\\\/#\\\/schema\\\/logo\\\/image\\\/\",\"url\":\"https:\\\/\\\/events.ipv.pt\\\/uicisa\\\/wp-content\\\/uploads\\\/2026\\\/04\\\/cropped-UICISA_lg.png\",\"contentUrl\":\"https:\\\/\\\/events.ipv.pt\\\/uicisa\\\/wp-content\\\/uploads\\\/2026\\\/04\\\/cropped-UICISA_lg.png\",\"width\":831,\"height\":300,\"caption\":\"UICISA\"},\"image\":{\"@id\":\"https:\\\/\\\/events.ipv.pt\\\/uicisa\\\/#\\\/schema\\\/logo\\\/image\\\/\"}}]}<\/script>\r\n<!-- \/ Yoast SEO plugin. -->","yoast_head_json":{"title":"UICISA &#8902; UICISA","robots":{"index":"index","follow":"follow","max-snippet":"max-snippet:-1","max-image-preview":"max-image-preview:large","max-video-preview":"max-video-preview:-1"},"canonical":"https:\/\/events.ipv.pt\/uicisa\/en\/","og_locale":"en_GB","og_type":"article","og_title":"UICISA &#8902; UICISA","og_description":"UICISA: E Unidade de Investiga\u00e7\u00e3o em Ci\u00eancias da Sa\u00fade: Enfermagem UICISA: E Reconhecida internacionalmente pelos seus contributos para o desenvolvimento das ci\u00eancias da enfermagem e da sa\u00fade, nomeadamente nas \u00e1reas da investiga\u00e7\u00e3o experimental e aplicada em tecnologias da sa\u00fade, da pr\u00e1tica baseada na evid\u00eancia, da promo\u00e7\u00e3o da sa\u00fade mental, do envelhecimento ativo e saud\u00e1vel e [&hellip;]","og_url":"https:\/\/events.ipv.pt\/uicisa\/en\/","og_site_name":"UICISA","article_modified_time":"2026-03-25T12:21:53+00:00","twitter_card":"summary_large_image","twitter_misc":{"Estimated reading time":"2 minutes"},"schema":{"@context":"https:\/\/schema.org","@graph":[{"@type":"WebPage","@id":"https:\/\/events.ipv.pt\/uicisa\/","url":"https:\/\/events.ipv.pt\/uicisa\/","name":"UICISA &#8902; UICISA","isPartOf":{"@id":"https:\/\/events.ipv.pt\/uicisa\/#website"},"datePublished":"2022-03-17T16:54:31+00:00","dateModified":"2026-03-25T12:21:53+00:00","breadcrumb":{"@id":"https:\/\/events.ipv.pt\/uicisa\/#breadcrumb"},"inLanguage":"en-GB","potentialAction":[{"@type":"ReadAction","target":["https:\/\/events.ipv.pt\/uicisa\/"]}]},{"@type":"BreadcrumbList","@id":"https:\/\/events.ipv.pt\/uicisa\/#breadcrumb","itemListElement":[{"@type":"ListItem","position":1,"name":"In\u00edcio","item":"https:\/\/events.ipv.pt\/uicisa\/"},{"@type":"ListItem","position":2,"name":"UICISA"}]},{"@type":"WebSite","@id":"https:\/\/events.ipv.pt\/uicisa\/#website","url":"https:\/\/events.ipv.pt\/uicisa\/","name":"UICISA","description":"UICISA: E_ESEnfC\/ESSIPV","publisher":{"@id":"https:\/\/events.ipv.pt\/uicisa\/#organization"},"potentialAction":[{"@type":"SearchAction","target":{"@type":"EntryPoint","urlTemplate":"https:\/\/events.ipv.pt\/uicisa\/?s={search_term_string}"},"query-input":{"@type":"PropertyValueSpecification","valueRequired":true,"valueName":"search_term_string"}}],"inLanguage":"en-GB"},{"@type":"Organization","@id":"https:\/\/events.ipv.pt\/uicisa\/#organization","name":"UICISA","url":"https:\/\/events.ipv.pt\/uicisa\/","logo":{"@type":"ImageObject","inLanguage":"en-GB","@id":"https:\/\/events.ipv.pt\/uicisa\/#\/schema\/logo\/image\/","url":"https:\/\/events.ipv.pt\/uicisa\/wp-content\/uploads\/2026\/04\/cropped-UICISA_lg.png","contentUrl":"https:\/\/events.ipv.pt\/uicisa\/wp-content\/uploads\/2026\/04\/cropped-UICISA_lg.png","width":831,"height":300,"caption":"UICISA"},"image":{"@id":"https:\/\/events.ipv.pt\/uicisa\/#\/schema\/logo\/image\/"}}]}},"_links":{"self":[{"href":"https:\/\/events.ipv.pt\/uicisa\/en\/wp-json\/wp\/v2\/pages\/49","targetHints":{"allow":["GET"]}}],"collection":[{"href":"https:\/\/events.ipv.pt\/uicisa\/en\/wp-json\/wp\/v2\/pages"}],"about":[{"href":"https:\/\/events.ipv.pt\/uicisa\/en\/wp-json\/wp\/v2\/types\/page"}],"author":[{"embeddable":true,"href":"https:\/\/events.ipv.pt\/uicisa\/en\/wp-json\/wp\/v2\/users\/1"}],"replies":[{"embeddable":true,"href":"https:\/\/events.ipv.pt\/uicisa\/en\/wp-json\/wp\/v2\/comments?post=49"}],"version-history":[{"count":308,"href":"https:\/\/events.ipv.pt\/uicisa\/en\/wp-json\/wp\/v2\/pages\/49\/revisions"}],"predecessor-version":[{"id":2219,"href":"https:\/\/events.ipv.pt\/uicisa\/en\/wp-json\/wp\/v2\/pages\/49\/revisions\/2219"}],"wp:attachment":[{"href":"https:\/\/events.ipv.pt\/uicisa\/en\/wp-json\/wp\/v2\/media?parent=49"}],"curies":[{"name":"wp","href":"https:\/\/api.w.org\/{rel}","templated":true}]}}