{"id":506,"date":"2021-02-09T10:24:10","date_gmt":"2021-02-09T10:24:10","guid":{"rendered":"http:\/\/localhost\/cmr\/?page_id=506"},"modified":"2021-06-28T12:47:38","modified_gmt":"2021-06-28T12:47:38","slug":"ciencias-agrarias","status":"publish","type":"page","link":"https:\/\/events.ipv.pt\/cmr\/en\/ciencias-agrarias\/","title":{"rendered":"CI\u00caNCIAS AGR\u00c1RIAS"},"content":{"rendered":"<div class=\"parallaxCMR\"><div style=\"background-color: rgba(0,0,0,0.7); padding-top: 250px; padding-bottom: 20px;\">\n<div class=\"ast-container col-containerEnd\">\n<div class=\"column50\" data-aos=\"zoom-in-up\" style=\"text-align: right; padding-right: 15px;\">\n<h3 style=\"color: #fff; text-align: right;\"><span style=\"background-color: rgba(158,155,104,0.5); padding-left: 10px; padding-right: 10px; border-radius: 50px;\">HYBRID CONFERENCE<\/span><\/h3>\n<h4 style=\"color: #fff; text-align: right;\">CMR | International Conference on<br \/>\nMultidisciplinary Research<\/h4>\n<h2 style=\"color: #fff;\">1<span style=\"font-size: 0.4em;\">st<\/span><span style=\"font-size: 0.8em; color: #9e9b68;\">&#038;<\/span>2<span style=\"font-size: 0.4em;\">nd<\/span> july<span style=\"color: #9e9b68;\">,<\/span> 2021<\/h2>\n<p><!--<a class=\"button_br\" href=\"http:\/\/localhost\/cmr\/en\/registra\/\">REGISTER NOW<\/a><br \/>--><br \/>\n<a class=\"button_br\" href=\"http:\/\/localhost\/cmr\/wp-content\/uploads\/2021\/06\/programCMR.pdf\" target=\"_blank\" rel=\"noopener\">PROVISIONAL PROGRAM<\/a><br \/>\n<a class=\"button_br\" href=\"http:\/\/localhost\/cmr\/wp-content\/uploads\/2021\/06\/parallelSessionsCMR.pdf\" target=\"_blank\" rel=\"noopener\">PROVISIONAL PARALLEL SESSIONS<\/a>\n<\/div>\n<div class=\"column50\">\n<h5 style=\"color: #9e9b68;\">ABSTRACT TEMPLATE<\/h5>\n<p><a class=\"button_cast\" href=\"http:\/\/localhost\/cmr\/wp-content\/uploads\/template\/template_en.rar\" rel=\"noopener noreferrer\" target=\"_blank\">abstract | english<\/a><br \/>\n<a class=\"button_cast\" href=\"http:\/\/localhost\/cmr\/wp-content\/uploads\/template\/template_pt-en.rar\" rel=\"noopener noreferrer\" target=\"_blank\">abstract | portuguese &#038; english<\/a>\n<\/div>\n<\/div>\n<\/div>\n<\/p>\n<div style=\"background-color: rgba(149,193,31,0.75); border-top: 1px solid #000; margin-top: -15px;\">\n<div class=\"ast-container\">\n<div class=\"triangP\"><\/div>\n<h3 style=\"padding-top: 20px;\">AGRARIAN SCIENCES<\/h3>\n<p><i class=\"fa fa-caret-right\"><\/i> Sustainable agriculture<br \/>\n<i class=\"fa fa-caret-right\"><\/i> Animal science<br \/>\n<i class=\"fa fa-caret-right\"><\/i> Environment &#038; Society<br \/>\n<i class=\"fa fa-caret-right\"><\/i> Food Science &#038; Technology<br \/>\n<i class=\"fa fa-caret-right\"><\/i> Nutrition &#038; Eating behaviours<br \/>\n<a class=\"bt_pr\" style=\"text-align: center;\" href=\"http:\/\/localhost\/cmr\/wp-content\/uploads\/template\/template_oralpresentation_agrarianSciences.pptx\">oral communication template<\/a>\n<\/div>\n<\/div>\n<div style=\"background-color: #fff; border-top: 1px solid #000;\">\n<div class=\"ast-container\">\n<div class=\"triangP\"><\/div>\n<h3 style=\"padding-top: 20px;\">SPEAKER<\/h3>\n<div class=\"col-container\">\n<div class=\"column20\">\n<div data-aos=\"fade-right\" style=\"padding-top: 20px; background-color: #fff;\">\n<img loading=\"lazy\" decoding=\"async\" style=\"margin-top: -20px;\" src=\"http:\/\/localhost\/cmr\/wp-content\/uploads\/2021\/03\/elenaBartkiene.jpg\" alt=\"\" width=\"500\" height=\"500\" class=\"alignnone size-full wp-image-637\" srcset=\"https:\/\/events.ipv.pt\/cmr\/wp-content\/uploads\/2021\/03\/elenaBartkiene.jpg 500w, https:\/\/events.ipv.pt\/cmr\/wp-content\/uploads\/2021\/03\/elenaBartkiene-300x300.jpg 300w, https:\/\/events.ipv.pt\/cmr\/wp-content\/uploads\/2021\/03\/elenaBartkiene-150x150.jpg 150w\" sizes=\"auto, (max-width: 500px) 100vw, 500px\" \/><\/p>\n<div style=\"padding: 50px 15px 15px 15px; border-top: 5px solid #95c11f; margin-top: -41px; text-align: center;\">\n<p><span style=\"font-size: 1.2em;\">Elena Bartkiene, <\/span><br \/><span style=\"font-size: 0.8em;\">PhD<\/span><br \/>\n<span style=\"color: #a1a1a1; font-size: 0.9em;\"><a class=\"ca_letra\" href=\"https:\/\/lsmuni.lt\/en\/\" rel=\"noopener noreferrer\" target=\"_blank\">LITHUANIAN UNIVERSITY OF HEALTH SCIENCES<\/a><\/span><\/p>\n<\/div>\n<\/div>\n<\/div>\n<div class=\"column80\" style=\"padding-left: 20px; padding-right: 20px;\">\n<div class=\"ast-container\" style=\"background-color: rgba(0,0,0,0.1); padding: 10px;\">\n<strong>Short Bio<\/strong><\/p>\n<p style=\"font-size: 0.9em;\">Elena Bartkiene (Doctor of Physical Sciences, Chemistry) professor at Department of Food Safety and Quality, as well as Chief Researcher and Head of Institute of Animal Rearing Technologies in Lithuanian University of Health Sciences. Her scientific achievements comprise 435 positions, including 123 original research papers in journals cited in Clarivate Analytics data basis, 30 research papers in journals cited in other data basis, 4 book chapters, 128 reviewed conference theses, 5 textbooks for students\u2019, 3 methodical books, 2 patents registered in EPO and 1 patent registered in Lithuanian national patent office etc. The research areas are basically in Food\/Feed (Bio)Technology, Safety and Quality control, Molecular Microbiology, Sustainable (bio)Technology. She participated and have experience in coordinating and carrying out research projects (leader and\/or participant in more than 23 national and international projects). She is scientific expert of the Lithuanian and Polish Agencies of Sciences, Reviewer and Editor of the national and international scientific journals; Member of the of ISEKI-Food Association (Austria) and Institute of Food Technologists (IFT, USA) organizations.<\/p>\n<\/div>\n<div class=\"ast-container\" style=\"padding-top: 40px; padding-bottom: 40px;\">\n<h6>BERRIES \/ FRUITS, CEREAL, AND DAIRY INDUSTRY BY-PRODUCTS VALORIZATION BY USING LACTIC ACID BACTERIA STRAINS WITH ANTIMICROBIAL PROPERTIES<\/h6>\n<p><em>Elena Bartkiene<\/em>, <em>Modestas Ruzauskas<\/em>, <em>Egle Zokaityte<\/em>, <em>Vita Lele<\/em>, <em>Vytaute Starkute<\/em>, <em>Paulina Zavistanaviciute<\/em>, <em>Dovile Klupsaite<\/em>, <em>Laurynas Vadopalas<\/em>, <em>Darius Cernauskas<\/em>, <em>Vadims Bartkevics<\/em>, <em>Iveta Pugajeva<\/em>, <em>Zane B\u0113rzi\u0146a<\/em>, <em>Romas Gruzauskas<\/em>, <em>Daiva Zadeike<\/em>, <em>Pranas Viskelis<\/em>, <em>Erika Mozuriene<\/em>, <em>Grazina Juodeikiene<\/em><\/p>\n<p style=\"font-size: 0.9em;\">By-products from berries\/fruits (B\/F), cereal, and dairy industry, are an important environmental issue in many countries. Most agro-industrial by-products contain highly valuable components, which are not used efficiently enough. One way to recover these, is the extraction of valuable compounds. However, in most of the cases, solvent extraction is not economically or\/and involves the use of toxic extractants that hinder their management. As well as extraction involves high temperatures, which lead to degradation of thermolabile compounds. From this point of view, the use of technologies that enable valorization of the whole by-product can be a promising way to increase the efficiency and sustainability of the process. In our research group the concept of the valorization of B\/F (raspberries, blackcurrants, apples, rowanberries) and dairy industry (sour whey) by-products, in combination with antimicrobial lactic acid bacteria (LAB) strains, for the preparation of antimicrobial combinations was analysed. Also, a design of extrusion and fermentation with L. casei and L. paracasei strains technologies combination for wheat processing by-products (WPBP) valorization to higher value food\/feed stock was tested. Antimicrobial activities of the B\/F by-products and LAB (thirteen LAB strains were estimated against fifteen pathogenic strains) were evaluated, while whey substrate for the selected and the highest antimicrobial activities showing LAB cultivation and encapsulation was used. In case to select the most appropriate technology for WPBP valorization, various parameters of the processed and nontreated WPBP were analysed: acidity and microbiological parameters, sugars concentration, free amino and fatty acids profile, biogenic amines formation, influence of the different treatments on WPBP texture and colour coordinates, antimicrobial and antifungal characteristics, as well as influence of the different treatments on a wide range of mycotoxins concentration.<br \/>\nIt was found that lyophilised blackcurrant and apple by-products inhibited 13 and 12 pathogenic strains of the 15 analysed, respectively. The broadest antimicrobial spectrum and the strongest inhibition of the tested pathogens were shown by the Lactobacillus casei LUHS210 and Lactobacillus uvarum LUHS245 strains and, for the abovementioned LAB strains biomass preparation and encapsulation, whey enriched with 2.5% glucose, 2.0% yeast extract and 0.5% saccharose is a suitable and sustainable substrate. Moreover, the B\/F by-products\u2019 antimicrobial activity can be enhanced in combination with the LUHS245 and LUHS210 strains. Finaly, it was stated that B\/F and dairy industry by-products, in combination with antimicrobial LAB are promising ingredients for the preparation of antimicrobial combinations. Also, it was confirmed that combination of extrusion and fermentation with L. casei and L. paracasei strains could be used as a perspective innovative pre-treatment for WPBP, capable to potentially enhance its composition, safety characteristics, antimicrobial and antifungal properties.<br \/>\nKeywords: food processing industry by-products; lactic acid bacteria; antimicrobial activity; antifungal activity; extrusion; fermentation; mycotoxins; biosafety.<\/p>\n<\/div>\n<\/div>\n<div class=\"column20\">\n<div data-aos=\"fade-right\" style=\"padding-top: 20px; background-color: #fff;\">\n<img style=\"margin-top: -20px;\"src=\"http:\/\/localhost\/cmr\/wp-content\/uploads\/2021\/06\/aDinis.jpg\" alt=\"\" width=\"500\" height=\"500\" class=\"alignnone size-full wp-image-881\" srcset=\"https:\/\/events.ipv.pt\/cmr\/wp-content\/uploads\/2021\/06\/aDinis.jpg 500w, https:\/\/events.ipv.pt\/cmr\/wp-content\/uploads\/2021\/06\/aDinis-300x300.jpg 300w, https:\/\/events.ipv.pt\/cmr\/wp-content\/uploads\/2021\/06\/aDinis-150x150.jpg 150w\" sizes=\"(max-width: 500px) 100vw, 500px\" \/><\/p>\n<div style=\"padding: 50px 15px 15px 15px; border-top: 5px solid #95c11f; margin-top: -15px; text-align: center;\">\n<p><span style=\"font-size: 1.2em;\">Ant\u00f3nio Dinis Ferreira, <\/span><br \/><span style=\"font-size: 0.8em;\">PhD<\/span><br \/>\n<span style=\"color: #a1a1a1; font-size: 0.9em;\"><a class=\"ca_letra\" href=\"http:\/\/www.cernas.org\/pt\/\" rel=\"noopener noreferrer\" target=\"_blank\">CERNAS<\/a> \u2013 INSTITUTO POLIT\u00c9CNICO DE COIMBRA<\/span><\/p>\n<\/div>\n<\/div>\n<\/div>\n<div class=\"column80\" style=\"padding-left: 20px; padding-right: 20px;\">\n<h6>AGRICULTURE AND ENVIRONMENT: FUTURE PERSPECTIVES<\/h6>\n<div class=\"ast-container\" style=\"background-color: rgba(0,0,0,0.1); padding: 10px;\">\n<strong>Short Bio<\/strong><\/p>\n<p style=\"font-size: 0.9em;\">Ant\u00f3nio Dinis Ferreira (PhD) Head of CERNAS research Centre, Coordinated several national and international research projects. Expertise on Environmental management, Natural resources management, sustainable development, hydrology, soils, and desertification. H-index: 30, cited: 2351 times. With more than 80 papers in international journals and book chapters, and more than 300 other scientific and technique papers. He was awarded the prize for best PhD in Global Change held in Portugal from 1995 to 2000, and won the Energy Globe Award 2006 for Portugal with a project in the area of Environmental Management. He coordinated a Life Environmental project that was considered by the European Commission as one of the Best Life Environmental Projects in 2007-2008. He is\/was involved in 40 research and development projects, funded by the European Commission (17)   and the Portuguese Government (23), acting as main coordinator for 9 and as country coordinator for 6.<\/p>\n<\/div>\n<\/div>\n<\/div>\n<\/div>\n<\/div>\n<div style=\"background-color: rgba(149,193,31,0.75); border-top: 1px solid #000;\">\n<div class=\"ast-container\" style=\"padding-top: 0px; padding-bottom: 20px;\">\n<div class=\"triangP\"><\/div>\n<h3 style=\"padding-top: 20px;\">JOURNAL<\/h3>\n<\/div>\n<\/div>\n<div style=\"background-color: #fff;\">\n<div class=\"ast-container col-container\">\n<div class=\"column30\" style=\"margin-bottom: 10px; background-color: #C6D3B8; padding-top: 30px;\">\n<img loading=\"lazy\" decoding=\"async\" src=\"http:\/\/localhost\/cmr\/wp-content\/uploads\/2021\/03\/agronomy.png\" alt=\"\" width=\"800\" height=\"458\" class=\"alignnone size-full wp-image-659\" srcset=\"https:\/\/events.ipv.pt\/cmr\/wp-content\/uploads\/2021\/03\/agronomy.png 800w, https:\/\/events.ipv.pt\/cmr\/wp-content\/uploads\/2021\/03\/agronomy-300x172.png 300w, https:\/\/events.ipv.pt\/cmr\/wp-content\/uploads\/2021\/03\/agronomy-768x440.png 768w\" sizes=\"auto, (max-width: 800px) 100vw, 800px\" \/>\n<\/div>\n<div class=\"column70\" style=\"padding-left: 30px; padding-right: 10px; padding-top: 20px;\">\n<p style=\"font-size: 1.5em;\"><a class=\"ca_letra\" href=\"https:\/\/www.mdpi.com\/journal\/agronomy\" rel=\"noopener noreferrer\" target=\"_blank\">AGRONOMY<\/a><\/p>\n<p>Possibility to publish the full paper in the <a class=\"bt_pr\" href=\"https:\/\/www.mdpi.com\/journal\/agronomy\/special_issues\/evolution_agricultural_sustainability\" rel=\"noopener\" target=\"_blank\">Agronomy | Special Issue &#8220;CERNAS \u2013 Current Evolution and Research Novelty in Agricultural Sustainability&#8221;<\/a>.<\/p>\n<div style=\"border-top: 1px solid #95c11f; border-bottom: 1px dotted #95c11f; padding-top: 20px; margin-bottom: 50px;\">\n<strong>Indexing &#038; Abstracting Services<\/strong><br \/>\nAcademic OneFile (Gale); AGRICOL; AGRIS (FAO); CAB Abstracts &#038; Global Health \/ CAB Direct (CABI); CAPlus \/ SciFinder; Current Contents &#8211; Agriculture, Biology &#038; Environmental Sciences \/ Web of Science; DOAJ; EBSCO; FSTA (IFIS); ProQuest; SCIE \/ Web of Science; Scopus<br \/>\n<strong>Journal Ranking Lists<\/strong> | Journal Citation Reports &#8211; Science Edition; Norwegian Register for Scientific Journals, Series and Publishers; Scimago\n<\/div>\n<\/div>\n<div class=\"column30\" style=\"margin-bottom: 10px;\">\n<img loading=\"lazy\" decoding=\"async\" src=\"http:\/\/localhost\/cmr\/wp-content\/uploads\/2021\/03\/openagriculture.jpg\" alt=\"\" width=\"400\" height=\"529\" class=\"alignnone size-full wp-image-665\" srcset=\"https:\/\/events.ipv.pt\/cmr\/wp-content\/uploads\/2021\/03\/openagriculture.jpg 400w, https:\/\/events.ipv.pt\/cmr\/wp-content\/uploads\/2021\/03\/openagriculture-227x300.jpg 227w\" sizes=\"auto, (max-width: 400px) 100vw, 400px\" \/>\n<\/div>\n<div class=\"column70\" style=\"padding-left: 30px; padding-right: 10px; padding-top: 20px;\">\n<p style=\"font-size: 1.5em;\"><a class=\"ca_letra\" href=\"https:\/\/www.degruyter.com\/journal\/key\/OPAG\/html\" rel=\"noopener noreferrer\" target=\"_blank\">OPEN AGRICULTURE<\/a><\/p>\n<p>Possibility to publish the full paper in the<br \/>\n<a class=\"bt_pr\" href=\"https:\/\/www.degruyter.com\/publication\/journal_key\/OPAG\/downloadAsset\/OPAG_CFP%20Agrarian%20Sciences.pdf\" rel=\"noopener\" target=\"_blank\">Open Agriculture | Topical Issue \u201cInternational Conference on Multidisciplinary Research \u2013 Agrarian Sciences\u201d<\/a><br \/>\n(Indexed in Scopus) with special offer: <strong>discount of 50% in Article Processing Charges<\/strong>.<\/p>\n<p>Please contact the Managing Editor <em>Alicja Pawlak<\/em>  <span style=\"font-size: 0.9em;\">(<a class=\"ca_letra\" href=\"mailto:Alicja.Pawlak@degruyter.com\"> <i class=\"fa fa-envelope\"><\/i><\/a> Alicja.Pawlak@degruyter.com )<\/span>, Poland to benefit from this offer.<\/p>\n<div style=\"border-top: 1px solid #95c11f; border-bottom: 1px dotted #95c11f; padding-top: 20px; margin-bottom: 50px;\">\nCOVERED BY<br \/>\nElsevier &#8211; SCOPUS; Clarivate Analytics &#8211; Emerging Sources Citation Index; CiteScore 2019: 0.8; SCImago Journal Rank (SJR) 2019: 0.237; Source Normalized Impact per Paper (SNIP) 2019: 0.434\n<\/div>\n<\/div>\n<div class=\"column30\" style=\"margin-bottom: 10px;\">\n<img loading=\"lazy\" decoding=\"async\" src=\"http:\/\/localhost\/cmr\/wp-content\/uploads\/2021\/03\/millenium.jpg\" alt=\"\" width=\"647\" height=\"914\" class=\"alignnone size-full wp-image-668\" srcset=\"https:\/\/events.ipv.pt\/cmr\/wp-content\/uploads\/2021\/03\/millenium.jpg 647w, https:\/\/events.ipv.pt\/cmr\/wp-content\/uploads\/2021\/03\/millenium-212x300.jpg 212w\" sizes=\"auto, (max-width: 647px) 100vw, 647px\" \/>\n<\/div>\n<div class=\"column70\" style=\"padding-left: 30px; padding-right: 10px; padding-top: 20px;\">\n<p style=\"font-size: 1.5em;\"><a class=\"ca_letra\" href=\"https:\/\/revistas.rcaap.pt\/millenium\/index\" rel=\"noopener noreferrer\" target=\"_blank\">MILLENIUM &#8211; JOURNAL OF EDUCATION, TECHNOLOGIES AND HEALTH<\/a><\/p>\n<p>All accepted abstracts (for oral or e-poster communications) will be published in a special issue Millenium \u2013 Journal of Education, Technologies and Health.<\/p>\n<p>Authors may also submit the article on the <a class=\"ca_letra\" href=\"https:\/\/revistas.rcaap.pt\/millenium\/about\/submissions\" rel=\"noopener noreferrer\" target=\"_blank\">Millennium platform<\/a>.<br \/>\n<strong>Documents required for submission<\/strong><br \/>\n<span style=\"padding-left: 10px;\"> <i class=\"fa fa-caret-right\"><\/i> <a class=\"ca_letra\" href=\"http:\/\/repositorio.ipv.pt\/bitstream\/10400.19\/3258\/34\/TemplateArticle_PT.docx\" rel=\"noopener noreferrer\" target=\"_blank\">Article template<\/a> (editable format)<\/span><br \/>\n<span style=\"padding-left: 10px;\"> <i class=\"fa fa-caret-right\"><\/i> <a class=\"ca_letra\" href=\"http:\/\/repositorio.ipv.pt\/bitstream\/10400.19\/3258\/35\/0%20-%20Ficha%20Autores%20Artigo_trad.docx\" rel=\"noopener noreferrer\" target=\"_blank\">Article sheet<\/a><\/p>\n<p><img loading=\"lazy\" decoding=\"async\" src=\"http:\/\/localhost\/cmr\/wp-content\/uploads\/2021\/03\/millenoum_indexed.jpg\" alt=\"\" width=\"1027\" height=\"74\" class=\"alignnone size-full wp-image-680\" srcset=\"https:\/\/events.ipv.pt\/cmr\/wp-content\/uploads\/2021\/03\/millenoum_indexed.jpg 1027w, https:\/\/events.ipv.pt\/cmr\/wp-content\/uploads\/2021\/03\/millenoum_indexed-300x22.jpg 300w, https:\/\/events.ipv.pt\/cmr\/wp-content\/uploads\/2021\/03\/millenoum_indexed-1024x74.jpg 1024w, https:\/\/events.ipv.pt\/cmr\/wp-content\/uploads\/2021\/03\/millenoum_indexed-768x55.jpg 768w\" sizes=\"auto, (max-width: 1027px) 100vw, 1027px\" \/><\/p>\n<div style=\"border-top: 1px solid #95c11f; border-bottom: 1px dotted #95c11f; padding-top: 20px; margin-bottom: 50px;\">\nINDEXED IN<br \/>\n<a class=\"ca_letra\" href=\"https:\/\/repositorio.ipv.pt\/\" rel=\"noopener noreferrer\" target=\"_blank\">Reposit\u00f3rio Cient\u00edfico do Instituto Polit\u00e9cnico de Viseu<\/a>; <a class=\"ca_letra\" href=\"https:\/\/dialnet.unirioja.es\/\" rel=\"noopener noreferrer\" target=\"_blank\">Dialnet<\/a>; LATINDEX \u2013 <a class=\"ca_letra\" href=\"https:\/\/www.latindex.unam.mx\/index.html\" rel=\"noopener noreferrer\" target=\"_blank\">Sistema Regional de Informaci\u00f3n en L\u00ednea para Revistas Cient\u00edficas de Am\u00e9rica Latina, el Caribe, Espa\u00f1a y Portugal<\/a>;  DOAJ &#8211; <a class=\"ca_letra\" href=\"https:\/\/www.doaj.org\/\" rel=\"noopener noreferrer\" target=\"_blank\">Directory of Open Access Journals; SCIELO<\/a>\n<\/div>\n<\/div>\n<\/div>\n<\/div>\n<div style=\"background-color: #fff; border-top: 1px solid #000; padding-bottom: 50px;\">\n<div class=\"ast-container\">\n<div class=\"triangP\"><\/div>\n<h3 style=\"padding-top: 20px;\">SCIENTIFIC COMMITTEE<\/h3>\n<div class=\"col-container\">\n<div class=\"column50\" style=\"padding-left: 10px; padding-right: 10px;\">\n<p>Raquel Guin\u00e9<br \/>\n<span style=\"font-size: 0.8em;\">POLIT\u00c9CNICO DE VISEU, ESCOLA SUPERIOR AGR\u00c1RIA, CERNAS, Portugal | <a class=\"ca_letra\" href=\"http:\/\/orcid.org\/0000-0003-0595-6805\" rel=\"noopener noreferrer\" target=\"_blank\"><strong>ORCiD<\/strong><\/a><\/span><\/p>\n<p>Aida Silva<br \/>\n<span style=\"font-size: 0.8em;\">UNIDADE DE QU\u00cdMICA-F\u00cdSICA MOLECULAR, UNIVERSIDADE DE COIMBRA, Portugal | <a class=\"ca_letra\" href=\"http:\/\/orcid.org\/0000-0001-5258-7980\" rel=\"noopener noreferrer\" target=\"_blank\"><strong>ORCiD<\/strong><\/a><\/span><\/p>\n<p>Am\u00e9lia Delgado<br \/>\n<span style=\"font-size: 0.8em;\">UNIVERSIDADE DO ALGARVE, Portugal | <a class=\"ca_letra\" href=\"http:\/\/orcid.org\/0000-0002-8996-1822\" rel=\"noopener noreferrer\" target=\"_blank\"><strong>ORCiD<\/strong><\/a><\/span><\/p>\n<p>Ant\u00f3nio Dinis Ferreira<br \/>\n<span style=\"font-size: 0.8em;\">INSTITUTO POLIT\u00c9CNICO DE COIMBRA, CERNAS, Portugal | <a class=\"ca_letra\" href=\"http:\/\/orcid.org\/0000-0001-5686-9192\" rel=\"noopener noreferrer\" target=\"_blank\"><strong>ORCiD<\/strong><\/a><\/span><\/p>\n<p>Ant\u00f3nio Monteiro<br \/>\n<span style=\"font-size: 0.8em;\">POLIT\u00c9CNICO DE VISEU, ESCOLA SUPERIOR AGR\u00c1RIA, Portugal | <a class=\"ca_letra\" href=\"http:\/\/orcid.org\/0000-0001-7831-8535\" rel=\"noopener noreferrer\" target=\"_blank\"><strong>ORCiD<\/strong><\/a><\/span><\/p>\n<p>Cristina Amaro da Costa<br \/>\n<span style=\"font-size: 0.8em;\">POLIT\u00c9CNICO DE VISEU, ESCOLA SUPERIOR AGR\u00c1RIA, Portugal | <a class=\"ca_letra\" href=\"http:\/\/orcid.org\/0000-0001-8625-2206\" rel=\"noopener noreferrer\" target=\"_blank\"><strong>ORCiD<\/strong><\/a><\/span><\/p>\n<p>Dace Klava<br \/>\n<span style=\"font-size: 0.8em;\">LLU, FACULTY OF FOOD TECHNOLOGY, Latvia<\/span><\/p>\n<p>Elena Bartkiene<br \/>\n<span style=\"font-size: 0.8em;\">LITHUANIAN UNIVERSITY OF HEALTH SCIENCES, Kaunas, Lithuania | <a class=\"ca_letra\" href=\"http:\/\/orcid.org\/0000-0003-3706-1280\" rel=\"noopener noreferrer\" target=\"_blank\"><strong>ORCiD<\/strong><\/a><\/span><\/p>\n<p>Elsa Ramalhosa<br \/>\n<span style=\"font-size: 0.8em;\">INSTITUTO POLIT\u00c9CNICO DE BRAGAN\u00c7A, Portugal | <a class=\"ca_letra\" href=\"http:\/\/orcid.org\/0000-0003-2503-9705\" rel=\"noopener noreferrer\" target=\"_blank\"><strong>ORCiD<\/strong><\/a><\/span><\/p>\n<p>Fernando Gon\u00e7alves<br \/>\n<span style=\"font-size: 0.8em;\">POLIT\u00c9CNICO DE VISEU, ESCOLA SUPERIOR AGR\u00c1RIA, Portugal | <a class=\"ca_letra\" href=\"http:\/\/orcid.org\/0000-0001-7770-8056\" rel=\"noopener noreferrer\" target=\"_blank\"><strong>ORCiD<\/strong><\/a><\/span><\/p>\n<p>Henryk Hubert Jele\u0144<br \/>\n<span style=\"font-size: 0.8em;\">POZNAN UNIVERSITY OF LIFE SCIENCES, Poland | <a class=\"ca_letra\" href=\"http:\/\/orcid.org\/0000-0002-6568-8155\" rel=\"noopener noreferrer\" target=\"_blank\"><strong>ORCiD<\/strong><\/a><\/span><\/p>\n<p>Ilija Djeki\u0107<br \/>\n<span style=\"font-size: 0.8em;\">UNIVERSITY OF BELGRADE &#8211; FACULTY OF AGRICULTURE, Belgrade, Serbia | <a class=\"ca_letra\" href=\"http:\/\/orcid.org\/0000-0002-8132-8299\" rel=\"noopener noreferrer\" target=\"_blank\"><strong>ORCiD<\/strong><\/a><\/span><\/p>\n<p>Lu\u00edsa Cruz-Lopes<br \/>\n<span style=\"font-size: 0.8em;\">CERNAS, INSTITUTO POLIT\u00c9CNICO DE VISEU, Portugal | <a class=\"ca_letra\" href=\"http:\/\/orcid.org\/0000-0001-6502-7202\" rel=\"noopener noreferrer\" target=\"_blank\"><strong>ORCiD<\/strong><\/a><\/span><\/p>\n<\/div>\n<div class=\"column50\" style=\"padding-left: 10px; padding-right: 10px;\">\n<p>Manuela Pintado<br \/>\n<span style=\"font-size: 0.8em;\">ESB, UNIVERSIDADE CAT\u00d3LICA PORTUGUESA, Porto, Portugal | <a class=\"ca_letra\" href=\"http:\/\/orcid.org\/0000-0002-0760-3184\" rel=\"noopener noreferrer\" target=\"_blank\"><strong>ORCiD<\/strong><\/a><\/span><\/p>\n<p>Maria Jo\u00e3o Barroca<br \/>\n<span style=\"font-size: 0.8em;\">Unidade de Qu\u00edmica-F\u00edsica Molecular, UNIVERSIDADE DE COIMBRA, Portugal | <a class=\"ca_letra\" href=\"http:\/\/orcid.org\/0000-0002-9186-0975\" rel=\"noopener noreferrer\" target=\"_blank\"><strong>ORCiD<\/strong><\/a><\/span><\/p>\n<p>Maria Papageorgiou<br \/>\n<span style=\"font-size: 0.8em;\">DEPARTMENT OF FOOD SCIENCE AND TECHNOLOGY, INTERNATIONAL HELLENIC UNIVERSITY, Thessaloniki, Greece<\/span><\/p>\n<p>Marijana Matek Sari\u0107<br \/>\n<span style=\"font-size: 0.8em;\">UNIVERSITY OF ZADAR, DEPARTMENT OF HEALTH STUDIES, Croatia | <a class=\"ca_letra\" href=\"http:\/\/orcid.org\/0000-0003-2734-7955\" rel=\"noopener noreferrer\" target=\"_blank\"><strong>ORCiD<\/strong><\/a><\/span><\/p>\n<p>Mario Giorgi<br \/>\n<span style=\"font-size: 0.8em;\">UNIVERSIT\u00c0 DI PISA, Italy | <a class=\"ca_letra\" href=\"http:\/\/orcid.org\/0000-0003-3657-4703\" rel=\"noopener noreferrer\" target=\"_blank\"><strong>ORCiD<\/strong><\/a><\/span><\/p>\n<p>Ma\u0161a \u010cerneli\u010d Bizjak<br \/>\n<span style=\"font-size: 0.8em;\">FACULTY OF HEALTH SCIENCES, UNIVERSITY OF PRIMORSKA, Slovenia | <a class=\"ca_letra\" href=\"http:\/\/orcid.org\/0000-0002-0537-0196\" rel=\"noopener noreferrer\" target=\"_blank\"><strong>ORCiD<\/strong><\/a><\/span><\/p>\n<p>Monica Tarcea<br \/>\n<span style=\"font-size: 0.8em;\">GEORGE EMIL PALADE UNIVERSITY OF TARGU MURES, Romania | <a class=\"ca_letra\" href=\"http:\/\/orcid.org\/0000-0001-7299-118X\" rel=\"noopener noreferrer\" target=\"_blank\"><strong>ORCiD<\/strong><\/a><\/span><\/p>\n<p>Of\u00e9lia Anjos<br \/>\n<span style=\"font-size: 0.8em;\">INSTITUTO POLIT\u00c9CNICO DE CASTELO BRANCO, Portugal | <a class=\"ca_letra\" href=\"http:\/\/orcid.org\/0000-0003-0267-3252\" rel=\"noopener noreferrer\" target=\"_blank\"><strong>ORCiD<\/strong><\/a><\/span><\/p>\n<p>Paula Correia<br \/>\n<span style=\"font-size: 0.8em;\">POLIT\u00c9CNICO DE VISEU, ESCOLA SUPERIOR AGR\u00c1RIA, CERNAS, Portugal | <a class=\"ca_letra\" href=\"http:\/\/orcid.org\/0000-0002-2023-4475\" rel=\"noopener noreferrer\" target=\"_blank\"><strong>ORCiD<\/strong><\/a><\/span><\/p>\n<p>Pedro Rodrigues<br \/>\n<span style=\"font-size: 0.8em;\">POLIT\u00c9CNICO DE VISEU, ESCOLA SUPERIOR AGR\u00c1RIA, CERNAS, Portugal | <a class=\"ca_letra\" href=\"http:\/\/orcid.org\/0000-0002-8309-2910\" rel=\"noopener noreferrer\" target=\"_blank\"><strong>ORCiD<\/strong><\/a><\/span><\/p>\n<p>S\u00edlvia Rocha<br \/>\n<span style=\"font-size: 0.8em;\">Departamento de Qu\u00edmica, UNIVERSIDADE DE AVEIRO, Portugal | <a class=\"ca_letra\" href=\"http:\/\/orcid.org\/0000-0002-0396-3019\" rel=\"noopener noreferrer\" target=\"_blank\"><strong>ORCiD<\/strong><\/a><\/span><\/p>\n<p>Soula\u00efman Sakr<br \/>\n<span style=\"font-size: 0.8em;\">UNIVERSITE D&#8217;ANGERS, France | <a class=\"ca_letra\" href=\"https:\/\/orcid.org\/0000-0003-1407-2585\" rel=\"noopener noreferrer\" target=\"_blank\"><strong>ORCiD<\/strong><\/a> | SCOPUS Author ID: 35608505100<\/span><\/p>\n<p>V\u00edtor Martinho<br \/>\n<span style=\"font-size: 0.8em;\">POLIT\u00c9CNICO DE VISEU, ESCOLA SUPERIOR AGR\u00c1RIA, CERNAS, Portugal | <a class=\"ca_letra\" href=\"https:\/\/orcid.org\/0000-0001-9967-7940\" rel=\"noopener noreferrer\" target=\"_blank\"><strong>ORCiD<\/strong><\/a><\/span><\/p>\n<\/div>\n<\/div>\n<\/div>\n<\/div>\n<\/div>\n","protected":false},"excerpt":{"rendered":"<p>AGRARIAN SCIENCES Sustainable agriculture Animal science Environment &#038; Society Food Science &#038; Technology Nutrition &#038; Eating behaviours oral communication template SPEAKER Elena Bartkiene, PhD LITHUANIAN UNIVERSITY OF HEALTH SCIENCES Short Bio Elena Bartkiene (Doctor of Physical Sciences, Chemistry) professor at Department of Food Safety and Quality, as well as Chief Researcher and Head of Institute &hellip;<\/p>\n<p class=\"read-more\"> <a class=\"\" href=\"https:\/\/events.ipv.pt\/cmr\/en\/ciencias-agrarias\/\"> <span class=\"screen-reader-text\">CI\u00caNCIAS AGR\u00c1RIAS<\/span> Read More &raquo;<\/a><\/p>\n","protected":false},"author":1,"featured_media":0,"parent":0,"menu_order":0,"comment_status":"closed","ping_status":"closed","template":"","meta":{"site-sidebar-layout":"default","site-content-layout":"default","ast-global-header-display":"","ast-main-header-display":"","ast-hfb-above-header-display":"","ast-hfb-below-header-display":"","ast-hfb-mobile-header-display":"","site-post-title":"disabled","ast-breadcrumbs-content":"","ast-featured-img":"","footer-sml-layout":"","theme-transparent-header-meta":"default","adv-header-id-meta":"","stick-header-meta":"","header-above-stick-meta":"","header-main-stick-meta":"","header-below-stick-meta":"","footnotes":""},"class_list":["post-506","page","type-page","status-publish","hentry"],"translation":{"provider":"WPGlobus","version":"3.0.2","language":"en","enabled_languages":["pt","en"],"languages":{"pt":{"title":true,"content":true,"excerpt":false},"en":{"title":false,"content":true,"excerpt":false}}},"yoast_head":"<!-- This site is optimized with the Yoast SEO plugin v27.4 - https:\/\/yoast.com\/product\/yoast-seo-wordpress\/ -->\r\n<title>CI\u00caNCIAS AGR\u00c1RIAS &#8226; CMR<\/title>\r\n<meta name=\"robots\" content=\"index, follow, max-snippet:-1, max-image-preview:large, max-video-preview:-1\" \/>\r\n<link rel=\"canonical\" href=\"https:\/\/events.ipv.pt\/cmr\/ciencias-agrarias\/\" \/>\r\n<meta property=\"og:locale\" content=\"en_US\" \/>\r\n<meta property=\"og:type\" content=\"article\" \/>\r\n<meta property=\"og:title\" content=\"CI\u00caNCIAS AGR\u00c1RIAS &#8226; CMR\" \/>\r\n<meta property=\"og:url\" content=\"https:\/\/events.ipv.pt\/cmr\/ciencias-agrarias\/\" \/>\r\n<meta property=\"og:site_name\" content=\"CMR\" \/>\r\n<meta property=\"article:modified_time\" content=\"2021-06-28T12:47:38+00:00\" \/>\r\n<meta property=\"og:image\" content=\"http:\/\/localhost\/cmr\/wp-content\/uploads\/2021\/03\/elenaBartkiene.jpg\" \/>\r\n<meta name=\"twitter:card\" content=\"summary_large_image\" \/>\r\n<meta name=\"twitter:label1\" content=\"Est. reading time\" \/>\n\t<meta name=\"twitter:data1\" content=\"14 minutes\" \/>\r\n<script type=\"application\/ld+json\" class=\"yoast-schema-graph\">{\"@context\":\"https:\\\/\\\/schema.org\",\"@graph\":[{\"@type\":\"WebPage\",\"@id\":\"https:\\\/\\\/events.ipv.pt\\\/cmr\\\/ciencias-agrarias\\\/\",\"url\":\"https:\\\/\\\/events.ipv.pt\\\/cmr\\\/ciencias-agrarias\\\/\",\"name\":\"CI\u00caNCIAS AGR\u00c1RIAS &#8226; CMR\",\"isPartOf\":{\"@id\":\"https:\\\/\\\/events.ipv.pt\\\/cmr\\\/#website\"},\"primaryImageOfPage\":{\"@id\":\"https:\\\/\\\/events.ipv.pt\\\/cmr\\\/ciencias-agrarias\\\/#primaryimage\"},\"image\":{\"@id\":\"https:\\\/\\\/events.ipv.pt\\\/cmr\\\/ciencias-agrarias\\\/#primaryimage\"},\"thumbnailUrl\":\"http:\\\/\\\/localhost\\\/cmr\\\/wp-content\\\/uploads\\\/2021\\\/03\\\/elenaBartkiene.jpg\",\"datePublished\":\"2021-02-09T10:24:10+00:00\",\"dateModified\":\"2021-06-28T12:47:38+00:00\",\"breadcrumb\":{\"@id\":\"https:\\\/\\\/events.ipv.pt\\\/cmr\\\/ciencias-agrarias\\\/#breadcrumb\"},\"inLanguage\":\"en-US\",\"potentialAction\":[{\"@type\":\"ReadAction\",\"target\":[\"https:\\\/\\\/events.ipv.pt\\\/cmr\\\/ciencias-agrarias\\\/\"]}]},{\"@type\":\"ImageObject\",\"inLanguage\":\"en-US\",\"@id\":\"https:\\\/\\\/events.ipv.pt\\\/cmr\\\/ciencias-agrarias\\\/#primaryimage\",\"url\":\"http:\\\/\\\/localhost\\\/cmr\\\/wp-content\\\/uploads\\\/2021\\\/03\\\/elenaBartkiene.jpg\",\"contentUrl\":\"http:\\\/\\\/localhost\\\/cmr\\\/wp-content\\\/uploads\\\/2021\\\/03\\\/elenaBartkiene.jpg\"},{\"@type\":\"BreadcrumbList\",\"@id\":\"https:\\\/\\\/events.ipv.pt\\\/cmr\\\/ciencias-agrarias\\\/#breadcrumb\",\"itemListElement\":[{\"@type\":\"ListItem\",\"position\":1,\"name\":\"Home\",\"item\":\"https:\\\/\\\/events.ipv.pt\\\/cmr\\\/\"},{\"@type\":\"ListItem\",\"position\":2,\"name\":\"CI\u00caNCIAS AGR\u00c1RIAS\"}]},{\"@type\":\"WebSite\",\"@id\":\"https:\\\/\\\/events.ipv.pt\\\/cmr\\\/#website\",\"url\":\"https:\\\/\\\/events.ipv.pt\\\/cmr\\\/\",\"name\":\"CMR International Conference on Multidisciplinary Research\",\"description\":\"International Conference on Multidisciplinary Research\",\"publisher\":{\"@id\":\"https:\\\/\\\/events.ipv.pt\\\/cmr\\\/#organization\"},\"potentialAction\":[{\"@type\":\"SearchAction\",\"target\":{\"@type\":\"EntryPoint\",\"urlTemplate\":\"https:\\\/\\\/events.ipv.pt\\\/cmr\\\/?s={search_term_string}\"},\"query-input\":{\"@type\":\"PropertyValueSpecification\",\"valueRequired\":true,\"valueName\":\"search_term_string\"}}],\"inLanguage\":\"en-US\"},{\"@type\":\"Organization\",\"@id\":\"https:\\\/\\\/events.ipv.pt\\\/cmr\\\/#organization\",\"name\":\"Instituto Polit\u00e9cnico de Viseu\",\"url\":\"https:\\\/\\\/events.ipv.pt\\\/cmr\\\/\",\"logo\":{\"@type\":\"ImageObject\",\"inLanguage\":\"en-US\",\"@id\":\"https:\\\/\\\/events.ipv.pt\\\/cmr\\\/#\\\/schema\\\/logo\\\/image\\\/\",\"url\":\"http:\\\/\\\/localhost\\\/cmr\\\/wp-content\\\/uploads\\\/2021\\\/03\\\/logo_pv.png\",\"contentUrl\":\"http:\\\/\\\/localhost\\\/cmr\\\/wp-content\\\/uploads\\\/2021\\\/03\\\/logo_pv.png\",\"width\":4205,\"height\":1108,\"caption\":\"Instituto Polit\u00e9cnico de Viseu\"},\"image\":{\"@id\":\"https:\\\/\\\/events.ipv.pt\\\/cmr\\\/#\\\/schema\\\/logo\\\/image\\\/\"}}]}<\/script>\r\n<!-- \/ Yoast SEO plugin. -->","yoast_head_json":{"title":"CI\u00caNCIAS AGR\u00c1RIAS &#8226; CMR","robots":{"index":"index","follow":"follow","max-snippet":"max-snippet:-1","max-image-preview":"max-image-preview:large","max-video-preview":"max-video-preview:-1"},"canonical":"https:\/\/events.ipv.pt\/cmr\/ciencias-agrarias\/","og_locale":"en_US","og_type":"article","og_title":"CI\u00caNCIAS AGR\u00c1RIAS &#8226; CMR","og_url":"https:\/\/events.ipv.pt\/cmr\/ciencias-agrarias\/","og_site_name":"CMR","article_modified_time":"2021-06-28T12:47:38+00:00","og_image":[{"url":"http:\/\/localhost\/cmr\/wp-content\/uploads\/2021\/03\/elenaBartkiene.jpg","type":"","width":"","height":""}],"twitter_card":"summary_large_image","twitter_misc":{"Est. reading time":"14 minutes"},"schema":{"@context":"https:\/\/schema.org","@graph":[{"@type":"WebPage","@id":"https:\/\/events.ipv.pt\/cmr\/ciencias-agrarias\/","url":"https:\/\/events.ipv.pt\/cmr\/ciencias-agrarias\/","name":"CI\u00caNCIAS AGR\u00c1RIAS &#8226; CMR","isPartOf":{"@id":"https:\/\/events.ipv.pt\/cmr\/#website"},"primaryImageOfPage":{"@id":"https:\/\/events.ipv.pt\/cmr\/ciencias-agrarias\/#primaryimage"},"image":{"@id":"https:\/\/events.ipv.pt\/cmr\/ciencias-agrarias\/#primaryimage"},"thumbnailUrl":"http:\/\/localhost\/cmr\/wp-content\/uploads\/2021\/03\/elenaBartkiene.jpg","datePublished":"2021-02-09T10:24:10+00:00","dateModified":"2021-06-28T12:47:38+00:00","breadcrumb":{"@id":"https:\/\/events.ipv.pt\/cmr\/ciencias-agrarias\/#breadcrumb"},"inLanguage":"en-US","potentialAction":[{"@type":"ReadAction","target":["https:\/\/events.ipv.pt\/cmr\/ciencias-agrarias\/"]}]},{"@type":"ImageObject","inLanguage":"en-US","@id":"https:\/\/events.ipv.pt\/cmr\/ciencias-agrarias\/#primaryimage","url":"http:\/\/localhost\/cmr\/wp-content\/uploads\/2021\/03\/elenaBartkiene.jpg","contentUrl":"http:\/\/localhost\/cmr\/wp-content\/uploads\/2021\/03\/elenaBartkiene.jpg"},{"@type":"BreadcrumbList","@id":"https:\/\/events.ipv.pt\/cmr\/ciencias-agrarias\/#breadcrumb","itemListElement":[{"@type":"ListItem","position":1,"name":"Home","item":"https:\/\/events.ipv.pt\/cmr\/"},{"@type":"ListItem","position":2,"name":"CI\u00caNCIAS AGR\u00c1RIAS"}]},{"@type":"WebSite","@id":"https:\/\/events.ipv.pt\/cmr\/#website","url":"https:\/\/events.ipv.pt\/cmr\/","name":"CMR International Conference on Multidisciplinary Research","description":"International Conference on Multidisciplinary Research","publisher":{"@id":"https:\/\/events.ipv.pt\/cmr\/#organization"},"potentialAction":[{"@type":"SearchAction","target":{"@type":"EntryPoint","urlTemplate":"https:\/\/events.ipv.pt\/cmr\/?s={search_term_string}"},"query-input":{"@type":"PropertyValueSpecification","valueRequired":true,"valueName":"search_term_string"}}],"inLanguage":"en-US"},{"@type":"Organization","@id":"https:\/\/events.ipv.pt\/cmr\/#organization","name":"Instituto Polit\u00e9cnico de Viseu","url":"https:\/\/events.ipv.pt\/cmr\/","logo":{"@type":"ImageObject","inLanguage":"en-US","@id":"https:\/\/events.ipv.pt\/cmr\/#\/schema\/logo\/image\/","url":"http:\/\/localhost\/cmr\/wp-content\/uploads\/2021\/03\/logo_pv.png","contentUrl":"http:\/\/localhost\/cmr\/wp-content\/uploads\/2021\/03\/logo_pv.png","width":4205,"height":1108,"caption":"Instituto Polit\u00e9cnico de Viseu"},"image":{"@id":"https:\/\/events.ipv.pt\/cmr\/#\/schema\/logo\/image\/"}}]}},"_links":{"self":[{"href":"https:\/\/events.ipv.pt\/cmr\/en\/wp-json\/wp\/v2\/pages\/506","targetHints":{"allow":["GET"]}}],"collection":[{"href":"https:\/\/events.ipv.pt\/cmr\/en\/wp-json\/wp\/v2\/pages"}],"about":[{"href":"https:\/\/events.ipv.pt\/cmr\/en\/wp-json\/wp\/v2\/types\/page"}],"author":[{"embeddable":true,"href":"https:\/\/events.ipv.pt\/cmr\/en\/wp-json\/wp\/v2\/users\/1"}],"replies":[{"embeddable":true,"href":"https:\/\/events.ipv.pt\/cmr\/en\/wp-json\/wp\/v2\/comments?post=506"}],"version-history":[{"count":79,"href":"https:\/\/events.ipv.pt\/cmr\/en\/wp-json\/wp\/v2\/pages\/506\/revisions"}],"predecessor-version":[{"id":1020,"href":"https:\/\/events.ipv.pt\/cmr\/en\/wp-json\/wp\/v2\/pages\/506\/revisions\/1020"}],"wp:attachment":[{"href":"https:\/\/events.ipv.pt\/cmr\/en\/wp-json\/wp\/v2\/media?parent=506"}],"curies":[{"name":"wp","href":"https:\/\/api.w.org\/{rel}","templated":true}]}}