{"id":490,"date":"2021-02-09T09:35:57","date_gmt":"2021-02-09T09:35:57","guid":{"rendered":"http:\/\/localhost\/cmr\/?page_id=490"},"modified":"2021-06-18T08:49:55","modified_gmt":"2021-06-18T08:49:55","slug":"tecnologias","status":"publish","type":"page","link":"https:\/\/events.ipv.pt\/cmr\/en\/tecnologias\/","title":{"rendered":"TECNOLOGIAS"},"content":{"rendered":"<div class=\"parallaxCMR\"><div style=\"background-color: rgba(0,0,0,0.7); padding-top: 250px; padding-bottom: 20px;\">\n<div class=\"ast-container col-containerEnd\">\n<div class=\"column50\" data-aos=\"zoom-in-up\" style=\"text-align: right; padding-right: 15px;\">\n<h3 style=\"color: #fff; text-align: right;\"><span style=\"background-color: rgba(158,155,104,0.5); padding-left: 10px; padding-right: 10px; border-radius: 50px;\">HYBRID CONFERENCE<\/span><\/h3>\n<h4 style=\"color: #fff; text-align: right;\">CMR | International Conference on<br \/>\nMultidisciplinary Research<\/h4>\n<h2 style=\"color: #fff;\">1<span style=\"font-size: 0.4em;\">st<\/span><span style=\"font-size: 0.8em; color: #9e9b68;\">&#038;<\/span>2<span style=\"font-size: 0.4em;\">nd<\/span> july<span style=\"color: #9e9b68;\">,<\/span> 2021<\/h2>\n<p><!--<a class=\"button_br\" href=\"http:\/\/localhost\/cmr\/en\/registra\/\">REGISTER NOW<\/a><br \/>--><br \/>\n<a class=\"button_br\" href=\"http:\/\/localhost\/cmr\/wp-content\/uploads\/2021\/06\/programCMR.pdf\" target=\"_blank\" rel=\"noopener\">PROVISIONAL PROGRAM<\/a><br \/>\n<a class=\"button_br\" href=\"http:\/\/localhost\/cmr\/wp-content\/uploads\/2021\/06\/parallelSessionsCMR.pdf\" target=\"_blank\" rel=\"noopener\">PROVISIONAL PARALLEL SESSIONS<\/a>\n<\/div>\n<div class=\"column50\">\n<h5 style=\"color: #9e9b68;\">ABSTRACT TEMPLATE<\/h5>\n<p><a class=\"button_cast\" href=\"http:\/\/localhost\/cmr\/wp-content\/uploads\/template\/template_en.rar\" rel=\"noopener noreferrer\" target=\"_blank\">abstract | english<\/a><br \/>\n<a class=\"button_cast\" href=\"http:\/\/localhost\/cmr\/wp-content\/uploads\/template\/template_pt-en.rar\" rel=\"noopener noreferrer\" target=\"_blank\">abstract | portuguese &#038; english<\/a>\n<\/div>\n<\/div>\n<\/div>\n<\/p>\n<div style=\"background-color: rgba(74,141,198,0.75); border-top: 1px solid #000; margin-top: -15px;\">\n<div class=\"ast-container\">\n<div class=\"triangP\"><\/div>\n<h3 style=\"padding-top: 20px;\">TECHNOLOGIES<\/h3>\n<p><i class=\"fa fa-caret-right\"><\/i> Digital decision support systems<br \/>\n<i class=\"fa fa-caret-right\"><\/i> Social web applied to culture, economy and society<br \/>\n<i class=\"fa fa-caret-right\"><\/i> Connected digital society<br \/>\n<i class=\"fa fa-caret-right\"><\/i> Digital service business<br \/>\n<i class=\"fa fa-caret-right\"><\/i> Digital automotive industry<br \/>\n<a class=\"bt_pr\" style=\"text-align: center;\" href=\"http:\/\/localhost\/cmr\/wp-content\/uploads\/template\/template_oralpresentation_technologies.pptx\">oral communication template<\/a>\n<\/div>\n<\/div>\n<div style=\"background-color: #fff; border-top: 1px solid #000;\">\n<div class=\"ast-container\">\n<div class=\"triangP\"><\/div>\n<h3 style=\"padding-top: 20px;\">SPEAKER<\/h3>\n<div class=\"col-container\">\n<div class=\"column20\">\n<div data-aos=\"fade-right\" style=\"padding-top: 20px; background-color: #fff;\">\n<img loading=\"lazy\" decoding=\"async\" style=\"margin-top: -20px;\" src=\"http:\/\/localhost\/cmr\/wp-content\/uploads\/2021\/06\/bFeeney.jpg\" alt=\"\" width=\"500\" height=\"500\" class=\"alignnone size-full wp-image-853\" srcset=\"https:\/\/events.ipv.pt\/cmr\/wp-content\/uploads\/2021\/06\/bFeeney.jpg 500w, https:\/\/events.ipv.pt\/cmr\/wp-content\/uploads\/2021\/06\/bFeeney-300x300.jpg 300w, https:\/\/events.ipv.pt\/cmr\/wp-content\/uploads\/2021\/06\/bFeeney-150x150.jpg 150w\" sizes=\"auto, (max-width: 500px) 100vw, 500px\" \/><\/p>\n<div style=\"padding: 50px 15px 15px 15px; border-top: 5px solid #4A8DC6; margin-top: -15px; text-align: center;\">\n<p><span style=\"font-size: 1.2em;\">Barry Feeney, <\/span><br \/><span style=\"font-size: 0.8em;\">PhD<\/span><br \/>\n<span style=\"color: #a1a1a1; font-size: 0.9em;\"><a class=\"t_letra\" href=\"https:\/\/www.it-tallaght.ie\/index.cfm\" rel=\"noopener noreferrer\" target=\"_blank\">TU DUBLIN<\/a><\/span>\n<\/div>\n<\/div>\n<\/div>\n<div class=\"column80\" style=\"padding-left: 20px; padding-right: 20px;\">\n<div class=\"ast-container\" style=\"background-color: rgba(0,0,0,0.1); padding: 10px;\">\n<strong>Short Bio<\/strong><\/p>\n<p style=\"font-size: 0.9em;\">Dr. Barry Feeney is Head Department of Computing TU Dublin, Tallaght. TU Dublin, Tallaght delivers full time and part time Computing programmes across Bachelor\u2019s, Masters and PhD level and has active partnerships with AWS, Microsoft, IBM, SAP and Google. Dr. Feeney is also project co-ordinator for the CEF-funded Human Centred AI Masters Programme consortium consisting of four Universities, three excellence partners and three SME\u2019s across Europe.<br \/>\nActive member, Third level Computing-Industry forum in Ireland; Former member of the Irish High Level ICT Academic-Industry Foresight Group overseeing implementation of the first ICT Skills Plan.<br \/>\nDr. Feeney has led national and EU funded international research projects involving industry and academic partners in the area of acoustic\/ ultrasonic analysis. Dr. Feeney has also advised the New Zealand TEA on enhancing engagement between industry and higher education.<br \/>\nDr. Feeney championed the introduction of Computer Science in Second level education and Transition Year programmes developed by LERO and the ICS as real initiatives to introduce computational thinking to second level students.<\/p>\n<\/div>\n<div class=\"ast-container\" style=\"padding-top: 40px; padding-bottom: 40px;\">\n<h6>FROM INSTITUTE OF TECHNOLOGY TO TECHNOLOGICAL UNIVERSITY INITIATING, DEVELOPING INDUSTRY AND RESEARCH LINKS<\/h6>\n<p><em>F.E. Feeney<\/em>, Head of Computing TU Dublin, Ireland.<\/p>\n<p style=\"font-size: 0.9em;\">On January 1, 2019 TU Dublin was founded from Institutes of Technology in Blanchardstown, Dublin and Tallaght. One reason for this elevation was recognition of the valuable role IoTs were playing in applied research with industry. In this paper we look at one School and its journey from provider of two year courses to working with multinational companies across all levels to PhD.<br \/>\nWe look at some strategies which have been successful and try to identify some of the factors underpinning successful outcomes.<\/p>\n<\/div>\n<\/div>\n<\/div>\n<div class=\"ast-container\" style=\"padding-top: 50px;\">\n<div class=\"col-container\">\n<div class=\"column20\">\n<div data-aos=\"fade-right\" style=\"padding-top: 20px; background-color: #fff;\">\n<img loading=\"lazy\" decoding=\"async\" style=\"margin-top: -20px;\" src=\"http:\/\/localhost\/cmr\/wp-content\/uploads\/2021\/05\/aFerreira.jpg\" alt=\"\" width=\"500\" height=\"500\" class=\"alignnone size-full wp-image-789\" srcset=\"https:\/\/events.ipv.pt\/cmr\/wp-content\/uploads\/2021\/05\/aFerreira.jpg 500w, https:\/\/events.ipv.pt\/cmr\/wp-content\/uploads\/2021\/05\/aFerreira-300x300.jpg 300w, https:\/\/events.ipv.pt\/cmr\/wp-content\/uploads\/2021\/05\/aFerreira-150x150.jpg 150w\" sizes=\"auto, (max-width: 500px) 100vw, 500px\" \/><\/p>\n<div style=\"padding: 50px 15px 15px 15px; border-top: 5px solid #4A8DC6; margin-top: -15px; text-align: center;\">\n<p><span style=\"font-size: 1.2em;\">Ana Lucia Ferreira, <\/span><br \/><span style=\"font-size: 0.8em;\">PhD<\/span><br \/>\n<span style=\"color: #a1a1a1; font-size: 0.9em;\"><a class=\"t_letra\" href=\"http:\/\/www.biothane.com\" rel=\"noopener noreferrer\" target=\"_blank\">VEOLIA WATER TECHNOLOGIES TECHNO CENTER NETHERLANDS B.V.<\/a><\/span>\n<\/div>\n<\/div>\n<\/div>\n<div class=\"column80\" style=\"padding-left: 20px; padding-right: 20px;\">\n<h4>CAN WASTEWATER BE A RESOURCE?<\/h4>\n<div class=\"ast-container\" style=\"background-color: rgba(0,0,0,0.1); padding: 10px;\">\n<strong>Short Bio<\/strong><\/p>\n<p style=\"font-size: 0.9em;\">Her path towards this conference started with the decision to study Biotechnology at Universidade de Aveiro, in the Portuguese &#8220;windy city.&#8221; Upon graduating, her interest towards Environmental Biotechnology, cultivated in her university years, led to the decision to move and tackle a PhD in Bioprocess Engineering, this time in the land of the &#8220;Croissants&#8221; and &#8220;Chocolatines&#8221;, INSA &#8211; Toulouse (France) was the destination. During that time, her interest in applied research in Wastewater Treatment got fueled and the decision to make it a career was easy. It was moving North, toward Delft in The Netherlands that she found Biothane, a business unit of Veolia Water Technologies, and she became a Research Engineer. Working in the field of Anaerobic Treatment of Industrial Wastewaters she is in charge of Research and Commercial projects, and has the opportunity to overcome the challenges of both Lab and Industrial-scale projects. These include development of new technologies and optimization of existing systems, as well as validation for full-scale designs. Therefore, she is looking forward to the opportunity of presenting Biothane&#8217;s technologies, and sharing the R&#038;D activities.<\/p>\n<\/div>\n<\/div>\n<\/div>\n<\/div>\n<div class=\"ast-container\" style=\"padding-top: 80px; padding-bottom: 80px;\">\n<h3>JOURNAL<\/h3>\n<p><a class=\"t_letra\" href=\"https:\/\/revistas.rcaap.pt\/millenium\/index\" rel=\"noopener noreferrer\" target=\"_blank\">MILLENIUM &#8211; JOURNAL OF EDUCATION, TECHNOLOGIES AND HEALTH<\/a><\/p>\n<p>All accepted abstracts (for oral or e-poster communications) will be published in a special issue Millenium \u2013 Journal of Education, Technologies and Health.<\/p>\n<p>Authors may also submit the article on the <a class=\"t_letra\" href=\"https:\/\/revistas.rcaap.pt\/millenium\/about\/submissions\" rel=\"noopener noreferrer\" target=\"_blank\">Millennium platform<\/a>.<br \/>\n<strong>Documents required for submission<\/strong><br \/>\n<span style=\"padding-left: 10px;\"> <i class=\"fa fa-caret-right\"><\/i> <a class=\"t_letra\" href=\"http:\/\/repositorio.ipv.pt\/bitstream\/10400.19\/3258\/34\/TemplateArticle_PT.docx\" rel=\"noopener noreferrer\" target=\"_blank\">Article template<\/a> (editable format)<\/span><br \/>\n<span style=\"padding-left: 10px;\"> <i class=\"fa fa-caret-right\"><\/i> <a class=\"t_letra\" href=\"http:\/\/repositorio.ipv.pt\/bitstream\/10400.19\/3258\/35\/0%20-%20Ficha%20Autores%20Artigo_trad.docx\" rel=\"noopener noreferrer\" target=\"_blank\">Article sheet<\/a><\/p>\n<p>Authors must comply with Millenium rules and editorial policy, namely:<br \/>\n<span style=\"padding-left: 10px;\"> <i class=\"fa fa-caret-right\"><\/i> The Article must be original and never been published;<\/span><br \/>\n<span style=\"padding-left: 10px;\"> <i class=\"fa fa-caret-right\"><\/i> Title, Abstract, Keywords \/ Descriptors in Portuguese, English and Spanish, right since the first submission;<\/span><br \/>\n<span style=\"padding-left: 10px;\"> <i class=\"fa fa-caret-right\"><\/i> The full text of the article can be submitted in PT, EN, ES and FR;<\/span><br \/>\n<span style=\"padding-left: 10px;\"> <i class=\"fa fa-caret-right\"><\/i> Complete Authors Form;<\/span><br \/>\n<span style=\"padding-left: 10px;\"> <i class=\"fa fa-caret-right\"><\/i> Article structured according to the Journal\u2019s Template;<\/span><br \/>\n<span style=\"padding-left: 10px;\"> <i class=\"fa fa-caret-right\"><\/i> Structured Summary;<\/span><br \/>\n<span style=\"padding-left: 10px;\"> <i class=\"fa fa-caret-right\"><\/i> Bibliographical references according to the APA style;<\/span><\/p>\n<div style=\"border-top: 1px solid #4A8DC6; border-bottom: 1px dotted #4A8DC6; padding-top: 20px; margin-bottom: 50px;\">\nINDEXED IN<br \/>\n<a class=\"t_letra\" href=\"https:\/\/repositorio.ipv.pt\/\" rel=\"noopener noreferrer\" target=\"_blank\">Reposit\u00f3rio Cient\u00edfico do Instituto Polit\u00e9cnico de Viseu<\/a>; <a class=\"t_letra\" href=\"https:\/\/dialnet.unirioja.es\/\" rel=\"noopener noreferrer\" target=\"_blank\">Dialnet<\/a>; LATINDEX \u2013 <a class=\"t_letra\" href=\"https:\/\/www.latindex.unam.mx\/index.html\" rel=\"noopener noreferrer\" target=\"_blank\">Sistema Regional de Informaci\u00f3n en L\u00ednea para Revistas Cient\u00edficas de Am\u00e9rica Latina, el Caribe, Espa\u00f1a y Portugal<\/a>;  DOAJ &#8211; <a class=\"t_letra\" href=\"https:\/\/www.doaj.org\/\" rel=\"noopener noreferrer\" target=\"_blank\">Directory of Open Access Journals; SCIELO<\/a>\n<\/div>\n<h3>SCIENTIFIC COMMITTEE<\/h3>\n<div class=\"col-container\">\n<div class=\"column50\" style=\"padding-left: 10px; padding-right: 10px;\">\n<p>Jos\u00e9 Lu\u00eds Abrantes<br \/>\n<span style=\"font-size: 0.8em;\">POLIT\u00c9CNICO DE VISEU, ESCOLA SUPERIOR DE TECNOLOGIA E GEST\u00c3O, CISED, Portugal | <a class=\"t_letra\" href=\"http:\/\/orcid.org\/0000-0003-0565-7207\" rel=\"noopener noreferrer\" target=\"_blank\"><strong>ORCiD<\/strong><\/a><\/span><\/p>\n<p>Alfonso Rivero<br \/>\n<span style=\"font-size: 0.8em;\">UNIVERSIDAD PONTIFICIA DE SALAMANCA, Spain<\/p>\n<p>Ana Branca de Carvalho<br \/>\n<span style=\"font-size: 0.8em;\">POLIT\u00c9CNICO DE VISEU, ESCOLA SUPERIOR DE TECNOLOGIA E GEST\u00c3O DE LAMEGO, Portugal | <a class=\"t_letra\" href=\"http:\/\/orcid.org\/00000-0002-8979-6644 rel=\"noopener noreferrer\" target=\"_blank\"><strong>ORCiD<\/strong><\/a><\/span><\/p>\n<p>Ant\u00f3nio Ventura Gouveia<br \/>\n<span style=\"font-size: 0.8em;\">POLIT\u00c9CNICO DE VISEU, ESCOLA SUPERIOR DE TECNOLOGIA E GEST\u00c3O, Portugal | <a class=\"t_letra\" href=\"http:\/\/orcid.org\/0000-0002-2754-5401\" rel=\"noopener noreferrer\" target=\"_blank\"><strong>ORCiD<\/strong><\/a><\/span><\/p>\n<p>Bruno Ferreira<br \/>\n<span style=\"font-size: 0.8em;\">POLIT\u00c9CNICO DE VISEU, ESCOLA SUPERIOR DE TECNOLOGIA E GEST\u00c3O, CISED, Portugal | <a class=\"t_letra\" href=\"http:\/\/orcid.org\/0000-0002-7102-7804\" rel=\"noopener noreferrer\" target=\"_blank\"><strong>ORCiD<\/strong><\/a><\/span><\/p>\n<p>Carla Silva<br \/>\n<span style=\"font-size: 0.8em;\">POLIT\u00c9CNICO DE VISEU, ESCOLA SUPERIOR DE TECNOLOGIA E GEST\u00c3O, CISED, Portugal | <a class=\"t_letra\" href=\"http:\/\/orcid.org\/0000-0001-6251-9113\" rel=\"noopener noreferrer\" target=\"_blank\"><strong>ORCiD<\/strong><\/a><\/span><\/p>\n<p>Carlos Augusto Cunha<br \/>\n<span style=\"font-size: 0.8em;\">POLIT\u00c9CNICO DE VISEU, ESCOLA SUPERIOR DE TECNOLOGIA E GEST\u00c3O, CISED, Portugal | <a class=\"t_letra\" href=\"http:\/\/orcid.org\/0000-0002-2754-5401\" rel=\"noopener noreferrer\" target=\"_blank\"><strong>ORCiD<\/strong><\/a><\/span><\/p>\n<p>Cindy Caldara<br \/>\n<span style=\"font-size: 0.8em;\">UNIVERSIT\u00c9 GRENOBLE ALPES, France<\/span><\/p>\n<p>Cl\u00e1udia Seabra<br \/>\n<span style=\"font-size: 0.8em;\">FACULDADE DE LETRAS, UNIVERSIDADE DE COIMBRA, POLIT\u00c9CNICO DE VISEU, ESCOLA SUPERIOR DE TECNOLOGIA E GEST\u00c3O, CEGOT, NOVASBE, CISED, Portugal | <a class=\"t_letra\" href=\"http:\/\/orcid.org\/0000-0002-8496-0986\" rel=\"noopener noreferrer\" target=\"_blank\"><strong>ORCiD<\/strong><\/a><\/span><\/p>\n<p>Cristina Barroco<br \/>\n<span style=\"font-size: 0.8em;\">POLIT\u00c9CNICO DE VISEU, ESCOLA SUPERIOR DE TECNOLOGIA E GEST\u00c3O, CISED, Portugal | <a class=\"t_letra\" href=\"http:\/\/orcid.org\/0000-0003-3016-8763\" rel=\"noopener noreferrer\" target=\"_blank\"><strong>ORCiD<\/strong><\/a><\/span><\/p>\n<p>Cristina Wanzeller Lacerda<br \/>\n<span style=\"font-size: 0.8em;\">POLIT\u00c9CNICO DE VISEU, ESCOLA SUPERIOR DE TECNOLOGIA E GEST\u00c3O, CISED, Portugal | <a class=\"t_letra\" href=\"http:\/\/orcid.org\/0000-0002-8921-4747\" rel=\"noopener noreferrer\" target=\"_blank\"><strong>ORCiD<\/strong><\/a><\/span><\/p>\n<p>Duc Nguyen Ngoc<br \/>\n<span style=\"font-size: 0.8em;\">ASIAN INSTITUTE OF TECHNOLOGY, KENT, USA<\/span><\/p>\n<p>Dulcineia Maria de Sousa Ferreira Wessel<br \/>\n<span style=\"font-size: 0.8em;\">POLIT\u00c9CNICO DE VISEU, ESCOLA SUPERIOR \u00c1GR\u00c1RIA, Portugal | <a class=\"t_letra\" href=\"https:\/\/orcid.org\/0000-0003-4077-0897\" rel=\"noopener noreferrer\" target=\"_blank\"><strong>ORCiD<\/strong><\/a><\/span><\/p>\n<p>Eduardo Gouveia<br \/>\n<span style=\"font-size: 0.8em;\">POLIT\u00c9CNICO DE VISEU, ESCOLA SUPERIOR DE TECNOLOGIA E GEST\u00c3O, Portugal<\/span><\/p>\n<p>Filipe Manuel Caldeira<br \/>\n<span style=\"font-size: 0.8em;\">POLIT\u00c9CNICO DE VISEU, ESCOLA SUPERIOR DE TECNOLOGIA E GEST\u00c3O, CISED, Portugal | <a class=\"t_letra\" href=\"http:\/\/orcid.org\/0000-0001-7558-2330\" rel=\"noopener noreferrer\" target=\"_blank\"><strong>ORCiD<\/strong><\/a><\/span><\/p>\n<p>Frederic Marimon<br \/>\n<span style=\"font-size: 0.8em;\">UNIVERSITAT INTERNACIONAL DE CATALUNYA, Spain<\/span><\/p>\n<p>Guclu Atinc<br \/>\n<span style=\"font-size: 0.8em;\">COLLEGE OF BUSINESS, TEXAS A&#038;M UNIVERSITY \u2013 COMMERCE, USA<\/span><\/p>\n<p>Guillaume Pijourlet<br \/>\n<span style=\"font-size: 0.8em;\">UNIVERSIT\u00c9 CLERMONT AUVERGNE, France<\/span><\/p>\n<p>Isabel Martins <br \/>\n<span style=\"font-size: 0.8em;\">POLIT\u00c9CNICO DE VISEU, ESCOLA SUPERIOR DE TECNOLOGIA E GEST\u00c3O, CISED, Portugal | <a class=\"t_letra\" href=\"http:\/\/orcid.org\/0000-0002-4317-5615\" rel=\"noopener noreferrer\" target=\"_blank\"><strong>ORCiD<\/strong><\/a><\/span><\/p>\n<p>Jo\u00e3o Lu\u00eds Paiva<br \/>\n<span style=\"font-size: 0.8em;\">POLIT\u00c9CNICO DE VISEU, ESCOLA SUPERIOR DE TECNOLOGIA E GEST\u00c3O, Portugal<\/span><\/p>\n<p>Jo\u00e3o Vinhas<br \/>\n<span style=\"font-size: 0.8em;\">POLIT\u00c9CNICO DE VISEU, ESCOLA SUPERIOR DE TECNOLOGIA E GEST\u00c3O, Portugal<\/span><\/p>\n<\/div>\n<div class=\"column50\" style=\"padding-left: 10px; padding-right: 10px;\">\n<p>Jos\u00e9 Francisco Morgado<br \/>\n<span style=\"font-size: 0.8em;\">POLIT\u00c9CNICO DE VISEU, ESCOLA SUPERIOR DE TECNOLOGIA E GEST\u00c3O, CISED, Portugal<\/span><\/p>\n<p>Jos\u00e9 Lousado<br \/>\n<span style=\"font-size: 0.8em;\">POLIT\u00c9CNICO DE VISEU, ESCOLA SUPERIOR DE TECNOLOGIA E GEST\u00c3O DE LAMEGO, CISED, Portugal | <a class=\"t_letra\" href=\"http:\/\/orcid.org\/0000-0002-5757-5441\" rel=\"noopener noreferrer\" target=\"_blank\"><strong>ORCiD<\/strong><\/a><\/span><\/p>\n<p>Mohamed Arouri<br \/>\n<span style=\"font-size: 0.8em;\">UNIVERSIT\u00c9 DE NICE SOPHIA ANTIPOLIS, France<\/span><\/p>\n<p>Mustapha Zahir<br \/>\n<span style=\"font-size: 0.8em;\">UNIVERSIT\u00c9 CADI AYYAD, Maroc<\/span><\/p>\n<p>Nuno Mel\u00e3o<br \/>\n<span style=\"font-size: 0.8em;\">POLIT\u00c9CNICO DE VISEU, ESCOLA SUPERIOR DE TECNOLOGIA E GEST\u00c3O, CISED, Portugal | <a class=\"t_letra\" href=\"http:\/\/orcid.org\/0000-0002-1359-3437\" rel=\"noopener noreferrer\" target=\"_blank\"><strong>ORCiD<\/strong><\/a><\/span><\/p>\n<p>Odete Paiva<br \/>\n<span style=\"font-size: 0.8em;\">POLIT\u00c9CNICO DE VISEU, ESCOLA SUPERIOR DE TECNOLOGIA E GEST\u00c3O, CISED, Portugal | <a class=\"t_letra\" href=\"https:\/\/orcid.org\/0000-0003-1440-3030\" rel=\"noopener noreferrer\" target=\"_blank\"><strong>ORCiD<\/strong><\/a><\/span><\/p>\n<p>Olivier Trendel<br \/>\n<span style=\"font-size: 0.8em;\">GEM GRENOBLE ECOLE DE MANAGEMENT, France<\/span><\/p>\n<p>Pablo Mu\u00f1oz Gallego<br \/>\n<span style=\"font-size: 0.8em;\">INSTITUTO MULTIDISCIPLINAR DE LA EMPRESA, UNIVERSIDAD DE SALAMANCA, Spain<\/span><\/p>\n<p>Paulo Rog\u00e9rio Tom\u00e9<br \/>\n<span style=\"font-size: 0.8em;\">POLIT\u00c9CNICO DE VISEU, ESCOLA SUPERIOR DE TECNOLOGIA E GEST\u00c3O, CISED, Portugal | <a class=\"t_letra\" href=\"http:\/\/orcid.org\/0000-0003-3021-8740\" rel=\"noopener noreferrer\" target=\"_blank\"><strong>ORCiD<\/strong><\/a><\/span><\/p>\n<p>P\u00e1vel Reyes-Mercado<br \/>\n<span style=\"font-size: 0.8em;\">AN\u00c1HUAC UNIVERSITY, Mexico<\/span><\/p>\n<p>Pedro Reis<br \/>\n<span style=\"font-size: 0.8em;\">POLIT\u00c9CNICO DE VISEU, ESCOLA SUPERIOR DE TECNOLOGIA E GEST\u00c3O, CISED, Portugal | <a class=\"t_letra\" href=\"http:\/\/orcid.org\/0000-0003-1301-6645\" rel=\"noopener noreferrer\" target=\"_blank\"><strong>ORCiD<\/strong><\/a><\/span><\/p>\n<p>Pierre Mathieu<br \/>\n<span style=\"font-size: 0.8em;\">UNIVERSIT\u00c9 CLERMONT AUVERGNE, France<\/span><\/p>\n<p>Rui Pedro Duarte<br \/>\n<span style=\"font-size: 0.8em;\">POLIT\u00c9CNICO DE VISEU, ESCOLA SUPERIOR DE TECNOLOGIA E GEST\u00c3O, CISED, Portugal | <a class=\"t_letra\" href=\"http:\/\/orcid.org\/0000-0002-6819-0985\" rel=\"noopener noreferrer\" target=\"_blank\"><strong>ORCiD<\/strong><\/a><\/span><\/p>\n<p>Serafim Oliveira<br \/>\n<span style=\"font-size: 0.8em;\">POLIT\u00c9CNICO DE VISEU, ESCOLA SUPERIOR DE TECNOLOGIA E GEST\u00c3O, CISED, Portugal | <a class=\"t_letra\" href=\"https:\/\/orcid.org\/0000-0002-3499-6681\" rel=\"noopener noreferrer\" target=\"_blank\"><strong>ORCiD<\/strong><\/a><\/span><\/p>\n<p>Sonia Capelli<br \/>\n<span style=\"font-size: 0.8em;\">UNIVERSIT\u00c9 JEAN MOULIN LYON 3, France<\/span><\/p>\n<p>Suzanne Amaro<br \/>\n<span style=\"font-size: 0.8em;\">POLIT\u00c9CNICO DE VISEU, ESCOLA SUPERIOR DE TECNOLOGIA E GEST\u00c3O, CISED, Portugal | <a class=\"t_letra\" href=\"http:\/\/orcid.org\/0000-0001-9263-6951\" rel=\"noopener noreferrer\" target=\"_blank\"><strong>ORCiD<\/strong><\/a><\/span><\/p>\n<p>William Sabadie<br \/>\n<span style=\"font-size: 0.8em;\">UNIVERSIT\u00c9 JEAN MOULIN LYON 3, France<\/span><\/p>\n<p>Yasemin Atinc<br \/>\n<span style=\"font-size: 0.8em;\">COLLEGE OF BUSINESS, TEXAS A&#038;M UNIVERSITY \u2013 COMMERCE, USA<\/span><\/p>\n<\/div>\n<\/div>\n<\/div>\n<\/div>\n<\/div>\n","protected":false},"excerpt":{"rendered":"<p>TECHNOLOGIES Digital decision support systems Social web applied to culture, economy and society Connected digital society Digital service business Digital automotive industry oral communication template SPEAKER Barry Feeney, PhD TU DUBLIN Short Bio Dr. Barry Feeney is Head Department of Computing TU Dublin, Tallaght. TU Dublin, Tallaght delivers full time and part time Computing programmes &hellip;<\/p>\n<p class=\"read-more\"> <a class=\"\" href=\"https:\/\/events.ipv.pt\/cmr\/en\/tecnologias\/\"> <span class=\"screen-reader-text\">TECNOLOGIAS<\/span> Read More &raquo;<\/a><\/p>\n","protected":false},"author":1,"featured_media":0,"parent":0,"menu_order":0,"comment_status":"closed","ping_status":"closed","template":"","meta":{"site-sidebar-layout":"default","site-content-layout":"default","ast-global-header-display":"","ast-main-header-display":"","ast-hfb-above-header-display":"","ast-hfb-below-header-display":"","ast-hfb-mobile-header-display":"","site-post-title":"disabled","ast-breadcrumbs-content":"","ast-featured-img":"","footer-sml-layout":"","theme-transparent-header-meta":"default","adv-header-id-meta":"","stick-header-meta":"","header-above-stick-meta":"","header-main-stick-meta":"","header-below-stick-meta":"","footnotes":""},"class_list":["post-490","page","type-page","status-publish","hentry"],"translation":{"provider":"WPGlobus","version":"3.0.2","language":"en","enabled_languages":["pt","en"],"languages":{"pt":{"title":true,"content":true,"excerpt":false},"en":{"title":false,"content":true,"excerpt":false}}},"yoast_head":"<!-- This site is optimized with the Yoast SEO plugin v27.4 - https:\/\/yoast.com\/product\/yoast-seo-wordpress\/ -->\r\n<title>TECNOLOGIAS &#8226; CMR<\/title>\r\n<meta name=\"robots\" content=\"index, follow, max-snippet:-1, max-image-preview:large, max-video-preview:-1\" \/>\r\n<link rel=\"canonical\" href=\"https:\/\/events.ipv.pt\/cmr\/tecnologias\/\" \/>\r\n<meta property=\"og:locale\" content=\"en_US\" \/>\r\n<meta property=\"og:type\" content=\"article\" \/>\r\n<meta property=\"og:title\" content=\"TECNOLOGIAS &#8226; CMR\" \/>\r\n<meta property=\"og:url\" content=\"https:\/\/events.ipv.pt\/cmr\/tecnologias\/\" \/>\r\n<meta property=\"og:site_name\" content=\"CMR\" \/>\r\n<meta property=\"article:modified_time\" content=\"2021-06-18T08:49:55+00:00\" \/>\r\n<meta property=\"og:image\" content=\"http:\/\/localhost\/cmr\/wp-content\/uploads\/2021\/06\/bFeeney.jpg\" \/>\r\n<meta name=\"twitter:card\" content=\"summary_large_image\" \/>\r\n<meta name=\"twitter:label1\" content=\"Est. reading time\" \/>\n\t<meta name=\"twitter:data1\" content=\"6 minutes\" \/>\r\n<script type=\"application\/ld+json\" class=\"yoast-schema-graph\">{\"@context\":\"https:\\\/\\\/schema.org\",\"@graph\":[{\"@type\":\"WebPage\",\"@id\":\"https:\\\/\\\/events.ipv.pt\\\/cmr\\\/tecnologias\\\/\",\"url\":\"https:\\\/\\\/events.ipv.pt\\\/cmr\\\/tecnologias\\\/\",\"name\":\"TECNOLOGIAS &#8226; CMR\",\"isPartOf\":{\"@id\":\"https:\\\/\\\/events.ipv.pt\\\/cmr\\\/#website\"},\"primaryImageOfPage\":{\"@id\":\"https:\\\/\\\/events.ipv.pt\\\/cmr\\\/tecnologias\\\/#primaryimage\"},\"image\":{\"@id\":\"https:\\\/\\\/events.ipv.pt\\\/cmr\\\/tecnologias\\\/#primaryimage\"},\"thumbnailUrl\":\"http:\\\/\\\/localhost\\\/cmr\\\/wp-content\\\/uploads\\\/2021\\\/06\\\/bFeeney.jpg\",\"datePublished\":\"2021-02-09T09:35:57+00:00\",\"dateModified\":\"2021-06-18T08:49:55+00:00\",\"breadcrumb\":{\"@id\":\"https:\\\/\\\/events.ipv.pt\\\/cmr\\\/tecnologias\\\/#breadcrumb\"},\"inLanguage\":\"en-US\",\"potentialAction\":[{\"@type\":\"ReadAction\",\"target\":[\"https:\\\/\\\/events.ipv.pt\\\/cmr\\\/tecnologias\\\/\"]}]},{\"@type\":\"ImageObject\",\"inLanguage\":\"en-US\",\"@id\":\"https:\\\/\\\/events.ipv.pt\\\/cmr\\\/tecnologias\\\/#primaryimage\",\"url\":\"http:\\\/\\\/localhost\\\/cmr\\\/wp-content\\\/uploads\\\/2021\\\/06\\\/bFeeney.jpg\",\"contentUrl\":\"http:\\\/\\\/localhost\\\/cmr\\\/wp-content\\\/uploads\\\/2021\\\/06\\\/bFeeney.jpg\"},{\"@type\":\"BreadcrumbList\",\"@id\":\"https:\\\/\\\/events.ipv.pt\\\/cmr\\\/tecnologias\\\/#breadcrumb\",\"itemListElement\":[{\"@type\":\"ListItem\",\"position\":1,\"name\":\"Home\",\"item\":\"https:\\\/\\\/events.ipv.pt\\\/cmr\\\/\"},{\"@type\":\"ListItem\",\"position\":2,\"name\":\"TECNOLOGIAS\"}]},{\"@type\":\"WebSite\",\"@id\":\"https:\\\/\\\/events.ipv.pt\\\/cmr\\\/#website\",\"url\":\"https:\\\/\\\/events.ipv.pt\\\/cmr\\\/\",\"name\":\"CMR International Conference on Multidisciplinary Research\",\"description\":\"International Conference on Multidisciplinary Research\",\"publisher\":{\"@id\":\"https:\\\/\\\/events.ipv.pt\\\/cmr\\\/#organization\"},\"potentialAction\":[{\"@type\":\"SearchAction\",\"target\":{\"@type\":\"EntryPoint\",\"urlTemplate\":\"https:\\\/\\\/events.ipv.pt\\\/cmr\\\/?s={search_term_string}\"},\"query-input\":{\"@type\":\"PropertyValueSpecification\",\"valueRequired\":true,\"valueName\":\"search_term_string\"}}],\"inLanguage\":\"en-US\"},{\"@type\":\"Organization\",\"@id\":\"https:\\\/\\\/events.ipv.pt\\\/cmr\\\/#organization\",\"name\":\"Instituto Polit\u00e9cnico de Viseu\",\"url\":\"https:\\\/\\\/events.ipv.pt\\\/cmr\\\/\",\"logo\":{\"@type\":\"ImageObject\",\"inLanguage\":\"en-US\",\"@id\":\"https:\\\/\\\/events.ipv.pt\\\/cmr\\\/#\\\/schema\\\/logo\\\/image\\\/\",\"url\":\"http:\\\/\\\/localhost\\\/cmr\\\/wp-content\\\/uploads\\\/2021\\\/03\\\/logo_pv.png\",\"contentUrl\":\"http:\\\/\\\/localhost\\\/cmr\\\/wp-content\\\/uploads\\\/2021\\\/03\\\/logo_pv.png\",\"width\":4205,\"height\":1108,\"caption\":\"Instituto Polit\u00e9cnico de Viseu\"},\"image\":{\"@id\":\"https:\\\/\\\/events.ipv.pt\\\/cmr\\\/#\\\/schema\\\/logo\\\/image\\\/\"}}]}<\/script>\r\n<!-- \/ Yoast SEO plugin. -->","yoast_head_json":{"title":"TECNOLOGIAS &#8226; CMR","robots":{"index":"index","follow":"follow","max-snippet":"max-snippet:-1","max-image-preview":"max-image-preview:large","max-video-preview":"max-video-preview:-1"},"canonical":"https:\/\/events.ipv.pt\/cmr\/tecnologias\/","og_locale":"en_US","og_type":"article","og_title":"TECNOLOGIAS &#8226; CMR","og_url":"https:\/\/events.ipv.pt\/cmr\/tecnologias\/","og_site_name":"CMR","article_modified_time":"2021-06-18T08:49:55+00:00","og_image":[{"url":"http:\/\/localhost\/cmr\/wp-content\/uploads\/2021\/06\/bFeeney.jpg","type":"","width":"","height":""}],"twitter_card":"summary_large_image","twitter_misc":{"Est. reading time":"6 minutes"},"schema":{"@context":"https:\/\/schema.org","@graph":[{"@type":"WebPage","@id":"https:\/\/events.ipv.pt\/cmr\/tecnologias\/","url":"https:\/\/events.ipv.pt\/cmr\/tecnologias\/","name":"TECNOLOGIAS &#8226; CMR","isPartOf":{"@id":"https:\/\/events.ipv.pt\/cmr\/#website"},"primaryImageOfPage":{"@id":"https:\/\/events.ipv.pt\/cmr\/tecnologias\/#primaryimage"},"image":{"@id":"https:\/\/events.ipv.pt\/cmr\/tecnologias\/#primaryimage"},"thumbnailUrl":"http:\/\/localhost\/cmr\/wp-content\/uploads\/2021\/06\/bFeeney.jpg","datePublished":"2021-02-09T09:35:57+00:00","dateModified":"2021-06-18T08:49:55+00:00","breadcrumb":{"@id":"https:\/\/events.ipv.pt\/cmr\/tecnologias\/#breadcrumb"},"inLanguage":"en-US","potentialAction":[{"@type":"ReadAction","target":["https:\/\/events.ipv.pt\/cmr\/tecnologias\/"]}]},{"@type":"ImageObject","inLanguage":"en-US","@id":"https:\/\/events.ipv.pt\/cmr\/tecnologias\/#primaryimage","url":"http:\/\/localhost\/cmr\/wp-content\/uploads\/2021\/06\/bFeeney.jpg","contentUrl":"http:\/\/localhost\/cmr\/wp-content\/uploads\/2021\/06\/bFeeney.jpg"},{"@type":"BreadcrumbList","@id":"https:\/\/events.ipv.pt\/cmr\/tecnologias\/#breadcrumb","itemListElement":[{"@type":"ListItem","position":1,"name":"Home","item":"https:\/\/events.ipv.pt\/cmr\/"},{"@type":"ListItem","position":2,"name":"TECNOLOGIAS"}]},{"@type":"WebSite","@id":"https:\/\/events.ipv.pt\/cmr\/#website","url":"https:\/\/events.ipv.pt\/cmr\/","name":"CMR International Conference on Multidisciplinary Research","description":"International Conference on Multidisciplinary Research","publisher":{"@id":"https:\/\/events.ipv.pt\/cmr\/#organization"},"potentialAction":[{"@type":"SearchAction","target":{"@type":"EntryPoint","urlTemplate":"https:\/\/events.ipv.pt\/cmr\/?s={search_term_string}"},"query-input":{"@type":"PropertyValueSpecification","valueRequired":true,"valueName":"search_term_string"}}],"inLanguage":"en-US"},{"@type":"Organization","@id":"https:\/\/events.ipv.pt\/cmr\/#organization","name":"Instituto Polit\u00e9cnico de Viseu","url":"https:\/\/events.ipv.pt\/cmr\/","logo":{"@type":"ImageObject","inLanguage":"en-US","@id":"https:\/\/events.ipv.pt\/cmr\/#\/schema\/logo\/image\/","url":"http:\/\/localhost\/cmr\/wp-content\/uploads\/2021\/03\/logo_pv.png","contentUrl":"http:\/\/localhost\/cmr\/wp-content\/uploads\/2021\/03\/logo_pv.png","width":4205,"height":1108,"caption":"Instituto Polit\u00e9cnico de Viseu"},"image":{"@id":"https:\/\/events.ipv.pt\/cmr\/#\/schema\/logo\/image\/"}}]}},"_links":{"self":[{"href":"https:\/\/events.ipv.pt\/cmr\/en\/wp-json\/wp\/v2\/pages\/490","targetHints":{"allow":["GET"]}}],"collection":[{"href":"https:\/\/events.ipv.pt\/cmr\/en\/wp-json\/wp\/v2\/pages"}],"about":[{"href":"https:\/\/events.ipv.pt\/cmr\/en\/wp-json\/wp\/v2\/types\/page"}],"author":[{"embeddable":true,"href":"https:\/\/events.ipv.pt\/cmr\/en\/wp-json\/wp\/v2\/users\/1"}],"replies":[{"embeddable":true,"href":"https:\/\/events.ipv.pt\/cmr\/en\/wp-json\/wp\/v2\/comments?post=490"}],"version-history":[{"count":33,"href":"https:\/\/events.ipv.pt\/cmr\/en\/wp-json\/wp\/v2\/pages\/490\/revisions"}],"predecessor-version":[{"id":951,"href":"https:\/\/events.ipv.pt\/cmr\/en\/wp-json\/wp\/v2\/pages\/490\/revisions\/951"}],"wp:attachment":[{"href":"https:\/\/events.ipv.pt\/cmr\/en\/wp-json\/wp\/v2\/media?parent=490"}],"curies":[{"name":"wp","href":"https:\/\/api.w.org\/{rel}","templated":true}]}}