{"id":438,"date":"2021-02-08T16:17:23","date_gmt":"2021-02-08T16:17:23","guid":{"rendered":"http:\/\/localhost\/cmr\/?page_id=438"},"modified":"2021-05-26T11:02:49","modified_gmt":"2021-05-26T11:02:49","slug":"educacao","status":"publish","type":"page","link":"https:\/\/events.ipv.pt\/cmr\/en\/educacao\/","title":{"rendered":"EDUCATION"},"content":{"rendered":"<div class=\"parallaxCMR\"><div style=\"background-color: rgba(0,0,0,0.7); padding-top: 250px; padding-bottom: 20px;\">\n<div class=\"ast-container col-containerEnd\">\n<div class=\"column50\" data-aos=\"zoom-in-up\" style=\"text-align: right; padding-right: 15px;\">\n<h3 style=\"color: #fff; text-align: right;\"><span style=\"background-color: rgba(158,155,104,0.5); padding-left: 10px; padding-right: 10px; border-radius: 50px;\">HYBRID CONFERENCE<\/span><\/h3>\n<h4 style=\"color: #fff; text-align: right;\">CMR | International Conference on<br \/>\nMultidisciplinary Research<\/h4>\n<h2 style=\"color: #fff;\">1<span style=\"font-size: 0.4em;\">st<\/span><span style=\"font-size: 0.8em; color: #9e9b68;\">&#038;<\/span>2<span style=\"font-size: 0.4em;\">nd<\/span> july<span style=\"color: #9e9b68;\">,<\/span> 2021<\/h2>\n<p><!--<a class=\"button_br\" href=\"http:\/\/localhost\/cmr\/en\/registra\/\">REGISTER NOW<\/a><br \/>--><br \/>\n<a class=\"button_br\" href=\"http:\/\/localhost\/cmr\/wp-content\/uploads\/2021\/06\/programCMR.pdf\" target=\"_blank\" rel=\"noopener\">PROVISIONAL PROGRAM<\/a><br \/>\n<a class=\"button_br\" href=\"http:\/\/localhost\/cmr\/wp-content\/uploads\/2021\/06\/parallelSessionsCMR.pdf\" target=\"_blank\" rel=\"noopener\">PROVISIONAL PARALLEL SESSIONS<\/a>\n<\/div>\n<div class=\"column50\">\n<h5 style=\"color: #9e9b68;\">ABSTRACT TEMPLATE<\/h5>\n<p><a class=\"button_cast\" href=\"http:\/\/localhost\/cmr\/wp-content\/uploads\/template\/template_en.rar\" rel=\"noopener noreferrer\" target=\"_blank\">abstract | english<\/a><br \/>\n<a class=\"button_cast\" href=\"http:\/\/localhost\/cmr\/wp-content\/uploads\/template\/template_pt-en.rar\" rel=\"noopener noreferrer\" target=\"_blank\">abstract | portuguese &#038; english<\/a>\n<\/div>\n<\/div>\n<\/div>\n<\/p>\n<div style=\"background-color: rgba(221,145,0,0.75); border-top: 1px solid #000; margin-top: -15px;\">\n<div class=\"ast-container\">\n<div class=\"triangP\"><\/div>\n<h3 style=\"padding-top: 20px;\">EDUCATION<\/h3>\n<p><i class=\"fa fa-caret-right\"><\/i> Pedagogical innovation<br \/>\n<i class=\"fa fa-caret-right\"><\/i> ICT in educational context<br \/>\n<i class=\"fa fa-caret-right\"><\/i> Didactics and teacher training<br \/>\n<i class=\"fa fa-caret-right\"><\/i> Education in non-formal contexts<br \/>\n<i class=\"fa fa-caret-right\"><\/i> Education for entrepreneurship<br \/>\n<i class=\"fa fa-caret-right\"><\/i> Inclusive education<br \/>\n<a class=\"bt_pr\" style=\"text-align: center;\" href=\"http:\/\/localhost\/cmr\/wp-content\/uploads\/template\/template_oralpresentation_education.pptx\">oral communication template<\/a>\n<\/div>\n<\/div>\n<div style=\"background-color: #fff; border-top: 1px solid #000;\">\n<div class=\"ast-container\">\n<div class=\"triangP\"><\/div>\n<h3 style=\"padding-top: 20px;\">SPEAKER<\/h3>\n<div class=\"col-container\">\n<div class=\"column20\">\n<div data-aos=\"fade-right\" style=\"padding-top: 20px; background-color: #fff;\">\n<img loading=\"lazy\" decoding=\"async\" style=\"margin-top: -20px;\" src=\"http:\/\/localhost\/cmr\/wp-content\/uploads\/2021\/02\/c_batanero.jpg\" alt=\"\" width=\"500\" height=\"500\" class=\"alignnone size-full wp-image-158\" srcset=\"https:\/\/events.ipv.pt\/cmr\/wp-content\/uploads\/2021\/02\/c_batanero.jpg 500w, https:\/\/events.ipv.pt\/cmr\/wp-content\/uploads\/2021\/02\/c_batanero-300x300.jpg 300w, https:\/\/events.ipv.pt\/cmr\/wp-content\/uploads\/2021\/02\/c_batanero-150x150.jpg 150w\" sizes=\"auto, (max-width: 500px) 100vw, 500px\" \/><\/p>\n<div style=\"padding: 50px 5px 5px 5px; border-top: 5px solid #dd9100; border-top: 5px solid #dd9100; margin-top: -15px; text-align: center;\">\n<p><span style=\"font-size: 1.2em;\">Jos\u00e9 Fern\u00e1ndez Batanero, <\/span><br \/><span style=\"font-size: 0.8em;\">PhD<\/span><br \/>\n<span style=\"color: #a1a1a1; font-size: 0.9em;\"><a class=\"e_letra\" href=\"https:\/\/investigacion.us.es\/sisius\/sis_showpub.php?idpers=1948\" rel=\"noopener noreferrer\" target=\"_blank\">UNIVERSIDAD DE SEVILLA<\/a><\/p>\n<\/div>\n<\/div>\n<\/div>\n<div class=\"column80\" style=\"padding-left: 20px; padding-right: 20px;\">\n<h4>EDUCACI\u00d3N INCLUSIVA Y TIC<\/h4>\n<p>La inclusi\u00f3n en educaci\u00f3n parte de la idea clave de que es posible atender a \u201ctodos\u201d los estudiantes y conducirles al \u00e9xito educativo a partir de la \u201cparticipaci\u00f3n\u201d en los procesos de ense\u00f1anza-aprendizaje, mediante la aplicaci\u00f3n de estrategias espec\u00edficas. Se trata, por tanto, de aprender desde las diferencias m\u00e1s que con la uniformidad. Y es desde esta perspectiva, de aplicaci\u00f3n de estrategias espec\u00edficas, donde las Tecnolog\u00edas de la Informaci\u00f3n y Comunicaci\u00f3n (TIC) pueden ser de gran ayuda para tratar de favorecer el acercamiento de todas las personas a una educaci\u00f3n de calidad, evitando el surgimiento de nuevas formas de marginalidad, y por tanto de exclusi\u00f3n educativa.<br \/>\nDurante muchos a\u00f1os hemos estado m\u00e1s atentos en las formas de codificar y presentar la informaci\u00f3n con las tecnolog\u00edas, que en las cosas que se pueden hacer con ellas. En este sentido, el foco de atenci\u00f3n debe estar menos puesto en las tecnolog\u00edas y m\u00e1s en las personas. La utilizaci\u00f3n de las TIC en el contexto educativo requiere un proyecto pedag\u00f3gico previo que le d\u00e9 sentido y cobertura te\u00f3rica. El potencial educativo inclusivo viene cuando al componente tecnol\u00f3gico le aplicamos unas metodolog\u00edas para crear nuevas escenograf\u00edas formativas. Las TIC deben conectar alumno y aprendizaje, para ello es necesario pasar de las llamadas Tecnolog\u00edas de la Informaci\u00f3n y Comunicaci\u00f3n (TIC) a las TAC (Tecnolog\u00edas para el aprendizaje y el conocimiento). La conferencia versar\u00e1 sobre los nuevos caminos que se abren en la educaci\u00f3n inclusiva en relaci\u00f3n con las tecnolog\u00edas, los aspectos que favorecen esa relaci\u00f3n, los obst\u00e1culos para su incorporaci\u00f3n, as\u00ed como aspectos a tener en cuenta en la formaci\u00f3n de los futuros docentes.\n<\/div>\n<\/div>\n<\/div>\n<div class=\"ast-container\" style=\"padding-top: 50px;\">\n<div class=\"col-container\">\n<div class=\"column20\">\n<div data-aos=\"fade-right\" style=\"padding-top: 20px; background-color: #fff;\">\n<img loading=\"lazy\" decoding=\"async\" style=\"margin-top: -20px;\" src=\"http:\/\/localhost\/cmr\/wp-content\/uploads\/2021\/04\/b_perez.jpg\" alt=\"\" width=\"500\" height=\"500\" class=\"alignnone size-full wp-image-752\" srcset=\"https:\/\/events.ipv.pt\/cmr\/wp-content\/uploads\/2021\/04\/b_perez.jpg 500w, https:\/\/events.ipv.pt\/cmr\/wp-content\/uploads\/2021\/04\/b_perez-300x300.jpg 300w, https:\/\/events.ipv.pt\/cmr\/wp-content\/uploads\/2021\/04\/b_perez-150x150.jpg 150w\" sizes=\"auto, (max-width: 500px) 100vw, 500px\" \/><\/p>\n<div style=\"padding: 50px 15px 15px 15px; border-top: 5px solid #dd9100; border-top: 5px solid #dd9100; margin-top: -15px; text-align: center;\">\n<p><span style=\"font-size: 1.2em;\">B\u00e1rbara Mariana Guti\u00e9rrez P\u00e9rez<\/span><br \/>\n<span style=\"color: #a1a1a1; font-size: 0.9em;\"><a class=\"e_letra\" href=\"https:\/\/www.usal.es\/\" rel=\"noopener noreferrer\" target=\"_blank\">UNIVERSIDAD DE SALAMANCA<\/a><\/p>\n<\/div>\n<\/div>\n<\/div>\n<div class=\"column80\" style=\"padding-left: 20px; padding-right: 20px;\">\n<h4>CONSTRUCCI\u00d3N IDENTITARIA DE LOS J\u00d3VENES HIPERCONECTADOS<\/h4>\n<p>Actualmente un gran n\u00famero de las relaciones sociales de los j\u00f3venes se encuentran tecnol\u00f3gicamente mediadas. Esto puede generar situaciones de vulnerabilidad en este colectivo, pues los procesos de identificaci\u00f3n caracter\u00edsticos de dicha etapa de vida est\u00e1n siendo influenciados por la hiperconectividad y el uso de las tecnolog\u00edas. Siendo este un fen\u00f3meno actual, carecemos de investigaciones suficientes para establecer qu\u00e9 consecuencias conllevar\u00e1n estos procesos identitarios del adolescente hiperconectado. Por ello se plantea el desarrollo del Proyecto de Investigaci\u00f3n <em>Identidades digitales en j\u00f3venes hiperconectados: retos para el contexto familiar, social y escolar<\/em>, desarrollado por el Grupo de Investigaci\u00f3n Reconocido GIPEP de la Universidad de Salamanca. El objetivo del proyecto se concreta en comprender los procesos de construcci\u00f3n y reconstrucci\u00f3n de las identidades de los j\u00f3venes, analizando de qu\u00e9 manera y en qu\u00e9 nivel incide la hiperconectividad y la percepci\u00f3n que tienen estos de sus tiempos de conexi\u00f3n en diferentes espacios virtuales de ocio. El enfoque metodol\u00f3gico desarrollado presenta la triangulaci\u00f3n de m\u00e9todos documentales, cuantitativos y cualitativos de investigaci\u00f3n social. Asimismo, se presentan dos experimentos que se llevar\u00e1n a cabo a trav\u00e9s de dos variantes: a) Conectado, estudio del tiempo que los j\u00f3venes utilizan la tecnolog\u00eda; y b) Desconectado, estudio de autopercepci\u00f3n basado en un per\u00edodo de desconexi\u00f3n voluntaria de los j\u00f3venes. Los datos obtenidos en la fase preliminar del estudio nos llevan a concluir que la educaci\u00f3n tecnol\u00f3gica es clave para que los j\u00f3venes reflexionen sobre el significado e impacto de la hiperconexi\u00f3n, sobre el impacto resultante en su identidad y sobre la complejidad de los procesos de identificaci\u00f3n que pueden llevarse a cabo en el \u00e1mbito digital.\n<\/div>\n<\/div>\n<\/div>\n<div class=\"ast-container\" style=\"padding-top: 80px; padding-bottom: 80px;\">\n<h3>JOURNAL<\/h3>\n<p><a class=\"e_letra\" href=\"https:\/\/revistas.rcaap.pt\/millenium\/index\" rel=\"noopener noreferrer\" target=\"_blank\">MILLENIUM &#8211; JOURNAL OF EDUCATION, TECHNOLOGIES AND HEALTH<\/a><\/p>\n<p>All accepted abstracts (for oral or e-poster communications) will be published in a special issue Millenium \u2013 Journal of Education, Technologies and Health.<\/p>\n<p>Authors may also submit the article on the <a class=\"e_letra\" href=\"https:\/\/revistas.rcaap.pt\/millenium\/about\/submissions\" rel=\"noopener noreferrer\" target=\"_blank\">Millennium platform<\/a>.<br \/>\n<strong>Documents required for submission<\/strong><br \/>\n<span style=\"padding-left: 10px;\"> <i class=\"fa fa-caret-right\"><\/i> <a class=\"e_letra\" href=\"http:\/\/repositorio.ipv.pt\/bitstream\/10400.19\/3258\/34\/TemplateArticle_PT.docx\" rel=\"noopener noreferrer\" target=\"_blank\">Article template<\/a> (editable format)<\/span><br \/>\n<span style=\"padding-left: 10px;\"> <i class=\"fa fa-caret-right\"><\/i> <a class=\"e_letra\" href=\"http:\/\/repositorio.ipv.pt\/bitstream\/10400.19\/3258\/35\/0%20-%20Ficha%20Autores%20Artigo_trad.docx\" rel=\"noopener noreferrer\" target=\"_blank\">Article sheet<\/a><\/p>\n<p>Authors must comply with Millenium rules and editorial policy, namely:<br \/>\n<span style=\"padding-left: 10px;\"> <i class=\"fa fa-caret-right\"><\/i> The Article must be original and never been published;<\/span><br \/>\n<span style=\"padding-left: 10px;\"> <i class=\"fa fa-caret-right\"><\/i> Title, Abstract, Keywords \/ Descriptors in Portuguese, English and Spanish, right since the first submission;<\/span><br \/>\n<span style=\"padding-left: 10px;\"> <i class=\"fa fa-caret-right\"><\/i> The full text of the article can be submitted in PT, EN, ES and FR;<\/span><br \/>\n<span style=\"padding-left: 10px;\"> <i class=\"fa fa-caret-right\"><\/i> Complete Authors Form;<\/span><br \/>\n<span style=\"padding-left: 10px;\"> <i class=\"fa fa-caret-right\"><\/i> Article structured according to the Journal\u2019s Template;<\/span><br \/>\n<span style=\"padding-left: 10px;\"> <i class=\"fa fa-caret-right\"><\/i> Structured Summary;<\/span><br \/>\n<span style=\"padding-left: 10px;\"> <i class=\"fa fa-caret-right\"><\/i> Bibliographical references according to the APA style;<\/span><\/p>\n<div style=\"border-top: 1px solid #dd9100; border-bottom: 1px dotted #dd9100; padding-top: 20px; margin-bottom: 50px;\">\nINDEXED IN<br \/>\n<a class=\"e_letra\" href=\"https:\/\/repositorio.ipv.pt\/\" rel=\"noopener noreferrer\" target=\"_blank\">Reposit\u00f3rio Cient\u00edfico do Instituto Polit\u00e9cnico de Viseu<\/a>; <a class=\"e_letra\" href=\"https:\/\/dialnet.unirioja.es\/\" rel=\"noopener noreferrer\" target=\"_blank\">Dialnet<\/a>; LATINDEX \u2013 <a class=\"e_letra\" href=\"https:\/\/www.latindex.unam.mx\/index.html\" rel=\"noopener noreferrer\" target=\"_blank\">Sistema Regional de Informaci\u00f3n en L\u00ednea para Revistas Cient\u00edficas de Am\u00e9rica Latina, el Caribe, Espa\u00f1a y Portugal<\/a>;  DOAJ &#8211; <a class=\"e_letra\" href=\"https:\/\/www.doaj.org\/\" rel=\"noopener noreferrer\" target=\"_blank\">Directory of Open Access Journals; SCIELO<\/a>\n<\/div>\n<h3>SCIENTIFIC COMMITTEE<\/h3>\n<div class=\"col-container\">\n<div class=\"column50\" style=\"padding-left: 10px; padding-right: 10px;\">\n<p style=\"padding-top: 10px;\">Ana Paula Cardoso<br \/>\n<span style=\"font-size: 0.8em;\">POLIT\u00c9CNICO DE VISEU, ESCOLA SUPERIOR DE EDUCA\u00c7\u00c3O, CI&#038;DEI, Portugal | <a class=\"e_letra\" href=\"https:\/\/www.cienciavitae.pt\/4019-E6D8-1885\" rel=\"noopener noreferrer\" target=\"_blank\"><strong>cienciaVITAE<\/strong><\/a><\/span><\/p>\n<p>Ana Costa Lopes<br \/>\n<span style=\"font-size: 0.8em;\">POLIT\u00c9CNICO DE VISEU, ESCOLA SUPERIOR DE EDUCA\u00c7\u00c3O, CI&#038;DEI, Portugal | <a class=\"e_letra\" href=\"http:\/\/orcid.org\/0000-0002-8373-4223\" rel=\"noopener noreferrer\" target=\"_blank\"><strong>ORCiD<\/strong><\/a><\/span><\/p>\n<p>Ana Souto e Melo<br \/>\n<span style=\"font-size: 0.8em;\">POLIT\u00c9CNICO DE VISEU, ESCOLA SUPERIOR DE EDUCA\u00c7\u00c3O, CI&#038;DEI, Portugal | <a class=\"e_letra\" href=\"http:\/\/orcid.org\/0000-0002-2659-8755\" rel=\"noopener noreferrer\" target=\"_blank\"><strong>ORCiD<\/strong><\/a><\/span><\/p>\n<p>Antonino Pereira<br \/>\n<span style=\"font-size: 0.8em;\">POLIT\u00c9CNICO DE VISEU, ESCOLA SUPERIOR DE EDUCA\u00c7\u00c3O, CI&#038;DEI, Portugal | <a class=\"e_letra\" href=\"https:\/\/www.cienciavitae.pt\/3F1A-82A9-79DA\" rel=\"noopener noreferrer\" target=\"_blank\"><strong>cienciaVITAE<\/strong><\/a><\/span><\/p>\n<p>Belmiro Rego<br \/>\n<span style=\"font-size: 0.8em;\">POLIT\u00c9CNICO DE VISEU, ESCOLA SUPERIOR DE EDUCA\u00c7\u00c3O, CI&#038;DEI, Portugal | <a class=\"e_letra\" href=\"https:\/\/www.cienciavitae.pt\/FA11-63C6-5DFE\" rel=\"noopener noreferrer\" target=\"_blank\"><strong>cienciaVITAE<\/strong><\/a><\/span><\/p>\n<p>Cristina Azevedo Gomes \u00a0\u00a0<br \/>\n<span style=\"font-size: 0.8em;\">POLIT\u00c9CNICO DE VISEU, ESCOLA SUPERIOR DE EDUCA\u00c7\u00c3O, CI&#038;DEI, Portugal | <a class=\"e_letra\" href=\"https:\/\/www.cienciavitae.pt\/DB16-B6F8-52F6\" rel=\"noopener noreferrer\" target=\"_blank\"><strong>cienciaVITAE<\/strong><\/a><\/span><\/p>\n<p>Cristina Coimbra Vieira<br \/>\n<span style=\"font-size: 0.8em;\">UNIVERSIDADE DE COIMBRA, FACULDADE DE PSICOLOGIA E DE CI\u00caNCIAS DA EDUCA\u00c7\u00c3O, Portugal | <a class=\"e_letra\" href=\"https:\/\/www.cienciavitae.pt\/C415-B0B9-5315\" rel=\"noopener noreferrer\" target=\"_blank\"><strong>cienciaVITAE<\/strong><\/a><\/span><\/p>\n<p>Em\u00edlia Martins<br \/>\n<span style=\"font-size: 0.8em;\">POLIT\u00c9CNICO DE VISEU, ESCOLA SUPERIOR DE EDUCA\u00c7\u00c3O, CI&#038;DEI, Portugal | <a class=\"e_letra\" href=\"https:\/\/www.cienciavitae.pt\/4119-B43E-DA69\" rel=\"noopener noreferrer\" target=\"_blank\"><strong>cienciaVITAE<\/strong><\/a><\/span><\/p>\n<p>Esperan\u00e7a Ribeiro<br \/>\n<span style=\"font-size: 0.8em;\">POLIT\u00c9CNICO DE VISEU, ESCOLA SUPERIOR DE EDUCA\u00c7\u00c3O, CI&#038;DEI, Portugal | <a class=\"e_letra\" href=\"http:\/\/orcid.org\/0000-0003-2936-9891\" rel=\"noopener noreferrer\" target=\"_blank\"><strong>ORCiD<\/strong><\/a><\/span><\/p>\n<p>H\u00e9lia Pinto<br \/>\n<span style=\"font-size: 0.8em;\">POLIT\u00c9CNICO DE LEIRIA, CI&#038;DEI, Portugal | <a class=\"e_letra\" href=\"https:\/\/www.cienciavitae.pt\/B211-F250-98AF\" rel=\"noopener noreferrer\" target=\"_blank\"><strong>cienciaVITAE<\/strong><\/a><\/span><\/p>\n<p>Henrique Ramalho<br \/>\n<span style=\"font-size: 0.8em;\">POLIT\u00c9CNICO DE VISEU, ESCOLA SUPERIOR DE EDUCA\u00c7\u00c3O, CI&#038;DEI, Portugal | <a class=\"e_letra\" href=\"http:\/\/orcid.org\/0000-0002-5512-1278\" rel=\"noopener noreferrer\" target=\"_blank\"><strong>ORCiD<\/strong><\/a><\/span><\/p>\n<p>Isabel Aires de Matos<br \/>\n<span style=\"font-size: 0.8em;\">POLIT\u00c9CNICO DE VISEU, ESCOLA SUPERIOR DE EDUCA\u00c7\u00c3O, CI&#038;DEI, Portugal | <a class=\"e_letra\" href=\"http:\/\/orcid.org\/0000-0002-8783-7318\" rel=\"noopener noreferrer\" target=\"_blank\"><strong>ORCiD<\/strong><\/a><\/span><\/p>\n<\/div>\n<div class=\"column50\" style=\"padding-left: 10px; padding-right: 10px;\">\n<p style=\"padding-top: 10px;\">Jo\u00e3o Paulo Balula<br \/>\n<span style=\"font-size: 0.8em;\">POLIT\u00c9CNICO DE VISEU, ESCOLA SUPERIOR DE EDUCA\u00c7\u00c3O, CI&#038;DEI, Portugal | <a class=\"e_letra\" href=\"https:\/\/www.cienciavitae.pt\/0B1F-4943-E17A\" rel=\"noopener noreferrer\" target=\"_blank\"><strong>cienciaVITAE<\/strong><\/a><\/span><\/p>\n<p>Jo\u00e3o Rocha<br \/>\n<span style=\"font-size: 0.8em;\">POLIT\u00c9CNICO DE VISEU, ESCOLA SUPERIOR DE EDUCA\u00c7\u00c3O, CI&#038;DEI, Portugal | <a class=\"e_letra\" href=\"https:\/\/www.cienciavitae.pt\/F214-E725-4B51\" rel=\"noopener noreferrer\" target=\"_blank\"><strong>cienciaVITAE<\/strong><\/a><\/span><\/p>\n<p>Jos\u00e9 G\u00e1squez Linares<br \/>\n<span style=\"font-size: 0.8em;\">UNIVERSIDAD ALMER\u00cdA, Spain | <a class=\"e_letra\" href=\"https:\/\/www.researchgate.net\/profile\/Jose_Gazquez_Linares\" rel=\"noopener noreferrer\" target=\"_blank\"><strong>researchGATE<\/strong><\/a><\/span><\/p>\n<p>Jos\u00e9 Fern\u00e1ndez Batanero<br \/>\n<span style=\"font-size: 0.8em;\">UNIVERSIDAD SEVILLA, Spain | <a class=\"e_letra\" href=\"https:\/\/www.researchgate.net\/profile\/Jose_Fernandez_Batanero\" rel=\"noopener noreferrer\" target=\"_blank\"><strong>researchGATE<\/strong><\/a><\/span><\/p>\n<p>Luis Sousa<br \/>\n<span style=\"font-size: 0.8em;\">POLIT\u00c9CNICO DE VISEU, ESCOLA SUPERIOR DE EDUCA\u00c7\u00c3O, CI&#038;DEI, Portugal | <a class=\"e_letra\" href=\"https:\/\/www.cienciavitae.pt\/1311-89F6-B2CE\" rel=\"noopener noreferrer\" target=\"_blank\"><strong>cienciaVITAE<\/strong><\/a><\/span><\/p>\n<p>Maria Jos\u00e9 Gamboa<br \/>\n<span style=\"font-size: 0.8em;\">POLIT\u00c9CNICO DE LEIRIA, CI&#038;DEI, Portugal | <a class=\"e_letra\" href=\"http:\/\/orcid.org\/0000-0003-3273-4773\" rel=\"noopener noreferrer\" target=\"_blank\"><strong>ORCiD<\/strong><\/a><\/span><\/p>\n<p>Maria Pacheco Figueiredo<br \/>\n<span style=\"font-size: 0.8em;\">POLIT\u00c9CNICO DE VISEU, ESCOLA SUPERIOR DE EDUCA\u00c7\u00c3O, CI&#038;DEI, Portugal | <a class=\"e_letra\" href=\"https:\/\/www.cienciavitae.pt\/8C11-3B00-7E06\" rel=\"noopener noreferrer\" target=\"_blank\"><strong>cienciaVITAE<\/strong><\/a><\/span><\/p>\n<p>N\u00eddia Salom\u00e9 Morais<br \/>\n<span style=\"font-size: 0.8em;\">POLIT\u00c9CNICO DE VISEU, ESCOLA SUPERIOR DE EDUCA\u00c7\u00c3O, CI&#038;DEI, Portugal | <a class=\"e_letra\" href=\"http:\/\/orcid.org\/0000-0001-5680-4778\" rel=\"noopener noreferrer\" target=\"_blank\"><strong>ORCiD<\/strong><\/a><\/span><\/p>\n<p>Pedro Tadeu<br \/>\n<span style=\"font-size: 0.8em;\">POLIT\u00c9CNICO DA GUARDA, CI&#038;DEI, Portugal | <a class=\"e_letra\" href=\"https:\/\/www.cienciavitae.pt\/D61B-0E14-0121\" rel=\"noopener noreferrer\" target=\"_blank\"><strong>cienciaVITAE<\/strong><\/a><\/span><\/p>\n<p>Sofia Campos<br \/>\n<span style=\"font-size: 0.8em;\">POLIT\u00c9CNICO DE VISEU, ESCOLA SUPERIOR DE SA\u00daDE, CI&#038;DEI, Portugal | <a class=\"e_letra\" href=\"https:\/\/www.cienciavitae.pt\/B11D-134D-9223\" rel=\"noopener noreferrer\" target=\"_blank\"><strong>cienciaVITAE<\/strong><\/a><\/span><\/p>\n<p>Teresa Maria Paiva<br \/>\n<span style=\"font-size: 0.8em;\">POLIT\u00c9CNICO DA GUARDA, CI&#038;DEI, Portugal | <a class=\"e_letra\" href=\"https:\/\/www.cienciavitae.pt\/9914-5D69-25BC\" rel=\"noopener noreferrer\" target=\"_blank\"><strong>cienciaVITAE<\/strong><\/a><\/span><\/p>\n<p>V\u00e9ronique Delplancq<br \/>\n<span style=\"font-size: 0.8em;\">POLIT\u00c9CNICO DE VISEU, ESCOLA SUPERIOR DE EDUCA\u00c7\u00c3O, CI&#038;DEI, Portugal | <a class=\"e_letra\" href=\"http:\/\/orcid.org\/0000-0002-5456-3832\" rel=\"noopener noreferrer\" target=\"_blank\"><strong>ORCiD<\/strong><\/a><\/span><\/p>\n<\/div>\n<\/div>\n<\/div>\n<\/div>\n<\/div>\n","protected":false},"excerpt":{"rendered":"<p>EDUCATION Pedagogical innovation ICT in educational context Didactics and teacher training Education in non-formal contexts Education for entrepreneurship Inclusive education oral communication template SPEAKER Jos\u00e9 Fern\u00e1ndez Batanero, PhD UNIVERSIDAD DE SEVILLA EDUCACI\u00d3N INCLUSIVA Y TIC La inclusi\u00f3n en educaci\u00f3n parte de la idea clave de que es posible atender a \u201ctodos\u201d los estudiantes y conducirles &hellip;<\/p>\n<p class=\"read-more\"> <a class=\"\" href=\"https:\/\/events.ipv.pt\/cmr\/en\/educacao\/\"> <span class=\"screen-reader-text\">EDUCATION<\/span> Read More &raquo;<\/a><\/p>\n","protected":false},"author":1,"featured_media":0,"parent":0,"menu_order":0,"comment_status":"closed","ping_status":"closed","template":"","meta":{"site-sidebar-layout":"default","site-content-layout":"default","ast-global-header-display":"","ast-main-header-display":"","ast-hfb-above-header-display":"","ast-hfb-below-header-display":"","ast-hfb-mobile-header-display":"","site-post-title":"disabled","ast-breadcrumbs-content":"","ast-featured-img":"","footer-sml-layout":"","theme-transparent-header-meta":"default","adv-header-id-meta":"","stick-header-meta":"","header-above-stick-meta":"","header-main-stick-meta":"","header-below-stick-meta":"","footnotes":""},"class_list":["post-438","page","type-page","status-publish","hentry"],"translation":{"provider":"WPGlobus","version":"3.0.2","language":"en","enabled_languages":["pt","en"],"languages":{"pt":{"title":true,"content":true,"excerpt":false},"en":{"title":true,"content":true,"excerpt":false}}},"yoast_head":"<!-- This site is optimized with the Yoast SEO plugin v27.4 - https:\/\/yoast.com\/product\/yoast-seo-wordpress\/ -->\r\n<title>EDUCATION &#8226; CMR<\/title>\r\n<meta name=\"robots\" content=\"index, follow, max-snippet:-1, max-image-preview:large, max-video-preview:-1\" \/>\r\n<link rel=\"canonical\" href=\"https:\/\/events.ipv.pt\/cmr\/educacao\/\" \/>\r\n<meta property=\"og:locale\" content=\"en_US\" \/>\r\n<meta property=\"og:type\" content=\"article\" \/>\r\n<meta property=\"og:title\" content=\"EDUCATION &#8226; CMR\" \/>\r\n<meta property=\"og:url\" content=\"https:\/\/events.ipv.pt\/cmr\/educacao\/\" \/>\r\n<meta property=\"og:site_name\" content=\"CMR\" \/>\r\n<meta property=\"article:modified_time\" content=\"2021-05-26T11:02:49+00:00\" \/>\r\n<meta property=\"og:image\" content=\"http:\/\/localhost\/cmr\/wp-content\/uploads\/2021\/02\/c_batanero.jpg\" \/>\r\n<meta name=\"twitter:card\" content=\"summary_large_image\" \/>\r\n<meta name=\"twitter:label1\" content=\"Est. reading time\" \/>\n\t<meta name=\"twitter:data1\" content=\"12 minutes\" \/>\r\n<script type=\"application\/ld+json\" class=\"yoast-schema-graph\">{\"@context\":\"https:\\\/\\\/schema.org\",\"@graph\":[{\"@type\":\"WebPage\",\"@id\":\"https:\\\/\\\/events.ipv.pt\\\/cmr\\\/educacao\\\/\",\"url\":\"https:\\\/\\\/events.ipv.pt\\\/cmr\\\/educacao\\\/\",\"name\":\"EDUCATION &#8226; CMR\",\"isPartOf\":{\"@id\":\"https:\\\/\\\/events.ipv.pt\\\/cmr\\\/#website\"},\"primaryImageOfPage\":{\"@id\":\"https:\\\/\\\/events.ipv.pt\\\/cmr\\\/educacao\\\/#primaryimage\"},\"image\":{\"@id\":\"https:\\\/\\\/events.ipv.pt\\\/cmr\\\/educacao\\\/#primaryimage\"},\"thumbnailUrl\":\"http:\\\/\\\/localhost\\\/cmr\\\/wp-content\\\/uploads\\\/2021\\\/02\\\/c_batanero.jpg\",\"datePublished\":\"2021-02-08T16:17:23+00:00\",\"dateModified\":\"2021-05-26T11:02:49+00:00\",\"breadcrumb\":{\"@id\":\"https:\\\/\\\/events.ipv.pt\\\/cmr\\\/educacao\\\/#breadcrumb\"},\"inLanguage\":\"en-US\",\"potentialAction\":[{\"@type\":\"ReadAction\",\"target\":[\"https:\\\/\\\/events.ipv.pt\\\/cmr\\\/educacao\\\/\"]}]},{\"@type\":\"ImageObject\",\"inLanguage\":\"en-US\",\"@id\":\"https:\\\/\\\/events.ipv.pt\\\/cmr\\\/educacao\\\/#primaryimage\",\"url\":\"http:\\\/\\\/localhost\\\/cmr\\\/wp-content\\\/uploads\\\/2021\\\/02\\\/c_batanero.jpg\",\"contentUrl\":\"http:\\\/\\\/localhost\\\/cmr\\\/wp-content\\\/uploads\\\/2021\\\/02\\\/c_batanero.jpg\"},{\"@type\":\"BreadcrumbList\",\"@id\":\"https:\\\/\\\/events.ipv.pt\\\/cmr\\\/educacao\\\/#breadcrumb\",\"itemListElement\":[{\"@type\":\"ListItem\",\"position\":1,\"name\":\"Home\",\"item\":\"https:\\\/\\\/events.ipv.pt\\\/cmr\\\/\"},{\"@type\":\"ListItem\",\"position\":2,\"name\":\"EDUCA\u00c7\u00c3O\"}]},{\"@type\":\"WebSite\",\"@id\":\"https:\\\/\\\/events.ipv.pt\\\/cmr\\\/#website\",\"url\":\"https:\\\/\\\/events.ipv.pt\\\/cmr\\\/\",\"name\":\"CMR International Conference on Multidisciplinary Research\",\"description\":\"International Conference on Multidisciplinary Research\",\"publisher\":{\"@id\":\"https:\\\/\\\/events.ipv.pt\\\/cmr\\\/#organization\"},\"potentialAction\":[{\"@type\":\"SearchAction\",\"target\":{\"@type\":\"EntryPoint\",\"urlTemplate\":\"https:\\\/\\\/events.ipv.pt\\\/cmr\\\/?s={search_term_string}\"},\"query-input\":{\"@type\":\"PropertyValueSpecification\",\"valueRequired\":true,\"valueName\":\"search_term_string\"}}],\"inLanguage\":\"en-US\"},{\"@type\":\"Organization\",\"@id\":\"https:\\\/\\\/events.ipv.pt\\\/cmr\\\/#organization\",\"name\":\"Instituto Polit\u00e9cnico de Viseu\",\"url\":\"https:\\\/\\\/events.ipv.pt\\\/cmr\\\/\",\"logo\":{\"@type\":\"ImageObject\",\"inLanguage\":\"en-US\",\"@id\":\"https:\\\/\\\/events.ipv.pt\\\/cmr\\\/#\\\/schema\\\/logo\\\/image\\\/\",\"url\":\"http:\\\/\\\/localhost\\\/cmr\\\/wp-content\\\/uploads\\\/2021\\\/03\\\/logo_pv.png\",\"contentUrl\":\"http:\\\/\\\/localhost\\\/cmr\\\/wp-content\\\/uploads\\\/2021\\\/03\\\/logo_pv.png\",\"width\":4205,\"height\":1108,\"caption\":\"Instituto Polit\u00e9cnico de Viseu\"},\"image\":{\"@id\":\"https:\\\/\\\/events.ipv.pt\\\/cmr\\\/#\\\/schema\\\/logo\\\/image\\\/\"}}]}<\/script>\r\n<!-- \/ Yoast SEO plugin. -->","yoast_head_json":{"title":"EDUCATION &#8226; CMR","robots":{"index":"index","follow":"follow","max-snippet":"max-snippet:-1","max-image-preview":"max-image-preview:large","max-video-preview":"max-video-preview:-1"},"canonical":"https:\/\/events.ipv.pt\/cmr\/educacao\/","og_locale":"en_US","og_type":"article","og_title":"EDUCATION &#8226; CMR","og_url":"https:\/\/events.ipv.pt\/cmr\/educacao\/","og_site_name":"CMR","article_modified_time":"2021-05-26T11:02:49+00:00","og_image":[{"url":"http:\/\/localhost\/cmr\/wp-content\/uploads\/2021\/02\/c_batanero.jpg","type":"","width":"","height":""}],"twitter_card":"summary_large_image","twitter_misc":{"Est. reading time":"12 minutes"},"schema":{"@context":"https:\/\/schema.org","@graph":[{"@type":"WebPage","@id":"https:\/\/events.ipv.pt\/cmr\/educacao\/","url":"https:\/\/events.ipv.pt\/cmr\/educacao\/","name":"EDUCATION &#8226; CMR","isPartOf":{"@id":"https:\/\/events.ipv.pt\/cmr\/#website"},"primaryImageOfPage":{"@id":"https:\/\/events.ipv.pt\/cmr\/educacao\/#primaryimage"},"image":{"@id":"https:\/\/events.ipv.pt\/cmr\/educacao\/#primaryimage"},"thumbnailUrl":"http:\/\/localhost\/cmr\/wp-content\/uploads\/2021\/02\/c_batanero.jpg","datePublished":"2021-02-08T16:17:23+00:00","dateModified":"2021-05-26T11:02:49+00:00","breadcrumb":{"@id":"https:\/\/events.ipv.pt\/cmr\/educacao\/#breadcrumb"},"inLanguage":"en-US","potentialAction":[{"@type":"ReadAction","target":["https:\/\/events.ipv.pt\/cmr\/educacao\/"]}]},{"@type":"ImageObject","inLanguage":"en-US","@id":"https:\/\/events.ipv.pt\/cmr\/educacao\/#primaryimage","url":"http:\/\/localhost\/cmr\/wp-content\/uploads\/2021\/02\/c_batanero.jpg","contentUrl":"http:\/\/localhost\/cmr\/wp-content\/uploads\/2021\/02\/c_batanero.jpg"},{"@type":"BreadcrumbList","@id":"https:\/\/events.ipv.pt\/cmr\/educacao\/#breadcrumb","itemListElement":[{"@type":"ListItem","position":1,"name":"Home","item":"https:\/\/events.ipv.pt\/cmr\/"},{"@type":"ListItem","position":2,"name":"EDUCA\u00c7\u00c3O"}]},{"@type":"WebSite","@id":"https:\/\/events.ipv.pt\/cmr\/#website","url":"https:\/\/events.ipv.pt\/cmr\/","name":"CMR International Conference on Multidisciplinary Research","description":"International Conference on Multidisciplinary Research","publisher":{"@id":"https:\/\/events.ipv.pt\/cmr\/#organization"},"potentialAction":[{"@type":"SearchAction","target":{"@type":"EntryPoint","urlTemplate":"https:\/\/events.ipv.pt\/cmr\/?s={search_term_string}"},"query-input":{"@type":"PropertyValueSpecification","valueRequired":true,"valueName":"search_term_string"}}],"inLanguage":"en-US"},{"@type":"Organization","@id":"https:\/\/events.ipv.pt\/cmr\/#organization","name":"Instituto Polit\u00e9cnico de Viseu","url":"https:\/\/events.ipv.pt\/cmr\/","logo":{"@type":"ImageObject","inLanguage":"en-US","@id":"https:\/\/events.ipv.pt\/cmr\/#\/schema\/logo\/image\/","url":"http:\/\/localhost\/cmr\/wp-content\/uploads\/2021\/03\/logo_pv.png","contentUrl":"http:\/\/localhost\/cmr\/wp-content\/uploads\/2021\/03\/logo_pv.png","width":4205,"height":1108,"caption":"Instituto Polit\u00e9cnico de Viseu"},"image":{"@id":"https:\/\/events.ipv.pt\/cmr\/#\/schema\/logo\/image\/"}}]}},"_links":{"self":[{"href":"https:\/\/events.ipv.pt\/cmr\/en\/wp-json\/wp\/v2\/pages\/438","targetHints":{"allow":["GET"]}}],"collection":[{"href":"https:\/\/events.ipv.pt\/cmr\/en\/wp-json\/wp\/v2\/pages"}],"about":[{"href":"https:\/\/events.ipv.pt\/cmr\/en\/wp-json\/wp\/v2\/types\/page"}],"author":[{"embeddable":true,"href":"https:\/\/events.ipv.pt\/cmr\/en\/wp-json\/wp\/v2\/users\/1"}],"replies":[{"embeddable":true,"href":"https:\/\/events.ipv.pt\/cmr\/en\/wp-json\/wp\/v2\/comments?post=438"}],"version-history":[{"count":63,"href":"https:\/\/events.ipv.pt\/cmr\/en\/wp-json\/wp\/v2\/pages\/438\/revisions"}],"predecessor-version":[{"id":821,"href":"https:\/\/events.ipv.pt\/cmr\/en\/wp-json\/wp\/v2\/pages\/438\/revisions\/821"}],"wp:attachment":[{"href":"https:\/\/events.ipv.pt\/cmr\/en\/wp-json\/wp\/v2\/media?parent=438"}],"curies":[{"name":"wp","href":"https:\/\/api.w.org\/{rel}","templated":true}]}}