{"id":2,"date":"2021-02-05T14:59:07","date_gmt":"2021-02-05T14:59:07","guid":{"rendered":"http:\/\/localhost\/cmr\/?page_id=2"},"modified":"2021-07-02T15:03:55","modified_gmt":"2021-07-02T15:03:55","slug":"sample-page","status":"publish","type":"page","link":"https:\/\/events.ipv.pt\/cmr\/en\/","title":{"rendered":"Home"},"content":{"rendered":"<div class=\"parallaxCMR\">\n<div class=\"ast-container\" style=\"text-align: center; padding-top: 100px;\">\n<iframe loading=\"lazy\" width=\"560\" height=\"315\" src=\"https:\/\/www.youtube-nocookie.com\/embed\/jwcwpq7FTOA\" title=\"YouTube video player\" frameborder=\"0\" allow=\"accelerometer; autoplay; clipboard-write; encrypted-media; gyroscope; picture-in-picture\" allowfullscreen><\/iframe><\/div>\n<div style=\"background-color: rgba(0,0,0,0.7); padding-top: 50px;\">\n<div class=\"ast-container col-containerEnd\">\n<div class=\"column50\" data-aos=\"zoom-in-up\" style=\"text-align: right; padding-right: 15px;\">\n<h3 style=\"color: #fff; text-align: right;\"><span style=\"background-color: rgba(158,155,104,0.5); padding-left: 10px; padding-right: 10px; border-radius: 50px;\">HYBRID CONFERENCE<\/span><\/h3>\n<h4 style=\"color: #fff; text-align: right;\">CMR | International Conference on<br \/>\nMultidisciplinary Research<\/h4>\n<h2 style=\"color: #fff;\">1<span style=\"font-size: 0.4em;\">st<\/span><span style=\"font-size: 0.8em; color: #9e9b68;\">&#038;<\/span>2<span style=\"font-size: 0.4em;\">nd<\/span> july<span style=\"color: #9e9b68;\">,<\/span> 2021<\/h2>\n<p><!--<a class=\"button_br\" href=\"http:\/\/localhost\/cmr\/en\/registra\/\">REGISTER NOW<\/a><br \/>--><br \/>\n<a class=\"button_br\" href=\"http:\/\/localhost\/cmr\/wp-content\/uploads\/2021\/06\/programCMR.pdf\" target=\"_blank\" rel=\"noopener\">PROGRAM<\/a><br \/>\n<a class=\"button_br\" href=\"http:\/\/localhost\/cmr\/wp-content\/uploads\/2021\/06\/parallelSessionsCMR.pdf\" target=\"_blank\" rel=\"noopener\">PARALLEL SESSIONS<\/a>\n<\/div>\n<div class=\"column50\">\n<img loading=\"lazy\" decoding=\"async\" src=\"http:\/\/localhost\/cmr\/wp-content\/uploads\/2021\/02\/3bicas_v1.png\" alt=\"\" width=\"355\" height=\"350\" class=\"alignnone size-full wp-image-52\" srcset=\"https:\/\/events.ipv.pt\/cmr\/wp-content\/uploads\/2021\/02\/3bicas_v1.png 355w, https:\/\/events.ipv.pt\/cmr\/wp-content\/uploads\/2021\/02\/3bicas_v1-300x296.png 300w\" sizes=\"auto, (max-width: 355px) 100vw, 355px\" \/>\n<\/div>\n<\/div>\n<\/div>\n<div style=\"background-color: #fff; padding-top: 80px; padding-bottom: 80px;\">\n<div class=\"ast-container\">\n<h2>NEW DATES<\/h2>\n<p>In light of the ongoing COVID-19 pandemic and to ensure the safety of participants and visitors, the Organizing Committee have decided to postpone the CMR 2020, it will now take place from <strong>1 to 2 July 2021<\/strong><\/p>\n<div style=\"border-bottom: 2px solid #000; width: 26%;\"><\/div>\n<h2 style=\"padding-top: 20px;\">IMPORTANT DATES<\/h2>\n<div class=\"col-containerLeft\">\n<div class=\"column30p\">\n<h4>REGISTRATION<\/h4>\n<p>1st phase:<span style=\"font-size: 0.9em; padding-left: 10px;\">starts: January 20th, 2020<\/span><br \/>\n<span style=\"font-size: 0.9em; padding-left: 70px;\">ends: June 4th, 2021<\/span><\/p>\n<p>2nd phase:<span style=\"font-size: 0.9em; padding-left: 10px;\">starts: June 5th, 2021<\/span><br \/>\n<span style=\"font-size: 0.9em; padding-left: 70px;\">ends: June 21st, 2021<\/span><\/p>\n<\/div>\n<div class=\"column30p\">\n<h4>CALL FOR PAPERS<\/h4>\n<p>Starts:<span style=\"font-size: 0.9em; padding-left: 10px;\">January 24th, 2020<\/span><br \/>\nEnds:<span style=\"font-size: 0.9em; padding-left: 10px;\">June 7th, 2021<\/span><\/p>\n<\/div>\n<div class=\"column30p\">\n<h4 style=\"color: #9e9b68;\">COMMUNICATION OF THE RESULTS TO THE AUTHORS<\/h4>\n<p style=\"color: #9e9b68;\">\u2022 until June 14th, 2021<\/p>\n<\/div>\n<\/div>\n<\/div>\n<\/div>\n<p><div style=\"background-color: rgba(0,0,0,0.5); border-top: 1px solid #fff; margin-top: -15px;\">\n<div class=\"ast-container\">\n<div class=\"triang\"><\/div>\n<div class=\"col-container\">\n<div class=\"column20org\" style=\"padding-top: 20px;\">\n<h3 style=\"color: #fff;\">ORGANIZING<br \/>COMMITTEE<\/h3>\n<\/div>\n<div data-aos=\"fade-right\" class=\"column20org\" style=\"padding-top: 20px; background-color: #fff;\">\n<img loading=\"lazy\" decoding=\"async\" style=\"margin-top: -20px;\" src=\"http:\/\/localhost\/cmr\/wp-content\/uploads\/2021\/02\/apc_v2.jpg\" alt=\"\" width=\"500\" height=\"500\" class=\"alignnone size-full wp-image-124\" srcset=\"https:\/\/events.ipv.pt\/cmr\/wp-content\/uploads\/2021\/02\/apc_v2.jpg 500w, https:\/\/events.ipv.pt\/cmr\/wp-content\/uploads\/2021\/02\/apc_v2-300x300.jpg 300w, https:\/\/events.ipv.pt\/cmr\/wp-content\/uploads\/2021\/02\/apc_v2-150x150.jpg 150w\" sizes=\"auto, (max-width: 500px) 100vw, 500px\" \/><\/p>\n<div style=\"padding-top: 50px; padding-bottom: 30px; border-top: 5px solid #dd9100; border-top: 5px solid #dd9100; margin-top: -15px; text-align: center;\">\n<p><span style=\"font-size: 1.2em;\">Ana Paula Cardoso, <\/span><span style=\"font-size: 0.8em;\">PhD<\/span><br \/>\n<span style=\"color: #a1a1a1;\">POLIT\u00c9CNICO DE VISEU, <a class=\"e_letra\" href=\"http:\/\/cidei.events.ipv.pt\/\" rel=\"noopener noreferrer\" target=\"_blank\">CI&#038;DEI<\/a><br \/>\n<a href=\"https:\/\/www.cienciavitae.pt\/4019-E6D8-1885\" rel=\"noopener noreferrer\" target=\"_blank\"><img loading=\"lazy\" decoding=\"async\" class=\"imgPreto\" src=\"http:\/\/localhost\/cmr\/wp-content\/uploads\/2021\/02\/cv_H20.png\" alt=\"\" width=\"41\" height=\"20\"><\/a><\/span><\/p>\n<\/div>\n<\/div>\n<div data-aos=\"fade-right\" class=\"column20org\" style=\"padding-top: 20px; background-color: #fff;\">\n<img loading=\"lazy\" decoding=\"async\" width=\"500\" height=\"500\" style=\"margin-top: -20px;\" src=\"http:\/\/localhost\/cmr\/wp-content\/uploads\/2021\/02\/jla_v2.jpg\" alt=\"\" class=\"alignnone size-full wp-image-131\" srcset=\"https:\/\/events.ipv.pt\/cmr\/wp-content\/uploads\/2021\/02\/jla_v2.jpg 500w, https:\/\/events.ipv.pt\/cmr\/wp-content\/uploads\/2021\/02\/jla_v2-300x300.jpg 300w, https:\/\/events.ipv.pt\/cmr\/wp-content\/uploads\/2021\/02\/jla_v2-150x150.jpg 150w\" sizes=\"auto, (max-width: 500px) 100vw, 500px\" \/><\/p>\n<div style=\"padding-top: 50px; border-top: 5px solid #4A8DC6; margin-top: -15px; text-align: center;\">\n<p><span style=\"font-size: 1.2em;\">Jos\u00e9 Lu\u00eds Abrantes, <\/span><span style=\"font-size: 0.8em;\">PhD<\/span><br \/>\n<span style=\"color: #a1a1a1;\">POLIT\u00c9CNICO DE VISEU, <a class=\"t_letra\" href=\"http:\/\/www.ipv.pt\/cised\/\" rel=\"noopener noreferrer\" target=\"_blank\">CISeD<\/a><br \/>\n<a href=\"https:\/\/www.cienciavitae.pt\/8E14-FE20-06DA\" rel=\"noopener noreferrer\" target=\"_blank\"><img loading=\"lazy\" decoding=\"async\" class=\"imgPreto\" src=\"http:\/\/localhost\/cmr\/wp-content\/uploads\/2021\/02\/cv_H20.png\" alt=\"\" width=\"41\" height=\"20\"><\/a><\/span><\/p>\n<\/div>\n<\/div>\n<div data-aos=\"fade-left\" class=\"column20org\" style=\"padding-top: 20px; background-color: #fff;\">\n<img loading=\"lazy\" decoding=\"async\" width=\"500\" height=\"500\" style=\"margin-top: -20px;\" src=\"http:\/\/localhost\/cmr\/wp-content\/uploads\/2021\/02\/mmc_v2.jpg\" alt=\"\" class=\"alignnone size-full wp-image-133\" srcset=\"https:\/\/events.ipv.pt\/cmr\/wp-content\/uploads\/2021\/02\/mmc_v2.jpg 500w, https:\/\/events.ipv.pt\/cmr\/wp-content\/uploads\/2021\/02\/mmc_v2-300x300.jpg 300w, https:\/\/events.ipv.pt\/cmr\/wp-content\/uploads\/2021\/02\/mmc_v2-150x150.jpg 150w\" sizes=\"auto, (max-width: 500px) 100vw, 500px\" \/><\/p>\n<div style=\"padding-top: 50px; border-top: 5px solid #a82d7c; margin-top: -15px; text-align: center;\">\n<p><span style=\"font-size: 1.2em;\">Manuela Ferreira, <\/span><span style=\"font-size: 0.8em;\">PhD<\/span><br \/>\n<span style=\"color: #a1a1a1;\">POLIT\u00c9CNICO DE VISEU, <a class=\"s_letra\" href=\"http:\/\/www.ipv.pt\/uicisa\/\" rel=\"noopener noreferrer\" target=\"_blank\">UICISA: E<\/a><br \/>\n<a href=\"https:\/\/www.cienciavitae.pt\/EA14-A6F8-7011\" rel=\"noopener noreferrer\" target=\"_blank\"><img loading=\"lazy\" decoding=\"async\" class=\"imgPreto\" src=\"http:\/\/localhost\/cmr\/wp-content\/uploads\/2021\/02\/cv_H20.png\" alt=\"\" width=\"41\" height=\"20\"><\/a><\/span><\/p>\n<\/div>\n<\/div>\n<div data-aos=\"fade-left\" class=\"column20org\" style=\"padding-top: 20px; background-color: #fff;\">\n<img loading=\"lazy\" decoding=\"async\" width=\"500\" height=\"500\" style=\"margin-top: -20px;\" src=\"http:\/\/localhost\/cmr\/wp-content\/uploads\/2021\/02\/rg_v2.jpg\" alt=\"\" class=\"alignnone size-full wp-image-135\" srcset=\"https:\/\/events.ipv.pt\/cmr\/wp-content\/uploads\/2021\/02\/rg_v2.jpg 500w, https:\/\/events.ipv.pt\/cmr\/wp-content\/uploads\/2021\/02\/rg_v2-300x300.jpg 300w, https:\/\/events.ipv.pt\/cmr\/wp-content\/uploads\/2021\/02\/rg_v2-150x150.jpg 150w\" sizes=\"auto, (max-width: 500px) 100vw, 500px\" \/><\/p>\n<div style=\"padding-top: 50px; border-top: 5px solid #95c11f; margin-top: -15px; text-align: center;\">\n<p><span style=\"font-size: 1.2em;\">Raquel Guin\u00e9, <\/span><span style=\"font-size: 0.8em;\">PhD<\/span><br \/>\n<span style=\"color: #a1a1a1;\">POLIT\u00c9CNICO DE VISEU, <a class=\"ca_letra\" href=\"http:\/\/cernas.events.ipv.pt\/\" rel=\"noopener noreferrer\" target=\"_blank\">CERNAS<\/a><br \/>\n<a href=\"https:\/\/www.cienciavitae.pt\/8B13-5492-0F23\" rel=\"noopener noreferrer\" target=\"_blank\"><img loading=\"lazy\" decoding=\"async\" class=\"imgPreto\" src=\"http:\/\/localhost\/cmr\/wp-content\/uploads\/2021\/02\/cv_H20.png\" alt=\"\" width=\"41\" height=\"20\"><\/a><\/span><\/p>\n<\/div>\n<\/div>\n<\/div>\n<\/div>\n<\/div>\n<div style=\"background-color: rgba(0,0,0,0.8); border-top: 1px solid #fff;\">\n<div class=\"ast-container\">\n<div class=\"triang\"><\/div>\n<div class=\"col-container\">\n<div class=\"column20org\" style=\"padding-top: 20px;\">\n<h3 style=\"color: #fff;\">ABSTRACT<br \/>TOPICS<\/h3>\n<\/div>\n<div data-aos=\"fade-right\" class=\"column20org\" style=\"padding: 30px 15px 15px 15px; background-color: #fff; border-top: 5px solid #dd9100;\">\n<h4>Education<\/h4>\n<p><i class=\"fa fa-caret-right\"><\/i> Pedagogical innovation<br \/>\n<i class=\"fa fa-caret-right\"><\/i> ICT in educational context<br \/>\n<i class=\"fa fa-caret-right\"><\/i> Didactics and teacher training<br \/>\n<i class=\"fa fa-caret-right\"><\/i> Education in non-formal contexts<br \/>\n<i class=\"fa fa-caret-right\"><\/i> Education for entrepreneurship<br \/>\n<i class=\"fa fa-caret-right\"><\/i> Inclusive education<br \/>\n<a class=\"button_preto\" href=\"http:\/\/localhost\/cmr\/en\/educacao\/\">see more<\/a>\n<\/div>\n<div data-aos=\"fade-right\" class=\"column20org\" style=\"padding: 30px 15px 15px 15px; background-color: #fff; border-top: 5px solid #4A8DC6;\">\n<h4>Technologies<\/h4>\n<p><i class=\"fa fa-caret-right\"><\/i> Digital decision support systems<br \/>\n<i class=\"fa fa-caret-right\"><\/i> Social web applied to culture, economy and society<br \/>\n<i class=\"fa fa-caret-right\"><\/i> Connected digital society<br \/>\n<i class=\"fa fa-caret-right\"><\/i> Digital service business<br \/>\n<i class=\"fa fa-caret-right\"><\/i> Digital automotive industry<br \/>\n<a class=\"button_preto\" href=\"http:\/\/localhost\/cmr\/en\/tecnologias\/\">see more<\/a>\n<\/div>\n<div data-aos=\"fade-left\" class=\"column20org\" style=\"padding: 30px 15px 15px 15px; background-color: #fff; border-top: 5px solid #a82d7c;\">\n<h4>Health<\/h4>\n<p><i class=\"fa fa-caret-right\"><\/i> Health Processes\/Illness throughout the life cycle<br \/>\n<i class=\"fa fa-caret-right\"><\/i> Sexual and reproductive health<br \/>\n<i class=\"fa fa-caret-right\"><\/i> Mental health<br \/>\n<i class=\"fa fa-caret-right\"><\/i> Violence in school, family and work environments<br \/>\n<i class=\"fa fa-caret-right\"><\/i> Interculturality and Immigration<br \/>\n<i class=\"fa fa-caret-right\"><\/i> Quality of life<br \/>\n<i class=\"fa fa-caret-right\"><\/i> Public, family and community health literacy<br \/>\n<a class=\"button_preto\" href=\"http:\/\/localhost\/cmr\/en\/saude\/\">see more<\/a>\n<\/div>\n<div data-aos=\"fade-left\" class=\"column20org\" style=\"padding: 30px 15px 15px 15px; background-color: #fff; border-top: 5px solid #95c11f;\">\n<h4>Agrarian Sciences<\/h4>\n<p><i class=\"fa fa-caret-right\"><\/i> Sustainable agriculture<br \/>\n<i class=\"fa fa-caret-right\"><\/i> Animal science<br \/>\n<i class=\"fa fa-caret-right\"><\/i> Environment &#038; Society<br \/>\n<i class=\"fa fa-caret-right\"><\/i> Food Science &#038; Technology<br \/>\n<i class=\"fa fa-caret-right\"><\/i> Nutrition &#038; Eating behaviours<br \/>\n<a class=\"button_preto\" href=\"http:\/\/localhost\/cmr\/en\/ciencias-agrarias\/\">see more<\/a>\n<\/div>\n<\/div>\n<\/div>\n<\/div>\n<\/p>\n<div style=\"background-color: rgba(0,0,0,0.6); border-top: 1px solid #fff; margin-top: -15px;\">\n<div class=\"ast-container\">\n<div class=\"triang\"><\/div>\n<div class=\"col-container\">\n<div class=\"column20org\" style=\"padding-top: 20px;\">\n<h3 style=\"color: #fff;\">SPEAKER<\/h3>\n<\/div>\n<div data-aos=\"fade-right\" class=\"column20org\" style=\"padding-top: 20px; background-color: #fff;\">\n<img loading=\"lazy\" decoding=\"async\" style=\"margin-top: -20px;\" src=\"http:\/\/localhost\/cmr\/wp-content\/uploads\/2021\/02\/c_batanero.jpg\" alt=\"\" width=\"500\" height=\"500\" class=\"alignnone size-full wp-image-158\" srcset=\"https:\/\/events.ipv.pt\/cmr\/wp-content\/uploads\/2021\/02\/c_batanero.jpg 500w, https:\/\/events.ipv.pt\/cmr\/wp-content\/uploads\/2021\/02\/c_batanero-300x300.jpg 300w, https:\/\/events.ipv.pt\/cmr\/wp-content\/uploads\/2021\/02\/c_batanero-150x150.jpg 150w\" sizes=\"auto, (max-width: 500px) 100vw, 500px\" \/><\/p>\n<div style=\"padding: 50px 15px 15px 15px; border-top: 5px solid #dd9100; margin-top: -15px; text-align: center;\">\n<p><span style=\"font-size: 1.2em;\">Jos\u00e9 Fern\u00e1ndez Batanero, <\/span><br \/><span style=\"font-size: 0.8em;\">PhD<\/span><br \/>\n<span style=\"color: #a1a1a1; font-size: 0.9em;\"><a class=\"e_letra\" href=\"https:\/\/investigacion.us.es\/sisius\/sis_showpub.php?idpers=1948\" rel=\"noopener noreferrer\" target=\"_blank\">UNIVERSIDAD DE SEVILLA<\/a><\/p>\n<\/div>\n<p><img loading=\"lazy\" decoding=\"async\" style=\"margin-top: 27px;\" src=\"http:\/\/localhost\/cmr\/wp-content\/uploads\/2021\/04\/b_perez.jpg\" alt=\"\" width=\"500\" height=\"500\" class=\"alignnone size-full wp-image-752\" srcset=\"https:\/\/events.ipv.pt\/cmr\/wp-content\/uploads\/2021\/04\/b_perez.jpg 500w, https:\/\/events.ipv.pt\/cmr\/wp-content\/uploads\/2021\/04\/b_perez-300x300.jpg 300w, https:\/\/events.ipv.pt\/cmr\/wp-content\/uploads\/2021\/04\/b_perez-150x150.jpg 150w\" sizes=\"auto, (max-width: 500px) 100vw, 500px\" \/><\/p>\n<div style=\"padding: 50px 15px 15px 15px; border-top: 5px solid #dd9100; margin-top: -15px; text-align: center;\">\n<p><span style=\"font-size: 1.2em;\">B\u00e1rbara Mariana Guti\u00e9rrez P\u00e9rez<\/span><br \/>\n<span style=\"color: #a1a1a1; font-size: 0.9em;\"><a class=\"e_letra\" href=\"https:\/\/www.usal.es\/\" rel=\"noopener noreferrer\" target=\"_blank\">UNIVERSIDAD DE SALAMANCA<\/a><\/p>\n<\/div>\n<\/div>\n<div data-aos=\"fade-right\" class=\"column20org\" style=\"padding-top: 20px; background-color: #fff;\">\n<img loading=\"lazy\" decoding=\"async\" style=\"margin-top: -20px;\" src=\"http:\/\/localhost\/cmr\/wp-content\/uploads\/2021\/06\/bFeeney.jpg\" alt=\"\" width=\"500\" height=\"500\" class=\"alignnone size-full wp-image-853\" srcset=\"https:\/\/events.ipv.pt\/cmr\/wp-content\/uploads\/2021\/06\/bFeeney.jpg 500w, https:\/\/events.ipv.pt\/cmr\/wp-content\/uploads\/2021\/06\/bFeeney-300x300.jpg 300w, https:\/\/events.ipv.pt\/cmr\/wp-content\/uploads\/2021\/06\/bFeeney-150x150.jpg 150w\" sizes=\"auto, (max-width: 500px) 100vw, 500px\" \/><\/p>\n<div style=\"padding: 50px 15px 15px 15px; border-top: 5px solid #4A8DC6; margin-top: -15px; text-align: center;\">\n<p><span style=\"font-size: 1.2em;\">Finbarr Feeney, <\/span><br \/><span style=\"font-size: 0.8em;\">PhD<\/span><br \/>\n<span style=\"color: #a1a1a1; font-size: 0.9em;\"><a class=\"t_letra\" href=\"https:\/\/www.it-tallaght.ie\/index.cfm\" rel=\"noopener noreferrer\" target=\"_blank\">TU DUBLIN<\/a><\/span>\n<\/div>\n<p><img loading=\"lazy\" decoding=\"async\" style=\"margin-top: 27px;\" src=\"http:\/\/localhost\/cmr\/wp-content\/uploads\/2021\/05\/aFerreira.jpg\" alt=\"\" width=\"500\" height=\"500\" class=\"alignnone size-full wp-image-789\" srcset=\"https:\/\/events.ipv.pt\/cmr\/wp-content\/uploads\/2021\/05\/aFerreira.jpg 500w, https:\/\/events.ipv.pt\/cmr\/wp-content\/uploads\/2021\/05\/aFerreira-300x300.jpg 300w, https:\/\/events.ipv.pt\/cmr\/wp-content\/uploads\/2021\/05\/aFerreira-150x150.jpg 150w\" sizes=\"auto, (max-width: 500px) 100vw, 500px\" \/><\/p>\n<div style=\"padding: 50px 15px 15px 15px; border-top: 5px solid #4A8DC6; margin-top: -15px; text-align: center;\">\n<p><span style=\"font-size: 1.2em;\">Ana Lucia Ferreira, <\/span><br \/><span style=\"font-size: 0.8em;\">PhD<\/span><br \/>\n<span style=\"color: #a1a1a1; font-size: 0.9em;\"><a class=\"t_letra\" href=\"http:\/\/www.biothane.com\" rel=\"noopener noreferrer\" target=\"_blank\">VEOLIA WATER TECHNOLOGIES TECHNO CENTER NETHERLANDS B.V.<\/a><\/span>\n<\/div>\n<\/div>\n<div data-aos=\"fade-right\" class=\"column20org\" style=\"padding-top: 20px; background-color: #fff;\">\n<img loading=\"lazy\" decoding=\"async\" style=\"margin-top: -20px;\" src=\"http:\/\/localhost\/cmr\/wp-content\/uploads\/2021\/06\/csequeira.jpg\" alt=\"\" width=\"500\" height=\"500\" class=\"alignnone size-full wp-image-846\" srcset=\"https:\/\/events.ipv.pt\/cmr\/wp-content\/uploads\/2021\/06\/csequeira.jpg 500w, https:\/\/events.ipv.pt\/cmr\/wp-content\/uploads\/2021\/06\/csequeira-300x300.jpg 300w, https:\/\/events.ipv.pt\/cmr\/wp-content\/uploads\/2021\/06\/csequeira-150x150.jpg 150w\" sizes=\"auto, (max-width: 500px) 100vw, 500px\" \/><\/p>\n<div style=\"padding: 50px 15px 15px 15px; border-top: 5px solid #a82d7c; margin-top: -15px; text-align: center;\">\n<p><span style=\"font-size: 1.2em;\">Carlos Sequeira, <\/span><br \/><span style=\"font-size: 0.8em;\">PhD<\/span><br \/>\n<span style=\"color: #a1a1a1; font-size: 0.9em;\"><a class=\"s_letra\" href=\"http:\/\/esenf.pt\/\" rel=\"noopener noreferrer\" target=\"_blank\">NURSING SCHOOL OF PORTO<\/a>, CINTESIS<\/span><\/p>\n<\/div>\n<p><img loading=\"lazy\" decoding=\"async\" src=\"http:\/\/localhost\/cmr\/wp-content\/uploads\/2021\/06\/aPedro.jpg\" alt=\"\" width=\"500\" height=\"500\" class=\"alignnone size-full wp-image-895\" srcset=\"https:\/\/events.ipv.pt\/cmr\/wp-content\/uploads\/2021\/06\/aPedro.jpg 500w, https:\/\/events.ipv.pt\/cmr\/wp-content\/uploads\/2021\/06\/aPedro-300x300.jpg 300w, https:\/\/events.ipv.pt\/cmr\/wp-content\/uploads\/2021\/06\/aPedro-150x150.jpg 150w\" sizes=\"auto, (max-width: 500px) 100vw, 500px\" \/><\/p>\n<div style=\"padding: 50px 15px 15px 15px; border-top: 5px solid #a82d7c;  margin-top: -15px; text-align: center;\">\n<p><span style=\"font-size: 1.2em;\">Ana Rita Pedro, <\/span><br \/><span style=\"font-size: 0.8em;\">PhD<\/span><br \/>\n<span style=\"color: #a1a1a1; font-size: 0.9em;\"><a class=\"s_letra\" href=\"https:\/\/www.ensp.unl.pt\/\" rel=\"noopener noreferrer\" target=\"_blank\">ESCOLA NACIONAL DE SA\u00daDE P\u00daBLICA<\/a><\/span>\n<\/div>\n<\/div>\n<div data-aos=\"fade-left\" class=\"column20org\" style=\"padding-top: 20px; background-color: #fff;\">\n<img loading=\"lazy\" decoding=\"async\" style=\"margin-top: -20px;\" src=\"http:\/\/localhost\/cmr\/wp-content\/uploads\/2021\/03\/elenaBartkiene.jpg\" alt=\"\" width=\"500\" height=\"500\" class=\"alignnone size-full wp-image-637\" srcset=\"https:\/\/events.ipv.pt\/cmr\/wp-content\/uploads\/2021\/03\/elenaBartkiene.jpg 500w, https:\/\/events.ipv.pt\/cmr\/wp-content\/uploads\/2021\/03\/elenaBartkiene-300x300.jpg 300w, https:\/\/events.ipv.pt\/cmr\/wp-content\/uploads\/2021\/03\/elenaBartkiene-150x150.jpg 150w\" sizes=\"auto, (max-width: 500px) 100vw, 500px\" \/><\/p>\n<div style=\"padding: 50px 15px 15px 15px; border-top: 5px solid #95c11f; margin-top: -15px; text-align: center;\">\n<p><span style=\"font-size: 1.2em;\">Elena Bartkiene, <\/span><br \/><span style=\"font-size: 0.8em;\">PhD<\/span><br \/>\n<span style=\"color: #a1a1a1; font-size: 0.9em;\"><a class=\"ca_letra\" href=\"https:\/\/lsmuni.lt\/en\/\" rel=\"noopener noreferrer\" target=\"_blank\">LITHUANIAN UNIVERSITY OF HEALTH SCIENCES<\/a><\/span><\/p>\n<\/div>\n<p><img loading=\"lazy\" decoding=\"async\" src=\"http:\/\/localhost\/cmr\/wp-content\/uploads\/2021\/06\/aDinis.jpg\" alt=\"\" width=\"500\" height=\"500\" class=\"alignnone size-full wp-image-881\" srcset=\"https:\/\/events.ipv.pt\/cmr\/wp-content\/uploads\/2021\/06\/aDinis.jpg 500w, https:\/\/events.ipv.pt\/cmr\/wp-content\/uploads\/2021\/06\/aDinis-300x300.jpg 300w, https:\/\/events.ipv.pt\/cmr\/wp-content\/uploads\/2021\/06\/aDinis-150x150.jpg 150w\" sizes=\"auto, (max-width: 500px) 100vw, 500px\" \/><\/p>\n<div style=\"padding: 50px 15px 15px 15px; border-top: 5px solid #95c11f; margin-top: -15px; text-align: center;\">\n<p><span style=\"font-size: 1.2em;\">Ant\u00f3nio Dinis Ferreira, <\/span><br \/><span style=\"font-size: 0.8em;\">PhD<\/span><br \/>\n<span style=\"color: #a1a1a1; font-size: 0.9em;\"><a class=\"ca_letra\" href=\"http:\/\/www.cernas.org\/pt\/\" rel=\"noopener noreferrer\" target=\"_blank\">CERNAS<\/a> \u2013 INSTITUTO POLIT\u00c9CNICO DE COIMBRA<\/span><\/p>\n<\/div>\n<\/div>\n<\/div>\n<\/div>\n<\/div>\n<\/div>\n<div class=\"ast-container\" style=\"padding-top: 80px; padding-bottom: 80px;\">\n<h3>JOURNAL<\/h3>\n<div class=\"col-container\">\n<div class=\"column84-margin\">\n<p>All accepted abstracts (for oral or e-poster communications) will be published in a special issue of the journal <a class=\"bt_pr\" href=\"https:\/\/revistas.rcaap.pt\/millenium\/index\" rel=\"noopener noreferrer\" target=\"_blank\">Millenium &#8211; Journal of Education, Technologies and Health<\/a><\/p>\n<p>Authors may also submit the article on the <a href=\"https:\/\/revistas.rcaap.pt\/millenium\/about\/submissions\" rel=\"noopener noreferrer\" target=\"_blank\">Millennium platform<\/a>.<br \/>\n<strong>Documents required for submission<\/strong><br \/>\n<span style=\"padding-left: 10px;\"> <i class=\"fa fa-caret-right\"><\/i> <a href=\"http:\/\/repositorio.ipv.pt\/bitstream\/10400.19\/3258\/34\/TemplateArticle_PT.docx\" rel=\"noopener noreferrer\" target=\"_blank\">Article template<\/a> (editable format)<\/span><br \/>\n<span style=\"padding-left: 10px;\"> <i class=\"fa fa-caret-right\"><\/i> <a href=\"http:\/\/repositorio.ipv.pt\/bitstream\/10400.19\/3258\/35\/0%20-%20Ficha%20Autores%20Artigo_trad.docx\" rel=\"noopener noreferrer\" target=\"_blank\">Article sheet<\/a><\/p>\n<p>Authors must comply with Millenium rules and editorial policy, namely:<br \/>\n<span style=\"padding-left: 10px;\"> <i class=\"fa fa-caret-right\"><\/i> The Article must be original and never been published;<\/span><br \/>\n<span style=\"padding-left: 10px;\"> <i class=\"fa fa-caret-right\"><\/i> Title, Abstract, Keywords \/ Descriptors in Portuguese, English and Spanish, right since the first submission;<\/span><br \/>\n<span style=\"padding-left: 10px;\"> <i class=\"fa fa-caret-right\"><\/i> The full text of the article can be submitted in PT, EN, ES and FR;<\/span><br \/>\n<span style=\"padding-left: 10px;\"> <i class=\"fa fa-caret-right\"><\/i> Complete Authors Form;<\/span><br \/>\n<span style=\"padding-left: 10px;\"> <i class=\"fa fa-caret-right\"><\/i> Article structured according to the Journal\u2019s Template;<\/span><br \/>\n<span style=\"padding-left: 10px;\"> <i class=\"fa fa-caret-right\"><\/i> Structured Summary;<\/span><br \/>\n<span style=\"padding-left: 10px;\"> <i class=\"fa fa-caret-right\"><\/i> Bibliographical references according to the APA style;<\/span><\/p>\n<\/div>\n<div class=\"column15\" style=\"border-top: 2px solid #9e9b68; border-bottom: 1px dotted #9e9b68; padding-top: 20px;\">\n<p>INDEXED IN<br \/><a href=\"https:\/\/repositorio.ipv.pt\/\" rel=\"noopener noreferrer\" target=\"_blank\">Reposit\u00f3rio Cient\u00edfico do Instituto Polit\u00e9cnico de Viseu<\/a>; <a href=\"https:\/\/dialnet.unirioja.es\/\" rel=\"noopener noreferrer\" target=\"_blank\">Dialnet<\/a>; LATINDEX \u2013 <a href=\"https:\/\/www.latindex.unam.mx\/index.html\" rel=\"noopener noreferrer\" target=\"_blank\">Sistema Regional de Informaci\u00f3n en L\u00ednea para Revistas Cient\u00edficas de Am\u00e9rica Latina, el Caribe, Espa\u00f1a y Portugal<\/a>;  DOAJ &#8211; <a href=\"https:\/\/www.doaj.org\/\" rel=\"noopener noreferrer\" target=\"_blank\">Directory of Open Access Journals<\/a>; Scielo<\/p>\n<\/div>\n<\/div>\n<\/div>\n","protected":false},"excerpt":{"rendered":"<p>HYBRID CONFERENCE CMR | International Conference on Multidisciplinary Research 1st&#038;2nd july, 2021 PROGRAM PARALLEL SESSIONS NEW DATES In light of the ongoing COVID-19 pandemic and to ensure the safety of participants and visitors, the Organizing Committee have decided to postpone the CMR 2020, it will now take place from 1 to 2 July 2021 IMPORTANT &hellip;<\/p>\n<p class=\"read-more\"> <a class=\"\" href=\"https:\/\/events.ipv.pt\/cmr\/en\/\"> <span class=\"screen-reader-text\">Home<\/span> Read More &raquo;<\/a><\/p>\n","protected":false},"author":1,"featured_media":0,"parent":0,"menu_order":0,"comment_status":"closed","ping_status":"open","template":"","meta":{"site-sidebar-layout":"default","site-content-layout":"default","ast-global-header-display":"","ast-main-header-display":"","ast-hfb-above-header-display":"","ast-hfb-below-header-display":"","ast-hfb-mobile-header-display":"","site-post-title":"disabled","ast-breadcrumbs-content":"","ast-featured-img":"","footer-sml-layout":"","theme-transparent-header-meta":"default","adv-header-id-meta":"","stick-header-meta":"","header-above-stick-meta":"","header-main-stick-meta":"","header-below-stick-meta":"","footnotes":""},"class_list":["post-2","page","type-page","status-publish","hentry"],"translation":{"provider":"WPGlobus","version":"3.0.2","language":"en","enabled_languages":["pt","en"],"languages":{"pt":{"title":true,"content":true,"excerpt":false},"en":{"title":false,"content":true,"excerpt":false}}},"yoast_head":"<!-- This site is optimized with the Yoast SEO plugin v27.4 - https:\/\/yoast.com\/product\/yoast-seo-wordpress\/ -->\r\n<title>Home &#8226; CMR<\/title>\r\n<meta name=\"robots\" content=\"index, follow, max-snippet:-1, max-image-preview:large, max-video-preview:-1\" \/>\r\n<link rel=\"canonical\" href=\"https:\/\/events.ipv.pt\/cmr\/\" \/>\r\n<meta property=\"og:locale\" content=\"en_US\" \/>\r\n<meta property=\"og:type\" content=\"article\" \/>\r\n<meta property=\"og:title\" content=\"Home &#8226; CMR\" \/>\r\n<meta property=\"og:url\" content=\"https:\/\/events.ipv.pt\/cmr\/\" \/>\r\n<meta property=\"og:site_name\" content=\"CMR\" \/>\r\n<meta property=\"article:modified_time\" content=\"2021-07-02T15:03:55+00:00\" \/>\r\n<meta property=\"og:image\" content=\"http:\/\/localhost\/cmr\/wp-content\/uploads\/2021\/02\/3bicas_v1.png\" \/>\r\n<meta name=\"twitter:card\" content=\"summary_large_image\" \/>\r\n<meta name=\"twitter:label1\" content=\"Est. reading time\" \/>\n\t<meta name=\"twitter:data1\" content=\"3 minutes\" \/>\r\n<script type=\"application\/ld+json\" class=\"yoast-schema-graph\">{\"@context\":\"https:\\\/\\\/schema.org\",\"@graph\":[{\"@type\":\"WebPage\",\"@id\":\"https:\\\/\\\/events.ipv.pt\\\/cmr\\\/\",\"url\":\"https:\\\/\\\/events.ipv.pt\\\/cmr\\\/\",\"name\":\"Home &#8226; CMR\",\"isPartOf\":{\"@id\":\"https:\\\/\\\/events.ipv.pt\\\/cmr\\\/#website\"},\"primaryImageOfPage\":{\"@id\":\"https:\\\/\\\/events.ipv.pt\\\/cmr\\\/#primaryimage\"},\"image\":{\"@id\":\"https:\\\/\\\/events.ipv.pt\\\/cmr\\\/#primaryimage\"},\"thumbnailUrl\":\"http:\\\/\\\/localhost\\\/cmr\\\/wp-content\\\/uploads\\\/2021\\\/02\\\/3bicas_v1.png\",\"datePublished\":\"2021-02-05T14:59:07+00:00\",\"dateModified\":\"2021-07-02T15:03:55+00:00\",\"breadcrumb\":{\"@id\":\"https:\\\/\\\/events.ipv.pt\\\/cmr\\\/#breadcrumb\"},\"inLanguage\":\"en-US\",\"potentialAction\":[{\"@type\":\"ReadAction\",\"target\":[\"https:\\\/\\\/events.ipv.pt\\\/cmr\\\/\"]}]},{\"@type\":\"ImageObject\",\"inLanguage\":\"en-US\",\"@id\":\"https:\\\/\\\/events.ipv.pt\\\/cmr\\\/#primaryimage\",\"url\":\"http:\\\/\\\/localhost\\\/cmr\\\/wp-content\\\/uploads\\\/2021\\\/02\\\/3bicas_v1.png\",\"contentUrl\":\"http:\\\/\\\/localhost\\\/cmr\\\/wp-content\\\/uploads\\\/2021\\\/02\\\/3bicas_v1.png\"},{\"@type\":\"BreadcrumbList\",\"@id\":\"https:\\\/\\\/events.ipv.pt\\\/cmr\\\/#breadcrumb\",\"itemListElement\":[{\"@type\":\"ListItem\",\"position\":1,\"name\":\"Home\",\"item\":\"https:\\\/\\\/events.ipv.pt\\\/cmr\\\/\"},{\"@type\":\"ListItem\",\"position\":2,\"name\":\"Home\"}]},{\"@type\":\"WebSite\",\"@id\":\"https:\\\/\\\/events.ipv.pt\\\/cmr\\\/#website\",\"url\":\"https:\\\/\\\/events.ipv.pt\\\/cmr\\\/\",\"name\":\"CMR International Conference on Multidisciplinary Research\",\"description\":\"International Conference on Multidisciplinary Research\",\"publisher\":{\"@id\":\"https:\\\/\\\/events.ipv.pt\\\/cmr\\\/#organization\"},\"potentialAction\":[{\"@type\":\"SearchAction\",\"target\":{\"@type\":\"EntryPoint\",\"urlTemplate\":\"https:\\\/\\\/events.ipv.pt\\\/cmr\\\/?s={search_term_string}\"},\"query-input\":{\"@type\":\"PropertyValueSpecification\",\"valueRequired\":true,\"valueName\":\"search_term_string\"}}],\"inLanguage\":\"en-US\"},{\"@type\":\"Organization\",\"@id\":\"https:\\\/\\\/events.ipv.pt\\\/cmr\\\/#organization\",\"name\":\"Instituto Polit\u00e9cnico de Viseu\",\"url\":\"https:\\\/\\\/events.ipv.pt\\\/cmr\\\/\",\"logo\":{\"@type\":\"ImageObject\",\"inLanguage\":\"en-US\",\"@id\":\"https:\\\/\\\/events.ipv.pt\\\/cmr\\\/#\\\/schema\\\/logo\\\/image\\\/\",\"url\":\"http:\\\/\\\/localhost\\\/cmr\\\/wp-content\\\/uploads\\\/2021\\\/03\\\/logo_pv.png\",\"contentUrl\":\"http:\\\/\\\/localhost\\\/cmr\\\/wp-content\\\/uploads\\\/2021\\\/03\\\/logo_pv.png\",\"width\":4205,\"height\":1108,\"caption\":\"Instituto Polit\u00e9cnico de Viseu\"},\"image\":{\"@id\":\"https:\\\/\\\/events.ipv.pt\\\/cmr\\\/#\\\/schema\\\/logo\\\/image\\\/\"}}]}<\/script>\r\n<!-- \/ Yoast SEO plugin. -->","yoast_head_json":{"title":"Home &#8226; CMR","robots":{"index":"index","follow":"follow","max-snippet":"max-snippet:-1","max-image-preview":"max-image-preview:large","max-video-preview":"max-video-preview:-1"},"canonical":"https:\/\/events.ipv.pt\/cmr\/","og_locale":"en_US","og_type":"article","og_title":"Home &#8226; CMR","og_url":"https:\/\/events.ipv.pt\/cmr\/","og_site_name":"CMR","article_modified_time":"2021-07-02T15:03:55+00:00","og_image":[{"url":"http:\/\/localhost\/cmr\/wp-content\/uploads\/2021\/02\/3bicas_v1.png","type":"","width":"","height":""}],"twitter_card":"summary_large_image","twitter_misc":{"Est. reading time":"3 minutes"},"schema":{"@context":"https:\/\/schema.org","@graph":[{"@type":"WebPage","@id":"https:\/\/events.ipv.pt\/cmr\/","url":"https:\/\/events.ipv.pt\/cmr\/","name":"Home &#8226; CMR","isPartOf":{"@id":"https:\/\/events.ipv.pt\/cmr\/#website"},"primaryImageOfPage":{"@id":"https:\/\/events.ipv.pt\/cmr\/#primaryimage"},"image":{"@id":"https:\/\/events.ipv.pt\/cmr\/#primaryimage"},"thumbnailUrl":"http:\/\/localhost\/cmr\/wp-content\/uploads\/2021\/02\/3bicas_v1.png","datePublished":"2021-02-05T14:59:07+00:00","dateModified":"2021-07-02T15:03:55+00:00","breadcrumb":{"@id":"https:\/\/events.ipv.pt\/cmr\/#breadcrumb"},"inLanguage":"en-US","potentialAction":[{"@type":"ReadAction","target":["https:\/\/events.ipv.pt\/cmr\/"]}]},{"@type":"ImageObject","inLanguage":"en-US","@id":"https:\/\/events.ipv.pt\/cmr\/#primaryimage","url":"http:\/\/localhost\/cmr\/wp-content\/uploads\/2021\/02\/3bicas_v1.png","contentUrl":"http:\/\/localhost\/cmr\/wp-content\/uploads\/2021\/02\/3bicas_v1.png"},{"@type":"BreadcrumbList","@id":"https:\/\/events.ipv.pt\/cmr\/#breadcrumb","itemListElement":[{"@type":"ListItem","position":1,"name":"Home","item":"https:\/\/events.ipv.pt\/cmr\/"},{"@type":"ListItem","position":2,"name":"Home"}]},{"@type":"WebSite","@id":"https:\/\/events.ipv.pt\/cmr\/#website","url":"https:\/\/events.ipv.pt\/cmr\/","name":"CMR International Conference on Multidisciplinary Research","description":"International Conference on Multidisciplinary Research","publisher":{"@id":"https:\/\/events.ipv.pt\/cmr\/#organization"},"potentialAction":[{"@type":"SearchAction","target":{"@type":"EntryPoint","urlTemplate":"https:\/\/events.ipv.pt\/cmr\/?s={search_term_string}"},"query-input":{"@type":"PropertyValueSpecification","valueRequired":true,"valueName":"search_term_string"}}],"inLanguage":"en-US"},{"@type":"Organization","@id":"https:\/\/events.ipv.pt\/cmr\/#organization","name":"Instituto Polit\u00e9cnico de Viseu","url":"https:\/\/events.ipv.pt\/cmr\/","logo":{"@type":"ImageObject","inLanguage":"en-US","@id":"https:\/\/events.ipv.pt\/cmr\/#\/schema\/logo\/image\/","url":"http:\/\/localhost\/cmr\/wp-content\/uploads\/2021\/03\/logo_pv.png","contentUrl":"http:\/\/localhost\/cmr\/wp-content\/uploads\/2021\/03\/logo_pv.png","width":4205,"height":1108,"caption":"Instituto Polit\u00e9cnico de Viseu"},"image":{"@id":"https:\/\/events.ipv.pt\/cmr\/#\/schema\/logo\/image\/"}}]}},"_links":{"self":[{"href":"https:\/\/events.ipv.pt\/cmr\/en\/wp-json\/wp\/v2\/pages\/2","targetHints":{"allow":["GET"]}}],"collection":[{"href":"https:\/\/events.ipv.pt\/cmr\/en\/wp-json\/wp\/v2\/pages"}],"about":[{"href":"https:\/\/events.ipv.pt\/cmr\/en\/wp-json\/wp\/v2\/types\/page"}],"author":[{"embeddable":true,"href":"https:\/\/events.ipv.pt\/cmr\/en\/wp-json\/wp\/v2\/users\/1"}],"replies":[{"embeddable":true,"href":"https:\/\/events.ipv.pt\/cmr\/en\/wp-json\/wp\/v2\/comments?post=2"}],"version-history":[{"count":259,"href":"https:\/\/events.ipv.pt\/cmr\/en\/wp-json\/wp\/v2\/pages\/2\/revisions"}],"predecessor-version":[{"id":1037,"href":"https:\/\/events.ipv.pt\/cmr\/en\/wp-json\/wp\/v2\/pages\/2\/revisions\/1037"}],"wp:attachment":[{"href":"https:\/\/events.ipv.pt\/cmr\/en\/wp-json\/wp\/v2\/media?parent=2"}],"curies":[{"name":"wp","href":"https:\/\/api.w.org\/{rel}","templated":true}]}}