{"id":287,"date":"2021-10-22T09:21:08","date_gmt":"2021-10-22T09:21:08","guid":{"rendered":"http:\/\/localhost\/cised\/?page_id=287"},"modified":"2025-02-12T15:42:32","modified_gmt":"2025-02-12T15:42:32","slug":"investigadores","status":"publish","type":"page","link":"https:\/\/events.ipv.pt\/cised\/investigadores\/","title":{"rendered":"INVESTIGADORES"},"content":{"rendered":"<div class=\"contBox\">\n<h2>Investigadores<\/h2>\n<div style=\"width: 100%;\">\n<div class=\"tab\">\n  <button class=\"tablinks\" onclick=\"openTab(event, 'A')\" id=\"defaultOpen\">A<\/button><br \/>\n  <button class=\"tablinks\" onclick=\"openTab(event, 'B')\">B<\/button><br \/>\n  <button class=\"tablinks\" onclick=\"openTab(event, 'C')\">C<\/button><br \/>\n  <button class=\"tablinks\" onclick=\"openTab(event, 'D')\">D<\/button><br \/>\n  <button class=\"tablinks\" onclick=\"openTab(event, 'E')\">E<\/button><br \/>\n  <button class=\"tablinks\" onclick=\"openTab(event, 'F')\">F<\/button><br \/>\n  <button class=\"tablinks\" onclick=\"openTab(event, 'G')\">G<\/button><br \/>\n  <button class=\"tablinks\" onclick=\"openTab(event, 'H')\">H<\/button><br \/>\n  <button class=\"tablinks\" onclick=\"openTab(event, 'I')\">I<\/button><br \/>\n  <button class=\"tablinks\" onclick=\"openTab(event, 'J')\">J<\/button><br \/>\n  <button class=\"tablinks\" onclick=\"openTab(event, 'L')\">L<\/button><br \/>\n  <button class=\"tablinks\" onclick=\"openTab(event, 'M')\">M<\/button><br \/>\n  <button class=\"tablinks\" onclick=\"openTab(event, 'N')\">N<\/button><br \/>\n  <button class=\"tablinks\" onclick=\"openTab(event, 'O')\">O<\/button><br \/>\n  <button class=\"tablinks\" onclick=\"openTab(event, 'P')\">P<\/button><br \/>\n  <button class=\"tablinks\" onclick=\"openTab(event, 'R')\">R<\/button><br \/>\n  <button class=\"tablinks\" onclick=\"openTab(event, 'S')\">S<\/button><br \/>\n  <button class=\"tablinks\" onclick=\"openTab(event, 'V')\">V<\/button>\n<\/div>\n<div id=\"A\" class=\"tabcontent\">\n<div class=\"RowArticle\">\n<div class=\"coluna\">\n<h4>integrados<\/h4>\n<p style=\"font-size: 0.9em;\"><i class=\"material-icons\" style=\"font-size: 0.9em;\">trending_flat<\/i> <span style=\"color: #2b2e34;\"><a href=\"http:\/\/localhost\/cised\/ana-branca-de-carvalho\/\">Ana Branca da Silva Soeiro de Carvalho<\/a><\/span> <a class=\"bt_pt\" href=\"https:\/\/orcid.org\/0000-0002-8979-6644\" rel=\"noopener noreferrer\" target=\"_blank\">0000-0002-8979-6644<\/a> \u2022 <a class=\"bt_pt\" href=\"https:\/\/cienciavitae.pt\/B016-9159-8AE6\" rel=\"noopener noreferrer\" target=\"_blank\">B016-9159-8AE6<\/a><br \/>\nINSTITUTO POLIT\u00c9CNICO DE VISEU \u2022 Escola Superior de Tecnologia e Gest\u00e3o de Lamego<\/p>\n<p style=\"font-size: 0.9em;\"><i class=\"material-icons\" style=\"font-size: 0.9em;\">trending_flat<\/i> <span style=\"color: #2b2e34;\"><a href=\"http:\/\/localhost\/cised\/ana-matos\/\">Ana Cristina Bico Rodrigues de Matos<\/a><\/span> <a class=\"bt_pt\" href=\"https:\/\/orcid.org\/0000-0001-6408-5857\" rel=\"noopener noreferrer\" target=\"_blank\">0000-0001-6408-5857<\/a> \u2022 <a class=\"bt_pt\" href=\"https:\/\/cienciavitae.pt\/961C-1FBD-5555\" rel=\"noopener noreferrer\" target=\"_blank\">961C-1FBD-5555<\/a><br \/>\nINSTITUTO POLIT\u00c9CNICO DE VISEU \u2022 Escola Superior de Tecnologia e Gest\u00e3o de Viseu<\/p>\n<p style=\"font-size: 0.9em;\"><i class=\"material-icons\" style=\"font-size: 0.9em;\">trending_flat<\/i> <span style=\"color: #2b2e34;\"><a href=\"http:\/\/localhost\/cised\/cristina-wanzeller\/\">Ana Cristina Wanzeller Guedes de Lacerda<\/a><\/span> <a class=\"bt_pt\" href=\"https:\/\/orcid.org\/0000-0002-8921-4747\" rel=\"noopener noreferrer\" target=\"_blank\">0000-0002-8921-4747<\/a> \u2022 <a class=\"bt_pt\" href=\"https:\/\/cienciavitae.pt\/E81F-11C0-E77C\" rel=\"noopener noreferrer\" target=\"_blank\">E81F-11C0-E77C<\/a><br \/>\nINSTITUTO POLIT\u00c9CNICO DE VISEU \u2022 Escola Superior de Tecnologia e Gest\u00e3o de Viseu<\/p>\n<p style=\"font-size: 0.9em;\"><i class=\"material-icons\" style=\"font-size: 0.9em;\">trending_flat<\/i> <span style=\"color: #2b2e34;\"><a href=\"http:\/\/localhost\/cised\/ana-paula-silva\/\">Ana Paula Neves Ferreira da Silva<\/a><\/span> <a class=\"bt_pt\" href=\"https:\/\/orcid.org\/0000-0002-3721-3873\" rel=\"noopener noreferrer\" target=\"_blank\">0000-0002-3721-3873<\/a> \u2022 <a class=\"bt_pt\" href=\"https:\/\/cienciavitae.pt\/AD10-F2CF-140A\" rel=\"noopener noreferrer\" target=\"_blank\">AD10-F2CF-140A<\/a><br \/>\nINSTITUTO POLIT\u00c9CNICO DE CASTELO BRANCO<\/p>\n<p style=\"font-size: 0.9em;\"><i class=\"material-icons\" style=\"font-size: 0.9em;\">trending_flat<\/i> <span style=\"color: #2b2e34;\"><a href=\"http:\/\/localhost\/cised\/andre-marques\/\">Andr\u00e9 Code\u00e7o Marques<\/a><\/span> <a class=\"bt_pt\" href=\"https:\/\/orcid.org\/0000-0002-3275-091X\" rel=\"noopener noreferrer\" target=\"_blank\">0000-0002-3275-091X<\/a> \u2022 <a class=\"bt_pt\" href=\"https:\/\/cienciavitae.pt\/E01D-2FEC-9638\" rel=\"noopener noreferrer\" target=\"_blank\">E01D-2FEC-9638<\/a><br \/>\nINSTITUTO POLIT\u00c9CNICO DE VISEU \u2022 Escola Superior de Tecnologia e Gest\u00e3o de Viseu<\/p>\n<p style=\"font-size: 0.9em;\"><i class=\"material-icons\" style=\"font-size: 0.9em;\">trending_flat<\/i> <span style=\"color: #2b2e34;\"><a href=\"http:\/\/localhost\/cised\/angela-oliveira\/\">\u00c2ngela Cristina Marques de Oliveira<\/a><\/span> <a class=\"bt_pt\" href=\"https:\/\/orcid.org\/0000-0003-0172-4679\" rel=\"noopener noreferrer\" target=\"_blank\">0000-0003-0172-4679<\/a> \u2022 <a class=\"bt_pt\" href=\"https:\/\/cienciavitae.pt\/471B-8360-6CF9\" rel=\"noopener noreferrer\" target=\"_blank\">471B-8360-6CF9<\/a><br \/>\nINSTITUTO POLIT\u00c9CNICO DE CASTELO BRANCO<\/p>\n<p style=\"font-size: 0.9em;\"><i class=\"material-icons\" style=\"font-size: 0.9em;\">trending_flat<\/i> <span style=\"color: #2b2e34;\"><a href=\"http:\/\/localhost\/cised\/antonio-figueiredo\/\">Ant\u00f3nio Jos\u00e9 Queir\u00f3s Soares de Figueiredo<\/a><\/span> <a class=\"bt_pt\" href=\"https:\/\/orcid.org\/0000-0002-3275-091X\" rel=\"noopener noreferrer\" target=\"_blank\">0000-0002-3275-091X<\/a> \u2022 <a class=\"bt_pt\" href=\"https:\/\/cienciavitae.pt\/AF13-17D0-1886\" rel=\"noopener noreferrer\" target=\"_blank\">AF13-17D0-1886<\/a><br \/>\nINSTITUTO POLIT\u00c9CNICO DE VISEU \u2022 Escola Superior de Tecnologia e Gest\u00e3o de Viseu<\/p>\n<p style=\"font-size: 0.9em;\"><i class=\"material-icons\" style=\"font-size: 0.9em;\">trending_flat<\/i> <span style=\"color: #2b2e34;\"><a href=\"http:\/\/localhost\/cised\/antonio-pinto\/\">Ant\u00f3nio Pedro Martins Soares Pinto<\/a><\/span> <a class=\"bt_pt\" href=\"https:\/\/orcid.org\/0000-0002-9561-3509\" rel=\"noopener noreferrer\" target=\"_blank\">0000-0002-9561-3509<\/a> \u2022 <a class=\"bt_pt\" href=\"https:\/\/cienciavitae.pt\/F713-53B2-79DE\" rel=\"noopener noreferrer\" target=\"_blank\">F713-53B2-79DE<\/a><br \/>\nINSTITUTO POLIT\u00c9CNICO DE VISEU \u2022 Escola Superior de Tecnologia e Gest\u00e3o de Viseu<\/p>\n<p style=\"font-size: 0.9em;\"><i class=\"material-icons\" style=\"font-size: 0.9em;\">trending_flat<\/i> <span style=\"color: #2b2e34;\"><a href=\"http:\/\/localhost\/cised\/arlindo-silva\/\">Arlindo Ferreira da Silva<\/a><\/span> <a class=\"bt_pt\" href=\"https:\/\/orcid.org\/0000-0002-0620-7518\" rel=\"noopener noreferrer\" target=\"_blank\">0000-0002-0620-7518<\/a> \u2022 <a class=\"bt_pt\" href=\"https:\/\/cienciavitae.pt\/541A-41FB-4DC3\" rel=\"noopener noreferrer\" target=\"_blank\">541A-41FB-4DC3<\/a><br \/>\nINSTITUTO POLIT\u00c9CNICO DE CASTELO BRANCO<\/p>\n<\/div>\n<div class=\"coluna\" style=\"border-left: 1px solid #2b2e34;\">\n<h4>colaboradores<\/h4>\n<p style=\"font-size: 0.9em;\"><span style=\"color: #2b2e34;\">Adelino Mendes Cabral da Trindade<\/span> <a class=\"bt_pt\" href=\"https:\/\/orcid.org\/0000-0002-7466-0998\" rel=\"noopener noreferrer\" target=\"_blank\">0000-0002-7466-0998<\/a> \u2022 <a class=\"bt_pt\" href=\"https:\/\/cienciavitae.pt\/CC17-83AF-FDF3\" rel=\"noopener noreferrer\" target=\"_blank\">CC17-83AF-FDF3<\/a><br \/>\nINSTITUTO POLIT\u00c9CNICO DE VISEU \u2022 Escola Superior de Tecnologia e Gest\u00e3o de Viseu<\/p>\n<p style=\"font-size: 0.9em;\"><span style=\"color: #2b2e34;\">Adriano Augusto Barreto Sim\u00f5es Ramos<\/span> <a class=\"bt_pt\" href=\"https:\/\/orcid.org\/0000-0002-2379-8145\" rel=\"noopener noreferrer\" target=\"_blank\">0000-0002-2379-8145<\/a> \u2022 <a class=\"bt_pt\" href=\"https:\/\/cienciavitae.pt\/E51E-8EBC-F1CA\" rel=\"noopener noreferrer\" target=\"_blank\">E51E-8EBC-F1CA<\/a><br \/>\nINSTITUTO POLIT\u00c9CNICO DE VISEU \u2022 Escola Superior de Tecnologia e Gest\u00e3o de Viseu<\/p>\n<p style=\"font-size: 0.9em;\"><span style=\"color: #2b2e34;\">Ana Cristina Rodrigues Ribeiro<\/span> <a class=\"bt_pt\" href=\"https:\/\/orcid.org\/0009-0002-0093-5810\" rel=\"noopener noreferrer\" target=\"_blank\">0009-0002-0093-5810<\/a> \u2022 <a class=\"bt_pt\" href=\"https:\/\/cienciavitae.pt\/FB19-FC87-6CDA\" rel=\"noopener noreferrer\" target=\"_blank\">FB19-FC87-6CDA<\/a><br \/>\nINSTITUTO POLIT\u00c9CNICO DE VISEU \u2022 Escola Superior de Tecnologia e Gest\u00e3o de Viseu<\/p>\n<p style=\"font-size: 0.9em;\"><span style=\"color: #2b2e34;\">Ana Sofia Carreira Duque<\/span> <a class=\"bt_pt\" href=\"https:\/\/orcid.org\/0000-0002-8405-0640\" rel=\"noopener noreferrer\" target=\"_blank\">0000-0002-8405-0640<\/a> \u2022 <a class=\"bt_pt\" href=\"https:\/\/cienciavitae.pt\/EC14-82F1-59D2\" rel=\"noopener noreferrer\" target=\"_blank\">EC14-82F1-59D2<\/a><br \/>\nINSTITUTO POLIT\u00c9CNICO DE VISEU \u2022 Escola Superior de Tecnologia e Gest\u00e3o de Viseu<\/p>\n<p style=\"font-size: 0.9em;\"><span style=\"color: #2b2e34;\">Ana Raquel Ferreira de Almeida Sebasti\u00e3o <\/span> <a class=\"bt_pt\" href=\"https:\/\/orcid.org\/0000-0001-5717-1415\" rel=\"noopener noreferrer\" target=\"_blank\">0000-0001-5717-1415<\/a> \u2022 <a class=\"bt_pt\" href=\"https:\/\/cienciavitae.pt\/C51A-5960-CE92\" rel=\"noopener noreferrer\" target=\"_blank\">C51A-5960-CE92<\/a><br \/>\nINSTITUTO POLIT\u00c9CNICO DE VISEU \u2022 Escola Superior de Tecnologia e Gest\u00e3o de Viseu<\/p>\n<p style=\"font-size: 0.9em;\"><span style=\"color: #2b2e34;\">Andr\u00e9 Martins Guimar\u00e3es<\/span> <a class=\"bt_pt\" href=\"https:\/\/orcid.org\/0000-0001-6346-5719\" rel=\"noopener noreferrer\" target=\"_blank\">0000-0001-6346-5719<\/a> \u2022 <a class=\"bt_pt\" href=\"https:\/\/cienciavitae.pt\/AE12-CE94-82B0\" rel=\"noopener noreferrer\" target=\"_blank\">AE12-CE94-82B0<\/a><br \/>\nINSTITUTO POLIT\u00c9CNICO DE VISEU \u2022 Escola Superior de Tecnologia e Gest\u00e3o de Viseu<\/p>\n<p style=\"font-size: 0.9em;\"><span style=\"color: #2b2e34;\">Ant\u00f3nio Manuel Martins de Almeida<\/span> <a class=\"bt_pt\" href=\"https:\/\/orcid.org\/0000-0002-3216-2018\" rel=\"noopener noreferrer\" target=\"_blank\">0000-0002-3216-2018<\/a> \u2022 <a class=\"bt_pt\" href=\"https:\/\/cienciavitae.pt\/651F-3195-97B3\" rel=\"noopener noreferrer\" target=\"_blank\">651F-3195-97B3<\/a><br \/>\nUNIVERSIDADE DA MADEIRA<\/p>\n<\/div>\n<\/div>\n<\/div>\n<div id=\"B\" class=\"tabcontent\">\n<div class=\"RowArticle\">\n<div class=\"coluna\">\n<h4>integrados<\/h4>\n<p style=\"font-size: 0.9em;\"><i class=\"material-icons\" style=\"font-size: 0.9em;\">trending_flat<\/i> <span style=\"color: #2b2e34;\"><a href=\"http:\/\/localhost\/cised\/bruno-ferreira\/\">Bruno Emanuel Morgado Ferreira<\/a><\/span> <a class=\"bt_pt\" href=\"https:\/\/orcid.org\/0000-0002-7102-7804\" rel=\"noopener noreferrer\" target=\"_blank\">0000-0002-7102-7804<\/a> \u2022 <a class=\"bt_pt\" href=\"https:\/\/cienciavitae.pt\/7B15-9984-D375\" rel=\"noopener noreferrer\" target=\"_blank\">7B15-9984-D375<\/a><br \/>\nINSTITUTO POLIT\u00c9CNICO DE VISEU \u2022 Escola Superior de Tecnologia e Gest\u00e3o de Viseu<\/p>\n<\/div>\n<\/div>\n<\/div>\n<div id=\"C\" class=\"tabcontent\">\n<div class=\"RowArticle\">\n<div class=\"coluna\">\n<h4>integrados<\/h4>\n<p style=\"font-size: 0.9em;\"><i class=\"material-icons\" style=\"font-size: 0.9em;\">trending_flat<\/i> <span style=\"color: #2b2e34;\"><a href=\"http:\/\/localhost\/cised\/carla-silva\/\">Carla Maria Alves da Silva<\/a><\/span> <a class=\"bt_pt\" href=\"https:\/\/orcid.org\/0000-0001-6251-9113\" rel=\"noopener noreferrer\" target=\"_blank\">0000-0001-6251-9113<\/a> \u2022 <a class=\"bt_pt\" href=\"https:\/\/cienciavitae.pt\/B21B-6F8E-DBBE\" rel=\"noopener noreferrer\" target=\"_blank\">B21B-6F8E-DBBE<\/a><br \/>\nINSTITUTO POLIT\u00c9CNICO DE VISEU \u2022 Escola Superior de Tecnologia e Gest\u00e3o de Viseu<\/p>\n<p style=\"font-size: 0.9em;\"><i class=\"material-icons\" style=\"font-size: 0.9em;\">trending_flat<\/i> <span style=\"color: #2b2e34;\"><a href=\"http:\/\/localhost\/cised\/carlos-pereira\/\">Carlos Alberto Catorze Pereira<\/a><\/span> <a class=\"bt_pt\" href=\"https:\/\/orcid.org\/0000-0002-1758-0860\" rel=\"noopener noreferrer\" target=\"_blank\">0000-0002-1758-0860<\/a> \u2022 <a class=\"bt_pt\" href=\"https:\/\/cienciavitae.pt\/8F17-174D-8A07\" rel=\"noopener noreferrer\" target=\"_blank\">8F17-174D-8A07<\/a><br \/>\nINSTITUTO POLIT\u00c9CNICO DE VISEU \u2022 Escola Superior de Tecnologia e Gest\u00e3o de Viseu<\/p>\n<p style=\"font-size: 0.9em;\"><i class=\"material-icons\" style=\"font-size: 0.9em;\">trending_flat<\/i> <span style=\"color: #2b2e34;\"><a href=\"http:\/\/localhost\/cised\/carlos-quental\/\">Carlos Alberto Torres Quental<\/a><\/span> <a class=\"bt_pt\" href=\"https:\/\/orcid.org\/0000-0002-8598-2511\" rel=\"noopener noreferrer\" target=\"_blank\">0000-0002-8598-2511<\/a> \u2022 <a class=\"bt_pt\" href=\"https:\/\/cienciavitae.pt\/1217-AD67-0EA6\" rel=\"noopener noreferrer\" target=\"_blank\">1217-AD67-0EA6<\/a><br \/>\nINSTITUTO POLIT\u00c9CNICO DE VISEU \u2022 Escola Superior de Tecnologia e Gest\u00e3o de Viseu<\/p>\n<p style=\"font-size: 0.9em;\"><i class=\"material-icons\" style=\"font-size: 0.9em;\">trending_flat<\/i> <span style=\"color: #2b2e34;\"><a href=\"http:\/\/localhost\/cised\/carlos-cunha\/\" rel=\"noopener\" target=\"_blank\">Carlos Augusto da Silva Cunha<\/a><\/span> <a class=\"bt_pt\" href=\"https:\/\/orcid.org\/0000-0002-2754-5401\" rel=\"noopener noreferrer\" target=\"_blank\">0000-0002-2754-5401<\/a> \u2022 <a class=\"bt_pt\" href=\"https:\/\/cienciavitae.pt\/D71F-FC65-1F07\" rel=\"noopener noreferrer\" target=\"_blank\">D71F-FC65-1F07<\/a><br \/>\nINSTITUTO POLIT\u00c9CNICO DE VISEU \u2022 Escola Superior de Tecnologia e Gest\u00e3o de Viseu<\/p>\n<p style=\"font-size: 0.9em;\"><i class=\"material-icons\" style=\"font-size: 0.9em;\">trending_flat<\/i> <span style=\"color: #2b2e34;\"><a href=\"http:\/\/localhost\/cised\/cristina-barroco\/\">Cristina Maria de Jesus Barroco Novais<\/a><\/span> <a class=\"bt_pt\" href=\"https:\/\/orcid.org\/0000-0003-3016-8763\" rel=\"noopener noreferrer\" target=\"_blank\">0000-0003-3016-8763<\/a> \u2022 <a class=\"bt_pt\" href=\"https:\/\/cienciavitae.pt\/F216-FEC6-B91F\" rel=\"noopener noreferrer\" target=\"_blank\">F216-FEC6-B91F<\/a><br \/>\nINSTITUTO POLIT\u00c9CNICO DE VISEU \u2022 Escola Superior de Tecnologia e Gest\u00e3o de Viseu<\/p>\n<p style=\"font-size: 0.9em;\"><i class=\"material-icons\" style=\"font-size: 0.9em;\">trending_flat<\/i> <span style=\"color: #2b2e34;\"><a href=\"http:\/\/localhost\/cised\/cristina-romao\/\">Cristina Maria Nogueira Rom\u00e3o<\/a><\/span> <a class=\"bt_pt\" href=\"https:\/\/orcid.org\/0000-0001-8075-0482\" rel=\"noopener noreferrer\" target=\"_blank\">0000-0001-8075-0482<\/a> \u2022 <a class=\"bt_pt\" href=\"https:\/\/cienciavitae.pt\/0D16-2FF7-B333\" rel=\"noopener noreferrer\" target=\"_blank\">0D16-2FF7-B333<\/a><br \/>\nINSTITUTO POLIT\u00c9CNICO DE VISEU \u2022 Escola Superior de Tecnologia e Gest\u00e3o de Viseu<\/p>\n<\/div>\n<div class=\"coluna\" style=\"border-left: 1px solid #2b2e34;\">\n<h4>colaboradores<\/h4>\n<p style=\"font-size: 0.9em;\"><span style=\"color: #2b2e34;\">Carlos Jorge Almeida Costa<\/span> <a class=\"bt_pt\" href=\"https:\/\/orcid.org\/0000-0003-3055-3549\" rel=\"noopener noreferrer\" target=\"_blank\">0000-0003-3055-3549<\/a> \u2022 <a class=\"bt_pt\" href=\"https:\/\/cienciavitae.pt\/151E-8F28-E364\" rel=\"noopener noreferrer\" target=\"_blank\">151E-8F28-E364<\/a><br \/>\nINSTITUTO POLIT\u00c9CNICO DE VISEU \u2022 Escola Superior de Tecnologia e Gest\u00e3o de Lamego<\/p>\n<p style=\"font-size: 0.9em;\"><span style=\"color: #2b2e34;\">Clarinda Serdeira da Costa Almeida<\/span> <a class=\"bt_pt\" href=\"https:\/\/orcid.org\/0000-0002-5993-3951\" rel=\"noopener noreferrer\" target=\"_blank\">0000-0002-5993-3951<\/a><br \/>\nINSTITUTO POLIT\u00c9CNICO DE VISEU \u2022 Escola Superior de Tecnologia e Gest\u00e3o de Viseu<\/p>\n<p style=\"font-size: 0.9em;\"><span style=\"color: #2b2e34;\">Cl\u00e1udia Patr\u00edcia de Almeida Seabra Moreira<\/span> <a class=\"bt_pt\" href=\"https:\/\/orcid.org\/0000-0002-8496-0986\" rel=\"noopener noreferrer\" target=\"_blank\">0000-0002-8496-0986<\/a> \u2022 <a class=\"bt_pt\" href=\"https:\/\/cienciavitae.pt\/881B-576B-3B6D\" rel=\"noopener noreferrer\" target=\"_blank\">881B-576B-3B6D<\/a><br \/>\nINSTITUTO POLIT\u00c9CNICO DE VISEU \u2022 Escola Superior de Tecnologia e Gest\u00e3o de Viseu<\/p>\n<\/div>\n<\/div>\n<\/div>\n<div id=\"D\" class=\"tabcontent\">\n<div class=\"RowArticle\">\n<div class=\"coluna\">\n<h4>integrados<\/h4>\n<p style=\"font-size: 0.9em;\"><i class=\"material-icons\" style=\"font-size: 0.9em;\">trending_flat<\/i> <span style=\"color: #2b2e34;\"><a href=\"http:\/\/localhost\/cised\/daniel-gaspar\/\">Daniel Augusto Est\u00e1cio Marques Mendes Gaspar<\/a><\/span> <a class=\"bt_pt\" href=\"https:\/\/orcid.org\/0000-0002-8522-4905\" rel=\"noopener noreferrer\" target=\"_blank\">0000-0002-8522-4905<\/a> \u2022 <a class=\"bt_pt\" href=\"https:\/\/cienciavitae.pt\/321C-9CFD-B646\" rel=\"noopener noreferrer\" target=\"_blank\">321C-9CFD-B646<\/a><br \/>\nINSTITUTO POLIT\u00c9CNICO DE VISEU \u2022 Escola Superior de Tecnologia e Gest\u00e3o de Viseu<\/p>\n<p style=\"font-size: 0.9em;\"><i class=\"material-icons\" style=\"font-size: 0.9em;\">trending_flat<\/i> <span style=\"color: #2b2e34;\"><a href=\"http:\/\/localhost\/cised\/daniel-azevedo\/\">Daniel Ferreira de Azevedo<\/a><\/span> <a class=\"bt_pt\" href=\"https:\/\/orcid.org\/0000-0002-8927-4213\" rel=\"noopener noreferrer\" target=\"_blank\">0000-0002-8927-4213<\/a> \u2022 <a class=\"bt_pt\" href=\"https:\/\/cienciavitae.pt\/1D1F-008E-A316\" rel=\"noopener noreferrer\" target=\"_blank\">1D1F-008E-A316<\/a><br \/>\nINSTITUTO POLIT\u00c9CNICO DE VISEU \u2022 Escola Superior de Tecnologia e Gest\u00e3o de Viseu<\/p>\n<p style=\"font-size: 0.9em;\"><span style=\"color: #2b2e34;\">Daniel Gil Belo<\/span> <a class=\"bt_pt\" href=\"https:\/\/orcid.org\/0000-0002-5637-5691\" rel=\"noopener noreferrer\" target=\"_blank\">0000-0002-5637-5691<\/a> \u2022 <a class=\"bt_pt\" href=\"https:\/\/cienciavitae.pt\/EF17-B904-18C6\" rel=\"noopener noreferrer\" target=\"_blank\">EF17-B904-18C6<\/a><br \/>\nINSTITUTO POLIT\u00c9CNICO DE CASTELO BRANCO<\/p>\n<\/div>\n<\/div>\n<\/div>\n<div id=\"E\" class=\"tabcontent\">\n<div class=\"RowArticle\">\n<div class=\"coluna\">\n<h4>integrados<\/h4>\n<p style=\"font-size: 0.9em;\"><i class=\"material-icons\" style=\"font-size: 0.9em;\">trending_flat<\/i> <span style=\"color: #2b2e34;\"><a href=\"http:\/\/localhost\/cised\/edmundo-marques\/\">Edmundo Manuel Tavares Marques<\/a><\/span> <a class=\"bt_pt\" href=\"https:\/\/orcid.org\/0000-0002-9569-4126\" rel=\"noopener noreferrer\" target=\"_blank\">0000-0002-9569-4126<\/a> \u2022 <a class=\"bt_pt\" href=\"https:\/\/cienciavitae.pt\/BE15-A65C-DB6D\" rel=\"noopener noreferrer\" target=\"_blank\">BE15-A65C-DB6D<\/a><br \/>\nINSTITUTO POLIT\u00c9CNICO DE VISEU \u2022 Escola Superior de Tecnologia e Gest\u00e3o de Viseu<\/p>\n<p style=\"font-size: 0.9em;\"><i class=\"material-icons\" style=\"font-size: 0.9em;\">trending_flat<\/i> <span style=\"color: #2b2e34;\"><a href=\"http:\/\/localhost\/cised\/eduardo-gouveia\/\">Eduardo Miguel Teixeira Mendon\u00e7a Gouveia<\/a><\/span> <a class=\"bt_pt\" href=\"https:\/\/orcid.org\/0000-0002-0506-1596\" rel=\"noopener noreferrer\" target=\"_blank\">0000-0002-0506-1596<\/a> \u2022 <a class=\"bt_pt\" href=\"https:\/\/cienciavitae.pt\/431B-862C-6545\" rel=\"noopener noreferrer\" target=\"_blank\">431B-862C-6545<\/a><br \/>\nINSTITUTO POLIT\u00c9CNICO DE VISEU \u2022 Escola Superior de Tecnologia e Gest\u00e3o de Viseu<\/p>\n<\/div>\n<\/div>\n<\/div>\n<div id=\"F\" class=\"tabcontent\">\n<div class=\"RowArticle\">\n<div class=\"coluna\">\n<h4>integrados<\/h4>\n<p style=\"font-size: 0.9em;\"><i class=\"material-icons\" style=\"font-size: 0.9em;\">trending_flat<\/i> <span style=\"color: #2b2e34;\"><a href=\"http:\/\/localhost\/cised\/fernando-santos\/\" rel=\"noopener\" target=\"_blank\">Fernando Miguel Soares Mamede dos Santos<\/a><\/span> <a class=\"bt_pt\" href=\"https:\/\/orcid.org\/0000-003-1551-4111\" rel=\"noopener noreferrer\" target=\"_blank\">0000-003-1551-4111<\/a> \u2022 <a class=\"bt_pt\" href=\"https:\/\/cienciavitae.pt\/4215-EED9-9D17\" rel=\"noopener noreferrer\" target=\"_blank\">4215-EED9-9D17<\/a><br \/>\nINSTITUTO POLIT\u00c9CNICO DE VISEU \u2022 Escola Superior de Tecnologia e Gest\u00e3o de Lamego<\/p>\n<p style=\"font-size: 0.9em;\"><i class=\"material-icons\" style=\"font-size: 0.9em;\">trending_flat<\/i> <span style=\"color: #2b2e34;\"><a href=\"http:\/\/localhost\/cised\/fernando-reinaldo-ribeiro\/\">Fernando Reinaldo Silva Garcia Ribeiro<\/a><\/span> <a class=\"bt_pt\" href=\"https:\/\/orcid.org\/0000-0002-1225-3844\" rel=\"noopener noreferrer\" target=\"_blank\">0000-0002-1225-3844<\/a> \u2022 <a class=\"bt_pt\" href=\"https:\/\/cienciavitae.pt\/7B1C-D761-291D\" rel=\"noopener noreferrer\" target=\"_blank\">7B1C-D761-291D<\/a><br \/>\nINSTITUTO POLIT\u00c9CNICO DE CASTELO BRANCO<\/p>\n<p style=\"font-size: 0.9em;\"><i class=\"material-icons\" style=\"font-size: 0.9em;\">trending_flat<\/i> <span style=\"color: #2b2e34;\"><a href=\"http:\/\/localhost\/cised\/fernando-sergio-barbosa\/\">Fernando S\u00e9rgio Rodrigues de Brito da Mota Barbosa<\/a><\/span> <a class=\"bt_pt\" href=\"https:\/\/orcid.org\/0000-0003-3683-5803\" rel=\"noopener noreferrer\" target=\"_blank\">0000-0003-3683-5803<\/a> \u2022 <a class=\"bt_pt\" href=\"https:\/\/cienciavitae.pt\/C71D-0BB3-C261\" rel=\"noopener noreferrer\" target=\"_blank\">C71D-0BB3-C261<\/a><br \/>\nINSTITUTO POLIT\u00c9CNICO DE CASTELO BRANCO<\/p>\n<p style=\"font-size: 0.9em;\"><i class=\"material-icons\" style=\"font-size: 0.9em;\">trending_flat<\/i> <span style=\"color: #2b2e34;\"><a href=\"http:\/\/localhost\/cised\/filipe-caldeira\/\">Filipe Manuel Sim\u00f5es Caldeira<\/a><\/span> <a class=\"bt_pt\" href=\"https:\/\/orcid.org\/0000-0001-7558-2330\" rel=\"noopener noreferrer\" target=\"_blank\">0000-0001-7558-2330<\/a> \u2022 <a class=\"bt_pt\" href=\"https:\/\/cienciavitae.pt\/CB11-8109-AB1D\" rel=\"noopener noreferrer\" target=\"_blank\">CB11-8109-AB1D<\/a><br \/>\nINSTITUTO POLIT\u00c9CNICO DE VISEU \u2022 Escola Superior de Tecnologia e Gest\u00e3o de Viseu<\/p>\n<p style=\"font-size: 0.9em;\"><i class=\"material-icons\" style=\"font-size: 0.9em;\">trending_flat<\/i> <span style=\"color: #2b2e34;\"><a href=\"http:\/\/localhost\/cised\/filipe-cabral-pinto\/\">Filipe Marques da Silva Cabral Pinto<\/a><\/span> <a class=\"bt_pt\" href=\"https:\/\/orcid.org\/0000-0001-8708-9025\" rel=\"noopener noreferrer\" target=\"_blank\">0000-0001-8708-9025<\/a> \u2022 <a class=\"bt_pt\" href=\"https:\/\/cienciavitae.pt\/9318-A67A-D525\" rel=\"noopener noreferrer\" target=\"_blank\">9318-A67A-D525<\/a><br \/>\nINSTITUTO POLIT\u00c9CNICO DE VISEU<\/p>\n<p style=\"font-size: 0.9em;\"><i class=\"material-icons\" style=\"font-size: 0.9em;\">trending_flat<\/i> <span style=\"color: #2b2e34;\"><a href=\"http:\/\/localhost\/cised\/filipe-fidalgo\/\">Filipe Miguel Bispo Fidalgo<\/a><\/span> <a class=\"bt_pt\" href=\"https:\/\/orcid.org\/0000-0001-7326-9957\" rel=\"noopener noreferrer\" target=\"_blank\">0000-0001-7326-9957<\/a> \u2022 <a class=\"bt_pt\" href=\"https:\/\/cienciavitae.pt\/BC11-DFB7-A451\" rel=\"noopener noreferrer\" target=\"_blank\">BC11-DFB7-A451<\/a><br \/>\nINSTITUTO POLIT\u00c9CNICO DE CASTELO BRANCO<\/p>\n<\/div>\n<div class=\"coluna\" style=\"border-left: 1px solid #2b2e34;\">\n<h4>colaboradores<\/h4>\n<p style=\"font-size: 0.9em;\"><span style=\"color: #2b2e34;\">Fernando Jorge de Figueiredo Rebelo<\/span><br \/>\nINSTITUTO POLIT\u00c9CNICO DE VISEU \u2022 Escola Superior de Tecnologia e Gest\u00e3o de Viseu<\/p>\n<p style=\"font-size: 0.9em;\"><span style=\"color: #2b2e34;\">Frederico Franco Madeira da Fonseca<\/span> <a class=\"bt_pt\" href=\"https:\/\/orcid.org\/0000-003-1551-4111\" rel=\"noopener noreferrer\" target=\"_blank\">0000-0001-5748-3929<\/a> \u2022 <a class=\"bt_pt\" href=\"https:\/\/cienciavitae.pt\/D417-80FB-B27B\" rel=\"noopener noreferrer\" target=\"_blank\">D417-80FB-B27B<\/a><br \/>\nINSTITUTO POLIT\u00c9CNICO DE VISEU \u2022 Escola Superior de Tecnologia e Gest\u00e3o de Viseu<\/p>\n<\/div>\n<\/div>\n<\/div>\n<div id=\"G\" class=\"tabcontent\">\n<div class=\"RowArticle\">\n<div class=\"coluna\">\n<h4>colaboradores<\/h4>\n<p style=\"font-size: 0.9em;\"><span style=\"color: #2b2e34;\">Gilberto Antunes Ferreira Rouxinol<\/span> <a class=\"bt_pt\" href=\"https:\/\/orcid.org\/0000-0003-2286-7732\" rel=\"noopener noreferrer\" target=\"_blank\">0000-0003-2286-7732<\/a> \u2022 <a class=\"bt_pt\" href=\"https:\/\/cienciavitae.pt\/B914-6EB3-E075\" rel=\"noopener noreferrer\" target=\"_blank\">B914-6EB3-E075<\/a><br \/>\nINSTITUTO POLIT\u00c9CNICO DE VISEU \u2022 Escola Superior de Tecnologia e Gest\u00e3o de Viseu<\/p>\n<p style=\"font-size: 0.9em;\"><span style=\"color: #2b2e34;\">Gon\u00e7alo Pereira Dias Coelho<\/span> <a class=\"bt_pt\" href=\"https:\/\/orcid.org\/0009-0004-0524-7878\" rel=\"noopener noreferrer\" target=\"_blank\">0009-0004-0524-7878<\/a> \u2022 <a class=\"bt_pt\" href=\"https:\/\/cienciavitae.pt\/1413-BCE5-9DD3\" rel=\"noopener noreferrer\" target=\"_blank\">1413-BCE5-9DD3<\/a><br \/>\nINSTITUTO POLIT\u00c9CNICO DE VISEU \u2022 Escola Superior de Tecnologia e Gest\u00e3o de Viseu<\/p>\n<\/div>\n<\/div>\n<\/div>\n<div id=\"H\" class=\"tabcontent\">\n<div class=\"RowArticle\">\n<div class=\"coluna\">\n<h4>colaboradores<\/h4>\n<p style=\"font-size: 0.9em;\"><span style=\"color: #2b2e34;\">Hazem Hadla<\/span> <a class=\"bt_pt\" href=\"https:\/\/orcid.org\/0000-0001-5154-126X\" rel=\"noopener noreferrer\" target=\"_blank\">0000-0001-5154-126X<\/a> \u2022 <a class=\"bt_pt\" href=\"https:\/\/cienciavitae.pt\/D118-1FFC-1352\" rel=\"noopener noreferrer\" target=\"_blank\">D118-1FFC-1352<\/a><br \/>\nINSTITUTO POLIT\u00c9CNICO DE VISEU \u2022 Escola Superior de Tecnologia e Gest\u00e3o de Lamego<\/p>\n<\/div>\n<\/div>\n<\/div>\n<div id=\"I\" class=\"tabcontent\">\n<div class=\"RowArticle\">\n<div class=\"coluna\">\n<h4>integrados<\/h4>\n<p style=\"font-size: 0.9em;\"><i class=\"material-icons\" style=\"font-size: 0.9em;\">trending_flat<\/i> <span style=\"color: #2b2e34;\"><a href=\"http:\/\/localhost\/cised\/isabel-martins\/\">Isabel Maria Loureiro Pais Esteves Martins<\/a><\/span> <a class=\"bt_pt\" href=\"https:\/\/orcid.org\/0000-0002-4317-5615\" rel=\"noopener noreferrer\" target=\"_blank\">0000-0002-4317-5615<\/a> \u2022 <a class=\"bt_pt\" href=\"https:\/\/cienciavitae.pt\/2B16-EEBD-1F74\" rel=\"noopener noreferrer\" target=\"_blank\">2B16-EEBD-1F74<\/a><br \/>\nINSTITUTO POLIT\u00c9CNICO DE VISEU \u2022 Escola Superior de Tecnologia e Gest\u00e3o de Viseu<\/p>\n<p style=\"font-size: 0.9em;\"><i class=\"material-icons\" style=\"font-size: 0.9em;\">trending_flat<\/i> <span style=\"color: #2b2e34;\"><a href=\"http:\/\/localhost\/cised\/isabel-oliveira\/\">Isabel Maria Soares Pinto de Oliveira<\/a><\/span> <a class=\"bt_pt\" href=\"https:\/\/orcid.org\/0000-0001-8255-5955\" rel=\"noopener noreferrer\" target=\"_blank\">0000-0001-8255-5955<\/a> \u2022 <a class=\"bt_pt\" href=\"https:\/\/cienciavitae.pt\/0E13-CDC8-4386\" rel=\"noopener noreferrer\" target=\"_blank\">0E13-CDC8-4386<\/a><br \/>\nINSTITUTO POLIT\u00c9CNICO DE VISEU \u2022 Escola Superior de Tecnologia e Gest\u00e3o de Lamego<\/p>\n<p style=\"font-size: 0.9em;\"><i class=\"material-icons\" style=\"font-size: 0.9em;\">trending_flat<\/i> <span style=\"color: #2b2e34;\"><a href=\"http:\/\/localhost\/cised\/isabel-bras\/\">Isabel Paula Lopes Br\u00e1s<\/a><\/span> <a class=\"bt_pt\" href=\"https:\/\/orcid.org\/0000-0002-2252-381X\" rel=\"noopener noreferrer\" target=\"_blank\">0000-0002-2252-381X<\/a> \u2022 <a class=\"bt_pt\" href=\"https:\/\/cienciavitae.pt\/E711-EB2D-3A05\" rel=\"noopener noreferrer\" target=\"_blank\">E711-EB2D-3A05<\/a><br \/>\nINSTITUTO POLIT\u00c9CNICO DE VISEU \u2022 Escola Superior de Tecnologia e Gest\u00e3o de Viseu<\/p>\n<\/div>\n<\/div>\n<\/div>\n<div id=\"J\" class=\"tabcontent\">\n<div class=\"RowArticle\">\n<div class=\"coluna\">\n<h4>integrados<\/h4>\n<p style=\"font-size: 0.9em;\"><i class=\"material-icons\" style=\"font-size: 0.9em;\">trending_flat<\/i> <span style=\"color: #2b2e34;\"><a href=\"http:\/\/localhost\/cised\/joao-henriques\/\">Jo\u00e3o Pedro Menoita Henriques<\/a><\/span> <a class=\"bt_pt\" href=\"https:\/\/orcid.org\/0000-0001-7380-9511\" rel=\"noopener noreferrer\" target=\"_blank\">0000-0001-7380-9511<\/a> \u2022 <a class=\"bt_pt\" href=\"https:\/\/cienciavitae.pt\/BB15-BFE2-17AA\" rel=\"noopener noreferrer\" target=\"_blank\">BB15-BFE2-17AA<\/a><br \/>\nINSTITUTO POLIT\u00c9CNICO DE VISEU \u2022 Escola Superior de Tecnologia e Gest\u00e3o de Viseu<\/p>\n<p style=\"font-size: 0.9em;\"><span style=\"color: #2b2e34;\">Jo\u00e3o Renato Caramona Belo Sebasti\u00e3o<\/span> <a class=\"bt_pt\" href=\"https:\/\/orcid.org\/0000-0003-4175-010X\" rel=\"noopener noreferrer\" target=\"_blank\">0000-0003-4175-010X<\/a> \u2022 <a class=\"bt_pt\" href=\"https:\/\/cienciavitae.pt\/1D19-51EE-EE14\" rel=\"noopener noreferrer\" target=\"_blank\">1D19-51EE-EE14<\/a><br \/>\nINSTITUTO POLIT\u00c9CNICO DE CASTELO BRANCO<\/p>\n<p style=\"font-size: 0.9em;\"><i class=\"material-icons\" style=\"font-size: 0.9em;\">trending_flat<\/i> <span style=\"color: #2b2e34;\"><a href=\"http:\/\/localhost\/cised\/joaquim-antunes\/\">Joaquim Gon\u00e7alves Antunes<\/a><\/span> <a class=\"bt_pt\" href=\"https:\/\/orcid.org\/0000-0003-4782-9548\" rel=\"noopener noreferrer\" target=\"_blank\">0000-0003-4782-9548<\/a> \u2022 <a class=\"bt_pt\" href=\"https:\/\/cienciavitae.pt\/5111-768D-4E43\" rel=\"noopener noreferrer\" target=\"_blank\">5111-768D-4E43<\/a><br \/>\nINSTITUTO POLIT\u00c9CNICO DE VISEU \u2022 Escola Superior de Tecnologia e Gest\u00e3o de Viseu<\/p>\n<p style=\"font-size: 0.9em;\"><i class=\"material-icons\" style=\"font-size: 0.9em;\">trending_flat<\/i> <span style=\"color: #2b2e34;\"><a href=\"http:\/\/localhost\/cised\/jose-carlos-metrolho\/\">Jos\u00e9 Carlos Meireles Monteiro Metr\u00f4lho<\/a><\/span> <a class=\"bt_pt\" href=\"https:\/\/0000-0002-7327-2109\" rel=\"noopener noreferrer\" target=\"_blank\">0000-0002-7327-2109<\/a> \u2022 <a class=\"bt_pt\" href=\"https:\/\/cienciavitae.pt\/4B17-3AF4-7DD4\" rel=\"noopener noreferrer\" target=\"_blank\">4B17-3AF4-7DD4<\/a><br \/>\nINSTITUTO POLIT\u00c9CNICO DE CASTELO BRANCO<\/p>\n<p style=\"font-size: 0.9em;\"><i class=\"material-icons\" style=\"font-size: 0.9em;\">trending_flat<\/i> <span style=\"color: #2b2e34;\"><a href=\"http:\/\/localhost\/cised\/jose-silva\/\">Jos\u00e9 Lu\u00eds Henriques da Silva<\/a><\/span> <a class=\"bt_pt\" href=\"https:\/\/orcid.org\/0000-0001-7285-8282\" rel=\"noopener noreferrer\" target=\"_blank\">0000-0001-7285-8282<\/a> \u2022 <a class=\"bt_pt\" href=\"https:\/\/cienciavitae.pt\/4A14-D3E7-5B32\" rel=\"noopener noreferrer\" target=\"_blank\">4A14-D3E7-5B32<\/a><br \/>\nINSTITUTO POLIT\u00c9CNICO DE VISEU \u2022 Escola Superior de Tecnologia e Gest\u00e3o de Viseu<\/p>\n<p style=\"font-size: 0.9em;\"><i class=\"material-icons\" style=\"font-size: 0.9em;\">trending_flat<\/i> <span style=\"color: #2b2e34;\"><a href=\"http:\/\/localhost\/cised\/jose-luis-abrantes\/\">Jos\u00e9 Lu\u00eds Mendes Loureiro Abrantes<\/a><\/span> <a class=\"bt_pt\" href=\"https:\/\/orcid.org\/0000-0003-0565-7207\" rel=\"noopener noreferrer\" target=\"_blank\">0000-0003-0565-7207<\/a> \u2022 <a class=\"bt_pt\" href=\"https:\/\/cienciavitae.pt\/8E14-FE20-06DA\" rel=\"noopener noreferrer\" target=\"_blank\">8E14-FE20-06DA<\/a><br \/>\nINSTITUTO POLIT\u00c9CNICO DE VISEU \u2022 Escola Superior de Tecnologia e Gest\u00e3o de Viseu<\/p>\n<p style=\"font-size: 0.9em;\"><i class=\"material-icons\" style=\"font-size: 0.9em;\">trending_flat<\/i> <span style=\"color: #2b2e34;\"><a href=\"http:\/\/localhost\/cised\/jose-lousado\/\">Jos\u00e9 Paulo Ferreira Lousado<\/a><\/span> <a class=\"bt_pt\" href=\"https:\/\/orcid.org\/0000-0002-5757-5441\" rel=\"noopener noreferrer\" target=\"_blank\">0000-0002-5757-5441<\/a> \u2022 <a class=\"bt_pt\" href=\"https:\/\/cienciavitae.pt\/671E-8E27-5F20\" rel=\"noopener noreferrer\" target=\"_blank\">671E-8E27-5F20<\/a><br \/>\nINSTITUTO POLIT\u00c9CNICO DE VISEU \u2022 Escola Superior de Tecnologia e Gest\u00e3o de Lamego<\/p>\n<\/div>\n<div class=\"coluna\" style=\"border-left: 1px solid #2b2e34;\">\n<h4>colaboradores<\/h4>\n<p style=\"font-size: 0.9em;\"><span style=\"color: #2b2e34;\">Jorge Manuel Ferreira Duarte<\/span> <a class=\"bt_pt\" href=\"https:\/\/orcid.org\/0009-0004-0522-596X\" rel=\"noopener noreferrer\" target=\"_blank\">0009-0004-0522-596X<\/a> \u2022 <a class=\"bt_pt\" href=\"https:\/\/cienciavitae.pt\/C01A-DC0D-0660\" rel=\"noopener noreferrer\" target=\"_blank\">C01A-DC0D-0660<\/a><br \/>\nINSTITUTO POLIT\u00c9CNICO DE VISEU \u2022 Escola Superior de Tecnologia e Gest\u00e3o de Lamego<\/p>\n<\/div>\n<\/div>\n<\/div>\n<div id=\"L\" class=\"tabcontent\">\n<div class=\"RowArticle\">\n<div class=\"coluna\">\n<h4>integrados<\/h4>\n<p style=\"font-size: 0.9em\"><i class=\"material-icons\" style=\"font-size: 0.9em;\">trending_flat<\/i> <span style=\"color: #2b2e34\"><span style=\"color: #2b2e34\"\n\n<p style=\"font-size: 0.9em\"><span style=\"color: #2b2e34\">Lia Coelho de Oliveira<\/span> <a class=\"bt_pt\" href=\"https:\/\/orcid.org\/0000-0001-7563-740X\" rel=\"noopener noreferrer\" target=\"_blank\">0000-0001-7563-740X<\/a> \u2022 <a class=\"bt_pt\" href=\"https:\/\/cienciavitae.pt\/101A-1516-A0A7\" rel=\"noopener noreferrer\" target=\"_blank\">101A-1516-A0A7 <\/a><br \/>\nINSTITUTO POLIT\u00c9CNICO DE VISEU \u2022 Escola Superior de Tecnologia e Gest\u00e3o de Viseu<\/p>\n<\/p>\n<p style=\"font-size: 0.9em;\"><i class=\"material-icons\" style=\"font-size: 0.9em;\">trending_flat<\/i> <span style=\"color: #2b2e34;\"><a href=\"http:\/\/localhost\/cised\/luisa-augusto\/\">Lu\u00edsa Paula Lopes Fernandes Augusto<\/a><\/span> <a class=\"bt_pt\" href=\"https:\/\/orcid.org\/0000-0001-9117-4775\" rel=\"noopener noreferrer\" target=\"_blank\">0000-0001-9117-4775<\/a> \u2022 <a class=\"bt_pt\" href=\"https:\/\/cienciavitae.pt\/8115-8053-06FA\" rel=\"noopener noreferrer\" target=\"_blank\">8115-8053-06FA<\/a><br \/>\nINSTITUTO POLIT\u00c9CNICO DE VISEU \u2022 Escola Superior de Educa\u00e7\u00e3o de Viseu<\/p>\n<\/div>\n<div class=\"coluna\" style=\"border-left: 1px solid #2b2e34;\">\n<h4>colaboradores<\/h4>\n<p style=\"font-size: 0.9em;\"><span style=\"color: #2b2e34;\">Luciano Marques Correia<\/span> <a class=\"bt_pt\" href=\"https:\/\/orcid.org\/0009-0000-2353-9584\" rel=\"noopener noreferrer\" target=\"_blank\">0009-0000-2353-9584<\/a> \u2022 <a class=\"bt_pt\" href=\"https:\/\/cienciavitae.pt\/0F16-AB17-FA43\" rel=\"noopener noreferrer\" target=\"_blank\">0F16-AB17-FA43<\/a><br \/>\nINSTITUTO POLIT\u00c9CNICO DE VISEU \u2022 Escola Superior de Tecnologia e Gest\u00e3o de Viseu<\/p>\n<p style=\"font-size: 0.9em;\"><span style=\"color: #2b2e34;\">Lu\u00eds Daniel Maia de Almeida<\/span><br \/>\nINSTITUTO POLIT\u00c9CNICO DE VISEU \u2022 Escola Superior de Tecnologia e Gest\u00e3o de Viseu<\/p>\n<\/div>\n<\/div>\n<\/div>\n<div id=\"M\" class=\"tabcontent\">\n<div class=\"RowArticle\">\n<div class=\"coluna\">\n<h4>integrados<\/h4>\n<p style=\"font-size: 0.9em;\"><i class=\"material-icons\" style=\"font-size: 0.9em;\">trending_flat<\/i> <span style=\"color: #2b2e34;\"><a href=\"http:\/\/localhost\/cised\/damiana-guedes\/\">Manuela Damiana dos Santos Almeida Guedes<\/a><\/span> <a class=\"bt_pt\" href=\"https:\/\/orcid.org\/0000-0001-6951-1835\" rel=\"noopener noreferrer\" target=\"_blank\">0000-0001-6951-1835<\/a> \u2022 <a class=\"bt_pt\" href=\"https:\/\/cienciavitae.pt\/EB1E-CF5D-7BA3\" rel=\"noopener noreferrer\" target=\"_blank\">EB1E-CF5D-7BA3<\/a><br \/>\nINSTITUTO POLIT\u00c9CNICO DE VISEU \u2022 Escola Superior de Tecnologia e Gest\u00e3o de Lamego<\/p>\n<p style=\"font-size: 0.9em;\"><i class=\"material-icons\" style=\"font-size: 0.9em;\">trending_flat<\/i> <span style=\"color: #2b2e34;\"><a href=\"http:\/\/localhost\/cised\/manuel-reis\/\">Manuel Ant\u00f3nio Louren\u00e7o dos Reis<\/a><\/span> <a class=\"bt_pt\" href=\"https:\/\/orcid.org\/0000-0002-6081-4917\" rel=\"noopener noreferrer\" target=\"_blank\">0000-0002-6081-4917<\/a> \u2022 <a class=\"bt_pt\" href=\"https:\/\/cienciavitae.pt\/1413-0251-5252\" rel=\"noopener noreferrer\" target=\"_blank\">1413-0251-5252<\/a><br \/>\nINSTITUTO POLIT\u00c9CNICO DE VISEU \u2022 Escola Superior de Tecnologia e Gest\u00e3o de Viseu<\/p>\n<p style=\"font-size: 0.9em;\"><i class=\"material-icons\" style=\"font-size: 0.9em;\">trending_flat<\/i> <span style=\"color: #2b2e34;\"><a href=\"http:\/\/localhost\/cised\/lurdes-patricio\/\">Maria de Lurdes Silva Duarte Patricio<\/a><\/span> <a class=\"bt_pt\" href=\"https:\/\/orcid.org\/0000-0002-6414-3719\" rel=\"noopener noreferrer\" target=\"_blank\">0000-0002-6414-3719<\/a> \u2022 <a class=\"bt_pt\" href=\"https:\/\/cienciavitae.pt\/261B-B58B-BE08\" rel=\"noopener noreferrer\" target=\"_blank\">261B-B58B-BE08<\/a><br \/>\nINSTITUTO POLIT\u00c9CNICO DE VISEU \u2022 Escola Superior de Tecnologia e Gest\u00e3o de Viseu<\/p>\n<p style=\"font-size: 0.9em;\"><i class=\"material-icons\" style=\"font-size: 0.9em;\">trending_flat<\/i> <span style=\"color: #2b2e34;\"><a href=\"http:\/\/localhost\/cised\/elisabete-silva\/\">Maria Elisabete Ferreira Silva<\/a><\/span> <a class=\"bt_pt\" href=\"https:\/\/orcid.org\/0000-0002-9478-623X\" rel=\"noopener noreferrer\" target=\"_blank\">0000-0002-9478-623X<\/a> \u2022 <a class=\"bt_pt\" href=\"https:\/\/cienciavitae.pt\/5D17-9AF2-944C\" rel=\"noopener noreferrer\" target=\"_blank\">5D17-9AF2-944C<\/a><br \/>\nINSTITUTO POLIT\u00c9CNICO DE VISEU \u2022 Escola Superior de Tecnologia e Gest\u00e3o de Viseu<\/p>\n<p style=\"font-size: 0.9em;\"><i class=\"material-icons\" style=\"font-size: 0.9em;\">trending_flat<\/i> <span style=\"color: #2b2e34;\"><a href=\"http:\/\/localhost\/cised\/maria-antunes\/\">Maria Jos\u00e9 Lisboa Antunes<\/a><\/span> <a class=\"bt_pt\" href=\"https:\/\/orcid.org\/0000-0001-9887-0079\" rel=\"noopener noreferrer\" target=\"_blank\">0000-0001-9887-0079<\/a> \u2022 <a class=\"bt_pt\" href=\"https:\/\/cienciavitae.pt\/7312-A8F3-B957\" rel=\"noopener noreferrer\" target=\"_blank\">7312-A8F3-B957<\/a><br \/>\nINSTITUTO POLIT\u00c9CNICO DE VISEU \u2022 Escola Superior de Tecnologia e Gest\u00e3o de Viseu<\/p>\n<p style=\"font-size: 0.9em;\"><i class=\"material-icons\" style=\"font-size: 0.9em;\">trending_flat<\/i> <span style=\"color: #2b2e34;\"><a href=\"http:\/\/localhost\/cised\/odete-lopes\/\">Maria Odete Monteiro Lopes<\/a><\/span> <a class=\"bt_pt\" href=\"https:\/\/orcid.org\/0000-0001-8968-8590\" rel=\"noopener noreferrer\" target=\"_blank\">0000-0001-8968-8590<\/a> \u2022 <a class=\"bt_pt\" href=\"https:\/\/cienciavitae.pt\/ED15-75B1-8094\" rel=\"noopener noreferrer\" target=\"_blank\">ED15-75B1-8094<\/a><br \/>\nINSTITUTO POLIT\u00c9CNICO DE VISEU \u2022 Escola Superior de Tecnologia e Gest\u00e3o de Viseu<\/p>\n<p style=\"font-size: 0.9em;\"><i class=\"material-icons\" style=\"font-size: 0.9em;\">trending_flat<\/i> <span style=\"color: #2b2e34;\"><a href=\"http:\/\/localhost\/cised\/monica-costa\/\">M\u00f3nica Isabel Teixeira da Costa<\/a><\/span> <a class=\"bt_pt\" href=\"https:\/\/orcid.org\/0000-0003-1725-259X\" rel=\"noopener noreferrer\" target=\"_blank\">0000-0003-1725-259X<\/a> \u2022 <a class=\"bt_pt\" href=\"https:\/\/cienciavitae.pt\/1B13-B775-0F27\" rel=\"noopener noreferrer\" target=\"_blank\">1B13-B775-0F27<\/a><br \/>\nINSTITUTO POLIT\u00c9CNICO DE CASTELO BRANCO<\/p>\n<\/div>\n<div class=\"coluna\" style=\"border-left: 1px solid #2b2e34;\">\n<h4>colaboradores<\/h4>\n<p style=\"font-size: 0.9em;\"><span style=\"color: #2b2e34;\">Manuel Cardoso Lopes<\/span> <a class=\"bt_pt\" href=\"https:\/\/orcid.org\/0009-0007-6820-0294\" rel=\"noopener noreferrer\" target=\"_blank\">0009-0007-6820-0294<\/a> \u2022 <a class=\"bt_pt\" href=\"https:\/\/cienciavitae.pt\/5410-02E6-BA83\" rel=\"noopener noreferrer\" target=\"_blank\">5410-02E6-BA83<\/a><br \/>\nINSTITUTO POLIT\u00c9CNICO DE VISEU \u2022 Escola Superior de Tecnologia e Gest\u00e3o de Viseu<\/p>\n<p style=\"font-size: 0.9em;\"><span style=\"color: #2b2e34;\">Maria Isabel Dias Rodrigues<\/span> <a class=\"bt_pt\" href=\"https:\/\/orcid.org\/0000-0001-7710-6696\" rel=\"noopener noreferrer\" target=\"_blank\">0000-0001-7710-6696<\/a><br \/>\nINSTITUTO POLIT\u00c9CNICO DE VISEU \u2022 Escola Superior de Tecnologia e Gest\u00e3o de Viseu<\/p>\n<p style=\"font-size: 0.9em;\">Marzieh Aghileh <a class=\"bt_pt\" href=\"https:\/\/cienciavitae.pt\/6018-63C3-5039\" rel=\"noopener noreferrer\" target=\"_blank\">6018-63C3-5039<\/a><br \/>\nINSTITUTO POLIT\u00c9CNICO DE VISEU<\/p>\n<\/div>\n<\/div>\n<\/div>\n<div id=\"N\" class=\"tabcontent\">\n<div class=\"RowArticle\">\n<div class=\"coluna\">\n<h4>integrados<\/h4>\n<p style=\"font-size: 0.9em;\"><i class=\"material-icons\" style=\"font-size: 0.9em;\">trending_flat<\/i> <span style=\"color: #2b2e34;\"><a href=\"http:\/\/localhost\/cised\/nanja-kroon\/\">Nanja Kroon<\/a><\/span> <a class=\"bt_pt\" href=\"https:\/\/orcid.org\/0000-0003-1288-941X\" rel=\"noopener noreferrer\" target=\"_blank\">0000-0003-1288-941X<\/a> \u2022 <a class=\"bt_pt\" href=\"https:\/\/cienciavitae.pt\/421A-1193-697A\" rel=\"noopener noreferrer\" target=\"_blank\">421A-1193-697A<\/a><br \/>\nINSTITUTO POLIT\u00c9CNICO DE VISEU \u2022 Escola Superior de Tecnologia e Gest\u00e3o de Viseu<\/p>\n<p style=\"font-size: 0.9em;\"><i class=\"material-icons\" style=\"font-size: 0.9em;\">trending_flat<\/i> <span style=\"color: #2b2e34;\"><a href=\"http:\/\/localhost\/cised\/natalia-figueiredo\/\">Nat\u00e1lia de Lima Figueiredo<\/a><\/span> <a class=\"bt_pt\" href=\"https:\/\/orcid.org\/0000-0002-8548-8804\" rel=\"noopener noreferrer\" target=\"_blank\">0000-0002-8548-8804<\/a> \u2022 <a class=\"bt_pt\" href=\"https:\/\/cienciavitae.pt\/2713-280B-E47F\" rel=\"noopener noreferrer\" target=\"_blank\">2713-280B-E47F<\/a><br \/>\nINSTITUTO POLIT\u00c9CNICO DE VISEU \u2022 Escola Superior de Tecnologia e Gest\u00e3o de Viseu<\/p>\n<p style=\"font-size: 0.9em;\"><i class=\"material-icons\" style=\"font-size: 0.9em;\">trending_flat<\/i> <span style=\"color: #2b2e34;\"><a href=\"http:\/\/localhost\/cised\/nuno-melao\/\">Nuno Filipe Rosa Mel\u00e3o<\/a><\/span> <a class=\"bt_pt\" href=\"https:\/\/orcid.org\/0000-0002-1359-3437\" rel=\"noopener noreferrer\" target=\"_blank\">0000-0002-1359-3437<\/a> \u2022 <a class=\"bt_pt\" href=\"https:\/\/cienciavitae.pt\/2F1D-7C4C-9AEE\" rel=\"noopener noreferrer\" target=\"_blank\">2F1D-7C4C-9AEE<\/a><br \/>\nINSTITUTO POLIT\u00c9CNICO DE VISEU \u2022 Escola Superior de Tecnologia e Gest\u00e3o de Viseu<\/p>\n<\/div>\n<\/div>\n<\/div>\n<div id=\"O\" class=\"tabcontent\">\n<div class=\"RowArticle\">\n<div class=\"coluna\">\n<h4>integrados<\/h4>\n<p style=\"font-size: 0.9em;\"><i class=\"material-icons\" style=\"font-size: 0.9em;\">trending_flat<\/i> <span style=\"color: #2b2e34;\"><a href=\"http:\/\/localhost\/cised\/odete-paiva\/\">Odete Maria de Matos Paiva<\/a><\/span> <a class=\"bt_pt\" href=\"https:\/\/orcid.org\/0000-0003-1440-3030\" rel=\"noopener noreferrer\" target=\"_blank\">0000-0003-1440-3030<\/a> \u2022 <a class=\"bt_pt\" href=\"https:\/\/cienciavitae.pt\/5D13-5987-D54A\" rel=\"noopener noreferrer\" target=\"_blank\">5D13-5987-D54A<\/a><br \/>\nINSTITUTO POLIT\u00c9CNICO DE VISEU \u2022 Escola Superior de Tecnologia e Gest\u00e3o de Viseu<\/p>\n<p style=\"font-size: 0.9em;\"><i class=\"material-icons\" style=\"font-size: 0.9em;\">trending_flat<\/i> <span style=\"color: #2b2e34;\"><a href=\"http:\/\/localhost\/cised\/olga-contente\/\">Olga Maria Sousa Contente<\/a><\/span> <a class=\"bt_pt\" href=\"https:\/\/orcid.org\/0000-0002-1551-9791\" rel=\"noopener noreferrer\" target=\"_blank\">0000-0002-1551-9791<\/a> \u2022 <a class=\"bt_pt\" href=\"https:\/\/cienciavitae.pt\/641C-3078-FFC7\" rel=\"noopener noreferrer\" target=\"_blank\">641C-3078-FFC7<\/a><br \/>\nINSTITUTO POLIT\u00c9CNICO DE VISEU \u2022 Escola Superior de Tecnologia e Gest\u00e3o de Viseu<\/p>\n<p style=\"font-size: 0.9em;\"><i class=\"material-icons\" style=\"font-size: 0.9em;\">trending_flat<\/i> <span style=\"color: #2b2e34;\"><a href=\"http:\/\/localhost\/cised\/osvaldo-santos\/\">Osvaldo Arede dos Santos<\/a><\/span> <a class=\"bt_pt\" href=\"https:\/\/orcid.org\/0000-0003-0341-2839\" rel=\"noopener noreferrer\" target=\"_blank\">0000-0003-0341-2839<\/a> \u2022 <a class=\"bt_pt\" href=\"https:\/\/cienciavitae.pt\/121D-8892-F723\" rel=\"noopener noreferrer\" target=\"_blank\">121D-8892-F723<\/a><br \/>\nINSTITUTO POLIT\u00c9CNICO DE CASTELO BRANCO<\/p>\n<\/div>\n<\/div>\n<\/div>\n<div id=\"P\" class=\"tabcontent\">\n<div class=\"RowArticle\">\n<div class=\"coluna\">\n<h4>integrados<\/h4>\n<p style=\"font-size: 0.9em;\"><i class=\"material-icons\" style=\"font-size: 0.9em;\">trending_flat<\/i> <span style=\"color: #2b2e34;\"><a href=\"http:\/\/localhost\/cised\/paulo-pinho\/\">Paulo Gabriel Fernandes de Pinho<\/a><\/span> <a class=\"bt_pt\" href=\"https:\/\/orcid.org\/0000-0002-1908-9629\" rel=\"noopener noreferrer\" target=\"_blank\">0000-0002-1908-9629<\/a> \u2022 <a class=\"bt_pt\" href=\"https:\/\/cienciavitae.pt\/A71F-5667-72A7\" rel=\"noopener noreferrer\" target=\"_blank\">A71F-5667-72A7<\/a><br \/>\nINSTITUTO POLIT\u00c9CNICO DE VISEU \u2022 Escola Superior de Tecnologia e Gest\u00e3o de Viseu<\/p>\n<p style=\"font-size: 0.9em;\"><i class=\"material-icons\" style=\"font-size: 0.9em;\">trending_flat<\/i> <span style=\"color: #2b2e34;\"><a href=\"http:\/\/localhost\/cised\/paulo-vaz\/\">Paulo Joaquim Antunes Vaz<\/a><\/span> <a class=\"bt_pt\" href=\"https:\/\/orcid.org\/0000-0002-1745-8937\" rel=\"noopener noreferrer\" target=\"_blank\">0000-0002-1745-8937<\/a> \u2022 <a class=\"bt_pt\" href=\"https:\/\/cienciavitae.pt\/351C-9899-0EE7\" rel=\"noopener noreferrer\" target=\"_blank\">351C-9899-0EE7<\/a><br \/>\nINSTITUTO POLIT\u00c9CNICO DE VISEU \u2022 Escola Superior de Tecnologia e Gest\u00e3o de Viseu<\/p>\n<p style=\"font-size: 0.9em;\"><i class=\"material-icons\" style=\"font-size: 0.9em;\">trending_flat<\/i> <span style=\"color: #2b2e34;\"><a href=\"http:\/\/localhost\/cised\/paulo-moises-costa\/\">Paulo Mois\u00e9s Almeida da Costa<\/a><\/span> <a class=\"bt_pt\" href=\"https:\/\/orcid.org\/0000-0001-6787-3357\" rel=\"noopener noreferrer\" target=\"_blank\">0000-0001-6787-3357<\/a> \u2022 <a class=\"bt_pt\" href=\"https:\/\/cienciavitae.pt\/C715-1844-6E3F\" rel=\"noopener noreferrer\" target=\"_blank\">C715-1844-6E3F<\/a><br \/>\nINSTITUTO POLIT\u00c9CNICO DE VISEU \u2022 Escola Superior de Tecnologia e Gest\u00e3o de Viseu<\/p>\n<p style=\"font-size: 0.9em;\"><i class=\"material-icons\" style=\"font-size: 0.9em;\">trending_flat<\/i> <span style=\"color: #2b2e34;\"><a href=\"http:\/\/localhost\/cised\/paulo-tome\/\">Paulo Rog\u00e9rio Perfeito Tom\u00e9<\/a><\/span> <a class=\"bt_pt\" href=\"https:\/\/orcid.org\/0000-0003-3021-8740\" rel=\"noopener noreferrer\" target=\"_blank\">0000-0003-3021-8740<\/a> \u2022 <a class=\"bt_pt\" href=\"https:\/\/cienciavitae.pt\/6B1C-0282-75C1\" rel=\"noopener noreferrer\" target=\"_blank\">6B1C-0282-75C1<\/a><br \/>\nINSTITUTO POLIT\u00c9CNICO DE VISEU \u2022 Escola Superior de Tecnologia e Gest\u00e3o de Viseu<\/p>\n<p style=\"font-size: 0.9em;\"><i class=\"material-icons\" style=\"font-size: 0.9em;\">trending_flat<\/i> <span style=\"color: #2b2e34;\"><a href=\"http:\/\/localhost\/cised\/pedro-lopes\/\">Pedro Filipe Antunes Lopes<\/a><\/span> <a class=\"bt_pt\" href=\"https:\/\/orcid.org\/0000-0002-4644-5748\" rel=\"noopener noreferrer\" target=\"_blank\">0000-0002-4644-5748<\/a> \u2022 <a class=\"bt_pt\" href=\"https:\/\/cienciavitae.pt\/F21A-0AC1-A375\" rel=\"noopener noreferrer\" target=\"_blank\">F21A-0AC1-A375<\/a><br \/>\nINSTITUTO POLIT\u00c9CNICO DE VISEU \u2022 Escola Superior de Tecnologia e Gest\u00e3o de Lamego<\/p>\n<p style=\"font-size: 0.9em;\"><i class=\"material-icons\" style=\"font-size: 0.9em;\">trending_flat<\/i> <span style=\"color: #2b2e34;\"><a href=\"http:\/\/localhost\/cised\/pedro-reis\/\">Pedro Manuel Nogueira Reis<\/a><\/span> <a class=\"bt_pt\" href=\"https:\/\/orcid.org\/0000-0003-1301-6645\" rel=\"noopener noreferrer\" target=\"_blank\">0000-0003-1301-6645<\/a> \u2022 <a class=\"bt_pt\" href=\"https:\/\/cienciavitae.pt\/B71F-60A3-3FB5\" rel=\"noopener noreferrer\" target=\"_blank\">B71F-60A3-3FB5<\/a><br \/>\nINSTITUTO POLIT\u00c9CNICO DE VISEU \u2022 Escola Superior de Tecnologia e Gest\u00e3o de Viseu<\/p>\n<p style=\"font-size: 0.9em;\"><i class=\"material-icons\" style=\"font-size: 0.9em;\">trending_flat<\/i> <span style=\"color: #2b2e34;\"><a href=\"http:\/\/localhost\/cised\/pedro-martins\/\">Pedro Miguel de Oliveira Martins<\/a><\/span> <a class=\"bt_pt\" href=\"https:\/\/orcid.org\/0000-0002-2118-1440\" rel=\"noopener noreferrer\" target=\"_blank\">0000-0002-2118-1440<\/a> \u2022 <a class=\"bt_pt\" href=\"https:\/\/cienciavitae.pt\/E51D-5A8E-03F8\" rel=\"noopener noreferrer\" target=\"_blank\">E51D-5A8E-03F8<\/a><br \/>\nINSTITUTO POLIT\u00c9CNICO DE VISEU \u2022 Escola Superior de Tecnologia e Gest\u00e3o de Viseu<\/p>\n<p style=\"font-size: 0.9em;\"><i class=\"material-icons\" style=\"font-size: 0.9em;\">trending_flat<\/i> <span style=\"color: #2b2e34;\"><a href=\"http:\/\/localhost\/cised\/pedro-silva\/\">Pedro Nuno Moreira da Silva<\/a><\/span> <a class=\"bt_pt\" href=\"https:\/\/orcid.org\/0000-0002-6298-6173\" rel=\"noopener noreferrer\" target=\"_blank\">0000-0002-6298-6173<\/a> \u2022 <a class=\"bt_pt\" href=\"https:\/\/cienciavitae.pt\/F31E-D38E-AA3A\" rel=\"noopener noreferrer\" target=\"_blank\">F31E-D38E-AA3A<\/a><br \/>\nINSTITUTO POLIT\u00c9CNICO DE CASTELO BRANCO<\/p>\n<\/div>\n<div class=\"coluna\">\n<h4>colaboradores<\/h4>\n<p style=\"font-size: 0.9em;\"><span style=\"color: #2b2e34;\">Paulo Alexandre Pires Pinto da Silva<\/span> <a class=\"bt_pt\" href=\"https:\/\/orcid.org\/0000-0002-9955-9706\" rel=\"noopener noreferrer\" target=\"_blank\">0000-0002-9955-9706<\/a> \u2022 <a class=\"bt_pt\" href=\"https:\/\/cienciavitae.pt\/5F1E-AA84-1996\" rel=\"noopener noreferrer\" target=\"_blank\">5F1E-AA84-1996<\/a><br \/>\nINSTITUTO POLIT\u00c9CNICO DE VISEU \u2022 Escola Superior de Educa\u00e7\u00e3o de Viseu<\/p>\n<\/div>\n<\/div>\n<\/div>\n<div id=\"R\" class=\"tabcontent\">\n<div class=\"RowArticle\">\n<div class=\"coluna\">\n<h4>integrados<\/h4>\n<p style=\"font-size: 0.9em;\"><i class=\"material-icons\" style=\"font-size: 0.9em;\">trending_flat<\/i> <span style=\"color: #2b2e34;\"><a href=\"http:\/\/localhost\/cised\/ricardo-gama\/\">Ricardo Lu\u00eds da Costa Gama<\/a><\/span> <a class=\"bt_pt\" href=\"https:\/\/orcid.org\/0000-0002-7051-8310\" rel=\"noopener noreferrer\" target=\"_blank\">0000-0002-7051-8310<\/a> \u2022 <a class=\"bt_pt\" href=\"https:\/\/cienciavitae.pt\/A414-F53D-A6D7\" rel=\"noopener noreferrer\" target=\"_blank\">A414-F53D-A6D7<\/a><br \/>\nINSTITUTO POLIT\u00c9CNICO DE VISEU \u2022 Escola Superior de Tecnologia e Gest\u00e3o de Lamego<\/p>\n<p style=\"font-size: 0.9em;\"><i class=\"material-icons\" style=\"font-size: 0.9em;\">trending_flat<\/i> <span style=\"color: #2b2e34;\"><a href=\"http:\/\/localhost\/cised\/rogerio-dionisio\/\">Rog\u00e9rio Pais Dion\u00edsio<\/a><\/span> <a class=\"bt_pt\" href=\"https:\/\/orcid.org\/0000-0002-6810-2447\" rel=\"noopener noreferrer\" target=\"_blank\">0000-0002-6810-2447<\/a> \u2022 <a class=\"bt_pt\" href=\"https:\/\/cienciavitae.pt\/2F1A-414F-368B\" rel=\"noopener noreferrer\" target=\"_blank\">2F1A-414F-368B<\/a><br \/>\nINSTITUTO POLIT\u00c9CNICO DE CASTELO BRANCO<\/p>\n<p style=\"font-size: 0.9em;\"><i class=\"material-icons\" style=\"font-size: 0.9em;\">trending_flat<\/i> <span style=\"color: #2b2e34;\"><a href=\"http:\/\/localhost\/cised\/rui-duarte\/\">Rui Pedro Monteiro Amaro Duarte<\/a><\/span> <a class=\"bt_pt\" href=\"https:\/\/orcid.org\/0000-0002-6819-0985\" rel=\"noopener noreferrer\" target=\"_blank\">0000-0002-6819-0985<\/a> \u2022 <a class=\"bt_pt\" href=\"https:\/\/cienciavitae.pt\/211F-55A0-4B63\" rel=\"noopener noreferrer\" target=\"_blank\">211F-55A0-4B63<\/a><br \/>\nINSTITUTO POLIT\u00c9CNICO DE VISEU \u2022 Escola Superior de Tecnologia e Gest\u00e3o de Viseu<\/p>\n<\/div>\n<div class=\"coluna\" style=\"border-left: 1px solid #2b2e34;\">\n<h4>colaboradores<\/h4>\n<p style=\"font-size: 0.9em;\"><span style=\"color: #2b2e34;\">Ricardo Jo\u00e3o Lu\u00eds Marques Correia<\/span><br \/>\nINSTITUTO POLIT\u00c9CNICO DE VISEU \u2022 Escola Superior de Tecnologia e Gest\u00e3o de Viseu<\/p>\n<p style=\"font-size: 0.9em;\"><span style=\"color: #2b2e34;\">Romeu Mendes da Silva Lopes<\/span><br \/>\nINSTITUTO POLIT\u00c9CNICO DA GUARDA<\/p>\n<p style=\"font-size: 0.9em;\"><span style=\"color: #2b2e34;\">Rosa Maria Gomes da Silva<\/span> <a class=\"bt_pt\" href=\"https:\/\/orcid.org\/0000-0001-5530-6435\" rel=\"noopener noreferrer\" target=\"_blank\">0000-0001-5530-6435<\/a> \u2022 <a class=\"bt_pt\" href=\"https:\/\/cienciavitae.pt\/OA1F-6F46-BBD3\" rel=\"noopener noreferrer\" target=\"_blank\">OA1F-6F46-BBD3<\/a><br \/>\nINSTITUTO POLIT\u00c9CNICO DE VISEU \u2022 Escola Superior de Tecnologia e Gest\u00e3o de Viseu<\/p>\n<p style=\"font-size: 0.9em;\"><span style=\"color: #2b2e34;\">Rui Manuel da Silveira Ara\u00fajo<\/span> <a class=\"bt_pt\" href=\"https:\/\/orcid.org\/0000-0002-0165-0430\" rel=\"noopener noreferrer\" target=\"_blank\">0000-0002-0165-0430<\/a> \u2022 <a class=\"bt_pt\" href=\"https:\/\/cienciavitae.pt\/511F-75F2-52C6\" rel=\"noopener noreferrer\" target=\"_blank\">511F-75F2-52C6<\/a><br \/>\nINSTITUTO POLIT\u00c9CNICO DE VISEU \u2022 Escola Superior de Tecnologia e Gest\u00e3o de Viseu<\/p>\n<p style=\"font-size: 0.9em;\"><span style=\"color: #2b2e34;\">Rute Maria Gomes Abreu<\/span> <a class=\"bt_pt\" href=\"https:\/\/orcid.org\/0000-0001-6275-3276\" rel=\"noopener noreferrer\" target=\"_blank\">0000-0001-6275-3276<\/a> \u2022 <a class=\"bt_pt\" href=\"https:\/\/cienciavitae.pt\/5016-176E-AAA4\" rel=\"noopener noreferrer\" target=\"_blank\">5016-176E-AAA4<\/a><br \/>\nINSTITUTO POLIT\u00c9CNICO DA GUARDA<\/p>\n<\/div>\n<\/div>\n<\/div>\n<div id=\"S\" class=\"tabcontent\">\n<div class=\"RowArticle\">\n<div class=\"coluna\">\n<h4>integrados<\/h4>\n<p style=\"font-size: 0.9em;\"><i class=\"material-icons\" style=\"font-size: 0.9em;\">trending_flat<\/i> <span style=\"color: #2b2e34;\"><a href=\"http:\/\/localhost\/cised\/sara-santos\/\">Sara Cristina Valente dos Santos<\/a><\/span> <a class=\"bt_pt\" href=\"https:\/\/orcid.org\/0000-0002-3581-6478\" rel=\"noopener noreferrer\" target=\"_blank\">0000-0002-3581-6478<\/a> \u2022 <a class=\"bt_pt\" href=\"https:\/\/cienciavitae.pt\/BF1C-855D-D6E7\" rel=\"noopener noreferrer\" target=\"_blank\">BF1C-855D-D6E7<\/a><br \/>\nINSTITUTO POLIT\u00c9CNICO DE VISEU \u2022 Escola Superior de Educa\u00e7\u00e3o de Viseu<\/p>\n<p style=\"font-size: 0.9em;\"><i class=\"material-icons\" style=\"font-size: 0.9em;\">trending_flat<\/i> <span style=\"color: #2b2e34;\"><a href=\"http:\/\/localhost\/cised\/serafim-oliveira\/\">Serafim Paulo Melo Oliveira<\/a><\/span> <a class=\"bt_pt\" href=\"https:\/\/orcid.org\/0000-0002-3499-6681\" rel=\"noopener noreferrer\" target=\"_blank\">0000-0002-3499-6681<\/a> \u2022 <a class=\"bt_pt\" href=\"https:\/\/cienciavitae.pt\/5611-AC57-8C6A\" rel=\"noopener noreferrer\" target=\"_blank\">5611-AC57-8C6A<\/a><br \/>\nINSTITUTO POLIT\u00c9CNICO DE VISEU \u2022 Escola Superior de Tecnologia e Gest\u00e3o de Viseu<\/p>\n<p style=\"font-size: 0.9em;\"><i class=\"material-icons\" style=\"font-size: 0.9em;\">trending_flat<\/i> <span style=\"color: #2b2e34;\"><a href=\"http:\/\/localhost\/cised\/sergio-lopes\/\">S\u00e9rgio Miguel Gomes Lopes<\/a><\/span> <a class=\"bt_pt\" href=\"https:\/\/orcid.org\/0000-0003-0024-9386\" rel=\"noopener noreferrer\" target=\"_blank\">0000-0003-0024-9386<\/a> \u2022 <a class=\"bt_pt\" href=\"https:\/\/cienciavitae.pt\/8C10-3B6F-842D\" rel=\"noopener noreferrer\" target=\"_blank\">8C10-3B6F-842D<\/a><br \/>\nINSTITUTO POLIT\u00c9CNICO DE VISEU \u2022 Escola Superior de Tecnologia e Gest\u00e3o de Viseu<\/p>\n<p style=\"font-size: 0.9em;\"><i class=\"material-icons\" style=\"font-size: 0.9em;\">trending_flat<\/i> <span style=\"color: #2b2e34;\"><a href=\"http:\/\/localhost\/cised\/steven-abrantes\/\">Steven Lopes Abrantes<\/a><\/span> <a class=\"bt_pt\" href=\"https:\/\/orcid.org\/0000-0002-4738-3745\" rel=\"noopener noreferrer\" target=\"_blank\">0000-0002-4738-3745<\/a> \u2022 <a class=\"bt_pt\" href=\"https:\/\/cienciavitae.pt\/1D11-F6BD-6871\" rel=\"noopener noreferrer\" target=\"_blank\">1D11-F6BD-6871<\/a><br \/>\nINSTITUTO POLIT\u00c9CNICO DE VISEU \u2022 Escola Superior de Tecnologia e Gest\u00e3o de Viseu<\/p>\n<p style=\"font-size: 0.9em;\"><i class=\"material-icons\" style=\"font-size: 0.9em;\">trending_flat<\/i> <span style=\"color: #2b2e34;\"><a href=\"http:\/\/localhost\/cised\/suzanne-amaro\/\">Suzanne Fonseca Amaro<\/a><\/span> <a class=\"bt_pt\" href=\"https:\/\/orcid.org\/0000-0001-9263-6951\" rel=\"noopener noreferrer\" target=\"_blank\">0000-0001-9263-6951<\/a> \u2022 <a class=\"bt_pt\" href=\"https:\/\/cienciavitae.pt\/E918-24FC-5C4A\" rel=\"noopener noreferrer\" target=\"_blank\">E918-24FC-5C4A<\/a><br \/>\nINSTITUTO POLIT\u00c9CNICO DE VISEU \u2022 Escola Superior de Tecnologia e Gest\u00e3o de Viseu<\/p>\n<\/div>\n<div class=\"coluna\" style=\"border-left: 1px solid #2b2e34;\">\n<h4>colaboradores<\/h4>\n<p style=\"font-size: 0.9em;\"><span style=\"color: #2b2e34;\">Silvia Catarina de Oliveira Moreira<\/span><br \/>\nINSTITUTO POLIT\u00c9CNICO DE VISEU \u2022 Escola Superior de Tecnologia e Gest\u00e3o de Viseu<\/p>\n<p style=\"font-size: 0.9em;\"><span style=\"color: #2b2e34;\">S\u00f3nia Maria Marques Teixeira Mendon\u00e7a Gouveia<\/span> <a class=\"bt_pt\" href=\"https:\/\/orcid.org\/0009-0000-3666-5168\" rel=\"noopener noreferrer\" target=\"_blank\">0009-0000-3666-5168<\/a> \u2022 <a class=\"bt_pt\" href=\"https:\/\/cienciavitae.pt\/121D-8770-1798\" rel=\"noopener noreferrer\" target=\"_blank\">121D-8770-1798<\/a><br \/>\nINSTITUTO POLIT\u00c9CNICO DE VISEU \u2022 Escola Superior de Tecnologia e Gest\u00e3o de Viseu<\/p>\n<\/div>\n<\/div>\n<\/div>\n<div id=\"V\" class=\"tabcontent\">\n<div class=\"RowArticle\">\n<div class=\"coluna\">\n<h4>integrados<\/h4>\n<p style=\"font-size: 0.9em;\"><i class=\"material-icons\" style=\"font-size: 0.9em;\">trending_flat<\/i> <span style=\"color: #2b2e34;\"><a href=\"http:\/\/localhost\/cised\/valter-alves\/\">Valter Nelson Noronha Alves<\/a><\/span> <a class=\"bt_pt\" href=\"https:\/\/orcid.org\/0000-0001-8981-0250\" rel=\"noopener noreferrer\" target=\"_blank\">0000-0001-8981-0250<\/a> \u2022 <a class=\"bt_pt\" href=\"https:\/\/cienciavitae.pt\/F91B-3C45-E2AA\" rel=\"noopener noreferrer\" target=\"_blank\">F91B-3C45-E2AA<\/a><br \/>\nINSTITUTO POLIT\u00c9CNICO DE VISEU \u2022 Escola Superior de Tecnologia e Gest\u00e3o de Viseu<\/p>\n<p style=\"font-size: 0.9em;\"><i class=\"material-icons\" style=\"font-size: 0.9em;\">trending_flat<\/i> <span style=\"color: #2b2e34;\"><a href=\"http:\/\/localhost\/cised\/vasco-santos\/\">Vasco Eduardo Gra\u00e7a dos Santos<\/a><\/span> <a class=\"bt_pt\" href=\"https:\/\/orcid.org\/0000-0002-4406-3076\" rel=\"noopener noreferrer\" target=\"_blank\">0000-0002-4406-3076<\/a> \u2022 <a class=\"bt_pt\" href=\"https:\/\/cienciavitae.pt\/641E-9E66-D45D\" rel=\"noopener noreferrer\" target=\"_blank\">641E-9E66-D45D<\/a><br \/>\nINSTITUTO POLIT\u00c9CNICO DE VISEU \u2022 Escola Superior de Tecnologia e Gest\u00e3o de Viseu<\/p>\n<\/div>\n<div class=\"coluna\" style=\"border-left: 1px solid #2b2e34;\">\n<h4>colaboradores<\/h4>\n<p style=\"font-size: 0.9em;\"><span style=\"color: #2b2e34;\">Vitor Manuel Gomes Roque<\/span> <a class=\"bt_pt\" href=\"https:\/\/orcid.org\/0000-0001-6027-3340\" rel=\"noopener noreferrer\" target=\"_blank\">0000-0001-6027-3340<\/a> \u2022 <a class=\"bt_pt\" href=\"https:\/\/cienciavitae.pt\/9711-CA63-B196\" rel=\"noopener noreferrer\" target=\"_blank\">9711-CA63-B196<\/a><br \/>\nINSTITUTO POLIT\u00c9CNICO DA GUARDA<\/p>\n<\/div>\n<\/div>\n<\/div>\n<\/div>\n<div style=\"width: 100%;\">\n<div class=\"tab\">\n  <button class=\"tablinks\" onclick=\"openTab(event, 'Viseu')\">Viseu<\/button><br \/>\n  <button class=\"tablinks\" onclick=\"openTab(event, 'Castelo Branco')\">Castelo Branco<\/button>\n<\/div>\n<div id=\"Viseu\" class=\"tabcontent\">\n<h4>integrados<\/h4>\n<div class=\"pt-cv-wrapper\"><div class=\"pt-cv-view pt-cv-blockgrid iscvblock iscvhybrid grid1 layout1\" id=\"pt-cv-view-5402b8ddgv\"><div data-id=\"pt-cv-page-1\" class=\"pt-cv-page\" data-cvc=\"1\"><div class=\" pt-cv-content-item pt-cv-1-col\" ><div class=\"pt-cv-content\"><h6>Ana Branca da Silva Soeiro de Carvalho<\/h6>\n<p><a href=\"https:\/\/orcid.org\/0000-0002-8979-6644\" rel=\"noopener noreferrer\" target=\"_blank\">0000-0002-8979-6644<\/a> \u2022 <a href=\"https:\/\/cienciavitae.pt\/B016-9159-8AE6\" rel=\"noopener noreferrer\" target=\"_blank\">B016-9159-8AE6<\/a><br \/>\nINSTITUTO POLIT\u00c9CNICO DE VISEU \u2022 Escola Superior de Tecnologia e Gest\u00e3o de Lamego<\/p>\n<\/div>\n<div class=\"pt-cv-meta-fields\"><span class=\"terms\"> <a href='https:\/\/events.ipv.pt\/cised\/tag\/ana-branca-carvalho\/' title='Ana Branca Carvalho' class='pt-cv-tax-ana-branca-carvalho'>Ana Branca Carvalho<\/a>, <a href='https:\/\/events.ipv.pt\/cised\/category\/i_viseu\/' title='i_viseu' class='pt-cv-tax-i_viseu'>i_viseu<\/a><\/span><\/div><\/div>\n<div class=\" pt-cv-content-item pt-cv-1-col\" ><div class=\"pt-cv-content\"><h6><span style=\"color: #2b2e34;\">Ana Cristina Bico Rodrigues de Matos<\/span><\/h6>\n<p><a href=\"https:\/\/orcid.org\/0000-0001-6408-5857\" rel=\"noopener noreferrer\" target=\"_blank\">0000-0001-6408-5857<\/a> \u2022 <a href=\"https:\/\/cienciavitae.pt\/961C-1FBD-5555\" rel=\"noopener noreferrer\" target=\"_blank\">961C-1FBD-5555<\/a><br \/>\nINSTITUTO POLIT\u00c9CNICO DE VISEU \u2022 Escola Superior de Tecnologia e Gest\u00e3o de Viseu<\/p>\n<\/div>\n<div class=\"pt-cv-meta-fields\"><span class=\"terms\"> <a href='https:\/\/events.ipv.pt\/cised\/tag\/ana-matos\/' title='Ana Matos' class='pt-cv-tax-ana-matos'>Ana Matos<\/a>, <a href='https:\/\/events.ipv.pt\/cised\/category\/i_viseu\/' title='i_viseu' class='pt-cv-tax-i_viseu'>i_viseu<\/a><\/span><\/div><\/div>\n<div class=\" pt-cv-content-item pt-cv-1-col\" ><div class=\"pt-cv-content\"><h6>Ant\u00f3nio Jos\u00e9 Queir\u00f3s Soares de Figueiredo<\/h6>\n<p><a href=\"https:\/\/orcid.org\/0000-0002-3275-091X\" rel=\"noopener noreferrer\" target=\"_blank\">0000-0002-3275-091X<\/a> \u2022 <a href=\"https:\/\/cienciavitae.pt\/AF13-17D0-1886\" rel=\"noopener noreferrer\" target=\"_blank\">AF13-17D0-1886<\/a><br \/>\nINSTITUTO POLIT\u00c9CNICO DE VISEU \u2022 Escola Superior de Tecnologia e Gest\u00e3o de Viseu<\/p>\n<\/div>\n<div class=\"pt-cv-meta-fields\"><span class=\"terms\"> <a href='https:\/\/events.ipv.pt\/cised\/tag\/antonio-figueiredo\/' title='Ant\u00f3nio Figueiredo' class='pt-cv-tax-antonio-figueiredo'>Ant\u00f3nio Figueiredo<\/a>, <a href='https:\/\/events.ipv.pt\/cised\/category\/i_viseu\/' title='i_viseu' class='pt-cv-tax-i_viseu'>i_viseu<\/a><\/span><\/div><\/div>\n<div class=\" pt-cv-content-item pt-cv-1-col\" ><div class=\"pt-cv-content\"><h6>Ant\u00f3nio Pedro Martins Soares Pinto<\/h6>\n<p><a href=\"https:\/\/orcid.org\/0000-0002-9561-3509\" rel=\"noopener noreferrer\" target=\"_blank\">0000-0002-9561-3509<\/a> \u2022 <a href=\"https:\/\/cienciavitae.pt\/F713-53B2-79DE\" rel=\"noopener noreferrer\" target=\"_blank\">F713-53B2-79DE<\/a><br \/>\nINSTITUTO POLIT\u00c9CNICO DE VISEU \u2022 Escola Superior de Tecnologia e Gest\u00e3o de Viseu<\/p>\n<\/div>\n<div class=\"pt-cv-meta-fields\"><span class=\"terms\"> <a href='https:\/\/events.ipv.pt\/cised\/tag\/antonio-pinto\/' title='Ant\u00f3nio Pinto' class='pt-cv-tax-antonio-pinto'>Ant\u00f3nio Pinto<\/a>, <a href='https:\/\/events.ipv.pt\/cised\/category\/i_viseu\/' title='i_viseu' class='pt-cv-tax-i_viseu'>i_viseu<\/a><\/span><\/div><\/div>\n<div class=\" pt-cv-content-item pt-cv-1-col\" ><div class=\"pt-cv-content\"><h6>Bruno Emanuel Morgado Ferreira<\/h6>\n<p><a href=\"https:\/\/orcid.org\/0000-0002-7102-7804\" rel=\"noopener noreferrer\" target=\"_blank\">0000-0002-7102-7804<\/a> \u2022 <a href=\"https:\/\/cienciavitae.pt\/7B15-9984-D375\" rel=\"noopener noreferrer\" target=\"_blank\">7B15-9984-D375<\/a><br \/>\nINSTITUTO POLIT\u00c9CNICO DE VISEU \u2022 Escola Superior de Tecnologia e Gest\u00e3o de Viseu<\/p>\n<\/div>\n<div class=\"pt-cv-meta-fields\"><span class=\"terms\"> <a href='https:\/\/events.ipv.pt\/cised\/tag\/bruno-ferreira\/' title='Bruno Ferreira' class='pt-cv-tax-bruno-ferreira'>Bruno Ferreira<\/a>, <a href='https:\/\/events.ipv.pt\/cised\/category\/i_viseu\/' title='i_viseu' class='pt-cv-tax-i_viseu'>i_viseu<\/a><\/span><\/div><\/div>\n<div class=\" pt-cv-content-item pt-cv-1-col\" ><div class=\"pt-cv-content\"><h6>Carla Maria Alves da Silva<\/h6>\n<p><a href=\"https:\/\/orcid.org\/0000-0001-6251-9113\" rel=\"noopener noreferrer\" target=\"_blank\">0000-0001-6251-9113<\/a> \u2022 <a href=\"https:\/\/cienciavitae.pt\/B21B-6F8E-DBBE\" rel=\"noopener noreferrer\" target=\"_blank\">B21B-6F8E-DBBE<\/a><br \/>\nINSTITUTO POLIT\u00c9CNICO DE VISEU \u2022 Escola Superior de Tecnologia e Gest\u00e3o de Viseu<\/p>\n<\/div>\n<div class=\"pt-cv-meta-fields\"><span class=\"terms\"> <a href='https:\/\/events.ipv.pt\/cised\/tag\/carla-silva\/' title='Carla Silva' class='pt-cv-tax-carla-silva'>Carla Silva<\/a>, <a href='https:\/\/events.ipv.pt\/cised\/category\/i_viseu\/' title='i_viseu' class='pt-cv-tax-i_viseu'>i_viseu<\/a><\/span><\/div><\/div>\n<div class=\" pt-cv-content-item pt-cv-1-col\" ><div class=\"pt-cv-content\"><h6>Carlos Augusto da Silva Cunha<\/h6>\n<p><a href=\"https:\/\/orcid.org\/0000-0002-2754-5401\" rel=\"noopener noreferrer\" target=\"_blank\">0000-0002-2754-5401<\/a> \u2022 <a href=\"https:\/\/cienciavitae.pt\/D71F-FC65-1F07\" rel=\"noopener noreferrer\" target=\"_blank\">D71F-FC65-1F07<\/a><br \/>\nINSTITUTO POLIT\u00c9CNICO DE VISEU \u2022 Escola Superior de Tecnologia e Gest\u00e3o de Viseu<\/p>\n<\/div>\n<div class=\"pt-cv-meta-fields\"><span class=\"terms\"> <a href='https:\/\/events.ipv.pt\/cised\/tag\/carlos-cunha\/' title='Carlos Cunha' class='pt-cv-tax-carlos-cunha'>Carlos Cunha<\/a>, <a href='https:\/\/events.ipv.pt\/cised\/category\/i_viseu\/' title='i_viseu' class='pt-cv-tax-i_viseu'>i_viseu<\/a><\/span><\/div><\/div>\n<div class=\" pt-cv-content-item pt-cv-1-col\" ><div class=\"pt-cv-content\"><h6>Carlos Alberto Catorze Pereira<\/h6>\n<p><a href=\"https:\/\/orcid.org\/0000-0002-1758-0860\" rel=\"noopener noreferrer\" target=\"_blank\">0000-0002-1758-0860<\/a> \u2022 <a href=\"https:\/\/cienciavitae.pt\/8F17-174D-8A07\" rel=\"noopener noreferrer\" target=\"_blank\">8F17-174D-8A07<\/a><br \/>\nINSTITUTO POLIT\u00c9CNICO DE VISEU \u2022 Escola Superior de Tecnologia e Gest\u00e3o de Viseu<\/p>\n<\/div>\n<div class=\"pt-cv-meta-fields\"><span class=\"terms\"> <a href='https:\/\/events.ipv.pt\/cised\/tag\/carlos-pereira\/' title='Carlos Pereira' class='pt-cv-tax-carlos-pereira'>Carlos Pereira<\/a>, <a href='https:\/\/events.ipv.pt\/cised\/category\/i_viseu\/' title='i_viseu' class='pt-cv-tax-i_viseu'>i_viseu<\/a><\/span><\/div><\/div>\n<div class=\" pt-cv-content-item pt-cv-1-col\" ><div class=\"pt-cv-content\"><h6>Carlos Alberto Torres Quental<\/h6>\n<p><a href=\"https:\/\/orcid.org\/0000-0002-8598-2511\" rel=\"noopener noreferrer\" target=\"_blank\">0000-0002-8598-2511<\/a> \u2022 <a href=\"https:\/\/cienciavitae.pt\/1217-AD67-0EA6\" rel=\"noopener noreferrer\" target=\"_blank\">1217-AD67-0EA6<\/a><br \/>\nINSTITUTO POLIT\u00c9CNICO DE VISEU \u2022 Escola Superior de Tecnologia e Gest\u00e3o de Viseu<\/p>\n<\/div>\n<div class=\"pt-cv-meta-fields\"><span class=\"terms\"> <a href='https:\/\/events.ipv.pt\/cised\/tag\/carlos-quental\/' title='Carlos Quental' class='pt-cv-tax-carlos-quental'>Carlos Quental<\/a>, <a href='https:\/\/events.ipv.pt\/cised\/category\/i_viseu\/' title='i_viseu' class='pt-cv-tax-i_viseu'>i_viseu<\/a><\/span><\/div><\/div>\n<div class=\" pt-cv-content-item pt-cv-1-col\" ><div class=\"pt-cv-content\"><h6>Cristina Maria de Jesus Barroco Novais<\/h6>\n<p><a href=\"https:\/\/orcid.org\/0000-0003-3016-8763\" rel=\"noopener noreferrer\" target=\"_blank\">0000-0003-3016-8763<\/a> \u2022 <a href=\"https:\/\/cienciavitae.pt\/F216-FEC6-B91F\" rel=\"noopener noreferrer\" target=\"_blank\">F216-FEC6-B91F<\/a><br \/>\nINSTITUTO POLIT\u00c9CNICO DE VISEU \u2022 Escola Superior de Tecnologia e Gest\u00e3o de Viseu<\/p>\n<\/div>\n<div class=\"pt-cv-meta-fields\"><span class=\"terms\"> <a href='https:\/\/events.ipv.pt\/cised\/tag\/cristina-barroco\/' title='Cristina Barroco' class='pt-cv-tax-cristina-barroco'>Cristina Barroco<\/a>, <a href='https:\/\/events.ipv.pt\/cised\/category\/i_viseu\/' title='i_viseu' class='pt-cv-tax-i_viseu'>i_viseu<\/a><\/span><\/div><\/div>\n<div class=\" pt-cv-content-item pt-cv-1-col\" ><div class=\"pt-cv-content\"><h6>Cristina Maria Nogueira Rom\u00e3o<\/h6>\n<p><a href=\"https:\/\/orcid.org\/0000-0001-8075-0482\" rel=\"noopener noreferrer\" target=\"_blank\">0000-0001-8075-0482<\/a> \u2022 <a href=\"https:\/\/cienciavitae.pt\/0D16-2FF7-B333\" rel=\"noopener noreferrer\" target=\"_blank\">0D16-2FF7-B333<\/a><br \/>\nINSTITUTO POLIT\u00c9CNICO DE VISEU \u2022 Escola Superior de Tecnologia e Gest\u00e3o de Viseu<\/p>\n<\/div>\n<div class=\"pt-cv-meta-fields\"><span class=\"terms\"> <a href='https:\/\/events.ipv.pt\/cised\/tag\/cristina-romao\/' title='Cristina Rom\u00e3o' class='pt-cv-tax-cristina-romao'>Cristina Rom\u00e3o<\/a>, <a href='https:\/\/events.ipv.pt\/cised\/category\/i_viseu\/' title='i_viseu' class='pt-cv-tax-i_viseu'>i_viseu<\/a><\/span><\/div><\/div>\n<div class=\" pt-cv-content-item pt-cv-1-col\" ><div class=\"pt-cv-content\"><h6>Ana Cristina Wanzeller Guedes de Lacerda<\/h6>\n<p><a href=\"https:\/\/orcid.org\/0000-0002-8921-4747\" rel=\"noopener noreferrer\" target=\"_blank\">0000-0002-8921-4747<\/a> \u2022 <a href=\"https:\/\/cienciavitae.pt\/E81F-11C0-E77C\" rel=\"noopener noreferrer\" target=\"_blank\">E81F-11C0-E77C<\/a><br \/>\nINSTITUTO POLIT\u00c9CNICO DE VISEU \u2022 Escola Superior de Tecnologia e Gest\u00e3o de Viseu<\/p>\n<\/div>\n<div class=\"pt-cv-meta-fields\"><span class=\"terms\"> <a href='https:\/\/events.ipv.pt\/cised\/tag\/cristina-wanzeller\/' title='Cristina Wanzeller' class='pt-cv-tax-cristina-wanzeller'>Cristina Wanzeller<\/a>, <a href='https:\/\/events.ipv.pt\/cised\/category\/i_viseu\/' title='i_viseu' class='pt-cv-tax-i_viseu'>i_viseu<\/a><\/span><\/div><\/div>\n<div class=\" pt-cv-content-item pt-cv-1-col\" ><div class=\"pt-cv-content\"><h6>Manuela Damiana dos Santos Almeida Guedes<\/h6>\n<p><a href=\"https:\/\/orcid.org\/0000-0001-6951-1835\" rel=\"noopener noreferrer\" target=\"_blank\">0000-0001-6951-1835<\/a> \u2022 <a href=\"https:\/\/cienciavitae.pt\/EB1E-CF5D-7BA3\" rel=\"noopener noreferrer\" target=\"_blank\">EB1E-CF5D-7BA3<\/a><br \/>\nINSTITUTO POLIT\u00c9CNICO DE VISEU \u2022 Escola Superior de Tecnologia e Gest\u00e3o de Lamego<\/p>\n<\/div>\n<div class=\"pt-cv-meta-fields\"><span class=\"terms\"> <a href='https:\/\/events.ipv.pt\/cised\/tag\/damiana-guedes\/' title='Damiana Guedes' class='pt-cv-tax-damiana-guedes'>Damiana Guedes<\/a>, <a href='https:\/\/events.ipv.pt\/cised\/category\/i_viseu\/' title='i_viseu' class='pt-cv-tax-i_viseu'>i_viseu<\/a><\/span><\/div><\/div>\n<div class=\" pt-cv-content-item pt-cv-1-col\" ><div class=\"pt-cv-content\"><h6>Daniel Ferreira de Azevedo<\/h6>\n<p><a href=\"https:\/\/orcid.org\/0000-0002-8927-4213\" rel=\"noopener noreferrer\" target=\"_blank\">0000-0002-8927-4213<\/a> \u2022 <a href=\"https:\/\/cienciavitae.pt\/1D1F-008E-A316\" rel=\"noopener noreferrer\" target=\"_blank\">1D1F-008E-A316<\/a><br \/>\nINSTITUTO POLIT\u00c9CNICO DE VISEU \u2022 Escola Superior de Tecnologia e Gest\u00e3o de Viseu<\/p>\n<\/div>\n<div class=\"pt-cv-meta-fields\"><span class=\"terms\"> <a href='https:\/\/events.ipv.pt\/cised\/tag\/daniel-azevedo\/' title='Daniel Azevedo' class='pt-cv-tax-daniel-azevedo'>Daniel Azevedo<\/a>, <a href='https:\/\/events.ipv.pt\/cised\/category\/i_viseu\/' title='i_viseu' class='pt-cv-tax-i_viseu'>i_viseu<\/a><\/span><\/div><\/div>\n<div class=\" pt-cv-content-item pt-cv-1-col\" ><div class=\"pt-cv-content\"><h6>Daniel Augusto Est\u00e1cio Marques Mendes Gaspar<\/h6>\n<p><a href=\"https:\/\/orcid.org\/0000-0002-8522-4905\" rel=\"noopener noreferrer\" target=\"_blank\">0000-0002-8522-4905<\/a> \u2022 <a href=\"https:\/\/cienciavitae.pt\/321C-9CFD-B646\" rel=\"noopener noreferrer\" target=\"_blank\">321C-9CFD-B646<\/a><br \/>\nINSTITUTO POLIT\u00c9CNICO DE VISEU \u2022 Escola Superior de Tecnologia e Gest\u00e3o de Viseu<\/p>\n<\/div>\n<div class=\"pt-cv-meta-fields\"><span class=\"terms\"> <a href='https:\/\/events.ipv.pt\/cised\/tag\/daniel-gaspar\/' title='Daniel Gaspar' class='pt-cv-tax-daniel-gaspar'>Daniel Gaspar<\/a>, <a href='https:\/\/events.ipv.pt\/cised\/category\/i_viseu\/' title='i_viseu' class='pt-cv-tax-i_viseu'>i_viseu<\/a><\/span><\/div><\/div>\n<div class=\" pt-cv-content-item pt-cv-1-col\" ><div class=\"pt-cv-content\"><h6>Edmundo Manuel Tavares Marques<\/h6>\n<p><a href=\"https:\/\/orcid.org\/0000-0002-9569-4126\" rel=\"noopener noreferrer\" target=\"_blank\">0000-0002-9569-4126<\/a> \u2022 <a href=\"https:\/\/cienciavitae.pt\/BE15-A65C-DB6D\" rel=\"noopener noreferrer\" target=\"_blank\">BE15-A65C-DB6D<\/a><br \/>\nINSTITUTO POLIT\u00c9CNICO DE VISEU \u2022 Escola Superior de Tecnologia e Gest\u00e3o de Viseu<\/p>\n<\/div>\n<div class=\"pt-cv-meta-fields\"><span class=\"terms\"> <a href='https:\/\/events.ipv.pt\/cised\/tag\/edmundo-marques\/' title='Edmundo Marques' class='pt-cv-tax-edmundo-marques'>Edmundo Marques<\/a>, <a href='https:\/\/events.ipv.pt\/cised\/category\/i_viseu\/' title='i_viseu' class='pt-cv-tax-i_viseu'>i_viseu<\/a><\/span><\/div><\/div>\n<div class=\" pt-cv-content-item pt-cv-1-col\" ><div class=\"pt-cv-content\"><h6>Eduardo Miguel Teixeira Mendon\u00e7a Gouveia<\/h6>\n<p><a href=\"https:\/\/orcid.org\/0000-0002-0506-1596\" rel=\"noopener noreferrer\" target=\"_blank\">0000-0002-0506-1596<\/a> \u2022 <a href=\"https:\/\/cienciavitae.pt\/431B-862C-6545\" rel=\"noopener noreferrer\" target=\"_blank\">431B-862C-6545<\/a><br \/>\nINSTITUTO POLIT\u00c9CNICO DE VISEU \u2022 Escola Superior de Tecnologia e Gest\u00e3o de Viseu<\/p>\n<\/div>\n<div class=\"pt-cv-meta-fields\"><span class=\"terms\"> <a href='https:\/\/events.ipv.pt\/cised\/tag\/eduardo-gouveia\/' title='Eduardo Gouveia' class='pt-cv-tax-eduardo-gouveia'>Eduardo Gouveia<\/a>, <a href='https:\/\/events.ipv.pt\/cised\/category\/i_viseu\/' title='i_viseu' class='pt-cv-tax-i_viseu'>i_viseu<\/a><\/span><\/div><\/div>\n<div class=\" pt-cv-content-item pt-cv-1-col\" ><div class=\"pt-cv-content\"><h6>Fernando Miguel Soares Mamede dos Santos<\/h6>\n<p><a href=\"https:\/\/orcid.org\/0000-003-1551-4111\" rel=\"noopener noreferrer\" target=\"_blank\">0000-003-1551-4111<\/a> \u2022 <a href=\"https:\/\/cienciavitae.pt\/4215-EED9-9D17\" rel=\"noopener noreferrer\" target=\"_blank\">4215-EED9-9D17<\/a><br \/>\nINSTITUTO POLIT\u00c9CNICO DE VISEU \u2022 Escola Superior de Tecnologia e Gest\u00e3o de Lamego<\/p>\n<\/div>\n<div class=\"pt-cv-meta-fields\"><span class=\"terms\"> <a href='https:\/\/events.ipv.pt\/cised\/tag\/fernando-santos\/' title='Fernando Santos' class='pt-cv-tax-fernando-santos'>Fernando Santos<\/a>, <a href='https:\/\/events.ipv.pt\/cised\/category\/i_viseu\/' title='i_viseu' class='pt-cv-tax-i_viseu'>i_viseu<\/a><\/span><\/div><\/div>\n<div class=\" pt-cv-content-item pt-cv-1-col\" ><div class=\"pt-cv-content\"><h6>Filipe Marques da Silva Cabral Pinto<\/h6>\n<p><a href=\"https:\/\/orcid.org\/0000-0001-8708-9025\" rel=\"noopener noreferrer\" target=\"_blank\">0000-0001-8708-9025<\/a> \u2022 <a href=\"https:\/\/cienciavitae.pt\/9318-A67A-D525\" rel=\"noopener noreferrer\" target=\"_blank\">9318-A67A-D525<\/a><br \/>\nINSTITUTO POLIT\u00c9CNICO DE VISEU<\/p>\n<\/div>\n<div class=\"pt-cv-meta-fields\"><span class=\"terms\"> <a href='https:\/\/events.ipv.pt\/cised\/tag\/filipe-cabral-pinto\/' title='Filipe Cabral Pinto' class='pt-cv-tax-filipe-cabral-pinto'>Filipe Cabral Pinto<\/a>, <a href='https:\/\/events.ipv.pt\/cised\/category\/i_viseu\/' title='i_viseu' class='pt-cv-tax-i_viseu'>i_viseu<\/a><\/span><\/div><\/div>\n<div class=\" pt-cv-content-item pt-cv-1-col\" ><div class=\"pt-cv-content\"><h6>Filipe Manuel Sim\u00f5es Caldeira<\/h6>\n<p><a href=\"https:\/\/orcid.org\/0000-0001-7558-2330\" rel=\"noopener noreferrer\" target=\"_blank\">0000-0001-7558-2330<\/a> \u2022 <a href=\"https:\/\/cienciavitae.pt\/CB11-8109-AB1D\" rel=\"noopener noreferrer\" target=\"_blank\">CB11-8109-AB1D<\/a><br \/>\nINSTITUTO POLIT\u00c9CNICO DE VISEU \u2022 Escola Superior de Tecnologia e Gest\u00e3o de Viseu<\/p>\n<\/div>\n<div class=\"pt-cv-meta-fields\"><span class=\"terms\"> <a href='https:\/\/events.ipv.pt\/cised\/tag\/filipe-caldeira\/' title='Filipe Caldeira' class='pt-cv-tax-filipe-caldeira'>Filipe Caldeira<\/a>, <a href='https:\/\/events.ipv.pt\/cised\/category\/i_viseu\/' title='i_viseu' class='pt-cv-tax-i_viseu'>i_viseu<\/a><\/span><\/div><\/div>\n<div class=\" pt-cv-content-item pt-cv-1-col\" ><div class=\"pt-cv-content\"><h6>Isabel Maria Loureiro Pais Esteves Martins<\/h6>\n<p><a href=\"https:\/\/orcid.org\/0000-0002-4317-5615\" rel=\"noopener noreferrer\" target=\"_blank\">0000-0002-4317-5615<\/a> \u2022 <a href=\"https:\/\/cienciavitae.pt\/2B16-EEBD-1F74\" rel=\"noopener noreferrer\" target=\"_blank\">2B16-EEBD-1F74<\/a><br \/>\nINSTITUTO POLIT\u00c9CNICO DE VISEU \u2022 Escola Superior de Tecnologia e Gest\u00e3o de Viseu<\/p>\n<\/div>\n<div class=\"pt-cv-meta-fields\"><span class=\"terms\"> <a href='https:\/\/events.ipv.pt\/cised\/category\/i_viseu\/' title='i_viseu' class='pt-cv-tax-i_viseu'>i_viseu<\/a>, <a href='https:\/\/events.ipv.pt\/cised\/tag\/isabel-martins\/' title='Isabel Martins' class='pt-cv-tax-isabel-martins'>Isabel Martins<\/a><\/span><\/div><\/div>\n<div class=\" pt-cv-content-item pt-cv-1-col\" ><div class=\"pt-cv-content\"><h6>Isabel Maria Soares Pinto de Oliveira<\/h6>\n<p><a href=\"https:\/\/orcid.org\/0000-0001-8255-5955\" rel=\"noopener noreferrer\" target=\"_blank\">0000-0001-8255-5955<\/a> \u2022 <a href=\"https:\/\/cienciavitae.pt\/0E13-CDC8-4386\" rel=\"noopener noreferrer\" target=\"_blank\">0E13-CDC8-4386<\/a><br \/>\nINSTITUTO POLIT\u00c9CNICO DE VISEU \u2022 Escola Superior de Tecnologia e Gest\u00e3o de Lamego<\/p>\n<\/div>\n<div class=\"pt-cv-meta-fields\"><span class=\"terms\"> <a href='https:\/\/events.ipv.pt\/cised\/category\/i_viseu\/' title='i_viseu' class='pt-cv-tax-i_viseu'>i_viseu<\/a>, <a href='https:\/\/events.ipv.pt\/cised\/tag\/isabel-oliveira\/' title='Isabel Oliveira' class='pt-cv-tax-isabel-oliveira'>Isabel Oliveira<\/a><\/span><\/div><\/div>\n<div class=\" pt-cv-content-item pt-cv-1-col\" ><div class=\"pt-cv-content\"><h6>Jo\u00e3o Pedro Menoita Henriques<\/h6>\n<p><a href=\"https:\/\/orcid.org\/0000-0001-7380-9511\" rel=\"noopener noreferrer\" target=\"_blank\">0000-0001-7380-9511<\/a> \u2022 <a href=\"https:\/\/cienciavitae.pt\/BB15-BFE2-17AA\" rel=\"noopener noreferrer\" target=\"_blank\">BB15-BFE2-17AA<\/a><br \/>\nINSTITUTO POLIT\u00c9CNICO DE VISEU \u2022 Escola Superior de Tecnologia e Gest\u00e3o de Viseu<\/p>\n<\/div>\n<div class=\"pt-cv-meta-fields\"><span class=\"terms\"> <a href='https:\/\/events.ipv.pt\/cised\/category\/i_viseu\/' title='i_viseu' class='pt-cv-tax-i_viseu'>i_viseu<\/a>, <a href='https:\/\/events.ipv.pt\/cised\/tag\/joao-henriques\/' title='Jo\u00e3o Henriques' class='pt-cv-tax-joao-henriques'>Jo\u00e3o Henriques<\/a><\/span><\/div><\/div>\n<div class=\" pt-cv-content-item pt-cv-1-col\" ><div class=\"pt-cv-content\"><h6>Joaquim Gon\u00e7alves Antunes<\/h6>\n<p><a href=\"https:\/\/orcid.org\/0000-0003-4782-9548\" rel=\"noopener noreferrer\" target=\"_blank\">0000-0003-4782-9548<\/a> \u2022 <a href=\"https:\/\/cienciavitae.pt\/5111-768D-4E43\" rel=\"noopener noreferrer\" target=\"_blank\">5111-768D-4E43<\/a><br \/>\nINSTITUTO POLIT\u00c9CNICO DE VISEU \u2022 Escola Superior de Tecnologia e Gest\u00e3o de Viseu<\/p>\n<\/div>\n<div class=\"pt-cv-meta-fields\"><span class=\"terms\"> <a href='https:\/\/events.ipv.pt\/cised\/category\/i_viseu\/' title='i_viseu' class='pt-cv-tax-i_viseu'>i_viseu<\/a>, <a href='https:\/\/events.ipv.pt\/cised\/tag\/joaquim-antunes\/' title='Joaquim Antunes' class='pt-cv-tax-joaquim-antunes'>Joaquim Antunes<\/a><\/span><\/div><\/div>\n<div class=\" pt-cv-content-item pt-cv-1-col\" ><div class=\"pt-cv-content\"><h6>Jos\u00e9 Paulo Ferreira Lousado<\/h6>\n<p><a href=\"https:\/\/orcid.org\/0000-0002-5757-5441\" rel=\"noopener noreferrer\" target=\"_blank\">0000-0002-5757-5441<\/a> \u2022 <a href=\"https:\/\/cienciavitae.pt\/671E-8E27-5F20\" rel=\"noopener noreferrer\" target=\"_blank\">671E-8E27-5F20<\/a><br \/>\nINSTITUTO POLIT\u00c9CNICO DE VISEU \u2022 Escola Superior de Tecnologia e Gest\u00e3o de Lamego<\/p>\n<\/div>\n<div class=\"pt-cv-meta-fields\"><span class=\"terms\"> <a href='https:\/\/events.ipv.pt\/cised\/category\/i_viseu\/' title='i_viseu' class='pt-cv-tax-i_viseu'>i_viseu<\/a>, <a href='https:\/\/events.ipv.pt\/cised\/tag\/jose-lousado\/' title='Jos\u00e9 Lousado' class='pt-cv-tax-jose-lousado'>Jos\u00e9 Lousado<\/a><\/span><\/div><\/div>\n<div class=\" pt-cv-content-item pt-cv-1-col\" ><div class=\"pt-cv-content\"><h6>Jos\u00e9 Lu\u00eds Mendes Loureiro Abrantes<\/h6>\n<p><a href=\"https:\/\/orcid.org\/0000-0003-0565-7207\" rel=\"noopener noreferrer\" target=\"_blank\">0000-0003-0565-7207<\/a> \u2022 <a href=\"https:\/\/cienciavitae.pt\/8E14-FE20-06DA\" rel=\"noopener noreferrer\" target=\"_blank\">8E14-FE20-06DA<\/a><br \/>\nINSTITUTO POLIT\u00c9CNICO DE VISEU \u2022 Escola Superior de Tecnologia e Gest\u00e3o de Viseu<\/p>\n<\/div>\n<div class=\"pt-cv-meta-fields\"><span class=\"terms\"> <a href='https:\/\/events.ipv.pt\/cised\/category\/i_viseu\/' title='i_viseu' class='pt-cv-tax-i_viseu'>i_viseu<\/a>, <a href='https:\/\/events.ipv.pt\/cised\/tag\/jose-luis-abrantes\/' title='Jos\u00e9 Lu\u00eds Abrantes' class='pt-cv-tax-jose-luis-abrantes'>Jos\u00e9 Lu\u00eds Abrantes<\/a><\/span><\/div><\/div>\n<div class=\" pt-cv-content-item pt-cv-1-col\" ><div class=\"pt-cv-content\"><h6>Jos\u00e9 Lu\u00eds Henriques da Silva<\/h6>\n<p><a href=\"https:\/\/orcid.org\/0000-0001-7285-8282\" rel=\"noopener noreferrer\" target=\"_blank\">0000-0001-7285-8282<\/a> \u2022 <a href=\"https:\/\/cienciavitae.pt\/4A14-D3E7-5B32\" rel=\"noopener noreferrer\" target=\"_blank\">4A14-D3E7-5B32<\/a><br \/>\nINSTITUTO POLIT\u00c9CNICO DE VISEU \u2022 Escola Superior de Tecnologia e Gest\u00e3o de Viseu<\/p>\n<\/div>\n<div class=\"pt-cv-meta-fields\"><span class=\"terms\"> <a href='https:\/\/events.ipv.pt\/cised\/category\/i_viseu\/' title='i_viseu' class='pt-cv-tax-i_viseu'>i_viseu<\/a>, <a href='https:\/\/events.ipv.pt\/cised\/tag\/jose-silva\/' title='Jos\u00e9 Silva' class='pt-cv-tax-jose-silva'>Jos\u00e9 Silva<\/a><\/span><\/div><\/div>\n<div class=\" pt-cv-content-item pt-cv-1-col\" ><div class=\"pt-cv-content\"><h6>Lia Coelho de Oliveira<\/h6>\n<p><a href=\"https:\/\/orcid.org\/0000-0001-7563-740X\" rel=\"noopener noreferrer\" target=\"_blank\">0000-0001-7563-740X<\/a> \u2022 <a href=\"https:\/\/cienciavitae.pt\/101A-1516-A0A7\" rel=\"noopener noreferrer\" target=\"_blank\">101A-1516-A0A7 <\/a><br \/>\nINSTITUTO POLIT\u00c9CNICO DE VISEU \u2022 Escola Superior de Tecnologia e Gest\u00e3o de Viseu<\/p>\n<\/div>\n<div class=\"pt-cv-meta-fields\"><span class=\"terms\"> <a href='https:\/\/events.ipv.pt\/cised\/category\/i_viseu\/' title='i_viseu' class='pt-cv-tax-i_viseu'>i_viseu<\/a>, <a href='https:\/\/events.ipv.pt\/cised\/tag\/lia-oliveira\/' title='Lia Oliveira' class='pt-cv-tax-lia-oliveira'>Lia Oliveira<\/a><\/span><\/div><\/div>\n<div class=\" pt-cv-content-item pt-cv-1-col\" ><div class=\"pt-cv-content\"><h6>Lu\u00edsa Paula Lopes Fernandes Augusto<\/h6>\n<p><a https:\/\/orcid.org\/0000-0001-9117-4775\" rel=\"noopener noreferrer\" target=\"_blank\">0000-0001-9117-4775<\/a> \u2022 <a href=\"https:\/\/cienciavitae.pt\/8115-8053-06FA\" rel=\"noopener noreferrer\" target=\"_blank\">8115-8053-06FA<\/a><br \/>\nINSTITUTO POLIT\u00c9CNICO DE VISEU \u2022 Escola Superior de Educa\u00e7\u00e3o de Viseu<\/p>\n<\/div>\n<div class=\"pt-cv-meta-fields\"><span class=\"terms\"> <a href='https:\/\/events.ipv.pt\/cised\/category\/i_viseu\/' title='i_viseu' class='pt-cv-tax-i_viseu'>i_viseu<\/a>, <a href='https:\/\/events.ipv.pt\/cised\/tag\/luisa-augusto\/' title='Lu\u00edsa Augusto' class='pt-cv-tax-luisa-augusto'>Lu\u00edsa Augusto<\/a><\/span><\/div><\/div>\n<div class=\" pt-cv-content-item pt-cv-1-col\" ><div class=\"pt-cv-content\"><h6>Maria de Lurdes Silva Duarte Patricio<\/h6>\n<p><a href=\"https:\/\/orcid.org\/0000-0002-6414-3719\" rel=\"noopener noreferrer\" target=\"_blank\">0000-0002-6414-3719<\/a> \u2022 <a href=\"https:\/\/cienciavitae.pt\/261B-B58B-BE08\" rel=\"noopener noreferrer\" target=\"_blank\">261B-B58B-BE08<\/a><br \/>\nINSTITUTO POLIT\u00c9CNICO DE VISEU \u2022 Escola Superior de Tecnologia e Gest\u00e3o de Viseu<\/p>\n<\/div>\n<div class=\"pt-cv-meta-fields\"><span class=\"terms\"> <a href='https:\/\/events.ipv.pt\/cised\/category\/i_viseu\/' title='i_viseu' class='pt-cv-tax-i_viseu'>i_viseu<\/a>, <a href='https:\/\/events.ipv.pt\/cised\/tag\/lurdes-patricio\/' title='Lurdes Patr\u00edcio' class='pt-cv-tax-lurdes-patricio'>Lurdes Patr\u00edcio<\/a><\/span><\/div><\/div>\n<div class=\" pt-cv-content-item pt-cv-1-col\" ><div class=\"pt-cv-content\"><h6>Manuel Ant\u00f3nio Louren\u00e7o dos Reis<\/h6>\n<p><a href=\"https:\/\/orcid.org\/0000-0002-6081-4917\" rel=\"noopener noreferrer\" target=\"_blank\">0000-0002-6081-4917<\/a> \u2022 <a href=\"https:\/\/cienciavitae.pt\/1413-0251-5252\" rel=\"noopener noreferrer\" target=\"_blank\">1413-0251-5252<\/a><br \/>\nINSTITUTO POLIT\u00c9CNICO DE VISEU \u2022 Escola Superior de Tecnologia e Gest\u00e3o de Viseu<\/p>\n<\/div>\n<div class=\"pt-cv-meta-fields\"><span class=\"terms\"> <a href='https:\/\/events.ipv.pt\/cised\/category\/i_viseu\/' title='i_viseu' class='pt-cv-tax-i_viseu'>i_viseu<\/a>, <a href='https:\/\/events.ipv.pt\/cised\/tag\/manuel-reis\/' title='Manuel Reis' class='pt-cv-tax-manuel-reis'>Manuel Reis<\/a><\/span><\/div><\/div>\n<div class=\" pt-cv-content-item pt-cv-1-col\" ><div class=\"pt-cv-content\"><h6>Maria Jos\u00e9 Lisboa Antunes<\/h6>\n<p><a href=\"https:\/\/orcid.org\/0000-0001-9887-0079\" rel=\"noopener noreferrer\" target=\"_blank\">0000-0001-9887-0079<\/a> \u2022 <a href=\"https:\/\/cienciavitae.pt\/7312-A8F3-B957\" rel=\"noopener noreferrer\" target=\"_blank\">7312-A8F3-B957<\/a><br \/>\nINSTITUTO POLIT\u00c9CNICO DE VISEU \u2022 Escola Superior de Tecnologia e Gest\u00e3o de Viseu<\/p>\n<\/div>\n<div class=\"pt-cv-meta-fields\"><span class=\"terms\"> <a href='https:\/\/events.ipv.pt\/cised\/category\/i_viseu\/' title='i_viseu' class='pt-cv-tax-i_viseu'>i_viseu<\/a>, <a href='https:\/\/events.ipv.pt\/cised\/tag\/maria-antunes\/' title='Maria Antunes' class='pt-cv-tax-maria-antunes'>Maria Antunes<\/a><\/span><\/div><\/div>\n<div class=\" pt-cv-content-item pt-cv-1-col\" ><div class=\"pt-cv-content\"><h6>Nanja Kroon<\/h6>\n<p><a href=\"https:\/\/orcid.org\/0000-0003-1288-941X\" rel=\"noopener noreferrer\" target=\"_blank\">0000-0003-1288-941X<\/a> \u2022 <a href=\"https:\/\/cienciavitae.pt\/421A-1193-697A\" rel=\"noopener noreferrer\" target=\"_blank\">421A-1193-697A<\/a><br \/>\nINSTITUTO POLIT\u00c9CNICO DE VISEU \u2022 Escola Superior de Tecnologia e Gest\u00e3o de Viseu<\/p>\n<\/div>\n<div class=\"pt-cv-meta-fields\"><span class=\"terms\"> <a href='https:\/\/events.ipv.pt\/cised\/category\/i_viseu\/' title='i_viseu' class='pt-cv-tax-i_viseu'>i_viseu<\/a>, <a href='https:\/\/events.ipv.pt\/cised\/tag\/nanja-kroon\/' title='Nanja Kroon' class='pt-cv-tax-nanja-kroon'>Nanja Kroon<\/a><\/span><\/div><\/div>\n<div class=\" pt-cv-content-item pt-cv-1-col\" ><div class=\"pt-cv-content\"><h6>Nat\u00e1lia de Lima Figueiredo<\/h6>\n<p><a href=\"https:\/\/orcid.org\/0000-0002-8548-8804\" rel=\"noopener noreferrer\" target=\"_blank\">0000-0002-8548-8804<\/a> \u2022 <a href=\"https:\/\/cienciavitae.pt\/2713-280B-E47F\" rel=\"noopener noreferrer\" target=\"_blank\">2713-280B-E47F<\/a><br \/>\nINSTITUTO POLIT\u00c9CNICO DE VISEU \u2022 Escola Superior de Tecnologia e Gest\u00e3o de Viseu<\/p>\n<\/div>\n<div class=\"pt-cv-meta-fields\"><span class=\"terms\"> <a href='https:\/\/events.ipv.pt\/cised\/category\/i_viseu\/' title='i_viseu' class='pt-cv-tax-i_viseu'>i_viseu<\/a>, <a href='https:\/\/events.ipv.pt\/cised\/tag\/natalia-figueiredo\/' title='Nat\u00e1lia Figueiredo' class='pt-cv-tax-natalia-figueiredo'>Nat\u00e1lia Figueiredo<\/a><\/span><\/div><\/div>\n<div class=\" pt-cv-content-item pt-cv-1-col\" ><div class=\"pt-cv-content\"><h6>Nuno Filipe Rosa Mel\u00e3o<\/h6>\n<p><a href=\"https:\/\/orcid.org\/0000-0002-1359-3437\" rel=\"noopener noreferrer\" target=\"_blank\">0000-0002-1359-3437<\/a> \u2022 <a href=\"https:\/\/cienciavitae.pt\/2F1D-7C4C-9AEE\" rel=\"noopener noreferrer\" target=\"_blank\">2F1D-7C4C-9AEE<\/a><br \/>\nINSTITUTO POLIT\u00c9CNICO DE VISEU \u2022 Escola Superior de Tecnologia e Gest\u00e3o de Viseu<\/p>\n<\/div>\n<div class=\"pt-cv-meta-fields\"><span class=\"terms\"> <a href='https:\/\/events.ipv.pt\/cised\/category\/i_viseu\/' title='i_viseu' class='pt-cv-tax-i_viseu'>i_viseu<\/a>, <a href='https:\/\/events.ipv.pt\/cised\/tag\/nuno-melao\/' title='Nuno Mel\u00e3o' class='pt-cv-tax-nuno-melao'>Nuno Mel\u00e3o<\/a><\/span><\/div><\/div>\n<div class=\" pt-cv-content-item pt-cv-1-col\" ><div class=\"pt-cv-content\"><h6>Maria Odete Monteiro Lopes<\/h6>\n<p><a href=\"https:\/\/orcid.org\/0000-0001-8968-8590\" rel=\"noopener noreferrer\" target=\"_blank\">0000-0001-8968-8590<\/a> \u2022 <a href=\"https:\/\/cienciavitae.pt\/ED15-75B1-8094\" rel=\"noopener noreferrer\" target=\"_blank\">ED15-75B1-8094<\/a><br \/>\nINSTITUTO POLIT\u00c9CNICO DE VISEU \u2022 Escola Superior de Tecnologia e Gest\u00e3o de Viseu<\/p>\n<\/div>\n<div class=\"pt-cv-meta-fields\"><span class=\"terms\"> <a href='https:\/\/events.ipv.pt\/cised\/category\/i_viseu\/' title='i_viseu' class='pt-cv-tax-i_viseu'>i_viseu<\/a>, <a href='https:\/\/events.ipv.pt\/cised\/tag\/odete-lopes\/' title='Odete Lopes' class='pt-cv-tax-odete-lopes'>Odete Lopes<\/a><\/span><\/div><\/div>\n<div class=\" pt-cv-content-item pt-cv-1-col\" ><div class=\"pt-cv-content\"><h6>Odete Maria de Matos Paiva<\/h6>\n<p><a href=\"https:\/\/orcid.org\/0000-0003-1440-3030\" rel=\"noopener noreferrer\" target=\"_blank\">0000-0003-1440-3030<\/a> \u2022 <a href=\"https:\/\/cienciavitae.pt\/5D13-5987-D54A\" rel=\"noopener noreferrer\" target=\"_blank\">5D13-5987-D54A<\/a><br \/>\nINSTITUTO POLIT\u00c9CNICO DE VISEU \u2022 Escola Superior de Tecnologia e Gest\u00e3o de Viseu<\/p>\n<\/div>\n<div class=\"pt-cv-meta-fields\"><span class=\"terms\"> <a href='https:\/\/events.ipv.pt\/cised\/category\/i_viseu\/' title='i_viseu' class='pt-cv-tax-i_viseu'>i_viseu<\/a>, <a href='https:\/\/events.ipv.pt\/cised\/tag\/odete-paiva\/' title='Odete Paiva' class='pt-cv-tax-odete-paiva'>Odete Paiva<\/a><\/span><\/div><\/div>\n<div class=\" pt-cv-content-item pt-cv-1-col\" ><div class=\"pt-cv-content\"><h6>Olga Maria Sousa Contente<\/h6>\n<p><a href=\"https:\/\/orcid.org\/0000-0002-1551-9791\" rel=\"noopener noreferrer\" target=\"_blank\">0000-0002-1551-9791<\/a> \u2022 <a href=\"https:\/\/cienciavitae.pt\/641C-3078-FFC7\" rel=\"noopener noreferrer\" target=\"_blank\">641C-3078-FFC7<\/a><br \/>\nINSTITUTO POLIT\u00c9CNICO DE VISEU \u2022 Escola Superior de Tecnologia e Gest\u00e3o de Viseu<\/p>\n<\/div>\n<div class=\"pt-cv-meta-fields\"><span class=\"terms\"> <a href='https:\/\/events.ipv.pt\/cised\/category\/i_viseu\/' title='i_viseu' class='pt-cv-tax-i_viseu'>i_viseu<\/a>, <a href='https:\/\/events.ipv.pt\/cised\/tag\/olga-contente\/' title='Olga Contente' class='pt-cv-tax-olga-contente'>Olga Contente<\/a><\/span><\/div><\/div>\n<div class=\" pt-cv-content-item pt-cv-1-col\" ><div class=\"pt-cv-content\"><h6>Paulo Mois\u00e9s Almeida da Costa<\/h6>\n<p><a href=\"https:\/\/orcid.org\/0000-0001-6787-3357\" rel=\"noopener noreferrer\" target=\"_blank\">0000-0001-6787-3357<\/a> \u2022 <a href=\"https:\/\/cienciavitae.pt\/C715-1844-6E3F\" rel=\"noopener noreferrer\" target=\"_blank\">C715-1844-6E3F<\/a><br \/>\nINSTITUTO POLIT\u00c9CNICO DE VISEU \u2022 Escola Superior de Tecnologia e Gest\u00e3o de Viseu<\/p>\n<\/div>\n<div class=\"pt-cv-meta-fields\"><span class=\"terms\"> <a href='https:\/\/events.ipv.pt\/cised\/category\/i_viseu\/' title='i_viseu' class='pt-cv-tax-i_viseu'>i_viseu<\/a>, <a href='https:\/\/events.ipv.pt\/cised\/tag\/paulo-moises-costa\/' title='Paulo Mois\u00e9s Costa' class='pt-cv-tax-paulo-moises-costa'>Paulo Mois\u00e9s Costa<\/a><\/span><\/div><\/div>\n<div class=\" pt-cv-content-item pt-cv-1-col\" ><div class=\"pt-cv-content\"><h6>Paulo Gabriel Fernandes de Pinho<\/h6>\n<p><a href=\"https:\/\/orcid.org\/0000-0002-1908-9629\" rel=\"noopener noreferrer\" target=\"_blank\">0000-0002-1908-9629<\/a> \u2022 <a href=\"https:\/\/cienciavitae.pt\/A71F-5667-72A7\" rel=\"noopener noreferrer\" target=\"_blank\">A71F-5667-72A7<\/a><br \/>\nINSTITUTO POLIT\u00c9CNICO DE VISEU \u2022 Escola Superior de Tecnologia e Gest\u00e3o de Viseu<\/p>\n<\/div>\n<div class=\"pt-cv-meta-fields\"><span class=\"terms\"> <a href='https:\/\/events.ipv.pt\/cised\/category\/i_viseu\/' title='i_viseu' class='pt-cv-tax-i_viseu'>i_viseu<\/a>, <a href='https:\/\/events.ipv.pt\/cised\/tag\/paulo-pinho\/' title='Paulo Pinho' class='pt-cv-tax-paulo-pinho'>Paulo Pinho<\/a><\/span><\/div><\/div>\n<div class=\" pt-cv-content-item pt-cv-1-col\" ><div class=\"pt-cv-content\"><h6>Paulo Rog\u00e9rio Perfeito Tom\u00e9<\/h6>\n<p><a href=\"https:\/\/orcid.org\/0000-0003-3021-8740\" rel=\"noopener noreferrer\" target=\"_blank\">0000-0003-3021-8740<\/a> \u2022 <a href=\"https:\/\/cienciavitae.pt\/6B1C-0282-75C1\" rel=\"noopener noreferrer\" target=\"_blank\">6B1C-0282-75C1<\/a><br \/>\nINSTITUTO POLIT\u00c9CNICO DE VISEU \u2022 Escola Superior de Tecnologia e Gest\u00e3o de Viseu<\/p>\n<\/div>\n<div class=\"pt-cv-meta-fields\"><span class=\"terms\"> <a href='https:\/\/events.ipv.pt\/cised\/category\/i_viseu\/' title='i_viseu' class='pt-cv-tax-i_viseu'>i_viseu<\/a>, <a href='https:\/\/events.ipv.pt\/cised\/tag\/paulo-tome\/' title='Paulo Tom\u00e9' class='pt-cv-tax-paulo-tome'>Paulo Tom\u00e9<\/a><\/span><\/div><\/div>\n<div class=\" pt-cv-content-item pt-cv-1-col\" ><div class=\"pt-cv-content\"><h6>Paulo Joaquim Antunes Vaz<\/h6>\n<p><a href=\"https:\/\/orcid.org\/0000-0002-1745-8937\" rel=\"noopener noreferrer\" target=\"_blank\">0000-0002-1745-8937<\/a> \u2022 <a href=\"https:\/\/cienciavitae.pt\/351C-9899-0EE7\" rel=\"noopener noreferrer\" target=\"_blank\">351C-9899-0EE7<\/a><br \/>\nINSTITUTO POLIT\u00c9CNICO DE VISEU \u2022 Escola Superior de Tecnologia e Gest\u00e3o de Viseu<\/p>\n<\/div>\n<div class=\"pt-cv-meta-fields\"><span class=\"terms\"> <a href='https:\/\/events.ipv.pt\/cised\/category\/i_viseu\/' title='i_viseu' class='pt-cv-tax-i_viseu'>i_viseu<\/a>, <a href='https:\/\/events.ipv.pt\/cised\/tag\/paulo-vaz\/' title='Paulo Vaz' class='pt-cv-tax-paulo-vaz'>Paulo Vaz<\/a><\/span><\/div><\/div>\n<div class=\" pt-cv-content-item pt-cv-1-col\" ><div class=\"pt-cv-content\"><h6>Pedro Filipe Antunes Lopes<\/h6>\n<p><a href=\"https:\/\/orcid.org\/0000-0002-4644-5748\" rel=\"noopener noreferrer\" target=\"_blank\">0000-0002-4644-5748<\/a> \u2022 <a href=\"https:\/\/cienciavitae.pt\/F21A-0AC1-A375\" rel=\"noopener noreferrer\" target=\"_blank\">F21A-0AC1-A375<\/a><br \/>\nINSTITUTO POLIT\u00c9CNICO DE VISEU \u2022 Escola Superior de Tecnologia e Gest\u00e3o de Lamego<\/p>\n<\/div>\n<div class=\"pt-cv-meta-fields\"><span class=\"terms\"> <a href='https:\/\/events.ipv.pt\/cised\/category\/i_viseu\/' title='i_viseu' class='pt-cv-tax-i_viseu'>i_viseu<\/a>, <a href='https:\/\/events.ipv.pt\/cised\/tag\/pedro-lopes\/' title='Pedro Lopes' class='pt-cv-tax-pedro-lopes'>Pedro Lopes<\/a><\/span><\/div><\/div>\n<div class=\" pt-cv-content-item pt-cv-1-col\" ><div class=\"pt-cv-content\"><h6>Pedro Miguel de Oliveira Martins<\/h6>\n<p><a href=\"https:\/\/orcid.org\/0000-0002-2118-1440\" rel=\"noopener noreferrer\" target=\"_blank\">0000-0002-2118-1440<\/a> \u2022 <a href=\"https:\/\/cienciavitae.pt\/E51D-5A8E-03F8\" rel=\"noopener noreferrer\" target=\"_blank\">E51D-5A8E-03F8<\/a><br \/>\nINSTITUTO POLIT\u00c9CNICO DE VISEU \u2022 Escola Superior de Tecnologia e Gest\u00e3o de Viseu<\/p>\n<\/div>\n<div class=\"pt-cv-meta-fields\"><span class=\"terms\"> <a href='https:\/\/events.ipv.pt\/cised\/category\/i_viseu\/' title='i_viseu' class='pt-cv-tax-i_viseu'>i_viseu<\/a>, <a href='https:\/\/events.ipv.pt\/cised\/tag\/pedro-martins\/' title='Pedro Martins' class='pt-cv-tax-pedro-martins'>Pedro Martins<\/a><\/span><\/div><\/div>\n<div class=\" pt-cv-content-item pt-cv-1-col\" ><div class=\"pt-cv-content\"><h6>Pedro Manuel Nogueira Reis<\/h6>\n<p><a href=\"https:\/\/orcid.org\/0000-0003-1301-6645\" rel=\"noopener noreferrer\" target=\"_blank\">0000-0003-1301-6645<\/a> \u2022 <a href=\"https:\/\/cienciavitae.pt\/B71F-60A3-3FB5\" rel=\"noopener noreferrer\" target=\"_blank\">B71F-60A3-3FB5<\/a><br \/>\nINSTITUTO POLIT\u00c9CNICO DE VISEU \u2022 Escola Superior de Tecnologia e Gest\u00e3o de Viseu<\/p>\n<\/div>\n<div class=\"pt-cv-meta-fields\"><span class=\"terms\"> <a href='https:\/\/events.ipv.pt\/cised\/category\/i_viseu\/' title='i_viseu' class='pt-cv-tax-i_viseu'>i_viseu<\/a>, <a href='https:\/\/events.ipv.pt\/cised\/tag\/pedro-reis\/' title='Pedro Reis' class='pt-cv-tax-pedro-reis'>Pedro Reis<\/a><\/span><\/div><\/div>\n<div class=\" pt-cv-content-item pt-cv-1-col\" ><div class=\"pt-cv-content\"><h6>Ricardo Lu\u00eds da Costa Gama<\/h6>\n<p><a href=\"https:\/\/orcid.org\/0000-0002-7051-8310\" rel=\"noopener noreferrer\" target=\"_blank\">0000-0002-7051-8310<\/a> \u2022 <a href=\"https:\/\/cienciavitae.pt\/A414-F53D-A6D7\" rel=\"noopener noreferrer\" target=\"_blank\">A414-F53D-A6D7<\/a><br \/>\nINSTITUTO POLIT\u00c9CNICO DE VISEU \u2022 Escola Superior de Tecnologia e Gest\u00e3o de Lamego<\/p>\n<\/div>\n<div class=\"pt-cv-meta-fields\"><span class=\"terms\"> <a href='https:\/\/events.ipv.pt\/cised\/category\/i_viseu\/' title='i_viseu' class='pt-cv-tax-i_viseu'>i_viseu<\/a>, <a href='https:\/\/events.ipv.pt\/cised\/tag\/ricardo-gama\/' title='Ricardo Gama' class='pt-cv-tax-ricardo-gama'>Ricardo Gama<\/a><\/span><\/div><\/div>\n<div class=\" pt-cv-content-item pt-cv-1-col\" ><div class=\"pt-cv-content\"><h6>Rui Pedro Monteiro Amaro Duarte<\/h6>\n<p><a href=\"https:\/\/orcid.org\/0000-0002-6819-0985\" rel=\"noopener noreferrer\" target=\"_blank\">0000-0002-6819-0985<\/a> \u2022 <a href=\"https:\/\/cienciavitae.pt\/211F-55A0-4B63\" rel=\"noopener noreferrer\" target=\"_blank\">211F-55A0-4B63<\/a><br \/>\nINSTITUTO POLIT\u00c9CNICO DE VISEU \u2022 Escola Superior de Tecnologia e Gest\u00e3o de Viseu<\/p>\n<\/div>\n<div class=\"pt-cv-meta-fields\"><span class=\"terms\"> <a href='https:\/\/events.ipv.pt\/cised\/category\/i_viseu\/' title='i_viseu' class='pt-cv-tax-i_viseu'>i_viseu<\/a>, <a href='https:\/\/events.ipv.pt\/cised\/tag\/rui-duarte\/' title='Rui Duarte' class='pt-cv-tax-rui-duarte'>Rui Duarte<\/a><\/span><\/div><\/div>\n<div class=\" pt-cv-content-item pt-cv-1-col\" ><div class=\"pt-cv-content\"><h6>Sara Cristina Valente dos Santos<\/h6>\n<p><a href=\"https:\/\/orcid.org\/0000-0002-3581-6478\" rel=\"noopener noreferrer\" target=\"_blank\">0000-0002-3581-6478<\/a> \u2022 <a href=\"https:\/\/cienciavitae.pt\/BF1C-855D-D6E7\" rel=\"noopener noreferrer\" target=\"_blank\">BF1C-855D-D6E7<\/a><br \/>\nINSTITUTO POLIT\u00c9CNICO DE VISEU \u2022 Escola Superior de Educa\u00e7\u00e3o de Viseu<\/p>\n<\/div>\n<div class=\"pt-cv-meta-fields\"><span class=\"terms\"> <a href='https:\/\/events.ipv.pt\/cised\/category\/i_viseu\/' title='i_viseu' class='pt-cv-tax-i_viseu'>i_viseu<\/a>, <a href='https:\/\/events.ipv.pt\/cised\/tag\/sara-santos\/' title='Sara Santos' class='pt-cv-tax-sara-santos'>Sara Santos<\/a><\/span><\/div><\/div>\n<div class=\" pt-cv-content-item pt-cv-1-col\" ><div class=\"pt-cv-content\"><h6>Serafim Paulo Melo Oliveira<\/h6>\n<p><a href=\"https:\/\/orcid.org\/0000-0002-3499-6681\" rel=\"noopener noreferrer\" target=\"_blank\">0000-0002-3499-6681<\/a> \u2022 <a href=\"https:\/\/cienciavitae.pt\/5611-AC57-8C6A\" rel=\"noopener noreferrer\" target=\"_blank\">5611-AC57-8C6A<\/a><br \/>\nINSTITUTO POLIT\u00c9CNICO DE VISEU \u2022 Escola Superior de Tecnologia e Gest\u00e3o de Viseu<\/p>\n<\/div>\n<div class=\"pt-cv-meta-fields\"><span class=\"terms\"> <a href='https:\/\/events.ipv.pt\/cised\/category\/i_viseu\/' title='i_viseu' class='pt-cv-tax-i_viseu'>i_viseu<\/a>, <a href='https:\/\/events.ipv.pt\/cised\/tag\/serafim-oliveira\/' title='Serafim Oliveira' class='pt-cv-tax-serafim-oliveira'>Serafim Oliveira<\/a><\/span><\/div><\/div>\n<div class=\" pt-cv-content-item pt-cv-1-col\" ><div class=\"pt-cv-content\"><h6>S\u00e9rgio Miguel Gomes Lopes<\/h6>\n<p><a href=\"https:\/\/orcid.org\/0000-0003-0024-9386\" rel=\"noopener noreferrer\" target=\"_blank\">0000-0003-0024-9386<\/a> \u2022 <a href=\"https:\/\/cienciavitae.pt\/8C10-3B6F-842D\" rel=\"noopener noreferrer\" target=\"_blank\">8C10-3B6F-842D<\/a><br \/>\nINSTITUTO POLIT\u00c9CNICO DE VISEU \u2022 Escola Superior de Tecnologia e Gest\u00e3o de Viseu<\/p>\n<\/div>\n<div class=\"pt-cv-meta-fields\"><span class=\"terms\"> <a href='https:\/\/events.ipv.pt\/cised\/category\/i_viseu\/' title='i_viseu' class='pt-cv-tax-i_viseu'>i_viseu<\/a>, <a href='https:\/\/events.ipv.pt\/cised\/tag\/sergio-lopes\/' title='S\u00e9rgio Lopes' class='pt-cv-tax-sergio-lopes'>S\u00e9rgio Lopes<\/a><\/span><\/div><\/div>\n<div class=\" pt-cv-content-item pt-cv-1-col\" ><div class=\"pt-cv-content\"><h6>Steven Lopes Abrantes<\/h6>\n<p><a href=\"https:\/\/orcid.org\/0000-0002-4738-3745\" rel=\"noopener noreferrer\" target=\"_blank\">0000-0002-4738-3745<\/a> \u2022 <a href=\"https:\/\/cienciavitae.pt\/1D11-F6BD-6871\" rel=\"noopener noreferrer\" target=\"_blank\">1D11-F6BD-6871<\/a><br \/>\nINSTITUTO POLIT\u00c9CNICO DE VISEU \u2022 Escola Superior de Tecnologia e Gest\u00e3o de Viseu<\/p>\n<\/div>\n<div class=\"pt-cv-meta-fields\"><span class=\"terms\"> <a href='https:\/\/events.ipv.pt\/cised\/category\/i_viseu\/' title='i_viseu' class='pt-cv-tax-i_viseu'>i_viseu<\/a>, <a href='https:\/\/events.ipv.pt\/cised\/tag\/steven-abrantes\/' title='Steven Abrantes' class='pt-cv-tax-steven-abrantes'>Steven Abrantes<\/a><\/span><\/div><\/div>\n<div class=\" pt-cv-content-item pt-cv-1-col\" ><div class=\"pt-cv-content\"><h6>Suzanne Fonseca Amaro<\/h6>\n<p><a href=\"https:\/\/orcid.org\/0000-0001-9263-6951\" rel=\"noopener noreferrer\" target=\"_blank\">0000-0001-9263-6951<\/a> \u2022 <a href=\"https:\/\/cienciavitae.pt\/E918-24FC-5C4A\" rel=\"noopener noreferrer\" target=\"_blank\">E918-24FC-5C4A<\/a><br \/>\nINSTITUTO POLIT\u00c9CNICO DE VISEU \u2022 Escola Superior de Tecnologia e Gest\u00e3o de Viseu<\/p>\n<\/div>\n<div class=\"pt-cv-meta-fields\"><span class=\"terms\"> <a href='https:\/\/events.ipv.pt\/cised\/category\/i_viseu\/' title='i_viseu' class='pt-cv-tax-i_viseu'>i_viseu<\/a>, <a href='https:\/\/events.ipv.pt\/cised\/tag\/suzanne-amaro\/' title='Suzanne Amaro' class='pt-cv-tax-suzanne-amaro'>Suzanne Amaro<\/a><\/span><\/div><\/div>\n<div class=\" pt-cv-content-item pt-cv-1-col\" ><div class=\"pt-cv-content\"><h6>Valter Nelson Noronha Alves<\/h6>\n<p><a href=\"https:\/\/orcid.org\/0000-0001-8981-0250\" rel=\"noopener noreferrer\" target=\"_blank\">0000-0001-8981-0250<\/a> \u2022 <a href=\"https:\/\/cienciavitae.pt\/F91B-3C45-E2AA\" rel=\"noopener noreferrer\" target=\"_blank\">F91B-3C45-E2AA<\/a><br \/>\nINSTITUTO POLIT\u00c9CNICO DE VISEU \u2022 Escola Superior de Tecnologia e Gest\u00e3o de Viseu<\/p>\n<\/div>\n<div class=\"pt-cv-meta-fields\"><span class=\"terms\"> <a href='https:\/\/events.ipv.pt\/cised\/category\/i_viseu\/' title='i_viseu' class='pt-cv-tax-i_viseu'>i_viseu<\/a>, <a href='https:\/\/events.ipv.pt\/cised\/tag\/valter-alves\/' title='Valter Alves' class='pt-cv-tax-valter-alves'>Valter Alves<\/a><\/span><\/div><\/div>\n<div class=\" pt-cv-content-item pt-cv-1-col\" ><div class=\"pt-cv-content\"><h6>Vasco Eduardo Gra\u00e7a dos Santos<\/h6>\n<p><a href=\"https:\/\/orcid.org\/0000-0002-4406-3076\" rel=\"noopener noreferrer\" target=\"_blank\">0000-0002-4406-3076<\/a> \u2022 <a href=\"https:\/\/cienciavitae.pt\/641E-9E66-D45D\" rel=\"noopener noreferrer\" target=\"_blank\">641E-9E66-D45D<\/a><br \/>\nINSTITUTO POLIT\u00c9CNICO DE VISEU \u2022 Escola Superior de Tecnologia e Gest\u00e3o de Viseu<\/p>\n<\/div>\n<div class=\"pt-cv-meta-fields\"><span class=\"terms\"> <a href='https:\/\/events.ipv.pt\/cised\/category\/i_viseu\/' title='i_viseu' class='pt-cv-tax-i_viseu'>i_viseu<\/a>, <a href='https:\/\/events.ipv.pt\/cised\/tag\/vasco-santos\/' title='Vasco Santos' class='pt-cv-tax-vasco-santos'>Vasco Santos<\/a><\/span><\/div><\/div><\/div><\/div><\/div>\t\t\t<style type=\"text\/css\" id=\"pt-cv-inline-style-1a97924plf\">\n#pt-cv-view-5402b8ddgv .pt-cv-thumb-wrapper:not(.miniwrap) {  }#pt-cv-view-5402b8ddgv .pt-cv-thumbnail:not(.pt-cv-thumbnailsm) { height: 250px; }#pt-cv-view-5402b8ddgv > .pt-cv-page {grid-template-columns: repeat(1, 1fr);grid-gap: 15px;}\n@media all and (max-width: 1024px) { \n#pt-cv-view-5402b8ddgv > .pt-cv-page {grid-template-columns: repeat(1, 1fr);}\n} \n@media all and (max-width: 767px) { \n#pt-cv-view-5402b8ddgv > .pt-cv-page {grid-template-columns: repeat(1, 1fr);}\n} <\/style>\r\n\t\t\t<\/div>\n<div id=\"Castelo Branco\" class=\"tabcontent\">\n<h4>integrados<\/h4>\n<div class=\"pt-cv-wrapper\"><div class=\"pt-cv-view pt-cv-blockgrid iscvblock iscvhybrid grid1 layout1\" id=\"pt-cv-view-ab4a8395gh\"><div data-id=\"pt-cv-page-1\" class=\"pt-cv-page\" data-cvc=\"1\"><div class=\" pt-cv-content-item pt-cv-1-col\" ><div class=\"pt-cv-content\"><h6>Ana Paula Neves Ferreira da Silva<\/h6>\n<p><a href=\"https:\/\/orcid.org\/0000-0002-3721-3873\" rel=\"noopener noreferrer\" target=\"_blank\">0000-0002-3721-3873<\/a> \u2022 <a href=\"https:\/\/cienciavitae.pt\/AD10-F2CF-140A\" rel=\"noopener noreferrer\" target=\"_blank\">AD10-F2CF-140A<\/a><br \/>\nINSTITUTO POLIT\u00c9CNICO DE CASTELO BRANCO<\/p>\n<\/div>\n<div class=\"pt-cv-meta-fields\"><span class=\"terms\"> <a href='https:\/\/events.ipv.pt\/cised\/tag\/ana-paula-silva\/' title='Ana Paula Silva' class='pt-cv-tax-ana-paula-silva'>Ana Paula Silva<\/a>, <a href='https:\/\/events.ipv.pt\/cised\/category\/i_castelobranco\/' title='i_casteloBranco' class='pt-cv-tax-i_castelobranco'>i_casteloBranco<\/a><\/span><\/div><\/div>\n<div class=\" pt-cv-content-item pt-cv-1-col\" ><div class=\"pt-cv-content\"><h6>\u00c2ngela Cristina Marques de Oliveira<\/h6>\n<p><a href=\"https:\/\/orcid.org\/0000-0003-0172-4679\" rel=\"noopener noreferrer\" target=\"_blank\">0000-0003-0172-4679<\/a> \u2022 <a href=\"https:\/\/cienciavitae.pt\/471B-8360-6CF9\" rel=\"noopener noreferrer\" target=\"_blank\">471B-8360-6CF9<\/a><br \/>\nINSTITUTO POLIT\u00c9CNICO DE CASTELO BRANCO<\/p>\n<\/div>\n<div class=\"pt-cv-meta-fields\"><span class=\"terms\"> <a href='https:\/\/events.ipv.pt\/cised\/tag\/angela-oliveira\/' title='\u00c2ngela Oliveira' class='pt-cv-tax-angela-oliveira'>\u00c2ngela Oliveira<\/a>, <a href='https:\/\/events.ipv.pt\/cised\/category\/i_castelobranco\/' title='i_casteloBranco' class='pt-cv-tax-i_castelobranco'>i_casteloBranco<\/a><\/span><\/div><\/div>\n<div class=\" pt-cv-content-item pt-cv-1-col\" ><div class=\"pt-cv-content\"><h6>Arlindo Ferreira da Silva<\/h6>\n<p><a href=\"https:\/\/orcid.org\/0000-0002-0620-7518\" rel=\"noopener noreferrer\" target=\"_blank\">0000-0002-0620-7518<\/a> \u2022 <a href=\"https:\/\/cienciavitae.pt\/541A-41FB-4DC3\" rel=\"noopener noreferrer\" target=\"_blank\">541A-41FB-4DC3<\/a><br \/>\nINSTITUTO POLIT\u00c9CNICO DE CASTELO BRANCO<\/p>\n<\/div>\n<div class=\"pt-cv-meta-fields\"><span class=\"terms\"> <a href='https:\/\/events.ipv.pt\/cised\/tag\/arlindo-silva\/' title='Arlindo Silva' class='pt-cv-tax-arlindo-silva'>Arlindo Silva<\/a>, <a href='https:\/\/events.ipv.pt\/cised\/category\/i_castelobranco\/' title='i_casteloBranco' class='pt-cv-tax-i_castelobranco'>i_casteloBranco<\/a><\/span><\/div><\/div>\n<div class=\" pt-cv-content-item pt-cv-1-col\" ><div class=\"pt-cv-content\"><h6>Daniel Gil Belo<\/h6>\n<p><a href=\"https:\/\/orcid.org\/0000-0002-5637-5691\" rel=\"noopener noreferrer\" target=\"_blank\">0000-0002-5637-5691<\/a> \u2022 <a href=\"https:\/\/cienciavitae.pt\/EF17-B904-18C6\" rel=\"noopener noreferrer\" target=\"_blank\">EF17-B904-18C6<\/a><br \/>\nINSTITUTO POLIT\u00c9CNICO DE CASTELO BRANCO<\/p>\n<\/div>\n<div class=\"pt-cv-meta-fields\"><span class=\"terms\"> <a href='https:\/\/events.ipv.pt\/cised\/tag\/daniel-gil-belo\/' title='Daniel Gil Belo' class='pt-cv-tax-daniel-gil-belo'>Daniel Gil Belo<\/a>, <a href='https:\/\/events.ipv.pt\/cised\/category\/i_castelobranco\/' title='i_casteloBranco' class='pt-cv-tax-i_castelobranco'>i_casteloBranco<\/a><\/span><\/div><\/div>\n<div class=\" pt-cv-content-item pt-cv-1-col\" ><div class=\"pt-cv-content\"><h6>Fernando Reinaldo Silva Garcia Ribeiro<\/h6>\n<p><a href=\"https:\/\/orcid.org\/0000-0002-1225-3844\" rel=\"noopener noreferrer\" target=\"_blank\">0000-0002-1225-3844<\/a> \u2022 <a href=\"https:\/\/cienciavitae.pt\/7B1C-D761-291D\" rel=\"noopener noreferrer\" target=\"_blank\">7B1C-D761-291D<\/a><br \/>\nINSTITUTO POLIT\u00c9CNICO DE CASTELO BRANCO<\/p>\n<\/div>\n<div class=\"pt-cv-meta-fields\"><span class=\"terms\"> <a href='https:\/\/events.ipv.pt\/cised\/tag\/fernando-ribeiro\/' title='Fernando Ribeiro' class='pt-cv-tax-fernando-ribeiro'>Fernando Ribeiro<\/a>, <a href='https:\/\/events.ipv.pt\/cised\/category\/i_castelobranco\/' title='i_casteloBranco' class='pt-cv-tax-i_castelobranco'>i_casteloBranco<\/a><\/span><\/div><\/div>\n<div class=\" pt-cv-content-item pt-cv-1-col\" ><div class=\"pt-cv-content\"><h6>Fernando S\u00e9rgio Rodrigues de Brito da Mota Barbosa<\/h6>\n<p><a href=\"https:\/\/orcid.org\/0000-0003-3683-5803\" rel=\"noopener noreferrer\" target=\"_blank\">0000-0003-3683-5803<\/a> \u2022 <a href=\"https:\/\/cienciavitae.pt\/C71D-0BB3-C261\" rel=\"noopener noreferrer\" target=\"_blank\">C71D-0BB3-C261<\/a><br \/>\nINSTITUTO POLIT\u00c9CNICO DE CASTELO BRANCO<\/p>\n<\/div>\n<div class=\"pt-cv-meta-fields\"><span class=\"terms\"> <a href='https:\/\/events.ipv.pt\/cised\/tag\/fernando-barbosa\/' title='Fernando Barbosa' class='pt-cv-tax-fernando-barbosa'>Fernando Barbosa<\/a>, <a href='https:\/\/events.ipv.pt\/cised\/category\/i_castelobranco\/' title='i_casteloBranco' class='pt-cv-tax-i_castelobranco'>i_casteloBranco<\/a><\/span><\/div><\/div>\n<div class=\" pt-cv-content-item pt-cv-1-col\" ><div class=\"pt-cv-content\"><h6>Filipe Miguel Bispo Fidalgo<\/h6>\n<p><a href=\"https:\/\/orcid.org\/0000-0001-7326-9957\" rel=\"noopener noreferrer\" target=\"_blank\">0000-0001-7326-9957<\/a> \u2022 <a href=\"https:\/\/cienciavitae.pt\/BC11-DFB7-A451\" rel=\"noopener noreferrer\" target=\"_blank\">BC11-DFB7-A451<\/a><br \/>\nINSTITUTO POLIT\u00c9CNICO DE CASTELO BRANCO<\/p>\n<\/div>\n<div class=\"pt-cv-meta-fields\"><span class=\"terms\"> <a href='https:\/\/events.ipv.pt\/cised\/tag\/filipe-fidalgo\/' title='Filipe Fidalgo' class='pt-cv-tax-filipe-fidalgo'>Filipe Fidalgo<\/a>, <a href='https:\/\/events.ipv.pt\/cised\/category\/i_castelobranco\/' title='i_casteloBranco' class='pt-cv-tax-i_castelobranco'>i_casteloBranco<\/a><\/span><\/div><\/div>\n<div class=\" pt-cv-content-item pt-cv-1-col\" ><div class=\"pt-cv-content\"><h6>Jo\u00e3o Renato Caramona Belo Sebasti\u00e3o<\/h6>\n<p><a href=\"https:\/\/orcid.org\/0000-0003-4175-010X\" rel=\"noopener noreferrer\" target=\"_blank\">0000-0003-4175-010X<\/a> \u2022 <a href=\"https:\/\/cienciavitae.pt\/1D19-51EE-EE14\" rel=\"noopener noreferrer\" target=\"_blank\">1D19-51EE-EE14<\/a><br \/>\nINSTITUTO POLIT\u00c9CNICO DE CASTELO BRANCO<\/p>\n<\/div>\n<div class=\"pt-cv-meta-fields\"><span class=\"terms\"> <a href='https:\/\/events.ipv.pt\/cised\/category\/i_castelobranco\/' title='i_casteloBranco' class='pt-cv-tax-i_castelobranco'>i_casteloBranco<\/a>, <a href='https:\/\/events.ipv.pt\/cised\/tag\/joao-renato-sebastiao\/' title='Jo\u00e3o Renato Sebasti\u00e3o' class='pt-cv-tax-joao-renato-sebastiao'>Jo\u00e3o Renato Sebasti\u00e3o<\/a><\/span><\/div><\/div>\n<div class=\" pt-cv-content-item pt-cv-1-col\" ><div class=\"pt-cv-content\"><h6>Jos\u00e9 Carlos Meireles Monteiro Metr\u00f4lho<\/h6>\n<p><a href=\"https:\/\/0000-0002-7327-2109\" rel=\"noopener noreferrer\" target=\"_blank\">0000-0002-7327-2109<\/a> \u2022 <a href=\"https:\/\/cienciavitae.pt\/4B17-3AF4-7DD4\" rel=\"noopener noreferrer\" target=\"_blank\">4B17-3AF4-7DD4<\/a><br \/>\nINSTITUTO POLIT\u00c9CNICO DE CASTELO BRANCO<\/p>\n<\/div>\n<div class=\"pt-cv-meta-fields\"><span class=\"terms\"> <a href='https:\/\/events.ipv.pt\/cised\/category\/i_castelobranco\/' title='i_casteloBranco' class='pt-cv-tax-i_castelobranco'>i_casteloBranco<\/a>, <a href='https:\/\/events.ipv.pt\/cised\/tag\/jose-carlos-metrolho\/' title='Jos\u00e9 Carlos Metr\u00f4lho' class='pt-cv-tax-jose-carlos-metrolho'>Jos\u00e9 Carlos Metr\u00f4lho<\/a><\/span><\/div><\/div>\n<div class=\" pt-cv-content-item pt-cv-1-col\" ><div class=\"pt-cv-content\"><h6>M\u00f3nica Isabel Teixeira da Costa<\/h6>\n<p><a href=\"https:\/\/orcid.org\/0000-0003-1725-259X\" rel=\"noopener noreferrer\" target=\"_blank\">0000-0003-1725-259X<\/a> \u2022 <a href=\"https:\/\/cienciavitae.pt\/1B13-B775-0F27\" rel=\"noopener noreferrer\" target=\"_blank\">1B13-B775-0F27<\/a><br \/>\nINSTITUTO POLIT\u00c9CNICO DE CASTELO BRANCO<\/p>\n<\/div>\n<div class=\"pt-cv-meta-fields\"><span class=\"terms\"> <a href='https:\/\/events.ipv.pt\/cised\/category\/i_castelobranco\/' title='i_casteloBranco' class='pt-cv-tax-i_castelobranco'>i_casteloBranco<\/a>, <a href='https:\/\/events.ipv.pt\/cised\/tag\/monica-costa\/' title='M\u00f3nica Costa' class='pt-cv-tax-monica-costa'>M\u00f3nica Costa<\/a><\/span><\/div><\/div>\n<div class=\" pt-cv-content-item pt-cv-1-col\" ><div class=\"pt-cv-content\"><h6>Osvaldo Arede dos Santos<\/h6>\n<p><a href=\"https:\/\/orcid.org\/0000-0003-0341-2839\" rel=\"noopener noreferrer\" target=\"_blank\">0000-0003-0341-2839<\/a> \u2022 <a href=\"https:\/\/cienciavitae.pt\/121D-8892-F723\" rel=\"noopener noreferrer\" target=\"_blank\">121D-8892-F723<\/a><br \/>\nINSTITUTO POLIT\u00c9CNICO DE CASTELO BRANCO<\/p>\n<\/div>\n<div class=\"pt-cv-meta-fields\"><span class=\"terms\"> <a href='https:\/\/events.ipv.pt\/cised\/category\/i_castelobranco\/' title='i_casteloBranco' class='pt-cv-tax-i_castelobranco'>i_casteloBranco<\/a>, <a href='https:\/\/events.ipv.pt\/cised\/tag\/osvaldo-santos\/' title='Osvaldo Santos' class='pt-cv-tax-osvaldo-santos'>Osvaldo Santos<\/a><\/span><\/div><\/div>\n<div class=\" pt-cv-content-item pt-cv-1-col\" ><div class=\"pt-cv-content\"><h6>Pedro Nuno Moreira da Silva<\/h6>\n<p><a href=\"https:\/\/orcid.org\/0000-0002-6298-6173\" rel=\"noopener noreferrer\" target=\"_blank\">0000-0002-6298-6173<\/a> \u2022 <a href=\"https:\/\/cienciavitae.pt\/F31E-D38E-AA3A\" rel=\"noopener noreferrer\" target=\"_blank\">F31E-D38E-AA3A<\/a><br \/>\nINSTITUTO POLIT\u00c9CNICO DE CASTELO BRANCO<\/p>\n<\/div>\n<div class=\"pt-cv-meta-fields\"><span class=\"terms\"> <a href='https:\/\/events.ipv.pt\/cised\/category\/i_castelobranco\/' title='i_casteloBranco' class='pt-cv-tax-i_castelobranco'>i_casteloBranco<\/a>, <a href='https:\/\/events.ipv.pt\/cised\/tag\/pedro-silva\/' title='Pedro Silva' class='pt-cv-tax-pedro-silva'>Pedro Silva<\/a><\/span><\/div><\/div>\n<div class=\" pt-cv-content-item pt-cv-1-col\" ><div class=\"pt-cv-content\"><h6>Rog\u00e9rio Pais Dion\u00edsio<\/h6>\n<p><a href=\"https:\/\/orcid.org\/0000-0002-6810-2447\" rel=\"noopener noreferrer\" target=\"_blank\">0000-0002-6810-2447<\/a> \u2022 <a href=\"https:\/\/cienciavitae.pt\/2F1A-414F-368B\" rel=\"noopener noreferrer\" target=\"_blank\">2F1A-414F-368B<\/a><br \/>\nINSTITUTO POLIT\u00c9CNICO DE CASTELO BRANCO<\/p>\n<\/div>\n<div class=\"pt-cv-meta-fields\"><span class=\"terms\"> <a href='https:\/\/events.ipv.pt\/cised\/category\/i_castelobranco\/' title='i_casteloBranco' class='pt-cv-tax-i_castelobranco'>i_casteloBranco<\/a>, <a href='https:\/\/events.ipv.pt\/cised\/tag\/rogerio-dionisio\/' title='Rog\u00e9rio Dion\u00edsio' class='pt-cv-tax-rogerio-dionisio'>Rog\u00e9rio Dion\u00edsio<\/a><\/span><\/div><\/div><\/div><\/div><\/div>\t\t\t<style type=\"text\/css\" id=\"pt-cv-inline-style-703ba58i9o\">\n#pt-cv-view-ab4a8395gh .pt-cv-thumb-wrapper:not(.miniwrap) {  }#pt-cv-view-ab4a8395gh .pt-cv-thumbnail:not(.pt-cv-thumbnailsm) { height: 250px; }#pt-cv-view-ab4a8395gh > .pt-cv-page {grid-template-columns: repeat(1, 1fr);grid-gap: 15px;}\n@media all and (max-width: 1024px) { \n#pt-cv-view-ab4a8395gh > .pt-cv-page {grid-template-columns: repeat(1, 1fr);}\n} \n@media all and (max-width: 767px) { \n#pt-cv-view-ab4a8395gh > .pt-cv-page {grid-template-columns: repeat(1, 1fr);}\n} <\/style>\r\n\t\t\t<\/div>\n<\/div>\n<\/div>\n","protected":false},"excerpt":{"rendered":"<p>Investigadores A B C D E F G H I J L M N O P R S V integrados trending_flat Ana Branca da Silva Soeiro de Carvalho 0000-0002-8979-6644 \u2022 B016-9159-8AE6 INSTITUTO POLIT\u00c9CNICO DE VISEU \u2022 Escola Superior de Tecnologia e Gest\u00e3o de Lamego trending_flat Ana Cristina Bico Rodrigues de Matos 0000-0001-6408-5857 \u2022 961C-1FBD-5555 INSTITUTO [&hellip;]<\/p>\n","protected":false},"author":1,"featured_media":0,"parent":0,"menu_order":2,"comment_status":"closed","ping_status":"closed","template":"","meta":{"_acf_changed":false,"site-sidebar-layout":"default","site-content-layout":"default","ast-site-content-layout":"normal-width-container","site-content-style":"boxed","site-sidebar-style":"default","ast-global-header-display":"","ast-banner-title-visibility":"","ast-main-header-display":"","ast-hfb-above-header-display":"","ast-hfb-below-header-display":"","ast-hfb-mobile-header-display":"","site-post-title":"disabled","ast-breadcrumbs-content":"","ast-featured-img":"","footer-sml-layout":"","ast-disable-related-posts":"","theme-transparent-header-meta":"default","adv-header-id-meta":"","stick-header-meta":"","header-above-stick-meta":"","header-main-stick-meta":"","header-below-stick-meta":"","astra-migrate-meta-layouts":"set","ast-page-background-enabled":"default","ast-page-background-meta":{"desktop":{"background-color":"var(--ast-global-color-4)","background-image":"","background-repeat":"repeat","background-position":"center center","background-size":"auto","background-attachment":"scroll","background-type":"","background-media":"","overlay-type":"","overlay-color":"","overlay-opacity":"","overlay-gradient":""},"tablet":{"background-color":"","background-image":"","background-repeat":"repeat","background-position":"center center","background-size":"auto","background-attachment":"scroll","background-type":"","background-media":"","overlay-type":"","overlay-color":"","overlay-opacity":"","overlay-gradient":""},"mobile":{"background-color":"","background-image":"","background-repeat":"repeat","background-position":"center center","background-size":"auto","background-attachment":"scroll","background-type":"","background-media":"","overlay-type":"","overlay-color":"","overlay-opacity":"","overlay-gradient":""}},"ast-content-background-meta":{"desktop":{"background-color":"var(--ast-global-color-5)","background-image":"","background-repeat":"repeat","background-position":"center center","background-size":"auto","background-attachment":"scroll","background-type":"","background-media":"","overlay-type":"","overlay-color":"","overlay-opacity":"","overlay-gradient":""},"tablet":{"background-color":"var(--ast-global-color-5)","background-image":"","background-repeat":"repeat","background-position":"center center","background-size":"auto","background-attachment":"scroll","background-type":"","background-media":"","overlay-type":"","overlay-color":"","overlay-opacity":"","overlay-gradient":""},"mobile":{"background-color":"var(--ast-global-color-5)","background-image":"","background-repeat":"repeat","background-position":"center center","background-size":"auto","background-attachment":"scroll","background-type":"","background-media":"","overlay-type":"","overlay-color":"","overlay-opacity":"","overlay-gradient":""}},"footnotes":"","_links_to":"","_links_to_target":""},"class_list":["post-287","page","type-page","status-publish","hentry"],"acf":[],"_links":{"self":[{"href":"https:\/\/events.ipv.pt\/cised\/wp-json\/wp\/v2\/pages\/287","targetHints":{"allow":["GET"]}}],"collection":[{"href":"https:\/\/events.ipv.pt\/cised\/wp-json\/wp\/v2\/pages"}],"about":[{"href":"https:\/\/events.ipv.pt\/cised\/wp-json\/wp\/v2\/types\/page"}],"author":[{"embeddable":true,"href":"https:\/\/events.ipv.pt\/cised\/wp-json\/wp\/v2\/users\/1"}],"replies":[{"embeddable":true,"href":"https:\/\/events.ipv.pt\/cised\/wp-json\/wp\/v2\/comments?post=287"}],"version-history":[{"count":272,"href":"https:\/\/events.ipv.pt\/cised\/wp-json\/wp\/v2\/pages\/287\/revisions"}],"predecessor-version":[{"id":3947,"href":"https:\/\/events.ipv.pt\/cised\/wp-json\/wp\/v2\/pages\/287\/revisions\/3947"}],"wp:attachment":[{"href":"https:\/\/events.ipv.pt\/cised\/wp-json\/wp\/v2\/media?parent=287"}],"curies":[{"name":"wp","href":"https:\/\/api.w.org\/{rel}","templated":true}]}}