{"id":174,"date":"2021-10-19T16:01:02","date_gmt":"2021-10-19T16:01:02","guid":{"rendered":"http:\/\/localhost\/cised\/?page_id=174"},"modified":"2024-04-11T13:06:17","modified_gmt":"2024-04-11T13:06:17","slug":"cised","status":"publish","type":"page","link":"https:\/\/events.ipv.pt\/cised\/cised\/","title":{"rendered":"CISeD"},"content":{"rendered":"<div class=\"pad\">\n<div class=\"container\">\n<p style=\"padding-left: 20px; padding-right: 20px; color: #000; text-align: center;\">O Centro de Investiga\u00e7\u00e3o em Servi\u00e7os Digitais (CISeD) foi criado pelo Instituto Polit\u00e9cnico de Viseu para realizar investiga\u00e7\u00e3o aplicada em servi\u00e7os digitais, abrangendo \u00e1reas relacionadas com a ci\u00eancia da computa\u00e7\u00e3o, a economia e gest\u00e3o, a cultura, m\u00e9todos quantitativos e engenharia eletr\u00f3nica e mec\u00e2nica.<br \/>\nPretende-se que o CISeD seja uma entidade refer\u00eancia a n\u00edvel nacional e internacional em Investiga\u00e7\u00e3o e Desenvolvimento em Servi\u00e7os Digitais.<br \/>\nO centro tem, desde a sua forma\u00e7\u00e3o, parceiros como o The Tallaght Institute of Technology da Irlanda e a Fund\u00e1cion General de la Universidad de Salamanca, bem como, as empresas Bizdirect (grupo SONAE), Softinsa (grupo IBM) e com duas empresas da ind\u00fastria autom\u00f3vel: a Faur\u00e9cia, a PSA Mangualde, Grupo HUF e a Tojaltec.<\/p>\n<h2>Objetivos<\/h2>\n<p><i class=\"material-icons\" style=\"font-size: 0.9em;\">trending_flat<\/i > Desenvolver o n\u00famero e a qualidade dos servi\u00e7os digitais, em particular nos setores social, cultural, econ\u00f3mico ou da administra\u00e7\u00e3o p\u00fablica;<br \/>\n<i class=\"material-icons\" style=\"font-size: 0.9em;\">trending_flat<\/i> Desenvolver e disseminar investiga\u00e7\u00f5es em colabora\u00e7\u00e3o com parceiros nacionais e internacionais, a fim de abordar quest\u00f5es reais enfrentadas por indiv\u00edduos, organiza\u00e7\u00f5es e sociedade em geral;<br \/>\n<i class=\"material-icons\" style=\"font-size: 0.9em;\">trending_flat<\/i> Promover a coopera\u00e7\u00e3o interinstitucional e os interc\u00e2mbios para promover a internacionaliza\u00e7\u00e3o da investiga\u00e7\u00e3o e desenvolvimento de projetos transversais de I&D;<br \/>\n<i class=\"material-icons\" style=\"font-size: 0.9em;\">trending_flat<\/i> Desenvolver a investiga\u00e7\u00e3o aplicada, a saber, a resultar dos projetos com os parceiros institucionais corporativos e os do sistema educacional internacional, mas tamb\u00e9m com outras organiza\u00e7\u00f5es;<br \/>\n<i class=\"material-icons\" style=\"font-size: 0.9em;\">trending_flat<\/i> Desenvolver a ind\u00fastria autom\u00f3vel e a ind\u00fastria digital;<br \/>\n<i class=\"material-icons\" style=\"font-size: 0.9em;\">trending_flat<\/i> Apoiar e desenvolver o empreendedorismo;<br \/>\n<i class=\"material-icons\" style=\"font-size: 0.9em;\">trending_flat<\/i> Promover o emprego cient\u00edfico;<br \/>\n<i class=\"material-icons\" style=\"font-size: 0.9em;\">trending_flat<\/i> Permitir aos alunos do IPV e das institui\u00e7\u00f5es parceiras participar em projetos de I&#038;D durante as suas experi\u00eancias acad\u00e9micas, levando a um aumento na produ\u00e7\u00e3o cient\u00edfica;<br \/>\n<i class=\"material-icons\" style=\"font-size: 0.9em;\">trending_flat<\/i> Aumentar a produ\u00e7\u00e3o cient\u00edfica dos investigadores do CISeD e permitir sua atualiza\u00e7\u00e3o constante.<\/p>\n<h2>Coordena\u00e7\u00e3o<\/h2>\n<p><i class=\"material-icons\" style=\"font-size: 0.9em;\">trending_flat<\/i> Jos\u00e9 Lu\u00eds Mendes Loureiro Abrantes<\/p>\n<h4>Coordenadores das linhas de investiga\u00e7\u00e3o<\/h4>\n<p><i class=\"material-icons\" style=\"font-size: 0.9em;\">trending_flat<\/i> Pedro Manuel Nogueira Reis [Digital Decision Support Systems]<br \/>\n<i class=\"material-icons\" style=\"font-size: 0.9em;\">trending_flat<\/i> Bruno Emanuel Morgado Ferreira [Social Web Applied to Culture, Economy and Society]<br \/>\n<i class=\"material-icons\" style=\"font-size: 0.9em;\">trending_flat<\/i> Rui Pedro Duarte [Connected Digital Society]<br \/>\n<i class=\"material-icons\" style=\"font-size: 0.9em;\">trending_flat<\/i> Nuno Mel\u00e3o [Digital Service Business]<br \/>\n<i class=\"material-icons\" style=\"font-size: 0.9em;\">trending_flat<\/i> Serafim Oliveira [Digital Automative Industry]<\/p>\n<\/div>\n<\/div>\n<div class=\"parallaxHome\">\n<div style=\"background-color:rgba(43,46,52,0.8);\">\n<div class=\"RowEndTotal\" data-aos=\"fade-up\">\n<div class=\"cQuadTitle\">\n<h2 style=\"color: #fff; text-align: center; line-height: 1.5em;\">Valores<\/h2>\n<\/div>\n<div class=\"cQuadHome\">\n<h4 style=\"color: #fff; font-size: 1.2em;\"><i class=\"material-icons\" style=\"font-size: 0.9em;\">trending_flat<\/i> Excel\u00eancia<\/h4>\n<p style=\"padding-left: 20px;\">contribuir para a promo\u00e7\u00e3o elevados n\u00edveis de pesquisa, com base um modelo de gest\u00e3o sobre a aprecia\u00e7\u00e3o de uma cultura da qualidade e m\u00e9rito<\/p>\n<\/div>\n<div class=\"cQuadHome\">\n<h4 style=\"color: #fff; font-size: 1.2em;\"><i class=\"material-icons\" style=\"font-size: 0.9em;\">trending_flat<\/i> \u00c9tica<\/h4>\n<p style=\"padding-left: 20px;\">incorpora\u00e7\u00e3o e integridade na pr\u00e1tica cient\u00edfica e comportamento<\/p>\n<\/div>\n<div class=\"cQuadHome\">\n<h4 style=\"color: #fff; font-size: 1.2em;\"><i class=\"material-icons\" style=\"font-size: 0.9em;\">trending_flat<\/i> Responsabilidade Social<\/h4>\n<p style=\"padding-left: 20px;\">promover responsabilidade social na comunidade e no seu ambiente<\/p>\n<\/div>\n<div class=\"cQuadHome\">\n<h4 style=\"color: #fff; font-size: 1.2em;\"><i class=\"material-icons\" style=\"font-size: 0.9em;\">trending_flat<\/i> Partilha de Conhecimento<\/h4>\n<p style=\"padding-left: 20px;\">reciprocidade t\u00e9cnica, cient\u00edfica e cultural entre os membros e com as empresas<\/p>\n<\/div>\n<div class=\"cQuadHome\">\n<h4 style=\"color: #fff; font-size: 1.2em;\"><i class=\"material-icons\" style=\"font-size: 0.9em;\">trending_flat<\/i> Interc\u00e2mbio Cultural<\/h4>\n<p style=\"padding-left: 20px;\">de valores, esfor\u00e7os e ganhos, na base do desenvolvimento universal e cultural e para uma sociedade mais informada, justa e equitativa<\/p>\n<\/div>\n<\/div>\n<div class=\"RowEndTotal\" data-aos=\"fade-up\">\n<div class=\"cQuadTitle\">\n<h2 style=\"color: #fff; text-align: center; line-height: 1.5em;\">Linhas de<br \/>Investiga\u00e7\u00e3o<\/h2>\n<\/div>\n<div class=\"imDDSS1\" style=\"cursor: pointer;\" onclick=\"window.location='http:\/\/localhost\/cised\/ddss-digital-decision-support-systems\/';\">\n<div class=\"cQuadLinha\">\n<h4 style=\"color: #fff; font-size: 1.2em;\"><i class=\"material-icons\" style=\"font-size: 0.9em;\">trending_flat<\/i> [DDSS] Digital Decision Support Systems<\/h4>\n<p style=\"padding-left: 20px;\">tomada de decis\u00e3o no mundo digital, a fim de melhorar a computa\u00e7\u00e3o cognitiva e a aprendizagem de m\u00e1quinas para auxiliar na transforma\u00e7\u00e3o dos processos de neg\u00f3cios<\/p>\n<\/div>\n<\/div>\n<div class=\"imSWACEC1\" style=\"cursor: pointer;\" onclick=\"window.location='http:\/\/localhost\/cised\/swaces-social-web-applied-to-culture-economy-and-society\/';\">\n<div class=\"cQuadLinha\">\n<h4 style=\"color: #fff; font-size: 1.2em;\"><i class=\"material-icons\" style=\"font-size: 0.9em;\">trending_flat<\/i> [SWACES] Social Web Applied to Culture, Economy and Society<\/h4>\n<p style=\"padding-left: 20px; \">intera\u00e7\u00f5es sociais de empresas e indiv\u00edduos na Internet, numa variedade de \u00e1reas aplicadas como a cultura, a economia e a sociedade<\/p>\n<\/div>\n<\/div>\n<div class=\"imIOT1\" style=\"cursor: pointer;\" onclick=\"window.location='http:\/\/localhost\/cised\/cds-connected-digital-society\/';\">\n<div class=\"cQuadLinha\">\n<h4 style=\"color: #fff; font-size: 1.2em;\"><i class=\"material-icons\" style=\"font-size: 0.9em;\">trending_flat<\/i> [CDS] Connected Digital Society<\/h4>\n<p style=\"padding-left: 20px;\">foca-se na aplica\u00e7\u00e3o e nos impactos da Internet-das-Coisas (IoT) \u00e0s necessidades e \u00e0 seguran\u00e7a dos cidad\u00e3os<\/p>\n<\/div>\n<\/div>\n<div class=\"imDSB1\" style=\"cursor: pointer;\" onclick=\"window.location='http:\/\/localhost\/cised\/dsb-digital-service-business\/';\">\n<div class=\"cQuadLinha\">\n<h4 style=\"color: #fff; font-size: 1.2em;\"><i class=\"material-icons\" style=\"font-size: 0.9em;\">trending_flat<\/i> [DSB] Digital Service Business<\/h4>\n<p style=\"padding-left: 20px;\">centra-se na transforma\u00e7\u00e3o digital na perspetiva empresarial<\/p>\n<\/div>\n<\/div>\n<div class=\"imDAI1\" style=\"cursor: pointer;\" onclick=\"window.location='http:\/\/localhost\/cised\/dai-digital-automotive-industry\/';\">\n<div class=\"cQuadLinha\">\n<h4 style=\"color: #fff; font-size: 1.2em;\"><i class=\"material-icons\" style=\"font-size: 0.9em;\">trending_flat<\/i> [DAI] Digital Automotive Industry<\/h4>\n<p style=\"padding-left: 20px; \">toma como prioridade as necessidades da ind\u00fastria regional e autom\u00f3vel na era digital<\/p>\n<\/div>\n<\/div>\n<\/div>\n<\/div>\n<\/div>\n<div class=\"pad\">\n<div class=\"container\">\n<h4>Conselho Consultivo Externo<\/h4>\n<p><!--<i class=\"material-icons\" style=\"font-size: 0.9em;\">trending_flat<\/i> Barry Finbarr Feeney [Institute of Technology Tallaght] Irlanda--><i class=\"material-icons\" style=\"font-size: 0.9em;\">trending_flat<\/i> C\u00e2ndido Roque Marques Ferreira [Tojaltec, Fabrico de M\u00e1quinas]<br \/>\n<i class=\"material-icons\" style=\"font-size: 0.9em;\">trending_flat<\/i> Carlos Mesquita [PSA Mangualde]<br \/>\n<i class=\"material-icons\" style=\"font-size: 0.9em;\">trending_flat<\/i> David Mota [Bizdirect (Grupo SONAE)]<br \/>\n<i class=\"material-icons\" style=\"font-size: 0.9em;\">trending_flat<\/i> Jorge Casinha [Faur\u00e9cia]<br \/>\n<i class=\"material-icons\" style=\"font-size: 0.9em;\">trending_flat<\/i> Jorge Silva [Grupo HUF Tondela]<br \/>\n<i class=\"material-icons\" style=\"font-size: 0.9em;\">trending_flat<\/i> Nuno Dion\u00edsio Torres Silva [Softinsa (Grupo IBM)]<br \/>\n<i class=\"material-icons\" style=\"font-size: 0.9em;\">trending_flat<\/i> \u00d3scar Gonz\u00e1lez Benito [Universidade de Salamanca] Espanha<\/p>\n<\/div>\n<\/div>\n","protected":false},"excerpt":{"rendered":"<p>O Centro de Investiga\u00e7\u00e3o em Servi\u00e7os Digitais (CISeD) foi criado pelo Instituto Polit\u00e9cnico de Viseu para realizar investiga\u00e7\u00e3o aplicada em servi\u00e7os digitais, abrangendo \u00e1reas relacionadas com a ci\u00eancia da computa\u00e7\u00e3o, a economia e gest\u00e3o, a cultura, m\u00e9todos quantitativos e engenharia eletr\u00f3nica e mec\u00e2nica. Pretende-se que o CISeD seja uma entidade refer\u00eancia a n\u00edvel nacional e [&hellip;]<\/p>\n","protected":false},"author":1,"featured_media":0,"parent":0,"menu_order":1,"comment_status":"closed","ping_status":"closed","template":"","meta":{"_acf_changed":false,"site-sidebar-layout":"default","site-content-layout":"default","ast-site-content-layout":"default","site-content-style":"default","site-sidebar-style":"default","ast-global-header-display":"","ast-banner-title-visibility":"","ast-main-header-display":"","ast-hfb-above-header-display":"","ast-hfb-below-header-display":"","ast-hfb-mobile-header-display":"","site-post-title":"disabled","ast-breadcrumbs-content":"","ast-featured-img":"","footer-sml-layout":"","ast-disable-related-posts":"","theme-transparent-header-meta":"default","adv-header-id-meta":"","stick-header-meta":"","header-above-stick-meta":"","header-main-stick-meta":"","header-below-stick-meta":"","astra-migrate-meta-layouts":"set","ast-page-background-enabled":"default","ast-page-background-meta":{"desktop":{"background-color":"var(--ast-global-color-4)","background-image":"","background-repeat":"repeat","background-position":"center center","background-size":"auto","background-attachment":"scroll","background-type":"","background-media":"","overlay-type":"","overlay-color":"","overlay-opacity":"","overlay-gradient":""},"tablet":{"background-color":"","background-image":"","background-repeat":"repeat","background-position":"center center","background-size":"auto","background-attachment":"scroll","background-type":"","background-media":"","overlay-type":"","overlay-color":"","overlay-opacity":"","overlay-gradient":""},"mobile":{"background-color":"","background-image":"","background-repeat":"repeat","background-position":"center center","background-size":"auto","background-attachment":"scroll","background-type":"","background-media":"","overlay-type":"","overlay-color":"","overlay-opacity":"","overlay-gradient":""}},"ast-content-background-meta":{"desktop":{"background-color":"var(--ast-global-color-5)","background-image":"","background-repeat":"repeat","background-position":"center center","background-size":"auto","background-attachment":"scroll","background-type":"","background-media":"","overlay-type":"","overlay-color":"","overlay-opacity":"","overlay-gradient":""},"tablet":{"background-color":"var(--ast-global-color-5)","background-image":"","background-repeat":"repeat","background-position":"center center","background-size":"auto","background-attachment":"scroll","background-type":"","background-media":"","overlay-type":"","overlay-color":"","overlay-opacity":"","overlay-gradient":""},"mobile":{"background-color":"var(--ast-global-color-5)","background-image":"","background-repeat":"repeat","background-position":"center center","background-size":"auto","background-attachment":"scroll","background-type":"","background-media":"","overlay-type":"","overlay-color":"","overlay-opacity":"","overlay-gradient":""}},"footnotes":"","_links_to":"","_links_to_target":""},"class_list":["post-174","page","type-page","status-publish","hentry"],"acf":[],"_links":{"self":[{"href":"https:\/\/events.ipv.pt\/cised\/wp-json\/wp\/v2\/pages\/174","targetHints":{"allow":["GET"]}}],"collection":[{"href":"https:\/\/events.ipv.pt\/cised\/wp-json\/wp\/v2\/pages"}],"about":[{"href":"https:\/\/events.ipv.pt\/cised\/wp-json\/wp\/v2\/types\/page"}],"author":[{"embeddable":true,"href":"https:\/\/events.ipv.pt\/cised\/wp-json\/wp\/v2\/users\/1"}],"replies":[{"embeddable":true,"href":"https:\/\/events.ipv.pt\/cised\/wp-json\/wp\/v2\/comments?post=174"}],"version-history":[{"count":202,"href":"https:\/\/events.ipv.pt\/cised\/wp-json\/wp\/v2\/pages\/174\/revisions"}],"predecessor-version":[{"id":3713,"href":"https:\/\/events.ipv.pt\/cised\/wp-json\/wp\/v2\/pages\/174\/revisions\/3713"}],"wp:attachment":[{"href":"https:\/\/events.ipv.pt\/cised\/wp-json\/wp\/v2\/media?parent=174"}],"curies":[{"name":"wp","href":"https:\/\/api.w.org\/{rel}","templated":true}]}}