{"id":8,"date":"2021-03-09T10:21:19","date_gmt":"2021-03-09T10:21:19","guid":{"rendered":"http:\/\/127.0.0.1\/cernas\/?page_id=8"},"modified":"2026-04-17T14:08:34","modified_gmt":"2026-04-17T14:08:34","slug":"home","status":"publish","type":"page","link":"https:\/\/events.ipv.pt\/cernas\/pt\/","title":{"rendered":"HOME"},"content":{"rendered":"<div class=\"panel bnHome\" id=\"inicio\" style=\"--color:#ff595e\">\n<div class=\"ast-container\">\n<div class=\"column50R\">\n<h2 class=\"fBranco\">CERNAS-IPV<\/h2>\n<h5 class=\"fBranco\">Unidade de Gest\u00e3o do CERNAS Centro de Investiga\u00e7\u00e3o em Recursos Naturais, Ambiente e Sociedade que \u00e9 uma unidade de investiga\u00e7\u00e3o reconhecida pela Funda\u00e7\u00e3o para a Ci\u00eancia e a Tecnologia (FCT).<\/h5>\n<h5 class=\"fBranco\">O CERNAS-IPV tem por objetivos e miss\u00e3o os definidos para o CERNAS, produzindo investiga\u00e7\u00e3o nos dom\u00ednios das Ci\u00eancias Agr\u00e1rias, Ci\u00eancia e Engenharia Alimentar e Ambiente e Sociedade, promovendo, assim, o desenvolvimento sustent\u00e1vel de base regional como parte de uma interven\u00e7\u00e3o global.<\/h5>\n<p><button class=\"btBranco\" onclick=\"window.open('https:\/\/cernas.org\/', '_blank');\">CERNAS<\/button>\n<\/div>\n<\/div>\n<\/div>\n<div class=\"panel non-sticky\" id=\"destaques\" style=\"--color:#303731;\">\n<div class=\"ast-container\">\n<h2 class=\"fDourado\">DESTAQUES<\/h2>\n<h6 class=\"fDourado\">NOT\u00cdCIAS &#038; EVENTOS<\/h6>\n<div class=\"pt-cv-wrapper\"><div class=\"pt-cv-view pt-cv-blockgrid iscvblock iscvhybrid grid1 layout1\" id=\"pt-cv-view-3b00c4bycb\"><div data-id=\"pt-cv-page-1\" class=\"pt-cv-page\" data-cvc=\"4\"><div class=\" pt-cv-content-item pt-cv-1-col\" ><div class=\"pt-cv-thumb-wrapper  \"><a href=\"https:\/\/events.ipv.pt\/cernas\/pt\/raquel-guine-investigadora-do-cernas-ipv-foi-distinguida-com-a-inclusao-no-livro-mulheres-na-ciencia\/\" class=\"_self pt-cv-href-thumbnail pt-cv-thumb-default\" target=\"_self\" ><img loading=\"lazy\" decoding=\"async\" width=\"500\" height=\"300\" src=\"https:\/\/events.ipv.pt\/cernas\/wp-content\/uploads\/2025\/03\/MC.jpg\" class=\"pt-cv-thumbnail\" alt=\"\" srcset=\"https:\/\/events.ipv.pt\/cernas\/wp-content\/uploads\/2025\/03\/MC.jpg 500w, https:\/\/events.ipv.pt\/cernas\/wp-content\/uploads\/2025\/03\/MC-300x180.jpg 300w, https:\/\/events.ipv.pt\/cernas\/wp-content\/uploads\/2025\/03\/MC-18x12.jpg 18w\" sizes=\"auto, (max-width: 500px) 100vw, 500px\" \/><\/a><\/div>\n<p class=\"pt-cv-title\"><a href=\"https:\/\/events.ipv.pt\/cernas\/pt\/raquel-guine-investigadora-do-cernas-ipv-foi-distinguida-com-a-inclusao-no-livro-mulheres-na-ciencia\/\" class=\"_self\" target=\"_self\" >[Raquel Guin\u00e9] investigadora do CERNAS IPV foi distinguida com a inclus\u00e3o no livro Mulheres na Ci\u00eancia<\/a><\/p><\/div>\n<div class=\" pt-cv-content-item pt-cv-1-col\" ><div class=\"pt-cv-thumb-wrapper  \"><a href=\"https:\/\/events.ipv.pt\/cernas\/pt\/green-week-2025-environmental-sustainability-4-0\/\" class=\"_self pt-cv-href-thumbnail pt-cv-thumb-default\" target=\"_self\" ><img loading=\"lazy\" decoding=\"async\" width=\"1525\" height=\"745\" src=\"https:\/\/events.ipv.pt\/cernas\/wp-content\/uploads\/2025\/01\/GREENWEEK_BANNER.jpg\" class=\"pt-cv-thumbnail\" alt=\"\" srcset=\"https:\/\/events.ipv.pt\/cernas\/wp-content\/uploads\/2025\/01\/GREENWEEK_BANNER.jpg 1525w, https:\/\/events.ipv.pt\/cernas\/wp-content\/uploads\/2025\/01\/GREENWEEK_BANNER-300x147.jpg 300w, https:\/\/events.ipv.pt\/cernas\/wp-content\/uploads\/2025\/01\/GREENWEEK_BANNER-1024x500.jpg 1024w, https:\/\/events.ipv.pt\/cernas\/wp-content\/uploads\/2025\/01\/GREENWEEK_BANNER-768x375.jpg 768w, https:\/\/events.ipv.pt\/cernas\/wp-content\/uploads\/2025\/01\/GREENWEEK_BANNER-18x9.jpg 18w\" sizes=\"auto, (max-width: 1525px) 100vw, 1525px\" \/><\/a><\/div>\n<p class=\"pt-cv-title\"><a href=\"https:\/\/events.ipv.pt\/cernas\/pt\/green-week-2025-environmental-sustainability-4-0\/\" class=\"_self\" target=\"_self\" >Green Week 2025 \u2013 Environmental Sustainability 4.0<\/a><\/p><\/div>\n<div class=\" pt-cv-content-item pt-cv-1-col\" ><div class=\"pt-cv-thumb-wrapper  \"><a href=\"https:\/\/events.ipv.pt\/cernas\/pt\/icfae-2024-8th-international-conference-on-food-and-agricultural-engineering\/\" class=\"_self pt-cv-href-thumbnail pt-cv-thumb-default\" target=\"_self\" ><img loading=\"lazy\" decoding=\"async\" width=\"370\" height=\"264\" src=\"https:\/\/events.ipv.pt\/cernas\/wp-content\/uploads\/2021\/03\/mk.jpg\" class=\"pt-cv-thumbnail\" alt=\"\" srcset=\"https:\/\/events.ipv.pt\/cernas\/wp-content\/uploads\/2021\/03\/mk.jpg 370w, https:\/\/events.ipv.pt\/cernas\/wp-content\/uploads\/2021\/03\/mk-300x214.jpg 300w\" sizes=\"auto, (max-width: 370px) 100vw, 370px\" \/><\/a><\/div>\n<p class=\"pt-cv-title\"><a href=\"https:\/\/events.ipv.pt\/cernas\/pt\/icfae-2024-8th-international-conference-on-food-and-agricultural-engineering\/\" class=\"_self\" target=\"_self\" >ICFAE 2024 8th International Conference on Food and Agricultural Engineering<\/a><\/p><\/div>\n<div class=\" pt-cv-content-item pt-cv-1-col\" ><div class=\"pt-cv-thumb-wrapper  \"><a href=\"https:\/\/events.ipv.pt\/cernas\/pt\/vri24-2nd-ipviseu-study-research-innovation-summit\/\" class=\"_self pt-cv-href-thumbnail pt-cv-thumb-default\" target=\"_self\" ><img loading=\"lazy\" decoding=\"async\" width=\"500\" height=\"300\" src=\"https:\/\/events.ipv.pt\/cernas\/wp-content\/uploads\/2024\/04\/vri24.jpg\" class=\"pt-cv-thumbnail\" alt=\"\" srcset=\"https:\/\/events.ipv.pt\/cernas\/wp-content\/uploads\/2024\/04\/vri24.jpg 500w, https:\/\/events.ipv.pt\/cernas\/wp-content\/uploads\/2024\/04\/vri24-300x180.jpg 300w, https:\/\/events.ipv.pt\/cernas\/wp-content\/uploads\/2024\/04\/vri24-18x12.jpg 18w\" sizes=\"auto, (max-width: 500px) 100vw, 500px\" \/><\/a><\/div>\n<p class=\"pt-cv-title\"><a href=\"https:\/\/events.ipv.pt\/cernas\/pt\/vri24-2nd-ipviseu-study-research-innovation-summit\/\" class=\"_self\" target=\"_self\" >VRI24 2nd IPViseu Study, Research, &#038; Innovation Summit<\/a><\/p><\/div>\n<div class=\" pt-cv-content-item pt-cv-1-col\" ><div class=\"pt-cv-thumb-wrapper  \"><a href=\"https:\/\/events.ipv.pt\/cernas\/pt\/rumires\/\" class=\"_self pt-cv-href-thumbnail pt-cv-thumb-default\" target=\"_self\" ><img loading=\"lazy\" decoding=\"async\" width=\"500\" height=\"300\" src=\"https:\/\/events.ipv.pt\/cernas\/wp-content\/uploads\/2024\/03\/rumires.jpg\" class=\"pt-cv-thumbnail\" alt=\"\" srcset=\"https:\/\/events.ipv.pt\/cernas\/wp-content\/uploads\/2024\/03\/rumires.jpg 500w, https:\/\/events.ipv.pt\/cernas\/wp-content\/uploads\/2024\/03\/rumires-300x180.jpg 300w, https:\/\/events.ipv.pt\/cernas\/wp-content\/uploads\/2024\/03\/rumires-18x12.jpg 18w\" sizes=\"auto, (max-width: 500px) 100vw, 500px\" \/><\/a><\/div>\n<p class=\"pt-cv-title\"><a href=\"https:\/\/events.ipv.pt\/cernas\/pt\/rumires\/\" class=\"_self\" target=\"_self\" >[WORKSHOP] RUMI<strong>RES<\/strong><\/a><\/p><\/div>\n<div class=\" pt-cv-content-item pt-cv-1-col\" ><div class=\"pt-cv-thumb-wrapper  \"><a href=\"https:\/\/events.ipv.pt\/cernas\/pt\/4th-international-workshop-towards-zero-pollution\/\" class=\"_self pt-cv-href-thumbnail pt-cv-thumb-default\" target=\"_self\" ><img loading=\"lazy\" decoding=\"async\" width=\"500\" height=\"300\" src=\"https:\/\/events.ipv.pt\/cernas\/wp-content\/uploads\/2024\/02\/4thGreenWeek.jpg\" class=\"pt-cv-thumbnail\" alt=\"\" srcset=\"https:\/\/events.ipv.pt\/cernas\/wp-content\/uploads\/2024\/02\/4thGreenWeek.jpg 500w, https:\/\/events.ipv.pt\/cernas\/wp-content\/uploads\/2024\/02\/4thGreenWeek-300x180.jpg 300w, https:\/\/events.ipv.pt\/cernas\/wp-content\/uploads\/2024\/02\/4thGreenWeek-18x12.jpg 18w\" sizes=\"auto, (max-width: 500px) 100vw, 500px\" \/><\/a><\/div>\n<p class=\"pt-cv-title\"><a href=\"https:\/\/events.ipv.pt\/cernas\/pt\/4th-international-workshop-towards-zero-pollution\/\" class=\"_self\" target=\"_self\" >4th International Workshop \u2013 Towards Zero Pollution<\/a><\/p><\/div>\n<div class=\" pt-cv-content-item pt-cv-1-col\" ><div class=\"pt-cv-thumb-wrapper  \"><a href=\"https:\/\/events.ipv.pt\/cernas\/pt\/escolha-do-editor-sustainable-approach-to-weed-management-the-role-of-precision-weed-management\/\" class=\"_self pt-cv-href-thumbnail pt-cv-thumb-default\" target=\"_self\" ><img loading=\"lazy\" decoding=\"async\" width=\"800\" height=\"458\" src=\"https:\/\/events.ipv.pt\/cernas\/wp-content\/uploads\/2023\/12\/artigo2.jpg\" class=\"pt-cv-thumbnail\" alt=\"\" srcset=\"https:\/\/events.ipv.pt\/cernas\/wp-content\/uploads\/2023\/12\/artigo2.jpg 800w, https:\/\/events.ipv.pt\/cernas\/wp-content\/uploads\/2023\/12\/artigo2-300x172.jpg 300w, https:\/\/events.ipv.pt\/cernas\/wp-content\/uploads\/2023\/12\/artigo2-768x440.jpg 768w, https:\/\/events.ipv.pt\/cernas\/wp-content\/uploads\/2023\/12\/artigo2-18x10.jpg 18w\" sizes=\"auto, (max-width: 800px) 100vw, 800px\" \/><\/a><\/div>\n<p class=\"pt-cv-title\"><a href=\"https:\/\/events.ipv.pt\/cernas\/pt\/escolha-do-editor-sustainable-approach-to-weed-management-the-role-of-precision-weed-management\/\" class=\"_self\" target=\"_self\" >[Escolha do Editor] Sustainable Approach to Weed Management: The Role of Precision Weed Management<\/a><\/p><\/div>\n<div class=\" pt-cv-content-item pt-cv-1-col\" ><div class=\"pt-cv-thumb-wrapper  \"><a href=\"https:\/\/events.ipv.pt\/cernas\/pt\/escolha-do-editor-the-motivations-for-consumption-of-edible-insects-a-systematic-review\/\" class=\"_self pt-cv-href-thumbnail pt-cv-thumb-default\" target=\"_self\" ><img loading=\"lazy\" decoding=\"async\" width=\"800\" height=\"458\" src=\"https:\/\/events.ipv.pt\/cernas\/wp-content\/uploads\/2023\/12\/artigo1.jpg\" class=\"pt-cv-thumbnail\" alt=\"\" srcset=\"https:\/\/events.ipv.pt\/cernas\/wp-content\/uploads\/2023\/12\/artigo1.jpg 800w, https:\/\/events.ipv.pt\/cernas\/wp-content\/uploads\/2023\/12\/artigo1-300x172.jpg 300w, https:\/\/events.ipv.pt\/cernas\/wp-content\/uploads\/2023\/12\/artigo1-768x440.jpg 768w, https:\/\/events.ipv.pt\/cernas\/wp-content\/uploads\/2023\/12\/artigo1-18x10.jpg 18w\" sizes=\"auto, (max-width: 800px) 100vw, 800px\" \/><\/a><\/div>\n<p class=\"pt-cv-title\"><a href=\"https:\/\/events.ipv.pt\/cernas\/pt\/escolha-do-editor-the-motivations-for-consumption-of-edible-insects-a-systematic-review\/\" class=\"_self\" target=\"_self\" >[Escolha do Editor] The Motivations for Consumption of Edible Insects: A Systematic Review<\/a><\/p><\/div><\/div><\/div>\n<div class=\" pt-cv-pagination-wrapper\"><ul class=\"pt-cv-pagination pt-cv-ajax pagination\" data-totalpages=\"5\" data-currentpage=\"1\" data-sid=\"3b00c4bycb\" data-unid=\"\" data-isblock=\"\" data-postid=\"\"><li class=\"active\"><a href=\"#\">1<\/a><\/li>\n\t<li ><a class=\"\" href=\"https:\/\/events.ipv.pt\/cernas\/pt\/wp-json\/wp\/v2\/pages\/8\/?_page=2\">2<\/a><\/li>\n\t<li ><a class=\"\" href=\"https:\/\/events.ipv.pt\/cernas\/pt\/wp-json\/wp\/v2\/pages\/8\/?_page=3\">3<\/a><\/li>\n\t<li ><a href=\"#\">&hellip;<\/a><\/li>\n\t<li ><a class=\"\" href=\"https:\/\/events.ipv.pt\/cernas\/pt\/wp-json\/wp\/v2\/pages\/8\/?_page=5\">5<\/a><\/li>\n\t<li ><a class=\" \" href=\"https:\/\/events.ipv.pt\/cernas\/pt\/wp-json\/wp\/v2\/pages\/8\/?_page=2\">&rsaquo;<\/a><\/li>\n\t<\/ul><img loading=\"lazy\" decoding=\"async\" width=\"15\" height=\"15\" class=\"pt-cv-spinner\" alt=\"Loading...\" src=\"data:image\/gif;base64,R0lGODlhDwAPALMPAMrKygwMDJOTkz09PZWVla+vr3p6euTk5M7OzuXl5TMzMwAAAJmZmWZmZszMzP\/\/\/yH\/C05FVFNDQVBFMi4wAwEAAAAh+QQFCgAPACwAAAAADwAPAAAEQvDJaZaZOIcV8iQK8VRX4iTYoAwZ4iCYoAjZ4RxejhVNoT+mRGP4cyF4Pp0N98sBGIBMEMOotl6YZ3S61Bmbkm4mAgAh+QQFCgAPACwAAAAADQANAAAENPDJSRSZeA418itN8QiK8BiLITVsFiyBBIoYqnoewAD4xPw9iY4XLGYSjkQR4UAUD45DLwIAIfkEBQoADwAsAAAAAA8ACQAABC\/wyVlamTi3nSdgwFNdhEJgTJoNyoB9ISYoQmdjiZPcj7EYCAeCF1gEDo4Dz2eIAAAh+QQFCgAPACwCAAAADQANAAAEM\/DJBxiYeLKdX3IJZT1FU0iIg2RNKx3OkZVnZ98ToRD4MyiDnkAh6BkNC0MvsAj0kMpHBAAh+QQFCgAPACwGAAAACQAPAAAEMDC59KpFDll73HkAA2wVY5KgiK5b0RRoI6MuzG6EQqCDMlSGheEhUAgqgUUAFRySIgAh+QQFCgAPACwCAAIADQANAAAEM\/DJKZNLND\/kkKaHc3xk+QAMYDKsiaqmZCxGVjSFFCxB1vwy2oOgIDxuucxAMTAJFAJNBAAh+QQFCgAPACwAAAYADwAJAAAEMNAs86q1yaWwwv2Ig0jUZx3OYa4XoRAfwADXoAwfo1+CIjyFRuEho60aSNYlOPxEAAAh+QQFCgAPACwAAAIADQANAAAENPA9s4y8+IUVcqaWJ4qEQozSoAzoIyhCK2NFU2SJk0hNnyEOhKR2AzAAj4Pj4GE4W0bkJQIAOw==\" \/><div class=\"clear pt-cv-clear-pagination\"><\/div><\/div><\/div>\t\t\t<style type=\"text\/css\" id=\"pt-cv-inline-style-518e988eom\">\n#pt-cv-view-3b00c4bycb .pt-cv-thumb-wrapper:not(.miniwrap) {  }#pt-cv-view-3b00c4bycb .pt-cv-thumbnail:not(.pt-cv-thumbnailsm) { height: 200px; }#pt-cv-view-3b00c4bycb > .pt-cv-page {grid-template-columns: repeat(4, 1fr);grid-gap: 15px;}\n@media all and (max-width: 1024px) { \n#pt-cv-view-3b00c4bycb > .pt-cv-page {grid-template-columns: repeat(2, 1fr);}\n} \n@media all and (max-width: 767px) { \n#pt-cv-view-3b00c4bycb > .pt-cv-page {grid-template-columns: repeat(1, 1fr);}\n} <\/style>\r\n\t\t\t<\/div>\n<\/div>\n<div class=\"panel non-sticky\" id=\"apresentacao\" style=\"--color:#2C483F\">\n<div class=\"ast-container\">\n<h2 class=\"fDourado\">ESTRUTURA &#038; GEST\u00c3O<\/h2>\n<h6 class=\"fBranco\">ACOLHIMENTO<\/h6>\n<p class=\"fBranco\">O Instituto Polit\u00e9cnico de Viseu (IPV) assegura o acolhimento e integra\u00e7\u00e3o das suas atividades atrav\u00e9s das seguintes Unidades Org\u00e2nicas<\/p>\n<p><button class=\"btBranco\" onclick=\"window.open('https:\/\/esav.ipv.pt\/', '_blank');\">ESAV Escola Superior Agr\u00e1ria de Viseu<\/button><br \/>\n<button class=\"btBranco\" onclick=\"window.open('https:\/\/estgv.ipv.pt\/', '_blank');\">ESTGV Escola Superior de Tecnologia e Gest\u00e3o de Viseu<\/button><br \/>\n<button class=\"btBranco\" onclick=\"window.open('https:\/\/estgl.ipv.pt\/', '_blank');\">ESTGL Escola Superior de Tecnologia e Gest\u00e3o de Lamego<\/button><\/p>\n<div class=\"line\"><\/div>\n<h6 class=\"fBranco\">GEST\u00c3O<\/h6>\n<p class=\"fDourado f600\"><em>\u279d Jos\u00e9 Lu\u00eds da Silva Pereira<\/em><\/p>\n<p class=\"fBranco mTop\">Coordenador da Unidade de Gest\u00e3o CERNAS-IPV<\/p>\n<p class=\"fDourado f600\"><em>\u279d Lu\u00edsa Paula Valente da Cruz Lopes<\/em><\/p>\n<p class=\"fBranco mTop\">Representante do Grupo de Investiga\u00e7\u00e3o em Ambiente e Sociedade<\/p>\n<p class=\"fDourado f600\"><em>\u279d Paula Maria dos Reis Correia<\/em><\/p>\n<p class=\"fBranco mTop\">Representante do Grupo de Investiga\u00e7\u00e3o em Engenharia Alimentar<\/p>\n<p><!--\n\n<p class=\"fDourado f600\"><em>\u279d V\u00edtor Jo\u00e3o Pereira Martinho<\/em><\/p>\n\n\n\n\n<p class=\"fBranco mTop\">Representante do Grupo de Investiga\u00e7\u00e3o em Ci\u00eancias Agr\u00e1rias<\/p>\n\n-->\n<\/div>\n<\/div>\n<div class=\"panel non-sticky\" id=\"equipa\" style=\"--color:#1E293B\">\n<div class=\"ast-container\">\n<h2 class=\"fDourado\">EQUIPA<\/h2>\n<h5 class=\"pad50TP fDourado\">O CERNAS-IPV re\u00fane uma equipa de investigadores e colaboradores dedicados ao desenvolvimento cient\u00edfico e \u00e0 cria\u00e7\u00e3o de solu\u00e7\u00f5es de impacto para a sociedade.<\/p>\n<p>Organizados em grupos de investiga\u00e7\u00e3o, contribuem diariamente para a excel\u00eancia do trabalho realizado no CERNAS e para o refor\u00e7o da sua presen\u00e7a no panorama nacional e internacional.<\/h5>\n<div style=\"width: 100%;\">\n<button class=\"tablinks btDourado\" data-group=\"grupo2\" data-target=\"CA\"><span>30<\/span> Ci\u00eancias Agr\u00edcolas<\/button> <button class=\"tablinks btDourado\" data-group=\"grupo2\" data-target=\"AS\"><span>8<\/span> Ambiente e Sociedade<\/button> <button class=\"tablinks btDourado\" data-group=\"grupo2\" data-target=\"CEA\"><span>16<\/span> Ci\u00eancia e Engenharia Alimentar<\/button>\n<\/div>\n<div id=\"CA\" class=\"tabcontentR pad50T\" data-group=\"grupo2\">\n<div class=\"conteudo-lazy\" data-loaded=\"false\">\n<div class=\"rw\">\n<div>\n<h6 class=\"fDourado\"><span>15<\/span> integrados<\/h6>\n<div class=\"pt-cv-wrapper\"><div class=\"pt-cv-view pt-cv-grid pt-cv-colsys\" id=\"pt-cv-view-76f1138sln\"><div data-id=\"pt-cv-page-1\" class=\"pt-cv-page\" data-cvc=\"1\"><div class=\"col-md-12 col-sm-12 col-xs-12 pt-cv-content-item pt-cv-1-col\" ><div class='pt-cv-ifield'><div class=\"pt-cv-content\"><h5><span class=\"fDourado\">Ana Cristina Pais Mega de Andrade<\/span><\/h5>\n<p class=\"fDourado pad20B\"><a href=\"http:\/\/orcid.org\/0000-0002-9913-875X\">0000-0002-9913-875X<\/a> \u2022 <a href=\"https:\/\/www.cienciavitae.pt\/061D-0ABC-29A3\">061D-0ABC-29A3<\/a> \u2022 <a href=\"mailto:amega@esav.ipv.pt\">amega@esav.ipv.pt<\/a><\/p>\n<\/div>\n<div class=\"pt-cv-meta-fields\"><span class=\"terms\"> <a href='https:\/\/events.ipv.pt\/cernas\/pt\/tag\/ana-cristina-mega\/' title='Ana Cristina Mega' class='pt-cv-tax-ana-cristina-mega'>Ana Cristina Mega<\/a>, <a href='https:\/\/events.ipv.pt\/cernas\/pt\/category\/ciencias-agricolas\/' title='Ci\u00eancias Agr\u00edcolas' class='pt-cv-tax-ciencias-agricolas'>Ci\u00eancias Agr\u00edcolas<\/a>, <a href='https:\/\/events.ipv.pt\/cernas\/pt\/category\/integrado\/' title='integrado' class='pt-cv-tax-integrado'>integrado<\/a><\/span><\/div><\/div><\/div>\n<div class=\"col-md-12 col-sm-12 col-xs-12 pt-cv-content-item pt-cv-1-col\" ><div class='pt-cv-ifield'><div class=\"pt-cv-content\"><h5><span class=\"fDourado\">Ant\u00f3nio Manuel Cardoso Monteiro<\/span><\/h5>\n<p class=\"fDourado pad20B\"><a href=\"http:\/\/orcid.org\/0000-0002-2322-3624\" rel=\"noopener noreferrer\" target=\"_blank\">0000-0002-2322-3624<\/a> \u2022 <a href=\"https:\/\/www.cienciavitae.pt\/761A-C658-3BAC\" rel=\"noopener noreferrer\" target=\"_blank\">761A-C658-3BAC<\/a> \u2022 <a href=\"mailto:amonteiro@esav.ipv.pt\">amonteiro@esav.ipv.pt<\/a><\/p>\n<\/div>\n<div class=\"pt-cv-meta-fields\"><span class=\"terms\"> <a href='https:\/\/events.ipv.pt\/cernas\/pt\/tag\/antonio-monteiro\/' title='Ant\u00f3nio Monteiro' class='pt-cv-tax-antonio-monteiro'>Ant\u00f3nio Monteiro<\/a>, <a href='https:\/\/events.ipv.pt\/cernas\/pt\/category\/ciencias-agricolas\/' title='Ci\u00eancias Agr\u00edcolas' class='pt-cv-tax-ciencias-agricolas'>Ci\u00eancias Agr\u00edcolas<\/a>, <a href='https:\/\/events.ipv.pt\/cernas\/pt\/category\/integrado\/' title='integrado' class='pt-cv-tax-integrado'>integrado<\/a><\/span><\/div><\/div><\/div>\n<div class=\"col-md-12 col-sm-12 col-xs-12 pt-cv-content-item pt-cv-1-col\" ><div class='pt-cv-ifield'><div class=\"pt-cv-content\"><h5><span class=\"fDourado\">Catarina Manuela Almeida Coelho<\/span><\/h5>\n<p class=\"fDourado pad20B\"><a href=\"http:\/\/orcid.org\/0000-0002-5272-7303\" rel=\"noopener noreferrer\" target=\"_blank\">0000-0002-5272-7303<\/a>  <a href=\"https:\/\/www.cienciavitae.pt\/0E10-D744-A71E\" rel=\"noopener noreferrer\" target=\"_blank\">0E10-D744-A71E<\/a> \u2022 <a href=\"mailto:ccoelho@esav.ipv.pt\">ccoelho@esav.ipv.pt<\/a><\/p>\n<\/div>\n<div class=\"pt-cv-meta-fields\"><span class=\"terms\"> <a href='https:\/\/events.ipv.pt\/cernas\/pt\/tag\/catarina-coelho\/' title='Catarina Coelho' class='pt-cv-tax-catarina-coelho'>Catarina Coelho<\/a>, <a href='https:\/\/events.ipv.pt\/cernas\/pt\/category\/ciencias-agricolas\/' title='Ci\u00eancias Agr\u00edcolas' class='pt-cv-tax-ciencias-agricolas'>Ci\u00eancias Agr\u00edcolas<\/a>, <a href='https:\/\/events.ipv.pt\/cernas\/pt\/category\/integrado\/' title='integrado' class='pt-cv-tax-integrado'>integrado<\/a><\/span><\/div><\/div><\/div>\n<div class=\"col-md-12 col-sm-12 col-xs-12 pt-cv-content-item pt-cv-1-col\" ><div class='pt-cv-ifield'><div class=\"pt-cv-content\"><h5><span class=\"fDourado\">Cristina Isabel Vit\u00f3ria Pereira Amaro da Costa<\/span><\/h5>\n<p class=\"fDourado pad20B\"><a href=\"http:\/\/orcid.org\/0000-0001-8625-2206\" rel=\"noopener noreferrer\" target=\"_blank\">0000-0001-8625-2206<\/a>  <a href=\"https:\/\/www.cienciavitae.pt\/4B16-176A-223A\" rel=\"noopener noreferrer\" target=\"_blank\">4B16-176A-223A<\/a> \u2022 <a href=\"mailto:amarocosta@esav.ipv.pt\">amarocosta@esav.ipv.pt<\/a><\/p>\n<\/div>\n<div class=\"pt-cv-meta-fields\"><span class=\"terms\"> <a href='https:\/\/events.ipv.pt\/cernas\/pt\/category\/ciencias-agricolas\/' title='Ci\u00eancias Agr\u00edcolas' class='pt-cv-tax-ciencias-agricolas'>Ci\u00eancias Agr\u00edcolas<\/a>, <a href='https:\/\/events.ipv.pt\/cernas\/pt\/tag\/cristina-amaro-da-costa\/' title='Cristina Amaro da Costa' class='pt-cv-tax-cristina-amaro-da-costa'>Cristina Amaro da Costa<\/a>, <a href='https:\/\/events.ipv.pt\/cernas\/pt\/category\/integrado\/' title='integrado' class='pt-cv-tax-integrado'>integrado<\/a><\/span><\/div><\/div><\/div>\n<div class=\"col-md-12 col-sm-12 col-xs-12 pt-cv-content-item pt-cv-1-col\" ><div class='pt-cv-ifield'><div class=\"pt-cv-content\"><h5><span class=\"fDourado\">Daniela de Vasconcelos Teixeira Aguiar da Costa<\/span><\/h5>\n<p class=\"fDourado pad20B\"><a href=\"http:\/\/orcid.org\/0000-0002-7718-6072\" rel=\"noopener noreferrer\" target=\"_blank\">0000-0002-7718-6072<\/a>  <a href=\"https:\/\/www.cienciavitae.pt\/4C11-A182-3D20\" rel=\"noopener noreferrer\" target=\"_blank\">4C11-A182-3D20<\/a> \u2022 <a href=\"mailto:daniela@esav.ipv.pt\">daniela@esav.ipv.pt<\/a><\/p>\n<\/div>\n<div class=\"pt-cv-meta-fields\"><span class=\"terms\"> <a href='https:\/\/events.ipv.pt\/cernas\/pt\/category\/ciencias-agricolas\/' title='Ci\u00eancias Agr\u00edcolas' class='pt-cv-tax-ciencias-agricolas'>Ci\u00eancias Agr\u00edcolas<\/a>, <a href='https:\/\/events.ipv.pt\/cernas\/pt\/tag\/daniela-costa\/' title='Daniela Costa' class='pt-cv-tax-daniela-costa'>Daniela Costa<\/a>, <a href='https:\/\/events.ipv.pt\/cernas\/pt\/category\/integrado\/' title='integrado' class='pt-cv-tax-integrado'>integrado<\/a><\/span><\/div><\/div><\/div>\n<div class=\"col-md-12 col-sm-12 col-xs-12 pt-cv-content-item pt-cv-1-col\" ><div class='pt-cv-ifield'><div class=\"pt-cv-content\"><h5><span class=\"fDourado\">Fernando Alexandre Almeida Esteves<\/span><\/h5>\n<p class=\"fDourado pad20B\"><a href=\"http:\/\/orcid.org\/0000-0003-0589-0746\" rel=\"noopener noreferrer\" target=\"_blank\">0000-0003-0589-0746<\/a>  <a href=\"https:\/\/www.cienciavitae.pt\/6E19-A3CC-897E\" rel=\"noopener noreferrer\" target=\"_blank\">6E19-A3CC-897E<\/a> \u2022 <a href=\"mailto:festeves@esav.ipv.pt\">festeves@esav.ipv.pt<\/a><\/p>\n<\/div>\n<div class=\"pt-cv-meta-fields\"><span class=\"terms\"> <a href='https:\/\/events.ipv.pt\/cernas\/pt\/category\/ciencias-agricolas\/' title='Ci\u00eancias Agr\u00edcolas' class='pt-cv-tax-ciencias-agricolas'>Ci\u00eancias Agr\u00edcolas<\/a>, <a href='https:\/\/events.ipv.pt\/cernas\/pt\/tag\/fernando-esteves\/' title='Fernando Esteves' class='pt-cv-tax-fernando-esteves'>Fernando Esteves<\/a>, <a href='https:\/\/events.ipv.pt\/cernas\/pt\/category\/integrado\/' title='integrado' class='pt-cv-tax-integrado'>integrado<\/a><\/span><\/div><\/div><\/div>\n<div class=\"col-md-12 col-sm-12 col-xs-12 pt-cv-content-item pt-cv-1-col\" ><div class='pt-cv-ifield'><div class=\"pt-cv-content\"><h5><span class=\"fDourado\">H\u00e9lder Filipe dos Santos Viana<\/span><\/h5>\n<p class=\"fDourado pad20B\"><a href=\"https:\/\/orcid.org\/0000-0003-4024-3472\" rel=\"noopener noreferrer\" target=\"_blank\">0000-0003-4024-3472<\/a> \u2022 <a href=\"https:\/\/www.cienciavitae.pt\/3516-38FE-4397\" rel=\"noopener noreferrer\" target=\"_blank\">3516-38FE-4397<\/a> \u2022 <a href=\"mailto:hviana@esav.ipv.pt\">hviana@esav.ipv.pt<\/a><\/p>\n<\/div>\n<div class=\"pt-cv-meta-fields\"><span class=\"terms\"> <a href='https:\/\/events.ipv.pt\/cernas\/pt\/category\/ciencias-agricolas\/' title='Ci\u00eancias Agr\u00edcolas' class='pt-cv-tax-ciencias-agricolas'>Ci\u00eancias Agr\u00edcolas<\/a>, <a href='https:\/\/events.ipv.pt\/cernas\/pt\/tag\/helder-viana\/' title='H\u00e9lder Viana' class='pt-cv-tax-helder-viana'>H\u00e9lder Viana<\/a>, <a href='https:\/\/events.ipv.pt\/cernas\/pt\/category\/integrado\/' title='integrado' class='pt-cv-tax-integrado'>integrado<\/a><\/span><\/div><\/div><\/div>\n<div class=\"col-md-12 col-sm-12 col-xs-12 pt-cv-content-item pt-cv-1-col\" ><div class='pt-cv-ifield'><div class=\"pt-cv-content\"><h5><span class=\"fDourado\">Helena Maria Vala Correia<\/span><\/h5>\n<p class=\"fDourado pad20B\"><a href=\"https:\/\/orcid.org\/0000-0001-6829-4867\" rel=\"noopener noreferrer\" target=\"_blank\">0000-0001-6829-4867<\/a> \u2022 <a href=\"https:\/\/www.cienciavitae.pt\/7A1E-E85E-FFA4\" rel=\"noopener noreferrer\" target=\"_blank\">7A1E-E85E-FFA4<\/a> \u2022 <a href=\"mailto:h.vala@sc.ipv.pt\">h.vala@sc.ipv.pt<\/a><\/p>\n<\/div>\n<div class=\"pt-cv-meta-fields\"><span class=\"terms\"> <a href='https:\/\/events.ipv.pt\/cernas\/pt\/category\/ciencias-agricolas\/' title='Ci\u00eancias Agr\u00edcolas' class='pt-cv-tax-ciencias-agricolas'>Ci\u00eancias Agr\u00edcolas<\/a>, <a href='https:\/\/events.ipv.pt\/cernas\/pt\/tag\/helena-vala\/' title='Helena Vala' class='pt-cv-tax-helena-vala'>Helena Vala<\/a>, <a href='https:\/\/events.ipv.pt\/cernas\/pt\/category\/integrado\/' title='integrado' class='pt-cv-tax-integrado'>integrado<\/a><\/span><\/div><\/div><\/div>\n<div class=\"col-md-12 col-sm-12 col-xs-12 pt-cv-content-item pt-cv-1-col\" ><div class='pt-cv-ifield'><div class=\"pt-cv-content\"><h5><span class=\"fDourado\">Jorge Belarmino Ferreira Oliveira<\/span><\/h5>\n<p class=\"fDourado pad20B\"><a href=\"http:\/\/orcid.org\/0000-0002-9391-5191\" rel=\"noopener noreferrer\" target=\"_blank\">0000-0002-9391-5191<\/a> \u2022 <a href=\"https:\/\/www.cienciavitae.pt\/DE16-771B-C4AA\" rel=\"noopener noreferrer\" target=\"_blank\">DE16-771B-C4AA<\/a> \u2022 <a href=\"mailto:joliveira@esav.ipv.pt\">joliveira@esav.ipv.pt<\/a><\/p>\n<\/div>\n<div class=\"pt-cv-meta-fields\"><span class=\"terms\"> <a href='https:\/\/events.ipv.pt\/cernas\/pt\/category\/ciencias-agricolas\/' title='Ci\u00eancias Agr\u00edcolas' class='pt-cv-tax-ciencias-agricolas'>Ci\u00eancias Agr\u00edcolas<\/a>, <a href='https:\/\/events.ipv.pt\/cernas\/pt\/category\/integrado\/' title='integrado' class='pt-cv-tax-integrado'>integrado<\/a>, <a href='https:\/\/events.ipv.pt\/cernas\/pt\/tag\/jorge-belarmino-oliveira\/' title='Jorge Belarmino Oliveira' class='pt-cv-tax-jorge-belarmino-oliveira'>Jorge Belarmino Oliveira<\/a><\/span><\/div><\/div><\/div>\n<div class=\"col-md-12 col-sm-12 col-xs-12 pt-cv-content-item pt-cv-1-col\" ><div class='pt-cv-ifield'><div class=\"pt-cv-content\"><h5><span class=\"fDourado\">Jos\u00e9 Lu\u00eds da Silva Pereira<\/span><\/h5>\n<p class=\"fDourado pad20B\"><a href=\"http:\/\/orcid.org\/0000-0001-8078-8915\" rel=\"noopener noreferrer\" target=\"_blank\">0000-0001-8078-8915<\/a> \u2022 <a href=\"https:\/\/www.cienciavitae.pt\/6D17-2407-9EA8\" rel=\"noopener noreferrer\" target=\"_blank\">6D17-2407-9EA8<\/a> \u2022 <a href=\"mailto:jlpereira@esav.ipv.pt\">jlpereira@esav.ipv.pt<\/a><\/p>\n<\/div>\n<div class=\"pt-cv-meta-fields\"><span class=\"terms\"> <a href='https:\/\/events.ipv.pt\/cernas\/pt\/category\/ciencias-agricolas\/' title='Ci\u00eancias Agr\u00edcolas' class='pt-cv-tax-ciencias-agricolas'>Ci\u00eancias Agr\u00edcolas<\/a>, <a href='https:\/\/events.ipv.pt\/cernas\/pt\/category\/integrado\/' title='integrado' class='pt-cv-tax-integrado'>integrado<\/a>, <a href='https:\/\/events.ipv.pt\/cernas\/pt\/tag\/jose-luis-pereira\/' title='Jos\u00e9 Lu\u00eds Pereira' class='pt-cv-tax-jose-luis-pereira'>Jos\u00e9 Lu\u00eds Pereira<\/a><\/span><\/div><\/div><\/div>\n<div class=\"col-md-12 col-sm-12 col-xs-12 pt-cv-content-item pt-cv-1-col\" ><div class='pt-cv-ifield'><div class=\"pt-cv-content\"><h5><span class=\"fDourado\">Jos\u00e9 Manuel Gomes Moreira da Costa<\/span><\/h5>\n<p class=\"fDourado pad20B\"><a href=\"http:\/\/orcid.org\/0000-0002-5591-3814\" rel=\"noopener noreferrer\" target=\"_blank\">0000-0002-5591-3814<\/a> \u2022 <a href=\"https:\/\/www.cienciavitae.pt\/601F-0759-843F\" rel=\"noopener noreferrer\" target=\"_blank\">601F-0759-843F<\/a> \u2022 <a href=\"mailto:jmcosta@esav.ipv.pt\">jmcosta@esav.ipv.pt<\/a><\/p>\n<\/div>\n<div class=\"pt-cv-meta-fields\"><span class=\"terms\"> <a href='https:\/\/events.ipv.pt\/cernas\/pt\/category\/ciencias-agricolas\/' title='Ci\u00eancias Agr\u00edcolas' class='pt-cv-tax-ciencias-agricolas'>Ci\u00eancias Agr\u00edcolas<\/a>, <a href='https:\/\/events.ipv.pt\/cernas\/pt\/category\/integrado\/' title='integrado' class='pt-cv-tax-integrado'>integrado<\/a>, <a href='https:\/\/events.ipv.pt\/cernas\/pt\/tag\/jose-manuel-costa\/' title='Jos\u00e9 Manuel Costa' class='pt-cv-tax-jose-manuel-costa'>Jos\u00e9 Manuel Costa<\/a><\/span><\/div><\/div><\/div>\n<div class=\"col-md-12 col-sm-12 col-xs-12 pt-cv-content-item pt-cv-1-col\" ><div class='pt-cv-ifield'><div class=\"pt-cv-content\"><h5><span class=\"fDourado\">Maria L\u00facia de Jesus Pato<\/span><\/h5>\n<p class=\"fDourado pad20B\"><a href=\"https:\/\/orcid.org\/0000-0002-2286-4155\" rel=\"noopener noreferrer\" target=\"_blank\">0000-0002-2286-4155<\/a> \u2022 <a href=\"https:\/\/www.cienciavitae.pt\/2E19-B6EB-0503\" rel=\"noopener noreferrer\" target=\"_blank\">2E19-B6EB-0503<\/a> \u2022 <a href=\"mailto:mljesus@esav.ipv.pt\">mljesus@esav.ipv.pt<\/a><\/p>\n<\/div>\n<div class=\"pt-cv-meta-fields\"><span class=\"terms\"> <a href='https:\/\/events.ipv.pt\/cernas\/pt\/category\/ciencias-agricolas\/' title='Ci\u00eancias Agr\u00edcolas' class='pt-cv-tax-ciencias-agricolas'>Ci\u00eancias Agr\u00edcolas<\/a>, <a href='https:\/\/events.ipv.pt\/cernas\/pt\/category\/integrado\/' title='integrado' class='pt-cv-tax-integrado'>integrado<\/a>, <a href='https:\/\/events.ipv.pt\/cernas\/pt\/tag\/lucia-pato\/' title='L\u00facia Pato' class='pt-cv-tax-lucia-pato'>L\u00facia Pato<\/a><\/span><\/div><\/div><\/div>\n<div class=\"col-md-12 col-sm-12 col-xs-12 pt-cv-content-item pt-cv-1-col\" ><div class='pt-cv-ifield'><div class=\"pt-cv-content\"><h5><span class=\"fDourado\">Maria de Aires Machado Pereira<\/span><\/h5>\n<p class=\"fDourado pad20B\"><a href=\"https:\/\/orcid.org\/0000-0002-4054-9124\" rel=\"noopener noreferrer\" target=\"_blank\">0000-0002-4054-9124<\/a> \u2022 <a href=\"https:\/\/www.cienciavitae.pt\/5712-2E1D-26A9\" rel=\"noopener noreferrer\" target=\"_blank\">5712-2E1D-26A9<\/a> \u2022 <a href=\"mailto:mapereira@esav.ipv.pt\">mapereira@esav.ipv.pt<\/a><\/p>\n<\/div>\n<div class=\"pt-cv-meta-fields\"><span class=\"terms\"> <a href='https:\/\/events.ipv.pt\/cernas\/pt\/category\/ciencias-agricolas\/' title='Ci\u00eancias Agr\u00edcolas' class='pt-cv-tax-ciencias-agricolas'>Ci\u00eancias Agr\u00edcolas<\/a>, <a href='https:\/\/events.ipv.pt\/cernas\/pt\/category\/integrado\/' title='integrado' class='pt-cv-tax-integrado'>integrado<\/a>, <a href='https:\/\/events.ipv.pt\/cernas\/pt\/tag\/maria-aires-pereira\/' title='Maria Aires Pereira' class='pt-cv-tax-maria-aires-pereira'>Maria Aires Pereira<\/a><\/span><\/div><\/div><\/div>\n<div class=\"col-md-12 col-sm-12 col-xs-12 pt-cv-content-item pt-cv-1-col\" ><div class='pt-cv-ifield'><div class=\"pt-cv-content\"><h5><span class=\"fDourado\">Paulo Barracosa Correia da Silva<\/span><\/h5>\n<p class=\"fDourado pad20B\"><a href=\"http:\/\/orcid.org\/0000-0001-9031-9645\" rel=\"noopener noreferrer\" target=\"_blank\">0000-0001-9031-9645<\/a> \u2022 <a href=\"https:\/\/www.cienciavitae.pt\/5013-B6EA-4578\" rel=\"noopener noreferrer\" target=\"_blank\">5013-B6EA-4578<\/a> \u2022 <a href=\"mailto:pbarracosa@esav.ipv.pt\">pbarracosa@esav.ipv.pt<\/a><\/p>\n<\/div>\n<div class=\"pt-cv-meta-fields\"><span class=\"terms\"> <a href='https:\/\/events.ipv.pt\/cernas\/pt\/category\/ciencias-agricolas\/' title='Ci\u00eancias Agr\u00edcolas' class='pt-cv-tax-ciencias-agricolas'>Ci\u00eancias Agr\u00edcolas<\/a>, <a href='https:\/\/events.ipv.pt\/cernas\/pt\/category\/integrado\/' title='integrado' class='pt-cv-tax-integrado'>integrado<\/a>, <a href='https:\/\/events.ipv.pt\/cernas\/pt\/tag\/paulo-barracosa\/' title='Paulo Barracosa' class='pt-cv-tax-paulo-barracosa'>Paulo Barracosa<\/a><\/span><\/div><\/div><\/div>\n<div class=\"col-md-12 col-sm-12 col-xs-12 pt-cv-content-item pt-cv-1-col\" ><div class='pt-cv-ifield'><div class=\"pt-cv-content\"><h5><span class=\"fDourado\">Pedro Rodrigues<\/span><\/h5>\n<p class=\"fDourado pad20B\"><a href=\"http:\/\/orcid.org\/0000-0002-8309-2910\" rel=\"noopener noreferrer\" target=\"_blank\">0000-0002-8309-2910<\/a> \u2022 <a href=\"https:\/\/www.cienciavitae.pt\/3918-A299-F557\" rel=\"noopener noreferrer\" target=\"_blank\">3918-A299-F557<\/a> \u2022 <a href=\"mailto:pedrorod@esav.ipv.pt\">pedrorod@esav.ipv.pt<\/a><\/p>\n<\/div>\n<div class=\"pt-cv-meta-fields\"><span class=\"terms\"> <a href='https:\/\/events.ipv.pt\/cernas\/pt\/category\/ciencias-agricolas\/' title='Ci\u00eancias Agr\u00edcolas' class='pt-cv-tax-ciencias-agricolas'>Ci\u00eancias Agr\u00edcolas<\/a>, <a href='https:\/\/events.ipv.pt\/cernas\/pt\/category\/integrado\/' title='integrado' class='pt-cv-tax-integrado'>integrado<\/a>, <a href='https:\/\/events.ipv.pt\/cernas\/pt\/tag\/pedro-rodrigues\/' title='Pedro Rodrigues' class='pt-cv-tax-pedro-rodrigues'>Pedro Rodrigues<\/a><\/span><\/div><\/div><\/div><\/div><\/div><\/div><\/div>\n<div>\n<h6 class=\"fDourado\"><span>15<\/span> colaboradores<\/h6>\n<div class=\"pt-cv-wrapper\"><div class=\"pt-cv-view pt-cv-grid pt-cv-colsys\" id=\"pt-cv-view-b852cdakvy\"><div data-id=\"pt-cv-page-1\" class=\"pt-cv-page\" data-cvc=\"1\"><div class=\"col-md-12 col-sm-12 col-xs-12 pt-cv-content-item pt-cv-1-col\" ><div class='pt-cv-ifield'><div class=\"pt-cv-content\"><h5><span class=\"fDourado\">Alexandra Lameira Baptista<\/span><\/h5>\n<p class=\"fDourado pad20B\"><a href=\"https:\/\/www.cienciavitae.pt\/3719-AB9D-FA11\" rel=\"noopener noreferrer\" target=\"_blank\">3719-AB9D-FA11<\/a> \u2022 <a href=\"mailto:alexabaptista@esav.ipv.pt\">alexabaptista@esav.ipv.pt<\/a><\/p>\n<\/div><\/div><\/div>\n<div class=\"col-md-12 col-sm-12 col-xs-12 pt-cv-content-item pt-cv-1-col\" ><div class='pt-cv-ifield'><div class=\"pt-cv-content\"><h5><span class=\"fDourado\">Ana Raquel Ferreira Rodrigues<\/span><\/h5>\n<p class=\"fDourado pad20B\"><a href=\"https:\/\/www.cienciavitae.pt\/5816-77F0-CDEF\" rel=\"noopener noreferrer\" target=\"_blank\">5816-77F0-CDEF<\/a> \u2022 <a href=\"mailto:raquel.rodrigues@feedinov.com\">raquel.rodrigues@feedinov.com<\/a><\/p>\n<\/div><\/div><\/div>\n<div class=\"col-md-12 col-sm-12 col-xs-12 pt-cv-content-item pt-cv-1-col\" ><div class='pt-cv-ifield'><div class=\"pt-cv-content\"><h5><span class=\"fDourado\">Ant\u00f3nio de F\u00e1tima Melo Antunes Pinto<\/span><\/h5>\n<p class=\"fDourado pad20B\"><a href=\"https:\/\/orcid.org\/0000-0003-0367-4740\" rel=\"noopener noreferrer\" target=\"_blank\">0000-0003-0367-4740<\/a>  <a href=\"https:\/\/www.cienciavitae.pt\/BC1A-5458-C90B\" rel=\"noopener noreferrer\" target=\"_blank\">BC1A-5458-C90B<\/a> \u2022 <a href=\"mailto:apinto@esav.ipv.pt\">apinto@esav.ipv.pt<\/a><\/p>\n<\/div><\/div><\/div>\n<div class=\"col-md-12 col-sm-12 col-xs-12 pt-cv-content-item pt-cv-1-col\" ><div class='pt-cv-ifield'><div class=\"pt-cv-content\"><h5><span class=\"fDourado\">Carla Sofia Pires Garcia<\/span><\/h5>\n<p class=\"fDourado pad20B\"><a href=\"https:\/\/www.cienciavitae.pt\/8F17-3A42-7B6F\" rel=\"noopener noreferrer\" target=\"_blank\">8F17-3A42-7B6F<\/a> \u2022 <a href=\"mailto:cgarcia@esav.ipv.pt\">cgarcia@esav.ipv.pt<\/a><\/p>\n<\/div><\/div><\/div>\n<div class=\"col-md-12 col-sm-12 col-xs-12 pt-cv-content-item pt-cv-1-col\" ><div class='pt-cv-ifield'><div class=\"pt-cv-content\"><h5><span class=\"fDourado\">Carolina Raquel Dias de Almeida Barreto Leite<\/span><\/h5>\n<p class=\"fDourado pad20B\"><a href=\"https:\/\/www.cienciavitae.pt\/4514-EF36-5FC9\" rel=\"noopener noreferrer\" target=\"_blank\">4514-EF36-5FC9<\/a> \u2022 <a href=\"mailto:carolinabarretoleite@gmail.com\">carolinabarretoleite@gmail.com<\/a><\/p>\n<\/div><\/div><\/div>\n<div class=\"col-md-12 col-sm-12 col-xs-12 pt-cv-content-item pt-cv-1-col\" ><div class='pt-cv-ifield'><div class=\"pt-cv-content\"><h5><span class=\"fDourado\">Fabiana Encarna\u00e7\u00e3o Pinto Freitas<\/span><\/h5>\n<p class=\"fDourado pad20B\"><a href=\"https:\/\/www.cienciavitae.pt\/2C12-C8EA-878B \" rel=\"noopener noreferrer\" target=\"_blank\">2C12-C8EA-878B<\/a> \u2022 <a href=\"mailto:fabiana_freitas@esav.ipv.pt\">fabiana_freitas@esav.ipv.pt<\/a><\/p>\n<\/div><\/div><\/div>\n<div class=\"col-md-12 col-sm-12 col-xs-12 pt-cv-content-item pt-cv-1-col\" ><div class='pt-cv-ifield'><div class=\"pt-cv-content\"><h5><span class=\"fDourado\">Francisco Jos\u00e9 Matias Marques<\/span><\/h5>\n<p class=\"fDourado pad20B\"><a href=\"https:\/\/orcid.org\/0000-0002-6539-7884\" rel=\"noopener noreferrer\" target=\"_blank\">0000-0002-6539-7884<\/a>  <a href=\"https:\/\/www.cienciavitae.pt\/2C12-C8EA-878B\" rel=\"noopener noreferrer\" target=\"_blank\">2C12-C8EA-878B<\/a> \u2022 <a href=\"mailto:fm90@esav.ipv.pt\">fm90@esav.ipv.pt<\/a><\/p>\n<\/div><\/div><\/div>\n<div class=\"col-md-12 col-sm-12 col-xs-12 pt-cv-content-item pt-cv-1-col\" ><div class='pt-cv-ifield'><div class=\"pt-cv-content\"><h5><span class=\"fDourado\">Gabriel Filipe Bonif\u00e1cio Pinho e Costa<\/span><\/h5>\n<p class=\"fDourado pad20B\"><a href=\"https:\/\/www.cienciavitae.pt\/A418-2A5A-DA94\" rel=\"noopener noreferrer\" target=\"_blank\">A418-2A5A-DA94<\/a> \u2022 <a href=\"mailto:gbonifacio@esav.ipv.pt\">gbonifacio@esav.ipv.pt<\/a><\/p>\n<\/div><\/div><\/div>\n<div class=\"col-md-12 col-sm-12 col-xs-12 pt-cv-content-item pt-cv-1-col\" ><div class='pt-cv-ifield'><div class=\"pt-cv-content\"><h5><span class=\"fDourado\">Helena Maria Esteves Correia<\/span><\/h5>\n<p class=\"fDourado pad20B\"><a href=\"https:\/\/orcid.org\/0000-0003-1274-5141\" rel=\"noopener noreferrer\" target=\"_blank\">0000-0003-1274-5141<\/a> \u2022 <a href=\"https:\/\/www.cienciavitae.pt\/4415-D20D-8703\" rel=\"noopener noreferrer\" target=\"_blank\">4415-D20D-8703<\/a> \u2022 <a href=\"mailto:hecorreia@esav.ipv.pt\">hecorreia@esav.ipv.pt<\/a><\/p>\n<\/div><\/div><\/div>\n<div class=\"col-md-12 col-sm-12 col-xs-12 pt-cv-content-item pt-cv-1-col\" ><div class='pt-cv-ifield'><div class=\"pt-cv-content\"><h5><span class=\"fDourado\">In\u00eas Magro da Costa Pereira<\/span><\/h5>\n<p class=\"fDourado pad20B\"><a href=\"https:\/\/orcid.org\/0000-0002-8323-6435\" rel=\"noopener noreferrer\" target=\"_blank\">0000-0002-8323-6435<\/a> \u2022 <a href=\"https:\/\/www.cienciavitae.pt\/3218-7545-3592\" rel=\"noopener noreferrer\" target=\"_blank\">3218-7545-3592<\/a> \u2022 <a href=\"mailto:inespereira@esav.ipv.pt\">inespereira@esav.ipv.pt<\/a><\/p>\n<\/div><\/div><\/div>\n<div class=\"col-md-12 col-sm-12 col-xs-12 pt-cv-content-item pt-cv-1-col\" ><div class='pt-cv-ifield'><div class=\"pt-cv-content\"><h5><span class=\"fDourado\">Marta Bonif\u00e1cio Pinho e Costa<\/span><\/h5>\n<p class=\"fDourado pad20B\"><a href=\"https:\/\/www.cienciavitae.pt\/DD1B-D2B7-E40B\" rel=\"noopener noreferrer\" target=\"_blank\">0000-0002-2286-4155<\/a> \u2022 <a href=\"mailto:martabpcosta@esav.ipv.pt\">martabpcosta@esav.ipv.pt<\/a><\/p>\n<\/div><\/div><\/div>\n<div class=\"col-md-12 col-sm-12 col-xs-12 pt-cv-content-item pt-cv-1-col\" ><div class='pt-cv-ifield'><div class=\"pt-cv-content\"><h5><span class=\"fDourado\">Rita Marisa da Silva Cruz<\/span><\/h5>\n<p class=\"fDourado pad20B\"><a href=\"https:\/\/www.cienciavitae.pt\/A11E-DBFF-16E8\" rel=\"noopener noreferrer\" target=\"_blank\">A11E-DBFF-16E8<\/a> \u2022 <a href=\"mailto:rcruz@esav.ipv.pt\">rcruz@esav.ipv.pt<\/a><\/p>\n<\/div><\/div><\/div>\n<div class=\"col-md-12 col-sm-12 col-xs-12 pt-cv-content-item pt-cv-1-col\" ><div class='pt-cv-ifield'><div class=\"pt-cv-content\"><h5><span class=\"fDourado\">Rui Alexandre Rodrigues Lagoa<\/span><\/h5>\n<p class=\"fDourado pad20B\"><a href=\"https:\/\/www.cienciavitae.pt\/9F1D-2B93-4FA3\" rel=\"noopener noreferrer\" target=\"_blank\">9F1D-2B93-4FA3<\/a> \u2022 <a href=\"mailto:ruiarlagoa@gmail.com\">ruiarlagoa@gmail.com<\/a><\/p>\n<\/div><\/div><\/div>\n<div class=\"col-md-12 col-sm-12 col-xs-12 pt-cv-content-item pt-cv-1-col\" ><div class='pt-cv-ifield'><div class=\"pt-cv-content\"><h5><span class=\"fDourado\">Rui Gon\u00e7alo Ferreira de Almeida Santos<\/span><\/h5>\n<p class=\"fDourado pad20B\"><a href=\"https:\/\/www.cienciavitae.pt\/801F-EC4F-A5AE\" rel=\"noopener noreferrer\" target=\"_blank\">801F-EC4F-A5AE<\/a> \u2022 <a href=\"mailto:almeida.santos91@gmail.com\">almeida.santos91@gmail.com<\/a><\/p>\n<\/div><\/div><\/div>\n<div class=\"col-md-12 col-sm-12 col-xs-12 pt-cv-content-item pt-cv-1-col\" ><div class='pt-cv-ifield'><div class=\"pt-cv-content\"><h5><span class=\"fDourado\">Sandra Madalena Moreira Coelho<\/span><\/h5>\n<p class=\"fDourado pad20B\"><a href=\"https:\/\/www.cienciavitae.pt\/A713-EE54-4DC1\" rel=\"noopener noreferrer\" target=\"_blank\">A713-EE54-4DC1<\/a> \u2022 <a href=\"mailto:sandra.coelho@rai.usc.gal\">sandra.coelho@rai.usc.gal<\/a><\/p>\n<\/div><\/div><\/div><\/div><\/div><\/div><\/div>\n<\/div>\n<\/div>\n<\/div>\n<div id=\"AS\" class=\"tabcontentR pad50T\" data-group=\"grupo2\">\n<div class=\"conteudo-lazy\" data-loaded=\"false\">\n<div class=\"rw\">\n<div>\n<h6 class=\"fDourado\"><span>7<\/span> integrados<\/h6>\n<div class=\"pt-cv-wrapper\"><div class=\"pt-cv-view pt-cv-grid pt-cv-colsys\" id=\"pt-cv-view-8f81c82g0c\"><div data-id=\"pt-cv-page-1\" class=\"pt-cv-page\" data-cvc=\"1\"><div class=\"col-md-12 col-sm-12 col-xs-12 pt-cv-content-item pt-cv-1-col\" ><div class='pt-cv-ifield'><div class=\"pt-cv-content\"><h5><span class=\"fDourado\">Ana Teresa Bernardo Guia<\/span><\/h5>\n<p class=\"fDourado pad20B\"><a href=\"http:\/\/orcid.org\/0000-0003-2102-0791\" rel=\"noopener noreferrer\" target=\"_blank\">0000-0003-2102-0791<\/a> \u2022 <a href=\"https:\/\/www.cienciavitae.pt\/8E19-1FAF-9397\" rel=\"noopener noreferrer\" target=\"_blank\">8E19-1FAF-9397<\/a> \u2022 <a href=\"mailto:aguia@estgl.ipv.pt\">aguia@estgl.ipv.pt<\/a><\/p>\n<\/div>\n<div class=\"pt-cv-meta-fields\"><span class=\"terms\"> <a href='https:\/\/events.ipv.pt\/cernas\/pt\/category\/ambiente-e-sociedade\/' title='Ambiente e Sociedade' class='pt-cv-tax-ambiente-e-sociedade'>Ambiente e Sociedade<\/a>, <a href='https:\/\/events.ipv.pt\/cernas\/pt\/tag\/ana-teresa-guia\/' title='Ana Teresa Guia' class='pt-cv-tax-ana-teresa-guia'>Ana Teresa Guia<\/a>, <a href='https:\/\/events.ipv.pt\/cernas\/pt\/category\/integrado\/' title='integrado' class='pt-cv-tax-integrado'>integrado<\/a><\/span><\/div><\/div><\/div>\n<div class=\"col-md-12 col-sm-12 col-xs-12 pt-cv-content-item pt-cv-1-col\" ><div class='pt-cv-ifield'><div class=\"pt-cv-content\"><h5><span class=\"fDourado\">Bruno Lemos Esteves<\/span><\/h5>\n<p class=\"fDourado pad20B\"><a href=\"http:\/\/orcid.org\/0000-0001-6660-3128\" rel=\"noopener noreferrer\" target=\"_blank\">0000-0001-6660-3128<\/a> \u2022 <a href=\"https:\/\/www.cienciavitae.pt\/521B-63A7-B248\" rel=\"noopener noreferrer\" target=\"_blank\">521B-63A7-B248<\/a> \u2022 <a href=\"mailto:bruno@estgv.ipv.pt\">bruno@estgv.ipv.pt<\/a><\/p>\n<\/div>\n<div class=\"pt-cv-meta-fields\"><span class=\"terms\"> <a href='https:\/\/events.ipv.pt\/cernas\/pt\/category\/ambiente-e-sociedade\/' title='Ambiente e Sociedade' class='pt-cv-tax-ambiente-e-sociedade'>Ambiente e Sociedade<\/a>, <a href='https:\/\/events.ipv.pt\/cernas\/pt\/tag\/bruno-esteves\/' title='Bruno Esteves' class='pt-cv-tax-bruno-esteves'>Bruno Esteves<\/a>, <a href='https:\/\/events.ipv.pt\/cernas\/pt\/category\/integrado\/' title='integrado' class='pt-cv-tax-integrado'>integrado<\/a><\/span><\/div><\/div><\/div>\n<div class=\"col-md-12 col-sm-12 col-xs-12 pt-cv-content-item pt-cv-1-col\" ><div class='pt-cv-ifield'><div class=\"pt-cv-content\"><h5><span class=\"fDourado\">Idalina de Jesus Domingos<\/span><\/h5>\n<p class=\"fDourado pad20B\"><a href=\"http:\/\/orcid.org\/0000-0002-4308-1563\" rel=\"noopener noreferrer\" target=\"_blank\">0000-0002-4308-1563<\/a> \u2022 <a href=\"https:\/\/www.cienciavitae.pt\/7116-E1DE-88E7\" rel=\"noopener noreferrer\" target=\"_blank\">7116-E1DE-88E7<\/a> \u2022 <a href=\"mailto:ijd@estgv.ipv.pt\">ijd@estgv.ipv.pt<\/a><\/p>\n<\/div>\n<div class=\"pt-cv-meta-fields\"><span class=\"terms\"> <a href='https:\/\/events.ipv.pt\/cernas\/pt\/category\/ambiente-e-sociedade\/' title='Ambiente e Sociedade' class='pt-cv-tax-ambiente-e-sociedade'>Ambiente e Sociedade<\/a>, <a href='https:\/\/events.ipv.pt\/cernas\/pt\/tag\/idalina-domingos\/' title='Idalina Domingos' class='pt-cv-tax-idalina-domingos'>Idalina Domingos<\/a>, <a href='https:\/\/events.ipv.pt\/cernas\/pt\/category\/integrado\/' title='integrado' class='pt-cv-tax-integrado'>integrado<\/a><\/span><\/div><\/div><\/div>\n<div class=\"col-md-12 col-sm-12 col-xs-12 pt-cv-content-item pt-cv-1-col\" ><div class='pt-cv-ifield'><div class=\"pt-cv-content\"><h5><span class=\"fDourado\">Jos\u00e9 Vicente Rodrigues Ferreira<\/span><\/h5>\n<p class=\"fDourado pad20B\"><a href=\"http:\/\/orcid.org\/0000-0001-7596-8065\" rel=\"noopener noreferrer\" target=\"_blank\">0000-0001-7596-8065<\/a> \u2022 <a href=\"https:\/\/www.cienciavitae.pt\/B81E-BE45-E128\" rel=\"noopener noreferrer\" target=\"_blank\">B81E-BE45-E128<\/a> \u2022 <a href=\"mailto:jvf@estgv.ipv.pt\">jvf@estgv.ipv.pt<\/a><\/p>\n<\/div>\n<div class=\"pt-cv-meta-fields\"><span class=\"terms\"> <a href='https:\/\/events.ipv.pt\/cernas\/pt\/category\/ambiente-e-sociedade\/' title='Ambiente e Sociedade' class='pt-cv-tax-ambiente-e-sociedade'>Ambiente e Sociedade<\/a>, <a href='https:\/\/events.ipv.pt\/cernas\/pt\/category\/integrado\/' title='integrado' class='pt-cv-tax-integrado'>integrado<\/a>, <a href='https:\/\/events.ipv.pt\/cernas\/pt\/tag\/jose-vicente-ferreira\/' title='Jos\u00e9 Vicente Ferreira' class='pt-cv-tax-jose-vicente-ferreira'>Jos\u00e9 Vicente Ferreira<\/a><\/span><\/div><\/div><\/div>\n<div class=\"col-md-12 col-sm-12 col-xs-12 pt-cv-content-item pt-cv-1-col\" ><div class='pt-cv-ifield'><div class=\"pt-cv-content\"><h5><span class=\"fDourado\">Lu\u00edsa Paula Valente Da Cruz Lopes<\/span><\/h5>\n<p class=\"fDourado pad20B\"><a href=\"http:\/\/orcid.org\/0000-0001-6502-7202\" rel=\"noopener noreferrer\" target=\"_blank\">0000-0001-6502-7202<\/a> \u2022 <a href=\"https:\/\/www.cienciavitae.pt\/7916-0833-5B38\" rel=\"noopener noreferrer\" target=\"_blank\">7916-0833-5B38<\/a> \u2022 <a href=\"mailto:lvalente@estgv.ipv.pt\">lvalente@estgv.ipv.pt<\/a><\/p>\n<\/div>\n<div class=\"pt-cv-meta-fields\"><span class=\"terms\"> <a href='https:\/\/events.ipv.pt\/cernas\/pt\/category\/ambiente-e-sociedade\/' title='Ambiente e Sociedade' class='pt-cv-tax-ambiente-e-sociedade'>Ambiente e Sociedade<\/a>, <a href='https:\/\/events.ipv.pt\/cernas\/pt\/category\/integrado\/' title='integrado' class='pt-cv-tax-integrado'>integrado<\/a>, <a href='https:\/\/events.ipv.pt\/cernas\/pt\/tag\/luisa-cruz-lopes\/' title='Lu\u00edsa Cruz-Lopes' class='pt-cv-tax-luisa-cruz-lopes'>Lu\u00edsa Cruz-Lopes<\/a><\/span><\/div><\/div><\/div>\n<div class=\"col-md-12 col-sm-12 col-xs-12 pt-cv-content-item pt-cv-1-col\" ><div class='pt-cv-ifield'><div class=\"pt-cv-content\"><h5><span class=\"fDourado\">Maria Adelaide Homem Perdig\u00e3o Pito<\/span><\/h5>\n<p class=\"fDourado pad20B\"><a href=\"http:\/\/orcid.org\/0000-0001-6080-7760\" rel=\"noopener noreferrer\" target=\"_blank\">0000-0001-6080-7760<\/a> \u2022 <a href=\"https:\/\/www.cienciavitae.pt\/5214-3B71-2F01\" rel=\"noopener noreferrer\" target=\"_blank\">5214-3B71-2F01<\/a> \u2022 <a href=\"mailto:aperdigao25@gmail.com\">aperdigao25@gmail.com<\/a><\/p>\n<\/div>\n<div class=\"pt-cv-meta-fields\"><span class=\"terms\"> <a href='https:\/\/events.ipv.pt\/cernas\/pt\/tag\/adelaide-perdigao\/' title='Adelaide Perdig\u00e3o' class='pt-cv-tax-adelaide-perdigao'>Adelaide Perdig\u00e3o<\/a>, <a href='https:\/\/events.ipv.pt\/cernas\/pt\/category\/ambiente-e-sociedade\/' title='Ambiente e Sociedade' class='pt-cv-tax-ambiente-e-sociedade'>Ambiente e Sociedade<\/a>, <a href='https:\/\/events.ipv.pt\/cernas\/pt\/category\/integrado\/' title='integrado' class='pt-cv-tax-integrado'>integrado<\/a><\/span><\/div><\/div><\/div>\n<div class=\"col-md-12 col-sm-12 col-xs-12 pt-cv-content-item pt-cv-1-col\" ><div class='pt-cv-ifield'><div class=\"pt-cv-content\"><h5><span class=\"fDourado\">Miguel \u00c2ngelo Sousa Dias Ferreira da Mota<\/span><\/h5>\n<p class=\"fDourado pad20B\"><a href=\"http:\/\/orcid.org\/0000-0002-0987-0358\" rel=\"noopener noreferrer\" target=\"_blank\">0000-0002-0987-0358<\/a> \u2022 <a href=\"https:\/\/www.cienciavitae.pt\/AA15-FE2C-0764\" rel=\"noopener noreferrer\" target=\"_blank\">AA15-FE2C-0764<\/a> \u2022 <a href=\"mailto:mmota@estgl.ipv.pt\">mmota@estgl.ipv.pt<\/a><\/p>\n<\/div>\n<div class=\"pt-cv-meta-fields\"><span class=\"terms\"> <a href='https:\/\/events.ipv.pt\/cernas\/pt\/category\/ambiente-e-sociedade\/' title='Ambiente e Sociedade' class='pt-cv-tax-ambiente-e-sociedade'>Ambiente e Sociedade<\/a>, <a href='https:\/\/events.ipv.pt\/cernas\/pt\/category\/integrado\/' title='integrado' class='pt-cv-tax-integrado'>integrado<\/a>, <a href='https:\/\/events.ipv.pt\/cernas\/pt\/tag\/miguel-mota\/' title='Miguel Mota' class='pt-cv-tax-miguel-mota'>Miguel Mota<\/a><\/span><\/div><\/div><\/div><\/div><\/div><\/div><\/div>\n<div>\n<h6 class=\"fDourado\"><span>1<\/span> colaboradores<\/h6>\n<div class=\"pt-cv-wrapper\"><div class=\"pt-cv-view pt-cv-grid pt-cv-colsys\" id=\"pt-cv-view-ac982947hx\"><div data-id=\"pt-cv-page-1\" class=\"pt-cv-page\" data-cvc=\"1\"><div class=\"col-md-12 col-sm-12 col-xs-12 pt-cv-content-item pt-cv-1-col\" ><div class='pt-cv-ifield'><div class=\"pt-cv-content\"><h5><span class=\"fDourado\">Morgana Weber Macena<\/span><\/h5>\n<p class=\"fDourado pad20B\"><a href=\"https:\/\/www.cienciavitae.pt\/A61B-D50C-0F63\" rel=\"noopener noreferrer\" target=\"_blank\">A61B-D50C-0F63<\/a> \u2022 <a href=\"mailto:morganaweber.m@gmail.com\">morganaweber.m@gmail.com<\/a><\/p>\n<\/div><\/div><\/div><\/div><\/div><\/div><\/div>\n<\/div>\n<\/div>\n<\/div>\n<div id=\"CEA\" class=\"tabcontentR pad50T\" data-group=\"grupo2\">\n<div class=\"conteudo-lazy\" data-loaded=\"false\">\n<div class=\"rw\">\n<div>\n<h6 class=\"fDourado\"><span>9<\/span> integrados<\/h6>\n<div class=\"pt-cv-wrapper\"><div class=\"pt-cv-view pt-cv-grid pt-cv-colsys\" id=\"pt-cv-view-3aa2c97uwh\"><div data-id=\"pt-cv-page-1\" class=\"pt-cv-page\" data-cvc=\"1\"><div class=\"col-md-12 col-sm-12 col-xs-12 pt-cv-content-item pt-cv-1-col\" ><div class='pt-cv-ifield'><div class=\"pt-cv-content\"><h5><span class=\"fDourado\">Ant\u00f3nio Manuel Jord\u00e3o<\/span><\/h5>\n<p class=\"fDourado pad20B\"><a href=\"http:\/\/orcid.org\/0000-0003-1129-4633\" rel=\"noopener noreferrer\" target=\"_blank\">0000-0003-1129-4633<\/a> \u2022 <a href=\"https:\/\/www.cienciavitae.pt\/1212-F02A-B14D\" rel=\"noopener noreferrer\" target=\"_blank\">1212-F02A-B14D<\/a> \u2022 <a href=\"mailto:antoniojordao@esav.ipv.pt\">antoniojordao@esav.ipv.pt<\/a><\/p>\n<\/div>\n<div class=\"pt-cv-meta-fields\"><span class=\"terms\"> <a href='https:\/\/events.ipv.pt\/cernas\/pt\/tag\/antonio-jordao\/' title='Ant\u00f3nio Jord\u00e3o' class='pt-cv-tax-antonio-jordao'>Ant\u00f3nio Jord\u00e3o<\/a>, <a href='https:\/\/events.ipv.pt\/cernas\/pt\/category\/ciencia-e-engenharia-alimentar\/' title='Ci\u00eancia e Engenharia Alimentar' class='pt-cv-tax-ciencia-e-engenharia-alimentar'>Ci\u00eancia e Engenharia Alimentar<\/a>, <a href='https:\/\/events.ipv.pt\/cernas\/pt\/category\/integrado\/' title='integrado' class='pt-cv-tax-integrado'>integrado<\/a><\/span><\/div><\/div><\/div>\n<div class=\"col-md-12 col-sm-12 col-xs-12 pt-cv-content-item pt-cv-1-col\" ><div class='pt-cv-ifield'><div class=\"pt-cv-content\"><h5><span class=\"fDourado\">Cl\u00e1udia Marisa Barreiros Neves<\/span><\/h5>\n<p class=\"fDourado pad20B\"><a href=\"http:\/\/orcid.org\/0000-0002-3654-5737\" rel=\"noopener noreferrer\" target=\"_blank\">0000-0002-3654-5737<\/a> \u2022 <a href=\"https:\/\/www.cienciavitae.pt\/6219-05E1-4248\" rel=\"noopener noreferrer\" target=\"_blank\">6219-05E1-4248<\/a> \u2022 <a href=\"mailto:cmneves@esav.ipv.pt\">cmneves@esav.ipv.pt<\/a><\/p>\n<\/div>\n<div class=\"pt-cv-meta-fields\"><span class=\"terms\"> <a href='https:\/\/events.ipv.pt\/cernas\/pt\/category\/ciencia-e-engenharia-alimentar\/' title='Ci\u00eancia e Engenharia Alimentar' class='pt-cv-tax-ciencia-e-engenharia-alimentar'>Ci\u00eancia e Engenharia Alimentar<\/a>, <a href='https:\/\/events.ipv.pt\/cernas\/pt\/tag\/claudia-neves\/' title='Cl\u00e1udia Neves' class='pt-cv-tax-claudia-neves'>Cl\u00e1udia Neves<\/a>, <a href='https:\/\/events.ipv.pt\/cernas\/pt\/category\/integrado\/' title='integrado' class='pt-cv-tax-integrado'>integrado<\/a><\/span><\/div><\/div><\/div>\n<div class=\"col-md-12 col-sm-12 col-xs-12 pt-cv-content-item pt-cv-1-col\" ><div class='pt-cv-ifield'><div class=\"pt-cv-content\"><h5><span class=\"fDourado\">Dulcineia Ferreira Wessel<\/span><\/h5>\n<p class=\"fDourado pad20B\"><a href=\"http:\/\/orcid.org\/0000-0003-4077-0897\" rel=\"noopener noreferrer\" target=\"_blank\">0000-0003-4077-0897<\/a> \u2022 <a href=\"https:\/\/www.cienciavitae.pt\/4E1F-7223-5CE4\" rel=\"noopener noreferrer\" target=\"_blank\">4E1F-7223-5CE4<\/a> \u2022 <a href=\"mailto:ferdulcineia@esav.ipv.pt\">ferdulcineia@esav.ipv.pt<\/a><\/p>\n<\/div>\n<div class=\"pt-cv-meta-fields\"><span class=\"terms\"> <a href='https:\/\/events.ipv.pt\/cernas\/pt\/category\/ciencia-e-engenharia-alimentar\/' title='Ci\u00eancia e Engenharia Alimentar' class='pt-cv-tax-ciencia-e-engenharia-alimentar'>Ci\u00eancia e Engenharia Alimentar<\/a>, <a href='https:\/\/events.ipv.pt\/cernas\/pt\/tag\/dulcineia-wessel\/' title='Dulcineia Wessel' class='pt-cv-tax-dulcineia-wessel'>Dulcineia Wessel<\/a>, <a href='https:\/\/events.ipv.pt\/cernas\/pt\/category\/integrado\/' title='integrado' class='pt-cv-tax-integrado'>integrado<\/a><\/span><\/div><\/div><\/div>\n<div class=\"col-md-12 col-sm-12 col-xs-12 pt-cv-content-item pt-cv-1-col\" ><div class='pt-cv-ifield'><div class=\"pt-cv-content\"><h5><span class=\"fDourado\">Edite Teixeira de Lemos<\/span><\/h5>\n<p class=\"fDourado pad20B\"><a href=\"http:\/\/orcid.org\/0000-0002-6346-8319\" rel=\"noopener noreferrer\" target=\"_blank\">0000-0002-6346-8319<\/a> \u2022 <a href=\"https:\/\/www.cienciavitae.pt\/F71E-A443-C8CB\" rel=\"noopener noreferrer\" target=\"_blank\">F71E-A443-C8CB<\/a> \u2022 <a href=\"mailto:etlemos@esav.ipv.pt\">etlemos@esav.ipv.pt<\/a><\/p>\n<\/div>\n<div class=\"pt-cv-meta-fields\"><span class=\"terms\"> <a href='https:\/\/events.ipv.pt\/cernas\/pt\/category\/ciencia-e-engenharia-alimentar\/' title='Ci\u00eancia e Engenharia Alimentar' class='pt-cv-tax-ciencia-e-engenharia-alimentar'>Ci\u00eancia e Engenharia Alimentar<\/a>, <a href='https:\/\/events.ipv.pt\/cernas\/pt\/tag\/edite-teixeira-de-lemos\/' title='Edite Teixeira de Lemos' class='pt-cv-tax-edite-teixeira-de-lemos'>Edite Teixeira de Lemos<\/a>, <a href='https:\/\/events.ipv.pt\/cernas\/pt\/category\/integrado\/' title='integrado' class='pt-cv-tax-integrado'>integrado<\/a><\/span><\/div><\/div><\/div>\n<div class=\"col-md-12 col-sm-12 col-xs-12 pt-cv-content-item pt-cv-1-col\" ><div class='pt-cv-ifield'><div class=\"pt-cv-content\"><h5><span class=\"fDourado\">Fernando Jorge Andrade Gon\u00e7alves<\/span><\/h5>\n<p class=\"fDourado pad20B\"><a href=\"http:\/\/orcid.org\/0000-0001-7770-8056\" rel=\"noopener noreferrer\" target=\"_blank\">0000-0001-7770-8056<\/a> \u2022 <a href=\"https:\/\/www.cienciavitae.pt\/3F15-AFBD-6549\" rel=\"noopener noreferrer\" target=\"_blank\">3F15-AFBD-6549<\/a> \u2022 <a \n href=\"mailto:fgoncalves@esav.ipv.pt\">fgoncalves@esav.ipv.pt<\/a><\/p>\n<\/div>\n<div class=\"pt-cv-meta-fields\"><span class=\"terms\"> <a href='https:\/\/events.ipv.pt\/cernas\/pt\/category\/ciencia-e-engenharia-alimentar\/' title='Ci\u00eancia e Engenharia Alimentar' class='pt-cv-tax-ciencia-e-engenharia-alimentar'>Ci\u00eancia e Engenharia Alimentar<\/a>, <a href='https:\/\/events.ipv.pt\/cernas\/pt\/tag\/fernando-goncalves\/' title='Fernando Gon\u00e7alves' class='pt-cv-tax-fernando-goncalves'>Fernando Gon\u00e7alves<\/a>, <a href='https:\/\/events.ipv.pt\/cernas\/pt\/category\/integrado\/' title='integrado' class='pt-cv-tax-integrado'>integrado<\/a><\/span><\/div><\/div><\/div>\n<div class=\"col-md-12 col-sm-12 col-xs-12 pt-cv-content-item pt-cv-1-col\" ><div class='pt-cv-ifield'><div class=\"pt-cv-content\"><h5><span class=\"fDourado\">Jo\u00e3o Carlos Gon\u00e7alves<\/span><\/h5>\n<p class=\"fDourado pad20B\"><a href=\"http:\/\/orcid.org\/0000-0003-3763-1503\" rel=\"noopener noreferrer\" target=\"_blank\">0000-0003-3763-1503<\/a> \u2022 <a href=\"https:\/\/www.cienciavitae.pt\/E411-A4A3-F728\" rel=\"noopener noreferrer\" target=\"_blank\">E411-A4A3-F728<\/a> \u2022 <a href=\"mailto:jgoncalves@esav.ipv.pt\">jgoncalves@esav.ipv.pt<\/a><\/p>\n<\/div>\n<div class=\"pt-cv-meta-fields\"><span class=\"terms\"> <a href='https:\/\/events.ipv.pt\/cernas\/pt\/category\/ciencia-e-engenharia-alimentar\/' title='Ci\u00eancia e Engenharia Alimentar' class='pt-cv-tax-ciencia-e-engenharia-alimentar'>Ci\u00eancia e Engenharia Alimentar<\/a>, <a href='https:\/\/events.ipv.pt\/cernas\/pt\/category\/integrado\/' title='integrado' class='pt-cv-tax-integrado'>integrado<\/a>, <a href='https:\/\/events.ipv.pt\/cernas\/pt\/tag\/joao-goncalves\/' title='Jo\u00e3o Gon\u00e7alves' class='pt-cv-tax-joao-goncalves'>Jo\u00e3o Gon\u00e7alves<\/a><\/span><\/div><\/div><\/div>\n<div class=\"col-md-12 col-sm-12 col-xs-12 pt-cv-content-item pt-cv-1-col\" ><div class='pt-cv-ifield'><div class=\"pt-cv-content\"><h5><span class=\"fDourado\">Maria Jo\u00e3o Reis Lima<\/span><\/h5>\n<p class=\"fDourado pad20B\"><a href=\"http:\/\/orcid.org\/0000-0003-0597-7892\" rel=\"noopener noreferrer\" target=\"_blank\">0000-0003-0597-7892<\/a> \u2022 <a href=\"https:\/\/www.cienciavitae.pt\/1015-9028-5D39\" rel=\"noopener noreferrer\" target=\"_blank\">1015-9028-5D39<\/a> \u2022 <a  href=\"mailto:mjoaolima@esav.ipv.pt\">mjoaolim@esav.ipv.pt<\/a><\/p>\n<\/div>\n<div class=\"pt-cv-meta-fields\"><span class=\"terms\"> <a href='https:\/\/events.ipv.pt\/cernas\/pt\/category\/ciencia-e-engenharia-alimentar\/' title='Ci\u00eancia e Engenharia Alimentar' class='pt-cv-tax-ciencia-e-engenharia-alimentar'>Ci\u00eancia e Engenharia Alimentar<\/a>, <a href='https:\/\/events.ipv.pt\/cernas\/pt\/category\/integrado\/' title='integrado' class='pt-cv-tax-integrado'>integrado<\/a>, <a href='https:\/\/events.ipv.pt\/cernas\/pt\/tag\/maria-joao-lima\/' title='Maria Jo\u00e3o Lima' class='pt-cv-tax-maria-joao-lima'>Maria Jo\u00e3o Lima<\/a><\/span><\/div><\/div><\/div>\n<div class=\"col-md-12 col-sm-12 col-xs-12 pt-cv-content-item pt-cv-1-col\" ><div class='pt-cv-ifield'><div class=\"pt-cv-content\"><h5><span class=\"fDourado\">Paula Maria dos Reis Correia<\/span><\/h5>\n<p class=\"fDourado pad20B\"><a href=\"http:\/\/orcid.org\/0000-0002-2023-4475\" rel=\"noopener noreferrer\" target=\"_blank\">0000-0002-2023-4475<\/a> \u2022 <a href=\"https:\/\/www.cienciavitae.pt\/7915-FB81-4520\" rel=\"noopener noreferrer\" target=\"_blank\">7915-FB81-4520<\/a> \u2022 <a  href=\"mailto:paulacorreia@esav.ipv.pt\">paulacorreia@esav.ipv.pt<\/a><\/p>\n<\/div>\n<div class=\"pt-cv-meta-fields\"><span class=\"terms\"> <a href='https:\/\/events.ipv.pt\/cernas\/pt\/category\/ciencia-e-engenharia-alimentar\/' title='Ci\u00eancia e Engenharia Alimentar' class='pt-cv-tax-ciencia-e-engenharia-alimentar'>Ci\u00eancia e Engenharia Alimentar<\/a>, <a href='https:\/\/events.ipv.pt\/cernas\/pt\/category\/integrado\/' title='integrado' class='pt-cv-tax-integrado'>integrado<\/a>, <a href='https:\/\/events.ipv.pt\/cernas\/pt\/tag\/paula-correia\/' title='Paula Correia' class='pt-cv-tax-paula-correia'>Paula Correia<\/a><\/span><\/div><\/div><\/div>\n<div class=\"col-md-12 col-sm-12 col-xs-12 pt-cv-content-item pt-cv-1-col\" ><div class='pt-cv-ifield'><div class=\"pt-cv-content\"><h5><span class=\"fDourado\">Raquel de Pinho Ferreira Guin\u00e9<\/span><\/h5>\n<p class=\"fDourado pad20B\"><a href=\"http:\/\/orcid.org\/0000-0003-0595-6805\" rel=\"noopener noreferrer\" target=\"_blank\">0000-0003-0595-6805<\/a> \u2022 <a href=\"https:\/\/www.cienciavitae.pt\/8B13-5492-0F23\" rel=\"noopener noreferrer\" target=\"_blank\">8B13-5492-0F23<\/a> \u2022 <a \n href=\"mailto:raquelguine@esav.ipv.pt\">raquelguine@esav.ipv.pt<\/a><\/p>\n<\/div>\n<div class=\"pt-cv-meta-fields\"><span class=\"terms\"> <a href='https:\/\/events.ipv.pt\/cernas\/pt\/category\/ciencia-e-engenharia-alimentar\/' title='Ci\u00eancia e Engenharia Alimentar' class='pt-cv-tax-ciencia-e-engenharia-alimentar'>Ci\u00eancia e Engenharia Alimentar<\/a>, <a href='https:\/\/events.ipv.pt\/cernas\/pt\/category\/integrado\/' title='integrado' class='pt-cv-tax-integrado'>integrado<\/a>, <a href='https:\/\/events.ipv.pt\/cernas\/pt\/tag\/raquel-guine\/' title='Raquel Guin\u00e9' class='pt-cv-tax-raquel-guine'>Raquel Guin\u00e9<\/a><\/span><\/div><\/div><\/div><\/div><\/div><\/div><\/div>\n<div>\n<h6 class=\"fDourado\"><span>7<\/span> colaboradores<\/h6>\n<div class=\"pt-cv-wrapper\"><div class=\"pt-cv-view pt-cv-grid pt-cv-colsys\" id=\"pt-cv-view-ebe41cci0j\"><div data-id=\"pt-cv-page-1\" class=\"pt-cv-page\" data-cvc=\"1\"><div class=\"col-md-12 col-sm-12 col-xs-12 pt-cv-content-item pt-cv-1-col\" ><div class='pt-cv-ifield'><div class=\"pt-cv-content\"><h5><span class=\"fDourado\">Ana Cristina Ferr\u00e3o Silva<\/span><\/h5>\n<p class=\"fDourado pad20B\"><a href=\"https:\/\/orcid.org\/0000-0002-3337-9139\" rel=\"noopener noreferrer\" target=\"_blank\">0000-0002-3337-9139<\/a> \u2022 <a href=\"https:\/\/www.cienciavitae.pt\/E610-F403-FADD\" rel=\"noopener noreferrer\" target=\"_blank\">E610-F403-FADD<\/a> \u2022 <a href=\"mailto:aferrao@esav.ipv.pt\" rel=\"noopener noreferrer\" target=\"_blank\">aferrao@esav.ipv.pt<\/a><\/p>\n<\/div><\/div><\/div>\n<div class=\"col-md-12 col-sm-12 col-xs-12 pt-cv-content-item pt-cv-1-col\" ><div class='pt-cv-ifield'><div class=\"pt-cv-content\"><h5><span class=\"fDourado\">B\u00e1rbara da Rocha Henriques<\/span><\/h5>\n<p class=\"fDourado pad20B\"><a href=\"https:\/\/www.cienciavitae.pt\/911B-5B77-A9C6\" rel=\"noopener noreferrer\" target=\"_blank\">911B-5B77-A9C6<\/a> \u2022 <a href=\"mailto:barbarahenriques@esav.ipv.pt\" rel=\"noopener noreferrer\" target=\"_blank\">barbarahenriques@esav.ipv.pt<\/a><\/p>\n<\/div><\/div><\/div>\n<div class=\"col-md-12 col-sm-12 col-xs-12 pt-cv-content-item pt-cv-1-col\" ><div class='pt-cv-ifield'><div class=\"pt-cv-content\"><h5><span class=\"fDourado\">\u00c9lia Sim\u00f5es Folgeiro<\/span><\/h5>\n<p class=\"fDourado pad20B\"><a href=\"https:\/\/www.cienciavitae.pt\/7217-E515-0B97\" rel=\"noopener noreferrer\" target=\"_blank\">7217-E515-0B97<\/a> \u2022 <a href=\"mailto:eliafogeiro@ua.pt\" rel=\"noopener noreferrer\" target=\"_blank\">eliafogeiro@ua.pt<\/a><\/p>\n<\/div><\/div><\/div>\n<div class=\"col-md-12 col-sm-12 col-xs-12 pt-cv-content-item pt-cv-1-col\" ><div class='pt-cv-ifield'><div class=\"pt-cv-content\"><h5><span class=\"fDourado\">Filipa Pereira da Costa<\/span><\/h5>\n<p class=\"fDourado pad20B\"><a href=\"https:\/\/orcid.org\/0000-0002-5751-5588\" rel=\"noopener noreferrer\" target=\"_blank\">0000-0002-5751-5588<\/a> \u2022 <a href=\"https:\/\/www.cienciavitae.pt\/0311-FD50-55E8\" rel=\"noopener noreferrer\" target=\"_blank\">0311-FD50-55E8<\/a> \u2022 <a href=\"mailto:filipa.pereira@esav.ipv.pt\" rel=\"noopener noreferrer\" target=\"_blank\">filipa.pereira@esav.ipv.pt<\/a><\/p>\n<\/div><\/div><\/div>\n<div class=\"col-md-12 col-sm-12 col-xs-12 pt-cv-content-item pt-cv-1-col\" ><div class='pt-cv-ifield'><div class=\"pt-cv-content\"><h5><span class=\"fDourado\">Mariana Isabel Cunha Nogueira Almeida Monteiro<\/span><\/h5>\n<p class=\"fDourado pad20B\"><a href=\"https:\/\/www.cienciavitae.pt\/FB1E-C0A3-DDFF\" rel=\"noopener noreferrer\" target=\"_blank\">FB1E-C0A3-DDFF<\/a> \u2022 <a href=\"mailto:marianaicnamonteiro@ua.pt\" rel=\"noopener noreferrer\" target=\"_blank\">marianaicnamonteiro@ua.pt<\/a><\/p>\n<\/div><\/div><\/div>\n<div class=\"col-md-12 col-sm-12 col-xs-12 pt-cv-content-item pt-cv-1-col\" ><div class='pt-cv-ifield'><div class=\"pt-cv-content\"><h5><span class=\"fDourado\">Sofia de Guin\u00e9 e Floren\u00e7a<\/span><\/h5>\n<p class=\"fDourado pad20B\"><a href=\"https:\/\/orcid.org\/0000-0003-2541-4448\" rel=\"noopener noreferrer\" target=\"_blank\">0000-0003-2541-4448<\/a> \u2022 <a href=\"https:\/\/www.cienciavitae.pt\/5E15-B350-302D\" rel=\"noopener noreferrer\" target=\"_blank\">5E15-B350-302D<\/a> \u2022 <a href=\"mailto:sofiaflorenca@outlook.com\" rel=\"noopener noreferrer\" target=\"_blank\">sofiaflorenca@outlook.com<\/a><\/p>\n<\/div><\/div><\/div>\n<div class=\"col-md-12 col-sm-12 col-xs-12 pt-cv-content-item pt-cv-1-col\" ><div class='pt-cv-ifield'><div class=\"pt-cv-content\"><h5><span class=\"fDourado\">Yuliya Dulyanska<\/span><\/h5>\n<p class=\"fDourado pad20B\"><a href=\"https:\/\/orcid.org\/0000-0002-2414-8240\" rel=\"noopener noreferrer\" target=\"_blank\">0000-0002-2414-8240<\/a> \u2022 <a href=\"https:\/\/www.cienciavitae.pt\/8314-96C0-D7D7\" rel=\"noopener noreferrer\" target=\"_blank\">8314-96C0-D7D7<\/a> \u2022 <a href=\"mailto:ydulyanska@esav.ipv.pt\" rel=\"noopener noreferrer\" target=\"_blank\">ydulyanska@esav.ipv.pt<\/a><\/p>\n<\/div><\/div><\/div><\/div><\/div><\/div><\/div>\n<\/div>\n<\/div>\n<\/div>\n<\/div>\n<\/div>\n<div class=\"panel non-sticky\" id=\"projetos\" style=\"--color:#303731;\">\n<div class=\"ast-container\">\n<h2 class=\"pad100T fDourado\">PROJETOS<\/h2>\n<h6 class=\"fDourado\">em curso<\/h6>\n<div class=\"pt-cv-wrapper\"><div class=\"pt-cv-view pt-cv-blockgrid iscvblock iscvhybrid grid1 layout1\" id=\"pt-cv-view-8bdc033c18\"><div data-id=\"pt-cv-page-1\" class=\"pt-cv-page\" data-cvc=\"5\"><div class=\" pt-cv-content-item pt-cv-1-col\" ><div class=\"pt-cv-thumb-wrapper  \"><a href=\"https:\/\/events.ipv.pt\/cernas\/pt\/life20-gic-pt-001723\/\" class=\"_self pt-cv-href-thumbnail pt-cv-thumb-default\" target=\"_self\" ><img loading=\"lazy\" decoding=\"async\" width=\"370\" height=\"264\" src=\"https:\/\/events.ipv.pt\/cernas\/wp-content\/uploads\/2024\/04\/growLife.png\" class=\"pt-cv-thumbnail\" alt=\"\" \/><\/a><\/div>\n<div class=\"pt-cv-content\"><p>LIFE20 GIC\/PT\/001723<br \/>\n<span style=\"font-size: 0.8em;\">Growlife &#8211; Por um sistema alimentar mais sustent\u00e1vel<\/span><\/p>\n<p><span style=\"font-size: 0.8em;\">Co-funded by the European Union<\/span><\/p>\n<p>[2023 &#8211; 2028] <a class=\"bt_quad\" href=\"https:\/\/projetogrowlife.pt\/\" rel=\"noopener\" target=\"_blank\">mais<\/a><br \/>\n<span style=\"font-size: 0.8em;\">Co-funded by the European Union<\/span><\/p>\n<\/div><\/div>\n<div class=\" pt-cv-content-item pt-cv-1-col\" ><div class=\"pt-cv-thumb-wrapper  \"><a href=\"https:\/\/events.ipv.pt\/cernas\/pt\/cost-action-ca22155\/\" class=\"_self pt-cv-href-thumbnail pt-cv-thumb-default\" target=\"_self\" ><img loading=\"lazy\" decoding=\"async\" width=\"370\" height=\"264\" src=\"https:\/\/events.ipv.pt\/cernas\/wp-content\/uploads\/2024\/04\/eu-potarch.png\" class=\"pt-cv-thumbnail\" alt=\"\" \/><\/a><\/div>\n<div class=\"pt-cv-content\"><p>COST Action CA22155<br \/>\n<span style=\"font-size: 0.8em;\">[EU-PoTaRCh] Network for forest by-products charcoal, resin, tar, potash<\/span><br \/>\n[2023 &#8211; 2027] <a class=\"bt_quad\" href=\"https:\/\/potarch.eu\/\" rel=\"noopener\" target=\"_blank\">mais<\/a><\/p>\n<\/div><\/div>\n<div class=\" pt-cv-content-item pt-cv-1-col\" ><div class=\"pt-cv-thumb-wrapper  \"><a href=\"https:\/\/events.ipv.pt\/cernas\/pt\/cost-action-ca22137\/\" class=\"_self pt-cv-href-thumbnail pt-cv-thumb-default\" target=\"_self\" ><\/a><\/div>\n<div class=\"pt-cv-content\"><p>COST Action CA22137<br \/>\n<span style=\"font-size: 0.8em;\">[ROAR-NET] Randomised Optimisation Algorithms Research Network<\/span><br \/>\n[2023 &#8211; 2027] <a class=\"bt_quad\" href=\"https:\/\/www.cost.eu\/actions\/CA22137\/\" rel=\"noopener\" target=\"_blank\">mais<\/a><\/p>\n<\/div><\/div>\n<div class=\" pt-cv-content-item pt-cv-1-col\" ><div class=\"pt-cv-thumb-wrapper  \"><a href=\"https:\/\/events.ipv.pt\/cernas\/pt\/cost-action-ca22144\/\" class=\"_self pt-cv-href-thumbnail pt-cv-thumb-default\" target=\"_self\" ><\/a><\/div>\n<div class=\"pt-cv-content\"><p>COST Action CA22144<br \/>\n<span style=\"font-size: 0.8em;\">[SUSTAIN] Sustainable use of salt-affected lands<\/span><br \/>\n[2023 &#8211; 2027] <a class=\"bt_quad\" href=\"https:\/\/www.cost.eu\/actions\/CA22144\/#tabs+Name:Description\" rel=\"noopener\" target=\"_blank\">mais<\/a><\/p>\n<\/div><\/div>\n<div class=\" pt-cv-content-item pt-cv-1-col\" ><div class=\"pt-cv-thumb-wrapper  \"><a href=\"https:\/\/events.ipv.pt\/cernas\/pt\/poctep-2021-2027-0117_agro_hub_2_e\/\" class=\"_self pt-cv-href-thumbnail pt-cv-thumb-default\" target=\"_self\" ><\/a><\/div>\n<div class=\"pt-cv-content\"><p>POCTEP 2021-2027: 0117_AGRO_HUB_2_E<br \/>\n<span style=\"font-size: 0.8em;\">Comunidad Agro-Hub: descubrimiento emprendedor, producciones agrarias locales y paisajes culturales<\/span><\/p>\n<p><span style=\"font-size: 0.8em;\">Interreg Espa\u00f1a &#8211; Portugal Fundo Europeu de Desenvolvimento Regional; Uni\u00e3o Europeia<\/span><\/p>\n<p>[2022 &#8211; 2026] <a class=\"bt_quad\" href=\"https:\/\/patrimoniocultural.jcyl.es\/web\/es\/proyectos-intervenciones\/proyecto-transfronterizo-agrohub.html\" rel=\"noopener\" target=\"_blank\">mais<\/a><\/p>\n<\/div><\/div><\/div><\/div>\n<div class=\" pt-cv-pagination-wrapper\"><ul class=\"pt-cv-pagination pt-cv-ajax pagination\" data-totalpages=\"3\" data-currentpage=\"1\" data-sid=\"8bdc033c18\" data-unid=\"\" data-isblock=\"\" data-postid=\"\"><li class=\"active\"><a href=\"#\">1<\/a><\/li>\n\t<li ><a class=\"\" href=\"https:\/\/events.ipv.pt\/cernas\/pt\/wp-json\/wp\/v2\/pages\/8\/?_page=2\">2<\/a><\/li>\n\t<li ><a class=\"\" href=\"https:\/\/events.ipv.pt\/cernas\/pt\/wp-json\/wp\/v2\/pages\/8\/?_page=3\">3<\/a><\/li>\n\t<li ><a class=\" \" href=\"https:\/\/events.ipv.pt\/cernas\/pt\/wp-json\/wp\/v2\/pages\/8\/?_page=2\">&rsaquo;<\/a><\/li>\n\t<\/ul><img loading=\"lazy\" decoding=\"async\" width=\"15\" height=\"15\" class=\"pt-cv-spinner\" alt=\"Loading...\" src=\"data:image\/gif;base64,R0lGODlhDwAPALMPAMrKygwMDJOTkz09PZWVla+vr3p6euTk5M7OzuXl5TMzMwAAAJmZmWZmZszMzP\/\/\/yH\/C05FVFNDQVBFMi4wAwEAAAAh+QQFCgAPACwAAAAADwAPAAAEQvDJaZaZOIcV8iQK8VRX4iTYoAwZ4iCYoAjZ4RxejhVNoT+mRGP4cyF4Pp0N98sBGIBMEMOotl6YZ3S61Bmbkm4mAgAh+QQFCgAPACwAAAAADQANAAAENPDJSRSZeA418itN8QiK8BiLITVsFiyBBIoYqnoewAD4xPw9iY4XLGYSjkQR4UAUD45DLwIAIfkEBQoADwAsAAAAAA8ACQAABC\/wyVlamTi3nSdgwFNdhEJgTJoNyoB9ISYoQmdjiZPcj7EYCAeCF1gEDo4Dz2eIAAAh+QQFCgAPACwCAAAADQANAAAEM\/DJBxiYeLKdX3IJZT1FU0iIg2RNKx3OkZVnZ98ToRD4MyiDnkAh6BkNC0MvsAj0kMpHBAAh+QQFCgAPACwGAAAACQAPAAAEMDC59KpFDll73HkAA2wVY5KgiK5b0RRoI6MuzG6EQqCDMlSGheEhUAgqgUUAFRySIgAh+QQFCgAPACwCAAIADQANAAAEM\/DJKZNLND\/kkKaHc3xk+QAMYDKsiaqmZCxGVjSFFCxB1vwy2oOgIDxuucxAMTAJFAJNBAAh+QQFCgAPACwAAAYADwAJAAAEMNAs86q1yaWwwv2Ig0jUZx3OYa4XoRAfwADXoAwfo1+CIjyFRuEho60aSNYlOPxEAAAh+QQFCgAPACwAAAIADQANAAAENPA9s4y8+IUVcqaWJ4qEQozSoAzoIyhCK2NFU2SJk0hNnyEOhKR2AzAAj4Pj4GE4W0bkJQIAOw==\" \/><div class=\"clear pt-cv-clear-pagination\"><\/div><\/div><\/div>\t\t\t<style type=\"text\/css\" id=\"pt-cv-inline-style-dd18acdbqc\">\n#pt-cv-view-8bdc033c18 .pt-cv-thumb-wrapper:not(.miniwrap) {  }#pt-cv-view-8bdc033c18 .pt-cv-thumbnail:not(.pt-cv-thumbnailsm) { height: 250px; }#pt-cv-view-8bdc033c18 > .pt-cv-page {grid-template-columns: repeat(5, 1fr);grid-gap: 15px;}\n@media all and (max-width: 1024px) { \n#pt-cv-view-8bdc033c18 > .pt-cv-page {grid-template-columns: repeat(2, 1fr);}\n} \n@media all and (max-width: 767px) { \n#pt-cv-view-8bdc033c18 > .pt-cv-page {grid-template-columns: repeat(1, 1fr);}\n} <\/style>\r\n\t\t\t\n<p><button class=\"tablinks btDourado\" data-group=\"grupo2\" data-target=\"proj_conc\">projetos conclu\u00eddos<\/button><\/p>\n<div id=\"proj_conc\" class=\"tabcontentR\" data-group=\"grupo2\">\n<div class=\"pt-cv-wrapper\"><div class=\"pt-cv-view pt-cv-blockgrid iscvblock iscvhybrid grid1 layout1\" id=\"pt-cv-view-d4376a1wrh\"><div data-id=\"pt-cv-page-1\" class=\"pt-cv-page\" data-cvc=\"5\"><div class=\" pt-cv-content-item pt-cv-1-col\" ><div class=\"pt-cv-thumb-wrapper  \"><a href=\"https:\/\/events.ipv.pt\/cernas\/pt\/eip-agri-go-fg52\/\" class=\"_self pt-cv-href-thumbnail pt-cv-thumb-default\" target=\"_self\" ><img loading=\"lazy\" decoding=\"async\" width=\"370\" height=\"264\" src=\"https:\/\/events.ipv.pt\/cernas\/wp-content\/uploads\/2024\/04\/eucapnetwork.png\" class=\"pt-cv-thumbnail\" alt=\"\" \/><\/a><\/div>\n<div class=\"pt-cv-content\"><div class=\"ast-container\">\nEIP-AGRI &#8211; GO FG52<br \/>\n<i class=\"fa fa-tag\"><\/i> European Commission<br \/>\n<i class=\"fa fa-folder-open\"><\/i> <span style=\"font-size: 0.8em;\">Operational Group &#8211; EIP AGRI &#8211; FG52 &#8216;Competitive and resilient mountain areas&#8217;<\/span><br \/>\n<i class=\"fa fa-clock-o\"><\/i> 2023 &#8211; 2024 <a class=\"bt_quad\" href=\"https:\/\/projetogrowlife.pt\/\" rel=\"noopener\" target=\"_blank\">mais<\/a>\n<\/div>\n<\/div><\/div>\n<div class=\" pt-cv-content-item pt-cv-1-col\" ><div class=\"pt-cv-thumb-wrapper  \"><a href=\"https:\/\/events.ipv.pt\/cernas\/pt\/metodologias-virtuais\/\" class=\"_self pt-cv-href-thumbnail pt-cv-thumb-default\" target=\"_self\" ><img loading=\"lazy\" decoding=\"async\" width=\"370\" height=\"264\" src=\"https:\/\/events.ipv.pt\/cernas\/wp-content\/uploads\/2021\/03\/mk.jpg\" class=\"pt-cv-thumbnail\" alt=\"\" \/><\/a><\/div>\n<div class=\"pt-cv-content\"><div class=\"ast-container\">\n<p>POCH-02-53I2-FSE-000014 (18)<br \/>\n<i class=\"fa fa-folder-open\"><\/i> <span style=\"font-size: 0.8em;\">METODOLOGIAS VIRTUAIS<\/span><br \/>\n<i class=\"fa fa-tag\"><\/i> PORTUGAL 2020<br \/>\n<i class=\"fa fa-clock-o\"><\/i> 2022 &#8211; 2023 <a class=\"bt_quad\" href=\"https:\/\/ipv.pt\/wp-content\/uploads\/2023\/11\/Ficha-Projeto-POCH-02-53I2-FSE-000014-Inova-e-Inclui.pdf\" rel=\"noopener\" target=\"_blank\">mais<\/a><br \/>\n<img loading=\"lazy\" decoding=\"async\" src=\"http:\/\/127.0.0.1\/cernas\/wp-content\/uploads\/2023\/12\/financiamento_proj2.jpg\" alt=\"\" width=\"352\" height=\"37\" class=\"aligncenter size-full wp-image-2104\" srcset=\"https:\/\/events.ipv.pt\/cernas\/wp-content\/uploads\/2023\/12\/financiamento_proj2.jpg 352w, https:\/\/events.ipv.pt\/cernas\/wp-content\/uploads\/2023\/12\/financiamento_proj2-300x32.jpg 300w, https:\/\/events.ipv.pt\/cernas\/wp-content\/uploads\/2023\/12\/financiamento_proj2-18x2.jpg 18w\" sizes=\"auto, (max-width: 352px) 100vw, 352px\" \/><\/p>\n<\/div>\n<\/div><\/div>\n<div class=\" pt-cv-content-item pt-cv-1-col\" ><div class=\"pt-cv-thumb-wrapper  \"><a href=\"https:\/\/events.ipv.pt\/cernas\/pt\/2162\/\" class=\"_self pt-cv-href-thumbnail pt-cv-thumb-default\" target=\"_self\" ><img loading=\"lazy\" decoding=\"async\" width=\"370\" height=\"264\" src=\"https:\/\/events.ipv.pt\/cernas\/wp-content\/uploads\/2021\/03\/mk.jpg\" class=\"pt-cv-thumbnail\" alt=\"\" \/><\/a><\/div>\n<div class=\"pt-cv-content\"><div class=\"ast-container\">\n<p>POCH-02-53I2-FSE-000014 (16)<br \/>\n<i class=\"fa fa-folder-open\"><\/i> <span style=\"font-size: 0.8em;\">PLATAFORMA DE INTERFACE COM STAKEHOLDERS<\/span><br \/>\n<i class=\"fa fa-tag\"><\/i> PORTUGAL 2020<br \/>\n<i class=\"fa fa-clock-o\"><\/i> 2022 &#8211; 2023 <a class=\"bt_quad\" href=\"https:\/\/ipv.pt\/wp-content\/uploads\/2023\/11\/Ficha-Projeto-POCH-02-53I2-FSE-000014-Inova-e-Inclui.pdf\" rel=\"noopener\" target=\"_blank\">mais<\/a><br \/>\n<img loading=\"lazy\" decoding=\"async\" src=\"http:\/\/127.0.0.1\/cernas\/wp-content\/uploads\/2023\/12\/financiamento_proj2.jpg\" alt=\"\" width=\"352\" height=\"37\" class=\"aligncenter size-full wp-image-2104\" srcset=\"https:\/\/events.ipv.pt\/cernas\/wp-content\/uploads\/2023\/12\/financiamento_proj2.jpg 352w, https:\/\/events.ipv.pt\/cernas\/wp-content\/uploads\/2023\/12\/financiamento_proj2-300x32.jpg 300w, https:\/\/events.ipv.pt\/cernas\/wp-content\/uploads\/2023\/12\/financiamento_proj2-18x2.jpg 18w\" sizes=\"auto, (max-width: 352px) 100vw, 352px\" \/><\/p>\n<\/div>\n<\/div><\/div>\n<div class=\" pt-cv-content-item pt-cv-1-col\" ><div class=\"pt-cv-thumb-wrapper  \"><a href=\"https:\/\/events.ipv.pt\/cernas\/pt\/producao-de-compostos-organicos-biologicos-para-o-controlo-do-jacinto-de-agua-e-para-a-valorizacao-de-subprodutos-agropecuarios-florestais-e-agroindustriais\/\" class=\"_self pt-cv-href-thumbnail pt-cv-thumb-default\" target=\"_self\" ><img loading=\"lazy\" decoding=\"async\" width=\"370\" height=\"264\" src=\"https:\/\/events.ipv.pt\/cernas\/wp-content\/uploads\/2021\/03\/mk.jpg\" class=\"pt-cv-thumbnail\" alt=\"\" \/><\/a><\/div>\n<div class=\"pt-cv-content\"><div class=\"ast-container\">\n<p>POCI-01-0247-FEDER-070123<br \/>\n<i class=\"fa fa-folder-open\"><\/i> <span style=\"font-size: 0.8em;\">BioComp_2.0.: Produ\u00e7\u00e3o de compostos org\u00e2nicos biol\u00f3gicos para o controlo do jacinto de \u00e1gua e para a valoriza\u00e7\u00e3o de subprodutos agropecu\u00e1rios, florestais e agroindustriais<\/span><br \/>\n<i class=\"fa fa-clock-o\"><\/i> 2022 &#8211; 2023<\/p>\n<\/div>\n<\/div><\/div>\n<div class=\" pt-cv-content-item pt-cv-1-col\" ><div class=\"pt-cv-thumb-wrapper  \"><a href=\"https:\/\/events.ipv.pt\/cernas\/pt\/icheese-cynara-innovation-for-best-cheese\/\" class=\"_self pt-cv-href-thumbnail pt-cv-thumb-default\" target=\"_self\" ><img loading=\"lazy\" decoding=\"async\" width=\"370\" height=\"264\" src=\"https:\/\/events.ipv.pt\/cernas\/wp-content\/uploads\/2021\/03\/mk.jpg\" class=\"pt-cv-thumbnail\" alt=\"\" \/><\/a><\/div>\n<div class=\"pt-cv-content\"><div class=\"ast-container\">\n<p>PDR2020-101-031002<br \/>\n<i class=\"fa fa-folder-open\"><\/i> <span style=\"font-size: 0.8em;\">iCheese -Cynara Innovation for best Cheese<\/span> tem como objetivo a inova\u00e7\u00e3o de produtos e processos visando a valoriza\u00e7\u00e3o do setor dos queijos que usam flor de cardo (Cynara cardunculus) como coagulante<br \/>\n<i class=\"fa fa-clock-o\"><\/i> FIM: novembro, 2022<\/p>\n<\/div>\n<\/div><\/div>\n<div class=\" pt-cv-content-item pt-cv-1-col\" ><div class=\"pt-cv-thumb-wrapper  \"><a href=\"https:\/\/events.ipv.pt\/cernas\/pt\/universities-and-climate-change-initiative\/\" class=\"_self pt-cv-href-thumbnail pt-cv-thumb-default\" target=\"_self\" ><img loading=\"lazy\" decoding=\"async\" width=\"370\" height=\"264\" src=\"https:\/\/events.ipv.pt\/cernas\/wp-content\/uploads\/2021\/03\/mk.jpg\" class=\"pt-cv-thumbnail\" alt=\"\" \/><\/a><\/div>\n<div class=\"pt-cv-content\"><div class=\"ast-container\">\n<p>UCCI<br \/>\n<i class=\"fa fa-folder-open\"><\/i> <span style=\"font-size: 0.8em;\">Universities and Climate Change Initiative<\/span><br \/>\n<i class=\"fa fa-clock-o\"><\/i> 2022 \u2013 2023 <a class=\"bt_quad\" href=\"https:\/\/www.haw-hamburg.de\/ucci\/\" rel=\"noopener\" target=\"_blank\">mais<\/a><\/p>\n<\/div>\n<\/div><\/div>\n<div class=\" pt-cv-content-item pt-cv-1-col\" ><div class=\"pt-cv-thumb-wrapper  \"><a href=\"https:\/\/events.ipv.pt\/cernas\/pt\/ofsp-organic-food-system-programme\/\" class=\"_self pt-cv-href-thumbnail pt-cv-thumb-default\" target=\"_self\" ><img loading=\"lazy\" decoding=\"async\" width=\"370\" height=\"264\" src=\"https:\/\/events.ipv.pt\/cernas\/wp-content\/uploads\/2023\/12\/organicFood.jpg\" class=\"pt-cv-thumbnail\" alt=\"\" \/><\/a><\/div>\n<div class=\"pt-cv-content\"><div class=\"ast-container\">\n<p>OFSP<br \/>\n<i class=\"fa fa-folder-open\"><\/i> <span style=\"font-size: 0.8em;\">Organic Food System Programme<\/span><br \/>\n<i class=\"fa fa-clock-o\"><\/i> 2022 \u2013 2023 <a class=\"bt_quad\" href=\"https:\/\/organicfoodsystem.net\/the-ofsp-programme\/\" rel=\"noopener\" target=\"_blank\">mais<\/a><\/p>\n<\/div>\n<\/div><\/div>\n<div class=\" pt-cv-content-item pt-cv-1-col\" ><div class=\"pt-cv-thumb-wrapper  \"><a href=\"https:\/\/events.ipv.pt\/cernas\/pt\/monitor2030-inovar-para-monitorizar-e-avaliar-o-impacto-2030\/\" class=\"_self pt-cv-href-thumbnail pt-cv-thumb-default\" target=\"_self\" ><img loading=\"lazy\" decoding=\"async\" width=\"370\" height=\"264\" src=\"https:\/\/events.ipv.pt\/cernas\/wp-content\/uploads\/2021\/03\/mk.jpg\" class=\"pt-cv-thumbnail\" alt=\"\" \/><\/a><\/div>\n<div class=\"pt-cv-content\"><div class=\"ast-container\">\n<p>POAT-01-6177-FEDER-000064<br \/>\n<i class=\"fa fa-folder-open\"><\/i> <span style=\"font-size: 0.8em;\">Monitor2030 &#8211; Inovar para Monitorizar e Avaliar o Impacto 2030<\/span><br \/>\n<i class=\"fa fa-clock-o\"><\/i> janeiro-dezembro, 2022<\/p>\n<\/div>\n<\/div><\/div>\n<div class=\" pt-cv-content-item pt-cv-1-col\" ><div class=\"pt-cv-thumb-wrapper  \"><a href=\"https:\/\/events.ipv.pt\/cernas\/pt\/towards-zer0-pesticide-agriculture-european-network-for-sustainability-t0p-agri-network\/\" class=\"_self pt-cv-href-thumbnail pt-cv-thumb-default\" target=\"_self\" ><img loading=\"lazy\" decoding=\"async\" width=\"370\" height=\"264\" src=\"https:\/\/events.ipv.pt\/cernas\/wp-content\/uploads\/2021\/03\/mk.jpg\" class=\"pt-cv-thumbnail\" alt=\"\" \/><\/a><\/div>\n<div class=\"pt-cv-content\"><div class=\"ast-container\">\nCOST ACTION CA21134<br \/>\n<i class=\"fa fa-folder-open\"><\/i> <span style=\"font-size: 0.8em;\">Towards zer0 Pesticide AGRIculture: European Network for sustainability (T0P-AGRI-Network)<\/span><br \/>\n<i class=\"fa fa-tag\"><\/i> PRR \u2013 V&#038;W Portugal<br \/>\n<i class=\"fa fa-clock-o\"><\/i> 2022 &#8211; 2024\n<\/div>\n<\/div><\/div>\n<div class=\" pt-cv-content-item pt-cv-1-col\" ><div class=\"pt-cv-thumb-wrapper  \"><a href=\"https:\/\/events.ipv.pt\/cernas\/pt\/iaphp-intercultural-approach-to-prevent-harmful-practices\/\" class=\"_self pt-cv-href-thumbnail pt-cv-thumb-default\" target=\"_self\" ><img loading=\"lazy\" decoding=\"async\" width=\"370\" height=\"264\" src=\"https:\/\/events.ipv.pt\/cernas\/wp-content\/uploads\/2023\/12\/iaphp.jpg\" class=\"pt-cv-thumbnail\" alt=\"\" \/><\/a><\/div>\n<div class=\"pt-cv-content\"><div class=\"ast-container\">\n<p>CERV-2022-DAPHNE 101097087<br \/>\n<i class=\"fa fa-folder-open\"><\/i> <span style=\"font-size: 0.8em;\">IAPHP Intercultural Approach to Prevent Harmful Practices<\/span><br \/>\n<i class=\"fa fa-tag\"><\/i> EUROPEAN UNION<br \/>\n<i class=\"fa fa-clock-o\"><\/i> 2022 &#8211; 2024 <a class=\"bt_quad\" href=\"https:\/\/iaphp.ipv.pt\/\" rel=\"noopener\" target=\"_blank\">mais<\/a><\/p>\n<p><img loading=\"lazy\" decoding=\"async\" src=\"http:\/\/127.0.0.1\/cernas\/wp-content\/uploads\/2022\/12\/financiamento_proj3.jpg\" alt=\"\" width=\"400\" height=\"89\" class=\"aligncenter size-full wp-image-2121\" srcset=\"https:\/\/events.ipv.pt\/cernas\/wp-content\/uploads\/2022\/12\/financiamento_proj3.jpg 400w, https:\/\/events.ipv.pt\/cernas\/wp-content\/uploads\/2022\/12\/financiamento_proj3-300x67.jpg 300w, https:\/\/events.ipv.pt\/cernas\/wp-content\/uploads\/2022\/12\/financiamento_proj3-18x4.jpg 18w\" sizes=\"auto, (max-width: 400px) 100vw, 400px\" \/><\/p>\n<\/div>\n<\/div><\/div>\n<div class=\" pt-cv-content-item pt-cv-1-col\" ><div class=\"pt-cv-thumb-wrapper  \"><a href=\"https:\/\/events.ipv.pt\/cernas\/pt\/restore-biopreparados-em-sistemas-producao-agroecologicos\/\" class=\"_self pt-cv-href-thumbnail pt-cv-thumb-default\" target=\"_self\" ><img loading=\"lazy\" decoding=\"async\" width=\"370\" height=\"264\" src=\"https:\/\/events.ipv.pt\/cernas\/wp-content\/uploads\/2021\/03\/mk.jpg\" class=\"pt-cv-thumbnail\" alt=\"\" \/><\/a><\/div>\n<div class=\"pt-cv-content\"><div class=\"ast-container\">\n<p>RESTORE<br \/>\n<i class=\"fa fa-folder-open\"><\/i> <span style=\"font-size: 0.8em;\">RESTORE biopReparados Em SisTemas prOdu\u00e7\u00e3o agRoEcol\u00f3gicos<\/span><br \/>\n<i class=\"fa fa-clock-o\"><\/i> 2022 &#8211; 2023<\/p>\n<\/div>\n<\/div><\/div>\n<div class=\" pt-cv-content-item pt-cv-1-col\" ><div class=\"pt-cv-thumb-wrapper  \"><a href=\"https:\/\/events.ipv.pt\/cernas\/pt\/lammatis\/\" class=\"_self pt-cv-href-thumbnail pt-cv-thumb-default\" target=\"_self\" ><img loading=\"lazy\" decoding=\"async\" width=\"370\" height=\"264\" src=\"https:\/\/events.ipv.pt\/cernas\/wp-content\/uploads\/2021\/03\/mk.jpg\" class=\"pt-cv-thumbnail\" alt=\"\" \/><\/a><\/div>\n<div class=\"pt-cv-content\"><div class=\"ast-container\">\n<p>2022\u20101\u2010FR01\u2010KA210\u2010VET\u2010000084666<br \/>\n<i class=\"fa fa-folder-open\"><\/i> <span style=\"font-size: 0.8em;\">LAMMATIS<\/span><br \/>\n<i class=\"fa fa-tag\"><\/i> Erasmus KA<br \/>\n<i class=\"fa fa-clock-o\"><\/i> 2022 &#8211; 2024<\/p>\n<\/div>\n<\/div><\/div>\n<div class=\" pt-cv-content-item pt-cv-1-col\" ><div class=\"pt-cv-thumb-wrapper  \"><a href=\"https:\/\/events.ipv.pt\/cernas\/pt\/f-drone-producao-e-valorizacao-da-farinha-de-zangao-no-desenvolvimento-de-novos-alimentos\/\" class=\"_self pt-cv-href-thumbnail pt-cv-thumb-default\" target=\"_self\" ><img loading=\"lazy\" decoding=\"async\" width=\"370\" height=\"264\" src=\"https:\/\/events.ipv.pt\/cernas\/wp-content\/uploads\/2021\/03\/mk.jpg\" class=\"pt-cv-thumbnail\" alt=\"\" \/><\/a><\/div>\n<div class=\"pt-cv-content\"><div class=\"ast-container\">\n<p>F.Drone<br \/>\n<i class=\"fa fa-folder-open\"><\/i> <span style=\"font-size: 0.8em;\">Produ\u00e7\u00e3o e valoriza\u00e7\u00e3o da farinha de Zang\u00e3o no desenvolvimento de novos alimentos<\/span><br \/>\n<i class=\"fa fa-clock-o\"><\/i> 2022 &#8211; 2023<\/p>\n<\/div>\n<\/div><\/div>\n<div class=\" pt-cv-content-item pt-cv-1-col\" ><div class=\"pt-cv-thumb-wrapper  \"><a href=\"https:\/\/events.ipv.pt\/cernas\/pt\/skills-2-pos%e2%80%90covid-competencia-para-o-futuro-no-ensino-superior-2\/\" class=\"_self pt-cv-href-thumbnail pt-cv-thumb-default\" target=\"_self\" ><img loading=\"lazy\" decoding=\"async\" width=\"370\" height=\"264\" src=\"https:\/\/events.ipv.pt\/cernas\/wp-content\/uploads\/2021\/03\/mk.jpg\" class=\"pt-cv-thumbnail\" alt=\"\" \/><\/a><\/div>\n<div class=\"pt-cv-content\"><div class=\"ast-container\">\n<p>POCH-02-53I2-FSE-000014 (7)<br \/>\n<i class=\"fa fa-folder-open\"><\/i> <span style=\"font-size: 0.8em;\">Skills 2 p\u00f3s\u2010Covid \u2013 Compet\u00eancia para o futuro no Ensino Superior. IPV Inova e Inclui. IPV7 | Living-Lab Agricultura Regenerativa<\/span><br \/>\n<i class=\"fa fa-tag\"><\/i> PORTUGAL 2020<br \/>\n<i class=\"fa fa-clock-o\"><\/i> 2022 &#8211; 2023 <a class=\"bt_quad\" href=\"https:\/\/ipv.pt\/wp-content\/uploads\/2023\/11\/Ficha-Projeto-POCH-02-53I2-FSE-000014-Inova-e-Inclui.pdf\" rel=\"noopener\" target=\"_blank\">mais<\/a><br \/>\n<img loading=\"lazy\" decoding=\"async\" src=\"http:\/\/127.0.0.1\/cernas\/wp-content\/uploads\/2023\/12\/financiamento_proj2.jpg\" alt=\"\" width=\"352\" height=\"37\" class=\"aligncenter size-full wp-image-2104\" srcset=\"https:\/\/events.ipv.pt\/cernas\/wp-content\/uploads\/2023\/12\/financiamento_proj2.jpg 352w, https:\/\/events.ipv.pt\/cernas\/wp-content\/uploads\/2023\/12\/financiamento_proj2-300x32.jpg 300w, https:\/\/events.ipv.pt\/cernas\/wp-content\/uploads\/2023\/12\/financiamento_proj2-18x2.jpg 18w\" sizes=\"auto, (max-width: 352px) 100vw, 352px\" \/><\/p>\n<\/div>\n<\/div><\/div>\n<div class=\" pt-cv-content-item pt-cv-1-col\" ><div class=\"pt-cv-thumb-wrapper  \"><a href=\"https:\/\/events.ipv.pt\/cernas\/pt\/skills-2-pos%e2%80%90covid-competencia-para-o-futuro-no-ensino-superior\/\" class=\"_self pt-cv-href-thumbnail pt-cv-thumb-default\" target=\"_self\" ><img loading=\"lazy\" decoding=\"async\" width=\"370\" height=\"264\" src=\"https:\/\/events.ipv.pt\/cernas\/wp-content\/uploads\/2023\/12\/mentoresInclusao.jpg\" class=\"pt-cv-thumbnail\" alt=\"\" \/><\/a><\/div>\n<div class=\"pt-cv-content\"><div class=\"ast-container\">\n<p>POCH-02-53I2-FSE-000014 (2)<br \/>\n<i class=\"fa fa-folder-open\"><\/i> <span style=\"font-size: 0.8em;\">Skills 2 p\u00f3s\u2010Covid \u2013 Compet\u00eancia para o futuro no Ensino Superior. IPV Inova e Inclui.IPV2 | Mentores para a inclus\u00e3o<\/span><br \/>\n<i class=\"fa fa-tag\"><\/i> PORTUGAL 2020<br \/>\n<i class=\"fa fa-clock-o\"><\/i> 2022 &#8211; 2023 <a class=\"bt_quad\" href=\"https:\/\/ipv.pt\/wp-content\/uploads\/2023\/11\/Ficha-Projeto-POCH-02-53I2-FSE-000014-Inova-e-Inclui.pdf\" rel=\"noopener\" target=\"_blank\">mais<\/a><br \/>\n<img loading=\"lazy\" decoding=\"async\" src=\"http:\/\/127.0.0.1\/cernas\/wp-content\/uploads\/2023\/12\/financiamento_proj2.jpg\" alt=\"\" width=\"352\" height=\"37\" class=\"aligncenter size-full wp-image-2104\" srcset=\"https:\/\/events.ipv.pt\/cernas\/wp-content\/uploads\/2023\/12\/financiamento_proj2.jpg 352w, https:\/\/events.ipv.pt\/cernas\/wp-content\/uploads\/2023\/12\/financiamento_proj2-300x32.jpg 300w, https:\/\/events.ipv.pt\/cernas\/wp-content\/uploads\/2023\/12\/financiamento_proj2-18x2.jpg 18w\" sizes=\"auto, (max-width: 352px) 100vw, 352px\" \/><\/p>\n<\/div>\n<\/div><\/div>\n<div class=\" pt-cv-content-item pt-cv-1-col\" ><div class=\"pt-cv-thumb-wrapper  \"><a href=\"https:\/\/events.ipv.pt\/cernas\/pt\/prevention-of-honey-bee-coloss-losses\/\" class=\"_self pt-cv-href-thumbnail pt-cv-thumb-default\" target=\"_self\" ><img loading=\"lazy\" decoding=\"async\" width=\"370\" height=\"264\" src=\"https:\/\/events.ipv.pt\/cernas\/wp-content\/uploads\/2021\/03\/mk.jpg\" class=\"pt-cv-thumbnail\" alt=\"\" \/><\/a><\/div>\n<div class=\"pt-cv-content\"><div class=\"ast-container\">\n<p>COLOSS<br \/>\n<i class=\"fa fa-folder-open\"><\/i> <span style=\"font-size: 0.8em;\">Prevention of honey bee COLOSS losses<\/span><br \/>\n<i class=\"fa fa-clock-o\"><\/i> junho-dezembro, 2022 <a class=\"bt_quad\" href=\"https:\/\/food.ec.europa.eu\/system\/files\/2016-10\/la_bees_health_coloss_en.pdf\" rel=\"noopener\" target=\"_blank\">mais<\/a><\/p>\n<\/div>\n<\/div><\/div>\n<div class=\" pt-cv-content-item pt-cv-1-col\" ><div class=\"pt-cv-thumb-wrapper  \"><a href=\"https:\/\/events.ipv.pt\/cernas\/pt\/bacchustech-integrated-approach-for-the-valorisation-of-winemaking-residues\/\" class=\"_self pt-cv-href-thumbnail pt-cv-thumb-default\" target=\"_self\" ><img loading=\"lazy\" decoding=\"async\" width=\"370\" height=\"264\" src=\"https:\/\/events.ipv.pt\/cernas\/wp-content\/uploads\/2021\/03\/mk.jpg\" class=\"pt-cv-thumbnail\" alt=\"\" \/><\/a><\/div>\n<div class=\"pt-cv-content\"><div class=\"ast-container\">\n<p>POCI-01-0247-FEDER-069583<br \/>\n<i class=\"fa fa-folder-open\"><\/i> <span style=\"font-size: 0.8em;\">BacchusTech Integrated Approach for the Valorisation of Winemaking Residues<\/span><br \/>\n<i class=\"fa fa-tag\"><\/i> COMPETE 2020<br \/>\n<i class=\"fa fa-clock-o\"><\/i> 2021 &#8211; 2023<\/p>\n<\/div>\n<\/div><\/div>\n<div class=\" pt-cv-content-item pt-cv-1-col\" ><div class=\"pt-cv-thumb-wrapper  \"><a href=\"https:\/\/events.ipv.pt\/cernas\/pt\/analise-de-impacto-de-experiencias-de-compra-publica-de-innovacion\/\" class=\"_self pt-cv-href-thumbnail pt-cv-thumb-default\" target=\"_self\" ><img loading=\"lazy\" decoding=\"async\" width=\"370\" height=\"264\" src=\"https:\/\/events.ipv.pt\/cernas\/wp-content\/uploads\/2021\/03\/mk.jpg\" class=\"pt-cv-thumbnail\" alt=\"\" \/><\/a><\/div>\n<div class=\"pt-cv-content\"><div class=\"ast-container\">\n<p>2021-CE125<br \/>\n<i class=\"fa fa-folder-open\"><\/i> <span style=\"font-size: 0.8em;\">An\u00e1lise de impacto de experiencias de Compra P\u00fablica de Innovaci\u00f3n<\/span><br \/>\n<i class=\"fa fa-tag\"><\/i> Idom Consulting, Engineering, Architecture; S.A.U, no \u00e2mbito de uma candidatura ao Banco Interamericano de Desarrollo<br \/>\n<i class=\"fa fa-clock-o\"><\/i> 2021 &#8211; 2022<\/p>\n<\/div>\n<\/div><\/div>\n<div class=\" pt-cv-content-item pt-cv-1-col\" ><div class=\"pt-cv-thumb-wrapper  \"><a href=\"https:\/\/events.ipv.pt\/cernas\/pt\/transforming-farmers-communities\/\" class=\"_self pt-cv-href-thumbnail pt-cv-thumb-default\" target=\"_self\" ><img loading=\"lazy\" decoding=\"async\" width=\"370\" height=\"264\" src=\"https:\/\/events.ipv.pt\/cernas\/wp-content\/uploads\/2021\/03\/mk.jpg\" class=\"pt-cv-thumbnail\" alt=\"\" \/><\/a><\/div>\n<div class=\"pt-cv-content\"><div class=\"ast-container\">\n<i class=\"fa fa-folder-open\"><\/i> <span style=\"font-size: 0.8em;\">Transforming Farmers\u2019 communities<\/span><br \/>\n<i class=\"fa fa-tag\"><\/i> ERASMUS KA2<br \/>\n<i class=\"fa fa-clock-o\"><\/i> 2021 &#8211; 2022\n<\/div>\n<\/div><\/div>\n<div class=\" pt-cv-content-item pt-cv-1-col\" ><div class=\"pt-cv-thumb-wrapper  \"><a href=\"https:\/\/events.ipv.pt\/cernas\/pt\/biosseguranca-um-passo-firme-na-melhoria-de-um-futuro-incerto\/\" class=\"_self pt-cv-href-thumbnail pt-cv-thumb-default\" target=\"_self\" ><img loading=\"lazy\" decoding=\"async\" width=\"370\" height=\"264\" src=\"https:\/\/events.ipv.pt\/cernas\/wp-content\/uploads\/2021\/03\/mk.jpg\" class=\"pt-cv-thumbnail\" alt=\"\" \/><\/a><\/div>\n<div class=\"pt-cv-content\"><div class=\"ast-container\">\n<p>BiossAPESPCall2<br \/>\n<i class=\"fa fa-folder-open\"><\/i> <span style=\"font-size: 0.8em;\">Biosseguran\u00e7a: um passo firme na melhoria de um futuro incerto<\/span><br \/>\n<i class=\"fa fa-tag\"><\/i> IPV [Apoios Especiais]<br \/>\n<i class=\"fa fa-clock-o\"><\/i> 2021<\/p>\n<\/div>\n<\/div><\/div>\n<div class=\" pt-cv-content-item pt-cv-1-col\" ><div class=\"pt-cv-thumb-wrapper  \"><a href=\"https:\/\/events.ipv.pt\/cernas\/pt\/fazerdifcall2\/\" class=\"_self pt-cv-href-thumbnail pt-cv-thumb-default\" target=\"_self\" ><img loading=\"lazy\" decoding=\"async\" width=\"370\" height=\"264\" src=\"https:\/\/events.ipv.pt\/cernas\/wp-content\/uploads\/2021\/03\/mk.jpg\" class=\"pt-cv-thumbnail\" alt=\"\" \/><\/a><\/div>\n<div class=\"pt-cv-content\"><div class=\"ast-container\">\n<p>FazerDifCall2<br \/>\n<i class=\"fa fa-folder-open\"><\/i> <span style=\"font-size: 0.8em;\">Fazer a diferen\u00e7a, n\u00e3o fazendo diferen\u00e7a<\/span><br \/>\n<i class=\"fa fa-tag\"><\/i> IPV [Apoios Especiais]<br \/>\n<i class=\"fa fa-clock-o\"><\/i> 2021<\/p>\n<\/div>\n<\/div><\/div>\n<div class=\" pt-cv-content-item pt-cv-1-col\" ><div class=\"pt-cv-thumb-wrapper  \"><a href=\"https:\/\/events.ipv.pt\/cernas\/pt\/laboratorios-virtuais-no-ipv\/\" class=\"_self pt-cv-href-thumbnail pt-cv-thumb-default\" target=\"_self\" ><img loading=\"lazy\" decoding=\"async\" width=\"370\" height=\"264\" src=\"https:\/\/events.ipv.pt\/cernas\/wp-content\/uploads\/2021\/03\/mk.jpg\" class=\"pt-cv-thumbnail\" alt=\"\" \/><\/a><\/div>\n<div class=\"pt-cv-content\"><div class=\"ast-container\">\n<p>VLAB<br \/>\n<i class=\"fa fa-folder-open\"><\/i> <span style=\"font-size: 0.8em;\">Laborat\u00f3rios Virtuais no IPV<\/span><br \/>\n<i class=\"fa fa-tag\"><\/i> IPV [Apoios Especiais]<br \/>\n<i class=\"fa fa-clock-o\"><\/i> 2021<\/p>\n<\/div>\n<\/div><\/div>\n<div class=\" pt-cv-content-item pt-cv-1-col\" ><div class=\"pt-cv-thumb-wrapper  \"><a href=\"https:\/\/events.ipv.pt\/cernas\/pt\/valorizacao-da-pinha-e-do-pinhao-da-regiao-centro\/\" class=\"_self pt-cv-href-thumbnail pt-cv-thumb-default\" target=\"_self\" ><img loading=\"lazy\" decoding=\"async\" width=\"370\" height=\"264\" src=\"https:\/\/events.ipv.pt\/cernas\/wp-content\/uploads\/2023\/12\/forestForFuture.jpg\" class=\"pt-cv-thumbnail\" alt=\"\" \/><\/a><\/div>\n<div class=\"pt-cv-content\"><div class=\"ast-container\">\n<p>CENTRO 08-5864-FSE-00031<br \/>\n<i class=\"fa fa-folder-open\"><\/i> <span style=\"font-size: 0.8em;\">Forest4Future: Projeto Piloto para a Valoriza\u00e7\u00e3o da Pinha e do Pinh\u00e3o da Regi\u00e3o Centro<\/span><br \/>\n<i class=\"fa fa-clock-o\"><\/i> 2021 &#8211; 2023 <a class=\"bt_quad\" href=\"https:\/\/f4f.serq.pt\/pt\/project\/pp21-projeto-valorizacao-da-pinha-e-do-pinhao-da-regiao-centro\" rel=\"noopener\" target=\"_blank\">mais<\/a><\/p>\n<\/div>\n<\/div><\/div>\n<div class=\" pt-cv-content-item pt-cv-1-col\" ><div class=\"pt-cv-thumb-wrapper  \"><a href=\"https:\/\/events.ipv.pt\/cernas\/pt\/eadpv-plataforma-integrada-de-ensino-a-distancia\/\" class=\"_self pt-cv-href-thumbnail pt-cv-thumb-default\" target=\"_self\" ><img loading=\"lazy\" decoding=\"async\" width=\"370\" height=\"264\" src=\"https:\/\/events.ipv.pt\/cernas\/wp-content\/uploads\/2021\/03\/mk.jpg\" class=\"pt-cv-thumbnail\" alt=\"\" \/><\/a><\/div>\n<div class=\"pt-cv-content\"><div class=\"ast-container\">\n<p>POCI\u201005\u20105762\u2010FSE\u2010000397<br \/>\n<i class=\"fa fa-folder-open\"><\/i> <span style=\"font-size: 0.8em;\">EaD@PV &#8211; Plataforma integrada de ensino \u00e0 dist\u00e2ncia<\/span><br \/>\n<i class=\"fa fa-tag\"><\/i> PORTUGAL 2020<br \/>\n<i class=\"fa fa-clock-o\"><\/i> 2021 &#8211; 2022 <a class=\"bt_quad\" href=\"https:\/\/site.ipv.pt\/pi\/Ficha_do_projetoPEAD.pdf\" rel=\"noopener\" target=\"_blank\">mais<\/a><br \/>\n<img loading=\"lazy\" decoding=\"async\" src=\"http:\/\/127.0.0.1\/cernas\/wp-content\/uploads\/2023\/12\/financiamento_proj1.jpg\" alt=\"\" width=\"357\" height=\"37\" class=\"aligncenter size-full wp-image-2086\" srcset=\"https:\/\/events.ipv.pt\/cernas\/wp-content\/uploads\/2023\/12\/financiamento_proj1.jpg 357w, https:\/\/events.ipv.pt\/cernas\/wp-content\/uploads\/2023\/12\/financiamento_proj1-300x31.jpg 300w, https:\/\/events.ipv.pt\/cernas\/wp-content\/uploads\/2023\/12\/financiamento_proj1-18x2.jpg 18w\" sizes=\"auto, (max-width: 357px) 100vw, 357px\" \/><\/p>\n<\/div>\n<\/div><\/div>\n<div class=\" pt-cv-content-item pt-cv-1-col\" ><div class=\"pt-cv-thumb-wrapper  \"><a href=\"https:\/\/events.ipv.pt\/cernas\/pt\/estrategia-de-desenvolvimento-territorial-da-regiao-centro\/\" class=\"_self pt-cv-href-thumbnail pt-cv-thumb-default\" target=\"_self\" ><img loading=\"lazy\" decoding=\"async\" width=\"370\" height=\"264\" src=\"https:\/\/events.ipv.pt\/cernas\/wp-content\/uploads\/2021\/03\/mk.jpg\" class=\"pt-cv-thumbnail\" alt=\"\" \/><\/a><\/div>\n<div class=\"pt-cv-content\"><div class=\"ast-container\">\n<p>EDT-RCentro<br \/>\n<i class=\"fa fa-folder-open\"><\/i> <span style=\"font-size: 0.8em;\">Estrat\u00e9gia de Desenvolvimento Territorial da Regi\u00e3o Centro<\/span><br \/>\n<i class=\"fa fa-tag\"><\/i> CCDRC<br \/>\n<i class=\"fa fa-clock-o\"><\/i> 2021 &#8211; 2022<\/p>\n<\/div>\n<\/div><\/div>\n<div class=\" pt-cv-content-item pt-cv-1-col\" ><div class=\"pt-cv-thumb-wrapper  \"><a href=\"https:\/\/events.ipv.pt\/cernas\/pt\/hortas-do-demeter\/\" class=\"_self pt-cv-href-thumbnail pt-cv-thumb-default\" target=\"_self\" ><img loading=\"lazy\" decoding=\"async\" width=\"370\" height=\"264\" src=\"https:\/\/events.ipv.pt\/cernas\/wp-content\/uploads\/2021\/01\/demeter.jpg\" class=\"pt-cv-thumbnail\" alt=\"\" \/><\/a><\/div>\n<div class=\"pt-cv-content\"><div class=\"ast-container\">\n<p>PARTIS &#038; Art for Change<br \/>\n<i class=\"fa fa-folder-open\"><\/i> <span style=\"font-size: 0.8em;\">Hortas do Demeter<\/span><br \/>\n<i class=\"fa fa-tag\"><\/i> Programa Funda\u00e7\u00e3o Calouste Gulbenkian e Funda\u00e7\u00e3o La Caixa<br \/>\n<i class=\"fa fa-clock-o\"><\/i> 2021 &#8211; 2023<\/p>\n<\/div>\n<\/div><\/div>\n<div class=\" pt-cv-content-item pt-cv-1-col\" ><div class=\"pt-cv-thumb-wrapper  \"><a href=\"https:\/\/events.ipv.pt\/cernas\/pt\/appsaude\/\" class=\"_self pt-cv-href-thumbnail pt-cv-thumb-default\" target=\"_self\" ><img loading=\"lazy\" decoding=\"async\" width=\"370\" height=\"264\" src=\"https:\/\/events.ipv.pt\/cernas\/wp-content\/uploads\/2020\/12\/pappSaude.jpg\" class=\"pt-cv-thumbnail\" alt=\"\" \/><\/a><\/div>\n<div class=\"pt-cv-content\"><div class=\"ast-container\">\n<p>PROJ\/IPV\/ID&#038;I\/020<br \/>\n<i class=\"fa fa-folder-open\"><\/i> AppSa\u00fade<br \/>\n<span style=\"font-size: 0.8em;\">Empoderar para melhor viver<\/span><br \/>\n<i class=\"fa fa-tag\"><\/i> Co-promo\u00e7\u00e3o IPV \/ Caixa Geral de Dep\u00f3sitos<br \/>\n<i class=\"fa fa-clock-o\"><\/i> 2020 &#8211; 2022<\/p>\n<\/div>\n<\/div><\/div>\n<div class=\" pt-cv-content-item pt-cv-1-col\" ><div class=\"pt-cv-thumb-wrapper  \"><a href=\"https:\/\/events.ipv.pt\/cernas\/pt\/programa-valorizacao-da-fileira-dos-vinhos-da-regiao-centro-acao-valorizacao-economicas-de-castas-na-regiao-do-dao\/\" class=\"_self pt-cv-href-thumbnail pt-cv-thumb-default\" target=\"_self\" ><img loading=\"lazy\" decoding=\"async\" width=\"370\" height=\"264\" src=\"https:\/\/events.ipv.pt\/cernas\/wp-content\/uploads\/2021\/03\/mk.jpg\" class=\"pt-cv-thumbnail\" alt=\"\" \/><\/a><\/div>\n<div class=\"pt-cv-content\"><div class=\"ast-container\">\n<p>CENTRO-04-3928-FEDER-000028<br \/>\n<i class=\"fa fa-folder-open\"><\/i> <span style=\"font-size: 0.8em;\">Programa Valoriza\u00e7\u00e3o da Fileira dos Vinhos da Regi\u00e3o Centro-A\u00e7\u00e3o: Valoriza\u00e7\u00e3o Econ\u00f3micas de Castas na Regi\u00e3o do D\u00e3o<\/span><br \/>\n<i class=\"fa fa-clock-o\"><\/i> 2020 &#8211; 2022 <a class=\"bt_quad\" href=\"http:\/\/www.centro.portugal2020.pt\/index.php\/provere-programa-de-valorizacao-economica-dos-recursos-endogenos\/item\/918\" rel=\"noopener\" target=\"_blank\">mais<\/a><\/p>\n<\/div>\n<\/div><\/div>\n<div class=\" pt-cv-content-item pt-cv-1-col\" ><div class=\"pt-cv-thumb-wrapper  \"><a href=\"https:\/\/events.ipv.pt\/cernas\/pt\/valcer\/\" class=\"_self pt-cv-href-thumbnail pt-cv-thumb-default\" target=\"_self\" ><img loading=\"lazy\" decoding=\"async\" width=\"370\" height=\"264\" src=\"https:\/\/events.ipv.pt\/cernas\/wp-content\/uploads\/2021\/03\/pValcer.jpg\" class=\"pt-cv-thumbnail\" alt=\"\" \/><\/a><\/div>\n<div class=\"pt-cv-content\"><div class=\"ast-container\">\n<p>PROJ\/IPV\/ID&#038;I\/021<br \/>\n<i class=\"fa fa-folder-open\"><\/i> Valcer<br \/>\n<span style=\"font-size: 0.8em;\">Valoriza\u00e7\u00e3o de res\u00edduos: potencial de aproveitamento do caro\u00e7o de cereja<\/span><br \/>\n<i class=\"fa fa-tag\"><\/i> Co-promo\u00e7\u00e3o IPV \/ Caixa Geral de Dep\u00f3sitos<br \/>\n<i class=\"fa fa-clock-o\"><\/i> 2020 &#8211; 2022<\/p>\n<\/div>\n<\/div><\/div>\n<div class=\" pt-cv-content-item pt-cv-1-col\" ><div class=\"pt-cv-thumb-wrapper  \"><a href=\"https:\/\/events.ipv.pt\/cernas\/pt\/fz\/\" class=\"_self pt-cv-href-thumbnail pt-cv-thumb-default\" target=\"_self\" ><img loading=\"lazy\" decoding=\"async\" width=\"370\" height=\"264\" src=\"https:\/\/events.ipv.pt\/cernas\/wp-content\/uploads\/2021\/03\/mk.jpg\" class=\"pt-cv-thumbnail\" alt=\"\" \/><\/a><\/div>\n<div class=\"pt-cv-content\"><div class=\"ast-container\">\n<p> PROJ\/IPV\/ID&#038;I\/013<br \/>\n<i class=\"fa fa-folder-open\"><\/i> FZ<br \/>\n<span style=\"font-size: 0.8em;\">Farinha de z\u00e2ng\u00e3o: inovar no produto e na prote\u00e7\u00e3o da colmeia<\/span><br \/>\n<i class=\"fa fa-tag\"><\/i> Co-promo\u00e7\u00e3o IPV \/ Caixa Geral de Dep\u00f3sitos<br \/>\n<i class=\"fa fa-clock-o\"><\/i> 2020 &#8211; 2022<\/p>\n<\/div>\n<\/div><\/div>\n<div class=\" pt-cv-content-item pt-cv-1-col\" ><div class=\"pt-cv-thumb-wrapper  \"><a href=\"https:\/\/events.ipv.pt\/cernas\/pt\/comunicacao-e-sustentabilidade-ambiental-praticas-das-cidades-e-comportamentos-dos-publicos\/\" class=\"_self pt-cv-href-thumbnail pt-cv-thumb-default\" target=\"_self\" ><img loading=\"lazy\" decoding=\"async\" width=\"370\" height=\"264\" src=\"https:\/\/events.ipv.pt\/cernas\/wp-content\/uploads\/2020\/01\/PROJ-IPV-IDI-012.jpg\" class=\"pt-cv-thumbnail\" alt=\"\" \/><\/a><\/div>\n<div class=\"pt-cv-content\"><div class=\"ast-container\">\n<p> PROJ\/IPV\/ID&#038;I\/012<br \/>\n<i class=\"fa fa-folder-open\"><\/i> Comunica\u00e7\u00e3o e Sustentabilidade ambiental: pr\u00e1ticas das cidades e comportamentos dos p\u00fablicos<br \/>\n<i class=\"fa fa-tag\"><\/i> Co-promo\u00e7\u00e3o IPV \/ Caixa Geral de Dep\u00f3sitos<br \/>\n<i class=\"fa fa-clock-o\"><\/i> 2020 &#8211; 2022<\/p>\n<\/div>\n<\/div><\/div>\n<div class=\" pt-cv-content-item pt-cv-1-col\" ><div class=\"pt-cv-thumb-wrapper  \"><a href=\"https:\/\/events.ipv.pt\/cernas\/pt\/valpt\/\" class=\"_self pt-cv-href-thumbnail pt-cv-thumb-default\" target=\"_self\" ><img loading=\"lazy\" decoding=\"async\" width=\"370\" height=\"264\" src=\"https:\/\/events.ipv.pt\/cernas\/wp-content\/uploads\/2020\/01\/pVALPT.jpg\" class=\"pt-cv-thumbnail\" alt=\"\" \/><\/a><\/div>\n<div class=\"pt-cv-content\"><div class=\"ast-container\">\n<p><a style=\"font-size: 1.5em;\" href=\"http:\/\/127.0.0.1\/cernas\/premio-melhor-projeto\/#m_proj\"><i class=\"fa fa-certificate\"><\/i><\/a><br \/>\nPROJ\/IPV\/ID&#038;I\/003<br \/>\n<i class=\"fa fa-folder-open\"><\/i> VALPT<br \/>\n<span style=\"font-size: 0.8em;\">Valoriza\u00e7\u00e3o da madeira de Paulownia tomentosa cultivada em Portugal<\/span><br \/>\n<i class=\"fa fa-tag\"><\/i> Co-promo\u00e7\u00e3o IPV \/ Caixa Geral de Dep\u00f3sitos<br \/>\n<i class=\"fa fa-clock-o\"><\/i> 2020 &#8211; 2022<\/p>\n<\/div>\n<\/div><\/div>\n<div class=\" pt-cv-content-item pt-cv-1-col\" ><div class=\"pt-cv-thumb-wrapper  \"><a href=\"https:\/\/events.ipv.pt\/cernas\/pt\/384\/\" class=\"_self pt-cv-href-thumbnail pt-cv-thumb-default\" target=\"_self\" ><img loading=\"lazy\" decoding=\"async\" width=\"370\" height=\"264\" src=\"https:\/\/events.ipv.pt\/cernas\/wp-content\/uploads\/2020\/01\/icht.jpg\" class=\"pt-cv-thumbnail\" alt=\"\" \/><\/a><\/div>\n<div class=\"pt-cv-content\"><div class=\"ast-container\">\n<p><a style=\"font-size: 1.5em;\" href=\"http:\/\/127.0.0.1\/cernas\/premio-melhor-projeto\/#m_proj\"><i class=\"fa fa-certificate\"><\/i><\/a><br \/>POCI\u201001\u20100247\u2010FEDER\u2010069949<br \/>\n<i class=\"fa fa-folder-open\"><\/i> ICHT<br \/>\n<span style=\"font-size: 0.8em;\">&#8220;Inclusive Cultural Heritage Tourism&#8221; na medida Sistema de Incentivos \u00e0 Investiga\u00e7\u00e3o e Desenvolvimento Tecnol\u00f3gico (SI IDT)<\/span><br \/>\n<i class=\"fa fa-tag\"><\/i> POCI<br \/>\n<i class=\"fa fa-clock-o\"><\/i> 2020 &#8211; 2023<\/p>\n<\/div>\n<\/div><\/div>\n<div class=\" pt-cv-content-item pt-cv-1-col\" ><div class=\"pt-cv-thumb-wrapper  \"><a href=\"https:\/\/events.ipv.pt\/cernas\/pt\/mais\/\" class=\"_self pt-cv-href-thumbnail pt-cv-thumb-default\" target=\"_self\" ><img loading=\"lazy\" decoding=\"async\" width=\"370\" height=\"264\" src=\"https:\/\/events.ipv.pt\/cernas\/wp-content\/uploads\/2020\/01\/mais.jpg\" class=\"pt-cv-thumbnail\" alt=\"\" \/><\/a><\/div>\n<div class=\"pt-cv-content\"><div class=\"ast-container\">\n<p><a style=\"font-size: 1.5em;\" href=\"http:\/\/127.0.0.1\/cernas\/premio-melhor-projeto\/#m_proj\"><i class=\"fa fa-certificate\"><\/i><\/a><br \/>\nEEAGrants OC5B15<br \/>\n<i class=\"fa fa-folder-open\"><\/i> MAIs<br \/>\n<span style=\"font-size: 0.8em;\">Mulheres Agricultoras em Territ\u00f3rios do Interior<\/span><br \/>\n<i class=\"fa fa-tag\"><\/i> EEAGrants<br \/>\n<i class=\"fa fa-clock-o\"><\/i> 2020 &#8211; 2022<\/p>\n<\/div>\n<\/div><\/div>\n<div class=\" pt-cv-content-item pt-cv-1-col\" ><div class=\"pt-cv-thumb-wrapper  \"><a href=\"https:\/\/events.ipv.pt\/cernas\/pt\/avaliacao-ambiental-de-produtos-sustentaveis-na-industria-transformadora-de-granitos\/\" class=\"_self pt-cv-href-thumbnail pt-cv-thumb-default\" target=\"_self\" ><img loading=\"lazy\" decoding=\"async\" width=\"370\" height=\"264\" src=\"https:\/\/events.ipv.pt\/cernas\/wp-content\/uploads\/2021\/03\/mk.jpg\" class=\"pt-cv-thumbnail\" alt=\"\" \/><\/a><\/div>\n<div class=\"pt-cv-content\"><div class=\"ast-container\">\n<p>PROJ\/IPV\/ID&#038;I\/0018<br \/>\n<i class=\"fa fa-folder-open\"><\/i> AAPSITG<br \/>\n<span style=\"font-size: 0.8em;\">Avalia\u00e7\u00e3o ambiental de produtos sustent\u00e1veis na ind\u00fastria transformadora de granitos<\/span><br \/>\n<i class=\"fa fa-tag\"><\/i> Co-promo\u00e7\u00e3o IPV \/ Caixa Geral de Dep\u00f3sitos<br \/>\n<i class=\"fa fa-clock-o\"><\/i> 2020 &#8211; 2021<\/p>\n<\/div>\n<\/div><\/div>\n<div class=\" pt-cv-content-item pt-cv-1-col\" ><div class=\"pt-cv-thumb-wrapper  \"><a href=\"https:\/\/events.ipv.pt\/cernas\/pt\/training-for-nature-2\/\" class=\"_self pt-cv-href-thumbnail pt-cv-thumb-default\" target=\"_self\" ><img loading=\"lazy\" decoding=\"async\" width=\"370\" height=\"264\" src=\"https:\/\/events.ipv.pt\/cernas\/wp-content\/uploads\/2020\/01\/training.jpg\" class=\"pt-cv-thumbnail\" alt=\"\" \/><\/a><\/div>\n<div class=\"pt-cv-content\"><div class=\"ast-container\">\n<p>2020-1-RO01-KA105-079529<br \/>\n<i class=\"fa fa-folder-open\"><\/i> <span style=\"font-size: 0.8em;\">Training For Nature #2<\/span><br \/>\n<i class=\"fa fa-tag\"><\/i> Erasmus+ \u2013 Transfer\u00eancia de conhecimento<br \/>\n<i class=\"fa fa-clock-o\"><\/i> 2020 \u2013 2021<\/p>\n<\/div>\n<\/div><\/div>\n<div class=\" pt-cv-content-item pt-cv-1-col\" ><div class=\"pt-cv-thumb-wrapper  \"><a href=\"https:\/\/events.ipv.pt\/cernas\/pt\/dinamicas-e-estrategias-de-inclusao-para-a-promocao-e-literacia-em-saude-no-ensino-superior\/\" class=\"_self pt-cv-href-thumbnail pt-cv-thumb-default\" target=\"_self\" ><img loading=\"lazy\" decoding=\"async\" width=\"370\" height=\"264\" src=\"https:\/\/events.ipv.pt\/cernas\/wp-content\/uploads\/2020\/01\/pEscolasVerao.jpg\" class=\"pt-cv-thumbnail\" alt=\"\" \/><\/a><\/div>\n<div class=\"pt-cv-content\"><div class=\"ast-container\">\n<p>FCT-DGES\/Ver\u00e3o com Ci\u00eancia 2020<br \/>\n<i class=\"fa fa-folder-open\"><\/i> <span style=\"font-size: 0.8em;\">Din\u00e2micas e Estrat\u00e9gias de Inclus\u00e3o para a Promo\u00e7\u00e3o e Literacia em Sa\u00fade no Ensino Superior<\/span><br \/>\n<i class=\"fa fa-tag\"><\/i> FCT<br \/>\n<i class=\"fa fa-clock-o\"><\/i> julho-outubro, 2020<\/p>\n<\/div>\n<\/div><\/div>\n<div class=\" pt-cv-content-item pt-cv-1-col\" ><div class=\"pt-cv-thumb-wrapper  \"><a href=\"https:\/\/events.ipv.pt\/cernas\/pt\/economia-circular-desenvolvimento-de-solucoes-sustentaveis\/\" class=\"_self pt-cv-href-thumbnail pt-cv-thumb-default\" target=\"_self\" ><img loading=\"lazy\" decoding=\"async\" width=\"370\" height=\"264\" src=\"https:\/\/events.ipv.pt\/cernas\/wp-content\/uploads\/2020\/01\/pEscolasVerao.jpg\" class=\"pt-cv-thumbnail\" alt=\"\" \/><\/a><\/div>\n<div class=\"pt-cv-content\"><div class=\"ast-container\">\n<p>FCT-DGES\/Ver\u00e3o com Ci\u00eancia 2020<br \/>\n<i class=\"fa fa-folder-open\"><\/i> <span style=\"font-size: 0.8em;\">Economia Circular: Desenvolvimento de Solu\u00e7\u00f5es Sustent\u00e1veis<\/span><br \/>\n<i class=\"fa fa-tag\"><\/i> FCT<br \/>\n<i class=\"fa fa-clock-o\"><\/i> julho-outubro, 2020<\/p>\n<\/div>\n<\/div><\/div>\n<div class=\" pt-cv-content-item pt-cv-1-col\" ><div class=\"pt-cv-thumb-wrapper  \"><a href=\"https:\/\/events.ipv.pt\/cernas\/pt\/mentores-em-acao\/\" class=\"_self pt-cv-href-thumbnail pt-cv-thumb-default\" target=\"_self\" ><img loading=\"lazy\" decoding=\"async\" width=\"370\" height=\"264\" src=\"https:\/\/events.ipv.pt\/cernas\/wp-content\/uploads\/2020\/01\/pEscolasVerao.jpg\" class=\"pt-cv-thumbnail\" alt=\"\" \/><\/a><\/div>\n<div class=\"pt-cv-content\"><div class=\"ast-container\">\n<p>FCT-DGES\/Ver\u00e3o com Ci\u00eancia 2020<br \/>\n<i class=\"fa fa-folder-open\"><\/i> <span style=\"font-size: 0.8em;\">Mentores em a\u00e7\u00e3o<\/span><br \/>\n<i class=\"fa fa-tag\"><\/i> FCT<br \/>\n<i class=\"fa fa-clock-o\"><\/i> julho-outubro, 2020<\/p>\n<\/div>\n<\/div><\/div>\n<div class=\" pt-cv-content-item pt-cv-1-col\" ><div class=\"pt-cv-thumb-wrapper  \"><a href=\"https:\/\/events.ipv.pt\/cernas\/pt\/competencias-emocionais-e-prevencao-do-abandono-do-ensino-superior\/\" class=\"_self pt-cv-href-thumbnail pt-cv-thumb-default\" target=\"_self\" ><img loading=\"lazy\" decoding=\"async\" width=\"370\" height=\"264\" src=\"https:\/\/events.ipv.pt\/cernas\/wp-content\/uploads\/2020\/01\/pcompEmocionais-1.jpg\" class=\"pt-cv-thumbnail\" alt=\"\" \/><\/a><\/div>\n<div class=\"pt-cv-content\"><div class=\"ast-container\">\n<p>FCT-DGES\/Ver\u00e3o com Ci\u00eancia 2020<br \/>\n<i class=\"fa fa-folder-open\"><\/i> <span style=\"font-size: 0.8em;\">Compet\u00eancias emocionais e preven\u00e7\u00e3o do abandono do ensino superior<\/span><br \/>\n<i class=\"fa fa-tag\"><\/i> FCT<br \/>\n<i class=\"fa fa-clock-o\"><\/i> julho-outubro, 2020<\/p>\n<\/div>\n<\/div><\/div>\n<div class=\" pt-cv-content-item pt-cv-1-col\" ><div class=\"pt-cv-thumb-wrapper  \"><a href=\"https:\/\/events.ipv.pt\/cernas\/pt\/invest\/\" class=\"_self pt-cv-href-thumbnail pt-cv-thumb-default\" target=\"_self\" ><img loading=\"lazy\" decoding=\"async\" width=\"370\" height=\"264\" src=\"https:\/\/events.ipv.pt\/cernas\/wp-content\/uploads\/2020\/01\/pEscolasVerao.jpg\" class=\"pt-cv-thumbnail\" alt=\"\" \/><\/a><\/div>\n<div class=\"pt-cv-content\"><div class=\"ast-container\">\n<p>FCT-DGES\/Ver\u00e3o com Ci\u00eancia 2020<br \/>\n<i class=\"fa fa-folder-open\"><\/i> INVEST<br \/>\n<span style=\"font-size: 0.8em;\">INicia\u00e7\u00e3o \u00e0 inVESTiga\u00e7\u00e3o e publica\u00e7\u00e3o cient\u00edfica: potencialidades da revis\u00e3o sistem\u00e1tica da literatura e meta-an\u00e1lise<\/span><br \/>\n<i class=\"fa fa-tag\"><\/i> FCT<br \/>\n<i class=\"fa fa-clock-o\"><\/i> julho-outubro, 2020<\/p>\n<\/div>\n<\/div><\/div>\n<div class=\" pt-cv-content-item pt-cv-1-col\" ><div class=\"pt-cv-thumb-wrapper  \"><a href=\"https:\/\/events.ipv.pt\/cernas\/pt\/agroecologia-e-sistemas-alimentares-sustentaveis\/\" class=\"_self pt-cv-href-thumbnail pt-cv-thumb-default\" target=\"_self\" ><img loading=\"lazy\" decoding=\"async\" width=\"370\" height=\"264\" src=\"https:\/\/events.ipv.pt\/cernas\/wp-content\/uploads\/2020\/01\/pEscolasVerao.jpg\" class=\"pt-cv-thumbnail\" alt=\"\" \/><\/a><\/div>\n<div class=\"pt-cv-content\"><div class=\"ast-container\">\n<p>FCT-DGES\/Ver\u00e3o com Ci\u00eancia 2020<br \/>\n<i class=\"fa fa-folder-open\"><\/i> <span style=\"font-size: 0.8em;\">Agroecologia e Sistemas Alimentares Sustent\u00e1veis<\/span><br \/>\n<i class=\"fa fa-tag\"><\/i> FCT<br \/>\n<i class=\"fa fa-clock-o\"><\/i> junho-outubro, 2020<\/p>\n<\/div>\n<\/div><\/div>\n<div class=\" pt-cv-content-item pt-cv-1-col\" ><div class=\"pt-cv-thumb-wrapper  \"><a href=\"https:\/\/events.ipv.pt\/cernas\/pt\/sistema-inteligente-de-controlo-de-planos-alimentares-para-o-desporto\/\" class=\"_self pt-cv-href-thumbnail pt-cv-thumb-default\" target=\"_self\" ><img loading=\"lazy\" decoding=\"async\" width=\"370\" height=\"264\" src=\"https:\/\/events.ipv.pt\/cernas\/wp-content\/uploads\/2021\/03\/mk.jpg\" class=\"pt-cv-thumbnail\" alt=\"\" \/><\/a><\/div>\n<div class=\"pt-cv-content\"><div class=\"ast-container\">\n<p>PROJ\/IPV\/ID&#038;I\/007<br \/>\n<i class=\"fa fa-folder-open\"><\/i> <span style=\"font-size: 0.8em;\">Sistema inteligente de Controlo de Planos Alimentares para o Desporto<\/span><br \/>\n<i class=\"fa fa-tag\"><\/i> Co-promo\u00e7\u00e3o IPV \/ Caixa Geral de Dep\u00f3sitos<br \/>\n<i class=\"fa fa-clock-o\"><\/i> 2019 &#8211; 2022<\/p>\n<\/div>\n<\/div><\/div>\n<div class=\" pt-cv-content-item pt-cv-1-col\" ><div class=\"pt-cv-thumb-wrapper  \"><a href=\"https:\/\/events.ipv.pt\/cernas\/pt\/sistema-inteligente-de-controlo-de-planos-alimentares-para-doentes-de-alzheimer-e-outras-demencias\/\" class=\"_self pt-cv-href-thumbnail pt-cv-thumb-default\" target=\"_self\" ><img loading=\"lazy\" decoding=\"async\" width=\"370\" height=\"264\" src=\"https:\/\/events.ipv.pt\/cernas\/wp-content\/uploads\/2021\/03\/mk.jpg\" class=\"pt-cv-thumbnail\" alt=\"\" \/><\/a><\/div>\n<div class=\"pt-cv-content\"><div class=\"ast-container\">\n<p>PROJ\/IPV\/ID&#038;I\/002<br \/>\n<i class=\"fa fa-folder-open\"><\/i> <span style=\"font-size: 0.8em;\">Sistema inteligente de Controlo de Planos Alimentares para Doentes de Alzheimer e Outras Dem\u00eancias<\/span><br \/>\n<i class=\"fa fa-tag\"><\/i> Co-promo\u00e7\u00e3o IPV \/ Caixa Geral de Dep\u00f3sitos<br \/>\n<i class=\"fa fa-clock-o\"><\/i> 2019 &#8211; 2022<\/p>\n<\/div>\n<\/div><\/div>\n<div class=\" pt-cv-content-item pt-cv-1-col\" ><div class=\"pt-cv-thumb-wrapper  \"><a href=\"https:\/\/events.ipv.pt\/cernas\/pt\/life-landscape-fire-life-landscape-fire-project\/\" class=\"_self pt-cv-href-thumbnail pt-cv-thumb-default\" target=\"_self\" ><img loading=\"lazy\" decoding=\"async\" width=\"370\" height=\"264\" src=\"https:\/\/events.ipv.pt\/cernas\/wp-content\/uploads\/2021\/03\/mk.jpg\" class=\"pt-cv-thumbnail\" alt=\"\" \/><\/a><\/div>\n<div class=\"pt-cv-content\"><div class=\"ast-container\">\n<p>LIFE18 ENV\/PT\/000361<br \/>\n<i class=\"fa fa-folder-open\"><\/i> LIFE LANDSCAPE FIRE &#8211; LIFE LANDSCAPE FIRE PROJECT<br \/>\n<span style=\"font-size: 0.8em;\">New methodologies for forest fire prevention<\/span><br \/>\n<i class=\"fa fa-clock-o\"><\/i> 2019 &#8211; 2022<\/p>\n<\/div>\n<\/div><\/div>\n<div class=\" pt-cv-content-item pt-cv-1-col\" ><div class=\"pt-cv-thumb-wrapper  \"><a href=\"https:\/\/events.ipv.pt\/cernas\/pt\/equipes\/\" class=\"_self pt-cv-href-thumbnail pt-cv-thumb-default\" target=\"_self\" ><img loading=\"lazy\" decoding=\"async\" width=\"370\" height=\"264\" src=\"https:\/\/events.ipv.pt\/cernas\/wp-content\/uploads\/2021\/03\/mk.jpg\" class=\"pt-cv-thumbnail\" alt=\"\" \/><\/a><\/div>\n<div class=\"pt-cv-content\"><div class=\"ast-container\">\n<p>PROJ\/IPV\/ID&#038;I\/022<br \/>\n<i class=\"fa fa-folder-open\"><\/i> EQuIPES<br \/>\n<span style=\"font-size: 0.8em;\">Estudo de Qualidade e Inova\u00e7\u00e3o Pedag\u00f3gica no Ensino Superior<\/span><br \/>\n<i class=\"fa fa-tag\"><\/i> Co-promo\u00e7\u00e3o IPV \/ Caixa Geral de Dep\u00f3sitos<br \/>\n<i class=\"fa fa-clock-o\"><\/i> 2019 &#8211; 2022<\/p>\n<\/div>\n<\/div><\/div>\n<div class=\" pt-cv-content-item pt-cv-1-col\" ><div class=\"pt-cv-thumb-wrapper  \"><a href=\"https:\/\/events.ipv.pt\/cernas\/pt\/valorizar-a-agricultura-familiar\/\" class=\"_self pt-cv-href-thumbnail pt-cv-thumb-default\" target=\"_self\" ><img loading=\"lazy\" decoding=\"async\" width=\"370\" height=\"264\" src=\"https:\/\/events.ipv.pt\/cernas\/wp-content\/uploads\/2019\/01\/valorizar.jpg\" class=\"pt-cv-thumbnail\" alt=\"\" \/><\/a><\/div>\n<div class=\"pt-cv-content\"><div class=\"ast-container\">\n<p>PDR2020-20.2.4-FEADER-058135<br \/>\n<i class=\"fa fa-folder-open\"><\/i> <span style=\"font-size: 0.8em;\">Valorizar a agricultura familiar<\/span><br \/>\n<i class=\"fa fa-tag\"><\/i> PDR 2020<br \/>\n<i class=\"fa fa-clock-o\"><\/i> 2019 &#8211; 2023 <a class=\"bt_quad\" href=\"https:\/\/www.ipv.pt\/pi\/PDR2020-2024-058135.pdf\" rel=\"noopener\" target=\"_blank\">mais<\/a><br \/>\n<img loading=\"lazy\" decoding=\"async\" src=\"http:\/\/127.0.0.1\/cernas\/wp-content\/uploads\/2019\/01\/pdr.png\" alt=\"\" width=\"454\" height=\"37\" class=\"alignnone size-full wp-image-839\" srcset=\"https:\/\/events.ipv.pt\/cernas\/wp-content\/uploads\/2019\/01\/pdr.png 454w, https:\/\/events.ipv.pt\/cernas\/wp-content\/uploads\/2019\/01\/pdr-300x24.png 300w\" sizes=\"auto, (max-width: 454px) 100vw, 454px\" \/><\/p>\n<\/div>\n<\/div><\/div>\n<div class=\" pt-cv-content-item pt-cv-1-col\" ><div class=\"pt-cv-thumb-wrapper  \"><a href=\"https:\/\/events.ipv.pt\/cernas\/pt\/contributos-da-agricultura-familiar-para-a-promocao-de-sistemas-alimentares-e-dietas-sustentaveis\/\" class=\"_self pt-cv-href-thumbnail pt-cv-thumb-default\" target=\"_self\" ><img loading=\"lazy\" decoding=\"async\" width=\"370\" height=\"264\" src=\"https:\/\/events.ipv.pt\/cernas\/wp-content\/uploads\/2019\/01\/contributos.jpg\" class=\"pt-cv-thumbnail\" alt=\"\" \/><\/a><\/div>\n<div class=\"pt-cv-content\"><div class=\"ast-container\">\n<p>PDR2020-20.2.4-FEADER-058145<br \/>\n<i class=\"fa fa-folder-open\"><\/i> <span style=\"font-size: 0.8em;\">Contributos da Agricultura Familiar para a promo\u00e7\u00e3o de sistemas alimentares e dietas sustent\u00e1veis<\/span><br \/>\n<i class=\"fa fa-tag\"><\/i> PDR 2020<br \/>\n<i class=\"fa fa-clock-o\"><\/i> 2019 &#8211; 2022 <a class=\"bt_quad\" href=\"https:\/\/www.ipv.pt\/pi\/PDR2020-2024-058145.pdf\" rel=\"noopener\" target=\"_blank\">mais<\/a><br \/>\n<img loading=\"lazy\" decoding=\"async\" src=\"http:\/\/127.0.0.1\/cernas\/wp-content\/uploads\/2019\/01\/pdr.png\" alt=\"\" width=\"454\" height=\"37\" class=\"alignnone size-full wp-image-839\" srcset=\"https:\/\/events.ipv.pt\/cernas\/wp-content\/uploads\/2019\/01\/pdr.png 454w, https:\/\/events.ipv.pt\/cernas\/wp-content\/uploads\/2019\/01\/pdr-300x24.png 300w\" sizes=\"auto, (max-width: 454px) 100vw, 454px\" \/><\/p>\n<\/div>\n<\/div><\/div>\n<div class=\" pt-cv-content-item pt-cv-1-col\" ><div class=\"pt-cv-thumb-wrapper  \"><a href=\"https:\/\/events.ipv.pt\/cernas\/pt\/beeb\/\" class=\"_self pt-cv-href-thumbnail pt-cv-thumb-default\" target=\"_self\" ><img loading=\"lazy\" decoding=\"async\" width=\"370\" height=\"264\" src=\"https:\/\/events.ipv.pt\/cernas\/wp-content\/uploads\/2021\/03\/pbeeB.jpg\" class=\"pt-cv-thumbnail\" alt=\"\" \/><\/a><\/div>\n<div class=\"pt-cv-content\"><div class=\"ast-container\">\n<p><a style=\"font-size: 1.5em;\" href=\"http:\/\/127.0.0.1\/cernas\/premio-melhor-projeto\/#m_proj\"><i class=\"fa fa-certificate\"><\/i><\/a><br \/>\n2019-1-PT01-KA202-060782<br \/>\n<i class=\"fa fa-folder-open\"><\/i> beeB<br \/>\n<span style=\"font-size: 0.8em;\">Foster for beekeeping bridges through innovative and participative training<\/span><br \/>\n<i class=\"fa fa-tag\"><\/i> Erasmus+ &#8211; Transfer\u00eancia de conhecimento<br \/>\n<i class=\"fa fa-clock-o\"><\/i> 2019 &#8211; 2022<\/p>\n<\/div>\n<\/div><\/div>\n<div class=\" pt-cv-content-item pt-cv-1-col\" ><div class=\"pt-cv-thumb-wrapper  \"><a href=\"https:\/\/events.ipv.pt\/cernas\/pt\/agro-silvo-pastoris\/\" class=\"_self pt-cv-href-thumbnail pt-cv-thumb-default\" target=\"_self\" ><img loading=\"lazy\" decoding=\"async\" width=\"370\" height=\"264\" src=\"https:\/\/events.ipv.pt\/cernas\/wp-content\/uploads\/2019\/01\/pmitigacao.jpg\" class=\"pt-cv-thumbnail\" alt=\"\" \/><\/a><\/div>\n<div class=\"pt-cv-content\"><div class=\"ast-container\">\n<p>PDR2020-2024-055375<br \/>\n<i class=\"fa fa-folder-open\"><\/i> Mitiga\u00e7\u00e3o do despovoamento atrav\u00e9s da revitaliza\u00e7\u00e3o dos sistemas agro-silvo-pastoris no interior de Portugal<br \/>\n<i class=\"fa fa-tag\"><\/i> PDR 2020<br \/>\n<i class=\"fa fa-clock-o\"><\/i> 2019 &#8211; 2021 <a class=\"bt_quad\" href=\"https:\/\/www.ipv.pt\/pi\/PDR2020-2024-055375.pdf\" rel=\"noopener\" target=\"_blank\">mais<\/a><br \/>\n<img loading=\"lazy\" decoding=\"async\" src=\"http:\/\/127.0.0.1\/cernas\/wp-content\/uploads\/2019\/01\/pdr.png\" alt=\"\" width=\"454\" height=\"37\" class=\"alignnone size-full wp-image-839\" srcset=\"https:\/\/events.ipv.pt\/cernas\/wp-content\/uploads\/2019\/01\/pdr.png 454w, https:\/\/events.ipv.pt\/cernas\/wp-content\/uploads\/2019\/01\/pdr-300x24.png 300w\" sizes=\"auto, (max-width: 454px) 100vw, 454px\" \/><\/p>\n<\/div>\n<\/div><\/div>\n<div class=\" pt-cv-content-item pt-cv-1-col\" ><div class=\"pt-cv-thumb-wrapper  \"><a href=\"https:\/\/events.ipv.pt\/cernas\/pt\/jasm\/\" class=\"_self pt-cv-href-thumbnail pt-cv-thumb-default\" target=\"_self\" ><img loading=\"lazy\" decoding=\"async\" width=\"370\" height=\"264\" src=\"https:\/\/events.ipv.pt\/cernas\/wp-content\/uploads\/2018\/12\/jasm.jpg\" class=\"pt-cv-thumbnail\" alt=\"\" \/><\/a><\/div>\n<div class=\"pt-cv-content\"><div class=\"ast-container\">\n<p>PROJ\/IPV\/ID&#038;I\/030<br \/>\n<i class=\"fa fa-folder-open\"><\/i> JASM<br \/>\n<span style=\"font-size: 0.8em;\">Janela aberta sobre o mundo: l\u00ednguas estrangeiras, criatividade multimodal e inova\u00e7\u00e3o pedag\u00f3gica no ensino superior<\/span><br \/>\n<i class=\"fa fa-tag\"><\/i> Co-promo\u00e7\u00e3o IPV \/ Caixa Geral de Dep\u00f3sitos<br \/>\n<i class=\"fa fa-clock-o\"><\/i> 2019 &#8211; 2021<\/p>\n<\/div>\n<\/div><\/div>\n<div class=\" pt-cv-content-item pt-cv-1-col\" ><div class=\"pt-cv-thumb-wrapper  \"><a href=\"https:\/\/events.ipv.pt\/cernas\/pt\/conservation-and-selection-of-ancient-grapevine-varieties\/\" class=\"_self pt-cv-href-thumbnail pt-cv-thumb-default\" target=\"_self\" ><img loading=\"lazy\" decoding=\"async\" width=\"370\" height=\"264\" src=\"https:\/\/events.ipv.pt\/cernas\/wp-content\/uploads\/2021\/03\/mk.jpg\" class=\"pt-cv-thumbnail\" alt=\"\" \/><\/a><\/div>\n<div class=\"pt-cv-content\"><div class=\"ast-container\">\n<p>PDR 784-042704<br \/>\n<i class=\"fa fa-folder-open\"><\/i> <span style=\"font-size: 0.8em;\">CONSERVATION AND SELECTION OF ANCIENT GRAPEVINE VARIETIES<\/span><br \/>\n<i class=\"fa fa-tag\"><\/i> PDR<br \/>\n<i class=\"fa fa-clock-o\"><\/i> 2018 &#8211; 2022<\/p>\n<\/div>\n<\/div><\/div>\n<div class=\" pt-cv-content-item pt-cv-1-col\" ><div class=\"pt-cv-thumb-wrapper  \"><a href=\"https:\/\/events.ipv.pt\/cernas\/pt\/multiforest\/\" class=\"_self pt-cv-href-thumbnail pt-cv-thumb-default\" target=\"_self\" ><img loading=\"lazy\" decoding=\"async\" width=\"370\" height=\"264\" src=\"https:\/\/events.ipv.pt\/cernas\/wp-content\/uploads\/2018\/01\/pMultiforest.jpg\" class=\"pt-cv-thumbnail\" alt=\"\" \/><\/a><\/div>\n<div class=\"pt-cv-content\"><div class=\"ast-container\">\n<p>PDR2020-2023-045936<br \/>\n<i class=\"fa fa-folder-open\"><\/i> MultiForest<br \/>\n<span style=\"font-size: 0.8em;\">A Multifuncionalidade da floresta &#8211; Potencialidade e valoriza\u00e7\u00e3o dos bens e servi\u00e7os dos ecossistemas florestais em Portugal<\/span><br \/>\n<i class=\"fa fa-tag\"><\/i> PDR 2020: Opera\u00e7\u00e3o 20.2.3 &#8211; Assist\u00eancia t\u00e9cnica RRN-\u00c1rea 3<br \/>\n<i class=\"fa fa-clock-o\"><\/i> 2018 &#8211; 2022 <a class=\"bt_quad\" href=\"https:\/\/www.ipv.pt\/pi\/PDR2020-2023-045936.pdf\" rel=\"noopener\" target=\"_blank\">mais<\/a><br \/>\n<img loading=\"lazy\" decoding=\"async\" src=\"http:\/\/127.0.0.1\/cernas\/wp-content\/uploads\/2019\/01\/pdr.png\" alt=\"\" width=\"454\" height=\"37\" class=\"alignnone size-full wp-image-839\" srcset=\"https:\/\/events.ipv.pt\/cernas\/wp-content\/uploads\/2019\/01\/pdr.png 454w, https:\/\/events.ipv.pt\/cernas\/wp-content\/uploads\/2019\/01\/pdr-300x24.png 300w\" sizes=\"auto, (max-width: 454px) 100vw, 454px\" \/><\/p>\n<\/div>\n<\/div><\/div>\n<div class=\" pt-cv-content-item pt-cv-1-col\" ><div class=\"pt-cv-thumb-wrapper  \"><a href=\"https:\/\/events.ipv.pt\/cernas\/pt\/valorcast\/\" class=\"_self pt-cv-href-thumbnail pt-cv-thumb-default\" target=\"_self\" ><img loading=\"lazy\" decoding=\"async\" width=\"350\" height=\"250\" src=\"https:\/\/events.ipv.pt\/cernas\/wp-content\/uploads\/2021\/03\/pValorCast.jpg\" class=\"pt-cv-thumbnail\" alt=\"\" \/><\/a><\/div>\n<div class=\"pt-cv-content\"><div class=\"ast-container\">\n<p>PDR2020-101-032030<br \/>\n<i class=\"fa fa-folder-open\"><\/i> ValorCast<br \/>\n<i class=\"fa fa-tag\"><\/i> PDR2020 1.0.1. Grupos Operacionais \u2013 A\u00e7\u00e3o 1.1\/2016<br \/>\n<i class=\"fa fa-clock-o\"><\/i> 2018 &#8211; 2021 <a class=\"bt_quad\" href=\"https:\/\/www.ipv.pt\/pi\/PDR2020-101-032035.pdf\" rel=\"noopener\" target=\"_blank\">mais<\/a><br \/>\n<img loading=\"lazy\" decoding=\"async\" src=\"http:\/\/127.0.0.1\/cernas\/wp-content\/uploads\/2019\/01\/pdr.png\" alt=\"\" width=\"454\" height=\"37\" class=\"alignnone size-full wp-image-839\" srcset=\"https:\/\/events.ipv.pt\/cernas\/wp-content\/uploads\/2019\/01\/pdr.png 454w, https:\/\/events.ipv.pt\/cernas\/wp-content\/uploads\/2019\/01\/pdr-300x24.png 300w\" sizes=\"auto, (max-width: 454px) 100vw, 454px\" \/><\/p>\n<\/div>\n<\/div><\/div>\n<div class=\" pt-cv-content-item pt-cv-1-col\" ><div class=\"pt-cv-thumb-wrapper  \"><a href=\"https:\/\/events.ipv.pt\/cernas\/pt\/valnuts\/\" class=\"_self pt-cv-href-thumbnail pt-cv-thumb-default\" target=\"_self\" ><img loading=\"lazy\" decoding=\"async\" width=\"350\" height=\"250\" src=\"https:\/\/events.ipv.pt\/cernas\/wp-content\/uploads\/2018\/01\/pValNuts.jpg\" class=\"pt-cv-thumbnail\" alt=\"\" \/><\/a><\/div>\n<div class=\"pt-cv-content\"><div class=\"ast-container\">\n<p>PDR2020-101-030759<br \/>\n<i class=\"fa fa-folder-open\"><\/i> ValNuts<br \/>\n<i class=\"fa fa-tag\"><\/i> PDR2020 1.0.1. Grupos Operacionais \u2013 A\u00e7\u00e3o 1.1\/2016<br \/>\n<i class=\"fa fa-clock-o\"><\/i> 2018 &#8211; 2021 <a class=\"bt_quad\" href=\"https:\/\/www.ipv.pt\/pi\/Fcha%20projeto%20valnuts_IPV.pdf\" rel=\"noopener\" target=\"_blank\">mais<\/a><br \/>\n<img loading=\"lazy\" decoding=\"async\" src=\"http:\/\/127.0.0.1\/cernas\/wp-content\/uploads\/2019\/01\/pdr.png\" alt=\"\" width=\"454\" height=\"37\" class=\"alignnone size-full wp-image-839\" srcset=\"https:\/\/events.ipv.pt\/cernas\/wp-content\/uploads\/2019\/01\/pdr.png 454w, https:\/\/events.ipv.pt\/cernas\/wp-content\/uploads\/2019\/01\/pdr-300x24.png 300w\" sizes=\"auto, (max-width: 454px) 100vw, 454px\" \/><\/p>\n<\/div>\n<\/div><\/div>\n<div class=\" pt-cv-content-item pt-cv-1-col\" ><div class=\"pt-cv-thumb-wrapper  \"><a href=\"https:\/\/events.ipv.pt\/cernas\/pt\/bagaconvalor\/\" class=\"_self pt-cv-href-thumbnail pt-cv-thumb-default\" target=\"_self\" ><img loading=\"lazy\" decoding=\"async\" width=\"370\" height=\"264\" src=\"https:\/\/events.ipv.pt\/cernas\/wp-content\/uploads\/2021\/03\/pBaga.jpg\" class=\"pt-cv-thumbnail\" alt=\"\" \/><\/a><\/div>\n<div class=\"pt-cv-content\"><div class=\"ast-container\">\n<p>POCI-01-0247-FEDER-033558<br \/>\n<i class=\"fa fa-folder-open\"><\/i> BagaConValor<br \/>\n<span style=\"font-size: 0.8em;\">Cria\u00e7\u00e3o de valor no processo tecnol\u00f3gico de produ\u00e7\u00e3o de sumo concentrado de baga de sabugueiro<\/span><br \/>\n<i class=\"fa fa-tag\"><\/i> POCI<br \/>\n<i class=\"fa fa-clock-o\"><\/i> 2018 &#8211; 2021<\/p>\n<\/div>\n<\/div><\/div>\n<div class=\" pt-cv-content-item pt-cv-1-col\" ><div class=\"pt-cv-thumb-wrapper  \"><a href=\"https:\/\/events.ipv.pt\/cernas\/pt\/twine\/\" class=\"_self pt-cv-href-thumbnail pt-cv-thumb-default\" target=\"_self\" ><img loading=\"lazy\" decoding=\"async\" width=\"370\" height=\"264\" src=\"https:\/\/events.ipv.pt\/cernas\/wp-content\/uploads\/2021\/03\/pTwine.jpg\" class=\"pt-cv-thumbnail\" alt=\"\" \/><\/a><\/div>\n<div class=\"pt-cv-content\"><div class=\"ast-container\">\n<p>POCI-01-0145-FEDER-032259<br \/>\n<i class=\"fa fa-folder-open\"><\/i> TWINE<br \/>\n<span style=\"font-size: 0.8em;\">Co-creating sustainable Tourism &#038; WINe Experiences in rural areas<\/span><br \/>\n<i class=\"fa fa-clock-o\"><\/i> 2018 &#8211; 2022<\/p>\n<\/div>\n<\/div><\/div>\n<div class=\" pt-cv-content-item pt-cv-1-col\" ><div class=\"pt-cv-thumb-wrapper  \"><a href=\"https:\/\/events.ipv.pt\/cernas\/pt\/fileira-do-queijo\/\" class=\"_self pt-cv-href-thumbnail pt-cv-thumb-default\" target=\"_self\" ><img loading=\"lazy\" decoding=\"async\" width=\"370\" height=\"264\" src=\"https:\/\/events.ipv.pt\/cernas\/wp-content\/uploads\/2021\/03\/pQueijo.jpg\" class=\"pt-cv-thumbnail\" alt=\"\" \/><\/a><\/div>\n<div class=\"pt-cv-content\"><div class=\"ast-container\">\n<p>CENTRO 04-3928-FEDER-000014<br \/>\n<i class=\"fa fa-folder-open\"><\/i> Programa de valoriza\u00e7\u00e3o da fileira do queijo da regi\u00e3o centro<br \/>\n<i class=\"fa fa-tag\"><\/i> PORTUGAL 2020; CENTRO 2020<br \/>\n<i class=\"fa fa-clock-o\"><\/i> 2018 &#8211; 2022<\/p>\n<\/div>\n<\/div><\/div>\n<div class=\" pt-cv-content-item pt-cv-1-col\" ><div class=\"pt-cv-thumb-wrapper  \"><a href=\"https:\/\/events.ipv.pt\/cernas\/pt\/climcast\/\" class=\"_self pt-cv-href-thumbnail pt-cv-thumb-default\" target=\"_self\" ><img loading=\"lazy\" decoding=\"async\" width=\"370\" height=\"264\" src=\"https:\/\/events.ipv.pt\/cernas\/wp-content\/uploads\/2021\/03\/pClimCast.jpg\" class=\"pt-cv-thumbnail\" alt=\"\" \/><\/a><\/div>\n<div class=\"pt-cv-content\"><div class=\"ast-container\">\n<p>PDR20202-101-032043<br \/>\n<i class=\"fa fa-folder-open\"><\/i> Climcast<br \/>\n<span style=\"font-size: 0.8em;\">Os novos desafios para o souto no contexto de altera\u00e7\u00f5es clim\u00e1ticas<\/span><br \/>\n<i class=\"fa fa-tag\"><\/i> Grupos Operacionais, Iniciativa 137<br \/>\n<i class=\"fa fa-clock-o\"><\/i> 2017 &#8211; 2022<\/p>\n<\/div>\n<\/div><\/div>\n<div class=\" pt-cv-content-item pt-cv-1-col\" ><div class=\"pt-cv-thumb-wrapper  \"><a href=\"https:\/\/events.ipv.pt\/cernas\/pt\/mobfood\/\" class=\"_self pt-cv-href-thumbnail pt-cv-thumb-default\" target=\"_self\" ><img loading=\"lazy\" decoding=\"async\" width=\"370\" height=\"264\" src=\"https:\/\/events.ipv.pt\/cernas\/wp-content\/uploads\/2021\/03\/pMobFood.jpg\" class=\"pt-cv-thumbnail\" alt=\"\" \/><\/a><\/div>\n<div class=\"pt-cv-content\"><div class=\"ast-container\">\n<p>POCI-01-0247-FEDER-024524<br \/>\n<i class=\"fa fa-folder-open\"><\/i> Mobfood<br \/>\n<span style=\"font-size: 0.8em;\">Mobiliza\u00e7\u00e3o de conhecimento cient\u00edfico e tecnol\u00f3gico em resposta aos desafios do mercado agroalimentar \u2013 PPS 6 \u2013 ORIGINFOOD \u2013 Autenticidade e rastreabilidade de produtos frut\u00edcolas DOP (pera Rocha) e IGP (ma\u00e7\u00e3 Golden Delicious de Alcoba\u00e7a) e queijo DOP (Serra da Estrela)<\/span><br \/>\n<i class=\"fa fa-tag\"><\/i> POCI \/ COMPETE2020<br \/>\n<i class=\"fa fa-clock-o\"><\/i> 2017 &#8211; 2020<\/p>\n<\/div>\n<\/div><\/div>\n<div class=\" pt-cv-content-item pt-cv-1-col\" ><div class=\"pt-cv-thumb-wrapper  \"><a href=\"https:\/\/events.ipv.pt\/cernas\/pt\/waste2value\/\" class=\"_self pt-cv-href-thumbnail pt-cv-thumb-default\" target=\"_self\" ><img loading=\"lazy\" decoding=\"async\" width=\"370\" height=\"264\" src=\"https:\/\/events.ipv.pt\/cernas\/wp-content\/uploads\/2021\/03\/pWaste2Value.jpg\" class=\"pt-cv-thumbnail\" alt=\"\" \/><\/a><\/div>\n<div class=\"pt-cv-content\"><div class=\"ast-container\">\n<p>PDR2020-101-032314<br \/>\n<i class=\"fa fa-folder-open\"><\/i> Waste2Value<br \/>\n<span style=\"font-size: 0.8em;\">Integra\u00e7\u00e3o da valoriza\u00e7\u00e3o de subprodutos da atividade agr\u00edcola com a produ\u00e7\u00e3o de alimentos compostos para animais, pl\u00e1sticos biodegrad\u00e1veis e tratamento de efluentes animais<\/span><br \/>\n<i class=\"fa fa-tag\"><\/i> Grupos Operacionais, Parceria 94, Iniciativa 189<br \/>\n<i class=\"fa fa-clock-o\"><\/i> 2017 &#8211; 2020 <a class=\"bt_quad\" href=\"https:\/\/www.ipv.pt\/pi\/PDR2020-101-032314.pdf\" rel=\"noopener\" target=\"_blank\">mais<\/a><br \/>\n<img loading=\"lazy\" decoding=\"async\" src=\"http:\/\/127.0.0.1\/cernas\/wp-content\/uploads\/2019\/01\/pdr.png\" alt=\"\" width=\"454\" height=\"37\" class=\"alignnone size-full wp-image-839\" srcset=\"https:\/\/events.ipv.pt\/cernas\/wp-content\/uploads\/2019\/01\/pdr.png 454w, https:\/\/events.ipv.pt\/cernas\/wp-content\/uploads\/2019\/01\/pdr-300x24.png 300w\" sizes=\"auto, (max-width: 454px) 100vw, 454px\" \/><\/p>\n<\/div>\n<\/div><\/div>\n<div class=\" pt-cv-content-item pt-cv-1-col\" ><div class=\"pt-cv-thumb-wrapper  \"><a href=\"https:\/\/events.ipv.pt\/cernas\/pt\/learnins-creatin\/\" class=\"_self pt-cv-href-thumbnail pt-cv-thumb-default\" target=\"_self\" ><img loading=\"lazy\" decoding=\"async\" width=\"370\" height=\"264\" src=\"https:\/\/events.ipv.pt\/cernas\/wp-content\/uploads\/2021\/03\/pLearnin.jpg\" class=\"pt-cv-thumbnail\" alt=\"\" \/><\/a><\/div>\n<div class=\"pt-cv-content\"><div class=\"ast-container\">\n<p>02\/SAICT\/2016<br \/>\n<i class=\"fa fa-folder-open\"><\/i> LEARNIN&#8217;S CREATIN&#8217;<br \/>\n<span style=\"font-size:0.8em;\">Addressing SR&#038;TD problems, decreasing dropout and improving student outcomes, using active learning methodologies<\/span><br \/>\n<i class=\"fa fa-tag\"><\/i> Compete 2020<br \/>\n<i class=\"fa fa-clock-o\"><\/i> 2017 &#8211; 2020<\/p>\n<\/div>\n<\/div><\/div>\n<div class=\" pt-cv-content-item pt-cv-1-col\" ><div class=\"pt-cv-thumb-wrapper  \"><a href=\"https:\/\/events.ipv.pt\/cernas\/pt\/egis\/\" class=\"_self pt-cv-href-thumbnail pt-cv-thumb-default\" target=\"_self\" ><img loading=\"lazy\" decoding=\"async\" width=\"370\" height=\"264\" src=\"https:\/\/events.ipv.pt\/cernas\/wp-content\/uploads\/2021\/03\/pEgis.jpg\" class=\"pt-cv-thumbnail\" alt=\"\" \/><\/a><\/div>\n<div class=\"pt-cv-content\"><div class=\"ast-container\">\n<p>PDR2020-101-030987<br \/>\n<i class=\"fa fa-folder-open\"><\/i> Egis<br \/>\n<span style=\"font-size:0.8em;\">Estrat\u00e9gia para uma Gest\u00e3o Integrada em Esp\u00e9cies Produtoras de Frutos Secos<\/span><br \/>\n<i class=\"fa fa-tag\"><\/i> Grupos Operacionais<br \/>\n<i class=\"fa fa-clock-o\"><\/i> 2017 &#8211; 2022<\/p>\n<\/div>\n<\/div><\/div>\n<div class=\" pt-cv-content-item pt-cv-1-col\" ><div class=\"pt-cv-thumb-wrapper  \"><a href=\"https:\/\/events.ipv.pt\/cernas\/pt\/qlasse\/\" class=\"_self pt-cv-href-thumbnail pt-cv-thumb-default\" target=\"_self\" ><img loading=\"lazy\" decoding=\"async\" width=\"370\" height=\"264\" src=\"https:\/\/events.ipv.pt\/cernas\/wp-content\/uploads\/2021\/03\/pQclasse.jpg\" class=\"pt-cv-thumbnail\" alt=\"\" \/><\/a><\/div>\n<div class=\"pt-cv-content\"><div class=\"ast-container\">\n<p>POCI-01-0247-FEDER-02329<br \/>\n<i class=\"fa fa-folder-open\"><\/i> QLASSE<br \/>\n<span style=\"font-size:0.8em;\">Caracteriza\u00e7\u00e3o e valoriza\u00e7\u00e3o do QSE DOP e sua voca\u00e7\u00e3o para a promo\u00e7\u00e3o da sa\u00fade<\/span><br \/>\n<i class=\"fa fa-tag\"><\/i> FCT<br \/>\n<i class=\"fa fa-clock-o\"><\/i> 2017 &#8211; 2019<\/p>\n<\/div>\n<\/div><\/div>\n<div class=\" pt-cv-content-item pt-cv-1-col\" ><div class=\"pt-cv-thumb-wrapper  \"><a href=\"https:\/\/events.ipv.pt\/cernas\/pt\/terralva\/\" class=\"_self pt-cv-href-thumbnail pt-cv-thumb-default\" target=\"_self\" ><img loading=\"lazy\" decoding=\"async\" width=\"370\" height=\"264\" src=\"https:\/\/events.ipv.pt\/cernas\/wp-content\/uploads\/2017\/01\/terralva.jpg\" class=\"pt-cv-thumbnail\" alt=\"\" \/><\/a><\/div>\n<div class=\"pt-cv-content\"><div class=\"ast-container\">\n<p>POCI-01-0145-FEDER-024328<br \/>\n<i class=\"fa fa-folder-open\"><\/i> TERRALVA<br \/>\n<span style=\"font-size: 0.8em;\">Definition and influence of Terroir in quality of Alvarinho wine<\/span><br \/>\n<i class=\"fa fa-tag\"><\/i> POCI<br \/>\n<i class=\"fa fa-clock-o\"><\/i> 2017 &#8211; 2019<\/p>\n<\/div>\n<\/div><\/div>\n<div class=\" pt-cv-content-item pt-cv-1-col\" ><div class=\"pt-cv-thumb-wrapper  \"><a href=\"https:\/\/events.ipv.pt\/cernas\/pt\/eatmot\/\" class=\"_self pt-cv-href-thumbnail pt-cv-thumb-default\" target=\"_self\" ><img loading=\"lazy\" decoding=\"async\" width=\"370\" height=\"264\" src=\"https:\/\/events.ipv.pt\/cernas\/wp-content\/uploads\/2021\/03\/pEatmot.jpg\" class=\"pt-cv-thumbnail\" alt=\"\" \/><\/a><\/div>\n<div class=\"pt-cv-content\"><div class=\"ast-container\">\n<p>PROJ\/CI&#038;DETS\/CGD\/0012<br \/>\n<i class=\"fa fa-folder-open\"><\/i> EATMOT<br \/>\n<span style=\"font-size: 0.8em;\">Psycho-social motivations associated with food choices and eating practices<\/span><br \/>\n<i class=\"fa fa-tag\"><\/i> Co-promo\u00e7\u00e3o IPV \/ Caixa Geral de Dep\u00f3sitos<br \/>\n<i class=\"fa fa-clock-o\"><\/i> 2017 &#8211; 2018 <a class=\"bt_quad\" href=\"https:\/\/raquelguine.wixsite.com\/eatmot\" rel=\"noopener noreferrer\" target=\"_blank\">projeto<\/a><\/p>\n<\/div>\n<\/div><\/div>\n<div class=\" pt-cv-content-item pt-cv-1-col\" ><div class=\"pt-cv-thumb-wrapper  \"><a href=\"https:\/\/events.ipv.pt\/cernas\/pt\/castas-autoctones\/\" class=\"_self pt-cv-href-thumbnail pt-cv-thumb-default\" target=\"_self\" ><img loading=\"lazy\" decoding=\"async\" width=\"370\" height=\"264\" src=\"https:\/\/events.ipv.pt\/cernas\/wp-content\/uploads\/2016\/01\/plogoPR-3.jpg\" class=\"pt-cv-thumbnail\" alt=\"\" \/><\/a><\/div>\n<div class=\"pt-cv-content\"><div class=\"ast-container\">\n<p>CENTRO-04-3928-FEDER-000001<br \/>\n<i class=\"fa fa-folder-open\"><\/i> Estudo comparativo de Castas Aut\u00f3ctones na Regi\u00e3o do D\u00e3o<br \/>\n<span style=\"font-size: 0.8em;\">inserida no Projeto Estrat\u00e9gico de Apoio a Fileira do Vinho na Regi\u00e3o Centro<\/span><br \/>\n<i class=\"fa fa-tag\"><\/i> FEDER<br \/>\n<i class=\"fa fa-clock-o\"><\/i> 2016 &#8211; 2019<\/p>\n<\/div>\n<\/div><\/div><\/div><\/div><\/div>\t\t\t<style type=\"text\/css\" id=\"pt-cv-inline-style-4c309e31mq\">\n#pt-cv-view-d4376a1wrh .pt-cv-thumb-wrapper:not(.miniwrap) {  }#pt-cv-view-d4376a1wrh .pt-cv-thumbnail:not(.pt-cv-thumbnailsm) { height: 250px; }#pt-cv-view-d4376a1wrh > .pt-cv-page {grid-template-columns: repeat(5, 1fr);grid-gap: 15px;}\n@media all and (max-width: 1024px) { \n#pt-cv-view-d4376a1wrh > .pt-cv-page {grid-template-columns: repeat(2, 1fr);}\n} \n@media all and (max-width: 767px) { \n#pt-cv-view-d4376a1wrh > .pt-cv-page {grid-template-columns: repeat(1, 1fr);}\n} <\/style>\r\n\t\t\t\n<\/div>\n<div class=\"line\"><\/div>\n<h2 class=\"fDourado\">PROJETOS<br \/>INTERNOS<\/h2>\n<p class=\"fDourado\">Porque a cria\u00e7\u00e3o de sinergias internas aliada ao est\u00edmulo para colabora\u00e7\u00e3o com o exterior tamb\u00e9m se faz de dentro para fora, e porque a cria\u00e7\u00e3o de conhecimentos come\u00e7a por pequenos passos para alcan\u00e7ar grandes feitos, o CERNAS-IPV promove projetos aprovados internamente sob proposta dos seus membros.<\/p>\n<h4 class=\"fDourado\">PRAZO DE CANDIDATURA<\/h4>\n<h5 class=\"fDourado\">permanentemente aberto<\/h5>\n<p><button class=\"btDourado\" onclick=\"window.open('\/cernas\/wp-content\/uploads\/doc\/PI&#038;DI_CERNAS-IPV_Regulamento_V2', '_blank');\">Regulamento de Projetos internos I&#038;DI do CERNAS-IPV<\/button><br \/>\n<button class=\"btDourado\" onclick=\"window.open('\/cernas\/wp-content\/uploads\/doc\/form_proj_int.rar', '_blank');\">Formul\u00e1rios de Candidatura<\/button><\/p>\n<h6 class=\"fDourado\">em curso<\/h6>\n<p><div class=\"pt-cv-wrapper\"><div class=\"pt-cv-view pt-cv-blockgrid iscvblock iscvhybrid grid1 layout1\" id=\"pt-cv-view-ad8e6faaw1\"><div data-id=\"pt-cv-page-1\" class=\"pt-cv-page\" data-cvc=\"5\"><div class=\" pt-cv-content-item pt-cv-1-col\" ><div class=\"pt-cv-content\"><p>CERNAS-IPV\/2025\/010<br \/>\n<span style=\"font-size: 0.8em;\">AgroDOT &#8211; Sustainable Production of Functional Carbon Dots for Application in Smart Fertilizers<\/span><br \/>\n[2025 &#8211; 2027]<\/p>\n<\/div><\/div>\n<div class=\" pt-cv-content-item pt-cv-1-col\" ><div class=\"pt-cv-content\"><p>CERNAS-IPV\/2025\/009<br \/>\n<span style=\"font-size: 0.8em;\">Food-WISEConsumers Optimizing Food Waste: Insights &#038; Sustainable Effortss<\/span><br \/>\n[2025 &#8211; 2027]<\/p>\n<\/div><\/div><\/div><\/div><\/div>\t\t\t<style type=\"text\/css\" id=\"pt-cv-inline-style-d4534941vo\">\n#pt-cv-view-ad8e6faaw1 .pt-cv-thumb-wrapper:not(.miniwrap) {  }#pt-cv-view-ad8e6faaw1 .pt-cv-thumbnail:not(.pt-cv-thumbnailsm) { height: 250px; }#pt-cv-view-ad8e6faaw1 > .pt-cv-page {grid-template-columns: repeat(5, 1fr);grid-gap: 15px;}\n@media all and (max-width: 1024px) { \n#pt-cv-view-ad8e6faaw1 > .pt-cv-page {grid-template-columns: repeat(2, 1fr);}\n} \n@media all and (max-width: 767px) { \n#pt-cv-view-ad8e6faaw1 > .pt-cv-page {grid-template-columns: repeat(1, 1fr);}\n} <\/style>\r\n\t\t\t<br \/>\n<button class=\"tablinks btDourado\" data-group=\"grupo2\" data-target=\"proj_concInt\">projetos conclu\u00eddos<\/button><\/p>\n<div id=\"proj_concInt\" class=\"tabcontentR\" data-group=\"grupo2\">\n<div class=\"pad100B\"><div class=\"pt-cv-wrapper\"><div class=\"pt-cv-view pt-cv-blockgrid iscvblock iscvhybrid grid1 layout1\" id=\"pt-cv-view-5442f5a4xq\"><div data-id=\"pt-cv-page-1\" class=\"pt-cv-page\" data-cvc=\"5\"><div class=\" pt-cv-content-item pt-cv-1-col\" ><div class=\"pt-cv-content\"><div class=\"ast-container\">\n<p>PI&#038;DI\/CERNAS-IPV\/2022\/008<br \/>\n<i class=\"fa fa-folder-open\"><\/i> <span style=\"font-size: 0.8em;\">Agriculture 4.0: Current reality, potentialities and policy proposals<\/span><br \/>\n<i class=\"fa fa-tag\"><\/i> Enovo. L.da<br \/>\n<i class=\"fa fa-clock-o\"><\/i> 2022 &#8211; 2024<\/p>\n<\/div>\n<\/div><\/div>\n<div class=\" pt-cv-content-item pt-cv-1-col\" ><div class=\"pt-cv-content\"><div class=\"ast-container\">\n<p>PI&#038;DI\/CERNAS-IPV\/2022\/007<br \/>\n<i class=\"fa fa-folder-open\"><\/i> <span style=\"font-size: 0.8em;\">Proposta de tra\u00e7ado para o Caminho Portugu\u00eas Interior de Santiago no concelho de Castro Daire<\/span><br \/>\n<i class=\"fa fa-tag\"><\/i> Promover, L.da<br \/>\n<i class=\"fa fa-clock-o\"><\/i> 2022 &#8211; 2024<\/p>\n<\/div>\n<\/div><\/div>\n<div class=\" pt-cv-content-item pt-cv-1-col\" ><div class=\"pt-cv-content\"><div class=\"ast-container\">\n<p>PI&#038;DI\/CERNAS-IPV\/2021\/006<br \/>\n<i class=\"fa fa-folder-open\"><\/i> VQMTT<br \/><span style=\"font-size: 0.8em;\">Varia\u00e7\u00e3o na composi\u00e7\u00e3o qu\u00edmica das madeiras de Afrormosia e Duka com o tratamento t\u00e9rmico<\/span><br \/>\n<i class=\"fa fa-clock-o\"><\/i> 2021 &#8211; 2022 \u2022 16 meses<\/p>\n<\/div>\n<\/div><\/div>\n<div class=\" pt-cv-content-item pt-cv-1-col\" ><div class=\"pt-cv-content\"><div class=\"ast-container\">\n<p>PI&#038;DI\/CERNAS-IPV\/2021\/005<br \/>\n<i class=\"fa fa-folder-open\"><\/i> ACV-F&#038;B<br \/><span style=\"font-size: 0.8em;\">Avalia\u00e7\u00e3o do Ciclo de Vida de Frutas e Bebidas: uma contribui\u00e7\u00e3o para o consumo e produ\u00e7\u00e3o mais sustent\u00e1veis<\/span><br \/>\n<i class=\"fa fa-clock-o\"><\/i> 2021 &#8211; 2022 \u2022 18 meses<\/p>\n<\/div>\n<\/div><\/div>\n<div class=\" pt-cv-content-item pt-cv-1-col\" ><div class=\"pt-cv-content\"><div class=\"ast-container\">\n<p>PI&#038;DI\/CERNAS-IPV\/2021\/004<br \/>\n<i class=\"fa fa-folder-open\"><\/i> VALARB<br \/><span style=\"font-size: 0.8em;\">Valorization of Arbutus unedo bark and branches<\/span><br \/>\n<i class=\"fa fa-clock-o\"><\/i> 2021 &#8211; 2022 \u2022 18 meses<\/p>\n<\/div>\n<\/div><\/div>\n<div class=\" pt-cv-content-item pt-cv-1-col\" ><div class=\"pt-cv-content\"><div class=\"ast-container\">\n<p>PI&#038;DI\/CERNAS-IPV\/2020\/003<br \/>\n<i class=\"fa fa-folder-open\"><\/i> EISuFood<br \/>\n<span style=\"font-size: 0.8em;\">Study  about  food  habits  and  knowledge about edible insects as sustainable foods<\/span><br \/>\n<i class=\"fa fa-tag\"><\/i> CI\u00caNCIA E ENGENHARIA ALIMENTAR<br \/>\n<i class=\"fa fa-clock-o\"><\/i> 2021 &#8211; 2022 \u2022 18 meses<br \/>\n<i class=\"fa fa-thumb-tack\"><\/i> <a class=\"bt_quad\" href=\"https:\/\/raquelguine.wixsite.com\/eisufood\" rel=\"noopener noreferrer\" target=\"_blank\">projeto<\/a><\/p>\n<\/div>\n<\/div><\/div>\n<div class=\" pt-cv-content-item pt-cv-1-col\" ><div class=\"pt-cv-content\"><div class=\"ast-container\">\n<p>PI&#038;DI\/CERNAS-IPV\/2020\/002<br \/>\n<i class=\"fa fa-folder-open\"><\/i> ACV-USEF<br \/>\n<span style=\"font-size: 0.8em;\">Aplica\u00e7\u00e3o da ACV na Evolu\u00e7\u00e3o do Uso do Solo de Esp\u00e9cies Florestais em Portugal<\/span><br \/>\n<i class=\"fa fa-tag\"><\/i> AMBIENTE E SOCIEDADE<br \/>\n<i class=\"fa fa-clock-o\"><\/i> 2020 &#8211; 2022 \u2022 14 meses<\/p>\n<\/div>\n<\/div><\/div>\n<div class=\" pt-cv-content-item pt-cv-1-col\" ><div class=\"pt-cv-content\"><div class=\"ast-container\">\n<p>PI&#038;DI\/CERNAS-IPV\/2020\/001<br \/>\n<i class=\"fa fa-folder-open\"><\/i> PCMTT<br \/><span style=\"font-size: 0.8em;\">Poder calorifico de v\u00e1rias madeiras tratadas t\u00e9rmicamente e sua rela\u00e7\u00e3o com a composi\u00e7\u00e3o qu\u00edmica<\/span><br \/>\n<i class=\"fa fa-tag\"><\/i> AMBIENTE E SOCIEDADE<br \/>\n<i class=\"fa fa-clock-o\"><\/i> 2020 &#8211; 2022 \u2022 14 meses<\/p>\n<\/div>\n<\/div><\/div><\/div><\/div><\/div>\t\t\t<style type=\"text\/css\" id=\"pt-cv-inline-style-1b38e34473\">\n#pt-cv-view-5442f5a4xq .pt-cv-thumb-wrapper:not(.miniwrap) {  }#pt-cv-view-5442f5a4xq .pt-cv-thumbnail:not(.pt-cv-thumbnailsm) { height: 250px; }#pt-cv-view-5442f5a4xq > .pt-cv-page {grid-template-columns: repeat(5, 1fr);grid-gap: 15px;}\n@media all and (max-width: 1024px) { \n#pt-cv-view-5442f5a4xq > .pt-cv-page {grid-template-columns: repeat(2, 1fr);}\n} \n@media all and (max-width: 767px) { \n#pt-cv-view-5442f5a4xq > .pt-cv-page {grid-template-columns: repeat(1, 1fr);}\n} <\/style>\r\n\t\t\t<\/div>\n<\/div>\n<\/div>\n<p><!--\n\n<div class=\"column80R\">\n\n\n<div class=\"lineEscuro\"><\/div>\n\n\n\n\n<h3>PR\u00c9MIO<br \/>MELHOR PROJETO<\/h3>\n\n\n\n\n<p>A Coordena\u00e7\u00e3o do CERNAS-IPV distingue anualmente os melhores projetos de I&DI dos membros da equipa atrav\u00e9s da atribui\u00e7\u00e3o do pr\u00e9mio de melhor projeto e de men\u00e7\u00f5es honrosas em cada um dos grupos de investiga\u00e7\u00e3o.<\/p>\n\n\n\n\n<h4>PRAZO DE CANDIDATURA<\/h4>\n\n\n\n\n<h6>anualmente entre 15 de setembro e 15 de outubro<\/h6>\n\n\n<button class=\"btPreto\" onclick=\"window.open('\/cernas\/wp-content\/uploads\/doc\/Regulamento_Premio_Projeto_V2.pdf', '_blank');\">Regulamento do Pr\u00e9mio Melhor Projeto<\/button>\n<button class=\"btPreto\" onclick=\"window.open('\/cernas\/wp-content\/uploads\/doc\/Formulario_Candidatura_Premio_Projeto_V2.docx', '_blank');\">Formul\u00e1rios de Candidatura<\/button>\n\n\n<div class=\"pad100B\">[pt_view id=\"547067a97t\"]<\/div>\n\n\n<\/div>\n\n--><\/p>\n<\/div>\n<div class=\"panel non-sticky\" id=\"publicacoes\" style=\"--color:#1E293B\">\n<div class=\"ast-container\">\n<h2 class=\"fDourado\">PUBLICA\u00c7\u00d5ES<\/h2>\n<p><button class=\"tablinks btDourado\" data-group=\"grupo2\" data-target=\"livros\"><span>9<\/span> livros<\/button> <button class=\"tablinks btDourado\" data-group=\"grupo2\" data-target=\"capitulo_livro\" data-shortcode='&#091;incluir_pagina id=\"3219\"&#093;'><span>159<\/span> cap\u00edtulos de livro<\/button> <button class=\"tablinks btDourado\" data-group=\"grupo2\" data-target=\"artigo_cientifico\" data-shortcode='&#091;incluir_pagina id=\"3237\"&#093;'><span>460<\/span> artigos em revistas cient\u00edficas<\/button><\/p>\n<div id=\"livros\" class=\"tabcontentR pad20\" data-group=\"grupo2\">\n<div class=\"pt-cv-wrapper\"><div class=\"pt-cv-view pt-cv-blockgrid iscvblock iscvhybrid grid1 layout1\" id=\"pt-cv-view-ccdbb40xkt\"><div data-id=\"pt-cv-page-1\" class=\"pt-cv-page\" data-cvc=\"4\"><div class=\" pt-cv-content-item pt-cv-1-col\" ><div class=\"pt-cv-thumb-wrapper  \"><a href=\"https:\/\/events.ipv.pt\/cernas\/pt\/manual-de-boas-praticas-gestao-do-solo-e-da-agua-em-especies-produtoras-de-frutos-secos\/\" class=\"_self pt-cv-href-thumbnail pt-cv-thumb-default\" target=\"_self\" ><img loading=\"lazy\" decoding=\"async\" width=\"500\" height=\"600\" src=\"https:\/\/events.ipv.pt\/cernas\/wp-content\/uploads\/2023\/12\/gestaoSolo.jpg\" class=\"pt-cv-thumbnail\" alt=\"\" \/><\/a><\/div>\n<div class=\"pt-cv-content\">Rodrigues MA, Correia CM (Coord.) Rodrigues MA, Arrobas M, Santos AL, Marr\u00e3o R, Santos D, Machado O, Pato RL, Amaro ...<\/div><\/div>\n<div class=\" pt-cv-content-item pt-cv-1-col\" ><div class=\"pt-cv-thumb-wrapper  \"><a href=\"https:\/\/events.ipv.pt\/cernas\/pt\/beekeeping\/\" class=\"_self pt-cv-href-thumbnail pt-cv-thumb-default\" target=\"_self\" ><img loading=\"lazy\" decoding=\"async\" width=\"500\" height=\"600\" src=\"https:\/\/events.ipv.pt\/cernas\/wp-content\/uploads\/2023\/12\/beekeeping.jpg\" class=\"pt-cv-thumbnail\" alt=\"\" \/><\/a><\/div>\n<div class=\"pt-cv-content\">Oddie M (Coord), Coelho C, Costa CA (Coord), Costa D, Gai\u00e3o D, Oliveira J, Krsnik M, Correia P, Guin\u00e9 R, ...<\/div><\/div>\n<div class=\" pt-cv-content-item pt-cv-1-col\" ><div class=\"pt-cv-thumb-wrapper  \"><a href=\"https:\/\/events.ipv.pt\/cernas\/pt\/teste\/\" class=\"_self pt-cv-href-thumbnail pt-cv-thumb-default\" target=\"_self\" ><img loading=\"lazy\" decoding=\"async\" width=\"500\" height=\"600\" src=\"https:\/\/events.ipv.pt\/cernas\/wp-content\/uploads\/2023\/12\/cernasCurrent.jpg\" class=\"pt-cv-thumbnail\" alt=\"\" \/><\/a><\/div>\n<div class=\"pt-cv-content\">Guin\u00e9 RPF, Ferreira AD, Rodrigues AM (Ed) (2023) CERNAS \u2013 Current Evolution and Research Novelty in Agricultural Sustainability 284 pp ...<\/div><\/div>\n<div class=\" pt-cv-content-item pt-cv-1-col\" ><div class=\"pt-cv-thumb-wrapper  \"><a href=\"https:\/\/events.ipv.pt\/cernas\/pt\/abstract-book-international-web-conference-on-food-choice-eating-motivation\/\" class=\"_self pt-cv-href-thumbnail pt-cv-thumb-default\" target=\"_self\" ><img loading=\"lazy\" decoding=\"async\" width=\"500\" height=\"600\" src=\"https:\/\/events.ipv.pt\/cernas\/wp-content\/uploads\/2022\/05\/l_fcem.jpg\" class=\"pt-cv-thumbnail\" alt=\"\" \/><\/a><\/div>\n<div class=\"pt-cv-content\">Lima, C., Cunha, A. M., Pereira, A., Carvalho, R., Dulyanska, Y., Guin\u00e9, R. (2022) Abstract Book: International Web Conference on ...<\/div><\/div><\/div><\/div>\n<div class=\" pt-cv-pagination-wrapper\"><ul class=\"pt-cv-pagination pt-cv-ajax pagination\" data-totalpages=\"3\" data-currentpage=\"1\" data-sid=\"ccdbb40xkt\" data-unid=\"\" data-isblock=\"\" data-postid=\"\"><li class=\"active\"><a href=\"#\">1<\/a><\/li>\n\t<li ><a class=\"\" href=\"https:\/\/events.ipv.pt\/cernas\/pt\/wp-json\/wp\/v2\/pages\/8\/?_page=2\">2<\/a><\/li>\n\t<li ><a class=\"\" href=\"https:\/\/events.ipv.pt\/cernas\/pt\/wp-json\/wp\/v2\/pages\/8\/?_page=3\">3<\/a><\/li>\n\t<li ><a class=\" \" href=\"https:\/\/events.ipv.pt\/cernas\/pt\/wp-json\/wp\/v2\/pages\/8\/?_page=2\">&rsaquo;<\/a><\/li>\n\t<\/ul><img loading=\"lazy\" decoding=\"async\" width=\"15\" height=\"15\" class=\"pt-cv-spinner\" alt=\"Loading...\" src=\"data:image\/gif;base64,R0lGODlhDwAPALMPAMrKygwMDJOTkz09PZWVla+vr3p6euTk5M7OzuXl5TMzMwAAAJmZmWZmZszMzP\/\/\/yH\/C05FVFNDQVBFMi4wAwEAAAAh+QQFCgAPACwAAAAADwAPAAAEQvDJaZaZOIcV8iQK8VRX4iTYoAwZ4iCYoAjZ4RxejhVNoT+mRGP4cyF4Pp0N98sBGIBMEMOotl6YZ3S61Bmbkm4mAgAh+QQFCgAPACwAAAAADQANAAAENPDJSRSZeA418itN8QiK8BiLITVsFiyBBIoYqnoewAD4xPw9iY4XLGYSjkQR4UAUD45DLwIAIfkEBQoADwAsAAAAAA8ACQAABC\/wyVlamTi3nSdgwFNdhEJgTJoNyoB9ISYoQmdjiZPcj7EYCAeCF1gEDo4Dz2eIAAAh+QQFCgAPACwCAAAADQANAAAEM\/DJBxiYeLKdX3IJZT1FU0iIg2RNKx3OkZVnZ98ToRD4MyiDnkAh6BkNC0MvsAj0kMpHBAAh+QQFCgAPACwGAAAACQAPAAAEMDC59KpFDll73HkAA2wVY5KgiK5b0RRoI6MuzG6EQqCDMlSGheEhUAgqgUUAFRySIgAh+QQFCgAPACwCAAIADQANAAAEM\/DJKZNLND\/kkKaHc3xk+QAMYDKsiaqmZCxGVjSFFCxB1vwy2oOgIDxuucxAMTAJFAJNBAAh+QQFCgAPACwAAAYADwAJAAAEMNAs86q1yaWwwv2Ig0jUZx3OYa4XoRAfwADXoAwfo1+CIjyFRuEho60aSNYlOPxEAAAh+QQFCgAPACwAAAIADQANAAAENPA9s4y8+IUVcqaWJ4qEQozSoAzoIyhCK2NFU2SJk0hNnyEOhKR2AzAAj4Pj4GE4W0bkJQIAOw==\" \/><div class=\"clear pt-cv-clear-pagination\"><\/div><\/div><\/div>\t\t\t<style type=\"text\/css\" id=\"pt-cv-inline-style-b72f23casr\">\n#pt-cv-view-ccdbb40xkt .pt-cv-thumb-wrapper:not(.miniwrap) {  }#pt-cv-view-ccdbb40xkt .pt-cv-thumbnail:not(.pt-cv-thumbnailsm) { height: 350px; }#pt-cv-view-ccdbb40xkt > .pt-cv-page {grid-template-columns: repeat(4, 1fr);grid-gap: 15px;}\n@media all and (max-width: 1024px) { \n#pt-cv-view-ccdbb40xkt > .pt-cv-page {grid-template-columns: repeat(2, 1fr);}\n} \n@media all and (max-width: 767px) { \n#pt-cv-view-ccdbb40xkt > .pt-cv-page {grid-template-columns: repeat(1, 1fr);}\n} <\/style>\r\n\t\t\t\n<\/div>\n<div id=\"capitulo_livro\" class=\"tabcontentR pad20\" data-group=\"grupo2\">\n<div class=\"conteudo-lazy\" data-loaded=\"false\"><\/div>\n<\/div>\n<div id=\"artigo_cientifico\" class=\"tabcontentR pad20\" data-group=\"grupo2\">\n<div class=\"conteudo-lazy\" data-loaded=\"false\"><\/div>\n<\/div>\n<\/div>\n<\/div>\n<div class=\"panel\" id=\"cursos\" style=\"--color:#2C483F;\">\n<div class=\"ast-container\">\n<h2 class=\"fDourado\">CURSOS<\/h2>\n<h6 class=\"fBranco\">inscri\u00e7\u00f5es permanentemente abertas<\/h6>\n<div class=\"pt-cv-wrapper\"><div class=\"pt-cv-view pt-cv-blockgrid iscvblock iscvhybrid grid1 layout1\" id=\"pt-cv-view-7eb9565kx0\"><div data-id=\"pt-cv-page-1\" class=\"pt-cv-page\" data-cvc=\"2\"><div class=\" pt-cv-content-item pt-cv-1-col\" ><div class=\"pt-cv-thumb-wrapper  \"><a href=\"https:\/\/events.ipv.pt\/cernas\/pt\/curso-de-investigacao-e-comunicacao-em-ciencia\/\" class=\"_self pt-cv-href-thumbnail pt-cv-thumb-default\" target=\"_self\" ><\/a><\/div>\n<div class=\"pt-cv-content\"><div class=\"ast-container\">\n<h4 style=\"color: #537c3a;\">Curso de Investiga\u00e7\u00e3o e<br \/>Comunica\u00e7\u00e3o em Ci\u00eancia<\/h4>\n<h5>em associa\u00e7\u00e3o entre as Unidades de Investiga\u00e7\u00e3o e as Escolas do IPV<\/h5>\n<p>O objetivo deste curso \u00e9 fornecer aos alunos compet\u00eancias para realizar e comunicar eficientemente investiga\u00e7\u00e3o aplicada em \u00e1reas da esfera de interesse do Instituto Polit\u00e9cnico de Viseu e da Regi\u00e3o Centro.<br \/>\n<a class=\"bt_quad\" href=\"\/cernas\/wp-content\/uploads\/curso\/Curso_investigacaoComunicacaoCientifica.pdf\" rel=\"noopener noreferrer\" target=\"_blank\">mais informa\u00e7\u00e3o<\/a><\/p>\n<\/div>\n<\/div><\/div>\n<div class=\" pt-cv-content-item pt-cv-1-col\" ><div class=\"pt-cv-thumb-wrapper  \"><a href=\"https:\/\/events.ipv.pt\/cernas\/pt\/curso-de-formacao-continua-casos-de-investigacao-s4as\/\" class=\"_self pt-cv-href-thumbnail pt-cv-thumb-default\" target=\"_self\" ><\/a><\/div>\n<div class=\"pt-cv-content\"><div class=\"ast-container\">\n<h4 style=\"color: #537c3a;\">Curso de forma\u00e7\u00e3o cont\u00ednua:<br \/>Casos de Investiga\u00e7\u00e3o SR4As<\/h4>\n<h5>em associa\u00e7\u00e3o CERNAS-ESAV<\/h5>\n<p>O objetivo gen\u00e9rico deste curso \u00e9 fornecer aos formandos compet\u00eancias para realizar e comunicar eficientemente investiga\u00e7\u00e3o aplicada em \u00e1reas da esfera da ESAV, enquanto institui\u00e7\u00e3o de ensino, e do CERNAS, enquanto centro de investiga\u00e7\u00e3o.<br \/>\n<a class=\"bt_quad\" href=\"\/cernas\/wp-content\/uploads\/curso\/curso_SR4As_at1.pdf\" rel=\"noopener noreferrer\" target=\"_blank\">mais informa\u00e7\u00e3o<\/a> <a class=\"bt_quad\" href=\"\/cernas\/wp-content\/uploads\/curso\/Reg_curso_SR4As_at1.pdf\" rel=\"noopener noreferrer\" target=\"_blank\">regulamento<\/a><\/p>\n<p>As candidaturas s\u00e3o apresentadas nos servi\u00e7os Acad\u00e9micos da ESAV, mediante impresso pr\u00f3prio.<br \/>\n<a class=\"bt_quad\" href=\"\/cernas\/wp-content\/uploads\/curso\/form_cand_curso_SR4As_at1.doc\" rel=\"noopener noreferrer\" target=\"_blank\">formul\u00e1rio de candidatura<\/a> <a class=\"bt_quad\" href=\"\/cernas\/wp-content\/uploads\/curso\/pl_invest_curso_SR4As_at1.zip\" rel=\"noopener noreferrer\" target=\"_blank\">planos de investiga\u00e7\u00e3o<\/a><\/p>\n<\/div>\n<\/div><\/div><\/div><\/div><\/div>\t\t\t<style type=\"text\/css\" id=\"pt-cv-inline-style-cf6c1e5iab\">\n#pt-cv-view-7eb9565kx0 .pt-cv-thumb-wrapper:not(.miniwrap) {  }#pt-cv-view-7eb9565kx0 .pt-cv-thumbnail:not(.pt-cv-thumbnailsm) { height: 250px; }#pt-cv-view-7eb9565kx0 > .pt-cv-page {grid-template-columns: repeat(2, 1fr);grid-gap: 5px;}\n@media all and (max-width: 1024px) { \n#pt-cv-view-7eb9565kx0 > .pt-cv-page {grid-template-columns: repeat(2, 1fr);}\n} \n@media all and (max-width: 767px) { \n#pt-cv-view-7eb9565kx0 > .pt-cv-page {grid-template-columns: repeat(1, 1fr);}\n} <\/style>\r\n\t\t\t<\/div>\n<\/div>\n<p><!--\n\n\n<div class=\"panel\" id=\"documentos\" style=\"--color:#303731\">\n\n\n<div class=\"ast-container\">\n\n\n<h2 class=\"fDourado\">DOCUMENTOS<\/h2>\n\n\n\n\n<h4 class=\"fDourado\">Documentos orientadores para o Investigador do CERNAS-IPV<\/h4>\n\n\n\n\n<p class=\"fDourado\">O Guia do investigador do CERNAS-IPV \u00e9 um documento orientador, que re\u00fane informa\u00e7\u00f5es \u00fateis, os deveres e direitos dos membros do CERNAS-IPV, incluindo as regras para apoio financeiro aos membros da equipa.<\/p>\n\n\n\n\n\n<p class=\"pad20\"><a class=\"bt_quadDourado\" href=\"\/cernas\/wp-content\/uploads\/2024\/11\/2022_Guia-do-investigador-_CERNAS-IPV.pdf\" rel=\"noopener noreferrer\" target=\"_blank\">Guia do Investigador do CERNAS-IPV<\/a>\n<a class=\"bt_quadDourado\" href=\"\/cernas\/wp-content\/uploads\/doc\/FCT_execucao_financeira_2020-2023.pdf\" rel=\"noopener noreferrer\" target=\"_blank\">Normas de Execu\u00e7\u00e3o Financeira da FCT 2020-2023<\/a>\n<a class=\"bt_quadDourado\" href=\"\/cernas\/wp-content\/uploads\/doc\/CERNAS_2023.zip\" rel=\"noopener noreferrer\" target=\"_blank\">Simbologia Oficial do CERNAS-IPV<\/a><\/p>\n\n\n\n\n\n<h4 class=\"fDourado\">Bolseiros & Investigadores<\/h4>\n\n\n\n\n\n<p class=\"pad20\"><a class=\"bt_quadDourado\" href=\"\/cernas\/wp-content\/uploads\/doc\/RegulamentoBolsasIPV.pdf\" rel=\"noopener noreferrer\" target=\"_blank\">Regulamento de Bolsas de Investiga\u00e7\u00e3o do IPV<\/a>\n<a class=\"bt_quadDourado\" href=\"\/cernas\/wp-content\/uploads\/doc\/RegulamentoBolsasFCT.pdf\" rel=\"noopener noreferrer\" target=\"_blank\">Regulamento de Bolsas de Investiga\u00e7\u00e3o da FCT<\/a>\n<a class=\"bt_quadDourado\" href=\"\/cernas\/wp-content\/uploads\/doc\/RegulamentoEmpregoCientifico.pdf\" rel=\"noopener noreferrer\" target=\"_blank\">Regulamento do Emprego Cient\u00edfico da FCT<\/a><\/p>\n\n\n\n\n\n<h4 class=\"fDourado\">Formul\u00e1rios para pedido de apoio<\/h4>\n\n\n\n\n<p class=\"pad20\"><a class=\"bt_quadDourado\" href=\"cernas\/wp-content\/uploads\/2023\/02\/0801CERNAS.docx\" rel=\"noopener noreferrer\">Apoio para participa\u00e7\u00e3o em reuni\u00f5es cient\u00edficas\/congressos \u2022 tradu\u00e7\u00e3o\/revis\u00e3o\/submiss\u00e3o<\/a>\n<a class=\"bt_quadDourado\" href=\"\/cernas\/wp-content\/uploads\/doc\/imq0401.pdf\" rel=\"noopener noreferrer\" target=\"_blank\">Requisi\u00e7\u00e3o interna de necessidade<\/a>\n<a class=\"bt_quadDourado\" href=\"\/cernas\/wp-content\/uploads\/impressos\/imq0812pt.docx\" rel=\"noopener noreferrer\">Declara\u00e7\u00e3o de despesa partilhada<\/a><\/p>\n\n\n\n\n\n<h4 class=\"fDourado\">Candidaturas a projetos<\/h4>\n\n\n\n\n<p class=\"pad20\"><a class=\"bt_quadDourado\" href=\"\/cernas\/wp-content\/uploads\/2025\/04\/form_proj_int_CERNAS.zip\" rel=\"noopener noreferrer\">Formul\u00e1rio de submiss\u00e3o de projetos<\/a><\/p>\n\n\n<\/div>\n\n\n<\/div>\n\n\n--><\/p>\n<div class=\"nav-dots\">\n    <button data-target=\"#inicio\"><\/button><br \/>\n    <button data-target=\"#destaques\"><\/button><br \/>\n    <button data-target=\"#apresentacao\"><\/button><br \/>\n    <button data-target=\"#equipa\"><\/button><br \/>\n    <button data-target=\"#projetos\"><\/button><br \/>\n    <button data-target=\"#publicacoes\"><\/button><br \/>\n    <button data-target=\"#cursos\"><\/button><br \/>\n   <!-- <button data-target=\"#documentos\"><\/button> -->\n  <\/div>\n","protected":false},"excerpt":{"rendered":"<p>CERNAS-IPV Unidade de Gest\u00e3o do CERNAS Centro de Investiga\u00e7\u00e3o em Recursos Naturais, Ambiente e Sociedade que \u00e9 uma unidade de investiga\u00e7\u00e3o reconhecida pela Funda\u00e7\u00e3o para a Ci\u00eancia e a Tecnologia (FCT). O CERNAS-IPV tem por objetivos e miss\u00e3o os definidos para o CERNAS, produzindo investiga\u00e7\u00e3o nos dom\u00ednios das Ci\u00eancias Agr\u00e1rias, Ci\u00eancia e Engenharia Alimentar e [&hellip;]<\/p>\n","protected":false},"author":1,"featured_media":0,"parent":0,"menu_order":0,"comment_status":"closed","ping_status":"closed","template":"","meta":{"site-sidebar-layout":"default","site-content-layout":"default","ast-site-content-layout":"default","site-content-style":"default","site-sidebar-style":"default","ast-global-header-display":"","ast-banner-title-visibility":"","ast-main-header-display":"","ast-hfb-above-header-display":"","ast-hfb-below-header-display":"","ast-hfb-mobile-header-display":"","site-post-title":"disabled","ast-breadcrumbs-content":"disabled","ast-featured-img":"disabled","footer-sml-layout":"","ast-disable-related-posts":"","theme-transparent-header-meta":"default","adv-header-id-meta":"","stick-header-meta":"","header-above-stick-meta":"","header-main-stick-meta":"","header-below-stick-meta":"","astra-migrate-meta-layouts":"set","ast-page-background-enabled":"default","ast-page-background-meta":{"desktop":{"background-color":"","background-image":"","background-repeat":"repeat","background-position":"center center","background-size":"auto","background-attachment":"scroll","background-type":"","background-media":"","overlay-type":"","overlay-color":"","overlay-opacity":"","overlay-gradient":""},"tablet":{"background-color":"","background-image":"","background-repeat":"repeat","background-position":"center center","background-size":"auto","background-attachment":"scroll","background-type":"","background-media":"","overlay-type":"","overlay-color":"","overlay-opacity":"","overlay-gradient":""},"mobile":{"background-color":"","background-image":"","background-repeat":"repeat","background-position":"center center","background-size":"auto","background-attachment":"scroll","background-type":"","background-media":"","overlay-type":"","overlay-color":"","overlay-opacity":"","overlay-gradient":""}},"ast-content-background-meta":{"desktop":{"background-color":"var(--ast-global-color-5)","background-image":"","background-repeat":"repeat","background-position":"center center","background-size":"auto","background-attachment":"scroll","background-type":"","background-media":"","overlay-type":"","overlay-color":"","overlay-opacity":"","overlay-gradient":""},"tablet":{"background-color":"var(--ast-global-color-5)","background-image":"","background-repeat":"repeat","background-position":"center center","background-size":"auto","background-attachment":"scroll","background-type":"","background-media":"","overlay-type":"","overlay-color":"","overlay-opacity":"","overlay-gradient":""},"mobile":{"background-color":"var(--ast-global-color-5)","background-image":"","background-repeat":"repeat","background-position":"center center","background-size":"auto","background-attachment":"scroll","background-type":"","background-media":"","overlay-type":"","overlay-color":"","overlay-opacity":"","overlay-gradient":""}},"footnotes":""},"class_list":["post-8","page","type-page","status-publish","hentry"],"yoast_head":"<!-- This site is optimized with the Yoast SEO plugin v27.4 - https:\/\/yoast.com\/product\/yoast-seo-wordpress\/ -->\r\n<title>HOME &#8226; CERNAS - IPV<\/title>\r\n<meta name=\"robots\" content=\"index, follow, max-snippet:-1, max-image-preview:large, max-video-preview:-1\" \/>\r\n<link rel=\"canonical\" href=\"https:\/\/events.ipv.pt\/cernas\/pt\/\" \/>\r\n<meta property=\"og:locale\" content=\"pt_PT\" \/>\r\n<meta property=\"og:type\" content=\"article\" \/>\r\n<meta property=\"og:title\" content=\"HOME &#8226; CERNAS - IPV\" \/>\r\n<meta property=\"og:description\" content=\"CERNAS-IPV Unidade de Gest\u00e3o do CERNAS Centro de Investiga\u00e7\u00e3o em Recursos Naturais, Ambiente e Sociedade que \u00e9 uma unidade de investiga\u00e7\u00e3o reconhecida pela Funda\u00e7\u00e3o para a Ci\u00eancia e a Tecnologia (FCT). O CERNAS-IPV tem por objetivos e miss\u00e3o os definidos para o CERNAS, produzindo investiga\u00e7\u00e3o nos dom\u00ednios das Ci\u00eancias Agr\u00e1rias, Ci\u00eancia e Engenharia Alimentar e [&hellip;]\" \/>\r\n<meta property=\"og:url\" content=\"https:\/\/events.ipv.pt\/cernas\/pt\/\" \/>\r\n<meta property=\"og:site_name\" content=\"CERNAS - IPV\" \/>\r\n<meta property=\"article:modified_time\" content=\"2026-04-17T14:08:34+00:00\" \/>\r\n<meta name=\"twitter:card\" content=\"summary_large_image\" \/>\r\n<meta name=\"twitter:label1\" content=\"Tempo estimado de leitura\" \/>\n\t<meta name=\"twitter:data1\" content=\"2 minutos\" \/>\r\n<script type=\"application\/ld+json\" class=\"yoast-schema-graph\">{\"@context\":\"https:\\\/\\\/schema.org\",\"@graph\":[{\"@type\":\"WebPage\",\"@id\":\"https:\\\/\\\/events.ipv.pt\\\/cernas\\\/\",\"url\":\"https:\\\/\\\/events.ipv.pt\\\/cernas\\\/\",\"name\":\"HOME &#8226; CERNAS - IPV\",\"isPartOf\":{\"@id\":\"https:\\\/\\\/events.ipv.pt\\\/cernas\\\/pt\\\/#website\"},\"datePublished\":\"2021-03-09T10:21:19+00:00\",\"dateModified\":\"2026-04-17T14:08:34+00:00\",\"breadcrumb\":{\"@id\":\"https:\\\/\\\/events.ipv.pt\\\/cernas\\\/#breadcrumb\"},\"inLanguage\":\"pt-PT\",\"potentialAction\":[{\"@type\":\"ReadAction\",\"target\":[\"https:\\\/\\\/events.ipv.pt\\\/cernas\\\/\"]}]},{\"@type\":\"BreadcrumbList\",\"@id\":\"https:\\\/\\\/events.ipv.pt\\\/cernas\\\/#breadcrumb\",\"itemListElement\":[{\"@type\":\"ListItem\",\"position\":1,\"name\":\"Home\",\"item\":\"https:\\\/\\\/events.ipv.pt\\\/cernas\\\/\"},{\"@type\":\"ListItem\",\"position\":2,\"name\":\"HOME\"}]},{\"@type\":\"WebSite\",\"@id\":\"https:\\\/\\\/events.ipv.pt\\\/cernas\\\/pt\\\/#website\",\"url\":\"https:\\\/\\\/events.ipv.pt\\\/cernas\\\/pt\\\/\",\"name\":\"CERNAS-IPV | Centro de Estudos de Recursos Naturais, Ambiente e Sociedade\",\"description\":\"\",\"publisher\":{\"@id\":\"https:\\\/\\\/events.ipv.pt\\\/cernas\\\/pt\\\/#organization\"},\"potentialAction\":[{\"@type\":\"SearchAction\",\"target\":{\"@type\":\"EntryPoint\",\"urlTemplate\":\"https:\\\/\\\/events.ipv.pt\\\/cernas\\\/pt\\\/?s={search_term_string}\"},\"query-input\":{\"@type\":\"PropertyValueSpecification\",\"valueRequired\":true,\"valueName\":\"search_term_string\"}}],\"inLanguage\":\"pt-PT\"},{\"@type\":\"Organization\",\"@id\":\"https:\\\/\\\/events.ipv.pt\\\/cernas\\\/pt\\\/#organization\",\"name\":\"Instituto Polit\u00e9cnico de Viseu\",\"url\":\"https:\\\/\\\/events.ipv.pt\\\/cernas\\\/pt\\\/\",\"logo\":{\"@type\":\"ImageObject\",\"inLanguage\":\"pt-PT\",\"@id\":\"https:\\\/\\\/events.ipv.pt\\\/cernas\\\/pt\\\/#\\\/schema\\\/logo\\\/image\\\/\",\"url\":\"http:\\\/\\\/127.0.0.1\\\/cernas\\\/wp-content\\\/uploads\\\/2021\\\/03\\\/logo_pv.png\",\"contentUrl\":\"http:\\\/\\\/127.0.0.1\\\/cernas\\\/wp-content\\\/uploads\\\/2021\\\/03\\\/logo_pv.png\",\"width\":4205,\"height\":1108,\"caption\":\"Instituto Polit\u00e9cnico de Viseu\"},\"image\":{\"@id\":\"https:\\\/\\\/events.ipv.pt\\\/cernas\\\/pt\\\/#\\\/schema\\\/logo\\\/image\\\/\"}}]}<\/script>\r\n<!-- \/ Yoast SEO plugin. -->","yoast_head_json":{"title":"HOME &#8226; CERNAS - IPV","robots":{"index":"index","follow":"follow","max-snippet":"max-snippet:-1","max-image-preview":"max-image-preview:large","max-video-preview":"max-video-preview:-1"},"canonical":"https:\/\/events.ipv.pt\/cernas\/pt\/","og_locale":"pt_PT","og_type":"article","og_title":"HOME &#8226; CERNAS - IPV","og_description":"CERNAS-IPV Unidade de Gest\u00e3o do CERNAS Centro de Investiga\u00e7\u00e3o em Recursos Naturais, Ambiente e Sociedade que \u00e9 uma unidade de investiga\u00e7\u00e3o reconhecida pela Funda\u00e7\u00e3o para a Ci\u00eancia e a Tecnologia (FCT). O CERNAS-IPV tem por objetivos e miss\u00e3o os definidos para o CERNAS, produzindo investiga\u00e7\u00e3o nos dom\u00ednios das Ci\u00eancias Agr\u00e1rias, Ci\u00eancia e Engenharia Alimentar e [&hellip;]","og_url":"https:\/\/events.ipv.pt\/cernas\/pt\/","og_site_name":"CERNAS - IPV","article_modified_time":"2026-04-17T14:08:34+00:00","twitter_card":"summary_large_image","twitter_misc":{"Tempo estimado de leitura":"2 minutos"},"schema":{"@context":"https:\/\/schema.org","@graph":[{"@type":"WebPage","@id":"https:\/\/events.ipv.pt\/cernas\/","url":"https:\/\/events.ipv.pt\/cernas\/","name":"HOME &#8226; CERNAS - IPV","isPartOf":{"@id":"https:\/\/events.ipv.pt\/cernas\/pt\/#website"},"datePublished":"2021-03-09T10:21:19+00:00","dateModified":"2026-04-17T14:08:34+00:00","breadcrumb":{"@id":"https:\/\/events.ipv.pt\/cernas\/#breadcrumb"},"inLanguage":"pt-PT","potentialAction":[{"@type":"ReadAction","target":["https:\/\/events.ipv.pt\/cernas\/"]}]},{"@type":"BreadcrumbList","@id":"https:\/\/events.ipv.pt\/cernas\/#breadcrumb","itemListElement":[{"@type":"ListItem","position":1,"name":"Home","item":"https:\/\/events.ipv.pt\/cernas\/"},{"@type":"ListItem","position":2,"name":"HOME"}]},{"@type":"WebSite","@id":"https:\/\/events.ipv.pt\/cernas\/pt\/#website","url":"https:\/\/events.ipv.pt\/cernas\/pt\/","name":"CERNAS-IPV | Centro de Estudos de Recursos Naturais, Ambiente e Sociedade","description":"","publisher":{"@id":"https:\/\/events.ipv.pt\/cernas\/pt\/#organization"},"potentialAction":[{"@type":"SearchAction","target":{"@type":"EntryPoint","urlTemplate":"https:\/\/events.ipv.pt\/cernas\/pt\/?s={search_term_string}"},"query-input":{"@type":"PropertyValueSpecification","valueRequired":true,"valueName":"search_term_string"}}],"inLanguage":"pt-PT"},{"@type":"Organization","@id":"https:\/\/events.ipv.pt\/cernas\/pt\/#organization","name":"Instituto Polit\u00e9cnico de Viseu","url":"https:\/\/events.ipv.pt\/cernas\/pt\/","logo":{"@type":"ImageObject","inLanguage":"pt-PT","@id":"https:\/\/events.ipv.pt\/cernas\/pt\/#\/schema\/logo\/image\/","url":"http:\/\/127.0.0.1\/cernas\/wp-content\/uploads\/2021\/03\/logo_pv.png","contentUrl":"http:\/\/127.0.0.1\/cernas\/wp-content\/uploads\/2021\/03\/logo_pv.png","width":4205,"height":1108,"caption":"Instituto Polit\u00e9cnico de Viseu"},"image":{"@id":"https:\/\/events.ipv.pt\/cernas\/pt\/#\/schema\/logo\/image\/"}}]}},"_links":{"self":[{"href":"https:\/\/events.ipv.pt\/cernas\/pt\/wp-json\/wp\/v2\/pages\/8","targetHints":{"allow":["GET"]}}],"collection":[{"href":"https:\/\/events.ipv.pt\/cernas\/pt\/wp-json\/wp\/v2\/pages"}],"about":[{"href":"https:\/\/events.ipv.pt\/cernas\/pt\/wp-json\/wp\/v2\/types\/page"}],"author":[{"embeddable":true,"href":"https:\/\/events.ipv.pt\/cernas\/pt\/wp-json\/wp\/v2\/users\/1"}],"replies":[{"embeddable":true,"href":"https:\/\/events.ipv.pt\/cernas\/pt\/wp-json\/wp\/v2\/comments?post=8"}],"version-history":[{"count":78,"href":"https:\/\/events.ipv.pt\/cernas\/pt\/wp-json\/wp\/v2\/pages\/8\/revisions"}],"predecessor-version":[{"id":5016,"href":"https:\/\/events.ipv.pt\/cernas\/pt\/wp-json\/wp\/v2\/pages\/8\/revisions\/5016"}],"wp:attachment":[{"href":"https:\/\/events.ipv.pt\/cernas\/pt\/wp-json\/wp\/v2\/media?parent=8"}],"curies":[{"name":"wp","href":"https:\/\/api.w.org\/{rel}","templated":true}]}}